{"id":55001,"date":"2025-09-28T15:23:45","date_gmt":"2025-09-28T13:23:45","guid":{"rendered":"https:\/\/www.vallonchene.fr\/produit\/prunus-yedoensis-ivensii\/"},"modified":"2025-11-02T16:04:28","modified_gmt":"2025-11-02T15:04:28","slug":"prunus-yedoensis-ivensii","status":"publish","type":"product","link":"https:\/\/www.vallonchene.fr\/de\/produkt\/prunus-yedoensis-ivensii\/","title":{"rendered":"PRUNUS yedoensis &#8218;Ivensii&#8216;"},"content":{"rendered":"","protected":false},"excerpt":{"rendered":"<p>Der <strong>PRUNUS yedoensis &#8218;Ivensii&#8216;<\/strong> ist eine <strong>herabh\u00e4ngende Yoshino-Kirsche<\/strong> mit anmutigem Wuchs und gebogenen Zweigen, die im Fr\u00fchling mit einer \u00fcppigen wei\u00df-rosafarbenen Bl\u00fcte bedeckt sind. Als Solit\u00e4r gepflanzt erzeugt er eine poetische und luftige Wirkung \u2013 sowohl in kleinen G\u00e4rten als auch in weitl\u00e4ufigen Landschaften. Sein lebhaft gr\u00fcnes Laub nimmt im Herbst wundersch\u00f6ne goldene Farbt\u00f6ne an.  <\/p>\n","protected":false},"featured_media":54993,"comment_status":"open","ping_status":"closed","template":"","meta":[],"product_brand":[],"product_cat":[252],"product_tag":[10707,12671],"class_list":{"0":"post-55001","1":"product","2":"type-product","3":"status-publish","4":"has-post-thumbnail","6":"product_cat-straucher-und-baume-de","7":"product_tag-prunus-de","8":"product_tag-prunus-yedoensis-de","9":"pa_99-hauteurapproximativeapres1-2_3m-de","10":"pa_couleurautomnaledufeuillage-gelb-de","11":"pa_couleurautomnaledufeuillage-orange-de","12":"pa_couleurdesfleurs-weiss-de","13":"pa_couleurnormaledufeuillage-grun-de","14":"pa_exigencesenhumidite-normal-de","15":"pa_exigencesenhumidite-trocken-de","16":"pa_expositionspossibles-sonnigvon12bis17uhr-de","17":"pa_hauteurlivree-100-bis-125-cm","18":"pa_interetauprintemps-bluten-de","19":"pa_interetauprintemps-form-de","20":"pa_interetenautomne-form-de","21":"pa_interetenautomne-laub-de","22":"pa_interetenete-form-de","23":"pa_interetenete-laub-de","24":"pa_interetenhiver-form-de","25":"pa_naturedufeuillage-nichtimmergrun-de","26":"pa_naturesdesolpossibles-leicht-de","27":"pa_naturesdesolpossibles-normal-de","28":"pa_naturesdesolpossibles-schwer-de","29":"pa_periodedefloraison-fruhling-de","30":"pa_periodedetaille-febr-de","31":"pa_periodedetaille-jan-de","32":"pa_phdusolacceptable-kalkigmehrals75-de","33":"pa_phdusolacceptable-neutralzw65u75-de","34":"pa_phdusolacceptable-sauerwenigerals65-de","35":"pa_portgraphisme-trauer-de","36":"pa_resistanceaufroidrusticite-frostbestandigunter_20c-de","37":"pa_tailledepot-1-5-liter-topf","38":"pa_utilisationpossible-alleinstehend-de","39":"pa_utilisationpossible-beet-de","40":"pa_utilisationpossible-kubelodertopf-de","42":"first","43":"instock","44":"taxable","45":"shipping-taxable","46":"purchasable","47":"product-type-variable"},"supplier_id":null,"supplier_sku":"","barcode":null,"atum_controlled":true,"out_stock_date":null,"out_stock_threshold":null,"inheritable":true,"inbound_stock":0,"stock_on_hold":0,"sold_today":null,"sales_last_days":null,"reserved_stock":0,"customer_returns":0,"warehouse_damage":0,"lost_in_post":0,"other_logs":0,"out_stock_days":null,"lost_sales":null,"has_location":false,"update_date":"2026-04-24T14:39:02","atum_locations":[],"atum_stock_status":"instock","restock_status":false,"low_stock_amount":"","sales_update_date":"2026-04-24T14:39:02","calc_backorders":null,"yoast_head":"<!-- This site is optimized with the Yoast SEO Premium plugin v27.4 (Yoast SEO v27.4) - https:\/\/yoast.com\/product\/yoast-seo-premium-wordpress\/ -->\n<title>PRUNUS yedoensis &#039;Ivensii&#039; -herabh\u00e4ngende Yoshino-Kirsche<\/title>\n<meta name=\"description\" content=\"Der PRUNUS yedoensis &#039;Ivensii&#039; ist eine herabh\u00e4ngende Yoshino-Kirsche mit anmutigem Wuchs und gebogenen Zweigen, mit einer \u00fcppigen wei\u00df-rosafarbenen Fr\u00fchlingsbl\u00fcte.\" \/>\n<meta name=\"robots\" content=\"index, follow, max-snippet:-1, max-image-preview:large, max-video-preview:-1\" \/>\n<link rel=\"canonical\" href=\"https:\/\/www.vallonchene.fr\/de\/produkt\/prunus-yedoensis-ivensii\/\" \/>\n<meta property=\"og:locale\" content=\"de_DE\" \/>\n<meta property=\"og:type\" content=\"article\" \/>\n<meta property=\"og:title\" content=\"PRUNUS yedoensis &#039;Ivensii&#039;\" \/>\n<meta property=\"og:description\" content=\"Der PRUNUS yedoensis &#039;Ivensii&#039; ist eine herabh\u00e4ngende Yoshino-Kirsche mit anmutigem Wuchs und gebogenen Zweigen, mit einer \u00fcppigen wei\u00df-rosafarbenen Fr\u00fchlingsbl\u00fcte.\" \/>\n<meta property=\"og:url\" content=\"https:\/\/www.vallonchene.fr\/de\/produkt\/prunus-yedoensis-ivensii\/\" \/>\n<meta property=\"og:site_name\" content=\"Vallonch\u00eane\" \/>\n<meta property=\"article:publisher\" content=\"https:\/\/www.facebook.com\/vallonchene.fr\" \/>\n<meta property=\"article:modified_time\" content=\"2025-11-02T15:04:28+00:00\" \/>\n<meta property=\"og:image\" content=\"https:\/\/www.vallonchene.fr\/wp-content\/uploads\/2025\/09\/IMG_20250928_150030.webp\" \/>\n\t<meta property=\"og:image:width\" content=\"1200\" \/>\n\t<meta property=\"og:image:height\" content=\"1200\" \/>\n\t<meta property=\"og:image:type\" content=\"image\/webp\" \/>\n<meta name=\"twitter:card\" content=\"summary_large_image\" \/>\n<meta name=\"twitter:label1\" content=\"Verf\u00fcgbarkeit\" \/>\n\t<meta name=\"twitter:data1\" content=\"Vorr\u00e4tig\" \/>\n<script type=\"application\/ld+json\" class=\"yoast-schema-graph\">{\"@context\":\"https:\\\/\\\/schema.org\",\"@graph\":[{\"@type\":\"WebPage\",\"@id\":\"https:\\\/\\\/www.vallonchene.fr\\\/de\\\/produkt\\\/prunus-yedoensis-ivensii\\\/\",\"url\":\"https:\\\/\\\/www.vallonchene.fr\\\/de\\\/produkt\\\/prunus-yedoensis-ivensii\\\/\",\"name\":\"PRUNUS yedoensis 'Ivensii' -herabh\u00e4ngende Yoshino-Kirsche\",\"isPartOf\":{\"@id\":\"https:\\\/\\\/www.vallonchene.fr\\\/de\\\/#website\"},\"primaryImageOfPage\":{\"@id\":\"https:\\\/\\\/www.vallonchene.fr\\\/de\\\/produkt\\\/prunus-yedoensis-ivensii\\\/#primaryimage\"},\"image\":{\"@id\":\"https:\\\/\\\/www.vallonchene.fr\\\/de\\\/produkt\\\/prunus-yedoensis-ivensii\\\/#primaryimage\"},\"thumbnailUrl\":\"https:\\\/\\\/www.vallonchene.fr\\\/wp-content\\\/uploads\\\/2025\\\/09\\\/IMG_20250928_150030.webp\",\"datePublished\":\"2025-09-28T13:23:45+00:00\",\"dateModified\":\"2025-11-02T15:04:28+00:00\",\"description\":\"Der PRUNUS yedoensis 'Ivensii' ist eine herabh\u00e4ngende Yoshino-Kirsche mit anmutigem Wuchs und gebogenen Zweigen, mit einer \u00fcppigen wei\u00df-rosafarbenen Fr\u00fchlingsbl\u00fcte.\",\"breadcrumb\":{\"@id\":\"https:\\\/\\\/www.vallonchene.fr\\\/de\\\/produkt\\\/prunus-yedoensis-ivensii\\\/#breadcrumb\"},\"inLanguage\":\"de\",\"potentialAction\":[{\"@type\":\"ReadAction\",\"target\":[\"https:\\\/\\\/www.vallonchene.fr\\\/de\\\/produkt\\\/prunus-yedoensis-ivensii\\\/\"]}]},{\"@type\":\"ImageObject\",\"inLanguage\":\"de\",\"@id\":\"https:\\\/\\\/www.vallonchene.fr\\\/de\\\/produkt\\\/prunus-yedoensis-ivensii\\\/#primaryimage\",\"url\":\"https:\\\/\\\/www.vallonchene.fr\\\/wp-content\\\/uploads\\\/2025\\\/09\\\/IMG_20250928_150030.webp\",\"contentUrl\":\"https:\\\/\\\/www.vallonchene.fr\\\/wp-content\\\/uploads\\\/2025\\\/09\\\/IMG_20250928_150030.webp\",\"width\":1200,\"height\":1200,\"caption\":\"Gr\u00fcnes Laub an einem herabh\u00e4ngenden Ast von PRUNUS yedoensis 'Ivensii'\"},{\"@type\":\"BreadcrumbList\",\"@id\":\"https:\\\/\\\/www.vallonchene.fr\\\/de\\\/produkt\\\/prunus-yedoensis-ivensii\\\/#breadcrumb\",\"itemListElement\":[{\"@type\":\"ListItem\",\"position\":1,\"name\":\"Home\",\"item\":\"https:\\\/\\\/www.vallonchene.fr\\\/de\\\/\"},{\"@type\":\"ListItem\",\"position\":2,\"name\":\"Shop\",\"item\":\"https:\\\/\\\/www.vallonchene.fr\\\/de\\\/shop\\\/\"},{\"@type\":\"ListItem\",\"position\":3,\"name\":\"PRUNUS yedoensis &#8218;Ivensii&#8216;\"}]},{\"@type\":\"WebSite\",\"@id\":\"https:\\\/\\\/www.vallonchene.fr\\\/de\\\/#website\",\"url\":\"https:\\\/\\\/www.vallonchene.fr\\\/de\\\/\",\"name\":\"Vallonch\u00eane\",\"description\":\"Die Baumschule, bei der Qualit\u00e4t ihre Wurzeln hat \u2013 Tel.: +49 (0)6838-5399840\",\"publisher\":{\"@id\":\"https:\\\/\\\/www.vallonchene.fr\\\/de\\\/#organization\"},\"potentialAction\":[{\"@type\":\"SearchAction\",\"target\":{\"@type\":\"EntryPoint\",\"urlTemplate\":\"https:\\\/\\\/www.vallonchene.fr\\\/de\\\/?s={search_term_string}\"},\"query-input\":{\"@type\":\"PropertyValueSpecification\",\"valueRequired\":true,\"valueName\":\"search_term_string\"}}],\"inLanguage\":\"de\"},{\"@type\":\"Organization\",\"@id\":\"https:\\\/\\\/www.vallonchene.fr\\\/de\\\/#organization\",\"name\":\"VALLONCHENE\",\"url\":\"https:\\\/\\\/www.vallonchene.fr\\\/de\\\/\",\"logo\":{\"@type\":\"ImageObject\",\"inLanguage\":\"de\",\"@id\":\"https:\\\/\\\/www.vallonchene.fr\\\/de\\\/#\\\/schema\\\/logo\\\/image\\\/\",\"url\":\"https:\\\/\\\/www.vallonchene.fr\\\/wp-content\\\/uploads\\\/2023\\\/03\\\/Logo-Vallonchene-site-et-R_hauteur_100.png\",\"contentUrl\":\"https:\\\/\\\/www.vallonchene.fr\\\/wp-content\\\/uploads\\\/2023\\\/03\\\/Logo-Vallonchene-site-et-R_hauteur_100.png\",\"width\":221,\"height\":100,\"caption\":\"VALLONCHENE\"},\"image\":{\"@id\":\"https:\\\/\\\/www.vallonchene.fr\\\/de\\\/#\\\/schema\\\/logo\\\/image\\\/\"},\"sameAs\":[\"https:\\\/\\\/www.facebook.com\\\/vallonchene.fr\",\"https:\\\/\\\/www.instagram.com\\\/vallonchene\\\/\",\"https:\\\/\\\/www.pinterest.fr\\\/vallonchene\\\/\"],\"taxID\":\"49454502300017\",\"hasMerchantReturnPolicy\":{\"@type\":\"MerchantReturnPolicy\",\"merchantReturnLink\":\"https:\\\/\\\/www.vallonchene.fr\\\/remboursements_retours\\\/\"}}]}<\/script>\n<meta property=\"og:availability\" content=\"instock\" \/>\n<meta property=\"product:availability\" content=\"instock\" \/>\n<meta property=\"product:condition\" content=\"new\" \/>\n<!-- \/ Yoast SEO Premium plugin. -->","yoast_head_json":{"title":"PRUNUS yedoensis 'Ivensii' -herabh\u00e4ngende Yoshino-Kirsche","description":"Der PRUNUS yedoensis 'Ivensii' ist eine herabh\u00e4ngende Yoshino-Kirsche mit anmutigem Wuchs und gebogenen Zweigen, mit einer \u00fcppigen wei\u00df-rosafarbenen Fr\u00fchlingsbl\u00fcte.","robots":{"index":"index","follow":"follow","max-snippet":"max-snippet:-1","max-image-preview":"max-image-preview:large","max-video-preview":"max-video-preview:-1"},"canonical":"https:\/\/www.vallonchene.fr\/de\/produkt\/prunus-yedoensis-ivensii\/","og_locale":"de_DE","og_type":"article","og_title":"PRUNUS yedoensis 'Ivensii'","og_description":"Der PRUNUS yedoensis 'Ivensii' ist eine herabh\u00e4ngende Yoshino-Kirsche mit anmutigem Wuchs und gebogenen Zweigen, mit einer \u00fcppigen wei\u00df-rosafarbenen Fr\u00fchlingsbl\u00fcte.","og_url":"https:\/\/www.vallonchene.fr\/de\/produkt\/prunus-yedoensis-ivensii\/","og_site_name":"Vallonch\u00eane","article_publisher":"https:\/\/www.facebook.com\/vallonchene.fr","article_modified_time":"2025-11-02T15:04:28+00:00","og_image":[{"width":1200,"height":1200,"url":"https:\/\/www.vallonchene.fr\/wp-content\/uploads\/2025\/09\/IMG_20250928_150030.webp","type":"image\/webp"}],"twitter_card":"summary_large_image","twitter_misc":{"Verf\u00fcgbarkeit":"Vorr\u00e4tig"},"schema":{"@context":"https:\/\/schema.org","@graph":[{"@type":"WebPage","@id":"https:\/\/www.vallonchene.fr\/de\/produkt\/prunus-yedoensis-ivensii\/","url":"https:\/\/www.vallonchene.fr\/de\/produkt\/prunus-yedoensis-ivensii\/","name":"PRUNUS yedoensis 'Ivensii' -herabh\u00e4ngende Yoshino-Kirsche","isPartOf":{"@id":"https:\/\/www.vallonchene.fr\/de\/#website"},"primaryImageOfPage":{"@id":"https:\/\/www.vallonchene.fr\/de\/produkt\/prunus-yedoensis-ivensii\/#primaryimage"},"image":{"@id":"https:\/\/www.vallonchene.fr\/de\/produkt\/prunus-yedoensis-ivensii\/#primaryimage"},"thumbnailUrl":"https:\/\/www.vallonchene.fr\/wp-content\/uploads\/2025\/09\/IMG_20250928_150030.webp","datePublished":"2025-09-28T13:23:45+00:00","dateModified":"2025-11-02T15:04:28+00:00","description":"Der PRUNUS yedoensis 'Ivensii' ist eine herabh\u00e4ngende Yoshino-Kirsche mit anmutigem Wuchs und gebogenen Zweigen, mit einer \u00fcppigen wei\u00df-rosafarbenen Fr\u00fchlingsbl\u00fcte.","breadcrumb":{"@id":"https:\/\/www.vallonchene.fr\/de\/produkt\/prunus-yedoensis-ivensii\/#breadcrumb"},"inLanguage":"de","potentialAction":[{"@type":"ReadAction","target":["https:\/\/www.vallonchene.fr\/de\/produkt\/prunus-yedoensis-ivensii\/"]}]},{"@type":"ImageObject","inLanguage":"de","@id":"https:\/\/www.vallonchene.fr\/de\/produkt\/prunus-yedoensis-ivensii\/#primaryimage","url":"https:\/\/www.vallonchene.fr\/wp-content\/uploads\/2025\/09\/IMG_20250928_150030.webp","contentUrl":"https:\/\/www.vallonchene.fr\/wp-content\/uploads\/2025\/09\/IMG_20250928_150030.webp","width":1200,"height":1200,"caption":"Gr\u00fcnes Laub an einem herabh\u00e4ngenden Ast von PRUNUS yedoensis 'Ivensii'"},{"@type":"BreadcrumbList","@id":"https:\/\/www.vallonchene.fr\/de\/produkt\/prunus-yedoensis-ivensii\/#breadcrumb","itemListElement":[{"@type":"ListItem","position":1,"name":"Home","item":"https:\/\/www.vallonchene.fr\/de\/"},{"@type":"ListItem","position":2,"name":"Shop","item":"https:\/\/www.vallonchene.fr\/de\/shop\/"},{"@type":"ListItem","position":3,"name":"PRUNUS yedoensis &#8218;Ivensii&#8216;"}]},{"@type":"WebSite","@id":"https:\/\/www.vallonchene.fr\/de\/#website","url":"https:\/\/www.vallonchene.fr\/de\/","name":"Vallonch\u00eane","description":"Die Baumschule, bei der Qualit\u00e4t ihre Wurzeln hat \u2013 Tel.: +49 (0)6838-5399840","publisher":{"@id":"https:\/\/www.vallonchene.fr\/de\/#organization"},"potentialAction":[{"@type":"SearchAction","target":{"@type":"EntryPoint","urlTemplate":"https:\/\/www.vallonchene.fr\/de\/?s={search_term_string}"},"query-input":{"@type":"PropertyValueSpecification","valueRequired":true,"valueName":"search_term_string"}}],"inLanguage":"de"},{"@type":"Organization","@id":"https:\/\/www.vallonchene.fr\/de\/#organization","name":"VALLONCHENE","url":"https:\/\/www.vallonchene.fr\/de\/","logo":{"@type":"ImageObject","inLanguage":"de","@id":"https:\/\/www.vallonchene.fr\/de\/#\/schema\/logo\/image\/","url":"https:\/\/www.vallonchene.fr\/wp-content\/uploads\/2023\/03\/Logo-Vallonchene-site-et-R_hauteur_100.png","contentUrl":"https:\/\/www.vallonchene.fr\/wp-content\/uploads\/2023\/03\/Logo-Vallonchene-site-et-R_hauteur_100.png","width":221,"height":100,"caption":"VALLONCHENE"},"image":{"@id":"https:\/\/www.vallonchene.fr\/de\/#\/schema\/logo\/image\/"},"sameAs":["https:\/\/www.facebook.com\/vallonchene.fr","https:\/\/www.instagram.com\/vallonchene\/","https:\/\/www.pinterest.fr\/vallonchene\/"],"taxID":"49454502300017","hasMerchantReturnPolicy":{"@type":"MerchantReturnPolicy","merchantReturnLink":"https:\/\/www.vallonchene.fr\/remboursements_retours\/"}}]},"og_availability":"instock","product_availability":"instock","product_condition":"new"},"_links":{"self":[{"href":"https:\/\/www.vallonchene.fr\/de\/wp-json\/wp\/v2\/product\/55001","targetHints":{"allow":["GET"]}}],"collection":[{"href":"https:\/\/www.vallonchene.fr\/de\/wp-json\/wp\/v2\/product"}],"about":[{"href":"https:\/\/www.vallonchene.fr\/de\/wp-json\/wp\/v2\/types\/product"}],"replies":[{"embeddable":true,"href":"https:\/\/www.vallonchene.fr\/de\/wp-json\/wp\/v2\/comments?post=55001"}],"wp:featuredmedia":[{"embeddable":true,"href":"https:\/\/www.vallonchene.fr\/de\/wp-json\/wp\/v2\/media\/54993"}],"wp:attachment":[{"href":"https:\/\/www.vallonchene.fr\/de\/wp-json\/wp\/v2\/media?parent=55001"}],"wp:term":[{"taxonomy":"product_brand","embeddable":true,"href":"https:\/\/www.vallonchene.fr\/de\/wp-json\/wp\/v2\/product_brand?post=55001"},{"taxonomy":"product_cat","embeddable":true,"href":"https:\/\/www.vallonchene.fr\/de\/wp-json\/wp\/v2\/product_cat?post=55001"},{"taxonomy":"product_tag","embeddable":true,"href":"https:\/\/www.vallonchene.fr\/de\/wp-json\/wp\/v2\/product_tag?post=55001"}],"curies":[{"name":"wp","href":"https:\/\/api.w.org\/{rel}","templated":true}]}}