{"id":5497,"date":"2021-08-31T11:11:18","date_gmt":"2021-08-31T11:11:18","guid":{"rendered":"https:\/\/testing.vallonchene.fr\/produit\/hydrangea-paniculata-vanille-fraise\/"},"modified":"2021-08-31T11:11:18","modified_gmt":"2021-08-31T11:11:18","slug":"hydrangea-paniculata-vanille-fraise","status":"publish","type":"product","link":"https:\/\/www.vallonchene.fr\/de\/produkt\/hydrangea-paniculata-vanille-fraise\/","title":{"rendered":"HYDRANGEA paniculata &#8218;Vanille Fraise&#8216; (Rispen-Hortensie)"},"content":{"rendered":"<p>Diese <strong>Rispenhortensie<\/strong> entwickelt gro\u00dfe, makellos wei\u00dfe Bl\u00fcten, die f\u00fcr diese Hortensienfamilie ziemlich selten sind. Dann nehmen die Bl\u00fcten von <strong>HYDRANGEA paniculata &#8218;Vanille Fraise&#8216;<\/strong> eine sehr leuchtende rosa Farbe an (siehe Foto). Es handelt sich bei den Rispen-Hortensien um die einzigen Hortensien, die in volle Sonne gepflanzt werden k\u00f6nnen. Z\u00f6gern Sie nicht, diese Hortensie am Ende des Winters\u00a0 stark zu schneiden. Dadurch wird sie noch gr\u00f6\u00dfere Bl\u00fcten hervorbringen.<\/p>\n","protected":false},"excerpt":{"rendered":"<p>Diese <strong>Rispen-Hortensie<\/strong> bl\u00fcht ausgiebig auf neuen \u00c4sten. Die Bl\u00fcten der <strong>HYDRANGEA paniculata &#8218;Vanille Fraise&#8216;<\/strong> beginnen weiss und enden in einem leuchtenden rosa. Sehr winterhart.<\/p>\n","protected":false},"featured_media":5484,"comment_status":"open","ping_status":"closed","template":"","meta":[],"product_brand":[],"product_cat":[252],"product_tag":[10677,10678],"class_list":{"0":"post-5497","1":"product","2":"type-product","3":"status-publish","4":"has-post-thumbnail","6":"product_cat-straucher-und-baume-de","7":"product_tag-hydrangea-de","8":"product_tag-hydrangea-paniculata-de","9":"pa_99-hauteurapproximativeapres1-2_3m-de","10":"pa_couleurdesfleurs-rosa-de","11":"pa_couleurdesfleurs-weiss-de","12":"pa_couleurdufeuillage-grun-de","13":"pa_exigencesenhumidite-feucht-de","14":"pa_exigencesenhumidite-normal-de","15":"pa_exigencesenhumidite-trocken-de","16":"pa_expositionspossibles-ce-halbschattigsonnezw12und17-de","17":"pa_expositionspossibles-sonnigvon12bis17uhr-de","18":"pa_hauteurlivree-40-bis-50-cm","19":"pa_hauteurlivree-60-bis-80-cm","20":"pa_hauteurlivree-80-bis-100-cm","21":"pa_interetauprintemps-laub-de","22":"pa_interetenautomne-bluten-de","23":"pa_interetenautomne-laub-de","24":"pa_interetenete-bluten-de","25":"pa_interetenete-laub-de","26":"pa_naturedufeuillage-nichtimmergrun-de","27":"pa_naturesdesolpossibles-leicht-de","28":"pa_naturesdesolpossibles-normal-de","29":"pa_naturesdesolpossibles-schwer-de","30":"pa_periodedefloraison-herbst-de","31":"pa_periodedefloraison-sommer-de","32":"pa_periodedetaille-marz-de","33":"pa_phdusolacceptable-kalkigmehrals75-de","34":"pa_phdusolacceptable-neutralzw65u75-de","35":"pa_phdusolacceptable-sauerwenigerals65-de","36":"pa_portgraphisme-buissonnant-de","37":"pa_resistanceaufroidrusticite-frostbestandigunter_20c-de","38":"pa_tailledepot-2liter_topf-de","39":"pa_tailledepot-3liter_topf-de","40":"pa_tailledepot-75liter_topf-de","41":"pa_utilisationpossible-alleinstehend-de","42":"pa_utilisationpossible-beet-de","43":"pa_utilisationpossible-hecke-de","44":"pa_utilisationpossible-kubelodertopf-de","46":"first","47":"outofstock","48":"taxable","49":"shipping-taxable","50":"purchasable","51":"product-type-variable","52":"has-default-attributes"},"supplier_id":null,"supplier_sku":"","barcode":null,"atum_controlled":true,"out_stock_date":null,"out_stock_threshold":null,"inheritable":false,"inbound_stock":0,"stock_on_hold":0,"sold_today":0,"sales_last_days":0,"reserved_stock":0,"customer_returns":0,"warehouse_damage":0,"lost_in_post":0,"other_logs":0,"out_stock_days":null,"lost_sales":0,"has_location":false,"update_date":"2024-12-28T13:56:45","atum_locations":[],"atum_stock_status":"outofstock","restock_status":false,"low_stock_amount":"","sales_update_date":"2024-12-28T13:56:45","calc_backorders":null,"yoast_head":"<!-- This site is optimized with the Yoast SEO Premium plugin v27.5 (Yoast SEO v27.5) - https:\/\/yoast.com\/product\/yoast-seo-premium-wordpress\/ -->\n<title>HYDRANGEA paniculata &#039;Vanille Fraise&#039; - Rispen-Hortensie<\/title>\n<meta name=\"description\" content=\"Diese Rispen-Hortensie bl\u00fcht ausgiebig auf neuen \u00c4sten. Die Bl\u00fcten der HYDRANGEA paniculata &#039;Vanille Fraise&#039; beginnen weiss und enden in einem leuchtenden rosa. Sehr winterhart.\" \/>\n<meta name=\"robots\" content=\"index, follow, max-snippet:-1, max-image-preview:large, max-video-preview:-1\" \/>\n<link rel=\"canonical\" href=\"https:\/\/www.vallonchene.fr\/de\/produkt\/hydrangea-paniculata-vanille-fraise\/\" \/>\n<meta property=\"og:locale\" content=\"de_DE\" \/>\n<meta property=\"og:type\" content=\"article\" \/>\n<meta property=\"og:title\" content=\"HYDRANGEA paniculata &#039;Vanille Fraise&#039; (Rispen-Hortensie)\" \/>\n<meta property=\"og:description\" content=\"Diese Rispen-Hortensie bl\u00fcht ausgiebig auf neuen \u00c4sten. Die Bl\u00fcten der HYDRANGEA paniculata &#039;Vanille Fraise&#039; beginnen weiss und enden in einem leuchtenden rosa. Sehr winterhart.\" \/>\n<meta property=\"og:url\" content=\"https:\/\/www.vallonchene.fr\/de\/produkt\/hydrangea-paniculata-vanille-fraise\/\" \/>\n<meta property=\"og:site_name\" content=\"Vallonch\u00eane\" \/>\n<meta property=\"article:publisher\" content=\"https:\/\/www.facebook.com\/vallonchene.fr\" \/>\n<meta property=\"og:image\" content=\"https:\/\/www.vallonchene.fr\/wp-content\/uploads\/2021\/08\/1989-550-HYDRANGEA-paniculata-Vanille-Fraise-en-Septembre.jpg\" \/>\n\t<meta property=\"og:image:width\" content=\"1600\" \/>\n\t<meta property=\"og:image:height\" content=\"1600\" \/>\n\t<meta property=\"og:image:type\" content=\"image\/jpeg\" \/>\n<meta name=\"twitter:card\" content=\"summary_large_image\" \/>\n<meta name=\"twitter:label1\" content=\"Verf\u00fcgbarkeit\" \/>\n\t<meta name=\"twitter:data1\" content=\"Nicht vorr\u00e4tig\" \/>\n<script type=\"application\/ld+json\" class=\"yoast-schema-graph\">{\"@context\":\"https:\\\/\\\/schema.org\",\"@graph\":[{\"@type\":\"WebPage\",\"@id\":\"https:\\\/\\\/www.vallonchene.fr\\\/de\\\/produkt\\\/hydrangea-paniculata-vanille-fraise\\\/\",\"url\":\"https:\\\/\\\/www.vallonchene.fr\\\/de\\\/produkt\\\/hydrangea-paniculata-vanille-fraise\\\/\",\"name\":\"HYDRANGEA paniculata 'Vanille Fraise' - Rispen-Hortensie\",\"isPartOf\":{\"@id\":\"https:\\\/\\\/www.vallonchene.fr\\\/de\\\/#website\"},\"primaryImageOfPage\":{\"@id\":\"https:\\\/\\\/www.vallonchene.fr\\\/de\\\/produkt\\\/hydrangea-paniculata-vanille-fraise\\\/#primaryimage\"},\"image\":{\"@id\":\"https:\\\/\\\/www.vallonchene.fr\\\/de\\\/produkt\\\/hydrangea-paniculata-vanille-fraise\\\/#primaryimage\"},\"thumbnailUrl\":\"https:\\\/\\\/www.vallonchene.fr\\\/wp-content\\\/uploads\\\/2021\\\/08\\\/1989-550-HYDRANGEA-paniculata-Vanille-Fraise-en-Septembre.jpg\",\"datePublished\":\"2021-08-31T11:11:18+00:00\",\"description\":\"Diese Rispen-Hortensie bl\u00fcht ausgiebig auf neuen \u00c4sten. Die Bl\u00fcten der HYDRANGEA paniculata 'Vanille Fraise' beginnen weiss und enden in einem leuchtenden rosa. Sehr winterhart.\",\"breadcrumb\":{\"@id\":\"https:\\\/\\\/www.vallonchene.fr\\\/de\\\/produkt\\\/hydrangea-paniculata-vanille-fraise\\\/#breadcrumb\"},\"inLanguage\":\"de\",\"potentialAction\":[{\"@type\":\"ReadAction\",\"target\":[\"https:\\\/\\\/www.vallonchene.fr\\\/de\\\/produkt\\\/hydrangea-paniculata-vanille-fraise\\\/\"]}]},{\"@type\":\"ImageObject\",\"inLanguage\":\"de\",\"@id\":\"https:\\\/\\\/www.vallonchene.fr\\\/de\\\/produkt\\\/hydrangea-paniculata-vanille-fraise\\\/#primaryimage\",\"url\":\"https:\\\/\\\/www.vallonchene.fr\\\/wp-content\\\/uploads\\\/2021\\\/08\\\/1989-550-HYDRANGEA-paniculata-Vanille-Fraise-en-Septembre.jpg\",\"contentUrl\":\"https:\\\/\\\/www.vallonchene.fr\\\/wp-content\\\/uploads\\\/2021\\\/08\\\/1989-550-HYDRANGEA-paniculata-Vanille-Fraise-en-Septembre.jpg\",\"width\":1600,\"height\":1600},{\"@type\":\"BreadcrumbList\",\"@id\":\"https:\\\/\\\/www.vallonchene.fr\\\/de\\\/produkt\\\/hydrangea-paniculata-vanille-fraise\\\/#breadcrumb\",\"itemListElement\":[{\"@type\":\"ListItem\",\"position\":1,\"name\":\"Home\",\"item\":\"https:\\\/\\\/www.vallonchene.fr\\\/de\\\/\"},{\"@type\":\"ListItem\",\"position\":2,\"name\":\"Shop\",\"item\":\"https:\\\/\\\/www.vallonchene.fr\\\/de\\\/shop\\\/\"},{\"@type\":\"ListItem\",\"position\":3,\"name\":\"Online-Verkauf\",\"item\":\"https:\\\/\\\/www.vallonchene.fr\\\/de\\\/produkt-kategorie\\\/online-verkauf-de\\\/\"},{\"@type\":\"ListItem\",\"position\":4,\"name\":\"Baumschule\",\"item\":\"https:\\\/\\\/www.vallonchene.fr\\\/de\\\/produkt-kategorie\\\/online-verkauf-de\\\/baumschule-gaertnerei-de\\\/\"},{\"@type\":\"ListItem\",\"position\":5,\"name\":\"Str\u00e4ucher und B\u00e4ume\",\"item\":\"https:\\\/\\\/www.vallonchene.fr\\\/de\\\/produkt-kategorie\\\/online-verkauf-de\\\/baumschule-gaertnerei-de\\\/straucher-und-baume-de\\\/\"},{\"@type\":\"ListItem\",\"position\":6,\"name\":\"HYDRANGEA paniculata &#8218;Vanille Fraise&#8216; (Rispen-Hortensie)\"}]},{\"@type\":\"WebSite\",\"@id\":\"https:\\\/\\\/www.vallonchene.fr\\\/de\\\/#website\",\"url\":\"https:\\\/\\\/www.vallonchene.fr\\\/de\\\/\",\"name\":\"Vallonch\u00eane\",\"description\":\"Die Baumschule, bei der Qualit\u00e4t ihre Wurzeln hat \u2013 Tel.: +49 (0)6838-5399840\",\"publisher\":{\"@id\":\"https:\\\/\\\/www.vallonchene.fr\\\/de\\\/#organization\"},\"potentialAction\":[{\"@type\":\"SearchAction\",\"target\":{\"@type\":\"EntryPoint\",\"urlTemplate\":\"https:\\\/\\\/www.vallonchene.fr\\\/de\\\/?s={search_term_string}\"},\"query-input\":{\"@type\":\"PropertyValueSpecification\",\"valueRequired\":true,\"valueName\":\"search_term_string\"}}],\"inLanguage\":\"de\"},{\"@type\":\"Organization\",\"@id\":\"https:\\\/\\\/www.vallonchene.fr\\\/de\\\/#organization\",\"name\":\"VALLONCHENE\",\"url\":\"https:\\\/\\\/www.vallonchene.fr\\\/de\\\/\",\"logo\":{\"@type\":\"ImageObject\",\"inLanguage\":\"de\",\"@id\":\"https:\\\/\\\/www.vallonchene.fr\\\/de\\\/#\\\/schema\\\/logo\\\/image\\\/\",\"url\":\"https:\\\/\\\/www.vallonchene.fr\\\/wp-content\\\/uploads\\\/2023\\\/03\\\/Logo-Vallonchene-site-et-R_hauteur_100.png\",\"contentUrl\":\"https:\\\/\\\/www.vallonchene.fr\\\/wp-content\\\/uploads\\\/2023\\\/03\\\/Logo-Vallonchene-site-et-R_hauteur_100.png\",\"width\":221,\"height\":100,\"caption\":\"VALLONCHENE\"},\"image\":{\"@id\":\"https:\\\/\\\/www.vallonchene.fr\\\/de\\\/#\\\/schema\\\/logo\\\/image\\\/\"},\"sameAs\":[\"https:\\\/\\\/www.facebook.com\\\/vallonchene.fr\",\"https:\\\/\\\/www.instagram.com\\\/vallonchene\\\/\",\"https:\\\/\\\/www.pinterest.fr\\\/vallonchene\\\/\"],\"taxID\":\"49454502300017\",\"hasMerchantReturnPolicy\":{\"@type\":\"MerchantReturnPolicy\",\"merchantReturnLink\":\"https:\\\/\\\/www.vallonchene.fr\\\/remboursements_retours\\\/\"}}]}<\/script>\n<meta property=\"og:availability\" content=\"out of stock\" \/>\n<meta property=\"product:availability\" content=\"out of stock\" \/>\n<meta property=\"product:retailer_item_id\" content=\"24449\" \/>\n<meta property=\"product:condition\" content=\"new\" \/>\n<!-- \/ Yoast SEO Premium plugin. -->","yoast_head_json":{"title":"HYDRANGEA paniculata 'Vanille Fraise' - Rispen-Hortensie","description":"Diese Rispen-Hortensie bl\u00fcht ausgiebig auf neuen \u00c4sten. Die Bl\u00fcten der HYDRANGEA paniculata 'Vanille Fraise' beginnen weiss und enden in einem leuchtenden rosa. Sehr winterhart.","robots":{"index":"index","follow":"follow","max-snippet":"max-snippet:-1","max-image-preview":"max-image-preview:large","max-video-preview":"max-video-preview:-1"},"canonical":"https:\/\/www.vallonchene.fr\/de\/produkt\/hydrangea-paniculata-vanille-fraise\/","og_locale":"de_DE","og_type":"article","og_title":"HYDRANGEA paniculata 'Vanille Fraise' (Rispen-Hortensie)","og_description":"Diese Rispen-Hortensie bl\u00fcht ausgiebig auf neuen \u00c4sten. Die Bl\u00fcten der HYDRANGEA paniculata 'Vanille Fraise' beginnen weiss und enden in einem leuchtenden rosa. Sehr winterhart.","og_url":"https:\/\/www.vallonchene.fr\/de\/produkt\/hydrangea-paniculata-vanille-fraise\/","og_site_name":"Vallonch\u00eane","article_publisher":"https:\/\/www.facebook.com\/vallonchene.fr","og_image":[{"width":1600,"height":1600,"url":"https:\/\/www.vallonchene.fr\/wp-content\/uploads\/2021\/08\/1989-550-HYDRANGEA-paniculata-Vanille-Fraise-en-Septembre.jpg","type":"image\/jpeg"}],"twitter_card":"summary_large_image","twitter_misc":{"Verf\u00fcgbarkeit":"Nicht vorr\u00e4tig"},"schema":{"@context":"https:\/\/schema.org","@graph":[{"@type":"WebPage","@id":"https:\/\/www.vallonchene.fr\/de\/produkt\/hydrangea-paniculata-vanille-fraise\/","url":"https:\/\/www.vallonchene.fr\/de\/produkt\/hydrangea-paniculata-vanille-fraise\/","name":"HYDRANGEA paniculata 'Vanille Fraise' - Rispen-Hortensie","isPartOf":{"@id":"https:\/\/www.vallonchene.fr\/de\/#website"},"primaryImageOfPage":{"@id":"https:\/\/www.vallonchene.fr\/de\/produkt\/hydrangea-paniculata-vanille-fraise\/#primaryimage"},"image":{"@id":"https:\/\/www.vallonchene.fr\/de\/produkt\/hydrangea-paniculata-vanille-fraise\/#primaryimage"},"thumbnailUrl":"https:\/\/www.vallonchene.fr\/wp-content\/uploads\/2021\/08\/1989-550-HYDRANGEA-paniculata-Vanille-Fraise-en-Septembre.jpg","datePublished":"2021-08-31T11:11:18+00:00","description":"Diese Rispen-Hortensie bl\u00fcht ausgiebig auf neuen \u00c4sten. Die Bl\u00fcten der HYDRANGEA paniculata 'Vanille Fraise' beginnen weiss und enden in einem leuchtenden rosa. Sehr winterhart.","breadcrumb":{"@id":"https:\/\/www.vallonchene.fr\/de\/produkt\/hydrangea-paniculata-vanille-fraise\/#breadcrumb"},"inLanguage":"de","potentialAction":[{"@type":"ReadAction","target":["https:\/\/www.vallonchene.fr\/de\/produkt\/hydrangea-paniculata-vanille-fraise\/"]}]},{"@type":"ImageObject","inLanguage":"de","@id":"https:\/\/www.vallonchene.fr\/de\/produkt\/hydrangea-paniculata-vanille-fraise\/#primaryimage","url":"https:\/\/www.vallonchene.fr\/wp-content\/uploads\/2021\/08\/1989-550-HYDRANGEA-paniculata-Vanille-Fraise-en-Septembre.jpg","contentUrl":"https:\/\/www.vallonchene.fr\/wp-content\/uploads\/2021\/08\/1989-550-HYDRANGEA-paniculata-Vanille-Fraise-en-Septembre.jpg","width":1600,"height":1600},{"@type":"BreadcrumbList","@id":"https:\/\/www.vallonchene.fr\/de\/produkt\/hydrangea-paniculata-vanille-fraise\/#breadcrumb","itemListElement":[{"@type":"ListItem","position":1,"name":"Home","item":"https:\/\/www.vallonchene.fr\/de\/"},{"@type":"ListItem","position":2,"name":"Shop","item":"https:\/\/www.vallonchene.fr\/de\/shop\/"},{"@type":"ListItem","position":3,"name":"Online-Verkauf","item":"https:\/\/www.vallonchene.fr\/de\/produkt-kategorie\/online-verkauf-de\/"},{"@type":"ListItem","position":4,"name":"Baumschule","item":"https:\/\/www.vallonchene.fr\/de\/produkt-kategorie\/online-verkauf-de\/baumschule-gaertnerei-de\/"},{"@type":"ListItem","position":5,"name":"Str\u00e4ucher und B\u00e4ume","item":"https:\/\/www.vallonchene.fr\/de\/produkt-kategorie\/online-verkauf-de\/baumschule-gaertnerei-de\/straucher-und-baume-de\/"},{"@type":"ListItem","position":6,"name":"HYDRANGEA paniculata &#8218;Vanille Fraise&#8216; (Rispen-Hortensie)"}]},{"@type":"WebSite","@id":"https:\/\/www.vallonchene.fr\/de\/#website","url":"https:\/\/www.vallonchene.fr\/de\/","name":"Vallonch\u00eane","description":"Die Baumschule, bei der Qualit\u00e4t ihre Wurzeln hat \u2013 Tel.: +49 (0)6838-5399840","publisher":{"@id":"https:\/\/www.vallonchene.fr\/de\/#organization"},"potentialAction":[{"@type":"SearchAction","target":{"@type":"EntryPoint","urlTemplate":"https:\/\/www.vallonchene.fr\/de\/?s={search_term_string}"},"query-input":{"@type":"PropertyValueSpecification","valueRequired":true,"valueName":"search_term_string"}}],"inLanguage":"de"},{"@type":"Organization","@id":"https:\/\/www.vallonchene.fr\/de\/#organization","name":"VALLONCHENE","url":"https:\/\/www.vallonchene.fr\/de\/","logo":{"@type":"ImageObject","inLanguage":"de","@id":"https:\/\/www.vallonchene.fr\/de\/#\/schema\/logo\/image\/","url":"https:\/\/www.vallonchene.fr\/wp-content\/uploads\/2023\/03\/Logo-Vallonchene-site-et-R_hauteur_100.png","contentUrl":"https:\/\/www.vallonchene.fr\/wp-content\/uploads\/2023\/03\/Logo-Vallonchene-site-et-R_hauteur_100.png","width":221,"height":100,"caption":"VALLONCHENE"},"image":{"@id":"https:\/\/www.vallonchene.fr\/de\/#\/schema\/logo\/image\/"},"sameAs":["https:\/\/www.facebook.com\/vallonchene.fr","https:\/\/www.instagram.com\/vallonchene\/","https:\/\/www.pinterest.fr\/vallonchene\/"],"taxID":"49454502300017","hasMerchantReturnPolicy":{"@type":"MerchantReturnPolicy","merchantReturnLink":"https:\/\/www.vallonchene.fr\/remboursements_retours\/"}}]},"og_availability":"out of stock","product_availability":"out of stock","product_retailer_item_id":"24449","product_condition":"new"},"_links":{"self":[{"href":"https:\/\/www.vallonchene.fr\/de\/wp-json\/wp\/v2\/product\/5497","targetHints":{"allow":["GET"]}}],"collection":[{"href":"https:\/\/www.vallonchene.fr\/de\/wp-json\/wp\/v2\/product"}],"about":[{"href":"https:\/\/www.vallonchene.fr\/de\/wp-json\/wp\/v2\/types\/product"}],"replies":[{"embeddable":true,"href":"https:\/\/www.vallonchene.fr\/de\/wp-json\/wp\/v2\/comments?post=5497"}],"wp:featuredmedia":[{"embeddable":true,"href":"https:\/\/www.vallonchene.fr\/de\/wp-json\/wp\/v2\/media\/5484"}],"wp:attachment":[{"href":"https:\/\/www.vallonchene.fr\/de\/wp-json\/wp\/v2\/media?parent=5497"}],"wp:term":[{"taxonomy":"product_brand","embeddable":true,"href":"https:\/\/www.vallonchene.fr\/de\/wp-json\/wp\/v2\/product_brand?post=5497"},{"taxonomy":"product_cat","embeddable":true,"href":"https:\/\/www.vallonchene.fr\/de\/wp-json\/wp\/v2\/product_cat?post=5497"},{"taxonomy":"product_tag","embeddable":true,"href":"https:\/\/www.vallonchene.fr\/de\/wp-json\/wp\/v2\/product_tag?post=5497"}],"curies":[{"name":"wp","href":"https:\/\/api.w.org\/{rel}","templated":true}]}}