{"id":54960,"date":"2025-09-27T16:27:26","date_gmt":"2025-09-27T14:27:26","guid":{"rendered":"https:\/\/www.vallonchene.fr\/produit\/hamamelis-x-intermedia-double-gold\/"},"modified":"2025-10-15T16:07:25","modified_gmt":"2025-10-15T14:07:25","slug":"hamamelis-x-intermedia-double-gold","status":"publish","type":"product","link":"https:\/\/www.vallonchene.fr\/de\/produkt\/hamamelis-x-intermedia-double-gold\/","title":{"rendered":"HAMAMELIS \u00d7 intermedia &#8218;Double Gold&#8216;"},"content":{"rendered":"<h2>Die Pflanze<\/h2>\n<p><strong>HAMAMELIS x intermedia &#8218;Double Gold&#8216;<\/strong> ist eine <strong>sehr seltene und besonders interessante Zaubernuss<\/strong>. Ihr <strong>gr\u00fcnlich panaschiertes, gelb gerandetes Laub<\/strong> ist f\u00fcr diese Art au\u00dfergew\u00f6hnlich und verleiht ihr eine besonders attraktive Erscheinung.  <\/p>\n<p><strong>Im Herbst f\u00e4rben sich die Bl\u00e4tter in Gelb-, Orange- und Rott\u00f6ne<\/strong> und verst\u00e4rken so das Farbenspiel.<\/p>\n<p>Wenn die Bl\u00e4tter im Winter gefallen sind, bildet diese au\u00dfergew\u00f6hnliche Pflanze gelbe, <strong>leicht duftende Bl\u00fcten am kahlen Holz<\/strong>.<\/p>\n<p>Zaubern\u00fcsse <strong>wachsen von Natur aus in einer anmutig ausladenden Form<\/strong>. Diese Sorte erreicht nach zehn Jahren eine H\u00f6he von 1,50 bis 2 Metern. <\/p>\n<p>Die Kombination aus gr\u00fcnlich panaschiertem und gelb gerandetem Laub sowie den gelben Winterbl\u00fcten macht ihn zu einer ausgezeichneten Wahl f\u00fcr alle leidenschaftlichen Gartenfreunde. Er findet m\u00fchelos einen Platz in jedem Garten, selbst in kleinen. <\/p>\n<h2>Wie pflanzt und pflegt man HAMAMELIS x intermedia &#8218;Double Gold&#8216;?<\/h2>\n<h3>Die Pflanzung <br \/><\/h3>\n<p>HAMAMELIS x intermedia sind <strong>sehr frostharte<\/strong> und relativ pflegeleichte Pflanzen, sofern die folgenden Punkte beachtet werden: <\/p>\n<ol>\n<li>W\u00e4hlen Sie einen Standort in <strong>Halbschatten oder voller Sonne<\/strong>, an dem die Pflanze ihr volles Potenzial entfalten kann. Denken Sie daran, dass ihr Wuchs ausladend ist. Daher sollten Sie ausreichend Platz f\u00fcr die seitliche Entwicklung einplanen. Eine Pflanzung ist sowohl im <strong>K\u00fcbel oder Topf als auch als Solit\u00e4r oder in einem Beet<\/strong> m\u00f6glich.   <\/li>\n<li>Der Standort sollte <strong>frisch bis feucht oder normal<\/strong> sein. Befindet sich die Pflanze in voller Sonne, ist ein frischer bis feuchter Standort vorzuziehen. <\/li>\n<li>Der Boden sollte <strong>leicht oder normal<\/strong> sein und einen <strong>sauren oder neutralen pH-Wert<\/strong> aufweisen.<\/li>\n<li><a href=\"https:\/\/www.vallonchene.fr\/comment-planter-et-entretenir-des-vegetaux\/comment-planter-et-entretenir-arbres-arbustes-et-coniferes\/\" target=\"_blank\" rel=\"noreferrer noopener\"><br \/>\n  <strong>F\u00fcr eine gute Vorbereitung des Pflanzlochs haben wir spezielle Anweisungen entwickelt, die hier verf\u00fcgbar sind. <\/strong><br \/>\n<\/a><\/li>\n<\/ol>\n<h3>Die Pflege <br \/><\/h3>\n<p><strong>Stellen Sie w\u00e4hrend Trockenperioden in den ersten zwei Jahren nach der Pflanzung eine regelm\u00e4\u00dfige Bew\u00e4sserung sicher<\/strong>. <a href=\"https:\/\/www.vallonchene.fr\/comment-bien-arroser-le-jardin-et-economiser-leau\/\"><br \/>\n  <strong>Lesen Sie hier auch unsere Tipps zum richtigen Gie\u00dfen und Wassersparen<\/strong><br \/>\n<\/a>.<\/p>\n<p>Aufgrund des langsamen Wachstums und der begrenzten Entwicklung ist ein R\u00fcckschnitt nicht erforderlich.<\/p>\n<h2>Geschichte und Herkunft<\/h2>\n<p>Die Art <em>HAMAMELIS x intermedia<\/em> ist eine Kreuzung zwischen HAMAMELIS mollis (aus China) und HAMAMELIS japonica (aus Japan). Die ersten Hybriden sind in den 1930er-Jahren unabh\u00e4ngig voneinander an drei verschiedenen Orten entstanden: <\/p>\n<ul>\n<li>das Arnold-Arboretum in den Vereinigten Staaten von Amerika<\/li>\n<li>der Botanische Garten Charlottenlund in D\u00e4nemark<\/li>\n<li>ein dritter Standort in Europa, vermutlich in Deutschland.<\/li>\n<\/ul>\n<p>Die Taxonomie von <em>HAMAMELIS x intermedia<\/em> wurde 1949 formell von Alfred Rehder (einem amerikanischen Botaniker deutscher Herkunft) festgelegt.<\/p>\n<p>Der Kultivar HAMAMELIS x intermedia &#8218;Double Gold&#8216; ist eine sehr neue Selektion. Die genaue Herkunft ist zum Zeitpunkt dieses Schreibens jedoch nicht bekannt. <\/p>\n","protected":false},"excerpt":{"rendered":"<p><strong>HAMAMELIS x intermedia &#8218;Double Gold&#8216;<\/strong> ist eine <strong>Zaubernuss<\/strong> mit gr\u00fcnem, gelb gerandetem Laub. Ihre goldgelbe Winterbl\u00fcte ist leuchtend und ideal, um den Garten mitten im Winter aufzuhellen. Zarter Duft, leuchtend gef\u00e4rbtes Herbstlaub und ein eleganter Wuchs runden das Bild ab.  <\/p>\n","protected":false},"featured_media":54955,"comment_status":"open","ping_status":"closed","template":"","meta":[],"product_brand":[],"product_cat":[252],"product_tag":[12663,12662],"class_list":{"0":"post-54960","1":"product","2":"type-product","3":"status-publish","4":"has-post-thumbnail","6":"product_cat-straucher-und-baume-de","7":"product_tag-hamamelis-de","8":"product_tag-hamamelis-intermedia-de","9":"pa_99-hauteurapproximativeapres1-150a200m-de","10":"pa_couleurautomnaledufeuillage-gelb-de","11":"pa_couleurautomnaledufeuillage-orange-de","12":"pa_couleurautomnaledufeuillage-rot-de","13":"pa_couleurdesfleurs-gelb-de","14":"pa_couleurnormaledufeuillage-bunt-de","15":"pa_couleurnormaledufeuillage-gelb-de","16":"pa_couleurnormaledufeuillage-grun-de","17":"pa_exigencesenhumidite-normal-de","18":"pa_expositionspossibles-ce-halbschattigsonnezw12und17-de","19":"pa_expositionspossibles-sonnigvon12bis17uhr-de","20":"pa_hauteurlivree-80-bis-100-cm","21":"pa_interetauprintemps-form-de","22":"pa_interetauprintemps-jungesprossen-de","23":"pa_interetauprintemps-laub-de","24":"pa_interetenautomne-form-de","25":"pa_interetenautomne-laub-de","26":"pa_interetenete-form-de","27":"pa_interetenete-laub-de","28":"pa_interetenhiver-bluten-de","29":"pa_naturedufeuillage-nichtimmergrun-de","30":"pa_naturesdesolpossibles-leicht-de","31":"pa_naturesdesolpossibles-normal-de","32":"pa_periodedefloraison-winter-de","33":"pa_phdusolacceptable-neutralzw65u75-de","34":"pa_phdusolacceptable-sauerwenigerals65-de","35":"pa_portgraphisme-ausgebreitet-de","36":"pa_resistanceaufroidrusticite-frostbestandigunter_20c-de","37":"pa_tailledepot-5liter_topf-de","38":"pa_utilisationpossible-alleinstehend-de","39":"pa_utilisationpossible-beet-de","40":"pa_utilisationpossible-kubelodertopf-de","42":"first","43":"instock","44":"taxable","45":"shipping-taxable","46":"purchasable","47":"product-type-variable"},"supplier_id":null,"supplier_sku":"","barcode":null,"atum_controlled":true,"out_stock_date":null,"out_stock_threshold":null,"inheritable":true,"inbound_stock":0,"stock_on_hold":0,"sold_today":0,"sales_last_days":0,"reserved_stock":0,"customer_returns":0,"warehouse_damage":0,"lost_in_post":0,"other_logs":0,"out_stock_days":null,"lost_sales":0,"has_location":false,"update_date":"2026-04-24T14:39:02","atum_locations":[],"atum_stock_status":"instock","restock_status":false,"low_stock_amount":"","sales_update_date":"2026-04-24T14:39:02","calc_backorders":null,"yoast_head":"<!-- This site is optimized with the Yoast SEO Premium plugin v27.4 (Yoast SEO v27.4) - https:\/\/yoast.com\/product\/yoast-seo-premium-wordpress\/ -->\n<title>HAMAMELIS \u00d7 intermedia &#039;Double Gold&#039; -Zaubernuss<\/title>\n<meta name=\"description\" content=\"L&#039;HAMAMELIS x intermedia &#039;Double Gold&#039; est un noisetier de sorci\u00e8re au feuillage vert bord\u00e9 de jaune. Floraison jaune dor\u00e9 et d\u00e9licatement parfum\u00e9e.\" \/>\n<meta name=\"robots\" content=\"index, follow, max-snippet:-1, max-image-preview:large, max-video-preview:-1\" \/>\n<link rel=\"canonical\" href=\"https:\/\/www.vallonchene.fr\/de\/produkt\/hamamelis-x-intermedia-double-gold\/\" \/>\n<meta property=\"og:locale\" content=\"de_DE\" \/>\n<meta property=\"og:type\" content=\"article\" \/>\n<meta property=\"og:title\" content=\"HAMAMELIS \u00d7 intermedia &#039;Double Gold&#039;\" \/>\n<meta property=\"og:description\" content=\"L&#039;HAMAMELIS x intermedia &#039;Double Gold&#039; est un noisetier de sorci\u00e8re au feuillage vert bord\u00e9 de jaune. Floraison jaune dor\u00e9 et d\u00e9licatement parfum\u00e9e.\" \/>\n<meta property=\"og:url\" content=\"https:\/\/www.vallonchene.fr\/de\/produkt\/hamamelis-x-intermedia-double-gold\/\" \/>\n<meta property=\"og:site_name\" content=\"Vallonch\u00eane\" \/>\n<meta property=\"article:publisher\" content=\"https:\/\/www.facebook.com\/vallonchene.fr\" \/>\n<meta property=\"article:modified_time\" content=\"2025-10-15T14:07:25+00:00\" \/>\n<meta property=\"og:image\" content=\"https:\/\/www.vallonchene.fr\/wp-content\/uploads\/2025\/09\/20250511_144931.webp\" \/>\n\t<meta property=\"og:image:width\" content=\"1200\" \/>\n\t<meta property=\"og:image:height\" content=\"1200\" \/>\n\t<meta property=\"og:image:type\" content=\"image\/webp\" \/>\n<meta name=\"twitter:card\" content=\"summary_large_image\" \/>\n<meta name=\"twitter:label1\" content=\"Verf\u00fcgbarkeit\" \/>\n\t<meta name=\"twitter:data1\" content=\"Vorr\u00e4tig\" \/>\n<script type=\"application\/ld+json\" class=\"yoast-schema-graph\">{\"@context\":\"https:\\\/\\\/schema.org\",\"@graph\":[{\"@type\":\"WebPage\",\"@id\":\"https:\\\/\\\/www.vallonchene.fr\\\/de\\\/produkt\\\/hamamelis-x-intermedia-double-gold\\\/\",\"url\":\"https:\\\/\\\/www.vallonchene.fr\\\/de\\\/produkt\\\/hamamelis-x-intermedia-double-gold\\\/\",\"name\":\"HAMAMELIS \u00d7 intermedia 'Double Gold' -Zaubernuss\",\"isPartOf\":{\"@id\":\"https:\\\/\\\/www.vallonchene.fr\\\/de\\\/#website\"},\"primaryImageOfPage\":{\"@id\":\"https:\\\/\\\/www.vallonchene.fr\\\/de\\\/produkt\\\/hamamelis-x-intermedia-double-gold\\\/#primaryimage\"},\"image\":{\"@id\":\"https:\\\/\\\/www.vallonchene.fr\\\/de\\\/produkt\\\/hamamelis-x-intermedia-double-gold\\\/#primaryimage\"},\"thumbnailUrl\":\"https:\\\/\\\/www.vallonchene.fr\\\/wp-content\\\/uploads\\\/2025\\\/09\\\/20250511_144931.webp\",\"datePublished\":\"2025-09-27T14:27:26+00:00\",\"dateModified\":\"2025-10-15T14:07:25+00:00\",\"description\":\"L'HAMAMELIS x intermedia 'Double Gold' est un noisetier de sorci\u00e8re au feuillage vert bord\u00e9 de jaune. Floraison jaune dor\u00e9 et d\u00e9licatement parfum\u00e9e.\",\"breadcrumb\":{\"@id\":\"https:\\\/\\\/www.vallonchene.fr\\\/de\\\/produkt\\\/hamamelis-x-intermedia-double-gold\\\/#breadcrumb\"},\"inLanguage\":\"de\",\"potentialAction\":[{\"@type\":\"ReadAction\",\"target\":[\"https:\\\/\\\/www.vallonchene.fr\\\/de\\\/produkt\\\/hamamelis-x-intermedia-double-gold\\\/\"]}]},{\"@type\":\"ImageObject\",\"inLanguage\":\"de\",\"@id\":\"https:\\\/\\\/www.vallonchene.fr\\\/de\\\/produkt\\\/hamamelis-x-intermedia-double-gold\\\/#primaryimage\",\"url\":\"https:\\\/\\\/www.vallonchene.fr\\\/wp-content\\\/uploads\\\/2025\\\/09\\\/20250511_144931.webp\",\"contentUrl\":\"https:\\\/\\\/www.vallonchene.fr\\\/wp-content\\\/uploads\\\/2025\\\/09\\\/20250511_144931.webp\",\"width\":1200,\"height\":1200,\"caption\":\"Gr\u00fcnes Fr\u00fchlingslaub mit gelbem Rand von HAMAMELIS x intermedia 'Double Gold'\"},{\"@type\":\"BreadcrumbList\",\"@id\":\"https:\\\/\\\/www.vallonchene.fr\\\/de\\\/produkt\\\/hamamelis-x-intermedia-double-gold\\\/#breadcrumb\",\"itemListElement\":[{\"@type\":\"ListItem\",\"position\":1,\"name\":\"Home\",\"item\":\"https:\\\/\\\/www.vallonchene.fr\\\/de\\\/\"},{\"@type\":\"ListItem\",\"position\":2,\"name\":\"Shop\",\"item\":\"https:\\\/\\\/www.vallonchene.fr\\\/de\\\/shop\\\/\"},{\"@type\":\"ListItem\",\"position\":3,\"name\":\"Online-Verkauf\",\"item\":\"https:\\\/\\\/www.vallonchene.fr\\\/de\\\/produkt-kategorie\\\/online-verkauf-de\\\/\"},{\"@type\":\"ListItem\",\"position\":4,\"name\":\"Baumschule\",\"item\":\"https:\\\/\\\/www.vallonchene.fr\\\/de\\\/produkt-kategorie\\\/online-verkauf-de\\\/baumschule-gaertnerei-de\\\/\"},{\"@type\":\"ListItem\",\"position\":5,\"name\":\"Str\u00e4ucher und B\u00e4ume\",\"item\":\"https:\\\/\\\/www.vallonchene.fr\\\/de\\\/produkt-kategorie\\\/online-verkauf-de\\\/baumschule-gaertnerei-de\\\/straucher-und-baume-de\\\/\"},{\"@type\":\"ListItem\",\"position\":6,\"name\":\"HAMAMELIS \u00d7 intermedia &#8218;Double Gold&#8216;\"}]},{\"@type\":\"WebSite\",\"@id\":\"https:\\\/\\\/www.vallonchene.fr\\\/de\\\/#website\",\"url\":\"https:\\\/\\\/www.vallonchene.fr\\\/de\\\/\",\"name\":\"Vallonch\u00eane\",\"description\":\"Die Baumschule, bei der Qualit\u00e4t ihre Wurzeln hat \u2013 Tel.: +49 (0)6838-5399840\",\"publisher\":{\"@id\":\"https:\\\/\\\/www.vallonchene.fr\\\/de\\\/#organization\"},\"potentialAction\":[{\"@type\":\"SearchAction\",\"target\":{\"@type\":\"EntryPoint\",\"urlTemplate\":\"https:\\\/\\\/www.vallonchene.fr\\\/de\\\/?s={search_term_string}\"},\"query-input\":{\"@type\":\"PropertyValueSpecification\",\"valueRequired\":true,\"valueName\":\"search_term_string\"}}],\"inLanguage\":\"de\"},{\"@type\":\"Organization\",\"@id\":\"https:\\\/\\\/www.vallonchene.fr\\\/de\\\/#organization\",\"name\":\"VALLONCHENE\",\"url\":\"https:\\\/\\\/www.vallonchene.fr\\\/de\\\/\",\"logo\":{\"@type\":\"ImageObject\",\"inLanguage\":\"de\",\"@id\":\"https:\\\/\\\/www.vallonchene.fr\\\/de\\\/#\\\/schema\\\/logo\\\/image\\\/\",\"url\":\"https:\\\/\\\/www.vallonchene.fr\\\/wp-content\\\/uploads\\\/2023\\\/03\\\/Logo-Vallonchene-site-et-R_hauteur_100.png\",\"contentUrl\":\"https:\\\/\\\/www.vallonchene.fr\\\/wp-content\\\/uploads\\\/2023\\\/03\\\/Logo-Vallonchene-site-et-R_hauteur_100.png\",\"width\":221,\"height\":100,\"caption\":\"VALLONCHENE\"},\"image\":{\"@id\":\"https:\\\/\\\/www.vallonchene.fr\\\/de\\\/#\\\/schema\\\/logo\\\/image\\\/\"},\"sameAs\":[\"https:\\\/\\\/www.facebook.com\\\/vallonchene.fr\",\"https:\\\/\\\/www.instagram.com\\\/vallonchene\\\/\",\"https:\\\/\\\/www.pinterest.fr\\\/vallonchene\\\/\"],\"taxID\":\"49454502300017\",\"hasMerchantReturnPolicy\":{\"@type\":\"MerchantReturnPolicy\",\"merchantReturnLink\":\"https:\\\/\\\/www.vallonchene.fr\\\/remboursements_retours\\\/\"}}]}<\/script>\n<meta property=\"og:availability\" content=\"instock\" \/>\n<meta property=\"product:availability\" content=\"instock\" \/>\n<meta property=\"product:condition\" content=\"new\" \/>\n<!-- \/ Yoast SEO Premium plugin. -->","yoast_head_json":{"title":"HAMAMELIS \u00d7 intermedia 'Double Gold' -Zaubernuss","description":"L'HAMAMELIS x intermedia 'Double Gold' est un noisetier de sorci\u00e8re au feuillage vert bord\u00e9 de jaune. Floraison jaune dor\u00e9 et d\u00e9licatement parfum\u00e9e.","robots":{"index":"index","follow":"follow","max-snippet":"max-snippet:-1","max-image-preview":"max-image-preview:large","max-video-preview":"max-video-preview:-1"},"canonical":"https:\/\/www.vallonchene.fr\/de\/produkt\/hamamelis-x-intermedia-double-gold\/","og_locale":"de_DE","og_type":"article","og_title":"HAMAMELIS \u00d7 intermedia 'Double Gold'","og_description":"L'HAMAMELIS x intermedia 'Double Gold' est un noisetier de sorci\u00e8re au feuillage vert bord\u00e9 de jaune. Floraison jaune dor\u00e9 et d\u00e9licatement parfum\u00e9e.","og_url":"https:\/\/www.vallonchene.fr\/de\/produkt\/hamamelis-x-intermedia-double-gold\/","og_site_name":"Vallonch\u00eane","article_publisher":"https:\/\/www.facebook.com\/vallonchene.fr","article_modified_time":"2025-10-15T14:07:25+00:00","og_image":[{"width":1200,"height":1200,"url":"https:\/\/www.vallonchene.fr\/wp-content\/uploads\/2025\/09\/20250511_144931.webp","type":"image\/webp"}],"twitter_card":"summary_large_image","twitter_misc":{"Verf\u00fcgbarkeit":"Vorr\u00e4tig"},"schema":{"@context":"https:\/\/schema.org","@graph":[{"@type":"WebPage","@id":"https:\/\/www.vallonchene.fr\/de\/produkt\/hamamelis-x-intermedia-double-gold\/","url":"https:\/\/www.vallonchene.fr\/de\/produkt\/hamamelis-x-intermedia-double-gold\/","name":"HAMAMELIS \u00d7 intermedia 'Double Gold' -Zaubernuss","isPartOf":{"@id":"https:\/\/www.vallonchene.fr\/de\/#website"},"primaryImageOfPage":{"@id":"https:\/\/www.vallonchene.fr\/de\/produkt\/hamamelis-x-intermedia-double-gold\/#primaryimage"},"image":{"@id":"https:\/\/www.vallonchene.fr\/de\/produkt\/hamamelis-x-intermedia-double-gold\/#primaryimage"},"thumbnailUrl":"https:\/\/www.vallonchene.fr\/wp-content\/uploads\/2025\/09\/20250511_144931.webp","datePublished":"2025-09-27T14:27:26+00:00","dateModified":"2025-10-15T14:07:25+00:00","description":"L'HAMAMELIS x intermedia 'Double Gold' est un noisetier de sorci\u00e8re au feuillage vert bord\u00e9 de jaune. Floraison jaune dor\u00e9 et d\u00e9licatement parfum\u00e9e.","breadcrumb":{"@id":"https:\/\/www.vallonchene.fr\/de\/produkt\/hamamelis-x-intermedia-double-gold\/#breadcrumb"},"inLanguage":"de","potentialAction":[{"@type":"ReadAction","target":["https:\/\/www.vallonchene.fr\/de\/produkt\/hamamelis-x-intermedia-double-gold\/"]}]},{"@type":"ImageObject","inLanguage":"de","@id":"https:\/\/www.vallonchene.fr\/de\/produkt\/hamamelis-x-intermedia-double-gold\/#primaryimage","url":"https:\/\/www.vallonchene.fr\/wp-content\/uploads\/2025\/09\/20250511_144931.webp","contentUrl":"https:\/\/www.vallonchene.fr\/wp-content\/uploads\/2025\/09\/20250511_144931.webp","width":1200,"height":1200,"caption":"Gr\u00fcnes Fr\u00fchlingslaub mit gelbem Rand von HAMAMELIS x intermedia 'Double Gold'"},{"@type":"BreadcrumbList","@id":"https:\/\/www.vallonchene.fr\/de\/produkt\/hamamelis-x-intermedia-double-gold\/#breadcrumb","itemListElement":[{"@type":"ListItem","position":1,"name":"Home","item":"https:\/\/www.vallonchene.fr\/de\/"},{"@type":"ListItem","position":2,"name":"Shop","item":"https:\/\/www.vallonchene.fr\/de\/shop\/"},{"@type":"ListItem","position":3,"name":"Online-Verkauf","item":"https:\/\/www.vallonchene.fr\/de\/produkt-kategorie\/online-verkauf-de\/"},{"@type":"ListItem","position":4,"name":"Baumschule","item":"https:\/\/www.vallonchene.fr\/de\/produkt-kategorie\/online-verkauf-de\/baumschule-gaertnerei-de\/"},{"@type":"ListItem","position":5,"name":"Str\u00e4ucher und B\u00e4ume","item":"https:\/\/www.vallonchene.fr\/de\/produkt-kategorie\/online-verkauf-de\/baumschule-gaertnerei-de\/straucher-und-baume-de\/"},{"@type":"ListItem","position":6,"name":"HAMAMELIS \u00d7 intermedia &#8218;Double Gold&#8216;"}]},{"@type":"WebSite","@id":"https:\/\/www.vallonchene.fr\/de\/#website","url":"https:\/\/www.vallonchene.fr\/de\/","name":"Vallonch\u00eane","description":"Die Baumschule, bei der Qualit\u00e4t ihre Wurzeln hat \u2013 Tel.: +49 (0)6838-5399840","publisher":{"@id":"https:\/\/www.vallonchene.fr\/de\/#organization"},"potentialAction":[{"@type":"SearchAction","target":{"@type":"EntryPoint","urlTemplate":"https:\/\/www.vallonchene.fr\/de\/?s={search_term_string}"},"query-input":{"@type":"PropertyValueSpecification","valueRequired":true,"valueName":"search_term_string"}}],"inLanguage":"de"},{"@type":"Organization","@id":"https:\/\/www.vallonchene.fr\/de\/#organization","name":"VALLONCHENE","url":"https:\/\/www.vallonchene.fr\/de\/","logo":{"@type":"ImageObject","inLanguage":"de","@id":"https:\/\/www.vallonchene.fr\/de\/#\/schema\/logo\/image\/","url":"https:\/\/www.vallonchene.fr\/wp-content\/uploads\/2023\/03\/Logo-Vallonchene-site-et-R_hauteur_100.png","contentUrl":"https:\/\/www.vallonchene.fr\/wp-content\/uploads\/2023\/03\/Logo-Vallonchene-site-et-R_hauteur_100.png","width":221,"height":100,"caption":"VALLONCHENE"},"image":{"@id":"https:\/\/www.vallonchene.fr\/de\/#\/schema\/logo\/image\/"},"sameAs":["https:\/\/www.facebook.com\/vallonchene.fr","https:\/\/www.instagram.com\/vallonchene\/","https:\/\/www.pinterest.fr\/vallonchene\/"],"taxID":"49454502300017","hasMerchantReturnPolicy":{"@type":"MerchantReturnPolicy","merchantReturnLink":"https:\/\/www.vallonchene.fr\/remboursements_retours\/"}}]},"og_availability":"instock","product_availability":"instock","product_condition":"new"},"_links":{"self":[{"href":"https:\/\/www.vallonchene.fr\/de\/wp-json\/wp\/v2\/product\/54960","targetHints":{"allow":["GET"]}}],"collection":[{"href":"https:\/\/www.vallonchene.fr\/de\/wp-json\/wp\/v2\/product"}],"about":[{"href":"https:\/\/www.vallonchene.fr\/de\/wp-json\/wp\/v2\/types\/product"}],"replies":[{"embeddable":true,"href":"https:\/\/www.vallonchene.fr\/de\/wp-json\/wp\/v2\/comments?post=54960"}],"wp:featuredmedia":[{"embeddable":true,"href":"https:\/\/www.vallonchene.fr\/de\/wp-json\/wp\/v2\/media\/54955"}],"wp:attachment":[{"href":"https:\/\/www.vallonchene.fr\/de\/wp-json\/wp\/v2\/media?parent=54960"}],"wp:term":[{"taxonomy":"product_brand","embeddable":true,"href":"https:\/\/www.vallonchene.fr\/de\/wp-json\/wp\/v2\/product_brand?post=54960"},{"taxonomy":"product_cat","embeddable":true,"href":"https:\/\/www.vallonchene.fr\/de\/wp-json\/wp\/v2\/product_cat?post=54960"},{"taxonomy":"product_tag","embeddable":true,"href":"https:\/\/www.vallonchene.fr\/de\/wp-json\/wp\/v2\/product_tag?post=54960"}],"curies":[{"name":"wp","href":"https:\/\/api.w.org\/{rel}","templated":true}]}}