{"id":50300,"date":"2024-11-24T16:27:32","date_gmt":"2024-11-24T15:27:32","guid":{"rendered":"https:\/\/www.vallonchene.fr\/produit\/deutzia-scabra-punctata\/"},"modified":"2025-09-11T11:29:30","modified_gmt":"2025-09-11T09:29:30","slug":"deutzia-scabra-punctata","status":"publish","type":"product","link":"https:\/\/www.vallonchene.fr\/de\/produkt\/deutzia-scabra-punctata\/","title":{"rendered":"DEUTZIA scabra &#8218;Punctata&#8216;"},"content":{"rendered":"<h2>Die Pflanze<\/h2>\n<p>Die <strong>DEUTZIA scabra &#8218;Punctata&#8216;<\/strong> ist eine <strong>raue Deutzie<\/strong>, die <strong>wundersch\u00f6ne wei\u00df-gr\u00fcn gesprenkelte Bl\u00e4tter<\/strong> entwickelt. Je schattiger der Standort, desto ausgepr\u00e4gter zeigt sich die Panaschierung.<br \/>\nDaher ist sie die <strong>ideale Pflanze, um dunkle Gartenecken aufzuhellen<\/strong>. <\/p>\n<p>Weiterhin wird dieser kleine Strauch <strong>nicht h\u00f6her als 1 bis 1,50 Meter<\/strong>.<br \/>\nEnde des Fr\u00fchlings und zu Beginn des Sommers entwickelt er eine <strong>Vielzahl leicht duftender wei\u00dfer Bl\u00fcten<\/strong>. Diese bieten eine interessante <strong>Pollenquelle<\/strong> f\u00fcr Bienen und Best\u00e4uber, da zu dieser Zeit die Bl\u00fcten seltener werden. <\/p>\n<h2>Wie pflanzt und pflegt man DEUTZIA scabra &#8218;Punctata&#8216;?<\/h2>\n<h3>Die Pflanzung<\/h3>\n<p>Um Ihre DEUTZIA scabra &#8218;Punctata&#8216; erfolgreich zu kultivieren, beachten Sie bitte die folgenden Punkte:<\/p>\n<ol>\n<li>Diese raue Deutzie bevorzugt einen Standort im <strong>Halbschatten<\/strong> oder sogar im <strong>Schatten<\/strong>. Sie kann jedoch volle Sonne vertragen, sofern der Boden leicht feucht bleibt. <\/li>\n<li>Der Standort kann <strong>m\u00e4\u00dfig feucht oder trocken<\/strong> sein. Ist er trocken, muss die Pflanze unbedingt im Schatten stehen. <\/li>\n<li>Der Boden kann <strong>leicht, normal oder schwer<\/strong> sein und einen <strong>sauren, neutralen oder kalkhaltigen pH-Wert<\/strong> haben.<\/li>\n<li><a href=\"https:\/\/www.vallonchene.fr\/comment-planter-et-entretenir-des-vegetaux\/comment-planter-et-entretenir-arbres-arbustes-et-coniferes\/\" target=\"_blank\" rel=\"noreferrer noopener\"><strong>F\u00fcr eine gute Vorbereitung des Pflanzlochs haben wir spezielle Anweisungen entwickelt, die hier verf\u00fcgbar sind. <\/strong><\/a><\/li>\n<\/ol>\n<h3>Die Pflege<\/h3>\n<p>Die DEUTZIA scabra &#8218;Punctata&#8216; ist eine sehr pflegeleichte Pflanze. Dennoch sollten Sie, wie bei jeder frisch gepflanzten Pflanze, <strong>in den ersten zwei Jahren w\u00e4hrend Trockenperioden auf eine regelm\u00e4\u00dfige Bew\u00e4sserung achten<\/strong>.  <a href=\"https:\/\/www.vallonchene.fr\/comment-bien-arroser-le-jardin-et-economiser-leau\/\"><strong>Lesen Sie hier auch unsere Tipps zum richtigen Gie\u00dfen und Wassersparen<\/strong><\/a>.<\/p>\n<p>Wenn Sie diesen Strauch schneiden m\u00fcssen, tun Sie dies im <strong>Januar oder Februar<\/strong> vor dem neuen Austrieb.<\/p>\n<h2>Geschichte und Herkunft<\/h2>\n<p>Die Stammart, DEUTZIA scabra, stammt aus Japan, insbesondere aus Regionen wie Kanto sowie von den Inseln Kyushu und Shikoku.<\/p>\n<p>Sie w\u00e4chst dort am Waldrand, auf felsigem Gel\u00e4nde, B\u00f6schungen oder sogar auf Steinmauern. Diese F\u00e4higkeit, sich an unterschiedliche Umgebungen anzupassen, macht sie zu einer robusten Pflanze, die gegen\u00fcber Umweltver\u00e4nderungen tolerant ist.<br \/>\nSie wurde in China, Europa und Nordamerika eingef\u00fchrt. <\/p>\n<p>Die DEUTZIA scabra &#8218;Punctata&#8216; ist keine Wildpflanze, sondern eine g\u00e4rtnerische Z\u00fcchtung, die wahrscheinlich in Europa entwickelt wurde. Diese Pflanze wird h\u00e4ufig wegen ihrer \u00e4sthetischen Eigenschaften in der Blumenkunst verwendet, dank ihres einzigartigen Laubs und ihrer Bl\u00fcte. Dieser Kultivar bleibt relativ selten.  <\/p>\n<p>&nbsp;<\/p>\n","protected":false},"excerpt":{"rendered":"<p>Die <strong>DEUTZIA scabra &#8218;Punctata&#8216;<\/strong> ist ein kleiner Strauch mit panaschiertem Laub, der sich ideal eignet, um schattige Bereiche im Garten aufzuhellen. Die duftende wei\u00dfe Bl\u00fcte im Fr\u00fchling dieser <strong>rauen Deutzie<\/strong> zieht Bienen und Best\u00e4uber an, gerade in einer Zeit, in der Bl\u00fcten seltener werden. <\/p>\n","protected":false},"featured_media":54640,"comment_status":"open","ping_status":"closed","template":"","meta":[],"product_brand":[],"product_cat":[252],"product_tag":[],"class_list":{"0":"post-50300","1":"product","2":"type-product","3":"status-publish","4":"has-post-thumbnail","6":"product_cat-straucher-und-baume-de","7":"pa_99-hauteurapproximativeapres1-100a150m-de","8":"pa_couleurautomnaledufeuillage-rot-de","9":"pa_couleurdesfleurs-weiss-de","10":"pa_couleurnormaledufeuillage-bunt-de","11":"pa_couleurnormaledufeuillage-grun-de","12":"pa_couleurnormaledufeuillage-weiss-de","13":"pa_exigencesenhumidite-feucht-de","14":"pa_exigencesenhumidite-normal-de","15":"pa_exigencesenhumidite-trocken-de","16":"pa_expositionspossibles-ce-halbschattigsonnezw12und17-de","17":"pa_expositionspossibles-fc-schattigkeindirektessonnen-de","18":"pa_hauteurlivree-20-bis-30-cm","19":"pa_hauteurlivree-30-bis-40-cm","20":"pa_interetauprintemps-bluten-de","21":"pa_interetauprintemps-jungesprossen-de","22":"pa_interetauprintemps-laub-de","23":"pa_interetenautomne-laub-de","24":"pa_interetenete-laub-de","25":"pa_naturedufeuillage-nichtimmergrun-de","26":"pa_naturesdesolpossibles-leicht-de","27":"pa_naturesdesolpossibles-normal-de","28":"pa_naturesdesolpossibles-schwer-de","29":"pa_periodedefloraison-fruhling-de","30":"pa_periodedefloraison-sommer-de","31":"pa_periodedetaille-febr-de","32":"pa_periodedetaille-jan-de","33":"pa_phdusolacceptable-kalkigmehrals75-de","34":"pa_phdusolacceptable-neutralzw65u75-de","35":"pa_phdusolacceptable-sauerwenigerals65-de","36":"pa_portgraphisme-buissonnant-de","37":"pa_resistanceaufroidrusticite-frostbestandigunter_20c-de","38":"pa_tailledepot-5liter_topf-de","39":"pa_utilisationpossible-beet-de","40":"pa_utilisationpossible-hecke-de","41":"pa_utilisationpossible-kubelodertopf-de","43":"first","44":"instock","45":"taxable","46":"shipping-taxable","47":"purchasable","48":"product-type-variable"},"supplier_id":null,"supplier_sku":"","barcode":null,"atum_controlled":true,"out_stock_date":null,"out_stock_threshold":null,"inheritable":true,"inbound_stock":0,"stock_on_hold":0,"sold_today":0,"sales_last_days":0,"reserved_stock":0,"customer_returns":0,"warehouse_damage":0,"lost_in_post":0,"other_logs":0,"out_stock_days":null,"lost_sales":0,"has_location":false,"update_date":"2026-04-29T08:11:35","atum_locations":[],"atum_stock_status":"instock","restock_status":false,"low_stock_amount":"","sales_update_date":"2026-04-29T08:11:35","calc_backorders":null,"yoast_head":"<!-- This site is optimized with the Yoast SEO Premium plugin v27.5 (Yoast SEO v27.5) - https:\/\/yoast.com\/product\/yoast-seo-premium-wordpress\/ -->\n<title>DEUTZIA scabra &#039;Punctata&#039; -raue Deutzie<\/title>\n<meta name=\"description\" content=\"Die DEUTZIA scabra &#039;Punctata&#039; bl\u00fcht im Fr\u00fchling wei\u00df. Die Bl\u00e4tter dieser rauen Deutzie sind recht spektakul\u00e4r und wei\u00df mit gr\u00fcnen Sprenkeln.\" \/>\n<meta name=\"robots\" content=\"index, follow, max-snippet:-1, max-image-preview:large, max-video-preview:-1\" \/>\n<link rel=\"canonical\" href=\"https:\/\/www.vallonchene.fr\/de\/produkt\/deutzia-scabra-punctata\/\" \/>\n<meta property=\"og:locale\" content=\"de_DE\" \/>\n<meta property=\"og:type\" content=\"article\" \/>\n<meta property=\"og:title\" content=\"DEUTZIA scabra &#039;Punctata&#039;\" \/>\n<meta property=\"og:description\" content=\"Die DEUTZIA scabra &#039;Punctata&#039; bl\u00fcht im Fr\u00fchling wei\u00df. Die Bl\u00e4tter dieser rauen Deutzie sind recht spektakul\u00e4r und wei\u00df mit gr\u00fcnen Sprenkeln.\" \/>\n<meta property=\"og:url\" content=\"https:\/\/www.vallonchene.fr\/de\/produkt\/deutzia-scabra-punctata\/\" \/>\n<meta property=\"og:site_name\" content=\"Vallonch\u00eane\" \/>\n<meta property=\"article:publisher\" content=\"https:\/\/www.facebook.com\/vallonchene.fr\" \/>\n<meta property=\"article:modified_time\" content=\"2025-09-11T09:29:30+00:00\" \/>\n<meta property=\"og:image\" content=\"https:\/\/www.vallonchene.fr\/wp-content\/uploads\/2025\/09\/IMG_20250910_110056.webp\" \/>\n\t<meta property=\"og:image:width\" content=\"1200\" \/>\n\t<meta property=\"og:image:height\" content=\"1200\" \/>\n\t<meta property=\"og:image:type\" content=\"image\/webp\" \/>\n<meta name=\"twitter:card\" content=\"summary_large_image\" \/>\n<meta name=\"twitter:label1\" content=\"Verf\u00fcgbarkeit\" \/>\n\t<meta name=\"twitter:data1\" content=\"Vorr\u00e4tig\" \/>\n<script type=\"application\/ld+json\" class=\"yoast-schema-graph\">{\"@context\":\"https:\\\/\\\/schema.org\",\"@graph\":[{\"@type\":\"WebPage\",\"@id\":\"https:\\\/\\\/www.vallonchene.fr\\\/de\\\/produkt\\\/deutzia-scabra-punctata\\\/\",\"url\":\"https:\\\/\\\/www.vallonchene.fr\\\/de\\\/produkt\\\/deutzia-scabra-punctata\\\/\",\"name\":\"DEUTZIA scabra 'Punctata' -raue Deutzie\",\"isPartOf\":{\"@id\":\"https:\\\/\\\/www.vallonchene.fr\\\/de\\\/#website\"},\"primaryImageOfPage\":{\"@id\":\"https:\\\/\\\/www.vallonchene.fr\\\/de\\\/produkt\\\/deutzia-scabra-punctata\\\/#primaryimage\"},\"image\":{\"@id\":\"https:\\\/\\\/www.vallonchene.fr\\\/de\\\/produkt\\\/deutzia-scabra-punctata\\\/#primaryimage\"},\"thumbnailUrl\":\"https:\\\/\\\/www.vallonchene.fr\\\/wp-content\\\/uploads\\\/2025\\\/09\\\/IMG_20250910_110056.webp\",\"datePublished\":\"2024-11-24T15:27:32+00:00\",\"dateModified\":\"2025-09-11T09:29:30+00:00\",\"description\":\"Die DEUTZIA scabra 'Punctata' bl\u00fcht im Fr\u00fchling wei\u00df. Die Bl\u00e4tter dieser rauen Deutzie sind recht spektakul\u00e4r und wei\u00df mit gr\u00fcnen Sprenkeln.\",\"breadcrumb\":{\"@id\":\"https:\\\/\\\/www.vallonchene.fr\\\/de\\\/produkt\\\/deutzia-scabra-punctata\\\/#breadcrumb\"},\"inLanguage\":\"de\",\"potentialAction\":[{\"@type\":\"ReadAction\",\"target\":[\"https:\\\/\\\/www.vallonchene.fr\\\/de\\\/produkt\\\/deutzia-scabra-punctata\\\/\"]}]},{\"@type\":\"ImageObject\",\"inLanguage\":\"de\",\"@id\":\"https:\\\/\\\/www.vallonchene.fr\\\/de\\\/produkt\\\/deutzia-scabra-punctata\\\/#primaryimage\",\"url\":\"https:\\\/\\\/www.vallonchene.fr\\\/wp-content\\\/uploads\\\/2025\\\/09\\\/IMG_20250910_110056.webp\",\"contentUrl\":\"https:\\\/\\\/www.vallonchene.fr\\\/wp-content\\\/uploads\\\/2025\\\/09\\\/IMG_20250910_110056.webp\",\"width\":1200,\"height\":1200,\"caption\":\"Dunkelgr\u00fcnes Sommerlaub mit wei\u00dfen Flecken von Deutzia scabra 'Punctata'\"},{\"@type\":\"BreadcrumbList\",\"@id\":\"https:\\\/\\\/www.vallonchene.fr\\\/de\\\/produkt\\\/deutzia-scabra-punctata\\\/#breadcrumb\",\"itemListElement\":[{\"@type\":\"ListItem\",\"position\":1,\"name\":\"Home\",\"item\":\"https:\\\/\\\/www.vallonchene.fr\\\/de\\\/\"},{\"@type\":\"ListItem\",\"position\":2,\"name\":\"Shop\",\"item\":\"https:\\\/\\\/www.vallonchene.fr\\\/de\\\/shop\\\/\"},{\"@type\":\"ListItem\",\"position\":3,\"name\":\"Online-Verkauf\",\"item\":\"https:\\\/\\\/www.vallonchene.fr\\\/de\\\/produkt-kategorie\\\/online-verkauf-de\\\/\"},{\"@type\":\"ListItem\",\"position\":4,\"name\":\"Baumschule\",\"item\":\"https:\\\/\\\/www.vallonchene.fr\\\/de\\\/produkt-kategorie\\\/online-verkauf-de\\\/baumschule-gaertnerei-de\\\/\"},{\"@type\":\"ListItem\",\"position\":5,\"name\":\"Str\u00e4ucher und B\u00e4ume\",\"item\":\"https:\\\/\\\/www.vallonchene.fr\\\/de\\\/produkt-kategorie\\\/online-verkauf-de\\\/baumschule-gaertnerei-de\\\/straucher-und-baume-de\\\/\"},{\"@type\":\"ListItem\",\"position\":6,\"name\":\"DEUTZIA scabra &#8218;Punctata&#8216;\"}]},{\"@type\":\"WebSite\",\"@id\":\"https:\\\/\\\/www.vallonchene.fr\\\/de\\\/#website\",\"url\":\"https:\\\/\\\/www.vallonchene.fr\\\/de\\\/\",\"name\":\"Vallonch\u00eane\",\"description\":\"Die Baumschule, bei der Qualit\u00e4t ihre Wurzeln hat \u2013 Tel.: +49 (0)6838-5399840\",\"publisher\":{\"@id\":\"https:\\\/\\\/www.vallonchene.fr\\\/de\\\/#organization\"},\"potentialAction\":[{\"@type\":\"SearchAction\",\"target\":{\"@type\":\"EntryPoint\",\"urlTemplate\":\"https:\\\/\\\/www.vallonchene.fr\\\/de\\\/?s={search_term_string}\"},\"query-input\":{\"@type\":\"PropertyValueSpecification\",\"valueRequired\":true,\"valueName\":\"search_term_string\"}}],\"inLanguage\":\"de\"},{\"@type\":\"Organization\",\"@id\":\"https:\\\/\\\/www.vallonchene.fr\\\/de\\\/#organization\",\"name\":\"VALLONCHENE\",\"url\":\"https:\\\/\\\/www.vallonchene.fr\\\/de\\\/\",\"logo\":{\"@type\":\"ImageObject\",\"inLanguage\":\"de\",\"@id\":\"https:\\\/\\\/www.vallonchene.fr\\\/de\\\/#\\\/schema\\\/logo\\\/image\\\/\",\"url\":\"https:\\\/\\\/www.vallonchene.fr\\\/wp-content\\\/uploads\\\/2023\\\/03\\\/Logo-Vallonchene-site-et-R_hauteur_100.png\",\"contentUrl\":\"https:\\\/\\\/www.vallonchene.fr\\\/wp-content\\\/uploads\\\/2023\\\/03\\\/Logo-Vallonchene-site-et-R_hauteur_100.png\",\"width\":221,\"height\":100,\"caption\":\"VALLONCHENE\"},\"image\":{\"@id\":\"https:\\\/\\\/www.vallonchene.fr\\\/de\\\/#\\\/schema\\\/logo\\\/image\\\/\"},\"sameAs\":[\"https:\\\/\\\/www.facebook.com\\\/vallonchene.fr\",\"https:\\\/\\\/www.instagram.com\\\/vallonchene\\\/\",\"https:\\\/\\\/www.pinterest.fr\\\/vallonchene\\\/\"],\"taxID\":\"49454502300017\",\"hasMerchantReturnPolicy\":{\"@type\":\"MerchantReturnPolicy\",\"merchantReturnLink\":\"https:\\\/\\\/www.vallonchene.fr\\\/remboursements_retours\\\/\"}}]}<\/script>\n<meta property=\"og:availability\" content=\"instock\" \/>\n<meta property=\"product:availability\" content=\"instock\" \/>\n<meta property=\"product:condition\" content=\"new\" \/>\n<!-- \/ Yoast SEO Premium plugin. -->","yoast_head_json":{"title":"DEUTZIA scabra 'Punctata' -raue Deutzie","description":"Die DEUTZIA scabra 'Punctata' bl\u00fcht im Fr\u00fchling wei\u00df. Die Bl\u00e4tter dieser rauen Deutzie sind recht spektakul\u00e4r und wei\u00df mit gr\u00fcnen Sprenkeln.","robots":{"index":"index","follow":"follow","max-snippet":"max-snippet:-1","max-image-preview":"max-image-preview:large","max-video-preview":"max-video-preview:-1"},"canonical":"https:\/\/www.vallonchene.fr\/de\/produkt\/deutzia-scabra-punctata\/","og_locale":"de_DE","og_type":"article","og_title":"DEUTZIA scabra 'Punctata'","og_description":"Die DEUTZIA scabra 'Punctata' bl\u00fcht im Fr\u00fchling wei\u00df. Die Bl\u00e4tter dieser rauen Deutzie sind recht spektakul\u00e4r und wei\u00df mit gr\u00fcnen Sprenkeln.","og_url":"https:\/\/www.vallonchene.fr\/de\/produkt\/deutzia-scabra-punctata\/","og_site_name":"Vallonch\u00eane","article_publisher":"https:\/\/www.facebook.com\/vallonchene.fr","article_modified_time":"2025-09-11T09:29:30+00:00","og_image":[{"width":1200,"height":1200,"url":"https:\/\/www.vallonchene.fr\/wp-content\/uploads\/2025\/09\/IMG_20250910_110056.webp","type":"image\/webp"}],"twitter_card":"summary_large_image","twitter_misc":{"Verf\u00fcgbarkeit":"Vorr\u00e4tig"},"schema":{"@context":"https:\/\/schema.org","@graph":[{"@type":"WebPage","@id":"https:\/\/www.vallonchene.fr\/de\/produkt\/deutzia-scabra-punctata\/","url":"https:\/\/www.vallonchene.fr\/de\/produkt\/deutzia-scabra-punctata\/","name":"DEUTZIA scabra 'Punctata' -raue Deutzie","isPartOf":{"@id":"https:\/\/www.vallonchene.fr\/de\/#website"},"primaryImageOfPage":{"@id":"https:\/\/www.vallonchene.fr\/de\/produkt\/deutzia-scabra-punctata\/#primaryimage"},"image":{"@id":"https:\/\/www.vallonchene.fr\/de\/produkt\/deutzia-scabra-punctata\/#primaryimage"},"thumbnailUrl":"https:\/\/www.vallonchene.fr\/wp-content\/uploads\/2025\/09\/IMG_20250910_110056.webp","datePublished":"2024-11-24T15:27:32+00:00","dateModified":"2025-09-11T09:29:30+00:00","description":"Die DEUTZIA scabra 'Punctata' bl\u00fcht im Fr\u00fchling wei\u00df. Die Bl\u00e4tter dieser rauen Deutzie sind recht spektakul\u00e4r und wei\u00df mit gr\u00fcnen Sprenkeln.","breadcrumb":{"@id":"https:\/\/www.vallonchene.fr\/de\/produkt\/deutzia-scabra-punctata\/#breadcrumb"},"inLanguage":"de","potentialAction":[{"@type":"ReadAction","target":["https:\/\/www.vallonchene.fr\/de\/produkt\/deutzia-scabra-punctata\/"]}]},{"@type":"ImageObject","inLanguage":"de","@id":"https:\/\/www.vallonchene.fr\/de\/produkt\/deutzia-scabra-punctata\/#primaryimage","url":"https:\/\/www.vallonchene.fr\/wp-content\/uploads\/2025\/09\/IMG_20250910_110056.webp","contentUrl":"https:\/\/www.vallonchene.fr\/wp-content\/uploads\/2025\/09\/IMG_20250910_110056.webp","width":1200,"height":1200,"caption":"Dunkelgr\u00fcnes Sommerlaub mit wei\u00dfen Flecken von Deutzia scabra 'Punctata'"},{"@type":"BreadcrumbList","@id":"https:\/\/www.vallonchene.fr\/de\/produkt\/deutzia-scabra-punctata\/#breadcrumb","itemListElement":[{"@type":"ListItem","position":1,"name":"Home","item":"https:\/\/www.vallonchene.fr\/de\/"},{"@type":"ListItem","position":2,"name":"Shop","item":"https:\/\/www.vallonchene.fr\/de\/shop\/"},{"@type":"ListItem","position":3,"name":"Online-Verkauf","item":"https:\/\/www.vallonchene.fr\/de\/produkt-kategorie\/online-verkauf-de\/"},{"@type":"ListItem","position":4,"name":"Baumschule","item":"https:\/\/www.vallonchene.fr\/de\/produkt-kategorie\/online-verkauf-de\/baumschule-gaertnerei-de\/"},{"@type":"ListItem","position":5,"name":"Str\u00e4ucher und B\u00e4ume","item":"https:\/\/www.vallonchene.fr\/de\/produkt-kategorie\/online-verkauf-de\/baumschule-gaertnerei-de\/straucher-und-baume-de\/"},{"@type":"ListItem","position":6,"name":"DEUTZIA scabra &#8218;Punctata&#8216;"}]},{"@type":"WebSite","@id":"https:\/\/www.vallonchene.fr\/de\/#website","url":"https:\/\/www.vallonchene.fr\/de\/","name":"Vallonch\u00eane","description":"Die Baumschule, bei der Qualit\u00e4t ihre Wurzeln hat \u2013 Tel.: +49 (0)6838-5399840","publisher":{"@id":"https:\/\/www.vallonchene.fr\/de\/#organization"},"potentialAction":[{"@type":"SearchAction","target":{"@type":"EntryPoint","urlTemplate":"https:\/\/www.vallonchene.fr\/de\/?s={search_term_string}"},"query-input":{"@type":"PropertyValueSpecification","valueRequired":true,"valueName":"search_term_string"}}],"inLanguage":"de"},{"@type":"Organization","@id":"https:\/\/www.vallonchene.fr\/de\/#organization","name":"VALLONCHENE","url":"https:\/\/www.vallonchene.fr\/de\/","logo":{"@type":"ImageObject","inLanguage":"de","@id":"https:\/\/www.vallonchene.fr\/de\/#\/schema\/logo\/image\/","url":"https:\/\/www.vallonchene.fr\/wp-content\/uploads\/2023\/03\/Logo-Vallonchene-site-et-R_hauteur_100.png","contentUrl":"https:\/\/www.vallonchene.fr\/wp-content\/uploads\/2023\/03\/Logo-Vallonchene-site-et-R_hauteur_100.png","width":221,"height":100,"caption":"VALLONCHENE"},"image":{"@id":"https:\/\/www.vallonchene.fr\/de\/#\/schema\/logo\/image\/"},"sameAs":["https:\/\/www.facebook.com\/vallonchene.fr","https:\/\/www.instagram.com\/vallonchene\/","https:\/\/www.pinterest.fr\/vallonchene\/"],"taxID":"49454502300017","hasMerchantReturnPolicy":{"@type":"MerchantReturnPolicy","merchantReturnLink":"https:\/\/www.vallonchene.fr\/remboursements_retours\/"}}]},"og_availability":"instock","product_availability":"instock","product_condition":"new"},"_links":{"self":[{"href":"https:\/\/www.vallonchene.fr\/de\/wp-json\/wp\/v2\/product\/50300","targetHints":{"allow":["GET"]}}],"collection":[{"href":"https:\/\/www.vallonchene.fr\/de\/wp-json\/wp\/v2\/product"}],"about":[{"href":"https:\/\/www.vallonchene.fr\/de\/wp-json\/wp\/v2\/types\/product"}],"replies":[{"embeddable":true,"href":"https:\/\/www.vallonchene.fr\/de\/wp-json\/wp\/v2\/comments?post=50300"}],"wp:featuredmedia":[{"embeddable":true,"href":"https:\/\/www.vallonchene.fr\/de\/wp-json\/wp\/v2\/media\/54640"}],"wp:attachment":[{"href":"https:\/\/www.vallonchene.fr\/de\/wp-json\/wp\/v2\/media?parent=50300"}],"wp:term":[{"taxonomy":"product_brand","embeddable":true,"href":"https:\/\/www.vallonchene.fr\/de\/wp-json\/wp\/v2\/product_brand?post=50300"},{"taxonomy":"product_cat","embeddable":true,"href":"https:\/\/www.vallonchene.fr\/de\/wp-json\/wp\/v2\/product_cat?post=50300"},{"taxonomy":"product_tag","embeddable":true,"href":"https:\/\/www.vallonchene.fr\/de\/wp-json\/wp\/v2\/product_tag?post=50300"}],"curies":[{"name":"wp","href":"https:\/\/api.w.org\/{rel}","templated":true}]}}