{"id":5019,"date":"2021-08-31T11:36:27","date_gmt":"2021-08-31T11:36:27","guid":{"rendered":"https:\/\/testing.vallonchene.fr\/produit\/sciadopitys-verticillata\/"},"modified":"2026-03-04T15:18:53","modified_gmt":"2026-03-04T14:18:53","slug":"sciadopitys-verticillata","status":"publish","type":"product","link":"https:\/\/www.vallonchene.fr\/de\/produkt\/sciadopitys-verticillata\/","title":{"rendered":"SCIADOPITYS verticillata"},"content":{"rendered":"<p>Die Pflanze<\/p>\n<p>Die <em>SCIADOPITYS verticillata<\/em> stellt eine botanisch isolierte und visuell unverkennbare Pflanze dar. Auch als <em>japanische Schirmtanne<\/em> bekannt, ist sie eng mit der japanischen Kultur verbunden. Dieser Nadelbaum ist sowohl die einzige Art seiner Gattung als auch die einzige Gattung innerhalb seiner Familie. Mit einer Abstammung, die \u00fcber 230 Millionen Jahre zur\u00fcckreicht, z\u00e4hlt er zu den einzigartigen Pflanzen und botanischen Relikten.<\/p>\n<p>Seine sehr schmalen, langen und dicken Bl\u00e4tter erinnern an Kiefernnadeln. Es handelt sich jedoch nicht um Nadeln und sie stechen nicht. Die Bl\u00e4tter sind wie in der Kiefernfamilie um die Zweige angeordnet. Das Laub weist eine intensive, leicht gl\u00e4nzende gr\u00fcne Farbe auf. All dies verleiht ihm ein eher exotisches Aussehen.<\/p>\n<p>Dar\u00fcber hinaus w\u00e4chst die japanische Schirmtanne nur in konischer Form. Sie bietet dadurch ein wichtiges Strukturelement im Garten.<\/p>\n<p>Ihre H\u00f6he ist in Europa mit nur wenigen Metern im Erwachsenenalter sehr gering. Sie w\u00e4chst hier sehr langsam, was ihre endg\u00fcltige Gr\u00f6\u00dfe erheblich reduziert. In ihrem nat\u00fcrlichen Lebensraum erreicht sie jedoch 40 Meter.<\/p>\n<p>Diese au\u00dfergew\u00f6hnliche Pflanze ist sehr widerstandsf\u00e4hig gegen starke Fr\u00f6ste. Tats\u00e4chlich hat sie im <strong><a href=\"https:\/\/jardin.vallonchene.fr\/de\/\">Garten von Vallonch\u00eane<\/a><\/strong> Temperaturen unter -22 \u00b0C \u00fcberstanden.<\/p>\n<h2>Geschichte und Herkunft<\/h2>\n<p>Die <em>SCIADOPITYS verticillata<\/em> wird oft als pr\u00e4historische Nadelbaumart beschrieben, was durch Fossilien aus der Triaszeit belegt wird. Tats\u00e4chlich ist sie ein lebendes Fossil.<\/p>\n<p>Aufgrund ihrer besonderen Morphologie hatten Botaniker gro\u00dfe Schwierigkeiten, sie unter den Nadelb\u00e4umen einzuordnen. Sie befindet sich nun allein in ihrer Familie.<\/p>\n<p>Dieser Nadelbaum w\u00e4chst in Japan nur in einem absolut begrenzten Gebiet. Es besteht nur aus einer Handvoll Bergregionen wie Honshu, Shikoku und Kyushu. Er w\u00e4chst in einer H\u00f6he von 500 bis 1000 Metern in eher feuchten und regenreichen Gebieten.<\/p>\n<p>Die Populationen sind auf Gruppen von wenigen hundert Individuen reduziert. Ursachen hierf\u00fcr sind die Abholzung und die Ver\u00e4nderung der Landnutzung.<\/p>\n<p>In Japan wird er <em>k\u014dyamaki<\/em> genannt und ist mit <em>K\u014dyasan<\/em>, dem Bergkomplex des Shingon-Buddhismus, verbunden.<\/p>\n<p>Sein Holz wurde aufgrund seiner Haltbarkeit und seines Duftes zur Herstellung ritueller Gegenst\u00e4nde und zum Bau von Tempeln verwendet.<\/p>\n<p>Er erscheint in der klassischen Gestaltung japanischer G\u00e4rten als Symbol f\u00fcr Langlebigkeit und Reinheit.<\/p>\n<h2>Wie pflanzt und pflegt man die SCIADOPITYS verticillata?<\/h2>\n<h3>Die Pflanzung<\/h3>\n<p>Um das erfolgreiche Anwachsen der japanischen Schirmtanne in Ihrem Garten zu gew\u00e4hrleisten, beachten Sie Folgendes:<\/p>\n<ol>\n<li>W\u00e4hlen Sie einen Standort im Halbschatten oder in der Sonne.<\/li>\n<li>Der Standort sollte k\u00fchl bis feucht oder m\u00e4\u00dfig feucht sein.<\/li>\n<li>Sie mag einen leichten bis normalen Boden mit saurem oder neutralem pH-Wert.<\/li>\n<li>F\u00fcr eine gute Vorbereitung des Pflanzlochs haben wir <a href=\"https:\/\/www.vallonchene.fr\/comment-planter-et-entretenir-des-vegetaux\/comment-planter-et-entretenir-arbres-arbustes-et-coniferes\/\" target=\"_blank\" rel=\"noreferrer noopener\"><strong>spezifische Anweisungen hier verf\u00fcgbar.<\/strong><\/a><\/li>\n<\/ol>\n<h3>Die Pflege<\/h3>\n<p>Wie bei jeder neu gepflanzten Pflanze sollten Sie die Bew\u00e4sserung in den ersten beiden Jahren und besonders w\u00e4hrend trockener Perioden sicherstellen. Lesen Sie auch <a href=\"https:\/\/www.vallonchene.fr\/comment-bien-arroser-le-jardin-et-economiser-leau\/\"><strong>unsere Tipps zur richtigen Bew\u00e4sserung und Wassereinsparung hier<\/strong><\/a>.<\/p>\n<p>Ehrlich gesagt ben\u00f6tigt diese Pflanze keine besondere Pflege. Dieser Nadelbaum kommt gut allein zurecht. Wenn Sie ihn beschneiden m\u00f6chten, tun Sie dies im M\u00e4rz vor dem neuen Austrieb.<\/p>\n<p>&nbsp;<\/p>\n","protected":false},"excerpt":{"rendered":"<p>Diese <strong>japanische Schirmtanne<\/strong> ist die Typusart. Die <STRONG>SCIADOPITYS verticillata<\/STRONG> hat ein wundersch\u00f6nes, leuchtend gr\u00fcnes Laub und ein sehr regelm\u00e4\u00dfiges, kegelf\u00f6rmiges Wachstum. Sie ist vollkommen winterhart und f\u00fcr kleine G\u00e4rten geeignet. Sie verleiht Ihrem Garten eine exotische Atmosph\u00e4re.<\/p>\n","protected":false},"featured_media":57951,"comment_status":"open","ping_status":"closed","template":"","meta":[],"product_brand":[],"product_cat":[255],"product_tag":[12110],"class_list":{"0":"post-5019","1":"product","2":"type-product","3":"status-publish","4":"has-post-thumbnail","6":"product_cat-koniferen-de","7":"product_tag-sciadopitys-verticillata-de","8":"pa_99-hauteurapproximativeapres1-100a150m-de","9":"pa_couleurdufeuillage-grun-de","10":"pa_exigencesenhumidite-feucht-de","11":"pa_exigencesenhumidite-normal-de","12":"pa_exigencesenhumidite-trocken-de","13":"pa_expositionspossibles-ce-halbschattigsonnezw12und17-de","14":"pa_expositionspossibles-sonnigvon12bis17uhr-de","15":"pa_hauteurlivree-30-bis-40-cm","16":"pa_hauteurlivree-40-bis-50-cm","17":"pa_hauteurlivree-40-bis-60-cm","18":"pa_hauteurlivree-50-bis-60-cm","19":"pa_hauteurlivree-60-bis-80-cm","20":"pa_hauteurlivree-80-bis-100-cm","21":"pa_interetauprintemps-form-de","22":"pa_interetauprintemps-jungesprossen-de","23":"pa_interetauprintemps-laub-de","24":"pa_interetenautomne-form-de","25":"pa_interetenautomne-laub-de","26":"pa_interetenete-form-de","27":"pa_interetenete-laub-de","28":"pa_interetenhiver-form-de","29":"pa_interetenhiver-laub-de","30":"pa_naturedufeuillage-immergrun-de","31":"pa_naturesdesolpossibles-leicht-de","32":"pa_naturesdesolpossibles-normal-de","33":"pa_particularites-form-de","34":"pa_periodedetaille-marz-de","35":"pa_phdusolacceptable-neutralzw65u75-de","36":"pa_phdusolacceptable-sauerwenigerals65-de","37":"pa_portgraphisme-konisch-de","38":"pa_resistanceaufroidrusticite-frostbestandigunter_20c-de","39":"pa_tailledepot-10liter_topf-de","40":"pa_tailledepot-3liter_topf-de","41":"pa_utilisationpossible-alleinstehend-de","42":"pa_utilisationpossible-beet-de","43":"pa_utilisationpossible-kubelodertopf-de","45":"first","46":"instock","47":"taxable","48":"shipping-taxable","49":"purchasable","50":"product-type-variable"},"supplier_id":null,"supplier_sku":"","barcode":null,"atum_controlled":true,"out_stock_date":null,"out_stock_threshold":null,"inheritable":true,"inbound_stock":0,"stock_on_hold":0,"sold_today":0,"sales_last_days":0,"reserved_stock":0,"customer_returns":null,"warehouse_damage":null,"lost_in_post":null,"other_logs":null,"out_stock_days":null,"lost_sales":0,"has_location":false,"update_date":"2026-04-12T15:04:14","atum_locations":[],"atum_stock_status":"instock","restock_status":false,"low_stock_amount":"","sales_update_date":null,"calc_backorders":null,"yoast_head":"<!-- This site is optimized with the Yoast SEO Premium plugin v27.5 (Yoast SEO v27.5) - https:\/\/yoast.com\/product\/yoast-seo-premium-wordpress\/ -->\n<title>SCIADOPITYS verticillata - Japanische Schirmtanne<\/title>\n<meta name=\"description\" content=\"Diese japanische Schirmtanne ist die Typusart. Die SCIADOPITYS verticillata hat ein wundersch\u00f6nes, leuchtend gr\u00fcnes Laub und ein sehr regelm\u00e4\u00dfiges, kegelf\u00f6rmiges Wachstum.\" \/>\n<meta name=\"robots\" content=\"index, follow, max-snippet:-1, max-image-preview:large, max-video-preview:-1\" \/>\n<link rel=\"canonical\" href=\"https:\/\/www.vallonchene.fr\/de\/produkt\/sciadopitys-verticillata\/\" \/>\n<meta property=\"og:locale\" content=\"de_DE\" \/>\n<meta property=\"og:type\" content=\"article\" \/>\n<meta property=\"og:title\" content=\"SCIADOPITYS verticillata\" \/>\n<meta property=\"og:description\" content=\"Diese japanische Schirmtanne ist die Typusart. Die SCIADOPITYS verticillata hat ein wundersch\u00f6nes, leuchtend gr\u00fcnes Laub und ein sehr regelm\u00e4\u00dfiges, kegelf\u00f6rmiges Wachstum.\" \/>\n<meta property=\"og:url\" content=\"https:\/\/www.vallonchene.fr\/de\/produkt\/sciadopitys-verticillata\/\" \/>\n<meta property=\"og:site_name\" content=\"Vallonch\u00eane\" \/>\n<meta property=\"article:publisher\" content=\"https:\/\/www.facebook.com\/vallonchene.fr\" \/>\n<meta property=\"article:modified_time\" content=\"2026-03-04T14:18:53+00:00\" \/>\n<meta property=\"og:image\" content=\"https:\/\/www.vallonchene.fr\/wp-content\/uploads\/2021\/08\/3536-15d-SCIADOPITYS-verticillata-en-Novembre.jpg\" \/>\n\t<meta property=\"og:image:width\" content=\"1600\" \/>\n\t<meta property=\"og:image:height\" content=\"1600\" \/>\n\t<meta property=\"og:image:type\" content=\"image\/jpeg\" \/>\n<meta name=\"twitter:card\" content=\"summary_large_image\" \/>\n<meta name=\"twitter:label1\" content=\"Verf\u00fcgbarkeit\" \/>\n\t<meta name=\"twitter:data1\" content=\"Vorr\u00e4tig\" \/>\n<script type=\"application\/ld+json\" class=\"yoast-schema-graph\">{\"@context\":\"https:\\\/\\\/schema.org\",\"@graph\":[{\"@type\":\"WebPage\",\"@id\":\"https:\\\/\\\/www.vallonchene.fr\\\/de\\\/produkt\\\/sciadopitys-verticillata\\\/\",\"url\":\"https:\\\/\\\/www.vallonchene.fr\\\/de\\\/produkt\\\/sciadopitys-verticillata\\\/\",\"name\":\"SCIADOPITYS verticillata - Japanische Schirmtanne\",\"isPartOf\":{\"@id\":\"https:\\\/\\\/www.vallonchene.fr\\\/de\\\/#website\"},\"primaryImageOfPage\":{\"@id\":\"https:\\\/\\\/www.vallonchene.fr\\\/de\\\/produkt\\\/sciadopitys-verticillata\\\/#primaryimage\"},\"image\":{\"@id\":\"https:\\\/\\\/www.vallonchene.fr\\\/de\\\/produkt\\\/sciadopitys-verticillata\\\/#primaryimage\"},\"thumbnailUrl\":\"https:\\\/\\\/www.vallonchene.fr\\\/wp-content\\\/uploads\\\/2026\\\/03\\\/SCIADOPITYS-verticillata_01.webp\",\"datePublished\":\"2021-08-31T11:36:27+00:00\",\"dateModified\":\"2026-03-04T14:18:53+00:00\",\"description\":\"Diese japanische Schirmtanne ist die Typusart. Die SCIADOPITYS verticillata hat ein wundersch\u00f6nes, leuchtend gr\u00fcnes Laub und ein sehr regelm\u00e4\u00dfiges, kegelf\u00f6rmiges Wachstum.\",\"breadcrumb\":{\"@id\":\"https:\\\/\\\/www.vallonchene.fr\\\/de\\\/produkt\\\/sciadopitys-verticillata\\\/#breadcrumb\"},\"inLanguage\":\"de\",\"potentialAction\":[{\"@type\":\"ReadAction\",\"target\":[\"https:\\\/\\\/www.vallonchene.fr\\\/de\\\/produkt\\\/sciadopitys-verticillata\\\/\"]}]},{\"@type\":\"ImageObject\",\"inLanguage\":\"de\",\"@id\":\"https:\\\/\\\/www.vallonchene.fr\\\/de\\\/produkt\\\/sciadopitys-verticillata\\\/#primaryimage\",\"url\":\"https:\\\/\\\/www.vallonchene.fr\\\/wp-content\\\/uploads\\\/2026\\\/03\\\/SCIADOPITYS-verticillata_01.webp\",\"contentUrl\":\"https:\\\/\\\/www.vallonchene.fr\\\/wp-content\\\/uploads\\\/2026\\\/03\\\/SCIADOPITYS-verticillata_01.webp\",\"width\":1000,\"height\":1000,\"caption\":\"Nahaufnahme des sattgr\u00fcnen Laubs von SCIADOPITYS verticillata, das das kupferfarbene Holz sichtbar werden l\u00e4sst\"},{\"@type\":\"BreadcrumbList\",\"@id\":\"https:\\\/\\\/www.vallonchene.fr\\\/de\\\/produkt\\\/sciadopitys-verticillata\\\/#breadcrumb\",\"itemListElement\":[{\"@type\":\"ListItem\",\"position\":1,\"name\":\"Home\",\"item\":\"https:\\\/\\\/www.vallonchene.fr\\\/de\\\/\"},{\"@type\":\"ListItem\",\"position\":2,\"name\":\"Shop\",\"item\":\"https:\\\/\\\/www.vallonchene.fr\\\/de\\\/shop\\\/\"},{\"@type\":\"ListItem\",\"position\":3,\"name\":\"Online-Verkauf\",\"item\":\"https:\\\/\\\/www.vallonchene.fr\\\/de\\\/produkt-kategorie\\\/online-verkauf-de\\\/\"},{\"@type\":\"ListItem\",\"position\":4,\"name\":\"Baumschule\",\"item\":\"https:\\\/\\\/www.vallonchene.fr\\\/de\\\/produkt-kategorie\\\/online-verkauf-de\\\/baumschule-gaertnerei-de\\\/\"},{\"@type\":\"ListItem\",\"position\":5,\"name\":\"Koniferen\",\"item\":\"https:\\\/\\\/www.vallonchene.fr\\\/de\\\/produkt-kategorie\\\/online-verkauf-de\\\/baumschule-gaertnerei-de\\\/koniferen-de\\\/\"},{\"@type\":\"ListItem\",\"position\":6,\"name\":\"SCIADOPITYS verticillata\"}]},{\"@type\":\"WebSite\",\"@id\":\"https:\\\/\\\/www.vallonchene.fr\\\/de\\\/#website\",\"url\":\"https:\\\/\\\/www.vallonchene.fr\\\/de\\\/\",\"name\":\"Vallonch\u00eane\",\"description\":\"Die Baumschule, bei der Qualit\u00e4t ihre Wurzeln hat \u2013 Tel.: +49 (0)6838-5399840\",\"publisher\":{\"@id\":\"https:\\\/\\\/www.vallonchene.fr\\\/de\\\/#organization\"},\"potentialAction\":[{\"@type\":\"SearchAction\",\"target\":{\"@type\":\"EntryPoint\",\"urlTemplate\":\"https:\\\/\\\/www.vallonchene.fr\\\/de\\\/?s={search_term_string}\"},\"query-input\":{\"@type\":\"PropertyValueSpecification\",\"valueRequired\":true,\"valueName\":\"search_term_string\"}}],\"inLanguage\":\"de\"},{\"@type\":\"Organization\",\"@id\":\"https:\\\/\\\/www.vallonchene.fr\\\/de\\\/#organization\",\"name\":\"VALLONCHENE\",\"url\":\"https:\\\/\\\/www.vallonchene.fr\\\/de\\\/\",\"logo\":{\"@type\":\"ImageObject\",\"inLanguage\":\"de\",\"@id\":\"https:\\\/\\\/www.vallonchene.fr\\\/de\\\/#\\\/schema\\\/logo\\\/image\\\/\",\"url\":\"https:\\\/\\\/www.vallonchene.fr\\\/wp-content\\\/uploads\\\/2023\\\/03\\\/Logo-Vallonchene-site-et-R_hauteur_100.png\",\"contentUrl\":\"https:\\\/\\\/www.vallonchene.fr\\\/wp-content\\\/uploads\\\/2023\\\/03\\\/Logo-Vallonchene-site-et-R_hauteur_100.png\",\"width\":221,\"height\":100,\"caption\":\"VALLONCHENE\"},\"image\":{\"@id\":\"https:\\\/\\\/www.vallonchene.fr\\\/de\\\/#\\\/schema\\\/logo\\\/image\\\/\"},\"sameAs\":[\"https:\\\/\\\/www.facebook.com\\\/vallonchene.fr\",\"https:\\\/\\\/www.instagram.com\\\/vallonchene\\\/\",\"https:\\\/\\\/www.pinterest.fr\\\/vallonchene\\\/\"],\"taxID\":\"49454502300017\",\"hasMerchantReturnPolicy\":{\"@type\":\"MerchantReturnPolicy\",\"merchantReturnLink\":\"https:\\\/\\\/www.vallonchene.fr\\\/remboursements_retours\\\/\"}}]}<\/script>\n<meta property=\"og:availability\" content=\"instock\" \/>\n<meta property=\"product:availability\" content=\"instock\" \/>\n<meta property=\"product:retailer_item_id\" content=\"26772\" \/>\n<meta property=\"product:condition\" content=\"new\" \/>\n<!-- \/ Yoast SEO Premium plugin. -->","yoast_head_json":{"title":"SCIADOPITYS verticillata - Japanische Schirmtanne","description":"Diese japanische Schirmtanne ist die Typusart. Die SCIADOPITYS verticillata hat ein wundersch\u00f6nes, leuchtend gr\u00fcnes Laub und ein sehr regelm\u00e4\u00dfiges, kegelf\u00f6rmiges Wachstum.","robots":{"index":"index","follow":"follow","max-snippet":"max-snippet:-1","max-image-preview":"max-image-preview:large","max-video-preview":"max-video-preview:-1"},"canonical":"https:\/\/www.vallonchene.fr\/de\/produkt\/sciadopitys-verticillata\/","og_locale":"de_DE","og_type":"article","og_title":"SCIADOPITYS verticillata","og_description":"Diese japanische Schirmtanne ist die Typusart. Die SCIADOPITYS verticillata hat ein wundersch\u00f6nes, leuchtend gr\u00fcnes Laub und ein sehr regelm\u00e4\u00dfiges, kegelf\u00f6rmiges Wachstum.","og_url":"https:\/\/www.vallonchene.fr\/de\/produkt\/sciadopitys-verticillata\/","og_site_name":"Vallonch\u00eane","article_publisher":"https:\/\/www.facebook.com\/vallonchene.fr","article_modified_time":"2026-03-04T14:18:53+00:00","og_image":[{"width":1600,"height":1600,"url":"https:\/\/www.vallonchene.fr\/wp-content\/uploads\/2021\/08\/3536-15d-SCIADOPITYS-verticillata-en-Novembre.jpg","type":"image\/jpeg"}],"twitter_card":"summary_large_image","twitter_misc":{"Verf\u00fcgbarkeit":"Vorr\u00e4tig"},"schema":{"@context":"https:\/\/schema.org","@graph":[{"@type":"WebPage","@id":"https:\/\/www.vallonchene.fr\/de\/produkt\/sciadopitys-verticillata\/","url":"https:\/\/www.vallonchene.fr\/de\/produkt\/sciadopitys-verticillata\/","name":"SCIADOPITYS verticillata - Japanische Schirmtanne","isPartOf":{"@id":"https:\/\/www.vallonchene.fr\/de\/#website"},"primaryImageOfPage":{"@id":"https:\/\/www.vallonchene.fr\/de\/produkt\/sciadopitys-verticillata\/#primaryimage"},"image":{"@id":"https:\/\/www.vallonchene.fr\/de\/produkt\/sciadopitys-verticillata\/#primaryimage"},"thumbnailUrl":"https:\/\/www.vallonchene.fr\/wp-content\/uploads\/2026\/03\/SCIADOPITYS-verticillata_01.webp","datePublished":"2021-08-31T11:36:27+00:00","dateModified":"2026-03-04T14:18:53+00:00","description":"Diese japanische Schirmtanne ist die Typusart. Die SCIADOPITYS verticillata hat ein wundersch\u00f6nes, leuchtend gr\u00fcnes Laub und ein sehr regelm\u00e4\u00dfiges, kegelf\u00f6rmiges Wachstum.","breadcrumb":{"@id":"https:\/\/www.vallonchene.fr\/de\/produkt\/sciadopitys-verticillata\/#breadcrumb"},"inLanguage":"de","potentialAction":[{"@type":"ReadAction","target":["https:\/\/www.vallonchene.fr\/de\/produkt\/sciadopitys-verticillata\/"]}]},{"@type":"ImageObject","inLanguage":"de","@id":"https:\/\/www.vallonchene.fr\/de\/produkt\/sciadopitys-verticillata\/#primaryimage","url":"https:\/\/www.vallonchene.fr\/wp-content\/uploads\/2026\/03\/SCIADOPITYS-verticillata_01.webp","contentUrl":"https:\/\/www.vallonchene.fr\/wp-content\/uploads\/2026\/03\/SCIADOPITYS-verticillata_01.webp","width":1000,"height":1000,"caption":"Nahaufnahme des sattgr\u00fcnen Laubs von SCIADOPITYS verticillata, das das kupferfarbene Holz sichtbar werden l\u00e4sst"},{"@type":"BreadcrumbList","@id":"https:\/\/www.vallonchene.fr\/de\/produkt\/sciadopitys-verticillata\/#breadcrumb","itemListElement":[{"@type":"ListItem","position":1,"name":"Home","item":"https:\/\/www.vallonchene.fr\/de\/"},{"@type":"ListItem","position":2,"name":"Shop","item":"https:\/\/www.vallonchene.fr\/de\/shop\/"},{"@type":"ListItem","position":3,"name":"Online-Verkauf","item":"https:\/\/www.vallonchene.fr\/de\/produkt-kategorie\/online-verkauf-de\/"},{"@type":"ListItem","position":4,"name":"Baumschule","item":"https:\/\/www.vallonchene.fr\/de\/produkt-kategorie\/online-verkauf-de\/baumschule-gaertnerei-de\/"},{"@type":"ListItem","position":5,"name":"Koniferen","item":"https:\/\/www.vallonchene.fr\/de\/produkt-kategorie\/online-verkauf-de\/baumschule-gaertnerei-de\/koniferen-de\/"},{"@type":"ListItem","position":6,"name":"SCIADOPITYS verticillata"}]},{"@type":"WebSite","@id":"https:\/\/www.vallonchene.fr\/de\/#website","url":"https:\/\/www.vallonchene.fr\/de\/","name":"Vallonch\u00eane","description":"Die Baumschule, bei der Qualit\u00e4t ihre Wurzeln hat \u2013 Tel.: +49 (0)6838-5399840","publisher":{"@id":"https:\/\/www.vallonchene.fr\/de\/#organization"},"potentialAction":[{"@type":"SearchAction","target":{"@type":"EntryPoint","urlTemplate":"https:\/\/www.vallonchene.fr\/de\/?s={search_term_string}"},"query-input":{"@type":"PropertyValueSpecification","valueRequired":true,"valueName":"search_term_string"}}],"inLanguage":"de"},{"@type":"Organization","@id":"https:\/\/www.vallonchene.fr\/de\/#organization","name":"VALLONCHENE","url":"https:\/\/www.vallonchene.fr\/de\/","logo":{"@type":"ImageObject","inLanguage":"de","@id":"https:\/\/www.vallonchene.fr\/de\/#\/schema\/logo\/image\/","url":"https:\/\/www.vallonchene.fr\/wp-content\/uploads\/2023\/03\/Logo-Vallonchene-site-et-R_hauteur_100.png","contentUrl":"https:\/\/www.vallonchene.fr\/wp-content\/uploads\/2023\/03\/Logo-Vallonchene-site-et-R_hauteur_100.png","width":221,"height":100,"caption":"VALLONCHENE"},"image":{"@id":"https:\/\/www.vallonchene.fr\/de\/#\/schema\/logo\/image\/"},"sameAs":["https:\/\/www.facebook.com\/vallonchene.fr","https:\/\/www.instagram.com\/vallonchene\/","https:\/\/www.pinterest.fr\/vallonchene\/"],"taxID":"49454502300017","hasMerchantReturnPolicy":{"@type":"MerchantReturnPolicy","merchantReturnLink":"https:\/\/www.vallonchene.fr\/remboursements_retours\/"}}]},"og_availability":"instock","product_availability":"instock","product_retailer_item_id":"26772","product_condition":"new"},"_links":{"self":[{"href":"https:\/\/www.vallonchene.fr\/de\/wp-json\/wp\/v2\/product\/5019","targetHints":{"allow":["GET"]}}],"collection":[{"href":"https:\/\/www.vallonchene.fr\/de\/wp-json\/wp\/v2\/product"}],"about":[{"href":"https:\/\/www.vallonchene.fr\/de\/wp-json\/wp\/v2\/types\/product"}],"replies":[{"embeddable":true,"href":"https:\/\/www.vallonchene.fr\/de\/wp-json\/wp\/v2\/comments?post=5019"}],"wp:featuredmedia":[{"embeddable":true,"href":"https:\/\/www.vallonchene.fr\/de\/wp-json\/wp\/v2\/media\/57951"}],"wp:attachment":[{"href":"https:\/\/www.vallonchene.fr\/de\/wp-json\/wp\/v2\/media?parent=5019"}],"wp:term":[{"taxonomy":"product_brand","embeddable":true,"href":"https:\/\/www.vallonchene.fr\/de\/wp-json\/wp\/v2\/product_brand?post=5019"},{"taxonomy":"product_cat","embeddable":true,"href":"https:\/\/www.vallonchene.fr\/de\/wp-json\/wp\/v2\/product_cat?post=5019"},{"taxonomy":"product_tag","embeddable":true,"href":"https:\/\/www.vallonchene.fr\/de\/wp-json\/wp\/v2\/product_tag?post=5019"}],"curies":[{"name":"wp","href":"https:\/\/api.w.org\/{rel}","templated":true}]}}