{"id":49845,"date":"2024-10-20T14:26:41","date_gmt":"2024-10-20T14:26:41","guid":{"rendered":"https:\/\/www.vallonchene.fr\/produit\/acer-rubrum-brandywine\/"},"modified":"2024-10-27T10:30:43","modified_gmt":"2024-10-27T10:30:43","slug":"acer-rubrum-brandywine","status":"publish","type":"product","link":"https:\/\/www.vallonchene.fr\/de\/produkt\/acer-rubrum-brandywine\/","title":{"rendered":"ACER rubrum &#8218;Brandywine&#8216;"},"content":{"rendered":"<h2>Die Pflanze<\/h2>\n<p>Der <strong>ACER rubrum &#8218;Brandywine&#8216;<\/strong> ist eine besonders gesch\u00e4tzte Sorte des <strong>Rot-Ahorns<\/strong>, die f\u00fcr ihre <strong>spektakul\u00e4ren Herbstfarben<\/strong> bekannt ist. Dieser mittelgro\u00dfe Baum entwickelt eine dichte, abgerundete Krone. Im Herbst schm\u00fcckt sie sich mit einer intensiven Farbpalette, die von leuchtendem Gelb bis zu tiefem Purpurrot reicht, wobei sie wundersch\u00f6ne Rosat\u00f6ne und Orangen umfasst. Diese au\u00dfergew\u00f6hnlichen <strong>Farben halten l\u00e4nger<\/strong> an als bei den meisten anderen Rot-Ahorn-Sorten.<br \/>\nSchlie\u00dflich machen sein eleganter Wuchs und sein schnelles Wachstum ihn zu einem idealen <strong>Schattenbaum<\/strong>.<\/p>\n<h2>Wie pflanzt und pflegt man ACER rubrum &#8218;Brandywine&#8216;?<br \/><\/h2>\n<ol>\n<li>Pflanzung<br \/>\nDer ACER rubrum &#8218;Brandywine&#8216; z\u00e4hlt zu den robusten B\u00e4umen. Er gedeiht auf einer Vielzahl von B\u00f6den, solange sie feucht und gut durchl\u00e4ssig sind. Zudem bevorzugt er sonnige bis halbschattige Standorte. Finden Sie f\u00fcr ihn einen Platz in einem Beet oder als Solit\u00e4rbaum.<br \/>\n<strong><a href=\"https:\/\/www.vallonchene.fr\/comment-planter-et-entretenir-des-vegetaux\/\">Folgen Sie unseren Pflanztipps, die Sie hier finden<\/a><\/strong>, um dieses Schmuckst\u00fcck zu pflanzen.   <\/li>\n<li>Pflege<br \/>\nGie\u00dfen Sie den Baum in den ersten zwei Jahren regelm\u00e4\u00dfig, besonders w\u00e4hrend trockener Perioden (Fr\u00fchling und Sommer). <strong><a href=\"https:\/\/www.vallonchene.fr\/comment-bien-arroser-le-jardin-et-economiser-leau\/\">Detaillierte Gie\u00dfanleitungen finden Sie hier<\/a><\/strong>.<br \/>\nSobald der Baum gut eingewurzelt ist, vertr\u00e4gt er Trockenheit recht gut und ben\u00f6tigt nur wenig Pflege. Ein leichter R\u00fcckschnitt im Sp\u00e4twinter kann bei Bedarf durchgef\u00fchrt werden, falls sie es notwendig finden. <\/li>\n<\/ol>\n<h2>Geschichte und Herkunft<\/h2>\n<p>Der ACER rubrum &#8218;Brandywine&#8216; ist eine Zuchtform des nordamerikanischen Rot-Ahorns (Acer rubrum), einer Baumart, die in den feuchten W\u00e4ldern des \u00f6stlichen Nordamerikas weitverbreitet ist. Die indigenen V\u00f6lker Nordamerikas sch\u00e4tzten diesen Baum schon seit Langem wegen seiner Rinde, seines Holzes und seines s\u00fc\u00dfen Saftes. Europ\u00e4ische Siedler \u00fcbernahmen ihn schnell wegen seiner Zierwerte und seines Brennholzes. Im Laufe der Jahrhunderte wurden zahlreiche Sorten aus dem ACER rubrum gez\u00fcchtet oder selektiert. Jede Sorte weist dabei einzigartige Merkmale in Bezug auf Farbe, Laub, Wuchsform und Gr\u00f6\u00dfe auf. Der ACER rubrum &#8218;Brandywine&#8216; zeichnet sich durch die Intensit\u00e4t und Dauer seiner Herbstf\u00e4rbung aus und ist damit eine der interessantesten Sorten.<\/p>\n<p>&nbsp;<\/p>\n","protected":false},"excerpt":{"rendered":"<p>Dieser <strong>Rot-Ahorn<\/strong> f\u00e4rbt sich im Herbst rosa-rot. Die F\u00e4rbung des <strong>ACER rubrum &#8218;Brandywine&#8216;<\/strong> h\u00e4lt l\u00e4nger an als bei anderen Sorten. <\/p>\n","protected":false},"featured_media":49927,"comment_status":"open","ping_status":"closed","template":"","meta":[],"product_brand":[],"product_cat":[252],"product_tag":[],"class_list":{"0":"post-49845","1":"product","2":"type-product","3":"status-publish","4":"has-post-thumbnail","6":"product_cat-straucher-und-baume-de","7":"pa_99-hauteurapproximativeapres1-3_5m-de","8":"pa_couleurautomnaledufeuillage-rot-de","9":"pa_couleurnormaledufeuillage-grun-de","10":"pa_exigencesenhumidite-normal-de","11":"pa_expositionspossibles-ce-halbschattigsonnezw12und17-de","12":"pa_expositionspossibles-sonnigvon12bis17uhr-de","13":"pa_hauteurlivree-125-bis-150-cm","14":"pa_interetauprintemps-bluten-de","15":"pa_interetauprintemps-laub-de","16":"pa_interetenautomne-laub-de","17":"pa_interetenete-laub-de","18":"pa_naturedufeuillage-nichtimmergrun-de","19":"pa_naturesdesolpossibles-leicht-de","20":"pa_naturesdesolpossibles-normal-de","21":"pa_periodedefloraison-fruhling-de","22":"pa_periodedetaille-febr-de","23":"pa_periodedetaille-jan-de","24":"pa_phdusolacceptable-neutralzw65u75-de","25":"pa_phdusolacceptable-sauerwenigerals65-de","26":"pa_portgraphisme-rund-de","27":"pa_resistanceaufroidrusticite-frostbestandigunter_20c-de","28":"pa_tailledepot-3liter_topf-de","29":"pa_utilisationpossible-alleinstehend-de","30":"pa_utilisationpossible-beet-de","32":"first","33":"instock","34":"taxable","35":"shipping-taxable","36":"purchasable","37":"product-type-variable"},"supplier_id":null,"supplier_sku":"","barcode":null,"atum_controlled":true,"out_stock_date":null,"out_stock_threshold":null,"inheritable":true,"inbound_stock":0,"stock_on_hold":0,"sold_today":0,"sales_last_days":0,"reserved_stock":0,"customer_returns":0,"warehouse_damage":0,"lost_in_post":0,"other_logs":0,"out_stock_days":null,"lost_sales":0,"has_location":false,"update_date":"2026-04-29T08:11:35","atum_locations":[],"atum_stock_status":"instock","restock_status":false,"low_stock_amount":"","sales_update_date":"2026-04-29T08:11:35","calc_backorders":null,"yoast_head":"<!-- This site is optimized with the Yoast SEO Premium plugin v27.5 (Yoast SEO v27.5) - https:\/\/yoast.com\/product\/yoast-seo-premium-wordpress\/ -->\n<title>ACER rubrum &#039;Brandywine&#039; (Rot-Ahorn)<\/title>\n<meta name=\"description\" content=\"Dieser Rot-Ahorn f\u00e4rbt sich im Herbst rosa-rot. Die F\u00e4rbung des ACER rubrum &#039;Brandywine&#039; h\u00e4lt l\u00e4nger an als bei anderen Sorten.\" \/>\n<meta name=\"robots\" content=\"index, follow, max-snippet:-1, max-image-preview:large, max-video-preview:-1\" \/>\n<link rel=\"canonical\" href=\"https:\/\/www.vallonchene.fr\/de\/produkt\/acer-rubrum-brandywine\/\" \/>\n<meta property=\"og:locale\" content=\"de_DE\" \/>\n<meta property=\"og:type\" content=\"article\" \/>\n<meta property=\"og:title\" content=\"ACER rubrum &#039;Brandywine&#039;\" \/>\n<meta property=\"og:description\" content=\"Dieser Rot-Ahorn f\u00e4rbt sich im Herbst rosa-rot. Die F\u00e4rbung des ACER rubrum &#039;Brandywine&#039; h\u00e4lt l\u00e4nger an als bei anderen Sorten.\" \/>\n<meta property=\"og:url\" content=\"https:\/\/www.vallonchene.fr\/de\/produkt\/acer-rubrum-brandywine\/\" \/>\n<meta property=\"og:site_name\" content=\"Vallonch\u00eane\" \/>\n<meta property=\"article:publisher\" content=\"https:\/\/www.facebook.com\/vallonchene.fr\" \/>\n<meta property=\"article:modified_time\" content=\"2024-10-27T10:30:43+00:00\" \/>\n<meta property=\"og:image\" content=\"https:\/\/www.vallonchene.fr\/wp-content\/uploads\/2024\/10\/ACER-rubrum-Brandywine_01.webp\" \/>\n\t<meta property=\"og:image:width\" content=\"1200\" \/>\n\t<meta property=\"og:image:height\" content=\"1200\" \/>\n\t<meta property=\"og:image:type\" content=\"image\/webp\" \/>\n<meta name=\"twitter:card\" content=\"summary_large_image\" \/>\n<meta name=\"twitter:label1\" content=\"Verf\u00fcgbarkeit\" \/>\n\t<meta name=\"twitter:data1\" content=\"Vorr\u00e4tig\" \/>\n<script type=\"application\/ld+json\" class=\"yoast-schema-graph\">{\"@context\":\"https:\\\/\\\/schema.org\",\"@graph\":[{\"@type\":\"WebPage\",\"@id\":\"https:\\\/\\\/www.vallonchene.fr\\\/de\\\/produkt\\\/acer-rubrum-brandywine\\\/\",\"url\":\"https:\\\/\\\/www.vallonchene.fr\\\/de\\\/produkt\\\/acer-rubrum-brandywine\\\/\",\"name\":\"ACER rubrum 'Brandywine' (Rot-Ahorn)\",\"isPartOf\":{\"@id\":\"https:\\\/\\\/www.vallonchene.fr\\\/de\\\/#website\"},\"primaryImageOfPage\":{\"@id\":\"https:\\\/\\\/www.vallonchene.fr\\\/de\\\/produkt\\\/acer-rubrum-brandywine\\\/#primaryimage\"},\"image\":{\"@id\":\"https:\\\/\\\/www.vallonchene.fr\\\/de\\\/produkt\\\/acer-rubrum-brandywine\\\/#primaryimage\"},\"thumbnailUrl\":\"https:\\\/\\\/www.vallonchene.fr\\\/wp-content\\\/uploads\\\/2024\\\/10\\\/ACER-rubrum-Brandywine_01.webp\",\"datePublished\":\"2024-10-20T14:26:41+00:00\",\"dateModified\":\"2024-10-27T10:30:43+00:00\",\"description\":\"Dieser Rot-Ahorn f\u00e4rbt sich im Herbst rosa-rot. Die F\u00e4rbung des ACER rubrum 'Brandywine' h\u00e4lt l\u00e4nger an als bei anderen Sorten.\",\"breadcrumb\":{\"@id\":\"https:\\\/\\\/www.vallonchene.fr\\\/de\\\/produkt\\\/acer-rubrum-brandywine\\\/#breadcrumb\"},\"inLanguage\":\"de\",\"potentialAction\":[{\"@type\":\"ReadAction\",\"target\":[\"https:\\\/\\\/www.vallonchene.fr\\\/de\\\/produkt\\\/acer-rubrum-brandywine\\\/\"]}]},{\"@type\":\"ImageObject\",\"inLanguage\":\"de\",\"@id\":\"https:\\\/\\\/www.vallonchene.fr\\\/de\\\/produkt\\\/acer-rubrum-brandywine\\\/#primaryimage\",\"url\":\"https:\\\/\\\/www.vallonchene.fr\\\/wp-content\\\/uploads\\\/2024\\\/10\\\/ACER-rubrum-Brandywine_01.webp\",\"contentUrl\":\"https:\\\/\\\/www.vallonchene.fr\\\/wp-content\\\/uploads\\\/2024\\\/10\\\/ACER-rubrum-Brandywine_01.webp\",\"width\":1200,\"height\":1200,\"caption\":\"Spektakul\u00e4re Herbstf\u00e4rbung des ACER rubrum 'Brandywine'\"},{\"@type\":\"BreadcrumbList\",\"@id\":\"https:\\\/\\\/www.vallonchene.fr\\\/de\\\/produkt\\\/acer-rubrum-brandywine\\\/#breadcrumb\",\"itemListElement\":[{\"@type\":\"ListItem\",\"position\":1,\"name\":\"Home\",\"item\":\"https:\\\/\\\/www.vallonchene.fr\\\/de\\\/\"},{\"@type\":\"ListItem\",\"position\":2,\"name\":\"Shop\",\"item\":\"https:\\\/\\\/www.vallonchene.fr\\\/de\\\/shop\\\/\"},{\"@type\":\"ListItem\",\"position\":3,\"name\":\"Online-Verkauf\",\"item\":\"https:\\\/\\\/www.vallonchene.fr\\\/de\\\/produkt-kategorie\\\/online-verkauf-de\\\/\"},{\"@type\":\"ListItem\",\"position\":4,\"name\":\"Baumschule\",\"item\":\"https:\\\/\\\/www.vallonchene.fr\\\/de\\\/produkt-kategorie\\\/online-verkauf-de\\\/baumschule-gaertnerei-de\\\/\"},{\"@type\":\"ListItem\",\"position\":5,\"name\":\"Str\u00e4ucher und B\u00e4ume\",\"item\":\"https:\\\/\\\/www.vallonchene.fr\\\/de\\\/produkt-kategorie\\\/online-verkauf-de\\\/baumschule-gaertnerei-de\\\/straucher-und-baume-de\\\/\"},{\"@type\":\"ListItem\",\"position\":6,\"name\":\"ACER rubrum &#8218;Brandywine&#8216;\"}]},{\"@type\":\"WebSite\",\"@id\":\"https:\\\/\\\/www.vallonchene.fr\\\/de\\\/#website\",\"url\":\"https:\\\/\\\/www.vallonchene.fr\\\/de\\\/\",\"name\":\"Vallonch\u00eane\",\"description\":\"Die Baumschule, bei der Qualit\u00e4t ihre Wurzeln hat \u2013 Tel.: +49 (0)6838-5399840\",\"publisher\":{\"@id\":\"https:\\\/\\\/www.vallonchene.fr\\\/de\\\/#organization\"},\"potentialAction\":[{\"@type\":\"SearchAction\",\"target\":{\"@type\":\"EntryPoint\",\"urlTemplate\":\"https:\\\/\\\/www.vallonchene.fr\\\/de\\\/?s={search_term_string}\"},\"query-input\":{\"@type\":\"PropertyValueSpecification\",\"valueRequired\":true,\"valueName\":\"search_term_string\"}}],\"inLanguage\":\"de\"},{\"@type\":\"Organization\",\"@id\":\"https:\\\/\\\/www.vallonchene.fr\\\/de\\\/#organization\",\"name\":\"VALLONCHENE\",\"url\":\"https:\\\/\\\/www.vallonchene.fr\\\/de\\\/\",\"logo\":{\"@type\":\"ImageObject\",\"inLanguage\":\"de\",\"@id\":\"https:\\\/\\\/www.vallonchene.fr\\\/de\\\/#\\\/schema\\\/logo\\\/image\\\/\",\"url\":\"https:\\\/\\\/www.vallonchene.fr\\\/wp-content\\\/uploads\\\/2023\\\/03\\\/Logo-Vallonchene-site-et-R_hauteur_100.png\",\"contentUrl\":\"https:\\\/\\\/www.vallonchene.fr\\\/wp-content\\\/uploads\\\/2023\\\/03\\\/Logo-Vallonchene-site-et-R_hauteur_100.png\",\"width\":221,\"height\":100,\"caption\":\"VALLONCHENE\"},\"image\":{\"@id\":\"https:\\\/\\\/www.vallonchene.fr\\\/de\\\/#\\\/schema\\\/logo\\\/image\\\/\"},\"sameAs\":[\"https:\\\/\\\/www.facebook.com\\\/vallonchene.fr\",\"https:\\\/\\\/www.instagram.com\\\/vallonchene\\\/\",\"https:\\\/\\\/www.pinterest.fr\\\/vallonchene\\\/\"],\"taxID\":\"49454502300017\",\"hasMerchantReturnPolicy\":{\"@type\":\"MerchantReturnPolicy\",\"merchantReturnLink\":\"https:\\\/\\\/www.vallonchene.fr\\\/remboursements_retours\\\/\"}}]}<\/script>\n<meta property=\"og:availability\" content=\"instock\" \/>\n<meta property=\"product:availability\" content=\"instock\" \/>\n<meta property=\"product:condition\" content=\"new\" \/>\n<!-- \/ Yoast SEO Premium plugin. -->","yoast_head_json":{"title":"ACER rubrum 'Brandywine' (Rot-Ahorn)","description":"Dieser Rot-Ahorn f\u00e4rbt sich im Herbst rosa-rot. Die F\u00e4rbung des ACER rubrum 'Brandywine' h\u00e4lt l\u00e4nger an als bei anderen Sorten.","robots":{"index":"index","follow":"follow","max-snippet":"max-snippet:-1","max-image-preview":"max-image-preview:large","max-video-preview":"max-video-preview:-1"},"canonical":"https:\/\/www.vallonchene.fr\/de\/produkt\/acer-rubrum-brandywine\/","og_locale":"de_DE","og_type":"article","og_title":"ACER rubrum 'Brandywine'","og_description":"Dieser Rot-Ahorn f\u00e4rbt sich im Herbst rosa-rot. Die F\u00e4rbung des ACER rubrum 'Brandywine' h\u00e4lt l\u00e4nger an als bei anderen Sorten.","og_url":"https:\/\/www.vallonchene.fr\/de\/produkt\/acer-rubrum-brandywine\/","og_site_name":"Vallonch\u00eane","article_publisher":"https:\/\/www.facebook.com\/vallonchene.fr","article_modified_time":"2024-10-27T10:30:43+00:00","og_image":[{"width":1200,"height":1200,"url":"https:\/\/www.vallonchene.fr\/wp-content\/uploads\/2024\/10\/ACER-rubrum-Brandywine_01.webp","type":"image\/webp"}],"twitter_card":"summary_large_image","twitter_misc":{"Verf\u00fcgbarkeit":"Vorr\u00e4tig"},"schema":{"@context":"https:\/\/schema.org","@graph":[{"@type":"WebPage","@id":"https:\/\/www.vallonchene.fr\/de\/produkt\/acer-rubrum-brandywine\/","url":"https:\/\/www.vallonchene.fr\/de\/produkt\/acer-rubrum-brandywine\/","name":"ACER rubrum 'Brandywine' (Rot-Ahorn)","isPartOf":{"@id":"https:\/\/www.vallonchene.fr\/de\/#website"},"primaryImageOfPage":{"@id":"https:\/\/www.vallonchene.fr\/de\/produkt\/acer-rubrum-brandywine\/#primaryimage"},"image":{"@id":"https:\/\/www.vallonchene.fr\/de\/produkt\/acer-rubrum-brandywine\/#primaryimage"},"thumbnailUrl":"https:\/\/www.vallonchene.fr\/wp-content\/uploads\/2024\/10\/ACER-rubrum-Brandywine_01.webp","datePublished":"2024-10-20T14:26:41+00:00","dateModified":"2024-10-27T10:30:43+00:00","description":"Dieser Rot-Ahorn f\u00e4rbt sich im Herbst rosa-rot. Die F\u00e4rbung des ACER rubrum 'Brandywine' h\u00e4lt l\u00e4nger an als bei anderen Sorten.","breadcrumb":{"@id":"https:\/\/www.vallonchene.fr\/de\/produkt\/acer-rubrum-brandywine\/#breadcrumb"},"inLanguage":"de","potentialAction":[{"@type":"ReadAction","target":["https:\/\/www.vallonchene.fr\/de\/produkt\/acer-rubrum-brandywine\/"]}]},{"@type":"ImageObject","inLanguage":"de","@id":"https:\/\/www.vallonchene.fr\/de\/produkt\/acer-rubrum-brandywine\/#primaryimage","url":"https:\/\/www.vallonchene.fr\/wp-content\/uploads\/2024\/10\/ACER-rubrum-Brandywine_01.webp","contentUrl":"https:\/\/www.vallonchene.fr\/wp-content\/uploads\/2024\/10\/ACER-rubrum-Brandywine_01.webp","width":1200,"height":1200,"caption":"Spektakul\u00e4re Herbstf\u00e4rbung des ACER rubrum 'Brandywine'"},{"@type":"BreadcrumbList","@id":"https:\/\/www.vallonchene.fr\/de\/produkt\/acer-rubrum-brandywine\/#breadcrumb","itemListElement":[{"@type":"ListItem","position":1,"name":"Home","item":"https:\/\/www.vallonchene.fr\/de\/"},{"@type":"ListItem","position":2,"name":"Shop","item":"https:\/\/www.vallonchene.fr\/de\/shop\/"},{"@type":"ListItem","position":3,"name":"Online-Verkauf","item":"https:\/\/www.vallonchene.fr\/de\/produkt-kategorie\/online-verkauf-de\/"},{"@type":"ListItem","position":4,"name":"Baumschule","item":"https:\/\/www.vallonchene.fr\/de\/produkt-kategorie\/online-verkauf-de\/baumschule-gaertnerei-de\/"},{"@type":"ListItem","position":5,"name":"Str\u00e4ucher und B\u00e4ume","item":"https:\/\/www.vallonchene.fr\/de\/produkt-kategorie\/online-verkauf-de\/baumschule-gaertnerei-de\/straucher-und-baume-de\/"},{"@type":"ListItem","position":6,"name":"ACER rubrum &#8218;Brandywine&#8216;"}]},{"@type":"WebSite","@id":"https:\/\/www.vallonchene.fr\/de\/#website","url":"https:\/\/www.vallonchene.fr\/de\/","name":"Vallonch\u00eane","description":"Die Baumschule, bei der Qualit\u00e4t ihre Wurzeln hat \u2013 Tel.: +49 (0)6838-5399840","publisher":{"@id":"https:\/\/www.vallonchene.fr\/de\/#organization"},"potentialAction":[{"@type":"SearchAction","target":{"@type":"EntryPoint","urlTemplate":"https:\/\/www.vallonchene.fr\/de\/?s={search_term_string}"},"query-input":{"@type":"PropertyValueSpecification","valueRequired":true,"valueName":"search_term_string"}}],"inLanguage":"de"},{"@type":"Organization","@id":"https:\/\/www.vallonchene.fr\/de\/#organization","name":"VALLONCHENE","url":"https:\/\/www.vallonchene.fr\/de\/","logo":{"@type":"ImageObject","inLanguage":"de","@id":"https:\/\/www.vallonchene.fr\/de\/#\/schema\/logo\/image\/","url":"https:\/\/www.vallonchene.fr\/wp-content\/uploads\/2023\/03\/Logo-Vallonchene-site-et-R_hauteur_100.png","contentUrl":"https:\/\/www.vallonchene.fr\/wp-content\/uploads\/2023\/03\/Logo-Vallonchene-site-et-R_hauteur_100.png","width":221,"height":100,"caption":"VALLONCHENE"},"image":{"@id":"https:\/\/www.vallonchene.fr\/de\/#\/schema\/logo\/image\/"},"sameAs":["https:\/\/www.facebook.com\/vallonchene.fr","https:\/\/www.instagram.com\/vallonchene\/","https:\/\/www.pinterest.fr\/vallonchene\/"],"taxID":"49454502300017","hasMerchantReturnPolicy":{"@type":"MerchantReturnPolicy","merchantReturnLink":"https:\/\/www.vallonchene.fr\/remboursements_retours\/"}}]},"og_availability":"instock","product_availability":"instock","product_condition":"new"},"_links":{"self":[{"href":"https:\/\/www.vallonchene.fr\/de\/wp-json\/wp\/v2\/product\/49845","targetHints":{"allow":["GET"]}}],"collection":[{"href":"https:\/\/www.vallonchene.fr\/de\/wp-json\/wp\/v2\/product"}],"about":[{"href":"https:\/\/www.vallonchene.fr\/de\/wp-json\/wp\/v2\/types\/product"}],"replies":[{"embeddable":true,"href":"https:\/\/www.vallonchene.fr\/de\/wp-json\/wp\/v2\/comments?post=49845"}],"wp:featuredmedia":[{"embeddable":true,"href":"https:\/\/www.vallonchene.fr\/de\/wp-json\/wp\/v2\/media\/49927"}],"wp:attachment":[{"href":"https:\/\/www.vallonchene.fr\/de\/wp-json\/wp\/v2\/media?parent=49845"}],"wp:term":[{"taxonomy":"product_brand","embeddable":true,"href":"https:\/\/www.vallonchene.fr\/de\/wp-json\/wp\/v2\/product_brand?post=49845"},{"taxonomy":"product_cat","embeddable":true,"href":"https:\/\/www.vallonchene.fr\/de\/wp-json\/wp\/v2\/product_cat?post=49845"},{"taxonomy":"product_tag","embeddable":true,"href":"https:\/\/www.vallonchene.fr\/de\/wp-json\/wp\/v2\/product_tag?post=49845"}],"curies":[{"name":"wp","href":"https:\/\/api.w.org\/{rel}","templated":true}]}}