{"id":49182,"date":"2024-09-12T14:14:41","date_gmt":"2024-09-12T14:14:41","guid":{"rendered":"https:\/\/www.vallonchene.fr\/produit\/fagus-sylvatica-f-tortuosa\/"},"modified":"2024-10-23T15:31:55","modified_gmt":"2024-10-23T15:31:55","slug":"fagus-sylvatica-f-tortuosa","status":"publish","type":"product","link":"https:\/\/www.vallonchene.fr\/de\/produkt\/fagus-sylvatica-f-tortuosa\/","title":{"rendered":"FAGUS sylvatica f. tortuosa"},"content":{"rendered":"<h2>Die Pflanze<\/h2>\n<p> Die <strong>FAGUS sylvatica f. tortuosa <\/strong>, oder auch <strong>Korkenzieherbuche<\/strong> genannt, l\u00e4sst niemanden unber\u00fchrt. Ihre einzigartige Erscheinung macht sie zu einer lebenden Skulptur. Tats\u00e4chlich scheinen ihre <strong>gewundenen und knotigen \u00c4ste<\/strong> in der Luft zu tanzen. Diese einzigartigen Formen sind keineswegs zuf\u00e4llig, sondern das Ergebnis einer launischen Genetik. Ferner ist die Korkenzieherbuche <strong>ein robuster Baum<\/strong>, der sich an viele Bedingungen anpasst. Ob einzeln gepflanzt, um ihre extravaganten Formen zu betonen, oder in einer Gruppe, um eine originelle Hecke zu schaffen, sie wird Ihrem Garten eine elegante Note verleihen. Ihr <strong>dichtes Laub<\/strong> bietet im Sommer einen angenehmen Schatten, w\u00e4hrend ihre kahlen \u00c4ste im Winter die ganze Sch\u00f6nheit ihrer geschwungenen Linien offenbaren. Angesichts ihrer Robustheit und Langlebigkeit ist es selbstverst\u00e4ndlich, dass sie eine Pflanze ist, die viele zuk\u00fcnftige Generationen begeistern wird. Wenn Sie diese pr\u00e4chtige Buche lieben, werden Sie wahrscheinlich auch <strong><a href=\"https:\/\/www.vallonchene.fr\/produkt\/fagus-sylvatica-tortuosa-purpurea\/\">ihre purpurfarbene Variante m\u00f6gen, die Sie hier finden k\u00f6nnen<\/a><\/strong>.         <\/p>\n<h2>Pflanzung und Pflege von FAGUS sylvatica f. tortuosa <\/h2>\n<h3>Wie man sie pflanzt <br \/><\/h3>\n<p> W\u00e4hlen Sie zun\u00e4chst einen sonnigen oder halbschattigen Standort und einen gut drainierten Boden. Pflanzen Sie Ihren jungen Baum anschlie\u00dfend gem\u00e4\u00df unserer <strong><a href=\"\">Pflanzanleitung, die Sie hier finden<\/a><\/strong>.  <\/p>\n<h3>Wie man sie pflegt <br \/><\/h3>\n<p> W\u00e4ssern Sie das B\u00e4umchen in den ersten Jahren regelm\u00e4\u00dfig, um die Wurzelbildung zu f\u00f6rdern (<strong><a href=\"https:\/\/www.vallonchene.fr\/comment-bien-arroser-le-jardin-et-economiser-leau\/\">folgen Sie dazu unseren Gie\u00dfanleitungen hier<\/a><\/strong>). Einmal etabliert, ben\u00f6tigt die Korkenzieherbuche <strong>nur wenig Pflege<\/strong>. Wenn Sie m\u00f6chten, k\u00f6nnen Sie sie im Januar oder Februar schneiden (zum Beispiel einen Auslichtungsschnitt). Mit dieser einfachen Haltung wird Ihre Korkenzieherbuche harmonisch wachsen und \u00fcber Jahrhunderte gedeihen.    <\/p>\n<h2>Geschichte und Herkunft<\/h2>\n<p> Woher dieser seltsame Baum genau kommt, wei\u00df eigentlich keiner so genau. Manche Wissenschaftler denken<strong>,<\/strong> es ist einfach eine nat\u00fcrliche Ver\u00e4nderung der normalen Rotbuche, w\u00e4hrend andere glauben, dass die Natur bestimmte Eigenschaften \u00fcber die Zeit ausgew\u00e4hlt hat. Auf jeden Fall, eines ist sicher: Menschen werden sich \u00fcber Jahrhunderte von der Korkenzieherbuche fasziniert sein.  <\/p>\n","protected":false},"excerpt":{"rendered":"<p>Diese <strong>gewundene Rotbuche<\/strong> w\u00e4chst unregelm\u00e4\u00dfig. Die Wuchsform der <br \/>  <strong>FAGUS sylvatica f. tortuosa <\/strong> ist sch\u00f6n \u00fcberh\u00e4ngend und eher ausladend.<\/p>\n","protected":false},"featured_media":49387,"comment_status":"open","ping_status":"closed","template":"","meta":[],"product_brand":[],"product_cat":[252],"product_tag":[],"class_list":{"0":"post-49182","1":"product","2":"type-product","3":"status-publish","4":"has-post-thumbnail","6":"product_cat-straucher-und-baume-de","7":"pa_99-hauteurapproximativeapres1-50_100cm-de","8":"pa_couleurautomnaledufeuillage-gelb-de","9":"pa_couleurnormaledufeuillage-grun-de","10":"pa_exigencesenhumidite-feucht-de","11":"pa_exigencesenhumidite-normal-de","12":"pa_exigencesenhumidite-trocken-de","13":"pa_expositionspossibles-ce-halbschattigsonnezw12und17-de","14":"pa_expositionspossibles-sonnigvon12bis17uhr-de","15":"pa_hauteurlivree-30-bis-40-cm","16":"pa_hauteurlivree-40-bis-50-cm","17":"pa_interetauprintemps-form-de","18":"pa_interetauprintemps-jungesprossen-de","19":"pa_interetauprintemps-laub-de","20":"pa_interetenautomne-form-de","21":"pa_interetenautomne-laub-de","22":"pa_interetenete-form-de","23":"pa_interetenete-laub-de","24":"pa_interetenhiver-form-de","25":"pa_naturedufeuillage-marcescent-de","26":"pa_naturesdesolpossibles-leicht-de","27":"pa_naturesdesolpossibles-normal-de","28":"pa_naturesdesolpossibles-schwer-de","29":"pa_particularites-furbonsaigeeignet-de","30":"pa_periodedetaille-febr-de","31":"pa_periodedetaille-jan-de","32":"pa_phdusolacceptable-neutralzw65u75-de","33":"pa_phdusolacceptable-sauerwenigerals65-de","34":"pa_portgraphisme-ausgestreckt-de","35":"pa_portgraphisme-trauer-de","36":"pa_resistanceaufroidrusticite-frostbestandigunter_20c-de","37":"pa_tailledepot-5liter_topf-de","38":"pa_utilisationpossible-alleinstehend-de","39":"pa_utilisationpossible-beet-de","40":"pa_utilisationpossible-kubelodertopf-de","42":"first","43":"outofstock","44":"taxable","45":"shipping-taxable","46":"purchasable","47":"product-type-variable"},"supplier_id":null,"supplier_sku":"","barcode":null,"atum_controlled":true,"out_stock_date":null,"out_stock_threshold":null,"inheritable":true,"inbound_stock":0,"stock_on_hold":0,"sold_today":0,"sales_last_days":0,"reserved_stock":0,"customer_returns":0,"warehouse_damage":0,"lost_in_post":0,"other_logs":0,"out_stock_days":null,"lost_sales":0,"has_location":false,"update_date":"2026-04-29T08:11:36","atum_locations":[],"atum_stock_status":"outofstock","restock_status":false,"low_stock_amount":"","sales_update_date":"2026-04-29T08:11:36","calc_backorders":null,"yoast_head":"<!-- This site is optimized with the Yoast SEO Premium plugin v27.5 (Yoast SEO v27.5) - https:\/\/yoast.com\/product\/yoast-seo-premium-wordpress\/ -->\n<title>FAGUS sylvatica f. tortuosa - gewundene Rotbuche<\/title>\n<meta name=\"description\" content=\"Diese gewundene Rotbuche w\u00e4chst unregelm\u00e4\u00dfig. Die Wuchsform der FAGUS sylvatica f. tortuosa ist sch\u00f6n \u00fcberh\u00e4ngend und eher ausladend.\" \/>\n<meta name=\"robots\" content=\"index, follow, max-snippet:-1, max-image-preview:large, max-video-preview:-1\" \/>\n<link rel=\"canonical\" href=\"https:\/\/www.vallonchene.fr\/de\/produkt\/fagus-sylvatica-f-tortuosa\/\" \/>\n<meta property=\"og:locale\" content=\"de_DE\" \/>\n<meta property=\"og:type\" content=\"article\" \/>\n<meta property=\"og:title\" content=\"FAGUS sylvatica f. tortuosa\" \/>\n<meta property=\"og:description\" content=\"Diese gewundene Rotbuche w\u00e4chst unregelm\u00e4\u00dfig. Die Wuchsform der FAGUS sylvatica f. tortuosa ist sch\u00f6n \u00fcberh\u00e4ngend und eher ausladend.\" \/>\n<meta property=\"og:url\" content=\"https:\/\/www.vallonchene.fr\/de\/produkt\/fagus-sylvatica-f-tortuosa\/\" \/>\n<meta property=\"og:site_name\" content=\"Vallonch\u00eane\" \/>\n<meta property=\"article:publisher\" content=\"https:\/\/www.facebook.com\/vallonchene.fr\" \/>\n<meta property=\"article:modified_time\" content=\"2024-10-23T15:31:55+00:00\" \/>\n<meta property=\"og:image\" content=\"https:\/\/www.vallonchene.fr\/wp-content\/uploads\/2024\/09\/FAGUS-sylvatica-f.-tortuosa.webp\" \/>\n\t<meta property=\"og:image:width\" content=\"1200\" \/>\n\t<meta property=\"og:image:height\" content=\"1200\" \/>\n\t<meta property=\"og:image:type\" content=\"image\/webp\" \/>\n<meta name=\"twitter:card\" content=\"summary_large_image\" \/>\n<meta name=\"twitter:label1\" content=\"Verf\u00fcgbarkeit\" \/>\n\t<meta name=\"twitter:data1\" content=\"Nicht vorr\u00e4tig\" \/>\n<script type=\"application\/ld+json\" class=\"yoast-schema-graph\">{\"@context\":\"https:\\\/\\\/schema.org\",\"@graph\":[{\"@type\":\"WebPage\",\"@id\":\"https:\\\/\\\/www.vallonchene.fr\\\/de\\\/produkt\\\/fagus-sylvatica-f-tortuosa\\\/\",\"url\":\"https:\\\/\\\/www.vallonchene.fr\\\/de\\\/produkt\\\/fagus-sylvatica-f-tortuosa\\\/\",\"name\":\"FAGUS sylvatica f. tortuosa - gewundene Rotbuche\",\"isPartOf\":{\"@id\":\"https:\\\/\\\/www.vallonchene.fr\\\/de\\\/#website\"},\"primaryImageOfPage\":{\"@id\":\"https:\\\/\\\/www.vallonchene.fr\\\/de\\\/produkt\\\/fagus-sylvatica-f-tortuosa\\\/#primaryimage\"},\"image\":{\"@id\":\"https:\\\/\\\/www.vallonchene.fr\\\/de\\\/produkt\\\/fagus-sylvatica-f-tortuosa\\\/#primaryimage\"},\"thumbnailUrl\":\"https:\\\/\\\/www.vallonchene.fr\\\/wp-content\\\/uploads\\\/2024\\\/09\\\/FAGUS-sylvatica-f.-tortuosa.webp\",\"datePublished\":\"2024-09-12T14:14:41+00:00\",\"dateModified\":\"2024-10-23T15:31:55+00:00\",\"description\":\"Diese gewundene Rotbuche w\u00e4chst unregelm\u00e4\u00dfig. Die Wuchsform der FAGUS sylvatica f. tortuosa ist sch\u00f6n \u00fcberh\u00e4ngend und eher ausladend.\",\"breadcrumb\":{\"@id\":\"https:\\\/\\\/www.vallonchene.fr\\\/de\\\/produkt\\\/fagus-sylvatica-f-tortuosa\\\/#breadcrumb\"},\"inLanguage\":\"de\",\"potentialAction\":[{\"@type\":\"ReadAction\",\"target\":[\"https:\\\/\\\/www.vallonchene.fr\\\/de\\\/produkt\\\/fagus-sylvatica-f-tortuosa\\\/\"]}]},{\"@type\":\"ImageObject\",\"inLanguage\":\"de\",\"@id\":\"https:\\\/\\\/www.vallonchene.fr\\\/de\\\/produkt\\\/fagus-sylvatica-f-tortuosa\\\/#primaryimage\",\"url\":\"https:\\\/\\\/www.vallonchene.fr\\\/wp-content\\\/uploads\\\/2024\\\/09\\\/FAGUS-sylvatica-f.-tortuosa.webp\",\"contentUrl\":\"https:\\\/\\\/www.vallonchene.fr\\\/wp-content\\\/uploads\\\/2024\\\/09\\\/FAGUS-sylvatica-f.-tortuosa.webp\",\"width\":1200,\"height\":1200,\"caption\":\"Ein FAGUS sylvatica f. tortuosa mit seinen gewundenen und herabh\u00e4ngenden \u00c4sten\"},{\"@type\":\"BreadcrumbList\",\"@id\":\"https:\\\/\\\/www.vallonchene.fr\\\/de\\\/produkt\\\/fagus-sylvatica-f-tortuosa\\\/#breadcrumb\",\"itemListElement\":[{\"@type\":\"ListItem\",\"position\":1,\"name\":\"Home\",\"item\":\"https:\\\/\\\/www.vallonchene.fr\\\/de\\\/\"},{\"@type\":\"ListItem\",\"position\":2,\"name\":\"Shop\",\"item\":\"https:\\\/\\\/www.vallonchene.fr\\\/de\\\/shop\\\/\"},{\"@type\":\"ListItem\",\"position\":3,\"name\":\"Online-Verkauf\",\"item\":\"https:\\\/\\\/www.vallonchene.fr\\\/de\\\/produkt-kategorie\\\/online-verkauf-de\\\/\"},{\"@type\":\"ListItem\",\"position\":4,\"name\":\"Baumschule\",\"item\":\"https:\\\/\\\/www.vallonchene.fr\\\/de\\\/produkt-kategorie\\\/online-verkauf-de\\\/baumschule-gaertnerei-de\\\/\"},{\"@type\":\"ListItem\",\"position\":5,\"name\":\"Str\u00e4ucher und B\u00e4ume\",\"item\":\"https:\\\/\\\/www.vallonchene.fr\\\/de\\\/produkt-kategorie\\\/online-verkauf-de\\\/baumschule-gaertnerei-de\\\/straucher-und-baume-de\\\/\"},{\"@type\":\"ListItem\",\"position\":6,\"name\":\"FAGUS sylvatica f. tortuosa\"}]},{\"@type\":\"WebSite\",\"@id\":\"https:\\\/\\\/www.vallonchene.fr\\\/de\\\/#website\",\"url\":\"https:\\\/\\\/www.vallonchene.fr\\\/de\\\/\",\"name\":\"Vallonch\u00eane\",\"description\":\"Die Baumschule, bei der Qualit\u00e4t ihre Wurzeln hat \u2013 Tel.: +49 (0)6838-5399840\",\"publisher\":{\"@id\":\"https:\\\/\\\/www.vallonchene.fr\\\/de\\\/#organization\"},\"potentialAction\":[{\"@type\":\"SearchAction\",\"target\":{\"@type\":\"EntryPoint\",\"urlTemplate\":\"https:\\\/\\\/www.vallonchene.fr\\\/de\\\/?s={search_term_string}\"},\"query-input\":{\"@type\":\"PropertyValueSpecification\",\"valueRequired\":true,\"valueName\":\"search_term_string\"}}],\"inLanguage\":\"de\"},{\"@type\":\"Organization\",\"@id\":\"https:\\\/\\\/www.vallonchene.fr\\\/de\\\/#organization\",\"name\":\"VALLONCHENE\",\"url\":\"https:\\\/\\\/www.vallonchene.fr\\\/de\\\/\",\"logo\":{\"@type\":\"ImageObject\",\"inLanguage\":\"de\",\"@id\":\"https:\\\/\\\/www.vallonchene.fr\\\/de\\\/#\\\/schema\\\/logo\\\/image\\\/\",\"url\":\"https:\\\/\\\/www.vallonchene.fr\\\/wp-content\\\/uploads\\\/2023\\\/03\\\/Logo-Vallonchene-site-et-R_hauteur_100.png\",\"contentUrl\":\"https:\\\/\\\/www.vallonchene.fr\\\/wp-content\\\/uploads\\\/2023\\\/03\\\/Logo-Vallonchene-site-et-R_hauteur_100.png\",\"width\":221,\"height\":100,\"caption\":\"VALLONCHENE\"},\"image\":{\"@id\":\"https:\\\/\\\/www.vallonchene.fr\\\/de\\\/#\\\/schema\\\/logo\\\/image\\\/\"},\"sameAs\":[\"https:\\\/\\\/www.facebook.com\\\/vallonchene.fr\",\"https:\\\/\\\/www.instagram.com\\\/vallonchene\\\/\",\"https:\\\/\\\/www.pinterest.fr\\\/vallonchene\\\/\"],\"taxID\":\"49454502300017\",\"hasMerchantReturnPolicy\":{\"@type\":\"MerchantReturnPolicy\",\"merchantReturnLink\":\"https:\\\/\\\/www.vallonchene.fr\\\/remboursements_retours\\\/\"}}]}<\/script>\n<meta property=\"og:availability\" content=\"out of stock\" \/>\n<meta property=\"product:availability\" content=\"out of stock\" \/>\n<meta property=\"product:condition\" content=\"new\" \/>\n<!-- \/ Yoast SEO Premium plugin. -->","yoast_head_json":{"title":"FAGUS sylvatica f. tortuosa - gewundene Rotbuche","description":"Diese gewundene Rotbuche w\u00e4chst unregelm\u00e4\u00dfig. Die Wuchsform der FAGUS sylvatica f. tortuosa ist sch\u00f6n \u00fcberh\u00e4ngend und eher ausladend.","robots":{"index":"index","follow":"follow","max-snippet":"max-snippet:-1","max-image-preview":"max-image-preview:large","max-video-preview":"max-video-preview:-1"},"canonical":"https:\/\/www.vallonchene.fr\/de\/produkt\/fagus-sylvatica-f-tortuosa\/","og_locale":"de_DE","og_type":"article","og_title":"FAGUS sylvatica f. tortuosa","og_description":"Diese gewundene Rotbuche w\u00e4chst unregelm\u00e4\u00dfig. Die Wuchsform der FAGUS sylvatica f. tortuosa ist sch\u00f6n \u00fcberh\u00e4ngend und eher ausladend.","og_url":"https:\/\/www.vallonchene.fr\/de\/produkt\/fagus-sylvatica-f-tortuosa\/","og_site_name":"Vallonch\u00eane","article_publisher":"https:\/\/www.facebook.com\/vallonchene.fr","article_modified_time":"2024-10-23T15:31:55+00:00","og_image":[{"width":1200,"height":1200,"url":"https:\/\/www.vallonchene.fr\/wp-content\/uploads\/2024\/09\/FAGUS-sylvatica-f.-tortuosa.webp","type":"image\/webp"}],"twitter_card":"summary_large_image","twitter_misc":{"Verf\u00fcgbarkeit":"Nicht vorr\u00e4tig"},"schema":{"@context":"https:\/\/schema.org","@graph":[{"@type":"WebPage","@id":"https:\/\/www.vallonchene.fr\/de\/produkt\/fagus-sylvatica-f-tortuosa\/","url":"https:\/\/www.vallonchene.fr\/de\/produkt\/fagus-sylvatica-f-tortuosa\/","name":"FAGUS sylvatica f. tortuosa - gewundene Rotbuche","isPartOf":{"@id":"https:\/\/www.vallonchene.fr\/de\/#website"},"primaryImageOfPage":{"@id":"https:\/\/www.vallonchene.fr\/de\/produkt\/fagus-sylvatica-f-tortuosa\/#primaryimage"},"image":{"@id":"https:\/\/www.vallonchene.fr\/de\/produkt\/fagus-sylvatica-f-tortuosa\/#primaryimage"},"thumbnailUrl":"https:\/\/www.vallonchene.fr\/wp-content\/uploads\/2024\/09\/FAGUS-sylvatica-f.-tortuosa.webp","datePublished":"2024-09-12T14:14:41+00:00","dateModified":"2024-10-23T15:31:55+00:00","description":"Diese gewundene Rotbuche w\u00e4chst unregelm\u00e4\u00dfig. Die Wuchsform der FAGUS sylvatica f. tortuosa ist sch\u00f6n \u00fcberh\u00e4ngend und eher ausladend.","breadcrumb":{"@id":"https:\/\/www.vallonchene.fr\/de\/produkt\/fagus-sylvatica-f-tortuosa\/#breadcrumb"},"inLanguage":"de","potentialAction":[{"@type":"ReadAction","target":["https:\/\/www.vallonchene.fr\/de\/produkt\/fagus-sylvatica-f-tortuosa\/"]}]},{"@type":"ImageObject","inLanguage":"de","@id":"https:\/\/www.vallonchene.fr\/de\/produkt\/fagus-sylvatica-f-tortuosa\/#primaryimage","url":"https:\/\/www.vallonchene.fr\/wp-content\/uploads\/2024\/09\/FAGUS-sylvatica-f.-tortuosa.webp","contentUrl":"https:\/\/www.vallonchene.fr\/wp-content\/uploads\/2024\/09\/FAGUS-sylvatica-f.-tortuosa.webp","width":1200,"height":1200,"caption":"Ein FAGUS sylvatica f. tortuosa mit seinen gewundenen und herabh\u00e4ngenden \u00c4sten"},{"@type":"BreadcrumbList","@id":"https:\/\/www.vallonchene.fr\/de\/produkt\/fagus-sylvatica-f-tortuosa\/#breadcrumb","itemListElement":[{"@type":"ListItem","position":1,"name":"Home","item":"https:\/\/www.vallonchene.fr\/de\/"},{"@type":"ListItem","position":2,"name":"Shop","item":"https:\/\/www.vallonchene.fr\/de\/shop\/"},{"@type":"ListItem","position":3,"name":"Online-Verkauf","item":"https:\/\/www.vallonchene.fr\/de\/produkt-kategorie\/online-verkauf-de\/"},{"@type":"ListItem","position":4,"name":"Baumschule","item":"https:\/\/www.vallonchene.fr\/de\/produkt-kategorie\/online-verkauf-de\/baumschule-gaertnerei-de\/"},{"@type":"ListItem","position":5,"name":"Str\u00e4ucher und B\u00e4ume","item":"https:\/\/www.vallonchene.fr\/de\/produkt-kategorie\/online-verkauf-de\/baumschule-gaertnerei-de\/straucher-und-baume-de\/"},{"@type":"ListItem","position":6,"name":"FAGUS sylvatica f. tortuosa"}]},{"@type":"WebSite","@id":"https:\/\/www.vallonchene.fr\/de\/#website","url":"https:\/\/www.vallonchene.fr\/de\/","name":"Vallonch\u00eane","description":"Die Baumschule, bei der Qualit\u00e4t ihre Wurzeln hat \u2013 Tel.: +49 (0)6838-5399840","publisher":{"@id":"https:\/\/www.vallonchene.fr\/de\/#organization"},"potentialAction":[{"@type":"SearchAction","target":{"@type":"EntryPoint","urlTemplate":"https:\/\/www.vallonchene.fr\/de\/?s={search_term_string}"},"query-input":{"@type":"PropertyValueSpecification","valueRequired":true,"valueName":"search_term_string"}}],"inLanguage":"de"},{"@type":"Organization","@id":"https:\/\/www.vallonchene.fr\/de\/#organization","name":"VALLONCHENE","url":"https:\/\/www.vallonchene.fr\/de\/","logo":{"@type":"ImageObject","inLanguage":"de","@id":"https:\/\/www.vallonchene.fr\/de\/#\/schema\/logo\/image\/","url":"https:\/\/www.vallonchene.fr\/wp-content\/uploads\/2023\/03\/Logo-Vallonchene-site-et-R_hauteur_100.png","contentUrl":"https:\/\/www.vallonchene.fr\/wp-content\/uploads\/2023\/03\/Logo-Vallonchene-site-et-R_hauteur_100.png","width":221,"height":100,"caption":"VALLONCHENE"},"image":{"@id":"https:\/\/www.vallonchene.fr\/de\/#\/schema\/logo\/image\/"},"sameAs":["https:\/\/www.facebook.com\/vallonchene.fr","https:\/\/www.instagram.com\/vallonchene\/","https:\/\/www.pinterest.fr\/vallonchene\/"],"taxID":"49454502300017","hasMerchantReturnPolicy":{"@type":"MerchantReturnPolicy","merchantReturnLink":"https:\/\/www.vallonchene.fr\/remboursements_retours\/"}}]},"og_availability":"out of stock","product_availability":"out of stock","product_condition":"new"},"_links":{"self":[{"href":"https:\/\/www.vallonchene.fr\/de\/wp-json\/wp\/v2\/product\/49182","targetHints":{"allow":["GET"]}}],"collection":[{"href":"https:\/\/www.vallonchene.fr\/de\/wp-json\/wp\/v2\/product"}],"about":[{"href":"https:\/\/www.vallonchene.fr\/de\/wp-json\/wp\/v2\/types\/product"}],"replies":[{"embeddable":true,"href":"https:\/\/www.vallonchene.fr\/de\/wp-json\/wp\/v2\/comments?post=49182"}],"wp:featuredmedia":[{"embeddable":true,"href":"https:\/\/www.vallonchene.fr\/de\/wp-json\/wp\/v2\/media\/49387"}],"wp:attachment":[{"href":"https:\/\/www.vallonchene.fr\/de\/wp-json\/wp\/v2\/media?parent=49182"}],"wp:term":[{"taxonomy":"product_brand","embeddable":true,"href":"https:\/\/www.vallonchene.fr\/de\/wp-json\/wp\/v2\/product_brand?post=49182"},{"taxonomy":"product_cat","embeddable":true,"href":"https:\/\/www.vallonchene.fr\/de\/wp-json\/wp\/v2\/product_cat?post=49182"},{"taxonomy":"product_tag","embeddable":true,"href":"https:\/\/www.vallonchene.fr\/de\/wp-json\/wp\/v2\/product_tag?post=49182"}],"curies":[{"name":"wp","href":"https:\/\/api.w.org\/{rel}","templated":true}]}}