{"id":49178,"date":"2024-09-12T14:03:07","date_gmt":"2024-09-12T13:03:07","guid":{"rendered":"https:\/\/www.vallonchene.fr\/produit\/ampelopsis-megalophylla-syn-vitis-megalophylla\/"},"modified":"2024-09-12T14:03:07","modified_gmt":"2024-09-12T14:03:07","slug":"ampelopsis-megalophylla-syn-vitis-megalophylla","status":"publish","type":"product","link":"https:\/\/www.vallonchene.fr\/de\/produkt\/ampelopsis-megalophylla-syn-vitis-megalophylla\/","title":{"rendered":"AMPELOPSIS megalophylla (syn. VITIS megalophylla)"},"content":{"rendered":"","protected":false},"excerpt":{"rendered":"<p>Diese <strong>Scheinrebe<\/strong> hat extrem gro\u00dfe Bl\u00e4tter von \u00fcber 50 cm. Die <strong>AMPELOPSIS megalophylla<\/strong> (syn. VITIS megalophylla) w\u00e4chst auch schneller. <\/p>\n","protected":false},"featured_media":49077,"comment_status":"open","ping_status":"closed","template":"","meta":[],"product_brand":[],"product_cat":[261],"product_tag":[],"class_list":{"0":"post-49178","1":"product","2":"type-product","3":"status-publish","4":"has-post-thumbnail","6":"product_cat-kletterpflanzen-de","7":"pa_99-hauteurapproximativeapres1-5_8m-de","8":"pa_couleurautomnaledufeuillage-rot-de","9":"pa_couleurdesfleurs-weiss-de","10":"pa_couleurdesfruits-rot-de","11":"pa_couleurdesfruits-schwarz-de","12":"pa_couleurnormaledufeuillage-grun-de","13":"pa_exigencesenhumidite-feucht-de","14":"pa_exigencesenhumidite-normal-de","15":"pa_exigencesenhumidite-trocken-de","16":"pa_expositionspossibles-ce-halbschattigsonnezw12und17-de","17":"pa_expositionspossibles-sonnigvon12bis17uhr-de","18":"pa_hauteurlivree-30-bis-40-cm","19":"pa_interetauprintemps-bluten-de","20":"pa_interetauprintemps-laub-de","21":"pa_interetenautomne-fruchte-de","22":"pa_interetenautomne-laub-de","23":"pa_interetenete-bluten-de","24":"pa_interetenete-fruchte-de","25":"pa_interetenete-laub-de","26":"pa_naturedufeuillage-nichtimmergrun-de","27":"pa_naturesdesolpossibles-leicht-de","28":"pa_naturesdesolpossibles-normal-de","29":"pa_naturesdesolpossibles-schwer-de","30":"pa_periodedefloraison-fruhling-de","31":"pa_periodedefloraison-sommer-de","32":"pa_periodedetaille-febr-de","33":"pa_periodedetaille-jan-de","34":"pa_phdusolacceptable-kalkigmehrals75-de","35":"pa_phdusolacceptable-neutralzw65u75-de","36":"pa_phdusolacceptable-sauerwenigerals65-de","37":"pa_resistanceaufroidrusticite-frostbestandigunter_20c-de","38":"pa_tailledepot-3liter_topf-de","39":"pa_utilisationpossible-bodendeckend-de","40":"pa_utilisationpossible-kletterpflanze-de","42":"first","43":"outofstock","44":"taxable","45":"shipping-taxable","46":"purchasable","47":"product-type-variable"},"supplier_id":null,"supplier_sku":"","barcode":null,"atum_controlled":true,"out_stock_date":null,"out_stock_threshold":null,"inheritable":true,"inbound_stock":0,"stock_on_hold":0,"sold_today":0,"sales_last_days":0,"reserved_stock":0,"customer_returns":0,"warehouse_damage":0,"lost_in_post":0,"other_logs":0,"out_stock_days":null,"lost_sales":0,"has_location":false,"update_date":"2026-04-29T08:11:36","atum_locations":[],"atum_stock_status":"outofstock","restock_status":false,"low_stock_amount":"","sales_update_date":"2026-04-29T08:11:36","calc_backorders":null,"yoast_head":"<!-- This site is optimized with the Yoast SEO Premium plugin v27.5 (Yoast SEO v27.5) - https:\/\/yoast.com\/product\/yoast-seo-premium-wordpress\/ -->\n<title>AMPELOPSIS megalophylla - Scheinrebe<\/title>\n<meta name=\"description\" content=\"Diese Scheinrebe hat extrem gro\u00dfe Bl\u00e4tter von \u00fcber 50 cm. Die AMPELOPSIS megalophylla (syn. VITIS megalophylla) w\u00e4chst auch schneller.\" \/>\n<meta name=\"robots\" content=\"index, follow, max-snippet:-1, max-image-preview:large, max-video-preview:-1\" \/>\n<link rel=\"canonical\" href=\"https:\/\/www.vallonchene.fr\/de\/produkt\/ampelopsis-megalophylla-syn-vitis-megalophylla\/\" \/>\n<meta property=\"og:locale\" content=\"de_DE\" \/>\n<meta property=\"og:type\" content=\"article\" \/>\n<meta property=\"og:title\" content=\"AMPELOPSIS megalophylla (syn. VITIS megalophylla)\" \/>\n<meta property=\"og:description\" content=\"Diese Scheinrebe hat extrem gro\u00dfe Bl\u00e4tter von \u00fcber 50 cm. Die AMPELOPSIS megalophylla (syn. VITIS megalophylla) w\u00e4chst auch schneller.\" \/>\n<meta property=\"og:url\" content=\"https:\/\/www.vallonchene.fr\/de\/produkt\/ampelopsis-megalophylla-syn-vitis-megalophylla\/\" \/>\n<meta property=\"og:site_name\" content=\"Vallonch\u00eane\" \/>\n<meta property=\"article:publisher\" content=\"https:\/\/www.facebook.com\/vallonchene.fr\" \/>\n<meta property=\"article:modified_time\" content=\"2024-09-12T14:03:07+00:00\" \/>\n<meta property=\"og:image\" content=\"https:\/\/www.vallonchene.fr\/wp-content\/uploads\/2024\/09\/AMPELOPSIS-megalophylla_01.webp\" \/>\n\t<meta property=\"og:image:width\" content=\"1200\" \/>\n\t<meta property=\"og:image:height\" content=\"1198\" \/>\n\t<meta property=\"og:image:type\" content=\"image\/webp\" \/>\n<meta name=\"twitter:card\" content=\"summary_large_image\" \/>\n<meta name=\"twitter:label1\" content=\"Verf\u00fcgbarkeit\" \/>\n\t<meta name=\"twitter:data1\" content=\"Nicht vorr\u00e4tig\" \/>\n<script type=\"application\/ld+json\" class=\"yoast-schema-graph\">{\"@context\":\"https:\\\/\\\/schema.org\",\"@graph\":[{\"@type\":\"WebPage\",\"@id\":\"https:\\\/\\\/www.vallonchene.fr\\\/de\\\/produkt\\\/ampelopsis-megalophylla-syn-vitis-megalophylla\\\/\",\"url\":\"https:\\\/\\\/www.vallonchene.fr\\\/de\\\/produkt\\\/ampelopsis-megalophylla-syn-vitis-megalophylla\\\/\",\"name\":\"AMPELOPSIS megalophylla - Scheinrebe\",\"isPartOf\":{\"@id\":\"https:\\\/\\\/www.vallonchene.fr\\\/de\\\/#website\"},\"primaryImageOfPage\":{\"@id\":\"https:\\\/\\\/www.vallonchene.fr\\\/de\\\/produkt\\\/ampelopsis-megalophylla-syn-vitis-megalophylla\\\/#primaryimage\"},\"image\":{\"@id\":\"https:\\\/\\\/www.vallonchene.fr\\\/de\\\/produkt\\\/ampelopsis-megalophylla-syn-vitis-megalophylla\\\/#primaryimage\"},\"thumbnailUrl\":\"https:\\\/\\\/www.vallonchene.fr\\\/wp-content\\\/uploads\\\/2024\\\/09\\\/AMPELOPSIS-megalophylla_01.webp\",\"datePublished\":\"2024-09-12T13:03:07+00:00\",\"dateModified\":\"2024-09-12T14:03:07+00:00\",\"description\":\"Diese Scheinrebe hat extrem gro\u00dfe Bl\u00e4tter von \u00fcber 50 cm. Die AMPELOPSIS megalophylla (syn. VITIS megalophylla) w\u00e4chst auch schneller.\",\"breadcrumb\":{\"@id\":\"https:\\\/\\\/www.vallonchene.fr\\\/de\\\/produkt\\\/ampelopsis-megalophylla-syn-vitis-megalophylla\\\/#breadcrumb\"},\"inLanguage\":\"de\",\"potentialAction\":[{\"@type\":\"ReadAction\",\"target\":[\"https:\\\/\\\/www.vallonchene.fr\\\/de\\\/produkt\\\/ampelopsis-megalophylla-syn-vitis-megalophylla\\\/\"]}]},{\"@type\":\"ImageObject\",\"inLanguage\":\"de\",\"@id\":\"https:\\\/\\\/www.vallonchene.fr\\\/de\\\/produkt\\\/ampelopsis-megalophylla-syn-vitis-megalophylla\\\/#primaryimage\",\"url\":\"https:\\\/\\\/www.vallonchene.fr\\\/wp-content\\\/uploads\\\/2024\\\/09\\\/AMPELOPSIS-megalophylla_01.webp\",\"contentUrl\":\"https:\\\/\\\/www.vallonchene.fr\\\/wp-content\\\/uploads\\\/2024\\\/09\\\/AMPELOPSIS-megalophylla_01.webp\",\"width\":1200,\"height\":1198,\"caption\":\"Laub und Bl\u00fcten von AMPELOPSIS megalophylla\"},{\"@type\":\"BreadcrumbList\",\"@id\":\"https:\\\/\\\/www.vallonchene.fr\\\/de\\\/produkt\\\/ampelopsis-megalophylla-syn-vitis-megalophylla\\\/#breadcrumb\",\"itemListElement\":[{\"@type\":\"ListItem\",\"position\":1,\"name\":\"Home\",\"item\":\"https:\\\/\\\/www.vallonchene.fr\\\/de\\\/\"},{\"@type\":\"ListItem\",\"position\":2,\"name\":\"Shop\",\"item\":\"https:\\\/\\\/www.vallonchene.fr\\\/de\\\/shop\\\/\"},{\"@type\":\"ListItem\",\"position\":3,\"name\":\"AMPELOPSIS megalophylla (syn. VITIS megalophylla)\"}]},{\"@type\":\"WebSite\",\"@id\":\"https:\\\/\\\/www.vallonchene.fr\\\/de\\\/#website\",\"url\":\"https:\\\/\\\/www.vallonchene.fr\\\/de\\\/\",\"name\":\"Vallonch\u00eane\",\"description\":\"Die Baumschule, bei der Qualit\u00e4t ihre Wurzeln hat \u2013 Tel.: +49 (0)6838-5399840\",\"publisher\":{\"@id\":\"https:\\\/\\\/www.vallonchene.fr\\\/de\\\/#organization\"},\"potentialAction\":[{\"@type\":\"SearchAction\",\"target\":{\"@type\":\"EntryPoint\",\"urlTemplate\":\"https:\\\/\\\/www.vallonchene.fr\\\/de\\\/?s={search_term_string}\"},\"query-input\":{\"@type\":\"PropertyValueSpecification\",\"valueRequired\":true,\"valueName\":\"search_term_string\"}}],\"inLanguage\":\"de\"},{\"@type\":\"Organization\",\"@id\":\"https:\\\/\\\/www.vallonchene.fr\\\/de\\\/#organization\",\"name\":\"VALLONCHENE\",\"url\":\"https:\\\/\\\/www.vallonchene.fr\\\/de\\\/\",\"logo\":{\"@type\":\"ImageObject\",\"inLanguage\":\"de\",\"@id\":\"https:\\\/\\\/www.vallonchene.fr\\\/de\\\/#\\\/schema\\\/logo\\\/image\\\/\",\"url\":\"https:\\\/\\\/www.vallonchene.fr\\\/wp-content\\\/uploads\\\/2023\\\/03\\\/Logo-Vallonchene-site-et-R_hauteur_100.png\",\"contentUrl\":\"https:\\\/\\\/www.vallonchene.fr\\\/wp-content\\\/uploads\\\/2023\\\/03\\\/Logo-Vallonchene-site-et-R_hauteur_100.png\",\"width\":221,\"height\":100,\"caption\":\"VALLONCHENE\"},\"image\":{\"@id\":\"https:\\\/\\\/www.vallonchene.fr\\\/de\\\/#\\\/schema\\\/logo\\\/image\\\/\"},\"sameAs\":[\"https:\\\/\\\/www.facebook.com\\\/vallonchene.fr\",\"https:\\\/\\\/www.instagram.com\\\/vallonchene\\\/\",\"https:\\\/\\\/www.pinterest.fr\\\/vallonchene\\\/\"],\"taxID\":\"49454502300017\",\"hasMerchantReturnPolicy\":{\"@type\":\"MerchantReturnPolicy\",\"merchantReturnLink\":\"https:\\\/\\\/www.vallonchene.fr\\\/remboursements_retours\\\/\"}}]}<\/script>\n<meta property=\"og:availability\" content=\"out of stock\" \/>\n<meta property=\"product:availability\" content=\"out of stock\" \/>\n<meta property=\"product:condition\" content=\"new\" \/>\n<!-- \/ Yoast SEO Premium plugin. -->","yoast_head_json":{"title":"AMPELOPSIS megalophylla - Scheinrebe","description":"Diese Scheinrebe hat extrem gro\u00dfe Bl\u00e4tter von \u00fcber 50 cm. Die AMPELOPSIS megalophylla (syn. VITIS megalophylla) w\u00e4chst auch schneller.","robots":{"index":"index","follow":"follow","max-snippet":"max-snippet:-1","max-image-preview":"max-image-preview:large","max-video-preview":"max-video-preview:-1"},"canonical":"https:\/\/www.vallonchene.fr\/de\/produkt\/ampelopsis-megalophylla-syn-vitis-megalophylla\/","og_locale":"de_DE","og_type":"article","og_title":"AMPELOPSIS megalophylla (syn. VITIS megalophylla)","og_description":"Diese Scheinrebe hat extrem gro\u00dfe Bl\u00e4tter von \u00fcber 50 cm. Die AMPELOPSIS megalophylla (syn. VITIS megalophylla) w\u00e4chst auch schneller.","og_url":"https:\/\/www.vallonchene.fr\/de\/produkt\/ampelopsis-megalophylla-syn-vitis-megalophylla\/","og_site_name":"Vallonch\u00eane","article_publisher":"https:\/\/www.facebook.com\/vallonchene.fr","article_modified_time":"2024-09-12T14:03:07+00:00","og_image":[{"width":1200,"height":1198,"url":"https:\/\/www.vallonchene.fr\/wp-content\/uploads\/2024\/09\/AMPELOPSIS-megalophylla_01.webp","type":"image\/webp"}],"twitter_card":"summary_large_image","twitter_misc":{"Verf\u00fcgbarkeit":"Nicht vorr\u00e4tig"},"schema":{"@context":"https:\/\/schema.org","@graph":[{"@type":"WebPage","@id":"https:\/\/www.vallonchene.fr\/de\/produkt\/ampelopsis-megalophylla-syn-vitis-megalophylla\/","url":"https:\/\/www.vallonchene.fr\/de\/produkt\/ampelopsis-megalophylla-syn-vitis-megalophylla\/","name":"AMPELOPSIS megalophylla - Scheinrebe","isPartOf":{"@id":"https:\/\/www.vallonchene.fr\/de\/#website"},"primaryImageOfPage":{"@id":"https:\/\/www.vallonchene.fr\/de\/produkt\/ampelopsis-megalophylla-syn-vitis-megalophylla\/#primaryimage"},"image":{"@id":"https:\/\/www.vallonchene.fr\/de\/produkt\/ampelopsis-megalophylla-syn-vitis-megalophylla\/#primaryimage"},"thumbnailUrl":"https:\/\/www.vallonchene.fr\/wp-content\/uploads\/2024\/09\/AMPELOPSIS-megalophylla_01.webp","datePublished":"2024-09-12T13:03:07+00:00","dateModified":"2024-09-12T14:03:07+00:00","description":"Diese Scheinrebe hat extrem gro\u00dfe Bl\u00e4tter von \u00fcber 50 cm. Die AMPELOPSIS megalophylla (syn. VITIS megalophylla) w\u00e4chst auch schneller.","breadcrumb":{"@id":"https:\/\/www.vallonchene.fr\/de\/produkt\/ampelopsis-megalophylla-syn-vitis-megalophylla\/#breadcrumb"},"inLanguage":"de","potentialAction":[{"@type":"ReadAction","target":["https:\/\/www.vallonchene.fr\/de\/produkt\/ampelopsis-megalophylla-syn-vitis-megalophylla\/"]}]},{"@type":"ImageObject","inLanguage":"de","@id":"https:\/\/www.vallonchene.fr\/de\/produkt\/ampelopsis-megalophylla-syn-vitis-megalophylla\/#primaryimage","url":"https:\/\/www.vallonchene.fr\/wp-content\/uploads\/2024\/09\/AMPELOPSIS-megalophylla_01.webp","contentUrl":"https:\/\/www.vallonchene.fr\/wp-content\/uploads\/2024\/09\/AMPELOPSIS-megalophylla_01.webp","width":1200,"height":1198,"caption":"Laub und Bl\u00fcten von AMPELOPSIS megalophylla"},{"@type":"BreadcrumbList","@id":"https:\/\/www.vallonchene.fr\/de\/produkt\/ampelopsis-megalophylla-syn-vitis-megalophylla\/#breadcrumb","itemListElement":[{"@type":"ListItem","position":1,"name":"Home","item":"https:\/\/www.vallonchene.fr\/de\/"},{"@type":"ListItem","position":2,"name":"Shop","item":"https:\/\/www.vallonchene.fr\/de\/shop\/"},{"@type":"ListItem","position":3,"name":"AMPELOPSIS megalophylla (syn. VITIS megalophylla)"}]},{"@type":"WebSite","@id":"https:\/\/www.vallonchene.fr\/de\/#website","url":"https:\/\/www.vallonchene.fr\/de\/","name":"Vallonch\u00eane","description":"Die Baumschule, bei der Qualit\u00e4t ihre Wurzeln hat \u2013 Tel.: +49 (0)6838-5399840","publisher":{"@id":"https:\/\/www.vallonchene.fr\/de\/#organization"},"potentialAction":[{"@type":"SearchAction","target":{"@type":"EntryPoint","urlTemplate":"https:\/\/www.vallonchene.fr\/de\/?s={search_term_string}"},"query-input":{"@type":"PropertyValueSpecification","valueRequired":true,"valueName":"search_term_string"}}],"inLanguage":"de"},{"@type":"Organization","@id":"https:\/\/www.vallonchene.fr\/de\/#organization","name":"VALLONCHENE","url":"https:\/\/www.vallonchene.fr\/de\/","logo":{"@type":"ImageObject","inLanguage":"de","@id":"https:\/\/www.vallonchene.fr\/de\/#\/schema\/logo\/image\/","url":"https:\/\/www.vallonchene.fr\/wp-content\/uploads\/2023\/03\/Logo-Vallonchene-site-et-R_hauteur_100.png","contentUrl":"https:\/\/www.vallonchene.fr\/wp-content\/uploads\/2023\/03\/Logo-Vallonchene-site-et-R_hauteur_100.png","width":221,"height":100,"caption":"VALLONCHENE"},"image":{"@id":"https:\/\/www.vallonchene.fr\/de\/#\/schema\/logo\/image\/"},"sameAs":["https:\/\/www.facebook.com\/vallonchene.fr","https:\/\/www.instagram.com\/vallonchene\/","https:\/\/www.pinterest.fr\/vallonchene\/"],"taxID":"49454502300017","hasMerchantReturnPolicy":{"@type":"MerchantReturnPolicy","merchantReturnLink":"https:\/\/www.vallonchene.fr\/remboursements_retours\/"}}]},"og_availability":"out of stock","product_availability":"out of stock","product_condition":"new"},"_links":{"self":[{"href":"https:\/\/www.vallonchene.fr\/de\/wp-json\/wp\/v2\/product\/49178","targetHints":{"allow":["GET"]}}],"collection":[{"href":"https:\/\/www.vallonchene.fr\/de\/wp-json\/wp\/v2\/product"}],"about":[{"href":"https:\/\/www.vallonchene.fr\/de\/wp-json\/wp\/v2\/types\/product"}],"replies":[{"embeddable":true,"href":"https:\/\/www.vallonchene.fr\/de\/wp-json\/wp\/v2\/comments?post=49178"}],"wp:featuredmedia":[{"embeddable":true,"href":"https:\/\/www.vallonchene.fr\/de\/wp-json\/wp\/v2\/media\/49077"}],"wp:attachment":[{"href":"https:\/\/www.vallonchene.fr\/de\/wp-json\/wp\/v2\/media?parent=49178"}],"wp:term":[{"taxonomy":"product_brand","embeddable":true,"href":"https:\/\/www.vallonchene.fr\/de\/wp-json\/wp\/v2\/product_brand?post=49178"},{"taxonomy":"product_cat","embeddable":true,"href":"https:\/\/www.vallonchene.fr\/de\/wp-json\/wp\/v2\/product_cat?post=49178"},{"taxonomy":"product_tag","embeddable":true,"href":"https:\/\/www.vallonchene.fr\/de\/wp-json\/wp\/v2\/product_tag?post=49178"}],"curies":[{"name":"wp","href":"https:\/\/api.w.org\/{rel}","templated":true}]}}