{"id":45254,"date":"2023-11-01T14:35:13","date_gmt":"2023-11-01T13:35:13","guid":{"rendered":"https:\/\/www.vallonchene.fr\/?post_type=product&#038;p=45254"},"modified":"2025-10-31T14:44:38","modified_gmt":"2025-10-31T13:44:38","slug":"stewartia-malacodendron-seidenkamelie-seidene-scheinkamelie","status":"publish","type":"product","link":"https:\/\/www.vallonchene.fr\/de\/produkt\/stewartia-malacodendron-seidenkamelie-seidene-scheinkamelie\/","title":{"rendered":"STEWARTIA malacodendron"},"content":{"rendered":"<h2>Die Pflanze<\/h2>\n<p>Zun\u00e4chst zeichnet sich der <strong>STEWARTIA malacodendron<\/strong> durch seine au\u00dfergew\u00f6hnlichen Merkmale aus. Diese \u00e4u\u00dferst seltene Pflanze tr\u00e4gt <strong>strahlend wei\u00dfe Bl\u00fcten<\/strong>, die Reinheit und Eleganz symbolisieren. <\/p>\n<p>Aber das ist noch nicht alles: Die Pflanze zeichnet sich auch durch ihre <strong>dekorative Rinde<\/strong> aus, ein wahres Kunstwerk der Natur, das selbst im Winter Charakter verleiht.<\/p>\n<p>Ferner verwandelt sich sein <strong>Laub im Herbst in ein Spektrum warmer und lebendiger Farben<\/strong>. Es verleiht Ihrem Garten je nach Jahreszeit eine spektakul\u00e4re und wandelbare Note. Au\u00dferdem zeugen sein zartes Laub und seine harmonische Silhouette von seinem edlen Charakter. Somit bringt der STEWARTIA malacodendron eine Prise Raffinesse und zeitlose Sch\u00f6nheit in Ihren Garten.   <\/p>\n<p>Die <strong>Seidenkamelie<\/strong> (<strong>Seiden-Stewartie<\/strong>) kann offiziell Temperaturen von bis zu -12 \u00b0C standhalten. Allerdings haben verschiedene europ\u00e4ische Arboreten beobachtet, dass sie wesentlich extremere Bedingungen \u00fcberstehen kann, wie es im Winter 1985 der Fall war. <\/p>\n<p>Au\u00dferdem verk\u00f6rpert diese Pflanze, ein wahres Juwel der Natur, die pflanzliche Eleganz und l\u00e4dt jeden ein, sich wieder mit der Pracht der Natur zu verbinden.<\/p>\n<h2>Wie pflanzt und pflegt man STEWARTIA malacodendron?<\/h2>\n<h3>Die Pflanzung <br \/><\/h3>\n<p>Um die ganze Pracht des STEWARTIA malacodendron zu genie\u00dfen, ist die Wahl des Standorts von entscheidender Bedeutung.<\/p>\n<ol>\n<li>Um eine optimale Entwicklung zu gew\u00e4hrleisten, ist die Wahl des Standorts von gr\u00f6\u00dfter Bedeutung. Zun\u00e4chst sollten Sie einen Ort mit optimaler Sonneneinstrahlung w\u00e4hlen, von voller Sonne bis Halbschatten. Allerdings bevorzugt Halbschatten.  <\/li>\n<li>Die Pflanze muss vor starken Winden gesch\u00fctzt werden, und es sollte f\u00fcr ausreichendes Licht gesorgt werden, um die Herbstf\u00e4rbung ihres Laubs zu intensivieren.<\/li>\n<li>Au\u00dferdem sollte der Boden gut durchl\u00e4ssig und mit N\u00e4hrstoffen angereichert sein, damit das Wurzelsystem seine volle Kraft entfalten kann.<\/li>\n<li><a href=\"https:\/\/www.vallonchene.fr\/comment-planter-et-entretenir-des-vegetaux\/comment-planter-et-entretenir-arbres-arbustes-et-coniferes\/\" target=\"_blank\" rel=\"noreferrer noopener\"><strong>F\u00fcr eine gute Vorbereitung des Pflanzlochs haben wir spezielle Anweisungen entwickelt, die hier verf\u00fcgbar sind. <\/strong><\/a><\/li>\n<\/ol>\n<h3>Die Pflege<\/h3>\n<ol>\n<li>Diese Pflanze erfordert keine besondere Pflege, abgesehen von einer \u00dcberwachung der Bew\u00e4sserung, insbesondere w\u00e4hrend trockener Perioden in den ersten beiden Jahren.<\/li>\n<li>Falls n\u00f6tig, k\u00f6nnen Sie dieses kleine Wunder im Februar vor dem neuen Austrieb zur\u00fcckschneiden.<\/li>\n<li>Vermeiden Sie das Umpflanzen von einem Ort zum anderen, da die Pflanze dies nicht gut vertr\u00e4gt.<\/li>\n<li><a href=\"https:\/\/www.vallonchene.fr\/comment-bien-arroser-le-jardin-et-economiser-leau\/\"><strong>Lesen Sie hier auch unsere Tipps zum richtigen Gie\u00dfen und Wassersparen<\/strong><\/a>.<\/li>\n<\/ol>\n<h2>Geschichte und Herkunft von STEWARTIA malacodendron<\/h2>\n<p>Der <strong>STEWARTIA malacodendron<\/strong>, der aus Texas stammt, ist dort selten. Man findet ihn normalerweise in der N\u00e4he von Burkeville entlang von Fl\u00fcssen und Schluchten auf gut durchl\u00e4ssigen B\u00f6den. <\/p>\n<p>Ebenso entwickeln sich Populationen in mehreren US-Bundesstaaten, insbesondere in Arkansas, Georgia, Florida, Louisiana sowie vom S\u00fcden Alabamas bis in den Norden Virginias.<\/p>\n<p>Es ist wichtig hervorzuheben, dass diese Pflanze in den Bundesstaaten Arkansas und Florida als \u201egef\u00e4hrdet\u201c eingestuft wird.<\/p>\n<p>Au\u00dferdem wird die Seidenkamelie seit 1752 von den Amerikanern kultiviert.<\/p>\n<p>Schlie\u00dflich hat die Royal Horticultural Society (RHS) ihr eine Auszeichnung verliehen und damit ihren au\u00dfergew\u00f6hnlichen Wert anerkannt.<\/p>\n<p>&nbsp;<\/p>\n<div><\/div>\n","protected":false},"excerpt":{"rendered":"<p>Der <strong>STEWARTIA malacodendron<\/strong>, auch als <strong>Seidenkamelie<\/strong> oder <strong>Seiden-Stewartie<\/strong> bekannt, bl\u00fcht wei\u00df. Seine Rinde ist \u00e4u\u00dferst dekorativ. Im Herbst nimmt sein Laub wundersch\u00f6ne rote Farbt\u00f6ne an. Es handelt sich um eine \u00e4u\u00dferst seltene Pflanze.   <\/p>\n","protected":false},"featured_media":52652,"comment_status":"open","ping_status":"closed","template":"","meta":[],"product_brand":[],"product_cat":[10733,252],"product_tag":[],"class_list":{"0":"post-45254","1":"product","2":"type-product","3":"status-publish","4":"has-post-thumbnail","6":"product_cat-seltene-pflanzen-sammlerpflanzen","7":"product_cat-straucher-und-baume-de","8":"pa_couleurautomnaledufeuillage-rot-de","9":"pa_couleurdelecorce-kupferfarben-de","10":"pa_couleurdesfleurs-weiss-de","11":"pa_couleurnormaledufeuillage-grun-de","12":"pa_exigencesenhumidite-normal-de","13":"pa_expositionspossibles-ce-halbschattigsonnezw12und17-de","14":"pa_expositionspossibles-sonnigvon12bis17uhr-de","15":"pa_hauteurlivree-100-bis-125-cm","16":"pa_hauteurlivree-50-bis-60-cm","17":"pa_hauteurlivree-80-bis-100-cm","18":"pa_interetauprintemps-bluten-de","19":"pa_interetauprintemps-laub-de","20":"pa_interetauprintemps-rinde-de","21":"pa_interetenautomne-laub-de","22":"pa_interetenautomne-rinde-de","23":"pa_interetenete-laub-de","24":"pa_interetenete-rinde-de","25":"pa_interetenhiver-rinde-de","26":"pa_naturedufeuillage-nichtimmergrun-de","27":"pa_naturesdesolpossibles-leicht-de","28":"pa_naturesdesolpossibles-normal-de","29":"pa_particularites-besondersschonerinde-de","30":"pa_periodedefloraison-fruhling-de","31":"pa_periodedetaille-febr-de","32":"pa_phdusolacceptable-neutralzw65u75-de","33":"pa_phdusolacceptable-sauerwenigerals65-de","34":"pa_portgraphisme-aufrecht-de","35":"pa_presentationdelecorce-glatt-de","36":"pa_resistanceaufroidrusticite-frostbestandigbis_10c-de","37":"pa_tailledepot-1-5-liter-topf","38":"pa_tailledepot-5liter_topf-de","39":"pa_tailledepot-75liter_topf-de","40":"pa_utilisationpossible-alleinstehend-de","41":"pa_utilisationpossible-beet-de","43":"first","44":"outofstock","45":"taxable","46":"shipping-taxable","47":"purchasable","48":"product-type-variable"},"supplier_id":null,"supplier_sku":"","barcode":null,"atum_controlled":true,"out_stock_date":null,"out_stock_threshold":null,"inheritable":true,"inbound_stock":0,"stock_on_hold":0,"sold_today":0,"sales_last_days":0,"reserved_stock":0,"customer_returns":0,"warehouse_damage":0,"lost_in_post":0,"other_logs":0,"out_stock_days":null,"lost_sales":0,"has_location":false,"update_date":"2026-02-18T15:50:18","atum_locations":[],"atum_stock_status":"instock","restock_status":false,"low_stock_amount":"","sales_update_date":"2026-02-18T15:50:18","calc_backorders":null,"yoast_head":"<!-- This site is optimized with the Yoast SEO Premium plugin v27.5 (Yoast SEO v27.5) - https:\/\/yoast.com\/product\/yoast-seo-premium-wordpress\/ -->\n<title>STEWARTIA malacodendron - Seidenkamelie, Seiden-Stewartie<\/title>\n<meta name=\"description\" content=\"Der STEWARTIA malacodendron (Seidenkamelie oder Seiden-Stewartie) bl\u00fcht wei\u00df. Seine Rinde ist sehr dekorativ, und sein Laub f\u00e4rbt sich im Herbst.\" \/>\n<meta name=\"robots\" content=\"index, follow, max-snippet:-1, max-image-preview:large, max-video-preview:-1\" \/>\n<link rel=\"canonical\" href=\"https:\/\/www.vallonchene.fr\/de\/produkt\/stewartia-malacodendron-seidenkamelie-seidene-scheinkamelie\/\" \/>\n<meta property=\"og:locale\" content=\"de_DE\" \/>\n<meta property=\"og:type\" content=\"article\" \/>\n<meta property=\"og:title\" content=\"STEWARTIA malacodendron\" \/>\n<meta property=\"og:description\" content=\"Der STEWARTIA malacodendron (Seidenkamelie oder Seiden-Stewartie) bl\u00fcht wei\u00df. Seine Rinde ist sehr dekorativ, und sein Laub f\u00e4rbt sich im Herbst.\" \/>\n<meta property=\"og:url\" content=\"https:\/\/www.vallonchene.fr\/de\/produkt\/stewartia-malacodendron-seidenkamelie-seidene-scheinkamelie\/\" \/>\n<meta property=\"og:site_name\" content=\"Vallonch\u00eane\" \/>\n<meta property=\"article:publisher\" content=\"https:\/\/www.facebook.com\/vallonchene.fr\" \/>\n<meta property=\"article:modified_time\" content=\"2025-10-31T13:44:38+00:00\" \/>\n<meta property=\"og:image\" content=\"https:\/\/www.vallonchene.fr\/wp-content\/uploads\/2025\/03\/Stewartia_malacodendron.jpg\" \/>\n\t<meta property=\"og:image:width\" content=\"1183\" \/>\n\t<meta property=\"og:image:height\" content=\"1000\" \/>\n\t<meta property=\"og:image:type\" content=\"image\/jpeg\" \/>\n<meta name=\"twitter:card\" content=\"summary_large_image\" \/>\n<meta name=\"twitter:label1\" content=\"Verf\u00fcgbarkeit\" \/>\n\t<meta name=\"twitter:data1\" content=\"Nicht vorr\u00e4tig\" \/>\n<script type=\"application\/ld+json\" class=\"yoast-schema-graph\">{\"@context\":\"https:\\\/\\\/schema.org\",\"@graph\":[{\"@type\":\"WebPage\",\"@id\":\"https:\\\/\\\/www.vallonchene.fr\\\/de\\\/produkt\\\/stewartia-malacodendron-seidenkamelie-seidene-scheinkamelie\\\/\",\"url\":\"https:\\\/\\\/www.vallonchene.fr\\\/de\\\/produkt\\\/stewartia-malacodendron-seidenkamelie-seidene-scheinkamelie\\\/\",\"name\":\"STEWARTIA malacodendron - Seidenkamelie, Seiden-Stewartie\",\"isPartOf\":{\"@id\":\"https:\\\/\\\/www.vallonchene.fr\\\/de\\\/#website\"},\"primaryImageOfPage\":{\"@id\":\"https:\\\/\\\/www.vallonchene.fr\\\/de\\\/produkt\\\/stewartia-malacodendron-seidenkamelie-seidene-scheinkamelie\\\/#primaryimage\"},\"image\":{\"@id\":\"https:\\\/\\\/www.vallonchene.fr\\\/de\\\/produkt\\\/stewartia-malacodendron-seidenkamelie-seidene-scheinkamelie\\\/#primaryimage\"},\"thumbnailUrl\":\"https:\\\/\\\/www.vallonchene.fr\\\/wp-content\\\/uploads\\\/2025\\\/03\\\/Stewartia_malacodendron.jpg\",\"datePublished\":\"2023-11-01T13:35:13+00:00\",\"dateModified\":\"2025-10-31T13:44:38+00:00\",\"description\":\"Der STEWARTIA malacodendron (Seidenkamelie oder Seiden-Stewartie) bl\u00fcht wei\u00df. Seine Rinde ist sehr dekorativ, und sein Laub f\u00e4rbt sich im Herbst.\",\"breadcrumb\":{\"@id\":\"https:\\\/\\\/www.vallonchene.fr\\\/de\\\/produkt\\\/stewartia-malacodendron-seidenkamelie-seidene-scheinkamelie\\\/#breadcrumb\"},\"inLanguage\":\"de\",\"potentialAction\":[{\"@type\":\"ReadAction\",\"target\":[\"https:\\\/\\\/www.vallonchene.fr\\\/de\\\/produkt\\\/stewartia-malacodendron-seidenkamelie-seidene-scheinkamelie\\\/\"]}]},{\"@type\":\"ImageObject\",\"inLanguage\":\"de\",\"@id\":\"https:\\\/\\\/www.vallonchene.fr\\\/de\\\/produkt\\\/stewartia-malacodendron-seidenkamelie-seidene-scheinkamelie\\\/#primaryimage\",\"url\":\"https:\\\/\\\/www.vallonchene.fr\\\/wp-content\\\/uploads\\\/2025\\\/03\\\/Stewartia_malacodendron.jpg\",\"contentUrl\":\"https:\\\/\\\/www.vallonchene.fr\\\/wp-content\\\/uploads\\\/2025\\\/03\\\/Stewartia_malacodendron.jpg\",\"width\":1183,\"height\":1000,\"caption\":\"Wei\u00dfe Bl\u00fcten von STEWARTIA malacodendron, von Melburnian, unter Lizenz CC Attribution share alike 3.0 unported\"},{\"@type\":\"BreadcrumbList\",\"@id\":\"https:\\\/\\\/www.vallonchene.fr\\\/de\\\/produkt\\\/stewartia-malacodendron-seidenkamelie-seidene-scheinkamelie\\\/#breadcrumb\",\"itemListElement\":[{\"@type\":\"ListItem\",\"position\":1,\"name\":\"Home\",\"item\":\"https:\\\/\\\/www.vallonchene.fr\\\/de\\\/\"},{\"@type\":\"ListItem\",\"position\":2,\"name\":\"Shop\",\"item\":\"https:\\\/\\\/www.vallonchene.fr\\\/de\\\/shop\\\/\"},{\"@type\":\"ListItem\",\"position\":3,\"name\":\"Online-Verkauf\",\"item\":\"https:\\\/\\\/www.vallonchene.fr\\\/de\\\/produkt-kategorie\\\/online-verkauf-de\\\/\"},{\"@type\":\"ListItem\",\"position\":4,\"name\":\"Baumschule\",\"item\":\"https:\\\/\\\/www.vallonchene.fr\\\/de\\\/produkt-kategorie\\\/online-verkauf-de\\\/baumschule-gaertnerei-de\\\/\"},{\"@type\":\"ListItem\",\"position\":5,\"name\":\"Seltene Pflanzen (Sammlerpflanzen)\",\"item\":\"https:\\\/\\\/www.vallonchene.fr\\\/de\\\/produkt-kategorie\\\/online-verkauf-de\\\/baumschule-gaertnerei-de\\\/seltene-pflanzen-sammlerpflanzen\\\/\"},{\"@type\":\"ListItem\",\"position\":6,\"name\":\"STEWARTIA malacodendron\"}]},{\"@type\":\"WebSite\",\"@id\":\"https:\\\/\\\/www.vallonchene.fr\\\/de\\\/#website\",\"url\":\"https:\\\/\\\/www.vallonchene.fr\\\/de\\\/\",\"name\":\"Vallonch\u00eane\",\"description\":\"Die Baumschule, bei der Qualit\u00e4t ihre Wurzeln hat \u2013 Tel.: +49 (0)6838-5399840\",\"publisher\":{\"@id\":\"https:\\\/\\\/www.vallonchene.fr\\\/de\\\/#organization\"},\"potentialAction\":[{\"@type\":\"SearchAction\",\"target\":{\"@type\":\"EntryPoint\",\"urlTemplate\":\"https:\\\/\\\/www.vallonchene.fr\\\/de\\\/?s={search_term_string}\"},\"query-input\":{\"@type\":\"PropertyValueSpecification\",\"valueRequired\":true,\"valueName\":\"search_term_string\"}}],\"inLanguage\":\"de\"},{\"@type\":\"Organization\",\"@id\":\"https:\\\/\\\/www.vallonchene.fr\\\/de\\\/#organization\",\"name\":\"VALLONCHENE\",\"url\":\"https:\\\/\\\/www.vallonchene.fr\\\/de\\\/\",\"logo\":{\"@type\":\"ImageObject\",\"inLanguage\":\"de\",\"@id\":\"https:\\\/\\\/www.vallonchene.fr\\\/de\\\/#\\\/schema\\\/logo\\\/image\\\/\",\"url\":\"https:\\\/\\\/www.vallonchene.fr\\\/wp-content\\\/uploads\\\/2023\\\/03\\\/Logo-Vallonchene-site-et-R_hauteur_100.png\",\"contentUrl\":\"https:\\\/\\\/www.vallonchene.fr\\\/wp-content\\\/uploads\\\/2023\\\/03\\\/Logo-Vallonchene-site-et-R_hauteur_100.png\",\"width\":221,\"height\":100,\"caption\":\"VALLONCHENE\"},\"image\":{\"@id\":\"https:\\\/\\\/www.vallonchene.fr\\\/de\\\/#\\\/schema\\\/logo\\\/image\\\/\"},\"sameAs\":[\"https:\\\/\\\/www.facebook.com\\\/vallonchene.fr\",\"https:\\\/\\\/www.instagram.com\\\/vallonchene\\\/\",\"https:\\\/\\\/www.pinterest.fr\\\/vallonchene\\\/\"],\"taxID\":\"49454502300017\",\"hasMerchantReturnPolicy\":{\"@type\":\"MerchantReturnPolicy\",\"merchantReturnLink\":\"https:\\\/\\\/www.vallonchene.fr\\\/remboursements_retours\\\/\"}}]}<\/script>\n<meta property=\"og:availability\" content=\"out of stock\" \/>\n<meta property=\"product:availability\" content=\"out of stock\" \/>\n<meta property=\"product:retailer_item_id\" content=\"58496\" \/>\n<meta property=\"product:condition\" content=\"new\" \/>\n<!-- \/ Yoast SEO Premium plugin. -->","yoast_head_json":{"title":"STEWARTIA malacodendron - Seidenkamelie, Seiden-Stewartie","description":"Der STEWARTIA malacodendron (Seidenkamelie oder Seiden-Stewartie) bl\u00fcht wei\u00df. Seine Rinde ist sehr dekorativ, und sein Laub f\u00e4rbt sich im Herbst.","robots":{"index":"index","follow":"follow","max-snippet":"max-snippet:-1","max-image-preview":"max-image-preview:large","max-video-preview":"max-video-preview:-1"},"canonical":"https:\/\/www.vallonchene.fr\/de\/produkt\/stewartia-malacodendron-seidenkamelie-seidene-scheinkamelie\/","og_locale":"de_DE","og_type":"article","og_title":"STEWARTIA malacodendron","og_description":"Der STEWARTIA malacodendron (Seidenkamelie oder Seiden-Stewartie) bl\u00fcht wei\u00df. Seine Rinde ist sehr dekorativ, und sein Laub f\u00e4rbt sich im Herbst.","og_url":"https:\/\/www.vallonchene.fr\/de\/produkt\/stewartia-malacodendron-seidenkamelie-seidene-scheinkamelie\/","og_site_name":"Vallonch\u00eane","article_publisher":"https:\/\/www.facebook.com\/vallonchene.fr","article_modified_time":"2025-10-31T13:44:38+00:00","og_image":[{"width":1183,"height":1000,"url":"https:\/\/www.vallonchene.fr\/wp-content\/uploads\/2025\/03\/Stewartia_malacodendron.jpg","type":"image\/jpeg"}],"twitter_card":"summary_large_image","twitter_misc":{"Verf\u00fcgbarkeit":"Nicht vorr\u00e4tig"},"schema":{"@context":"https:\/\/schema.org","@graph":[{"@type":"WebPage","@id":"https:\/\/www.vallonchene.fr\/de\/produkt\/stewartia-malacodendron-seidenkamelie-seidene-scheinkamelie\/","url":"https:\/\/www.vallonchene.fr\/de\/produkt\/stewartia-malacodendron-seidenkamelie-seidene-scheinkamelie\/","name":"STEWARTIA malacodendron - Seidenkamelie, Seiden-Stewartie","isPartOf":{"@id":"https:\/\/www.vallonchene.fr\/de\/#website"},"primaryImageOfPage":{"@id":"https:\/\/www.vallonchene.fr\/de\/produkt\/stewartia-malacodendron-seidenkamelie-seidene-scheinkamelie\/#primaryimage"},"image":{"@id":"https:\/\/www.vallonchene.fr\/de\/produkt\/stewartia-malacodendron-seidenkamelie-seidene-scheinkamelie\/#primaryimage"},"thumbnailUrl":"https:\/\/www.vallonchene.fr\/wp-content\/uploads\/2025\/03\/Stewartia_malacodendron.jpg","datePublished":"2023-11-01T13:35:13+00:00","dateModified":"2025-10-31T13:44:38+00:00","description":"Der STEWARTIA malacodendron (Seidenkamelie oder Seiden-Stewartie) bl\u00fcht wei\u00df. Seine Rinde ist sehr dekorativ, und sein Laub f\u00e4rbt sich im Herbst.","breadcrumb":{"@id":"https:\/\/www.vallonchene.fr\/de\/produkt\/stewartia-malacodendron-seidenkamelie-seidene-scheinkamelie\/#breadcrumb"},"inLanguage":"de","potentialAction":[{"@type":"ReadAction","target":["https:\/\/www.vallonchene.fr\/de\/produkt\/stewartia-malacodendron-seidenkamelie-seidene-scheinkamelie\/"]}]},{"@type":"ImageObject","inLanguage":"de","@id":"https:\/\/www.vallonchene.fr\/de\/produkt\/stewartia-malacodendron-seidenkamelie-seidene-scheinkamelie\/#primaryimage","url":"https:\/\/www.vallonchene.fr\/wp-content\/uploads\/2025\/03\/Stewartia_malacodendron.jpg","contentUrl":"https:\/\/www.vallonchene.fr\/wp-content\/uploads\/2025\/03\/Stewartia_malacodendron.jpg","width":1183,"height":1000,"caption":"Wei\u00dfe Bl\u00fcten von STEWARTIA malacodendron, von Melburnian, unter Lizenz CC Attribution share alike 3.0 unported"},{"@type":"BreadcrumbList","@id":"https:\/\/www.vallonchene.fr\/de\/produkt\/stewartia-malacodendron-seidenkamelie-seidene-scheinkamelie\/#breadcrumb","itemListElement":[{"@type":"ListItem","position":1,"name":"Home","item":"https:\/\/www.vallonchene.fr\/de\/"},{"@type":"ListItem","position":2,"name":"Shop","item":"https:\/\/www.vallonchene.fr\/de\/shop\/"},{"@type":"ListItem","position":3,"name":"Online-Verkauf","item":"https:\/\/www.vallonchene.fr\/de\/produkt-kategorie\/online-verkauf-de\/"},{"@type":"ListItem","position":4,"name":"Baumschule","item":"https:\/\/www.vallonchene.fr\/de\/produkt-kategorie\/online-verkauf-de\/baumschule-gaertnerei-de\/"},{"@type":"ListItem","position":5,"name":"Seltene Pflanzen (Sammlerpflanzen)","item":"https:\/\/www.vallonchene.fr\/de\/produkt-kategorie\/online-verkauf-de\/baumschule-gaertnerei-de\/seltene-pflanzen-sammlerpflanzen\/"},{"@type":"ListItem","position":6,"name":"STEWARTIA malacodendron"}]},{"@type":"WebSite","@id":"https:\/\/www.vallonchene.fr\/de\/#website","url":"https:\/\/www.vallonchene.fr\/de\/","name":"Vallonch\u00eane","description":"Die Baumschule, bei der Qualit\u00e4t ihre Wurzeln hat \u2013 Tel.: +49 (0)6838-5399840","publisher":{"@id":"https:\/\/www.vallonchene.fr\/de\/#organization"},"potentialAction":[{"@type":"SearchAction","target":{"@type":"EntryPoint","urlTemplate":"https:\/\/www.vallonchene.fr\/de\/?s={search_term_string}"},"query-input":{"@type":"PropertyValueSpecification","valueRequired":true,"valueName":"search_term_string"}}],"inLanguage":"de"},{"@type":"Organization","@id":"https:\/\/www.vallonchene.fr\/de\/#organization","name":"VALLONCHENE","url":"https:\/\/www.vallonchene.fr\/de\/","logo":{"@type":"ImageObject","inLanguage":"de","@id":"https:\/\/www.vallonchene.fr\/de\/#\/schema\/logo\/image\/","url":"https:\/\/www.vallonchene.fr\/wp-content\/uploads\/2023\/03\/Logo-Vallonchene-site-et-R_hauteur_100.png","contentUrl":"https:\/\/www.vallonchene.fr\/wp-content\/uploads\/2023\/03\/Logo-Vallonchene-site-et-R_hauteur_100.png","width":221,"height":100,"caption":"VALLONCHENE"},"image":{"@id":"https:\/\/www.vallonchene.fr\/de\/#\/schema\/logo\/image\/"},"sameAs":["https:\/\/www.facebook.com\/vallonchene.fr","https:\/\/www.instagram.com\/vallonchene\/","https:\/\/www.pinterest.fr\/vallonchene\/"],"taxID":"49454502300017","hasMerchantReturnPolicy":{"@type":"MerchantReturnPolicy","merchantReturnLink":"https:\/\/www.vallonchene.fr\/remboursements_retours\/"}}]},"og_availability":"out of stock","product_availability":"out of stock","product_retailer_item_id":"58496","product_condition":"new"},"_links":{"self":[{"href":"https:\/\/www.vallonchene.fr\/de\/wp-json\/wp\/v2\/product\/45254","targetHints":{"allow":["GET"]}}],"collection":[{"href":"https:\/\/www.vallonchene.fr\/de\/wp-json\/wp\/v2\/product"}],"about":[{"href":"https:\/\/www.vallonchene.fr\/de\/wp-json\/wp\/v2\/types\/product"}],"replies":[{"embeddable":true,"href":"https:\/\/www.vallonchene.fr\/de\/wp-json\/wp\/v2\/comments?post=45254"}],"wp:featuredmedia":[{"embeddable":true,"href":"https:\/\/www.vallonchene.fr\/de\/wp-json\/wp\/v2\/media\/52652"}],"wp:attachment":[{"href":"https:\/\/www.vallonchene.fr\/de\/wp-json\/wp\/v2\/media?parent=45254"}],"wp:term":[{"taxonomy":"product_brand","embeddable":true,"href":"https:\/\/www.vallonchene.fr\/de\/wp-json\/wp\/v2\/product_brand?post=45254"},{"taxonomy":"product_cat","embeddable":true,"href":"https:\/\/www.vallonchene.fr\/de\/wp-json\/wp\/v2\/product_cat?post=45254"},{"taxonomy":"product_tag","embeddable":true,"href":"https:\/\/www.vallonchene.fr\/de\/wp-json\/wp\/v2\/product_tag?post=45254"}],"curies":[{"name":"wp","href":"https:\/\/api.w.org\/{rel}","templated":true}]}}