{"id":44888,"date":"2023-09-14T14:55:36","date_gmt":"2023-09-14T14:55:36","guid":{"rendered":"https:\/\/www.vallonchene.fr\/produit\/alchornea-davidii\/"},"modified":"2025-04-11T07:29:24","modified_gmt":"2025-04-11T06:29:24","slug":"alchornea-davidii","status":"publish","type":"product","link":"https:\/\/www.vallonchene.fr\/de\/produkt\/alchornea-davidii\/","title":{"rendered":"ALCHORNEA davidii"},"content":{"rendered":"<h2>Die Pflanze<\/h2>\n<p>Die <strong>ALCHORNEA davidii<\/strong>, auch bekannt als <strong>Davids Alchornea<\/strong>, ist eine laubabwerfende Pflanze, die aus China stammt.<\/p>\n<p>Im Fr\u00fchling entwickelt sie ein <strong>leuchtend rotes Laub<\/strong>. Dann, mit dem Fortschreiten des Sommers, wird das <strong>runde und gewellte Laub<\/strong> gr\u00fcn. <\/p>\n<p>Sp\u00e4ter im Herbst nehmen die Bl\u00e4tter eine <strong>gelbe, orange und rote Farbe<\/strong> an und erhellen erneut den Garten.<\/p>\n<p>Trotz ihrer exotischen Herkunft h\u00e4lt Davids Alchornea <strong>Temperaturen von bis zu -20 \u00b0C<\/strong> stand. In den ersten Jahren kann die Pflanze jedoch einfrieren und von der Basis aus neu austreiben, was v\u00f6llig normal ist. <\/p>\n<h2>Wie pflanzt und pflegt man ALCHORNEA davidii?<\/h2>\n<h3>Pflanzung<\/h3>\n<p>Um die Vorteile dieses wunderbaren Strauchs voll auszusch\u00f6pfen, beachten Sie die folgenden Punkte:<\/p>\n<ol>\n<li>Suchen Sie f\u00fcr sie einen vor Wind gesch\u00fctzten Standort in voller Sonne oder im Halbschatten.<\/li>\n<li>Der Boden sollte leicht oder normal sein.<\/li>\n<li>Die Pflanze toleriert sauren, neutralen und kalkhaltigen pH-Wert.<\/li>\n<li><a href=\"https:\/\/www.vallonchene.fr\/comment-planter-et-entretenir-des-vegetaux\/comment-planter-et-entretenir-arbres-arbustes-et-coniferes\/\" target=\"_blank\" rel=\"noreferrer noopener\"><strong>F\u00fcr eine gute Vorbereitung des Pflanzlochs haben wir spezielle Anweisungen entwickelt, die hier verf\u00fcgbar sind. <\/strong><\/a><\/li>\n<\/ol>\n<h3>Pflege<\/h3>\n<p>Wie bei jeder frisch gepflanzten Pflanze sorgen Sie in den ersten zwei Jahren w\u00e4hrend Trockenperioden f\u00fcr eine gute Bew\u00e4sserung.<\/p>\n<p>Wenn Sie im Jugendstadium das oben beschriebene Gefrieren feststellen, entfernen Sie die abgestorbenen \u00c4ste NACH dem Austrieb. So vermeiden Sie, intakte \u00c4ste zu entfernen. <\/p>\n<p>Au\u00dferdem ist die ALCHORNEA davidii recht pflegeleicht und erfordert keine besondere Pflege.<\/p>\n<p><a href=\"https:\/\/www.vallonchene.fr\/comment-bien-arroser-le-jardin-et-economiser-leau\/\"><strong>Lesen Sie hier auch unsere Tipps zum richtigen Gie\u00dfen und Wassersparen<\/strong><\/a>.<\/p>\n<h2>Geschichte und Herkunft<\/h2>\n<p>Die ALCHORNEA davidii verdankt ihren Namen dem renommierten Naturforscher und Sammler, <strong><a href=\"https:\/\/de.wikipedia.org\/wiki\/Armand_David\">Armand David<\/a><\/strong>.<\/p>\n<p>Die Studien zu ihren chemischen und medizinischen Eigenschaften haben auch ihr therapeutisches Potenzial hervorgehoben, insbesondere in lokalen medizinischen Traditionen.<\/p>\n","protected":false},"excerpt":{"rendered":"<p><strong>ALCHORNEA davidii<\/strong> ist ein sommergr\u00fcner Strauch. Die Fr\u00fchlingstriebe sind rosarot. Im Herbst verf\u00e4rben sich die Bl\u00e4tter orange und rot.  <\/p>\n","protected":false},"featured_media":53508,"comment_status":"open","ping_status":"closed","template":"","meta":[],"product_brand":[],"product_cat":[10733,252],"product_tag":[12552],"class_list":{"0":"post-44888","1":"product","2":"type-product","3":"status-publish","4":"has-post-thumbnail","6":"product_cat-seltene-pflanzen-sammlerpflanzen","7":"product_cat-straucher-und-baume-de","8":"product_tag-alchornea-de","9":"pa_99-hauteurapproximativeapres1-150a200m-de","10":"pa_couleurautomnaledufeuillage-gelb-de","11":"pa_couleurautomnaledufeuillage-orange-de","12":"pa_couleurautomnaledufeuillage-rot-de","13":"pa_couleurdesfleurs-weiss-de","14":"pa_exigencesenhumidite-feucht-de","15":"pa_expositionspossibles-ce-halbschattigsonnezw12und17-de","16":"pa_expositionspossibles-sonnigvon12bis17uhr-de","17":"pa_hauteurlivree-40-bis-50-cm","18":"pa_hauteurlivree-70-bis-80-cm","19":"pa_interetauprintemps-jungesprossen-de","20":"pa_interetenautomne-laub-de","21":"pa_interetenete-laub-de","22":"pa_naturedufeuillage-nichtimmergrun-de","23":"pa_naturesdesolpossibles-leicht-de","24":"pa_naturesdesolpossibles-normal-de","25":"pa_periodedefloraison-fruhling-de","26":"pa_phdusolacceptable-kalkigmehrals75-de","27":"pa_phdusolacceptable-neutralzw65u75-de","28":"pa_phdusolacceptable-sauerwenigerals65-de","29":"pa_portgraphisme-buissonnant-de","30":"pa_resistanceaufroidrusticite-frostbestandigbis_20c-de","31":"pa_tailledepot-4liter_topf-de","32":"pa_utilisationpossible-alleinstehend-de","33":"pa_utilisationpossible-beet-de","35":"first","36":"instock","37":"taxable","38":"shipping-taxable","39":"purchasable","40":"product-type-variable"},"supplier_id":null,"supplier_sku":"","barcode":null,"atum_controlled":true,"out_stock_date":null,"out_stock_threshold":null,"inheritable":true,"inbound_stock":0,"stock_on_hold":1,"sold_today":0,"sales_last_days":0,"reserved_stock":0,"customer_returns":0,"warehouse_damage":0,"lost_in_post":0,"other_logs":0,"out_stock_days":null,"lost_sales":0,"has_location":false,"update_date":"2026-04-26T12:53:18","atum_locations":[],"atum_stock_status":"instock","restock_status":false,"low_stock_amount":"","sales_update_date":"2025-04-09T07:53:55","calc_backorders":null,"yoast_head":"<!-- This site is optimized with the Yoast SEO Premium plugin v27.5 (Yoast SEO v27.5) - https:\/\/yoast.com\/product\/yoast-seo-premium-wordpress\/ -->\n<title>ALCHORNEA davidii - Davids Alchornea<\/title>\n<meta name=\"description\" content=\"ALCHORNEA davidii ist ein sommergr\u00fcner Strauch. Die Fr\u00fchlingstriebe sind rosarot. Im Herbst verf\u00e4rben sich die Bl\u00e4tter orange und rot.\" \/>\n<meta name=\"robots\" content=\"index, follow, max-snippet:-1, max-image-preview:large, max-video-preview:-1\" \/>\n<link rel=\"canonical\" href=\"https:\/\/www.vallonchene.fr\/de\/produkt\/alchornea-davidii\/\" \/>\n<meta property=\"og:locale\" content=\"de_DE\" \/>\n<meta property=\"og:type\" content=\"article\" \/>\n<meta property=\"og:title\" content=\"ALCHORNEA davidii\" \/>\n<meta property=\"og:description\" content=\"ALCHORNEA davidii ist ein sommergr\u00fcner Strauch. Die Fr\u00fchlingstriebe sind rosarot. Im Herbst verf\u00e4rben sich die Bl\u00e4tter orange und rot.\" \/>\n<meta property=\"og:url\" content=\"https:\/\/www.vallonchene.fr\/de\/produkt\/alchornea-davidii\/\" \/>\n<meta property=\"og:site_name\" content=\"Vallonch\u00eane\" \/>\n<meta property=\"article:publisher\" content=\"https:\/\/www.facebook.com\/vallonchene.fr\" \/>\n<meta property=\"article:modified_time\" content=\"2025-04-11T06:29:24+00:00\" \/>\n<meta property=\"og:image\" content=\"https:\/\/www.vallonchene.fr\/wp-content\/uploads\/2025\/04\/ALCHORNEA-davidii_03.webp\" \/>\n\t<meta property=\"og:image:width\" content=\"1200\" \/>\n\t<meta property=\"og:image:height\" content=\"1200\" \/>\n\t<meta property=\"og:image:type\" content=\"image\/webp\" \/>\n<meta name=\"twitter:card\" content=\"summary_large_image\" \/>\n<meta name=\"twitter:label1\" content=\"Verf\u00fcgbarkeit\" \/>\n\t<meta name=\"twitter:data1\" content=\"Vorr\u00e4tig\" \/>\n<script type=\"application\/ld+json\" class=\"yoast-schema-graph\">{\"@context\":\"https:\\\/\\\/schema.org\",\"@graph\":[{\"@type\":\"WebPage\",\"@id\":\"https:\\\/\\\/www.vallonchene.fr\\\/de\\\/produkt\\\/alchornea-davidii\\\/\",\"url\":\"https:\\\/\\\/www.vallonchene.fr\\\/de\\\/produkt\\\/alchornea-davidii\\\/\",\"name\":\"ALCHORNEA davidii - Davids Alchornea\",\"isPartOf\":{\"@id\":\"https:\\\/\\\/www.vallonchene.fr\\\/de\\\/#website\"},\"primaryImageOfPage\":{\"@id\":\"https:\\\/\\\/www.vallonchene.fr\\\/de\\\/produkt\\\/alchornea-davidii\\\/#primaryimage\"},\"image\":{\"@id\":\"https:\\\/\\\/www.vallonchene.fr\\\/de\\\/produkt\\\/alchornea-davidii\\\/#primaryimage\"},\"thumbnailUrl\":\"https:\\\/\\\/www.vallonchene.fr\\\/wp-content\\\/uploads\\\/2025\\\/04\\\/ALCHORNEA-davidii_03.webp\",\"datePublished\":\"2023-09-14T14:55:36+00:00\",\"dateModified\":\"2025-04-11T06:29:24+00:00\",\"description\":\"ALCHORNEA davidii ist ein sommergr\u00fcner Strauch. Die Fr\u00fchlingstriebe sind rosarot. Im Herbst verf\u00e4rben sich die Bl\u00e4tter orange und rot.\",\"breadcrumb\":{\"@id\":\"https:\\\/\\\/www.vallonchene.fr\\\/de\\\/produkt\\\/alchornea-davidii\\\/#breadcrumb\"},\"inLanguage\":\"de\",\"potentialAction\":[{\"@type\":\"ReadAction\",\"target\":[\"https:\\\/\\\/www.vallonchene.fr\\\/de\\\/produkt\\\/alchornea-davidii\\\/\"]}]},{\"@type\":\"ImageObject\",\"inLanguage\":\"de\",\"@id\":\"https:\\\/\\\/www.vallonchene.fr\\\/de\\\/produkt\\\/alchornea-davidii\\\/#primaryimage\",\"url\":\"https:\\\/\\\/www.vallonchene.fr\\\/wp-content\\\/uploads\\\/2025\\\/04\\\/ALCHORNEA-davidii_03.webp\",\"contentUrl\":\"https:\\\/\\\/www.vallonchene.fr\\\/wp-content\\\/uploads\\\/2025\\\/04\\\/ALCHORNEA-davidii_03.webp\",\"width\":1200,\"height\":1200,\"caption\":\"Rotes Laub von ALCHORNEA davidii im Fr\u00fchling\"},{\"@type\":\"BreadcrumbList\",\"@id\":\"https:\\\/\\\/www.vallonchene.fr\\\/de\\\/produkt\\\/alchornea-davidii\\\/#breadcrumb\",\"itemListElement\":[{\"@type\":\"ListItem\",\"position\":1,\"name\":\"Home\",\"item\":\"https:\\\/\\\/www.vallonchene.fr\\\/de\\\/\"},{\"@type\":\"ListItem\",\"position\":2,\"name\":\"Shop\",\"item\":\"https:\\\/\\\/www.vallonchene.fr\\\/de\\\/shop\\\/\"},{\"@type\":\"ListItem\",\"position\":3,\"name\":\"Online-Verkauf\",\"item\":\"https:\\\/\\\/www.vallonchene.fr\\\/de\\\/produkt-kategorie\\\/online-verkauf-de\\\/\"},{\"@type\":\"ListItem\",\"position\":4,\"name\":\"Baumschule\",\"item\":\"https:\\\/\\\/www.vallonchene.fr\\\/de\\\/produkt-kategorie\\\/online-verkauf-de\\\/baumschule-gaertnerei-de\\\/\"},{\"@type\":\"ListItem\",\"position\":5,\"name\":\"Str\u00e4ucher und B\u00e4ume\",\"item\":\"https:\\\/\\\/www.vallonchene.fr\\\/de\\\/produkt-kategorie\\\/online-verkauf-de\\\/baumschule-gaertnerei-de\\\/straucher-und-baume-de\\\/\"},{\"@type\":\"ListItem\",\"position\":6,\"name\":\"ALCHORNEA davidii\"}]},{\"@type\":\"WebSite\",\"@id\":\"https:\\\/\\\/www.vallonchene.fr\\\/de\\\/#website\",\"url\":\"https:\\\/\\\/www.vallonchene.fr\\\/de\\\/\",\"name\":\"Vallonch\u00eane\",\"description\":\"Die Baumschule, bei der Qualit\u00e4t ihre Wurzeln hat \u2013 Tel.: +49 (0)6838-5399840\",\"publisher\":{\"@id\":\"https:\\\/\\\/www.vallonchene.fr\\\/de\\\/#organization\"},\"potentialAction\":[{\"@type\":\"SearchAction\",\"target\":{\"@type\":\"EntryPoint\",\"urlTemplate\":\"https:\\\/\\\/www.vallonchene.fr\\\/de\\\/?s={search_term_string}\"},\"query-input\":{\"@type\":\"PropertyValueSpecification\",\"valueRequired\":true,\"valueName\":\"search_term_string\"}}],\"inLanguage\":\"de\"},{\"@type\":\"Organization\",\"@id\":\"https:\\\/\\\/www.vallonchene.fr\\\/de\\\/#organization\",\"name\":\"VALLONCHENE\",\"url\":\"https:\\\/\\\/www.vallonchene.fr\\\/de\\\/\",\"logo\":{\"@type\":\"ImageObject\",\"inLanguage\":\"de\",\"@id\":\"https:\\\/\\\/www.vallonchene.fr\\\/de\\\/#\\\/schema\\\/logo\\\/image\\\/\",\"url\":\"https:\\\/\\\/www.vallonchene.fr\\\/wp-content\\\/uploads\\\/2023\\\/03\\\/Logo-Vallonchene-site-et-R_hauteur_100.png\",\"contentUrl\":\"https:\\\/\\\/www.vallonchene.fr\\\/wp-content\\\/uploads\\\/2023\\\/03\\\/Logo-Vallonchene-site-et-R_hauteur_100.png\",\"width\":221,\"height\":100,\"caption\":\"VALLONCHENE\"},\"image\":{\"@id\":\"https:\\\/\\\/www.vallonchene.fr\\\/de\\\/#\\\/schema\\\/logo\\\/image\\\/\"},\"sameAs\":[\"https:\\\/\\\/www.facebook.com\\\/vallonchene.fr\",\"https:\\\/\\\/www.instagram.com\\\/vallonchene\\\/\",\"https:\\\/\\\/www.pinterest.fr\\\/vallonchene\\\/\"],\"taxID\":\"49454502300017\",\"hasMerchantReturnPolicy\":{\"@type\":\"MerchantReturnPolicy\",\"merchantReturnLink\":\"https:\\\/\\\/www.vallonchene.fr\\\/remboursements_retours\\\/\"}}]}<\/script>\n<meta property=\"og:availability\" content=\"instock\" \/>\n<meta property=\"product:availability\" content=\"instock\" \/>\n<meta property=\"product:retailer_item_id\" content=\"18484\" \/>\n<meta property=\"product:condition\" content=\"new\" \/>\n<!-- \/ Yoast SEO Premium plugin. -->","yoast_head_json":{"title":"ALCHORNEA davidii - Davids Alchornea","description":"ALCHORNEA davidii ist ein sommergr\u00fcner Strauch. Die Fr\u00fchlingstriebe sind rosarot. Im Herbst verf\u00e4rben sich die Bl\u00e4tter orange und rot.","robots":{"index":"index","follow":"follow","max-snippet":"max-snippet:-1","max-image-preview":"max-image-preview:large","max-video-preview":"max-video-preview:-1"},"canonical":"https:\/\/www.vallonchene.fr\/de\/produkt\/alchornea-davidii\/","og_locale":"de_DE","og_type":"article","og_title":"ALCHORNEA davidii","og_description":"ALCHORNEA davidii ist ein sommergr\u00fcner Strauch. Die Fr\u00fchlingstriebe sind rosarot. Im Herbst verf\u00e4rben sich die Bl\u00e4tter orange und rot.","og_url":"https:\/\/www.vallonchene.fr\/de\/produkt\/alchornea-davidii\/","og_site_name":"Vallonch\u00eane","article_publisher":"https:\/\/www.facebook.com\/vallonchene.fr","article_modified_time":"2025-04-11T06:29:24+00:00","og_image":[{"width":1200,"height":1200,"url":"https:\/\/www.vallonchene.fr\/wp-content\/uploads\/2025\/04\/ALCHORNEA-davidii_03.webp","type":"image\/webp"}],"twitter_card":"summary_large_image","twitter_misc":{"Verf\u00fcgbarkeit":"Vorr\u00e4tig"},"schema":{"@context":"https:\/\/schema.org","@graph":[{"@type":"WebPage","@id":"https:\/\/www.vallonchene.fr\/de\/produkt\/alchornea-davidii\/","url":"https:\/\/www.vallonchene.fr\/de\/produkt\/alchornea-davidii\/","name":"ALCHORNEA davidii - Davids Alchornea","isPartOf":{"@id":"https:\/\/www.vallonchene.fr\/de\/#website"},"primaryImageOfPage":{"@id":"https:\/\/www.vallonchene.fr\/de\/produkt\/alchornea-davidii\/#primaryimage"},"image":{"@id":"https:\/\/www.vallonchene.fr\/de\/produkt\/alchornea-davidii\/#primaryimage"},"thumbnailUrl":"https:\/\/www.vallonchene.fr\/wp-content\/uploads\/2025\/04\/ALCHORNEA-davidii_03.webp","datePublished":"2023-09-14T14:55:36+00:00","dateModified":"2025-04-11T06:29:24+00:00","description":"ALCHORNEA davidii ist ein sommergr\u00fcner Strauch. Die Fr\u00fchlingstriebe sind rosarot. Im Herbst verf\u00e4rben sich die Bl\u00e4tter orange und rot.","breadcrumb":{"@id":"https:\/\/www.vallonchene.fr\/de\/produkt\/alchornea-davidii\/#breadcrumb"},"inLanguage":"de","potentialAction":[{"@type":"ReadAction","target":["https:\/\/www.vallonchene.fr\/de\/produkt\/alchornea-davidii\/"]}]},{"@type":"ImageObject","inLanguage":"de","@id":"https:\/\/www.vallonchene.fr\/de\/produkt\/alchornea-davidii\/#primaryimage","url":"https:\/\/www.vallonchene.fr\/wp-content\/uploads\/2025\/04\/ALCHORNEA-davidii_03.webp","contentUrl":"https:\/\/www.vallonchene.fr\/wp-content\/uploads\/2025\/04\/ALCHORNEA-davidii_03.webp","width":1200,"height":1200,"caption":"Rotes Laub von ALCHORNEA davidii im Fr\u00fchling"},{"@type":"BreadcrumbList","@id":"https:\/\/www.vallonchene.fr\/de\/produkt\/alchornea-davidii\/#breadcrumb","itemListElement":[{"@type":"ListItem","position":1,"name":"Home","item":"https:\/\/www.vallonchene.fr\/de\/"},{"@type":"ListItem","position":2,"name":"Shop","item":"https:\/\/www.vallonchene.fr\/de\/shop\/"},{"@type":"ListItem","position":3,"name":"Online-Verkauf","item":"https:\/\/www.vallonchene.fr\/de\/produkt-kategorie\/online-verkauf-de\/"},{"@type":"ListItem","position":4,"name":"Baumschule","item":"https:\/\/www.vallonchene.fr\/de\/produkt-kategorie\/online-verkauf-de\/baumschule-gaertnerei-de\/"},{"@type":"ListItem","position":5,"name":"Str\u00e4ucher und B\u00e4ume","item":"https:\/\/www.vallonchene.fr\/de\/produkt-kategorie\/online-verkauf-de\/baumschule-gaertnerei-de\/straucher-und-baume-de\/"},{"@type":"ListItem","position":6,"name":"ALCHORNEA davidii"}]},{"@type":"WebSite","@id":"https:\/\/www.vallonchene.fr\/de\/#website","url":"https:\/\/www.vallonchene.fr\/de\/","name":"Vallonch\u00eane","description":"Die Baumschule, bei der Qualit\u00e4t ihre Wurzeln hat \u2013 Tel.: +49 (0)6838-5399840","publisher":{"@id":"https:\/\/www.vallonchene.fr\/de\/#organization"},"potentialAction":[{"@type":"SearchAction","target":{"@type":"EntryPoint","urlTemplate":"https:\/\/www.vallonchene.fr\/de\/?s={search_term_string}"},"query-input":{"@type":"PropertyValueSpecification","valueRequired":true,"valueName":"search_term_string"}}],"inLanguage":"de"},{"@type":"Organization","@id":"https:\/\/www.vallonchene.fr\/de\/#organization","name":"VALLONCHENE","url":"https:\/\/www.vallonchene.fr\/de\/","logo":{"@type":"ImageObject","inLanguage":"de","@id":"https:\/\/www.vallonchene.fr\/de\/#\/schema\/logo\/image\/","url":"https:\/\/www.vallonchene.fr\/wp-content\/uploads\/2023\/03\/Logo-Vallonchene-site-et-R_hauteur_100.png","contentUrl":"https:\/\/www.vallonchene.fr\/wp-content\/uploads\/2023\/03\/Logo-Vallonchene-site-et-R_hauteur_100.png","width":221,"height":100,"caption":"VALLONCHENE"},"image":{"@id":"https:\/\/www.vallonchene.fr\/de\/#\/schema\/logo\/image\/"},"sameAs":["https:\/\/www.facebook.com\/vallonchene.fr","https:\/\/www.instagram.com\/vallonchene\/","https:\/\/www.pinterest.fr\/vallonchene\/"],"taxID":"49454502300017","hasMerchantReturnPolicy":{"@type":"MerchantReturnPolicy","merchantReturnLink":"https:\/\/www.vallonchene.fr\/remboursements_retours\/"}}]},"og_availability":"instock","product_availability":"instock","product_retailer_item_id":"18484","product_condition":"new"},"_links":{"self":[{"href":"https:\/\/www.vallonchene.fr\/de\/wp-json\/wp\/v2\/product\/44888","targetHints":{"allow":["GET"]}}],"collection":[{"href":"https:\/\/www.vallonchene.fr\/de\/wp-json\/wp\/v2\/product"}],"about":[{"href":"https:\/\/www.vallonchene.fr\/de\/wp-json\/wp\/v2\/types\/product"}],"replies":[{"embeddable":true,"href":"https:\/\/www.vallonchene.fr\/de\/wp-json\/wp\/v2\/comments?post=44888"}],"wp:featuredmedia":[{"embeddable":true,"href":"https:\/\/www.vallonchene.fr\/de\/wp-json\/wp\/v2\/media\/53508"}],"wp:attachment":[{"href":"https:\/\/www.vallonchene.fr\/de\/wp-json\/wp\/v2\/media?parent=44888"}],"wp:term":[{"taxonomy":"product_brand","embeddable":true,"href":"https:\/\/www.vallonchene.fr\/de\/wp-json\/wp\/v2\/product_brand?post=44888"},{"taxonomy":"product_cat","embeddable":true,"href":"https:\/\/www.vallonchene.fr\/de\/wp-json\/wp\/v2\/product_cat?post=44888"},{"taxonomy":"product_tag","embeddable":true,"href":"https:\/\/www.vallonchene.fr\/de\/wp-json\/wp\/v2\/product_tag?post=44888"}],"curies":[{"name":"wp","href":"https:\/\/api.w.org\/{rel}","templated":true}]}}