{"id":4482,"date":"2021-08-31T10:55:22","date_gmt":"2021-08-31T10:55:22","guid":{"rendered":"https:\/\/testing.vallonchene.fr\/produit\/cryptomeria-japonica-sekkan\/"},"modified":"2025-07-31T12:11:12","modified_gmt":"2025-07-31T10:11:12","slug":"cryptomeria-japonica-sekkan","status":"publish","type":"product","link":"https:\/\/www.vallonchene.fr\/de\/produkt\/cryptomeria-japonica-sekkan\/","title":{"rendered":"CRYPTOMERIA japonica &#8218;Sekkan&#8216; (japanische Zeder)"},"content":{"rendered":"<p>Diese <strong>japanische Zeder<\/strong> hat wei\u00dfe bis gelbe Triebe. Im Inneren der <strong>CRYPTOMERIA japonica &#8218;Sekkan&#8216;<\/strong> f\u00e4rben sich die Bl\u00e4tter durch Lichtmangel gr\u00fcnlich. Diese Konifere ist absolut winterhart und bringt eine Lichtquelle in Ihren Garten. Sie w\u00e4chst s\u00e4ulenf\u00f6rmig und ben\u00f6tigt nur wenig Platz im Garten. Sie ist auch f\u00fcr kleine G\u00e4rten geeignet. Es handelt sich hier um eine der eher seltenen gelb bl\u00e4ttrigen Pflanzen, die volles Sonnenlicht vertragen k\u00f6nnen ohne da\u00df das Laub in Mitleidenschaft gezogen wird..<\/p>\n","protected":false},"excerpt":{"rendered":"<p>Diese <b>japanische Zeder<\/b> hat gr\u00fcnes Laub. Die Sprossen der <b>CRYPTOMERIA japonica &#8218;Sekkan&#8216;<\/b> bleiben das ganze Jahr \u00fcber hellgelb. Sie ist winterhart und interessant w\u00e4hrend allen Jahreszeiten.<\/p>\n","protected":false},"featured_media":4470,"comment_status":"open","ping_status":"closed","template":"","meta":[],"product_brand":[],"product_cat":[255],"product_tag":[11347,11346,11349,11348],"class_list":{"0":"post-4482","1":"product","2":"type-product","3":"status-publish","4":"has-post-thumbnail","6":"product_cat-koniferen-de","7":"product_tag-cryptomeria-de","8":"product_tag-cryptomeria-japonica-de","9":"product_tag-japanische-zeder-de","10":"product_tag-sicheltanne-de","11":"pa_99-hauteurapproximativeapres1-2_3m-de","12":"pa_couleurdufeuillage-gelb-de","13":"pa_couleurdufeuillage-grun-de","14":"pa_exigencesenhumidite-feucht-de","15":"pa_exigencesenhumidite-normal-de","16":"pa_exigencesenhumidite-sehrfeucht-de","17":"pa_expositionspossibles-ce-halbschattigsonnezw12und17-de","18":"pa_expositionspossibles-sonnigvon12bis17uhr-de","19":"pa_hauteurlivree-100-bis-125-cm","20":"pa_hauteurlivree-125-bis-150-cm","21":"pa_hauteurlivree-150-bis-175-cm","22":"pa_hauteurlivree-200-bis-250-cm","23":"pa_hauteurlivree-60-bis-80-cm","24":"pa_hauteurlivree-80-bis-100-cm","25":"pa_interetauprintemps-form-de","26":"pa_interetauprintemps-jungesprossen-de","27":"pa_interetauprintemps-laub-de","28":"pa_interetenautomne-form-de","29":"pa_interetenautomne-laub-de","30":"pa_interetenete-form-de","31":"pa_interetenete-laub-de","32":"pa_interetenhiver-form-de","33":"pa_interetenhiver-laub-de","34":"pa_naturedufeuillage-immergrun-de","35":"pa_naturesdesolpossibles-leicht-de","36":"pa_naturesdesolpossibles-normal-de","37":"pa_naturesdesolpossibles-schwer-de","38":"pa_particularites-form-de","39":"pa_particularites-furbonsaigeeignet-de","40":"pa_periodedetaille-marz-de","41":"pa_phdusolacceptable-kalkigmehrals75-de","42":"pa_phdusolacceptable-neutralzw65u75-de","43":"pa_phdusolacceptable-sauerwenigerals65-de","44":"pa_portgraphisme-kolonnenformig-de","45":"pa_resistanceaufroidrusticite-frostbestandigunter_20c-de","46":"pa_tailledepot-10liter_topf-de","47":"pa_tailledepot-25liter_topf-de","48":"pa_tailledepot-5liter_topf-de","49":"pa_tailledepot-75liter_topf-de","50":"pa_utilisationpossible-alleinstehend-de","51":"pa_utilisationpossible-beet-de","52":"pa_utilisationpossible-kubelodertopf-de","54":"first","55":"outofstock","56":"taxable","57":"shipping-taxable","58":"purchasable","59":"product-type-variable","60":"has-default-attributes"},"supplier_id":null,"supplier_sku":"","barcode":null,"atum_controlled":true,"out_stock_date":null,"out_stock_threshold":null,"inheritable":true,"inbound_stock":0,"stock_on_hold":0,"sold_today":0,"sales_last_days":0,"reserved_stock":0,"customer_returns":0,"warehouse_damage":0,"lost_in_post":0,"other_logs":0,"out_stock_days":null,"lost_sales":0,"has_location":false,"update_date":"2026-03-21T15:36:30","atum_locations":[],"atum_stock_status":"instock","restock_status":false,"low_stock_amount":"","sales_update_date":"2025-07-23T15:50:38","calc_backorders":null,"yoast_head":"<!-- This site is optimized with the Yoast SEO Premium plugin v27.5 (Yoast SEO v27.5) - https:\/\/yoast.com\/product\/yoast-seo-premium-wordpress\/ -->\n<title>CRYPTOMERIA japonica &#039;Sekkan&#039; - Sicheltanne<\/title>\n<meta name=\"description\" content=\"Diese japanische Zeder hat gr\u00fcnes Laub. Die Sprossen der CRYPTOMERIA japonica &#039;Sekkan&#039; bleiben das ganze Jahr \u00fcber hellgelb. Sie ist winterhart und interessant w\u00e4hrend allen Jahreszeiten.\" \/>\n<meta name=\"robots\" content=\"index, follow, max-snippet:-1, max-image-preview:large, max-video-preview:-1\" \/>\n<link rel=\"canonical\" href=\"https:\/\/www.vallonchene.fr\/de\/produkt\/cryptomeria-japonica-sekkan\/\" \/>\n<meta property=\"og:locale\" content=\"de_DE\" \/>\n<meta property=\"og:type\" content=\"article\" \/>\n<meta property=\"og:title\" content=\"CRYPTOMERIA japonica &#039;Sekkan&#039; (japanische Zeder)\" \/>\n<meta property=\"og:description\" content=\"Diese japanische Zeder hat gr\u00fcnes Laub. Die Sprossen der CRYPTOMERIA japonica &#039;Sekkan&#039; bleiben das ganze Jahr \u00fcber hellgelb. Sie ist winterhart und interessant w\u00e4hrend allen Jahreszeiten.\" \/>\n<meta property=\"og:url\" content=\"https:\/\/www.vallonchene.fr\/de\/produkt\/cryptomeria-japonica-sekkan\/\" \/>\n<meta property=\"og:site_name\" content=\"Vallonch\u00eane\" \/>\n<meta property=\"article:publisher\" content=\"https:\/\/www.facebook.com\/vallonchene.fr\" \/>\n<meta property=\"article:modified_time\" content=\"2025-07-31T10:11:12+00:00\" \/>\n<meta property=\"og:image\" content=\"https:\/\/www.vallonchene.fr\/wp-content\/uploads\/2021\/08\/1177-778-CRYPTOMERIA-japonica-Sekkan-en-Juillet.jpg\" \/>\n\t<meta property=\"og:image:width\" content=\"1600\" \/>\n\t<meta property=\"og:image:height\" content=\"1600\" \/>\n\t<meta property=\"og:image:type\" content=\"image\/jpeg\" \/>\n<meta name=\"twitter:card\" content=\"summary_large_image\" \/>\n<meta name=\"twitter:label1\" content=\"Verf\u00fcgbarkeit\" \/>\n\t<meta name=\"twitter:data1\" content=\"Nicht vorr\u00e4tig\" \/>\n<script type=\"application\/ld+json\" class=\"yoast-schema-graph\">{\"@context\":\"https:\\\/\\\/schema.org\",\"@graph\":[{\"@type\":\"WebPage\",\"@id\":\"https:\\\/\\\/www.vallonchene.fr\\\/de\\\/produkt\\\/cryptomeria-japonica-sekkan\\\/\",\"url\":\"https:\\\/\\\/www.vallonchene.fr\\\/de\\\/produkt\\\/cryptomeria-japonica-sekkan\\\/\",\"name\":\"CRYPTOMERIA japonica 'Sekkan' - Sicheltanne\",\"isPartOf\":{\"@id\":\"https:\\\/\\\/www.vallonchene.fr\\\/de\\\/#website\"},\"primaryImageOfPage\":{\"@id\":\"https:\\\/\\\/www.vallonchene.fr\\\/de\\\/produkt\\\/cryptomeria-japonica-sekkan\\\/#primaryimage\"},\"image\":{\"@id\":\"https:\\\/\\\/www.vallonchene.fr\\\/de\\\/produkt\\\/cryptomeria-japonica-sekkan\\\/#primaryimage\"},\"thumbnailUrl\":\"https:\\\/\\\/www.vallonchene.fr\\\/wp-content\\\/uploads\\\/2021\\\/08\\\/1177-778-CRYPTOMERIA-japonica-Sekkan-en-Juillet.jpg\",\"datePublished\":\"2021-08-31T10:55:22+00:00\",\"dateModified\":\"2025-07-31T10:11:12+00:00\",\"description\":\"Diese japanische Zeder hat gr\u00fcnes Laub. Die Sprossen der CRYPTOMERIA japonica 'Sekkan' bleiben das ganze Jahr \u00fcber hellgelb. Sie ist winterhart und interessant w\u00e4hrend allen Jahreszeiten.\",\"breadcrumb\":{\"@id\":\"https:\\\/\\\/www.vallonchene.fr\\\/de\\\/produkt\\\/cryptomeria-japonica-sekkan\\\/#breadcrumb\"},\"inLanguage\":\"de\",\"potentialAction\":[{\"@type\":\"ReadAction\",\"target\":[\"https:\\\/\\\/www.vallonchene.fr\\\/de\\\/produkt\\\/cryptomeria-japonica-sekkan\\\/\"]}]},{\"@type\":\"ImageObject\",\"inLanguage\":\"de\",\"@id\":\"https:\\\/\\\/www.vallonchene.fr\\\/de\\\/produkt\\\/cryptomeria-japonica-sekkan\\\/#primaryimage\",\"url\":\"https:\\\/\\\/www.vallonchene.fr\\\/wp-content\\\/uploads\\\/2021\\\/08\\\/1177-778-CRYPTOMERIA-japonica-Sekkan-en-Juillet.jpg\",\"contentUrl\":\"https:\\\/\\\/www.vallonchene.fr\\\/wp-content\\\/uploads\\\/2021\\\/08\\\/1177-778-CRYPTOMERIA-japonica-Sekkan-en-Juillet.jpg\",\"width\":1600,\"height\":1600},{\"@type\":\"BreadcrumbList\",\"@id\":\"https:\\\/\\\/www.vallonchene.fr\\\/de\\\/produkt\\\/cryptomeria-japonica-sekkan\\\/#breadcrumb\",\"itemListElement\":[{\"@type\":\"ListItem\",\"position\":1,\"name\":\"Home\",\"item\":\"https:\\\/\\\/www.vallonchene.fr\\\/de\\\/\"},{\"@type\":\"ListItem\",\"position\":2,\"name\":\"Shop\",\"item\":\"https:\\\/\\\/www.vallonchene.fr\\\/de\\\/shop\\\/\"},{\"@type\":\"ListItem\",\"position\":3,\"name\":\"Online-Verkauf\",\"item\":\"https:\\\/\\\/www.vallonchene.fr\\\/de\\\/produkt-kategorie\\\/online-verkauf-de\\\/\"},{\"@type\":\"ListItem\",\"position\":4,\"name\":\"Baumschule\",\"item\":\"https:\\\/\\\/www.vallonchene.fr\\\/de\\\/produkt-kategorie\\\/online-verkauf-de\\\/baumschule-gaertnerei-de\\\/\"},{\"@type\":\"ListItem\",\"position\":5,\"name\":\"Koniferen\",\"item\":\"https:\\\/\\\/www.vallonchene.fr\\\/de\\\/produkt-kategorie\\\/online-verkauf-de\\\/baumschule-gaertnerei-de\\\/koniferen-de\\\/\"},{\"@type\":\"ListItem\",\"position\":6,\"name\":\"CRYPTOMERIA japonica &#8218;Sekkan&#8216; (japanische Zeder)\"}]},{\"@type\":\"WebSite\",\"@id\":\"https:\\\/\\\/www.vallonchene.fr\\\/de\\\/#website\",\"url\":\"https:\\\/\\\/www.vallonchene.fr\\\/de\\\/\",\"name\":\"Vallonch\u00eane\",\"description\":\"Die Baumschule, bei der Qualit\u00e4t ihre Wurzeln hat \u2013 Tel.: +49 (0)6838-5399840\",\"publisher\":{\"@id\":\"https:\\\/\\\/www.vallonchene.fr\\\/de\\\/#organization\"},\"potentialAction\":[{\"@type\":\"SearchAction\",\"target\":{\"@type\":\"EntryPoint\",\"urlTemplate\":\"https:\\\/\\\/www.vallonchene.fr\\\/de\\\/?s={search_term_string}\"},\"query-input\":{\"@type\":\"PropertyValueSpecification\",\"valueRequired\":true,\"valueName\":\"search_term_string\"}}],\"inLanguage\":\"de\"},{\"@type\":\"Organization\",\"@id\":\"https:\\\/\\\/www.vallonchene.fr\\\/de\\\/#organization\",\"name\":\"VALLONCHENE\",\"url\":\"https:\\\/\\\/www.vallonchene.fr\\\/de\\\/\",\"logo\":{\"@type\":\"ImageObject\",\"inLanguage\":\"de\",\"@id\":\"https:\\\/\\\/www.vallonchene.fr\\\/de\\\/#\\\/schema\\\/logo\\\/image\\\/\",\"url\":\"https:\\\/\\\/www.vallonchene.fr\\\/wp-content\\\/uploads\\\/2023\\\/03\\\/Logo-Vallonchene-site-et-R_hauteur_100.png\",\"contentUrl\":\"https:\\\/\\\/www.vallonchene.fr\\\/wp-content\\\/uploads\\\/2023\\\/03\\\/Logo-Vallonchene-site-et-R_hauteur_100.png\",\"width\":221,\"height\":100,\"caption\":\"VALLONCHENE\"},\"image\":{\"@id\":\"https:\\\/\\\/www.vallonchene.fr\\\/de\\\/#\\\/schema\\\/logo\\\/image\\\/\"},\"sameAs\":[\"https:\\\/\\\/www.facebook.com\\\/vallonchene.fr\",\"https:\\\/\\\/www.instagram.com\\\/vallonchene\\\/\",\"https:\\\/\\\/www.pinterest.fr\\\/vallonchene\\\/\"],\"taxID\":\"49454502300017\",\"hasMerchantReturnPolicy\":{\"@type\":\"MerchantReturnPolicy\",\"merchantReturnLink\":\"https:\\\/\\\/www.vallonchene.fr\\\/remboursements_retours\\\/\"}}]}<\/script>\n<meta property=\"og:availability\" content=\"out of stock\" \/>\n<meta property=\"product:availability\" content=\"out of stock\" \/>\n<meta property=\"product:retailer_item_id\" content=\"65422\" \/>\n<meta property=\"product:condition\" content=\"new\" \/>\n<!-- \/ Yoast SEO Premium plugin. -->","yoast_head_json":{"title":"CRYPTOMERIA japonica 'Sekkan' - Sicheltanne","description":"Diese japanische Zeder hat gr\u00fcnes Laub. Die Sprossen der CRYPTOMERIA japonica 'Sekkan' bleiben das ganze Jahr \u00fcber hellgelb. Sie ist winterhart und interessant w\u00e4hrend allen Jahreszeiten.","robots":{"index":"index","follow":"follow","max-snippet":"max-snippet:-1","max-image-preview":"max-image-preview:large","max-video-preview":"max-video-preview:-1"},"canonical":"https:\/\/www.vallonchene.fr\/de\/produkt\/cryptomeria-japonica-sekkan\/","og_locale":"de_DE","og_type":"article","og_title":"CRYPTOMERIA japonica 'Sekkan' (japanische Zeder)","og_description":"Diese japanische Zeder hat gr\u00fcnes Laub. Die Sprossen der CRYPTOMERIA japonica 'Sekkan' bleiben das ganze Jahr \u00fcber hellgelb. Sie ist winterhart und interessant w\u00e4hrend allen Jahreszeiten.","og_url":"https:\/\/www.vallonchene.fr\/de\/produkt\/cryptomeria-japonica-sekkan\/","og_site_name":"Vallonch\u00eane","article_publisher":"https:\/\/www.facebook.com\/vallonchene.fr","article_modified_time":"2025-07-31T10:11:12+00:00","og_image":[{"width":1600,"height":1600,"url":"https:\/\/www.vallonchene.fr\/wp-content\/uploads\/2021\/08\/1177-778-CRYPTOMERIA-japonica-Sekkan-en-Juillet.jpg","type":"image\/jpeg"}],"twitter_card":"summary_large_image","twitter_misc":{"Verf\u00fcgbarkeit":"Nicht vorr\u00e4tig"},"schema":{"@context":"https:\/\/schema.org","@graph":[{"@type":"WebPage","@id":"https:\/\/www.vallonchene.fr\/de\/produkt\/cryptomeria-japonica-sekkan\/","url":"https:\/\/www.vallonchene.fr\/de\/produkt\/cryptomeria-japonica-sekkan\/","name":"CRYPTOMERIA japonica 'Sekkan' - Sicheltanne","isPartOf":{"@id":"https:\/\/www.vallonchene.fr\/de\/#website"},"primaryImageOfPage":{"@id":"https:\/\/www.vallonchene.fr\/de\/produkt\/cryptomeria-japonica-sekkan\/#primaryimage"},"image":{"@id":"https:\/\/www.vallonchene.fr\/de\/produkt\/cryptomeria-japonica-sekkan\/#primaryimage"},"thumbnailUrl":"https:\/\/www.vallonchene.fr\/wp-content\/uploads\/2021\/08\/1177-778-CRYPTOMERIA-japonica-Sekkan-en-Juillet.jpg","datePublished":"2021-08-31T10:55:22+00:00","dateModified":"2025-07-31T10:11:12+00:00","description":"Diese japanische Zeder hat gr\u00fcnes Laub. Die Sprossen der CRYPTOMERIA japonica 'Sekkan' bleiben das ganze Jahr \u00fcber hellgelb. Sie ist winterhart und interessant w\u00e4hrend allen Jahreszeiten.","breadcrumb":{"@id":"https:\/\/www.vallonchene.fr\/de\/produkt\/cryptomeria-japonica-sekkan\/#breadcrumb"},"inLanguage":"de","potentialAction":[{"@type":"ReadAction","target":["https:\/\/www.vallonchene.fr\/de\/produkt\/cryptomeria-japonica-sekkan\/"]}]},{"@type":"ImageObject","inLanguage":"de","@id":"https:\/\/www.vallonchene.fr\/de\/produkt\/cryptomeria-japonica-sekkan\/#primaryimage","url":"https:\/\/www.vallonchene.fr\/wp-content\/uploads\/2021\/08\/1177-778-CRYPTOMERIA-japonica-Sekkan-en-Juillet.jpg","contentUrl":"https:\/\/www.vallonchene.fr\/wp-content\/uploads\/2021\/08\/1177-778-CRYPTOMERIA-japonica-Sekkan-en-Juillet.jpg","width":1600,"height":1600},{"@type":"BreadcrumbList","@id":"https:\/\/www.vallonchene.fr\/de\/produkt\/cryptomeria-japonica-sekkan\/#breadcrumb","itemListElement":[{"@type":"ListItem","position":1,"name":"Home","item":"https:\/\/www.vallonchene.fr\/de\/"},{"@type":"ListItem","position":2,"name":"Shop","item":"https:\/\/www.vallonchene.fr\/de\/shop\/"},{"@type":"ListItem","position":3,"name":"Online-Verkauf","item":"https:\/\/www.vallonchene.fr\/de\/produkt-kategorie\/online-verkauf-de\/"},{"@type":"ListItem","position":4,"name":"Baumschule","item":"https:\/\/www.vallonchene.fr\/de\/produkt-kategorie\/online-verkauf-de\/baumschule-gaertnerei-de\/"},{"@type":"ListItem","position":5,"name":"Koniferen","item":"https:\/\/www.vallonchene.fr\/de\/produkt-kategorie\/online-verkauf-de\/baumschule-gaertnerei-de\/koniferen-de\/"},{"@type":"ListItem","position":6,"name":"CRYPTOMERIA japonica &#8218;Sekkan&#8216; (japanische Zeder)"}]},{"@type":"WebSite","@id":"https:\/\/www.vallonchene.fr\/de\/#website","url":"https:\/\/www.vallonchene.fr\/de\/","name":"Vallonch\u00eane","description":"Die Baumschule, bei der Qualit\u00e4t ihre Wurzeln hat \u2013 Tel.: +49 (0)6838-5399840","publisher":{"@id":"https:\/\/www.vallonchene.fr\/de\/#organization"},"potentialAction":[{"@type":"SearchAction","target":{"@type":"EntryPoint","urlTemplate":"https:\/\/www.vallonchene.fr\/de\/?s={search_term_string}"},"query-input":{"@type":"PropertyValueSpecification","valueRequired":true,"valueName":"search_term_string"}}],"inLanguage":"de"},{"@type":"Organization","@id":"https:\/\/www.vallonchene.fr\/de\/#organization","name":"VALLONCHENE","url":"https:\/\/www.vallonchene.fr\/de\/","logo":{"@type":"ImageObject","inLanguage":"de","@id":"https:\/\/www.vallonchene.fr\/de\/#\/schema\/logo\/image\/","url":"https:\/\/www.vallonchene.fr\/wp-content\/uploads\/2023\/03\/Logo-Vallonchene-site-et-R_hauteur_100.png","contentUrl":"https:\/\/www.vallonchene.fr\/wp-content\/uploads\/2023\/03\/Logo-Vallonchene-site-et-R_hauteur_100.png","width":221,"height":100,"caption":"VALLONCHENE"},"image":{"@id":"https:\/\/www.vallonchene.fr\/de\/#\/schema\/logo\/image\/"},"sameAs":["https:\/\/www.facebook.com\/vallonchene.fr","https:\/\/www.instagram.com\/vallonchene\/","https:\/\/www.pinterest.fr\/vallonchene\/"],"taxID":"49454502300017","hasMerchantReturnPolicy":{"@type":"MerchantReturnPolicy","merchantReturnLink":"https:\/\/www.vallonchene.fr\/remboursements_retours\/"}}]},"og_availability":"out of stock","product_availability":"out of stock","product_retailer_item_id":"65422","product_condition":"new"},"_links":{"self":[{"href":"https:\/\/www.vallonchene.fr\/de\/wp-json\/wp\/v2\/product\/4482","targetHints":{"allow":["GET"]}}],"collection":[{"href":"https:\/\/www.vallonchene.fr\/de\/wp-json\/wp\/v2\/product"}],"about":[{"href":"https:\/\/www.vallonchene.fr\/de\/wp-json\/wp\/v2\/types\/product"}],"replies":[{"embeddable":true,"href":"https:\/\/www.vallonchene.fr\/de\/wp-json\/wp\/v2\/comments?post=4482"}],"wp:featuredmedia":[{"embeddable":true,"href":"https:\/\/www.vallonchene.fr\/de\/wp-json\/wp\/v2\/media\/4470"}],"wp:attachment":[{"href":"https:\/\/www.vallonchene.fr\/de\/wp-json\/wp\/v2\/media?parent=4482"}],"wp:term":[{"taxonomy":"product_brand","embeddable":true,"href":"https:\/\/www.vallonchene.fr\/de\/wp-json\/wp\/v2\/product_brand?post=4482"},{"taxonomy":"product_cat","embeddable":true,"href":"https:\/\/www.vallonchene.fr\/de\/wp-json\/wp\/v2\/product_cat?post=4482"},{"taxonomy":"product_tag","embeddable":true,"href":"https:\/\/www.vallonchene.fr\/de\/wp-json\/wp\/v2\/product_tag?post=4482"}],"curies":[{"name":"wp","href":"https:\/\/api.w.org\/{rel}","templated":true}]}}