{"id":44413,"date":"2023-11-02T09:44:11","date_gmt":"2023-11-02T09:44:11","guid":{"rendered":"https:\/\/www.vallonchene.fr\/?post_type=product&#038;p=44413"},"modified":"2023-11-03T09:55:57","modified_gmt":"2023-11-03T09:55:57","slug":"cercidiphyllum-japonicum-peach-japanischer-kuchenbaum","status":"publish","type":"product","link":"https:\/\/www.vallonchene.fr\/de\/produkt\/cercidiphyllum-japonicum-peach-japanischer-kuchenbaum\/","title":{"rendered":"CERCIDIPHYLLUM japonicum &#8218;Peach&#8216; (japanischer Kuchenbaum)"},"content":{"rendered":"","protected":false},"excerpt":{"rendered":"<p><strong>CERCIDIPHYLLUM japonicum &#8218;Peach&#8216;<\/strong> nimmt im Herbst besonders interessante Farben an. Das Laub wird dann gelb, orange, pfirsichfarben und sogar hellrot.<\/p>\n","protected":false},"featured_media":46396,"comment_status":"open","ping_status":"closed","template":"","meta":[],"product_brand":[],"product_cat":[252],"product_tag":[],"class_list":{"0":"post-44413","1":"product","2":"type-product","3":"status-publish","4":"has-post-thumbnail","6":"product_cat-straucher-und-baume-de","7":"pa_99-hauteurapproximativeapres1-2_3m-de","8":"pa_couleurautomnaledufeuillage-gelb-de","9":"pa_couleurautomnaledufeuillage-orange-de","10":"pa_couleurautomnaledufeuillage-rot-de","11":"pa_couleurnormaledufeuillage-grun-de","12":"pa_exigencesenhumidite-feucht-de","13":"pa_exigencesenhumidite-normal-de","14":"pa_expositionspossibles-ce-halbschattigsonnezw12und17-de","15":"pa_expositionspossibles-sonnigvon12bis17uhr-de","16":"pa_hauteurlivree-100-bis-125-cm","17":"pa_hauteurlivree-125-bis-150-cm","18":"pa_hauteurlivree-150-bis-175-cm","19":"pa_hauteurlivree-175-bis-200-cm","20":"pa_hauteurlivree-25-bis-30-cm","21":"pa_hauteurlivree-30-bis-40-cm","22":"pa_hauteurlivree-300-bis-350-cm","23":"pa_hauteurlivree-40-bis-50-cm","24":"pa_hauteurlivree-40-bis-60-cm","25":"pa_hauteurlivree-50-bis-60-cm","26":"pa_hauteurlivree-60-bis-80-cm","27":"pa_hauteurlivree-70-bis-80-cm","28":"pa_hauteurlivree-80-bis-100-cm","29":"pa_interetauprintemps-form-de","30":"pa_interetauprintemps-jungesprossen-de","31":"pa_interetauprintemps-laub-de","32":"pa_interetenautomne-form-de","33":"pa_interetenautomne-laub-de","34":"pa_interetenautomne-parfum-de","35":"pa_interetenete-form-de","36":"pa_interetenete-laub-de","37":"pa_interetenhiver-form-de","38":"pa_naturedufeuillage-nichtimmergrun-de","39":"pa_naturesdesolpossibles-leicht-de","40":"pa_naturesdesolpossibles-normal-de","41":"pa_naturesdesolpossibles-schwer-de","42":"pa_particularites-duftend-de","43":"pa_periodedetaille-febr-de","44":"pa_periodedetaille-jan-de","45":"pa_phdusolacceptable-neutralzw65u75-de","46":"pa_phdusolacceptable-sauerwenigerals65-de","47":"pa_resistanceaufroidrusticite-frostbestandigunter_20c-de","48":"pa_tailledepot-1liter_topf-de","49":"pa_tailledepot-10liter_topf-de","50":"pa_tailledepot-15liter_topf-de","51":"pa_tailledepot-2liter_topf-de","52":"pa_tailledepot-3liter_topf-de","53":"pa_tailledepot-30liter_topf-de","54":"pa_tailledepot-35liter_topf-de","55":"pa_tailledepot-4liter_topf-de","56":"pa_tailledepot-5liter_topf-de","57":"pa_tailledepot-75liter_topf-de","58":"pa_tailledepot-nackte-wurzeln","59":"pa_utilisationpossible-alleinstehend-de","60":"pa_utilisationpossible-beet-de","62":"first","63":"instock","64":"taxable","65":"shipping-taxable","66":"purchasable","67":"product-type-variable"},"supplier_id":null,"supplier_sku":"","barcode":null,"atum_controlled":true,"out_stock_date":null,"out_stock_threshold":null,"inheritable":true,"inbound_stock":0,"stock_on_hold":0,"sold_today":0,"sales_last_days":0,"reserved_stock":0,"customer_returns":0,"warehouse_damage":0,"lost_in_post":0,"other_logs":0,"out_stock_days":null,"lost_sales":0,"has_location":false,"update_date":"2025-12-03T15:32:57","atum_locations":[],"atum_stock_status":"instock","restock_status":false,"low_stock_amount":"","sales_update_date":"2025-12-03T15:32:57","calc_backorders":null,"yoast_head":"<!-- This site is optimized with the Yoast SEO Premium plugin v27.5 (Yoast SEO v27.5) - https:\/\/yoast.com\/product\/yoast-seo-premium-wordpress\/ -->\n<title>CERCIDIPHYLLUM japonicum &#039;Peach&#039; (japanischer Kuchenbaum) - Vallonch\u00eane<\/title>\n<meta name=\"description\" content=\"CERCIDIPHYLLUM japonicum &#039;Peach&#039; nimmt im Herbst besonders interessante Farben an (gelb, orange, Pfirsich und hellrot).\" \/>\n<meta name=\"robots\" content=\"index, follow, max-snippet:-1, max-image-preview:large, max-video-preview:-1\" \/>\n<link rel=\"canonical\" href=\"https:\/\/www.vallonchene.fr\/de\/produkt\/cercidiphyllum-japonicum-peach-japanischer-kuchenbaum\/\" \/>\n<meta property=\"og:locale\" content=\"de_DE\" \/>\n<meta property=\"og:type\" content=\"article\" \/>\n<meta property=\"og:title\" content=\"CERCIDIPHYLLUM japonicum &#039;Peach&#039; (japanischer Kuchenbaum)\" \/>\n<meta property=\"og:description\" content=\"CERCIDIPHYLLUM japonicum &#039;Peach&#039; nimmt im Herbst besonders interessante Farben an (gelb, orange, Pfirsich und hellrot).\" \/>\n<meta property=\"og:url\" content=\"https:\/\/www.vallonchene.fr\/de\/produkt\/cercidiphyllum-japonicum-peach-japanischer-kuchenbaum\/\" \/>\n<meta property=\"og:site_name\" content=\"Vallonch\u00eane\" \/>\n<meta property=\"article:publisher\" content=\"https:\/\/www.facebook.com\/vallonchene.fr\" \/>\n<meta property=\"article:modified_time\" content=\"2023-11-03T09:55:57+00:00\" \/>\n<meta property=\"og:image\" content=\"https:\/\/www.vallonchene.fr\/wp-content\/uploads\/2024\/04\/CERCIDIPHYLLUM-japonicum-\u2018Peach.webp\" \/>\n\t<meta property=\"og:image:width\" content=\"1024\" \/>\n\t<meta property=\"og:image:height\" content=\"1024\" \/>\n\t<meta property=\"og:image:type\" content=\"image\/webp\" \/>\n<meta name=\"twitter:card\" content=\"summary_large_image\" \/>\n<meta name=\"twitter:label1\" content=\"Verf\u00fcgbarkeit\" \/>\n\t<meta name=\"twitter:data1\" content=\"Vorr\u00e4tig\" \/>\n<script type=\"application\/ld+json\" class=\"yoast-schema-graph\">{\"@context\":\"https:\\\/\\\/schema.org\",\"@graph\":[{\"@type\":\"WebPage\",\"@id\":\"https:\\\/\\\/www.vallonchene.fr\\\/de\\\/produkt\\\/cercidiphyllum-japonicum-peach-japanischer-kuchenbaum\\\/\",\"url\":\"https:\\\/\\\/www.vallonchene.fr\\\/de\\\/produkt\\\/cercidiphyllum-japonicum-peach-japanischer-kuchenbaum\\\/\",\"name\":\"CERCIDIPHYLLUM japonicum 'Peach' (japanischer Kuchenbaum) - Vallonch\u00eane\",\"isPartOf\":{\"@id\":\"https:\\\/\\\/www.vallonchene.fr\\\/de\\\/#website\"},\"primaryImageOfPage\":{\"@id\":\"https:\\\/\\\/www.vallonchene.fr\\\/de\\\/produkt\\\/cercidiphyllum-japonicum-peach-japanischer-kuchenbaum\\\/#primaryimage\"},\"image\":{\"@id\":\"https:\\\/\\\/www.vallonchene.fr\\\/de\\\/produkt\\\/cercidiphyllum-japonicum-peach-japanischer-kuchenbaum\\\/#primaryimage\"},\"thumbnailUrl\":\"https:\\\/\\\/www.vallonchene.fr\\\/wp-content\\\/uploads\\\/2024\\\/04\\\/CERCIDIPHYLLUM-japonicum-\u2018Peach.webp\",\"datePublished\":\"2023-11-02T09:44:11+00:00\",\"dateModified\":\"2023-11-03T09:55:57+00:00\",\"description\":\"CERCIDIPHYLLUM japonicum 'Peach' nimmt im Herbst besonders interessante Farben an (gelb, orange, Pfirsich und hellrot).\",\"breadcrumb\":{\"@id\":\"https:\\\/\\\/www.vallonchene.fr\\\/de\\\/produkt\\\/cercidiphyllum-japonicum-peach-japanischer-kuchenbaum\\\/#breadcrumb\"},\"inLanguage\":\"de\",\"potentialAction\":[{\"@type\":\"ReadAction\",\"target\":[\"https:\\\/\\\/www.vallonchene.fr\\\/de\\\/produkt\\\/cercidiphyllum-japonicum-peach-japanischer-kuchenbaum\\\/\"]}]},{\"@type\":\"ImageObject\",\"inLanguage\":\"de\",\"@id\":\"https:\\\/\\\/www.vallonchene.fr\\\/de\\\/produkt\\\/cercidiphyllum-japonicum-peach-japanischer-kuchenbaum\\\/#primaryimage\",\"url\":\"https:\\\/\\\/www.vallonchene.fr\\\/wp-content\\\/uploads\\\/2024\\\/04\\\/CERCIDIPHYLLUM-japonicum-\u2018Peach.webp\",\"contentUrl\":\"https:\\\/\\\/www.vallonchene.fr\\\/wp-content\\\/uploads\\\/2024\\\/04\\\/CERCIDIPHYLLUM-japonicum-\u2018Peach.webp\",\"width\":1024,\"height\":1024,\"caption\":\"Sanfte gr\u00fcne Bl\u00e4tter von CERCIDIPHYLLUM japonicum 'Peach' im Fr\u00fchling\"},{\"@type\":\"BreadcrumbList\",\"@id\":\"https:\\\/\\\/www.vallonchene.fr\\\/de\\\/produkt\\\/cercidiphyllum-japonicum-peach-japanischer-kuchenbaum\\\/#breadcrumb\",\"itemListElement\":[{\"@type\":\"ListItem\",\"position\":1,\"name\":\"Home\",\"item\":\"https:\\\/\\\/www.vallonchene.fr\\\/de\\\/\"},{\"@type\":\"ListItem\",\"position\":2,\"name\":\"Shop\",\"item\":\"https:\\\/\\\/www.vallonchene.fr\\\/de\\\/shop\\\/\"},{\"@type\":\"ListItem\",\"position\":3,\"name\":\"Online-Verkauf\",\"item\":\"https:\\\/\\\/www.vallonchene.fr\\\/de\\\/produkt-kategorie\\\/online-verkauf-de\\\/\"},{\"@type\":\"ListItem\",\"position\":4,\"name\":\"Baumschule\",\"item\":\"https:\\\/\\\/www.vallonchene.fr\\\/de\\\/produkt-kategorie\\\/online-verkauf-de\\\/baumschule-gaertnerei-de\\\/\"},{\"@type\":\"ListItem\",\"position\":5,\"name\":\"Str\u00e4ucher und B\u00e4ume\",\"item\":\"https:\\\/\\\/www.vallonchene.fr\\\/de\\\/produkt-kategorie\\\/online-verkauf-de\\\/baumschule-gaertnerei-de\\\/straucher-und-baume-de\\\/\"},{\"@type\":\"ListItem\",\"position\":6,\"name\":\"CERCIDIPHYLLUM japonicum &#8216;Peach&#8217; (japanischer Kuchenbaum)\"}]},{\"@type\":\"WebSite\",\"@id\":\"https:\\\/\\\/www.vallonchene.fr\\\/de\\\/#website\",\"url\":\"https:\\\/\\\/www.vallonchene.fr\\\/de\\\/\",\"name\":\"Vallonch\u00eane\",\"description\":\"Die Baumschule, bei der Qualit\u00e4t ihre Wurzeln hat \u2013 Tel.: +49 (0)6838-5399840\",\"publisher\":{\"@id\":\"https:\\\/\\\/www.vallonchene.fr\\\/de\\\/#organization\"},\"potentialAction\":[{\"@type\":\"SearchAction\",\"target\":{\"@type\":\"EntryPoint\",\"urlTemplate\":\"https:\\\/\\\/www.vallonchene.fr\\\/de\\\/?s={search_term_string}\"},\"query-input\":{\"@type\":\"PropertyValueSpecification\",\"valueRequired\":true,\"valueName\":\"search_term_string\"}}],\"inLanguage\":\"de\"},{\"@type\":\"Organization\",\"@id\":\"https:\\\/\\\/www.vallonchene.fr\\\/de\\\/#organization\",\"name\":\"VALLONCHENE\",\"url\":\"https:\\\/\\\/www.vallonchene.fr\\\/de\\\/\",\"logo\":{\"@type\":\"ImageObject\",\"inLanguage\":\"de\",\"@id\":\"https:\\\/\\\/www.vallonchene.fr\\\/de\\\/#\\\/schema\\\/logo\\\/image\\\/\",\"url\":\"https:\\\/\\\/www.vallonchene.fr\\\/wp-content\\\/uploads\\\/2023\\\/03\\\/Logo-Vallonchene-site-et-R_hauteur_100.png\",\"contentUrl\":\"https:\\\/\\\/www.vallonchene.fr\\\/wp-content\\\/uploads\\\/2023\\\/03\\\/Logo-Vallonchene-site-et-R_hauteur_100.png\",\"width\":221,\"height\":100,\"caption\":\"VALLONCHENE\"},\"image\":{\"@id\":\"https:\\\/\\\/www.vallonchene.fr\\\/de\\\/#\\\/schema\\\/logo\\\/image\\\/\"},\"sameAs\":[\"https:\\\/\\\/www.facebook.com\\\/vallonchene.fr\",\"https:\\\/\\\/www.instagram.com\\\/vallonchene\\\/\",\"https:\\\/\\\/www.pinterest.fr\\\/vallonchene\\\/\"],\"taxID\":\"49454502300017\",\"hasMerchantReturnPolicy\":{\"@type\":\"MerchantReturnPolicy\",\"merchantReturnLink\":\"https:\\\/\\\/www.vallonchene.fr\\\/remboursements_retours\\\/\"}}]}<\/script>\n<meta property=\"og:availability\" content=\"instock\" \/>\n<meta property=\"product:availability\" content=\"instock\" \/>\n<meta property=\"product:retailer_item_id\" content=\"42731\" \/>\n<meta property=\"product:condition\" content=\"new\" \/>\n<!-- \/ Yoast SEO Premium plugin. -->","yoast_head_json":{"title":"CERCIDIPHYLLUM japonicum 'Peach' (japanischer Kuchenbaum) - Vallonch\u00eane","description":"CERCIDIPHYLLUM japonicum 'Peach' nimmt im Herbst besonders interessante Farben an (gelb, orange, Pfirsich und hellrot).","robots":{"index":"index","follow":"follow","max-snippet":"max-snippet:-1","max-image-preview":"max-image-preview:large","max-video-preview":"max-video-preview:-1"},"canonical":"https:\/\/www.vallonchene.fr\/de\/produkt\/cercidiphyllum-japonicum-peach-japanischer-kuchenbaum\/","og_locale":"de_DE","og_type":"article","og_title":"CERCIDIPHYLLUM japonicum 'Peach' (japanischer Kuchenbaum)","og_description":"CERCIDIPHYLLUM japonicum 'Peach' nimmt im Herbst besonders interessante Farben an (gelb, orange, Pfirsich und hellrot).","og_url":"https:\/\/www.vallonchene.fr\/de\/produkt\/cercidiphyllum-japonicum-peach-japanischer-kuchenbaum\/","og_site_name":"Vallonch\u00eane","article_publisher":"https:\/\/www.facebook.com\/vallonchene.fr","article_modified_time":"2023-11-03T09:55:57+00:00","og_image":[{"width":1024,"height":1024,"url":"https:\/\/www.vallonchene.fr\/wp-content\/uploads\/2024\/04\/CERCIDIPHYLLUM-japonicum-\u2018Peach.webp","type":"image\/webp"}],"twitter_card":"summary_large_image","twitter_misc":{"Verf\u00fcgbarkeit":"Vorr\u00e4tig"},"schema":{"@context":"https:\/\/schema.org","@graph":[{"@type":"WebPage","@id":"https:\/\/www.vallonchene.fr\/de\/produkt\/cercidiphyllum-japonicum-peach-japanischer-kuchenbaum\/","url":"https:\/\/www.vallonchene.fr\/de\/produkt\/cercidiphyllum-japonicum-peach-japanischer-kuchenbaum\/","name":"CERCIDIPHYLLUM japonicum 'Peach' (japanischer Kuchenbaum) - Vallonch\u00eane","isPartOf":{"@id":"https:\/\/www.vallonchene.fr\/de\/#website"},"primaryImageOfPage":{"@id":"https:\/\/www.vallonchene.fr\/de\/produkt\/cercidiphyllum-japonicum-peach-japanischer-kuchenbaum\/#primaryimage"},"image":{"@id":"https:\/\/www.vallonchene.fr\/de\/produkt\/cercidiphyllum-japonicum-peach-japanischer-kuchenbaum\/#primaryimage"},"thumbnailUrl":"https:\/\/www.vallonchene.fr\/wp-content\/uploads\/2024\/04\/CERCIDIPHYLLUM-japonicum-\u2018Peach.webp","datePublished":"2023-11-02T09:44:11+00:00","dateModified":"2023-11-03T09:55:57+00:00","description":"CERCIDIPHYLLUM japonicum 'Peach' nimmt im Herbst besonders interessante Farben an (gelb, orange, Pfirsich und hellrot).","breadcrumb":{"@id":"https:\/\/www.vallonchene.fr\/de\/produkt\/cercidiphyllum-japonicum-peach-japanischer-kuchenbaum\/#breadcrumb"},"inLanguage":"de","potentialAction":[{"@type":"ReadAction","target":["https:\/\/www.vallonchene.fr\/de\/produkt\/cercidiphyllum-japonicum-peach-japanischer-kuchenbaum\/"]}]},{"@type":"ImageObject","inLanguage":"de","@id":"https:\/\/www.vallonchene.fr\/de\/produkt\/cercidiphyllum-japonicum-peach-japanischer-kuchenbaum\/#primaryimage","url":"https:\/\/www.vallonchene.fr\/wp-content\/uploads\/2024\/04\/CERCIDIPHYLLUM-japonicum-\u2018Peach.webp","contentUrl":"https:\/\/www.vallonchene.fr\/wp-content\/uploads\/2024\/04\/CERCIDIPHYLLUM-japonicum-\u2018Peach.webp","width":1024,"height":1024,"caption":"Sanfte gr\u00fcne Bl\u00e4tter von CERCIDIPHYLLUM japonicum 'Peach' im Fr\u00fchling"},{"@type":"BreadcrumbList","@id":"https:\/\/www.vallonchene.fr\/de\/produkt\/cercidiphyllum-japonicum-peach-japanischer-kuchenbaum\/#breadcrumb","itemListElement":[{"@type":"ListItem","position":1,"name":"Home","item":"https:\/\/www.vallonchene.fr\/de\/"},{"@type":"ListItem","position":2,"name":"Shop","item":"https:\/\/www.vallonchene.fr\/de\/shop\/"},{"@type":"ListItem","position":3,"name":"Online-Verkauf","item":"https:\/\/www.vallonchene.fr\/de\/produkt-kategorie\/online-verkauf-de\/"},{"@type":"ListItem","position":4,"name":"Baumschule","item":"https:\/\/www.vallonchene.fr\/de\/produkt-kategorie\/online-verkauf-de\/baumschule-gaertnerei-de\/"},{"@type":"ListItem","position":5,"name":"Str\u00e4ucher und B\u00e4ume","item":"https:\/\/www.vallonchene.fr\/de\/produkt-kategorie\/online-verkauf-de\/baumschule-gaertnerei-de\/straucher-und-baume-de\/"},{"@type":"ListItem","position":6,"name":"CERCIDIPHYLLUM japonicum &#8216;Peach&#8217; (japanischer Kuchenbaum)"}]},{"@type":"WebSite","@id":"https:\/\/www.vallonchene.fr\/de\/#website","url":"https:\/\/www.vallonchene.fr\/de\/","name":"Vallonch\u00eane","description":"Die Baumschule, bei der Qualit\u00e4t ihre Wurzeln hat \u2013 Tel.: +49 (0)6838-5399840","publisher":{"@id":"https:\/\/www.vallonchene.fr\/de\/#organization"},"potentialAction":[{"@type":"SearchAction","target":{"@type":"EntryPoint","urlTemplate":"https:\/\/www.vallonchene.fr\/de\/?s={search_term_string}"},"query-input":{"@type":"PropertyValueSpecification","valueRequired":true,"valueName":"search_term_string"}}],"inLanguage":"de"},{"@type":"Organization","@id":"https:\/\/www.vallonchene.fr\/de\/#organization","name":"VALLONCHENE","url":"https:\/\/www.vallonchene.fr\/de\/","logo":{"@type":"ImageObject","inLanguage":"de","@id":"https:\/\/www.vallonchene.fr\/de\/#\/schema\/logo\/image\/","url":"https:\/\/www.vallonchene.fr\/wp-content\/uploads\/2023\/03\/Logo-Vallonchene-site-et-R_hauteur_100.png","contentUrl":"https:\/\/www.vallonchene.fr\/wp-content\/uploads\/2023\/03\/Logo-Vallonchene-site-et-R_hauteur_100.png","width":221,"height":100,"caption":"VALLONCHENE"},"image":{"@id":"https:\/\/www.vallonchene.fr\/de\/#\/schema\/logo\/image\/"},"sameAs":["https:\/\/www.facebook.com\/vallonchene.fr","https:\/\/www.instagram.com\/vallonchene\/","https:\/\/www.pinterest.fr\/vallonchene\/"],"taxID":"49454502300017","hasMerchantReturnPolicy":{"@type":"MerchantReturnPolicy","merchantReturnLink":"https:\/\/www.vallonchene.fr\/remboursements_retours\/"}}]},"og_availability":"instock","product_availability":"instock","product_retailer_item_id":"42731","product_condition":"new"},"_links":{"self":[{"href":"https:\/\/www.vallonchene.fr\/de\/wp-json\/wp\/v2\/product\/44413","targetHints":{"allow":["GET"]}}],"collection":[{"href":"https:\/\/www.vallonchene.fr\/de\/wp-json\/wp\/v2\/product"}],"about":[{"href":"https:\/\/www.vallonchene.fr\/de\/wp-json\/wp\/v2\/types\/product"}],"replies":[{"embeddable":true,"href":"https:\/\/www.vallonchene.fr\/de\/wp-json\/wp\/v2\/comments?post=44413"}],"wp:featuredmedia":[{"embeddable":true,"href":"https:\/\/www.vallonchene.fr\/de\/wp-json\/wp\/v2\/media\/46396"}],"wp:attachment":[{"href":"https:\/\/www.vallonchene.fr\/de\/wp-json\/wp\/v2\/media?parent=44413"}],"wp:term":[{"taxonomy":"product_brand","embeddable":true,"href":"https:\/\/www.vallonchene.fr\/de\/wp-json\/wp\/v2\/product_brand?post=44413"},{"taxonomy":"product_cat","embeddable":true,"href":"https:\/\/www.vallonchene.fr\/de\/wp-json\/wp\/v2\/product_cat?post=44413"},{"taxonomy":"product_tag","embeddable":true,"href":"https:\/\/www.vallonchene.fr\/de\/wp-json\/wp\/v2\/product_tag?post=44413"}],"curies":[{"name":"wp","href":"https:\/\/api.w.org\/{rel}","templated":true}]}}