{"id":44232,"date":"2023-11-02T09:38:22","date_gmt":"2023-11-02T09:38:22","guid":{"rendered":"https:\/\/www.vallonchene.fr\/?post_type=product&#038;p=44232"},"modified":"2025-05-12T17:48:38","modified_gmt":"2025-05-12T15:48:38","slug":"emmenopterys-henryi","status":"publish","type":"product","link":"https:\/\/www.vallonchene.fr\/de\/produkt\/emmenopterys-henryi\/","title":{"rendered":"EMMENOPTERYS henryi"},"content":{"rendered":"<p>EMMENOPTERYS henryi geh\u00f6rt zu den interessanten Bl\u00fctenb\u00e4umen. Die Bl\u00fcten erscheinen im September und sind cremefarben. Sie \u00e4hneln ein wenig den Bl\u00fcten von <a href=\"https:\/\/www.vallonchene.fr\/produkt\/schizophragma-integrifolium\/\" target=\"_blank\" rel=\"noopener\"><strong>SCHIZOPHRAGMA integrifolium<\/strong><\/a>. Seien Sie wie bei <strong><a href=\"https:\/\/www.vallonchene.fr\/produkt\/davidia-involucrata-vilmoriniana\/\" target=\"_blank\" rel=\"noopener\">DAVIDIA involucrata<\/a><\/strong> geduldig, bis Sie die ersten Bl\u00fcten sehen. Es scheint, dass die Bl\u00fctenproduktion durch lange, hei\u00dfe Sommer eingeleitet wird.<br \/>\nFerner beginnen die Fr\u00fchjahrstriebe mit einer bronze-\/violetten Farbe und werden dann gr\u00fcn\/dunkel. Hingegen ist die Unterseite der immergr\u00fcnen Bl\u00e4tter heller.<br \/>\nDieser Baum kann ein Alter von tausend Jahren erreichen.<\/p>\n<h2>Geschichte und Herkunft<\/h2>\n<p>E. henryi hat seinen Ursprung in den gem\u00e4\u00dfigten Teilen Zentral- und S\u00fcdchinas sowie Vietnam. In seinem nat\u00fcrlichen Lebensraum erreicht er H\u00f6hen von 45 Metern.<\/p>\n<p>Die Spezies E. henryi ist nach dem Botaniker Augustine Henry benannt.<\/p>\n<p>Ernest Wilson f\u00fchrte dieses Genre 1907 erstmals in Europa (England) ein. Daniel Oliver beschrieb die Pflanze jedoch erstmals im Jahr 1889. Sie tr\u00e4gt auch die Synonyme MUSSAENDA cavaleriei oder MUSSAENDA mayori.<\/p>\n<p>\u00dcberdies bl\u00fchte EMMENOPTERYS henryi erstmals 1971 in Kontinentaleuropa im Arboretum Villa Taranto am Lago Maggiore, Italien. Allerdings gibt es in Europa nur wenige gro\u00dfe Exemplare.<\/p>\n<p>&nbsp;<\/p>\n","protected":false},"excerpt":{"rendered":"<p><strong>EMMENOPTERYS henryi<\/strong> ist ein Baum mit <strong>dunkelgr\u00fcnem Laub<\/strong> auf der Oberseite und hellerem Blatt auf der Unterseite. Die <strong>Triebe sind violett\/bronzefarben<\/strong>.<\/p>\n","protected":false},"featured_media":44656,"comment_status":"open","ping_status":"closed","template":"","meta":[],"product_brand":[],"product_cat":[10733,252],"product_tag":[],"class_list":{"0":"post-44232","1":"product","2":"type-product","3":"status-publish","4":"has-post-thumbnail","6":"product_cat-seltene-pflanzen-sammlerpflanzen","7":"product_cat-straucher-und-baume-de","8":"pa_99-hauteurapproximativeapres1-2_3m-de","9":"pa_couleurdesfleurs-weiss-de","10":"pa_couleurdufeuillage-grun-de","11":"pa_exigencesenhumidite-feucht-de","12":"pa_exigencesenhumidite-normal-de","13":"pa_expositionspossibles-sonnigvon12bis17uhr-de","14":"pa_hauteurlivree-100-bis-125-cm","15":"pa_hauteurlivree-40-bis-50-cm","16":"pa_hauteurlivree-80-bis-100-cm","17":"pa_interetauprintemps-jungesprossen-de","18":"pa_interetauprintemps-laub-de","19":"pa_interetenautomne-laub-de","20":"pa_interetenete-bluten-de","21":"pa_interetenete-laub-de","22":"pa_interetenete-parfum-de","23":"pa_naturedufeuillage-nichtimmergrun-de","24":"pa_naturesdesolpossibles-leicht-de","25":"pa_naturesdesolpossibles-normal-de","26":"pa_periodedefloraison-sommer-de","27":"pa_periodedetaille-febr-de","28":"pa_periodedetaille-marz-de","29":"pa_phdusolacceptable-neutralzw65u75-de","30":"pa_portgraphisme-rund-de","31":"pa_resistanceaufroidrusticite-frostbestandigbis_20c-de","32":"pa_tailledepot-3liter_topf-de","33":"pa_tailledepot-5liter_topf-de","34":"pa_utilisationpossible-alleinstehend-de","35":"pa_utilisationpossible-beet-de","37":"first","38":"instock","39":"taxable","40":"shipping-taxable","41":"purchasable","42":"product-type-variable"},"supplier_id":null,"supplier_sku":"","barcode":null,"atum_controlled":true,"out_stock_date":null,"out_stock_threshold":null,"inheritable":true,"inbound_stock":0,"stock_on_hold":0,"sold_today":0,"sales_last_days":0,"reserved_stock":0,"customer_returns":0,"warehouse_damage":0,"lost_in_post":0,"other_logs":0,"out_stock_days":null,"lost_sales":0,"has_location":false,"update_date":"2026-02-18T15:49:13","atum_locations":[],"atum_stock_status":"instock","restock_status":false,"low_stock_amount":"","sales_update_date":"2026-02-18T15:49:13","calc_backorders":null,"yoast_head":"<!-- This site is optimized with the Yoast SEO Premium plugin v27.5 (Yoast SEO v27.5) - https:\/\/yoast.com\/product\/yoast-seo-premium-wordpress\/ -->\n<title>EMMENOPTERYS henryi - Vallonch\u00eane<\/title>\n<meta name=\"description\" content=\"EMMENOPTERYS henryi ist ein Baum mit dunkelgr\u00fcnem Laub auf der Oberseite und hellerem Blatt auf der Unterseite. Die Triebe haben eine violett-bronzefarbene T\u00f6ne.\" \/>\n<meta name=\"robots\" content=\"index, follow, max-snippet:-1, max-image-preview:large, max-video-preview:-1\" \/>\n<link rel=\"canonical\" href=\"https:\/\/www.vallonchene.fr\/de\/produkt\/emmenopterys-henryi\/\" \/>\n<meta property=\"og:locale\" content=\"de_DE\" \/>\n<meta property=\"og:type\" content=\"article\" \/>\n<meta property=\"og:title\" content=\"EMMENOPTERYS henryi\" \/>\n<meta property=\"og:description\" content=\"EMMENOPTERYS henryi ist ein Baum mit dunkelgr\u00fcnem Laub auf der Oberseite und hellerem Blatt auf der Unterseite. Die Triebe haben eine violett-bronzefarbene T\u00f6ne.\" \/>\n<meta property=\"og:url\" content=\"https:\/\/www.vallonchene.fr\/de\/produkt\/emmenopterys-henryi\/\" \/>\n<meta property=\"og:site_name\" content=\"Vallonch\u00eane\" \/>\n<meta property=\"article:publisher\" content=\"https:\/\/www.facebook.com\/vallonchene.fr\" \/>\n<meta property=\"article:modified_time\" content=\"2025-05-12T15:48:38+00:00\" \/>\n<meta property=\"og:image\" content=\"https:\/\/www.vallonchene.fr\/wp-content\/uploads\/2023\/11\/EMMENOPTERYS-henryi_01.webp\" \/>\n\t<meta property=\"og:image:width\" content=\"1200\" \/>\n\t<meta property=\"og:image:height\" content=\"1200\" \/>\n\t<meta property=\"og:image:type\" content=\"image\/webp\" \/>\n<meta name=\"twitter:card\" content=\"summary_large_image\" \/>\n<meta name=\"twitter:label1\" content=\"Verf\u00fcgbarkeit\" \/>\n\t<meta name=\"twitter:data1\" content=\"Vorr\u00e4tig\" \/>\n<script type=\"application\/ld+json\" class=\"yoast-schema-graph\">{\"@context\":\"https:\\\/\\\/schema.org\",\"@graph\":[{\"@type\":\"WebPage\",\"@id\":\"https:\\\/\\\/www.vallonchene.fr\\\/de\\\/produkt\\\/emmenopterys-henryi\\\/\",\"url\":\"https:\\\/\\\/www.vallonchene.fr\\\/de\\\/produkt\\\/emmenopterys-henryi\\\/\",\"name\":\"EMMENOPTERYS henryi - Vallonch\u00eane\",\"isPartOf\":{\"@id\":\"https:\\\/\\\/www.vallonchene.fr\\\/de\\\/#website\"},\"primaryImageOfPage\":{\"@id\":\"https:\\\/\\\/www.vallonchene.fr\\\/de\\\/produkt\\\/emmenopterys-henryi\\\/#primaryimage\"},\"image\":{\"@id\":\"https:\\\/\\\/www.vallonchene.fr\\\/de\\\/produkt\\\/emmenopterys-henryi\\\/#primaryimage\"},\"thumbnailUrl\":\"https:\\\/\\\/www.vallonchene.fr\\\/wp-content\\\/uploads\\\/2023\\\/11\\\/EMMENOPTERYS-henryi_01.webp\",\"datePublished\":\"2023-11-02T09:38:22+00:00\",\"dateModified\":\"2025-05-12T15:48:38+00:00\",\"description\":\"EMMENOPTERYS henryi ist ein Baum mit dunkelgr\u00fcnem Laub auf der Oberseite und hellerem Blatt auf der Unterseite. Die Triebe haben eine violett-bronzefarbene T\u00f6ne.\",\"breadcrumb\":{\"@id\":\"https:\\\/\\\/www.vallonchene.fr\\\/de\\\/produkt\\\/emmenopterys-henryi\\\/#breadcrumb\"},\"inLanguage\":\"de\",\"potentialAction\":[{\"@type\":\"ReadAction\",\"target\":[\"https:\\\/\\\/www.vallonchene.fr\\\/de\\\/produkt\\\/emmenopterys-henryi\\\/\"]}]},{\"@type\":\"ImageObject\",\"inLanguage\":\"de\",\"@id\":\"https:\\\/\\\/www.vallonchene.fr\\\/de\\\/produkt\\\/emmenopterys-henryi\\\/#primaryimage\",\"url\":\"https:\\\/\\\/www.vallonchene.fr\\\/wp-content\\\/uploads\\\/2023\\\/11\\\/EMMENOPTERYS-henryi_01.webp\",\"contentUrl\":\"https:\\\/\\\/www.vallonchene.fr\\\/wp-content\\\/uploads\\\/2023\\\/11\\\/EMMENOPTERYS-henryi_01.webp\",\"width\":1200,\"height\":1200,\"caption\":\"Gr\u00fcnes Laub mit roten Blattstielen von EMMENOPTERYS henryi\"},{\"@type\":\"BreadcrumbList\",\"@id\":\"https:\\\/\\\/www.vallonchene.fr\\\/de\\\/produkt\\\/emmenopterys-henryi\\\/#breadcrumb\",\"itemListElement\":[{\"@type\":\"ListItem\",\"position\":1,\"name\":\"Home\",\"item\":\"https:\\\/\\\/www.vallonchene.fr\\\/de\\\/\"},{\"@type\":\"ListItem\",\"position\":2,\"name\":\"Shop\",\"item\":\"https:\\\/\\\/www.vallonchene.fr\\\/de\\\/shop\\\/\"},{\"@type\":\"ListItem\",\"position\":3,\"name\":\"Online-Verkauf\",\"item\":\"https:\\\/\\\/www.vallonchene.fr\\\/de\\\/produkt-kategorie\\\/online-verkauf-de\\\/\"},{\"@type\":\"ListItem\",\"position\":4,\"name\":\"Baumschule\",\"item\":\"https:\\\/\\\/www.vallonchene.fr\\\/de\\\/produkt-kategorie\\\/online-verkauf-de\\\/baumschule-gaertnerei-de\\\/\"},{\"@type\":\"ListItem\",\"position\":5,\"name\":\"Str\u00e4ucher und B\u00e4ume\",\"item\":\"https:\\\/\\\/www.vallonchene.fr\\\/de\\\/produkt-kategorie\\\/online-verkauf-de\\\/baumschule-gaertnerei-de\\\/straucher-und-baume-de\\\/\"},{\"@type\":\"ListItem\",\"position\":6,\"name\":\"EMMENOPTERYS henryi\"}]},{\"@type\":\"WebSite\",\"@id\":\"https:\\\/\\\/www.vallonchene.fr\\\/de\\\/#website\",\"url\":\"https:\\\/\\\/www.vallonchene.fr\\\/de\\\/\",\"name\":\"Vallonch\u00eane\",\"description\":\"Die Baumschule, bei der Qualit\u00e4t ihre Wurzeln hat \u2013 Tel.: +49 (0)6838-5399840\",\"publisher\":{\"@id\":\"https:\\\/\\\/www.vallonchene.fr\\\/de\\\/#organization\"},\"potentialAction\":[{\"@type\":\"SearchAction\",\"target\":{\"@type\":\"EntryPoint\",\"urlTemplate\":\"https:\\\/\\\/www.vallonchene.fr\\\/de\\\/?s={search_term_string}\"},\"query-input\":{\"@type\":\"PropertyValueSpecification\",\"valueRequired\":true,\"valueName\":\"search_term_string\"}}],\"inLanguage\":\"de\"},{\"@type\":\"Organization\",\"@id\":\"https:\\\/\\\/www.vallonchene.fr\\\/de\\\/#organization\",\"name\":\"VALLONCHENE\",\"url\":\"https:\\\/\\\/www.vallonchene.fr\\\/de\\\/\",\"logo\":{\"@type\":\"ImageObject\",\"inLanguage\":\"de\",\"@id\":\"https:\\\/\\\/www.vallonchene.fr\\\/de\\\/#\\\/schema\\\/logo\\\/image\\\/\",\"url\":\"https:\\\/\\\/www.vallonchene.fr\\\/wp-content\\\/uploads\\\/2023\\\/03\\\/Logo-Vallonchene-site-et-R_hauteur_100.png\",\"contentUrl\":\"https:\\\/\\\/www.vallonchene.fr\\\/wp-content\\\/uploads\\\/2023\\\/03\\\/Logo-Vallonchene-site-et-R_hauteur_100.png\",\"width\":221,\"height\":100,\"caption\":\"VALLONCHENE\"},\"image\":{\"@id\":\"https:\\\/\\\/www.vallonchene.fr\\\/de\\\/#\\\/schema\\\/logo\\\/image\\\/\"},\"sameAs\":[\"https:\\\/\\\/www.facebook.com\\\/vallonchene.fr\",\"https:\\\/\\\/www.instagram.com\\\/vallonchene\\\/\",\"https:\\\/\\\/www.pinterest.fr\\\/vallonchene\\\/\"],\"taxID\":\"49454502300017\",\"hasMerchantReturnPolicy\":{\"@type\":\"MerchantReturnPolicy\",\"merchantReturnLink\":\"https:\\\/\\\/www.vallonchene.fr\\\/remboursements_retours\\\/\"}}]}<\/script>\n<meta property=\"og:availability\" content=\"instock\" \/>\n<meta property=\"product:availability\" content=\"instock\" \/>\n<meta property=\"product:retailer_item_id\" content=\"63116\" \/>\n<meta property=\"product:condition\" content=\"new\" \/>\n<!-- \/ Yoast SEO Premium plugin. -->","yoast_head_json":{"title":"EMMENOPTERYS henryi - Vallonch\u00eane","description":"EMMENOPTERYS henryi ist ein Baum mit dunkelgr\u00fcnem Laub auf der Oberseite und hellerem Blatt auf der Unterseite. Die Triebe haben eine violett-bronzefarbene T\u00f6ne.","robots":{"index":"index","follow":"follow","max-snippet":"max-snippet:-1","max-image-preview":"max-image-preview:large","max-video-preview":"max-video-preview:-1"},"canonical":"https:\/\/www.vallonchene.fr\/de\/produkt\/emmenopterys-henryi\/","og_locale":"de_DE","og_type":"article","og_title":"EMMENOPTERYS henryi","og_description":"EMMENOPTERYS henryi ist ein Baum mit dunkelgr\u00fcnem Laub auf der Oberseite und hellerem Blatt auf der Unterseite. Die Triebe haben eine violett-bronzefarbene T\u00f6ne.","og_url":"https:\/\/www.vallonchene.fr\/de\/produkt\/emmenopterys-henryi\/","og_site_name":"Vallonch\u00eane","article_publisher":"https:\/\/www.facebook.com\/vallonchene.fr","article_modified_time":"2025-05-12T15:48:38+00:00","og_image":[{"width":1200,"height":1200,"url":"https:\/\/www.vallonchene.fr\/wp-content\/uploads\/2023\/11\/EMMENOPTERYS-henryi_01.webp","type":"image\/webp"}],"twitter_card":"summary_large_image","twitter_misc":{"Verf\u00fcgbarkeit":"Vorr\u00e4tig"},"schema":{"@context":"https:\/\/schema.org","@graph":[{"@type":"WebPage","@id":"https:\/\/www.vallonchene.fr\/de\/produkt\/emmenopterys-henryi\/","url":"https:\/\/www.vallonchene.fr\/de\/produkt\/emmenopterys-henryi\/","name":"EMMENOPTERYS henryi - Vallonch\u00eane","isPartOf":{"@id":"https:\/\/www.vallonchene.fr\/de\/#website"},"primaryImageOfPage":{"@id":"https:\/\/www.vallonchene.fr\/de\/produkt\/emmenopterys-henryi\/#primaryimage"},"image":{"@id":"https:\/\/www.vallonchene.fr\/de\/produkt\/emmenopterys-henryi\/#primaryimage"},"thumbnailUrl":"https:\/\/www.vallonchene.fr\/wp-content\/uploads\/2023\/11\/EMMENOPTERYS-henryi_01.webp","datePublished":"2023-11-02T09:38:22+00:00","dateModified":"2025-05-12T15:48:38+00:00","description":"EMMENOPTERYS henryi ist ein Baum mit dunkelgr\u00fcnem Laub auf der Oberseite und hellerem Blatt auf der Unterseite. Die Triebe haben eine violett-bronzefarbene T\u00f6ne.","breadcrumb":{"@id":"https:\/\/www.vallonchene.fr\/de\/produkt\/emmenopterys-henryi\/#breadcrumb"},"inLanguage":"de","potentialAction":[{"@type":"ReadAction","target":["https:\/\/www.vallonchene.fr\/de\/produkt\/emmenopterys-henryi\/"]}]},{"@type":"ImageObject","inLanguage":"de","@id":"https:\/\/www.vallonchene.fr\/de\/produkt\/emmenopterys-henryi\/#primaryimage","url":"https:\/\/www.vallonchene.fr\/wp-content\/uploads\/2023\/11\/EMMENOPTERYS-henryi_01.webp","contentUrl":"https:\/\/www.vallonchene.fr\/wp-content\/uploads\/2023\/11\/EMMENOPTERYS-henryi_01.webp","width":1200,"height":1200,"caption":"Gr\u00fcnes Laub mit roten Blattstielen von EMMENOPTERYS henryi"},{"@type":"BreadcrumbList","@id":"https:\/\/www.vallonchene.fr\/de\/produkt\/emmenopterys-henryi\/#breadcrumb","itemListElement":[{"@type":"ListItem","position":1,"name":"Home","item":"https:\/\/www.vallonchene.fr\/de\/"},{"@type":"ListItem","position":2,"name":"Shop","item":"https:\/\/www.vallonchene.fr\/de\/shop\/"},{"@type":"ListItem","position":3,"name":"Online-Verkauf","item":"https:\/\/www.vallonchene.fr\/de\/produkt-kategorie\/online-verkauf-de\/"},{"@type":"ListItem","position":4,"name":"Baumschule","item":"https:\/\/www.vallonchene.fr\/de\/produkt-kategorie\/online-verkauf-de\/baumschule-gaertnerei-de\/"},{"@type":"ListItem","position":5,"name":"Str\u00e4ucher und B\u00e4ume","item":"https:\/\/www.vallonchene.fr\/de\/produkt-kategorie\/online-verkauf-de\/baumschule-gaertnerei-de\/straucher-und-baume-de\/"},{"@type":"ListItem","position":6,"name":"EMMENOPTERYS henryi"}]},{"@type":"WebSite","@id":"https:\/\/www.vallonchene.fr\/de\/#website","url":"https:\/\/www.vallonchene.fr\/de\/","name":"Vallonch\u00eane","description":"Die Baumschule, bei der Qualit\u00e4t ihre Wurzeln hat \u2013 Tel.: +49 (0)6838-5399840","publisher":{"@id":"https:\/\/www.vallonchene.fr\/de\/#organization"},"potentialAction":[{"@type":"SearchAction","target":{"@type":"EntryPoint","urlTemplate":"https:\/\/www.vallonchene.fr\/de\/?s={search_term_string}"},"query-input":{"@type":"PropertyValueSpecification","valueRequired":true,"valueName":"search_term_string"}}],"inLanguage":"de"},{"@type":"Organization","@id":"https:\/\/www.vallonchene.fr\/de\/#organization","name":"VALLONCHENE","url":"https:\/\/www.vallonchene.fr\/de\/","logo":{"@type":"ImageObject","inLanguage":"de","@id":"https:\/\/www.vallonchene.fr\/de\/#\/schema\/logo\/image\/","url":"https:\/\/www.vallonchene.fr\/wp-content\/uploads\/2023\/03\/Logo-Vallonchene-site-et-R_hauteur_100.png","contentUrl":"https:\/\/www.vallonchene.fr\/wp-content\/uploads\/2023\/03\/Logo-Vallonchene-site-et-R_hauteur_100.png","width":221,"height":100,"caption":"VALLONCHENE"},"image":{"@id":"https:\/\/www.vallonchene.fr\/de\/#\/schema\/logo\/image\/"},"sameAs":["https:\/\/www.facebook.com\/vallonchene.fr","https:\/\/www.instagram.com\/vallonchene\/","https:\/\/www.pinterest.fr\/vallonchene\/"],"taxID":"49454502300017","hasMerchantReturnPolicy":{"@type":"MerchantReturnPolicy","merchantReturnLink":"https:\/\/www.vallonchene.fr\/remboursements_retours\/"}}]},"og_availability":"instock","product_availability":"instock","product_retailer_item_id":"63116","product_condition":"new"},"_links":{"self":[{"href":"https:\/\/www.vallonchene.fr\/de\/wp-json\/wp\/v2\/product\/44232","targetHints":{"allow":["GET"]}}],"collection":[{"href":"https:\/\/www.vallonchene.fr\/de\/wp-json\/wp\/v2\/product"}],"about":[{"href":"https:\/\/www.vallonchene.fr\/de\/wp-json\/wp\/v2\/types\/product"}],"replies":[{"embeddable":true,"href":"https:\/\/www.vallonchene.fr\/de\/wp-json\/wp\/v2\/comments?post=44232"}],"wp:featuredmedia":[{"embeddable":true,"href":"https:\/\/www.vallonchene.fr\/de\/wp-json\/wp\/v2\/media\/44656"}],"wp:attachment":[{"href":"https:\/\/www.vallonchene.fr\/de\/wp-json\/wp\/v2\/media?parent=44232"}],"wp:term":[{"taxonomy":"product_brand","embeddable":true,"href":"https:\/\/www.vallonchene.fr\/de\/wp-json\/wp\/v2\/product_brand?post=44232"},{"taxonomy":"product_cat","embeddable":true,"href":"https:\/\/www.vallonchene.fr\/de\/wp-json\/wp\/v2\/product_cat?post=44232"},{"taxonomy":"product_tag","embeddable":true,"href":"https:\/\/www.vallonchene.fr\/de\/wp-json\/wp\/v2\/product_tag?post=44232"}],"curies":[{"name":"wp","href":"https:\/\/api.w.org\/{rel}","templated":true}]}}