{"id":44149,"date":"2023-11-02T10:02:51","date_gmt":"2023-11-02T10:02:51","guid":{"rendered":"https:\/\/www.vallonchene.fr\/?post_type=product&#038;p=44149"},"modified":"2024-02-22T16:16:08","modified_gmt":"2024-02-22T16:16:08","slug":"cornus-mas-variegata-bunte-kornelkirsche","status":"publish","type":"product","link":"https:\/\/www.vallonchene.fr\/de\/produkt\/cornus-mas-variegata-bunte-kornelkirsche\/","title":{"rendered":"CORNUS mas &#8218;Variegata&#8216;"},"content":{"rendered":"","protected":false},"excerpt":{"rendered":"<p><strong>CORNUS mas &#8218;Variegata&#8216;<\/strong> (<strong>Bunter m\u00e4nnlicher Hartriegel<\/strong>) hat gr\u00fcnes Laub mit wei\u00dfem Rand. Sie bl\u00fcht gelb und bringt am Ende des Sommers rote Kornelkirschen hervor.<\/p>\n","protected":false},"featured_media":44250,"comment_status":"open","ping_status":"closed","template":"","meta":[],"product_brand":[],"product_cat":[252],"product_tag":[],"class_list":{"0":"post-44149","1":"product","2":"type-product","3":"status-publish","4":"has-post-thumbnail","6":"product_cat-straucher-und-baume-de","7":"pa_99-hauteurapproximativeapres1-2_3m-de","8":"pa_couleurautomnaledufeuillage-gelb-de","9":"pa_couleurautomnaledufeuillage-rot-de","10":"pa_couleurdesfleurs-gelb-de","11":"pa_couleurdesfruits-rot-de","12":"pa_couleurnormaledufeuillage-bunt-de","13":"pa_couleurnormaledufeuillage-grun-de","14":"pa_couleurnormaledufeuillage-weiss-de","15":"pa_exigencesenhumidite-feucht-de","16":"pa_exigencesenhumidite-normal-de","17":"pa_expositionspossibles-ce-halbschattigsonnezw12und17-de","18":"pa_expositionspossibles-sonnigvon12bis17uhr-de","19":"pa_hauteurlivree-40-bis-60-cm","20":"pa_interetauprintemps-laub-de","21":"pa_interetenautomne-fruchte-de","22":"pa_interetenautomne-laub-de","23":"pa_interetenete-fruchte-de","24":"pa_interetenete-laub-de","25":"pa_interetenhiver-bluten-de","26":"pa_naturedufeuillage-nichtimmergrun-de","27":"pa_naturesdesolpossibles-leicht-de","28":"pa_naturesdesolpossibles-normal-de","29":"pa_naturesdesolpossibles-schwer-de","30":"pa_periodedefloraison-winter-de","31":"pa_periodedetaille-febr-de","32":"pa_periodedetaille-jan-de","33":"pa_phdusolacceptable-kalkigmehrals75-de","34":"pa_phdusolacceptable-neutralzw65u75-de","35":"pa_phdusolacceptable-sauerwenigerals65-de","36":"pa_resistanceaufroidrusticite-frostbestandigunter_20c-de","37":"pa_tailledepot-5liter_topf-de","38":"pa_utilisationpossible-beet-de","39":"pa_utilisationpossible-hecke-de","41":"first","42":"instock","43":"taxable","44":"shipping-taxable","45":"purchasable","46":"product-type-variable","47":"has-default-attributes"},"supplier_id":null,"supplier_sku":"","barcode":null,"atum_controlled":true,"out_stock_date":null,"out_stock_threshold":null,"inheritable":true,"inbound_stock":0,"stock_on_hold":0,"sold_today":0,"sales_last_days":0,"reserved_stock":0,"customer_returns":0,"warehouse_damage":0,"lost_in_post":0,"other_logs":0,"out_stock_days":null,"lost_sales":0,"has_location":false,"update_date":"2025-12-03T15:32:57","atum_locations":[],"atum_stock_status":"instock","restock_status":false,"low_stock_amount":"","sales_update_date":"2025-12-03T15:32:57","calc_backorders":null,"yoast_head":"<!-- This site is optimized with the Yoast SEO Premium plugin v27.4 (Yoast SEO v27.4) - https:\/\/yoast.com\/product\/yoast-seo-premium-wordpress\/ -->\n<title>CORNUS mas &#039;Variegata&#039; - Bunte Kornelkirsche<\/title>\n<meta name=\"description\" content=\"CORNUS mas &#039;Variegata&#039; (Bunte Kornelkirsche) hat gr\u00fcnes Laub mit wei\u00dfem Rand. Sie bl\u00fcht gelb und bringt am Ende des Sommers rote Kornelkirschen hervor.\" \/>\n<meta name=\"robots\" content=\"noindex, follow\" \/>\n<meta property=\"og:locale\" content=\"de_DE\" \/>\n<meta property=\"og:type\" content=\"article\" \/>\n<meta property=\"og:title\" content=\"CORNUS mas &#039;Variegata&#039;\" \/>\n<meta property=\"og:description\" content=\"CORNUS mas &#039;Variegata&#039; (Bunte Kornelkirsche) hat gr\u00fcnes Laub mit wei\u00dfem Rand. Sie bl\u00fcht gelb und bringt am Ende des Sommers rote Kornelkirschen hervor.\" \/>\n<meta property=\"og:url\" content=\"https:\/\/www.vallonchene.fr\/de\/produkt\/cornus-mas-variegata-bunte-kornelkirsche\/\" \/>\n<meta property=\"og:site_name\" content=\"Vallonch\u00eane\" \/>\n<meta property=\"article:publisher\" content=\"https:\/\/www.facebook.com\/vallonchene.fr\" \/>\n<meta property=\"article:modified_time\" content=\"2024-02-22T16:16:08+00:00\" \/>\n<meta property=\"og:image\" content=\"https:\/\/www.vallonchene.fr\/wp-content\/uploads\/2023\/10\/CORNUS-mas-Variegata_02.webp\" \/>\n\t<meta property=\"og:image:width\" content=\"1200\" \/>\n\t<meta property=\"og:image:height\" content=\"1200\" \/>\n\t<meta property=\"og:image:type\" content=\"image\/webp\" \/>\n<meta name=\"twitter:card\" content=\"summary_large_image\" \/>\n<meta name=\"twitter:label1\" content=\"Verf\u00fcgbarkeit\" \/>\n\t<meta name=\"twitter:data1\" content=\"Vorr\u00e4tig\" \/>\n<script type=\"application\/ld+json\" class=\"yoast-schema-graph\">{\"@context\":\"https:\\\/\\\/schema.org\",\"@graph\":[{\"@type\":\"WebPage\",\"@id\":\"https:\\\/\\\/www.vallonchene.fr\\\/de\\\/produkt\\\/cornus-mas-variegata-bunte-kornelkirsche\\\/\",\"url\":\"https:\\\/\\\/www.vallonchene.fr\\\/de\\\/produkt\\\/cornus-mas-variegata-bunte-kornelkirsche\\\/\",\"name\":\"CORNUS mas 'Variegata' - Bunte Kornelkirsche\",\"isPartOf\":{\"@id\":\"https:\\\/\\\/www.vallonchene.fr\\\/de\\\/#website\"},\"primaryImageOfPage\":{\"@id\":\"https:\\\/\\\/www.vallonchene.fr\\\/de\\\/produkt\\\/cornus-mas-variegata-bunte-kornelkirsche\\\/#primaryimage\"},\"image\":{\"@id\":\"https:\\\/\\\/www.vallonchene.fr\\\/de\\\/produkt\\\/cornus-mas-variegata-bunte-kornelkirsche\\\/#primaryimage\"},\"thumbnailUrl\":\"https:\\\/\\\/www.vallonchene.fr\\\/wp-content\\\/uploads\\\/2023\\\/10\\\/CORNUS-mas-Variegata_02.webp\",\"datePublished\":\"2023-11-02T10:02:51+00:00\",\"dateModified\":\"2024-02-22T16:16:08+00:00\",\"description\":\"CORNUS mas 'Variegata' (Bunte Kornelkirsche) hat gr\u00fcnes Laub mit wei\u00dfem Rand. Sie bl\u00fcht gelb und bringt am Ende des Sommers rote Kornelkirschen hervor.\",\"breadcrumb\":{\"@id\":\"https:\\\/\\\/www.vallonchene.fr\\\/de\\\/produkt\\\/cornus-mas-variegata-bunte-kornelkirsche\\\/#breadcrumb\"},\"inLanguage\":\"de\",\"potentialAction\":[{\"@type\":\"ReadAction\",\"target\":[\"https:\\\/\\\/www.vallonchene.fr\\\/de\\\/produkt\\\/cornus-mas-variegata-bunte-kornelkirsche\\\/\"]}]},{\"@type\":\"ImageObject\",\"inLanguage\":\"de\",\"@id\":\"https:\\\/\\\/www.vallonchene.fr\\\/de\\\/produkt\\\/cornus-mas-variegata-bunte-kornelkirsche\\\/#primaryimage\",\"url\":\"https:\\\/\\\/www.vallonchene.fr\\\/wp-content\\\/uploads\\\/2023\\\/10\\\/CORNUS-mas-Variegata_02.webp\",\"contentUrl\":\"https:\\\/\\\/www.vallonchene.fr\\\/wp-content\\\/uploads\\\/2023\\\/10\\\/CORNUS-mas-Variegata_02.webp\",\"width\":1200,\"height\":1200,\"caption\":\"Nahaufnahme des gr\u00fcnen, wei\u00df umrandeten Laubs von CORNUS mas 'Variegata'\"},{\"@type\":\"BreadcrumbList\",\"@id\":\"https:\\\/\\\/www.vallonchene.fr\\\/de\\\/produkt\\\/cornus-mas-variegata-bunte-kornelkirsche\\\/#breadcrumb\",\"itemListElement\":[{\"@type\":\"ListItem\",\"position\":1,\"name\":\"Home\",\"item\":\"https:\\\/\\\/www.vallonchene.fr\\\/de\\\/\"},{\"@type\":\"ListItem\",\"position\":2,\"name\":\"Shop\",\"item\":\"https:\\\/\\\/www.vallonchene.fr\\\/de\\\/shop\\\/\"},{\"@type\":\"ListItem\",\"position\":3,\"name\":\"Online-Verkauf\",\"item\":\"https:\\\/\\\/www.vallonchene.fr\\\/de\\\/produkt-kategorie\\\/online-verkauf-de\\\/\"},{\"@type\":\"ListItem\",\"position\":4,\"name\":\"Baumschule\",\"item\":\"https:\\\/\\\/www.vallonchene.fr\\\/de\\\/produkt-kategorie\\\/online-verkauf-de\\\/baumschule-gaertnerei-de\\\/\"},{\"@type\":\"ListItem\",\"position\":5,\"name\":\"Str\u00e4ucher und B\u00e4ume\",\"item\":\"https:\\\/\\\/www.vallonchene.fr\\\/de\\\/produkt-kategorie\\\/online-verkauf-de\\\/baumschule-gaertnerei-de\\\/straucher-und-baume-de\\\/\"},{\"@type\":\"ListItem\",\"position\":6,\"name\":\"CORNUS mas &lsquo;Variegata&rsquo;\"}]},{\"@type\":\"WebSite\",\"@id\":\"https:\\\/\\\/www.vallonchene.fr\\\/de\\\/#website\",\"url\":\"https:\\\/\\\/www.vallonchene.fr\\\/de\\\/\",\"name\":\"Vallonch\u00eane\",\"description\":\"Die Baumschule, bei der Qualit\u00e4t ihre Wurzeln hat \u2013 Tel.: +49 (0)6838-5399840\",\"publisher\":{\"@id\":\"https:\\\/\\\/www.vallonchene.fr\\\/de\\\/#organization\"},\"potentialAction\":[{\"@type\":\"SearchAction\",\"target\":{\"@type\":\"EntryPoint\",\"urlTemplate\":\"https:\\\/\\\/www.vallonchene.fr\\\/de\\\/?s={search_term_string}\"},\"query-input\":{\"@type\":\"PropertyValueSpecification\",\"valueRequired\":true,\"valueName\":\"search_term_string\"}}],\"inLanguage\":\"de\"},{\"@type\":\"Organization\",\"@id\":\"https:\\\/\\\/www.vallonchene.fr\\\/de\\\/#organization\",\"name\":\"VALLONCHENE\",\"url\":\"https:\\\/\\\/www.vallonchene.fr\\\/de\\\/\",\"logo\":{\"@type\":\"ImageObject\",\"inLanguage\":\"de\",\"@id\":\"https:\\\/\\\/www.vallonchene.fr\\\/de\\\/#\\\/schema\\\/logo\\\/image\\\/\",\"url\":\"https:\\\/\\\/www.vallonchene.fr\\\/wp-content\\\/uploads\\\/2023\\\/03\\\/Logo-Vallonchene-site-et-R_hauteur_100.png\",\"contentUrl\":\"https:\\\/\\\/www.vallonchene.fr\\\/wp-content\\\/uploads\\\/2023\\\/03\\\/Logo-Vallonchene-site-et-R_hauteur_100.png\",\"width\":221,\"height\":100,\"caption\":\"VALLONCHENE\"},\"image\":{\"@id\":\"https:\\\/\\\/www.vallonchene.fr\\\/de\\\/#\\\/schema\\\/logo\\\/image\\\/\"},\"sameAs\":[\"https:\\\/\\\/www.facebook.com\\\/vallonchene.fr\",\"https:\\\/\\\/www.instagram.com\\\/vallonchene\\\/\",\"https:\\\/\\\/www.pinterest.fr\\\/vallonchene\\\/\"],\"taxID\":\"49454502300017\",\"hasMerchantReturnPolicy\":{\"@type\":\"MerchantReturnPolicy\",\"merchantReturnLink\":\"https:\\\/\\\/www.vallonchene.fr\\\/remboursements_retours\\\/\"}}]}<\/script>\n<meta property=\"og:availability\" content=\"instock\" \/>\n<meta property=\"product:availability\" content=\"instock\" \/>\n<meta property=\"product:retailer_item_id\" content=\"74649\" \/>\n<meta property=\"product:condition\" content=\"new\" \/>\n<!-- \/ Yoast SEO Premium plugin. -->","yoast_head_json":{"title":"CORNUS mas 'Variegata' - Bunte Kornelkirsche","description":"CORNUS mas 'Variegata' (Bunte Kornelkirsche) hat gr\u00fcnes Laub mit wei\u00dfem Rand. Sie bl\u00fcht gelb und bringt am Ende des Sommers rote Kornelkirschen hervor.","robots":{"index":"noindex","follow":"follow"},"og_locale":"de_DE","og_type":"article","og_title":"CORNUS mas 'Variegata'","og_description":"CORNUS mas 'Variegata' (Bunte Kornelkirsche) hat gr\u00fcnes Laub mit wei\u00dfem Rand. Sie bl\u00fcht gelb und bringt am Ende des Sommers rote Kornelkirschen hervor.","og_url":"https:\/\/www.vallonchene.fr\/de\/produkt\/cornus-mas-variegata-bunte-kornelkirsche\/","og_site_name":"Vallonch\u00eane","article_publisher":"https:\/\/www.facebook.com\/vallonchene.fr","article_modified_time":"2024-02-22T16:16:08+00:00","og_image":[{"width":1200,"height":1200,"url":"https:\/\/www.vallonchene.fr\/wp-content\/uploads\/2023\/10\/CORNUS-mas-Variegata_02.webp","type":"image\/webp"}],"twitter_card":"summary_large_image","twitter_misc":{"Verf\u00fcgbarkeit":"Vorr\u00e4tig"},"schema":{"@context":"https:\/\/schema.org","@graph":[{"@type":"WebPage","@id":"https:\/\/www.vallonchene.fr\/de\/produkt\/cornus-mas-variegata-bunte-kornelkirsche\/","url":"https:\/\/www.vallonchene.fr\/de\/produkt\/cornus-mas-variegata-bunte-kornelkirsche\/","name":"CORNUS mas 'Variegata' - Bunte Kornelkirsche","isPartOf":{"@id":"https:\/\/www.vallonchene.fr\/de\/#website"},"primaryImageOfPage":{"@id":"https:\/\/www.vallonchene.fr\/de\/produkt\/cornus-mas-variegata-bunte-kornelkirsche\/#primaryimage"},"image":{"@id":"https:\/\/www.vallonchene.fr\/de\/produkt\/cornus-mas-variegata-bunte-kornelkirsche\/#primaryimage"},"thumbnailUrl":"https:\/\/www.vallonchene.fr\/wp-content\/uploads\/2023\/10\/CORNUS-mas-Variegata_02.webp","datePublished":"2023-11-02T10:02:51+00:00","dateModified":"2024-02-22T16:16:08+00:00","description":"CORNUS mas 'Variegata' (Bunte Kornelkirsche) hat gr\u00fcnes Laub mit wei\u00dfem Rand. Sie bl\u00fcht gelb und bringt am Ende des Sommers rote Kornelkirschen hervor.","breadcrumb":{"@id":"https:\/\/www.vallonchene.fr\/de\/produkt\/cornus-mas-variegata-bunte-kornelkirsche\/#breadcrumb"},"inLanguage":"de","potentialAction":[{"@type":"ReadAction","target":["https:\/\/www.vallonchene.fr\/de\/produkt\/cornus-mas-variegata-bunte-kornelkirsche\/"]}]},{"@type":"ImageObject","inLanguage":"de","@id":"https:\/\/www.vallonchene.fr\/de\/produkt\/cornus-mas-variegata-bunte-kornelkirsche\/#primaryimage","url":"https:\/\/www.vallonchene.fr\/wp-content\/uploads\/2023\/10\/CORNUS-mas-Variegata_02.webp","contentUrl":"https:\/\/www.vallonchene.fr\/wp-content\/uploads\/2023\/10\/CORNUS-mas-Variegata_02.webp","width":1200,"height":1200,"caption":"Nahaufnahme des gr\u00fcnen, wei\u00df umrandeten Laubs von CORNUS mas 'Variegata'"},{"@type":"BreadcrumbList","@id":"https:\/\/www.vallonchene.fr\/de\/produkt\/cornus-mas-variegata-bunte-kornelkirsche\/#breadcrumb","itemListElement":[{"@type":"ListItem","position":1,"name":"Home","item":"https:\/\/www.vallonchene.fr\/de\/"},{"@type":"ListItem","position":2,"name":"Shop","item":"https:\/\/www.vallonchene.fr\/de\/shop\/"},{"@type":"ListItem","position":3,"name":"Online-Verkauf","item":"https:\/\/www.vallonchene.fr\/de\/produkt-kategorie\/online-verkauf-de\/"},{"@type":"ListItem","position":4,"name":"Baumschule","item":"https:\/\/www.vallonchene.fr\/de\/produkt-kategorie\/online-verkauf-de\/baumschule-gaertnerei-de\/"},{"@type":"ListItem","position":5,"name":"Str\u00e4ucher und B\u00e4ume","item":"https:\/\/www.vallonchene.fr\/de\/produkt-kategorie\/online-verkauf-de\/baumschule-gaertnerei-de\/straucher-und-baume-de\/"},{"@type":"ListItem","position":6,"name":"CORNUS mas &lsquo;Variegata&rsquo;"}]},{"@type":"WebSite","@id":"https:\/\/www.vallonchene.fr\/de\/#website","url":"https:\/\/www.vallonchene.fr\/de\/","name":"Vallonch\u00eane","description":"Die Baumschule, bei der Qualit\u00e4t ihre Wurzeln hat \u2013 Tel.: +49 (0)6838-5399840","publisher":{"@id":"https:\/\/www.vallonchene.fr\/de\/#organization"},"potentialAction":[{"@type":"SearchAction","target":{"@type":"EntryPoint","urlTemplate":"https:\/\/www.vallonchene.fr\/de\/?s={search_term_string}"},"query-input":{"@type":"PropertyValueSpecification","valueRequired":true,"valueName":"search_term_string"}}],"inLanguage":"de"},{"@type":"Organization","@id":"https:\/\/www.vallonchene.fr\/de\/#organization","name":"VALLONCHENE","url":"https:\/\/www.vallonchene.fr\/de\/","logo":{"@type":"ImageObject","inLanguage":"de","@id":"https:\/\/www.vallonchene.fr\/de\/#\/schema\/logo\/image\/","url":"https:\/\/www.vallonchene.fr\/wp-content\/uploads\/2023\/03\/Logo-Vallonchene-site-et-R_hauteur_100.png","contentUrl":"https:\/\/www.vallonchene.fr\/wp-content\/uploads\/2023\/03\/Logo-Vallonchene-site-et-R_hauteur_100.png","width":221,"height":100,"caption":"VALLONCHENE"},"image":{"@id":"https:\/\/www.vallonchene.fr\/de\/#\/schema\/logo\/image\/"},"sameAs":["https:\/\/www.facebook.com\/vallonchene.fr","https:\/\/www.instagram.com\/vallonchene\/","https:\/\/www.pinterest.fr\/vallonchene\/"],"taxID":"49454502300017","hasMerchantReturnPolicy":{"@type":"MerchantReturnPolicy","merchantReturnLink":"https:\/\/www.vallonchene.fr\/remboursements_retours\/"}}]},"og_availability":"instock","product_availability":"instock","product_retailer_item_id":"74649","product_condition":"new"},"_links":{"self":[{"href":"https:\/\/www.vallonchene.fr\/de\/wp-json\/wp\/v2\/product\/44149","targetHints":{"allow":["GET"]}}],"collection":[{"href":"https:\/\/www.vallonchene.fr\/de\/wp-json\/wp\/v2\/product"}],"about":[{"href":"https:\/\/www.vallonchene.fr\/de\/wp-json\/wp\/v2\/types\/product"}],"replies":[{"embeddable":true,"href":"https:\/\/www.vallonchene.fr\/de\/wp-json\/wp\/v2\/comments?post=44149"}],"wp:featuredmedia":[{"embeddable":true,"href":"https:\/\/www.vallonchene.fr\/de\/wp-json\/wp\/v2\/media\/44250"}],"wp:attachment":[{"href":"https:\/\/www.vallonchene.fr\/de\/wp-json\/wp\/v2\/media?parent=44149"}],"wp:term":[{"taxonomy":"product_brand","embeddable":true,"href":"https:\/\/www.vallonchene.fr\/de\/wp-json\/wp\/v2\/product_brand?post=44149"},{"taxonomy":"product_cat","embeddable":true,"href":"https:\/\/www.vallonchene.fr\/de\/wp-json\/wp\/v2\/product_cat?post=44149"},{"taxonomy":"product_tag","embeddable":true,"href":"https:\/\/www.vallonchene.fr\/de\/wp-json\/wp\/v2\/product_tag?post=44149"}],"curies":[{"name":"wp","href":"https:\/\/api.w.org\/{rel}","templated":true}]}}