{"id":44143,"date":"2023-08-23T09:53:46","date_gmt":"2023-08-23T09:53:46","guid":{"rendered":"https:\/\/www.vallonchene.fr\/?post_type=product&#038;p=44143"},"modified":"2024-09-12T09:31:31","modified_gmt":"2024-09-12T09:31:31","slug":"aralia-schmidtii-var-verticillata","status":"publish","type":"product","link":"https:\/\/www.vallonchene.fr\/de\/produkt\/aralia-schmidtii-var-verticillata\/","title":{"rendered":"ARALIA schmidtii var. verticillata"},"content":{"rendered":"<h2>Die Pflanze<\/h2>\n<p>Die <strong>ARALIA schmidtii var. verticillata <\/strong>ist eine beeindruckende <strong>mehrj\u00e4hrige Pflanze<\/strong> mit gro\u00dfen, tief eingeschnittenen, gl\u00e4nzend gr\u00fcnen Bl\u00e4ttern. Diese Aralie verleiht Ihrem Garten eine exotische Note. Ihr <strong>strauchartiger Wuchs<\/strong> und ihr schnelles Wachstum machen sie zu einem bemerkenswerten architektonischen Element. Im Sommer kr\u00f6nen <strong>zarte wei\u00dfe Bl\u00fctenst\u00e4nde<\/strong> diese majest\u00e4tische Pflanze und ziehen zahlreiche best\u00e4ubende Insekten an. Im Herbst tragen dieselben Bl\u00fctenst\u00e4nde dann <strong>sehr dekorative schwarze Fr\u00fcchte<\/strong>. Sie sind eine Delikatesse f\u00fcr V\u00f6gel.<\/p>\n<h2>Wie pflanzt und pflegt man ARALIA schmidtii var. verticillata?<\/h2>\n<h3>Die Pflanzung<\/h3>\n<p>Pflanzen Sie Ihre Aralie auf H\u00f6he des Wurzelhalses und gie\u00dfen Sie sie gro\u00dfz\u00fcgig. Alles in allem ist sie eine pflegeleichte Pflanze. <strong>Robust<\/strong> und <strong>anspruchslos<\/strong> <strong>passt sich die Aralia schmidtii var. verticillata an viele Bodenarten an<\/strong>, sofern sie feucht und gut drainiert sind. Sie bevorzugt einen <strong>halbschattigen bis schattigen Standort<\/strong>, ideal um \u00fcppiges Unterholz zu schaffen oder einem Beet H\u00f6he zu verleihen. W\u00e4hlen Sie einen <strong>windgesch\u00fctzten Standort<\/strong>. Graben Sie ein Loch, das doppelt so breit ist wie der Wurzelballen, und lockern Sie die Erde auf.<\/p>\n<h3>Die Pflege<\/h3>\n<p>Aralia schmidtii var. verticillata ben\u00f6tigt nur wenig Pflege. Eine Mulchschicht am Fu\u00df der Pflanze hilft, die Bodenfeuchtigkeit zu erhalten und die Verdunstung zu begrenzen. Nach den ersten Fr\u00f6sten schneiden Sie die Pflanze vollst\u00e4ndig zur\u00fcck.<\/p>\n<h2>Geschichte und Herkunft<\/h2>\n<p>Die in Asien beheimatete Aralia schmidtii var. verticillata wurde im 19. Jahrhundert nach Europa eingef\u00fchrt. Ihr spezifischer Name &#8222;verticillata&#8220; bezieht sich auf die quirlst\u00e4ndige Anordnung ihrer Bl\u00e4tter. Diese Pflanze begeistert G\u00e4rtner durch ihr exotisches Aussehen und ihre einfache Kultivierung.<\/p>\n","protected":false},"excerpt":{"rendered":"<p>Die <strong>ARALIA schmidtii var. verticillata <\/strong> entwickelt bis zu 45 cm gro\u00dfe Bl\u00e4tter. Die Pflanze selbst erreicht eine H\u00f6he von rund 3 Metern.<\/p>\n","protected":false},"featured_media":48782,"comment_status":"open","ping_status":"closed","template":"","meta":[],"product_brand":[],"product_cat":[10733,264],"product_tag":[],"class_list":{"0":"post-44143","1":"product","2":"type-product","3":"status-publish","4":"has-post-thumbnail","6":"product_cat-seltene-pflanzen-sammlerpflanzen","7":"product_cat-stauden-de","8":"pa_couleurautomnaledufeuillage-gelb-de","9":"pa_couleurdesfleurs-weiss-de","10":"pa_couleurnormaledufeuillage-grun-de","11":"pa_exigencesenhumidite-feucht-de","12":"pa_exigencesenhumidite-normal-de","13":"pa_expositionspossibles-ce-halbschattigsonnezw12und17-de","14":"pa_expositionspossibles-fc-schattigkeindirektessonnen-de","15":"pa_hauteurlivree-100-bis-125-cm","16":"pa_hauteurlivree-125-bis-150-cm","17":"pa_hauteurlivree-15-bis-20-cm","18":"pa_hauteurlivree-150-bis-175-cm","19":"pa_hauteurlivree-20-bis-25cm","20":"pa_hauteurlivree-200-bis-250-cm","21":"pa_hauteurlivree-25-bis-30-cm","22":"pa_hauteurlivree-30-bis-35-cm","23":"pa_hauteurlivree-30-bis-40-cm","24":"pa_hauteurlivree-40-bis-50-cm","25":"pa_hauteurlivree-50-bis-60-cm","26":"pa_hauteurlivree-60-bis-80-cm","27":"pa_hauteurlivree-80-bis-100-cm","28":"pa_hauteurlivree-n-v","29":"pa_interetauprintemps-form-de","30":"pa_interetauprintemps-jungesprossen-de","31":"pa_interetenautomne-laub-de","32":"pa_interetenete-bluten-de","33":"pa_interetenete-form-de","34":"pa_interetenete-laub-de","35":"pa_naturedufeuillage-nichtimmergrun-de","36":"pa_naturesdesolpossibles-leicht-de","37":"pa_naturesdesolpossibles-normal-de","38":"pa_periodedefloraison-sommer-de","39":"pa_phdusolacceptable-neutralzw65u75-de","40":"pa_phdusolacceptable-sauerwenigerals65-de","41":"pa_resistanceaufroidrusticite-frostbestandigunter_20c-de","42":"pa_tailledepot-1liter_topf-de","43":"pa_tailledepot-10liter_topf-de","44":"pa_tailledepot-12liter_topf-de","45":"pa_tailledepot-15liter_topf-de","46":"pa_tailledepot-2liter_topf-de","47":"pa_tailledepot-20liter_topf-de","48":"pa_tailledepot-25liter_topf-de","49":"pa_tailledepot-3liter_topf-de","50":"pa_tailledepot-4liter_topf-de","51":"pa_tailledepot-5liter_topf-de","52":"pa_tailledepot-7_cm_topf-de","53":"pa_tailledepot-75liter_topf-de","54":"pa_utilisationpossible-beet-de","56":"first","57":"instock","58":"taxable","59":"shipping-taxable","60":"purchasable","61":"product-type-variable"},"supplier_id":null,"supplier_sku":"","barcode":null,"atum_controlled":true,"out_stock_date":null,"out_stock_threshold":null,"inheritable":true,"inbound_stock":0,"stock_on_hold":0,"sold_today":0,"sales_last_days":0,"reserved_stock":0,"customer_returns":0,"warehouse_damage":0,"lost_in_post":0,"other_logs":0,"out_stock_days":null,"lost_sales":0,"has_location":false,"update_date":"2026-02-20T13:17:13","atum_locations":[],"atum_stock_status":"instock","restock_status":false,"low_stock_amount":"","sales_update_date":"2025-12-03T15:32:58","calc_backorders":null,"yoast_head":"<!-- This site is optimized with the Yoast SEO Premium plugin v27.5 (Yoast SEO v27.5) - https:\/\/yoast.com\/product\/yoast-seo-premium-wordpress\/ -->\n<title>ARALIA schmidtii var. verticillata<\/title>\n<meta name=\"description\" content=\"ARALIA schmidtii var. verticillata entwickeln bis zu 45 cm gro\u00dfe Bl\u00e4tter. Die Pflanze selbst erreicht eine H\u00f6he von rund 3 Metern.\" \/>\n<meta name=\"robots\" content=\"index, follow, max-snippet:-1, max-image-preview:large, max-video-preview:-1\" \/>\n<link rel=\"canonical\" href=\"https:\/\/www.vallonchene.fr\/de\/produkt\/aralia-schmidtii-var-verticillata\/\" \/>\n<meta property=\"og:locale\" content=\"de_DE\" \/>\n<meta property=\"og:type\" content=\"article\" \/>\n<meta property=\"og:title\" content=\"ARALIA schmidtii var. verticillata\" \/>\n<meta property=\"og:description\" content=\"ARALIA schmidtii var. verticillata entwickeln bis zu 45 cm gro\u00dfe Bl\u00e4tter. Die Pflanze selbst erreicht eine H\u00f6he von rund 3 Metern.\" \/>\n<meta property=\"og:url\" content=\"https:\/\/www.vallonchene.fr\/de\/produkt\/aralia-schmidtii-var-verticillata\/\" \/>\n<meta property=\"og:site_name\" content=\"Vallonch\u00eane\" \/>\n<meta property=\"article:publisher\" content=\"https:\/\/www.facebook.com\/vallonchene.fr\" \/>\n<meta property=\"article:modified_time\" content=\"2024-09-12T09:31:31+00:00\" \/>\n<meta property=\"og:image\" content=\"https:\/\/www.vallonchene.fr\/wp-content\/uploads\/2024\/09\/ARALIA-schmidtii-var.-verticillata_01.webp\" \/>\n\t<meta property=\"og:image:width\" content=\"1200\" \/>\n\t<meta property=\"og:image:height\" content=\"1200\" \/>\n\t<meta property=\"og:image:type\" content=\"image\/webp\" \/>\n<meta name=\"twitter:card\" content=\"summary_large_image\" \/>\n<meta name=\"twitter:label1\" content=\"Verf\u00fcgbarkeit\" \/>\n\t<meta name=\"twitter:data1\" content=\"Vorr\u00e4tig\" \/>\n<script type=\"application\/ld+json\" class=\"yoast-schema-graph\">{\"@context\":\"https:\\\/\\\/schema.org\",\"@graph\":[{\"@type\":\"WebPage\",\"@id\":\"https:\\\/\\\/www.vallonchene.fr\\\/de\\\/produkt\\\/aralia-schmidtii-var-verticillata\\\/\",\"url\":\"https:\\\/\\\/www.vallonchene.fr\\\/de\\\/produkt\\\/aralia-schmidtii-var-verticillata\\\/\",\"name\":\"ARALIA schmidtii var. verticillata\",\"isPartOf\":{\"@id\":\"https:\\\/\\\/www.vallonchene.fr\\\/de\\\/#website\"},\"primaryImageOfPage\":{\"@id\":\"https:\\\/\\\/www.vallonchene.fr\\\/de\\\/produkt\\\/aralia-schmidtii-var-verticillata\\\/#primaryimage\"},\"image\":{\"@id\":\"https:\\\/\\\/www.vallonchene.fr\\\/de\\\/produkt\\\/aralia-schmidtii-var-verticillata\\\/#primaryimage\"},\"thumbnailUrl\":\"https:\\\/\\\/www.vallonchene.fr\\\/wp-content\\\/uploads\\\/2024\\\/09\\\/ARALIA-schmidtii-var.-verticillata_01.webp\",\"datePublished\":\"2023-08-23T09:53:46+00:00\",\"dateModified\":\"2024-09-12T09:31:31+00:00\",\"description\":\"ARALIA schmidtii var. verticillata entwickeln bis zu 45 cm gro\u00dfe Bl\u00e4tter. Die Pflanze selbst erreicht eine H\u00f6he von rund 3 Metern.\",\"breadcrumb\":{\"@id\":\"https:\\\/\\\/www.vallonchene.fr\\\/de\\\/produkt\\\/aralia-schmidtii-var-verticillata\\\/#breadcrumb\"},\"inLanguage\":\"de\",\"potentialAction\":[{\"@type\":\"ReadAction\",\"target\":[\"https:\\\/\\\/www.vallonchene.fr\\\/de\\\/produkt\\\/aralia-schmidtii-var-verticillata\\\/\"]}]},{\"@type\":\"ImageObject\",\"inLanguage\":\"de\",\"@id\":\"https:\\\/\\\/www.vallonchene.fr\\\/de\\\/produkt\\\/aralia-schmidtii-var-verticillata\\\/#primaryimage\",\"url\":\"https:\\\/\\\/www.vallonchene.fr\\\/wp-content\\\/uploads\\\/2024\\\/09\\\/ARALIA-schmidtii-var.-verticillata_01.webp\",\"contentUrl\":\"https:\\\/\\\/www.vallonchene.fr\\\/wp-content\\\/uploads\\\/2024\\\/09\\\/ARALIA-schmidtii-var.-verticillata_01.webp\",\"width\":1200,\"height\":1200,\"caption\":\"Vergr\u00f6\u00dferte Ansicht der Bl\u00fcte der ARALIA schmidtii var. verticillata\"},{\"@type\":\"BreadcrumbList\",\"@id\":\"https:\\\/\\\/www.vallonchene.fr\\\/de\\\/produkt\\\/aralia-schmidtii-var-verticillata\\\/#breadcrumb\",\"itemListElement\":[{\"@type\":\"ListItem\",\"position\":1,\"name\":\"Home\",\"item\":\"https:\\\/\\\/www.vallonchene.fr\\\/de\\\/\"},{\"@type\":\"ListItem\",\"position\":2,\"name\":\"Shop\",\"item\":\"https:\\\/\\\/www.vallonchene.fr\\\/de\\\/shop\\\/\"},{\"@type\":\"ListItem\",\"position\":3,\"name\":\"Online-Verkauf\",\"item\":\"https:\\\/\\\/www.vallonchene.fr\\\/de\\\/produkt-kategorie\\\/online-verkauf-de\\\/\"},{\"@type\":\"ListItem\",\"position\":4,\"name\":\"Baumschule\",\"item\":\"https:\\\/\\\/www.vallonchene.fr\\\/de\\\/produkt-kategorie\\\/online-verkauf-de\\\/baumschule-gaertnerei-de\\\/\"},{\"@type\":\"ListItem\",\"position\":5,\"name\":\"Seltene Pflanzen (Sammlerpflanzen)\",\"item\":\"https:\\\/\\\/www.vallonchene.fr\\\/de\\\/produkt-kategorie\\\/online-verkauf-de\\\/baumschule-gaertnerei-de\\\/seltene-pflanzen-sammlerpflanzen\\\/\"},{\"@type\":\"ListItem\",\"position\":6,\"name\":\"ARALIA schmidtii var. verticillata\"}]},{\"@type\":\"WebSite\",\"@id\":\"https:\\\/\\\/www.vallonchene.fr\\\/de\\\/#website\",\"url\":\"https:\\\/\\\/www.vallonchene.fr\\\/de\\\/\",\"name\":\"Vallonch\u00eane\",\"description\":\"Die Baumschule, bei der Qualit\u00e4t ihre Wurzeln hat \u2013 Tel.: +49 (0)6838-5399840\",\"publisher\":{\"@id\":\"https:\\\/\\\/www.vallonchene.fr\\\/de\\\/#organization\"},\"potentialAction\":[{\"@type\":\"SearchAction\",\"target\":{\"@type\":\"EntryPoint\",\"urlTemplate\":\"https:\\\/\\\/www.vallonchene.fr\\\/de\\\/?s={search_term_string}\"},\"query-input\":{\"@type\":\"PropertyValueSpecification\",\"valueRequired\":true,\"valueName\":\"search_term_string\"}}],\"inLanguage\":\"de\"},{\"@type\":\"Organization\",\"@id\":\"https:\\\/\\\/www.vallonchene.fr\\\/de\\\/#organization\",\"name\":\"VALLONCHENE\",\"url\":\"https:\\\/\\\/www.vallonchene.fr\\\/de\\\/\",\"logo\":{\"@type\":\"ImageObject\",\"inLanguage\":\"de\",\"@id\":\"https:\\\/\\\/www.vallonchene.fr\\\/de\\\/#\\\/schema\\\/logo\\\/image\\\/\",\"url\":\"https:\\\/\\\/www.vallonchene.fr\\\/wp-content\\\/uploads\\\/2023\\\/03\\\/Logo-Vallonchene-site-et-R_hauteur_100.png\",\"contentUrl\":\"https:\\\/\\\/www.vallonchene.fr\\\/wp-content\\\/uploads\\\/2023\\\/03\\\/Logo-Vallonchene-site-et-R_hauteur_100.png\",\"width\":221,\"height\":100,\"caption\":\"VALLONCHENE\"},\"image\":{\"@id\":\"https:\\\/\\\/www.vallonchene.fr\\\/de\\\/#\\\/schema\\\/logo\\\/image\\\/\"},\"sameAs\":[\"https:\\\/\\\/www.facebook.com\\\/vallonchene.fr\",\"https:\\\/\\\/www.instagram.com\\\/vallonchene\\\/\",\"https:\\\/\\\/www.pinterest.fr\\\/vallonchene\\\/\"],\"taxID\":\"49454502300017\",\"hasMerchantReturnPolicy\":{\"@type\":\"MerchantReturnPolicy\",\"merchantReturnLink\":\"https:\\\/\\\/www.vallonchene.fr\\\/remboursements_retours\\\/\"}}]}<\/script>\n<meta property=\"og:availability\" content=\"instock\" \/>\n<meta property=\"product:availability\" content=\"instock\" \/>\n<meta property=\"product:condition\" content=\"new\" \/>\n<!-- \/ Yoast SEO Premium plugin. -->","yoast_head_json":{"title":"ARALIA schmidtii var. verticillata","description":"ARALIA schmidtii var. verticillata entwickeln bis zu 45 cm gro\u00dfe Bl\u00e4tter. Die Pflanze selbst erreicht eine H\u00f6he von rund 3 Metern.","robots":{"index":"index","follow":"follow","max-snippet":"max-snippet:-1","max-image-preview":"max-image-preview:large","max-video-preview":"max-video-preview:-1"},"canonical":"https:\/\/www.vallonchene.fr\/de\/produkt\/aralia-schmidtii-var-verticillata\/","og_locale":"de_DE","og_type":"article","og_title":"ARALIA schmidtii var. verticillata","og_description":"ARALIA schmidtii var. verticillata entwickeln bis zu 45 cm gro\u00dfe Bl\u00e4tter. Die Pflanze selbst erreicht eine H\u00f6he von rund 3 Metern.","og_url":"https:\/\/www.vallonchene.fr\/de\/produkt\/aralia-schmidtii-var-verticillata\/","og_site_name":"Vallonch\u00eane","article_publisher":"https:\/\/www.facebook.com\/vallonchene.fr","article_modified_time":"2024-09-12T09:31:31+00:00","og_image":[{"width":1200,"height":1200,"url":"https:\/\/www.vallonchene.fr\/wp-content\/uploads\/2024\/09\/ARALIA-schmidtii-var.-verticillata_01.webp","type":"image\/webp"}],"twitter_card":"summary_large_image","twitter_misc":{"Verf\u00fcgbarkeit":"Vorr\u00e4tig"},"schema":{"@context":"https:\/\/schema.org","@graph":[{"@type":"WebPage","@id":"https:\/\/www.vallonchene.fr\/de\/produkt\/aralia-schmidtii-var-verticillata\/","url":"https:\/\/www.vallonchene.fr\/de\/produkt\/aralia-schmidtii-var-verticillata\/","name":"ARALIA schmidtii var. verticillata","isPartOf":{"@id":"https:\/\/www.vallonchene.fr\/de\/#website"},"primaryImageOfPage":{"@id":"https:\/\/www.vallonchene.fr\/de\/produkt\/aralia-schmidtii-var-verticillata\/#primaryimage"},"image":{"@id":"https:\/\/www.vallonchene.fr\/de\/produkt\/aralia-schmidtii-var-verticillata\/#primaryimage"},"thumbnailUrl":"https:\/\/www.vallonchene.fr\/wp-content\/uploads\/2024\/09\/ARALIA-schmidtii-var.-verticillata_01.webp","datePublished":"2023-08-23T09:53:46+00:00","dateModified":"2024-09-12T09:31:31+00:00","description":"ARALIA schmidtii var. verticillata entwickeln bis zu 45 cm gro\u00dfe Bl\u00e4tter. Die Pflanze selbst erreicht eine H\u00f6he von rund 3 Metern.","breadcrumb":{"@id":"https:\/\/www.vallonchene.fr\/de\/produkt\/aralia-schmidtii-var-verticillata\/#breadcrumb"},"inLanguage":"de","potentialAction":[{"@type":"ReadAction","target":["https:\/\/www.vallonchene.fr\/de\/produkt\/aralia-schmidtii-var-verticillata\/"]}]},{"@type":"ImageObject","inLanguage":"de","@id":"https:\/\/www.vallonchene.fr\/de\/produkt\/aralia-schmidtii-var-verticillata\/#primaryimage","url":"https:\/\/www.vallonchene.fr\/wp-content\/uploads\/2024\/09\/ARALIA-schmidtii-var.-verticillata_01.webp","contentUrl":"https:\/\/www.vallonchene.fr\/wp-content\/uploads\/2024\/09\/ARALIA-schmidtii-var.-verticillata_01.webp","width":1200,"height":1200,"caption":"Vergr\u00f6\u00dferte Ansicht der Bl\u00fcte der ARALIA schmidtii var. verticillata"},{"@type":"BreadcrumbList","@id":"https:\/\/www.vallonchene.fr\/de\/produkt\/aralia-schmidtii-var-verticillata\/#breadcrumb","itemListElement":[{"@type":"ListItem","position":1,"name":"Home","item":"https:\/\/www.vallonchene.fr\/de\/"},{"@type":"ListItem","position":2,"name":"Shop","item":"https:\/\/www.vallonchene.fr\/de\/shop\/"},{"@type":"ListItem","position":3,"name":"Online-Verkauf","item":"https:\/\/www.vallonchene.fr\/de\/produkt-kategorie\/online-verkauf-de\/"},{"@type":"ListItem","position":4,"name":"Baumschule","item":"https:\/\/www.vallonchene.fr\/de\/produkt-kategorie\/online-verkauf-de\/baumschule-gaertnerei-de\/"},{"@type":"ListItem","position":5,"name":"Seltene Pflanzen (Sammlerpflanzen)","item":"https:\/\/www.vallonchene.fr\/de\/produkt-kategorie\/online-verkauf-de\/baumschule-gaertnerei-de\/seltene-pflanzen-sammlerpflanzen\/"},{"@type":"ListItem","position":6,"name":"ARALIA schmidtii var. verticillata"}]},{"@type":"WebSite","@id":"https:\/\/www.vallonchene.fr\/de\/#website","url":"https:\/\/www.vallonchene.fr\/de\/","name":"Vallonch\u00eane","description":"Die Baumschule, bei der Qualit\u00e4t ihre Wurzeln hat \u2013 Tel.: +49 (0)6838-5399840","publisher":{"@id":"https:\/\/www.vallonchene.fr\/de\/#organization"},"potentialAction":[{"@type":"SearchAction","target":{"@type":"EntryPoint","urlTemplate":"https:\/\/www.vallonchene.fr\/de\/?s={search_term_string}"},"query-input":{"@type":"PropertyValueSpecification","valueRequired":true,"valueName":"search_term_string"}}],"inLanguage":"de"},{"@type":"Organization","@id":"https:\/\/www.vallonchene.fr\/de\/#organization","name":"VALLONCHENE","url":"https:\/\/www.vallonchene.fr\/de\/","logo":{"@type":"ImageObject","inLanguage":"de","@id":"https:\/\/www.vallonchene.fr\/de\/#\/schema\/logo\/image\/","url":"https:\/\/www.vallonchene.fr\/wp-content\/uploads\/2023\/03\/Logo-Vallonchene-site-et-R_hauteur_100.png","contentUrl":"https:\/\/www.vallonchene.fr\/wp-content\/uploads\/2023\/03\/Logo-Vallonchene-site-et-R_hauteur_100.png","width":221,"height":100,"caption":"VALLONCHENE"},"image":{"@id":"https:\/\/www.vallonchene.fr\/de\/#\/schema\/logo\/image\/"},"sameAs":["https:\/\/www.facebook.com\/vallonchene.fr","https:\/\/www.instagram.com\/vallonchene\/","https:\/\/www.pinterest.fr\/vallonchene\/"],"taxID":"49454502300017","hasMerchantReturnPolicy":{"@type":"MerchantReturnPolicy","merchantReturnLink":"https:\/\/www.vallonchene.fr\/remboursements_retours\/"}}]},"og_availability":"instock","product_availability":"instock","product_condition":"new"},"_links":{"self":[{"href":"https:\/\/www.vallonchene.fr\/de\/wp-json\/wp\/v2\/product\/44143","targetHints":{"allow":["GET"]}}],"collection":[{"href":"https:\/\/www.vallonchene.fr\/de\/wp-json\/wp\/v2\/product"}],"about":[{"href":"https:\/\/www.vallonchene.fr\/de\/wp-json\/wp\/v2\/types\/product"}],"replies":[{"embeddable":true,"href":"https:\/\/www.vallonchene.fr\/de\/wp-json\/wp\/v2\/comments?post=44143"}],"wp:featuredmedia":[{"embeddable":true,"href":"https:\/\/www.vallonchene.fr\/de\/wp-json\/wp\/v2\/media\/48782"}],"wp:attachment":[{"href":"https:\/\/www.vallonchene.fr\/de\/wp-json\/wp\/v2\/media?parent=44143"}],"wp:term":[{"taxonomy":"product_brand","embeddable":true,"href":"https:\/\/www.vallonchene.fr\/de\/wp-json\/wp\/v2\/product_brand?post=44143"},{"taxonomy":"product_cat","embeddable":true,"href":"https:\/\/www.vallonchene.fr\/de\/wp-json\/wp\/v2\/product_cat?post=44143"},{"taxonomy":"product_tag","embeddable":true,"href":"https:\/\/www.vallonchene.fr\/de\/wp-json\/wp\/v2\/product_tag?post=44143"}],"curies":[{"name":"wp","href":"https:\/\/api.w.org\/{rel}","templated":true}]}}