{"id":43540,"date":"2023-09-14T15:41:38","date_gmt":"2023-09-14T15:41:38","guid":{"rendered":"https:\/\/www.vallonchene.fr\/produit\/acer-pseuodplatanus-f-variegatum-simon-louis-freres-spitzahorn\/"},"modified":"2026-01-22T19:25:28","modified_gmt":"2026-01-22T18:25:28","slug":"acer-pseuodplatanus-f-variegatum-simon-louis-freres-bergahorn","status":"publish","type":"product","link":"https:\/\/www.vallonchene.fr\/de\/produkt\/acer-pseuodplatanus-f-variegatum-simon-louis-freres-bergahorn\/","title":{"rendered":"ACER pseudoplatanus f. variegatum &#8218;Simon-Louis Fr\u00e8res&#8216;"},"content":{"rendered":"<h2>Die Pflanze<\/h2>\n<p>Der<strong>ACER pseudoplatanus f. variegatum &#8218;Simon-Louis Fr\u00e8res&#8216; <\/strong> geh\u00f6rt zu den <strong>Bergahornen<\/strong> und erzeugt <strong>spektakul\u00e4re Farben<\/strong>.<\/p>\n<p>Tats\u00e4chlich beginnt er im Fr\u00fchjahr seine Auff\u00fchrung mit <strong>deutlich rosa Trieben<\/strong>. \u00dcbrigens unterscheidet ihn dieses Merkmal eindeutig von Acer pseudoplatanus f. variegatum. Einige Wochen sp\u00e4ter entwickeln die Bl\u00e4tter eine <strong>sch\u00f6ne Panaschierung mit Wei\u00df, Rosa und Gr\u00fcn<\/strong>.   <\/p>\n<p>Dieser Baum <strong>w\u00e4chst hingegen deutlich langsamer<\/strong> als Bergahorne. Somit wird er eine <strong>wesentlich kleinere Endgr\u00f6\u00dfe<\/strong> erreichen als typische Acer pseudoplatanus. <\/p>\n<p>Ferner ist dieser <strong>sehr seltene<\/strong> Ahorn eine ebenso <strong>robuste<\/strong> Pflanze wie die typische Art. Daher ist er sowohl f\u00fcr Anf\u00e4nger als auch f\u00fcr erfahrene G\u00e4rtner geeignet. <\/p>\n<p>Um alle derzeit zum Verkauf stehenden Acer pseudoplatanus zu sehen, <strong><a href=\"https:\/\/www.vallonchene.fr\/de\/?s=acer+pseudoplatanus&amp;post_type=product&amp;dgwt_wcas=1&amp;lang=fr&amp;filter_stock_status=instock\">klicken Sie bitte hier<\/a><\/strong>.<\/p>\n<h2>Wie pflanzt und pflegt man ACER pseudoplatanus f. variegatum &#8218;Simon-Louis Fr\u00e8res&#8216;? <\/h2>\n<h3>Pflanzung<\/h3>\n<p>Auch wenn es sich um eine sehr robuste Pflanze handelt, sollten Sie die folgenden Punkte beachten, um Ihre Erfahrung zu optimieren:<\/p>\n<ol>\n<li>Geben Sie ihm einen Platz im <strong>Halbschatten<\/strong> oder in <strong>voller Sonne<\/strong>.<\/li>\n<li>Der Standort kann <strong>m\u00e4\u00dfig feucht oder trocken sein<\/strong>.<\/li>\n<li>Die Pflanze toleriert <strong>leichte, normale oder schwere Erde<\/strong> mit einem <strong>sauren, neutralen oder kalkhaltigen pH-Wert<\/strong>.<\/li>\n<li><a href=\"https:\/\/www.vallonchene.fr\/comment-planter-et-entretenir-des-vegetaux\/comment-planter-et-entretenir-arbres-arbustes-et-coniferes\/\" target=\"_blank\" rel=\"noreferrer noopener\"><strong>F\u00fcr eine gute Vorbereitung des Pflanzlochs haben wir spezielle Anweisungen entwickelt, die hier verf\u00fcgbar sind. <\/strong><\/a><\/li>\n<\/ol>\n<h3>Pflege<\/h3>\n<p>Generell handelt es sich um eine pflegeleichte Pflanze. Dennoch sollte sie in Trockenperioden w\u00e4hrend der ersten zwei Jahre regelm\u00e4\u00dfig gegossen werden, um ein gutes Anwachsen zu gew\u00e4hrleisten.  <a href=\"https:\/\/www.vallonchene.fr\/comment-bien-arroser-le-jardin-et-economiser-leau\/\"><strong>Lesen Sie hier auch unsere Tipps zum richtigen Gie\u00dfen und Wassersparen<\/strong><\/a>.<\/p>\n<p>Falls Sie \u00c4ste schneiden m\u00fcssen, tun Sie dies im Januar oder Februar vor dem Saftanstieg.<\/p>\n<h2>Geschichte und Herkunft<\/h2>\n<p>Bergahorne (Acer pseudoplatanus) stammen aus Mitteleuropa und Westasien. Heutzutage findet man sie auch auf den Britischen Inseln, in Nordamerika, Australien und Neuseeland. <\/p>\n<p>Der Kultivar &#8218;Simon-Louis Fr\u00e8res&#8216; ist eine Selektion der Baumschule Simon-Louis Fr\u00e8res in Metz (Frankreich) aus dem Jahr 1881.<\/p>\n<p>&nbsp;<\/p>\n","protected":false},"excerpt":{"rendered":"<p>Dieser <strong>Bergahorn<\/strong> hat im Fr\u00fchling rosafarbenes Laub. Danach f\u00e4rben sich die Bl\u00e4tter von <strong>ACER pseudoplatanus f. variegatum &#8218;Simon-Louis Fr\u00e8res&#8216; <\/strong> bunt (gr\u00fcn, rosa, wei\u00df).<\/p>\n","protected":false},"featured_media":43528,"comment_status":"open","ping_status":"closed","template":"","meta":[],"product_brand":[],"product_cat":[10733,252],"product_tag":[12575,12576],"class_list":{"0":"post-43540","1":"product","2":"type-product","3":"status-publish","4":"has-post-thumbnail","6":"product_cat-seltene-pflanzen-sammlerpflanzen","7":"product_cat-straucher-und-baume-de","8":"product_tag-acer-pseudoplatanus-de","9":"product_tag-bergahorn","10":"pa_99-hauteurapproximativeapres1-2_3m-de","11":"pa_couleurautomnaledufeuillage-gelb-de","12":"pa_couleurdufeuillage-bunt-de","13":"pa_couleurdufeuillage-grun-de","14":"pa_couleurdufeuillage-rosa-de","15":"pa_couleurdufeuillage-weiss-de","16":"pa_exigencesenhumidite-normal-de","17":"pa_exigencesenhumidite-trocken-de","18":"pa_expositionspossibles-ce-halbschattigsonnezw12und17-de","19":"pa_expositionspossibles-sonnigvon12bis17uhr-de","20":"pa_hauteurlivree-100-bis-125-cm","21":"pa_hauteurlivree-125-bis-150-cm","22":"pa_hauteurlivree-15-bis-20-cm","23":"pa_hauteurlivree-150-bis-175-cm","24":"pa_hauteurlivree-200-bis-250-cm","25":"pa_hauteurlivree-30-bis-40-cm","26":"pa_hauteurlivree-350-bis-400-cm","27":"pa_hauteurlivree-40-bis-50-cm","28":"pa_hauteurlivree-40-bis-60-cm","29":"pa_hauteurlivree-50-bis-60-cm","30":"pa_hauteurlivree-60-bis-80-cm","31":"pa_hauteurlivree-80-bis-100-cm","32":"pa_interetauprintemps-jungesprossen-de","33":"pa_interetauprintemps-laub-de","34":"pa_interetenautomne-laub-de","35":"pa_interetenete-laub-de","36":"pa_naturedufeuillage-nichtimmergrun-de","37":"pa_naturesdesolpossibles-leicht-de","38":"pa_naturesdesolpossibles-normal-de","39":"pa_naturesdesolpossibles-schwer-de","40":"pa_periodedefloraison-fruhling-de","41":"pa_periodedetaille-febr-de","42":"pa_periodedetaille-jan-de","43":"pa_phdusolacceptable-kalkigmehrals75-de","44":"pa_phdusolacceptable-neutralzw65u75-de","45":"pa_phdusolacceptable-sauerwenigerals65-de","46":"pa_resistanceaufroidrusticite-frostbestandigunter_20c-de","47":"pa_tailledepot-1liter_topf-de","48":"pa_tailledepot-10liter_topf-de","49":"pa_tailledepot-15liter_topf-de","50":"pa_tailledepot-2liter_topf-de","51":"pa_tailledepot-20liter_topf-de","52":"pa_tailledepot-3liter_topf-de","53":"pa_tailledepot-4liter_topf-de","54":"pa_tailledepot-5liter_topf-de","55":"pa_tailledepot-75liter_topf-de","56":"pa_tailledepot-ballen-de","57":"pa_utilisationpossible-alleinstehend-de","58":"pa_utilisationpossible-beet-de","60":"first","61":"instock","62":"taxable","63":"shipping-taxable","64":"purchasable","65":"product-type-variable"},"supplier_id":null,"supplier_sku":"","barcode":null,"atum_controlled":true,"out_stock_date":null,"out_stock_threshold":null,"inheritable":true,"inbound_stock":0,"stock_on_hold":0,"sold_today":0,"sales_last_days":0,"reserved_stock":0,"customer_returns":0,"warehouse_damage":0,"lost_in_post":0,"other_logs":0,"out_stock_days":null,"lost_sales":0,"has_location":false,"update_date":"2026-01-22T18:25:30","atum_locations":[],"atum_stock_status":"instock","restock_status":false,"low_stock_amount":"","sales_update_date":"2025-12-03T15:32:58","calc_backorders":null,"yoast_head":"<!-- This site is optimized with the Yoast SEO Premium plugin v27.4 (Yoast SEO v27.4) - https:\/\/yoast.com\/product\/yoast-seo-premium-wordpress\/ -->\n<title>ACER pseudoplatanus f. variegatum &#039;Simon-Louis Fr\u00e8res&#039;<\/title>\n<meta name=\"description\" content=\"Dieser Bergahorn treibt im Fr\u00fchjahr rosa Triebe aus. Anschlie\u00dfend sind die Bl\u00e4tter von Acer pseudoplatanus f. variegatum &#039;Simon-Louis Fr\u00e8res&#039; mit Wei\u00df, Rosa und Gr\u00fcn gesprenkelt.\" \/>\n<meta name=\"robots\" content=\"index, follow, max-snippet:-1, max-image-preview:large, max-video-preview:-1\" \/>\n<link rel=\"canonical\" href=\"https:\/\/www.vallonchene.fr\/de\/produkt\/acer-pseuodplatanus-f-variegatum-simon-louis-freres-bergahorn\/\" \/>\n<meta property=\"og:locale\" content=\"de_DE\" \/>\n<meta property=\"og:type\" content=\"article\" \/>\n<meta property=\"og:title\" content=\"ACER pseudoplatanus f. variegatum &#039;Simon-Louis Fr\u00e8res&#039;\" \/>\n<meta property=\"og:description\" content=\"Dieser Bergahorn treibt im Fr\u00fchjahr rosa Triebe aus. Anschlie\u00dfend sind die Bl\u00e4tter von Acer pseudoplatanus f. variegatum &#039;Simon-Louis Fr\u00e8res&#039; mit Wei\u00df, Rosa und Gr\u00fcn gesprenkelt.\" \/>\n<meta property=\"og:url\" content=\"https:\/\/www.vallonchene.fr\/de\/produkt\/acer-pseuodplatanus-f-variegatum-simon-louis-freres-bergahorn\/\" \/>\n<meta property=\"og:site_name\" content=\"Vallonch\u00eane\" \/>\n<meta property=\"article:publisher\" content=\"https:\/\/www.facebook.com\/vallonchene.fr\" \/>\n<meta property=\"article:modified_time\" content=\"2026-01-22T18:25:28+00:00\" \/>\n<meta property=\"og:image\" content=\"https:\/\/www.vallonchene.fr\/wp-content\/uploads\/2023\/09\/ACER-pseudoplatanus-Simon-Louis-Freres.webp\" \/>\n\t<meta property=\"og:image:width\" content=\"999\" \/>\n\t<meta property=\"og:image:height\" content=\"999\" \/>\n\t<meta property=\"og:image:type\" content=\"image\/webp\" \/>\n<meta name=\"twitter:card\" content=\"summary_large_image\" \/>\n<meta name=\"twitter:label1\" content=\"Verf\u00fcgbarkeit\" \/>\n\t<meta name=\"twitter:data1\" content=\"Vorr\u00e4tig\" \/>\n<script type=\"application\/ld+json\" class=\"yoast-schema-graph\">{\"@context\":\"https:\\\/\\\/schema.org\",\"@graph\":[{\"@type\":\"WebPage\",\"@id\":\"https:\\\/\\\/www.vallonchene.fr\\\/de\\\/produkt\\\/acer-pseuodplatanus-f-variegatum-simon-louis-freres-bergahorn\\\/\",\"url\":\"https:\\\/\\\/www.vallonchene.fr\\\/de\\\/produkt\\\/acer-pseuodplatanus-f-variegatum-simon-louis-freres-bergahorn\\\/\",\"name\":\"ACER pseudoplatanus f. variegatum 'Simon-Louis Fr\u00e8res'\",\"isPartOf\":{\"@id\":\"https:\\\/\\\/www.vallonchene.fr\\\/de\\\/#website\"},\"primaryImageOfPage\":{\"@id\":\"https:\\\/\\\/www.vallonchene.fr\\\/de\\\/produkt\\\/acer-pseuodplatanus-f-variegatum-simon-louis-freres-bergahorn\\\/#primaryimage\"},\"image\":{\"@id\":\"https:\\\/\\\/www.vallonchene.fr\\\/de\\\/produkt\\\/acer-pseuodplatanus-f-variegatum-simon-louis-freres-bergahorn\\\/#primaryimage\"},\"thumbnailUrl\":\"https:\\\/\\\/www.vallonchene.fr\\\/wp-content\\\/uploads\\\/2023\\\/09\\\/ACER-pseudoplatanus-Simon-Louis-Freres.webp\",\"datePublished\":\"2023-09-14T15:41:38+00:00\",\"dateModified\":\"2026-01-22T18:25:28+00:00\",\"description\":\"Dieser Bergahorn treibt im Fr\u00fchjahr rosa Triebe aus. Anschlie\u00dfend sind die Bl\u00e4tter von Acer pseudoplatanus f. variegatum 'Simon-Louis Fr\u00e8res' mit Wei\u00df, Rosa und Gr\u00fcn gesprenkelt.\",\"breadcrumb\":{\"@id\":\"https:\\\/\\\/www.vallonchene.fr\\\/de\\\/produkt\\\/acer-pseuodplatanus-f-variegatum-simon-louis-freres-bergahorn\\\/#breadcrumb\"},\"inLanguage\":\"de\",\"potentialAction\":[{\"@type\":\"ReadAction\",\"target\":[\"https:\\\/\\\/www.vallonchene.fr\\\/de\\\/produkt\\\/acer-pseuodplatanus-f-variegatum-simon-louis-freres-bergahorn\\\/\"]}]},{\"@type\":\"ImageObject\",\"inLanguage\":\"de\",\"@id\":\"https:\\\/\\\/www.vallonchene.fr\\\/de\\\/produkt\\\/acer-pseuodplatanus-f-variegatum-simon-louis-freres-bergahorn\\\/#primaryimage\",\"url\":\"https:\\\/\\\/www.vallonchene.fr\\\/wp-content\\\/uploads\\\/2023\\\/09\\\/ACER-pseudoplatanus-Simon-Louis-Freres.webp\",\"contentUrl\":\"https:\\\/\\\/www.vallonchene.fr\\\/wp-content\\\/uploads\\\/2023\\\/09\\\/ACER-pseudoplatanus-Simon-Louis-Freres.webp\",\"width\":999,\"height\":999,\"caption\":\"Leuchtend rosafarbenes Fr\u00fchlingslaub von ACER pseudoplatanus 'Simon-Louis Fr\u00e8res'\"},{\"@type\":\"BreadcrumbList\",\"@id\":\"https:\\\/\\\/www.vallonchene.fr\\\/de\\\/produkt\\\/acer-pseuodplatanus-f-variegatum-simon-louis-freres-bergahorn\\\/#breadcrumb\",\"itemListElement\":[{\"@type\":\"ListItem\",\"position\":1,\"name\":\"Home\",\"item\":\"https:\\\/\\\/www.vallonchene.fr\\\/de\\\/\"},{\"@type\":\"ListItem\",\"position\":2,\"name\":\"Shop\",\"item\":\"https:\\\/\\\/www.vallonchene.fr\\\/de\\\/shop\\\/\"},{\"@type\":\"ListItem\",\"position\":3,\"name\":\"Online-Verkauf\",\"item\":\"https:\\\/\\\/www.vallonchene.fr\\\/de\\\/produkt-kategorie\\\/online-verkauf-de\\\/\"},{\"@type\":\"ListItem\",\"position\":4,\"name\":\"Baumschule\",\"item\":\"https:\\\/\\\/www.vallonchene.fr\\\/de\\\/produkt-kategorie\\\/online-verkauf-de\\\/baumschule-gaertnerei-de\\\/\"},{\"@type\":\"ListItem\",\"position\":5,\"name\":\"Str\u00e4ucher und B\u00e4ume\",\"item\":\"https:\\\/\\\/www.vallonchene.fr\\\/de\\\/produkt-kategorie\\\/online-verkauf-de\\\/baumschule-gaertnerei-de\\\/straucher-und-baume-de\\\/\"},{\"@type\":\"ListItem\",\"position\":6,\"name\":\"ACER pseudoplatanus f. variegatum &lsquo;Simon-Louis Fr\u00e8res&rsquo;\"}]},{\"@type\":\"WebSite\",\"@id\":\"https:\\\/\\\/www.vallonchene.fr\\\/de\\\/#website\",\"url\":\"https:\\\/\\\/www.vallonchene.fr\\\/de\\\/\",\"name\":\"Vallonch\u00eane\",\"description\":\"Die Baumschule, bei der Qualit\u00e4t ihre Wurzeln hat \u2013 Tel.: +49 (0)6838-5399840\",\"publisher\":{\"@id\":\"https:\\\/\\\/www.vallonchene.fr\\\/de\\\/#organization\"},\"potentialAction\":[{\"@type\":\"SearchAction\",\"target\":{\"@type\":\"EntryPoint\",\"urlTemplate\":\"https:\\\/\\\/www.vallonchene.fr\\\/de\\\/?s={search_term_string}\"},\"query-input\":{\"@type\":\"PropertyValueSpecification\",\"valueRequired\":true,\"valueName\":\"search_term_string\"}}],\"inLanguage\":\"de\"},{\"@type\":\"Organization\",\"@id\":\"https:\\\/\\\/www.vallonchene.fr\\\/de\\\/#organization\",\"name\":\"VALLONCHENE\",\"url\":\"https:\\\/\\\/www.vallonchene.fr\\\/de\\\/\",\"logo\":{\"@type\":\"ImageObject\",\"inLanguage\":\"de\",\"@id\":\"https:\\\/\\\/www.vallonchene.fr\\\/de\\\/#\\\/schema\\\/logo\\\/image\\\/\",\"url\":\"https:\\\/\\\/www.vallonchene.fr\\\/wp-content\\\/uploads\\\/2023\\\/03\\\/Logo-Vallonchene-site-et-R_hauteur_100.png\",\"contentUrl\":\"https:\\\/\\\/www.vallonchene.fr\\\/wp-content\\\/uploads\\\/2023\\\/03\\\/Logo-Vallonchene-site-et-R_hauteur_100.png\",\"width\":221,\"height\":100,\"caption\":\"VALLONCHENE\"},\"image\":{\"@id\":\"https:\\\/\\\/www.vallonchene.fr\\\/de\\\/#\\\/schema\\\/logo\\\/image\\\/\"},\"sameAs\":[\"https:\\\/\\\/www.facebook.com\\\/vallonchene.fr\",\"https:\\\/\\\/www.instagram.com\\\/vallonchene\\\/\",\"https:\\\/\\\/www.pinterest.fr\\\/vallonchene\\\/\"],\"taxID\":\"49454502300017\",\"hasMerchantReturnPolicy\":{\"@type\":\"MerchantReturnPolicy\",\"merchantReturnLink\":\"https:\\\/\\\/www.vallonchene.fr\\\/remboursements_retours\\\/\"}}]}<\/script>\n<meta property=\"og:availability\" content=\"instock\" \/>\n<meta property=\"product:availability\" content=\"instock\" \/>\n<meta property=\"product:retailer_item_id\" content=\"55555\" \/>\n<meta property=\"product:condition\" content=\"new\" \/>\n<!-- \/ Yoast SEO Premium plugin. -->","yoast_head_json":{"title":"ACER pseudoplatanus f. variegatum 'Simon-Louis Fr\u00e8res'","description":"Dieser Bergahorn treibt im Fr\u00fchjahr rosa Triebe aus. Anschlie\u00dfend sind die Bl\u00e4tter von Acer pseudoplatanus f. variegatum 'Simon-Louis Fr\u00e8res' mit Wei\u00df, Rosa und Gr\u00fcn gesprenkelt.","robots":{"index":"index","follow":"follow","max-snippet":"max-snippet:-1","max-image-preview":"max-image-preview:large","max-video-preview":"max-video-preview:-1"},"canonical":"https:\/\/www.vallonchene.fr\/de\/produkt\/acer-pseuodplatanus-f-variegatum-simon-louis-freres-bergahorn\/","og_locale":"de_DE","og_type":"article","og_title":"ACER pseudoplatanus f. variegatum 'Simon-Louis Fr\u00e8res'","og_description":"Dieser Bergahorn treibt im Fr\u00fchjahr rosa Triebe aus. Anschlie\u00dfend sind die Bl\u00e4tter von Acer pseudoplatanus f. variegatum 'Simon-Louis Fr\u00e8res' mit Wei\u00df, Rosa und Gr\u00fcn gesprenkelt.","og_url":"https:\/\/www.vallonchene.fr\/de\/produkt\/acer-pseuodplatanus-f-variegatum-simon-louis-freres-bergahorn\/","og_site_name":"Vallonch\u00eane","article_publisher":"https:\/\/www.facebook.com\/vallonchene.fr","article_modified_time":"2026-01-22T18:25:28+00:00","og_image":[{"width":999,"height":999,"url":"https:\/\/www.vallonchene.fr\/wp-content\/uploads\/2023\/09\/ACER-pseudoplatanus-Simon-Louis-Freres.webp","type":"image\/webp"}],"twitter_card":"summary_large_image","twitter_misc":{"Verf\u00fcgbarkeit":"Vorr\u00e4tig"},"schema":{"@context":"https:\/\/schema.org","@graph":[{"@type":"WebPage","@id":"https:\/\/www.vallonchene.fr\/de\/produkt\/acer-pseuodplatanus-f-variegatum-simon-louis-freres-bergahorn\/","url":"https:\/\/www.vallonchene.fr\/de\/produkt\/acer-pseuodplatanus-f-variegatum-simon-louis-freres-bergahorn\/","name":"ACER pseudoplatanus f. variegatum 'Simon-Louis Fr\u00e8res'","isPartOf":{"@id":"https:\/\/www.vallonchene.fr\/de\/#website"},"primaryImageOfPage":{"@id":"https:\/\/www.vallonchene.fr\/de\/produkt\/acer-pseuodplatanus-f-variegatum-simon-louis-freres-bergahorn\/#primaryimage"},"image":{"@id":"https:\/\/www.vallonchene.fr\/de\/produkt\/acer-pseuodplatanus-f-variegatum-simon-louis-freres-bergahorn\/#primaryimage"},"thumbnailUrl":"https:\/\/www.vallonchene.fr\/wp-content\/uploads\/2023\/09\/ACER-pseudoplatanus-Simon-Louis-Freres.webp","datePublished":"2023-09-14T15:41:38+00:00","dateModified":"2026-01-22T18:25:28+00:00","description":"Dieser Bergahorn treibt im Fr\u00fchjahr rosa Triebe aus. Anschlie\u00dfend sind die Bl\u00e4tter von Acer pseudoplatanus f. variegatum 'Simon-Louis Fr\u00e8res' mit Wei\u00df, Rosa und Gr\u00fcn gesprenkelt.","breadcrumb":{"@id":"https:\/\/www.vallonchene.fr\/de\/produkt\/acer-pseuodplatanus-f-variegatum-simon-louis-freres-bergahorn\/#breadcrumb"},"inLanguage":"de","potentialAction":[{"@type":"ReadAction","target":["https:\/\/www.vallonchene.fr\/de\/produkt\/acer-pseuodplatanus-f-variegatum-simon-louis-freres-bergahorn\/"]}]},{"@type":"ImageObject","inLanguage":"de","@id":"https:\/\/www.vallonchene.fr\/de\/produkt\/acer-pseuodplatanus-f-variegatum-simon-louis-freres-bergahorn\/#primaryimage","url":"https:\/\/www.vallonchene.fr\/wp-content\/uploads\/2023\/09\/ACER-pseudoplatanus-Simon-Louis-Freres.webp","contentUrl":"https:\/\/www.vallonchene.fr\/wp-content\/uploads\/2023\/09\/ACER-pseudoplatanus-Simon-Louis-Freres.webp","width":999,"height":999,"caption":"Leuchtend rosafarbenes Fr\u00fchlingslaub von ACER pseudoplatanus 'Simon-Louis Fr\u00e8res'"},{"@type":"BreadcrumbList","@id":"https:\/\/www.vallonchene.fr\/de\/produkt\/acer-pseuodplatanus-f-variegatum-simon-louis-freres-bergahorn\/#breadcrumb","itemListElement":[{"@type":"ListItem","position":1,"name":"Home","item":"https:\/\/www.vallonchene.fr\/de\/"},{"@type":"ListItem","position":2,"name":"Shop","item":"https:\/\/www.vallonchene.fr\/de\/shop\/"},{"@type":"ListItem","position":3,"name":"Online-Verkauf","item":"https:\/\/www.vallonchene.fr\/de\/produkt-kategorie\/online-verkauf-de\/"},{"@type":"ListItem","position":4,"name":"Baumschule","item":"https:\/\/www.vallonchene.fr\/de\/produkt-kategorie\/online-verkauf-de\/baumschule-gaertnerei-de\/"},{"@type":"ListItem","position":5,"name":"Str\u00e4ucher und B\u00e4ume","item":"https:\/\/www.vallonchene.fr\/de\/produkt-kategorie\/online-verkauf-de\/baumschule-gaertnerei-de\/straucher-und-baume-de\/"},{"@type":"ListItem","position":6,"name":"ACER pseudoplatanus f. variegatum &lsquo;Simon-Louis Fr\u00e8res&rsquo;"}]},{"@type":"WebSite","@id":"https:\/\/www.vallonchene.fr\/de\/#website","url":"https:\/\/www.vallonchene.fr\/de\/","name":"Vallonch\u00eane","description":"Die Baumschule, bei der Qualit\u00e4t ihre Wurzeln hat \u2013 Tel.: +49 (0)6838-5399840","publisher":{"@id":"https:\/\/www.vallonchene.fr\/de\/#organization"},"potentialAction":[{"@type":"SearchAction","target":{"@type":"EntryPoint","urlTemplate":"https:\/\/www.vallonchene.fr\/de\/?s={search_term_string}"},"query-input":{"@type":"PropertyValueSpecification","valueRequired":true,"valueName":"search_term_string"}}],"inLanguage":"de"},{"@type":"Organization","@id":"https:\/\/www.vallonchene.fr\/de\/#organization","name":"VALLONCHENE","url":"https:\/\/www.vallonchene.fr\/de\/","logo":{"@type":"ImageObject","inLanguage":"de","@id":"https:\/\/www.vallonchene.fr\/de\/#\/schema\/logo\/image\/","url":"https:\/\/www.vallonchene.fr\/wp-content\/uploads\/2023\/03\/Logo-Vallonchene-site-et-R_hauteur_100.png","contentUrl":"https:\/\/www.vallonchene.fr\/wp-content\/uploads\/2023\/03\/Logo-Vallonchene-site-et-R_hauteur_100.png","width":221,"height":100,"caption":"VALLONCHENE"},"image":{"@id":"https:\/\/www.vallonchene.fr\/de\/#\/schema\/logo\/image\/"},"sameAs":["https:\/\/www.facebook.com\/vallonchene.fr","https:\/\/www.instagram.com\/vallonchene\/","https:\/\/www.pinterest.fr\/vallonchene\/"],"taxID":"49454502300017","hasMerchantReturnPolicy":{"@type":"MerchantReturnPolicy","merchantReturnLink":"https:\/\/www.vallonchene.fr\/remboursements_retours\/"}}]},"og_availability":"instock","product_availability":"instock","product_retailer_item_id":"55555","product_condition":"new"},"_links":{"self":[{"href":"https:\/\/www.vallonchene.fr\/de\/wp-json\/wp\/v2\/product\/43540","targetHints":{"allow":["GET"]}}],"collection":[{"href":"https:\/\/www.vallonchene.fr\/de\/wp-json\/wp\/v2\/product"}],"about":[{"href":"https:\/\/www.vallonchene.fr\/de\/wp-json\/wp\/v2\/types\/product"}],"replies":[{"embeddable":true,"href":"https:\/\/www.vallonchene.fr\/de\/wp-json\/wp\/v2\/comments?post=43540"}],"wp:featuredmedia":[{"embeddable":true,"href":"https:\/\/www.vallonchene.fr\/de\/wp-json\/wp\/v2\/media\/43528"}],"wp:attachment":[{"href":"https:\/\/www.vallonchene.fr\/de\/wp-json\/wp\/v2\/media?parent=43540"}],"wp:term":[{"taxonomy":"product_brand","embeddable":true,"href":"https:\/\/www.vallonchene.fr\/de\/wp-json\/wp\/v2\/product_brand?post=43540"},{"taxonomy":"product_cat","embeddable":true,"href":"https:\/\/www.vallonchene.fr\/de\/wp-json\/wp\/v2\/product_cat?post=43540"},{"taxonomy":"product_tag","embeddable":true,"href":"https:\/\/www.vallonchene.fr\/de\/wp-json\/wp\/v2\/product_tag?post=43540"}],"curies":[{"name":"wp","href":"https:\/\/api.w.org\/{rel}","templated":true}]}}