{"id":3581,"date":"2021-08-31T10:44:40","date_gmt":"2021-08-31T10:44:40","guid":{"rendered":"https:\/\/testing.vallonchene.fr\/produit\/aesculus-neglecta-erythroblastos\/"},"modified":"2026-04-19T19:11:30","modified_gmt":"2026-04-19T17:11:30","slug":"aesculus-neglecta-erythroblastos","status":"publish","type":"product","link":"https:\/\/www.vallonchene.fr\/de\/produkt\/aesculus-neglecta-erythroblastos\/","title":{"rendered":"AESCULUS neglecta &#8218;Erythroblastos&#8216;"},"content":{"rendered":"<h2>Die Pflanze<\/h2>\n<p>Die <em>AESCULUS neglecta &#8218;Erythroblastos&#8216;<\/em>, auch bekannt als <em>Sonnenaufgang Rosskastanie<\/em>, ist eine echte und sehr seltene Gartenrarit\u00e4t, die Ihren Au\u00dfenbereich auf den ersten Blick versch\u00f6nert.<\/p>\n<p>Zun\u00e4chst weisen ihre jungen Triebe ein strahlendes Rosa auf, das sofort die Aufmerksamkeit auf sich zieht. Danach wechselt dieses leuchtende Rosa nach einigen Wochen zu kupferfarbenen Nuancen, die im Sommer zu einem hellen Gr\u00fcn werden und so ein wechselndes Farbpanorama im Laufe der Jahreszeiten schaffen.<\/p>\n<p>Sp\u00e4ter bedeckt sie sich gegen Ende des Fr\u00fchlings auch mit einer Vielzahl von cremewei\u00dfen Bl\u00fcten. Diese erscheinen in der Regel, wenn das Laub in Bronzet\u00f6nen gehalten ist.<\/p>\n<p>Dar\u00fcber hinaus zeichnet sich diese Pflanze durch ihre sehr geringe Wuchsgr\u00f6\u00dfe (weniger als 2 Meter nach 10 Jahren), ihre Robustheit und ihre F\u00e4higkeit aus, sich an verschiedene Bodentypen anzupassen. Dies macht sie zu einer idealen Wahl f\u00fcr die Gestaltung sowohl privater G\u00e4rten als auch \u00f6ffentlicher Fl\u00e4chen. Mit ihrer minimalen Pflege und ihren unbestreitbaren Zierqualit\u00e4ten ist die <em>AESCULUS neglecta &#8218;Erythroblastos&#8216;<\/em> der perfekte Kompromiss zwischen \u00c4sthetik und einfacher Pflege.<\/p>\n<h2>Geschichte und Herkunft<\/h2>\n<p>Die <em>AESCULUS neglecta &#8218;Erythroblastos&#8216;<\/em> wurde 1923 von den Baumschulen Sp\u00e4th in Berlin (Deutschland) entdeckt. Sie wurde sorgf\u00e4ltig aufgrund ihrer einzigartigen \u00e4sthetischen Eigenschaften und ihrer Anpassungsf\u00e4higkeit ausgew\u00e4hlt.<\/p>\n<p>Tats\u00e4chlich hat diese Rosskastanie, die aus rigoroser Gartenarbeit hervorgegangen ist, die Gartenliebhaber schnell durch die Sch\u00f6nheit ihrer jungen Triebe und die spektakul\u00e4re Entwicklung ihres Bl\u00e4tterwerks begeistert.<\/p>\n<p>Dar\u00fcber hinaus verk\u00f6rpert diese Sorte die Innovation, die Tradition und Moderne in der Welt der Baumzucht verbindet. Ihr Ruf hat sich im Laufe der Zeit verbreitet, insbesondere dank spezialisierter Baumschulen wie Vallonch\u00eane. Unsere Baumschule bewirbt sie bei einem Publikum, das sich f\u00fcr originelle und farbenfrohe Landschaftsgestaltungen interessiert.<\/p>\n<p>Somit ist die AESCULUS neglecta &#8218;Erythroblastos&#8216; nicht nur ein Baum, sondern ein echtes Dekorationselement, das jedem Gr\u00fcnbereich Charme und Charakter verleiht.<\/p>\n<p>Abschlie\u00dfend ist die <em>Sonnenaufgang Rosskastanie<\/em> die ideale Wahl, um Ihren Garten in einen dynamischen und farbenfrohen Lebensraum zu verwandeln. Adoptieren Sie die AESCULUS neglecta &#8218;Erythroblastos&#8216;, um das ganze Jahr \u00fcber ein visuelles Spektakel zu genie\u00dfen. Sie werden sich damit in eine reiche und inspirierende Gartenbautradition einreihen.<\/p>\n<h2>Wie man AESCULUS neglecta &#8218;Erythroblastos&#8216; pflanzt und pflegt<\/h2>\n<h3>Auswahl des Standorts und Pflanzung<\/h3>\n<ol>\n<li>W\u00e4hlen Sie zun\u00e4chst einen sonnigen oder halbschattigen Standort.<\/li>\n<li>Der Boden sollte reichhaltig und gut durchl\u00e4ssig sein. Er kann jedoch leicht, normal oder schwer sein.<\/li>\n<li>Die Erde kann frisch bis feucht, m\u00e4\u00dfig feucht oder trocken mit einem sauren, neutralen oder kalkhaltigen pH-Wert sein.<\/li>\n<li>F\u00fcr eine gute Vorbereitung des Pflanzlochs haben wir <a href=\"https:\/\/www.vallonchene.fr\/comment-planter-et-entretenir-des-vegetaux\/comment-planter-et-entretenir-arbres-arbustes-et-coniferes\/\" target=\"_blank\" rel=\"noreferrer noopener\"><strong>spezifische Anweisungen hier verf\u00fcgbar<\/strong><\/a>.<\/li>\n<\/ol>\n<h3>Pflege<\/h3>\n<p>Diese Sonnenaufgang Rosskastanie ist eine wirklich pflegeleichte Pflanze. Aufgrund ihres geringen Wachstums und ihrer sehr geringen Entwicklung ben\u00f6tigt diese Pflanze keine besondere Beschneidung. Wenn eine Beschneidung aus irgendeinem Grund erforderlich ist, k\u00f6nnen Sie diese im Januar oder Februar durchf\u00fchren, lange bevor die Triebe austreiben.<\/p>\n<p>Lesen Sie auch <a href=\"https:\/\/www.vallonchene.fr\/comment-bien-arroser-le-jardin-et-economiser-leau\/\"><strong>unsere Tipps zum richtigen Gie\u00dfen und Wassersparen hier<\/strong><\/a>.<\/p>\n","protected":false},"excerpt":{"rendered":"<p>Diese <strong>Sonnenaufgang Rosskastanie<\/strong> ist im Fr\u00fchjahr spektakul\u00e4r. Tats\u00e4chlich sind die jungen Triebe der <strong>AESCULUS neglecta &#8218;Erythroblastos&#8216;<\/strong> fluoreszierend rosa. Sie ist vollkommen winterhart und f\u00fcr kleine G\u00e4rten geeignet.<\/p>\n","protected":false},"featured_media":52564,"comment_status":"open","ping_status":"closed","template":"","meta":[],"product_brand":[],"product_cat":[252],"product_tag":[11414,12325,12328],"class_list":{"0":"post-3581","1":"product","2":"type-product","3":"status-publish","4":"has-post-thumbnail","6":"product_cat-straucher-und-baume-de","7":"product_tag-aesculus-de","8":"product_tag-aesculus-neglecta-de","9":"product_tag-rosskastanie","10":"pa_99-hauteurapproximativeapres1-2_3m-de","11":"pa_couleurdufeuillage-grun-de","12":"pa_couleurdufeuillage-rosa-de","13":"pa_exigencesenhumidite-feucht-de","14":"pa_exigencesenhumidite-normal-de","15":"pa_exigencesenhumidite-trocken-de","16":"pa_expositionspossibles-ce-halbschattigsonnezw12und17-de","17":"pa_expositionspossibles-sonnigvon12bis17uhr-de","18":"pa_hauteurlivree-20-bis-30-cm","19":"pa_hauteurlivree-30-bis-40-cm","20":"pa_hauteurlivree-40-bis-50-cm","21":"pa_interetauprintemps-jungesprossen-de","22":"pa_interetauprintemps-laub-de","23":"pa_interetenautomne-laub-de","24":"pa_interetenete-laub-de","25":"pa_naturedufeuillage-nichtimmergrun-de","26":"pa_naturesdesolpossibles-leicht-de","27":"pa_naturesdesolpossibles-normal-de","28":"pa_naturesdesolpossibles-schwer-de","29":"pa_periodedetaille-febr-de","30":"pa_periodedetaille-jan-de","31":"pa_phdusolacceptable-kalkigmehrals75-de","32":"pa_phdusolacceptable-neutralzw65u75-de","33":"pa_phdusolacceptable-sauerwenigerals65-de","34":"pa_portgraphisme-rund-de","35":"pa_resistanceaufroidrusticite-frostbestandigunter_20c-de","36":"pa_tailledepot-2liter_topf-de","37":"pa_utilisationpossible-alleinstehend-de","38":"pa_utilisationpossible-beet-de","40":"first","41":"instock","42":"taxable","43":"shipping-taxable","44":"purchasable","45":"product-type-variable"},"supplier_id":null,"supplier_sku":"","barcode":null,"atum_controlled":true,"out_stock_date":"2024-09-27 09:13:25","out_stock_threshold":null,"inheritable":true,"inbound_stock":0,"stock_on_hold":2,"sold_today":0,"sales_last_days":0,"reserved_stock":0,"customer_returns":0,"warehouse_damage":0,"lost_in_post":0,"other_logs":0,"out_stock_days":569,"lost_sales":0,"has_location":false,"update_date":"2026-04-24T12:30:30","atum_locations":[],"atum_stock_status":"instock","restock_status":false,"low_stock_amount":"","sales_update_date":"2025-10-26T14:17:17","calc_backorders":null,"yoast_head":"<!-- This site is optimized with the Yoast SEO Premium plugin v27.5 (Yoast SEO v27.5) - https:\/\/yoast.com\/product\/yoast-seo-premium-wordpress\/ -->\n<title>AESCULUS neglecta &#039;Erythroblastos&#039; - Sonnenaufgang Rosskastanie<\/title>\n<meta name=\"description\" content=\"Die Sonnenaufgang Rosskastanie ist im Fr\u00fchjahr spektakul\u00e4r. Tats\u00e4chlich sind die jungen Triebe der AESCULUS neglecta &#039;Erythroblastos&#039; fluoreszierend rosa.\" \/>\n<meta name=\"robots\" content=\"index, follow, max-snippet:-1, max-image-preview:large, max-video-preview:-1\" \/>\n<link rel=\"canonical\" href=\"https:\/\/www.vallonchene.fr\/de\/produkt\/aesculus-neglecta-erythroblastos\/\" \/>\n<meta property=\"og:locale\" content=\"de_DE\" \/>\n<meta property=\"og:type\" content=\"article\" \/>\n<meta property=\"og:title\" content=\"AESCULUS neglecta &#039;Erythroblastos&#039;\" \/>\n<meta property=\"og:description\" content=\"Die Sonnenaufgang Rosskastanie ist im Fr\u00fchjahr spektakul\u00e4r. Tats\u00e4chlich sind die jungen Triebe der AESCULUS neglecta &#039;Erythroblastos&#039; fluoreszierend rosa.\" \/>\n<meta property=\"og:url\" content=\"https:\/\/www.vallonchene.fr\/de\/produkt\/aesculus-neglecta-erythroblastos\/\" \/>\n<meta property=\"og:site_name\" content=\"Vallonch\u00eane\" \/>\n<meta property=\"article:publisher\" content=\"https:\/\/www.facebook.com\/vallonchene.fr\" \/>\n<meta property=\"article:modified_time\" content=\"2026-04-19T17:11:30+00:00\" \/>\n<meta property=\"og:image\" content=\"https:\/\/www.vallonchene.fr\/wp-content\/uploads\/2025\/02\/AESCULUS-neglecta-Erythroblastos_05.webp\" \/>\n\t<meta property=\"og:image:width\" content=\"1200\" \/>\n\t<meta property=\"og:image:height\" content=\"1200\" \/>\n\t<meta property=\"og:image:type\" content=\"image\/webp\" \/>\n<meta name=\"twitter:card\" content=\"summary_large_image\" \/>\n<meta name=\"twitter:label1\" content=\"Verf\u00fcgbarkeit\" \/>\n\t<meta name=\"twitter:data1\" content=\"Vorr\u00e4tig\" \/>\n<script type=\"application\/ld+json\" class=\"yoast-schema-graph\">{\"@context\":\"https:\\\/\\\/schema.org\",\"@graph\":[{\"@type\":\"WebPage\",\"@id\":\"https:\\\/\\\/www.vallonchene.fr\\\/de\\\/produkt\\\/aesculus-neglecta-erythroblastos\\\/\",\"url\":\"https:\\\/\\\/www.vallonchene.fr\\\/de\\\/produkt\\\/aesculus-neglecta-erythroblastos\\\/\",\"name\":\"AESCULUS neglecta 'Erythroblastos' - Sonnenaufgang Rosskastanie\",\"isPartOf\":{\"@id\":\"https:\\\/\\\/www.vallonchene.fr\\\/de\\\/#website\"},\"primaryImageOfPage\":{\"@id\":\"https:\\\/\\\/www.vallonchene.fr\\\/de\\\/produkt\\\/aesculus-neglecta-erythroblastos\\\/#primaryimage\"},\"image\":{\"@id\":\"https:\\\/\\\/www.vallonchene.fr\\\/de\\\/produkt\\\/aesculus-neglecta-erythroblastos\\\/#primaryimage\"},\"thumbnailUrl\":\"https:\\\/\\\/www.vallonchene.fr\\\/wp-content\\\/uploads\\\/2025\\\/02\\\/AESCULUS-neglecta-Erythroblastos_05.webp\",\"datePublished\":\"2021-08-31T10:44:40+00:00\",\"dateModified\":\"2026-04-19T17:11:30+00:00\",\"description\":\"Die Sonnenaufgang Rosskastanie ist im Fr\u00fchjahr spektakul\u00e4r. Tats\u00e4chlich sind die jungen Triebe der AESCULUS neglecta 'Erythroblastos' fluoreszierend rosa.\",\"breadcrumb\":{\"@id\":\"https:\\\/\\\/www.vallonchene.fr\\\/de\\\/produkt\\\/aesculus-neglecta-erythroblastos\\\/#breadcrumb\"},\"inLanguage\":\"de\",\"potentialAction\":[{\"@type\":\"ReadAction\",\"target\":[\"https:\\\/\\\/www.vallonchene.fr\\\/de\\\/produkt\\\/aesculus-neglecta-erythroblastos\\\/\"]}]},{\"@type\":\"ImageObject\",\"inLanguage\":\"de\",\"@id\":\"https:\\\/\\\/www.vallonchene.fr\\\/de\\\/produkt\\\/aesculus-neglecta-erythroblastos\\\/#primaryimage\",\"url\":\"https:\\\/\\\/www.vallonchene.fr\\\/wp-content\\\/uploads\\\/2025\\\/02\\\/AESCULUS-neglecta-Erythroblastos_05.webp\",\"contentUrl\":\"https:\\\/\\\/www.vallonchene.fr\\\/wp-content\\\/uploads\\\/2025\\\/02\\\/AESCULUS-neglecta-Erythroblastos_05.webp\",\"width\":1200,\"height\":1200,\"caption\":\"Nahaufnahme des rosafarbenen und gewellten Laubwerks von AESCULUS neglecta 'Erythroblastos'\"},{\"@type\":\"BreadcrumbList\",\"@id\":\"https:\\\/\\\/www.vallonchene.fr\\\/de\\\/produkt\\\/aesculus-neglecta-erythroblastos\\\/#breadcrumb\",\"itemListElement\":[{\"@type\":\"ListItem\",\"position\":1,\"name\":\"Home\",\"item\":\"https:\\\/\\\/www.vallonchene.fr\\\/de\\\/\"},{\"@type\":\"ListItem\",\"position\":2,\"name\":\"Shop\",\"item\":\"https:\\\/\\\/www.vallonchene.fr\\\/de\\\/shop\\\/\"},{\"@type\":\"ListItem\",\"position\":3,\"name\":\"Online-Verkauf\",\"item\":\"https:\\\/\\\/www.vallonchene.fr\\\/de\\\/produkt-kategorie\\\/online-verkauf-de\\\/\"},{\"@type\":\"ListItem\",\"position\":4,\"name\":\"Baumschule\",\"item\":\"https:\\\/\\\/www.vallonchene.fr\\\/de\\\/produkt-kategorie\\\/online-verkauf-de\\\/baumschule-gaertnerei-de\\\/\"},{\"@type\":\"ListItem\",\"position\":5,\"name\":\"Str\u00e4ucher und B\u00e4ume\",\"item\":\"https:\\\/\\\/www.vallonchene.fr\\\/de\\\/produkt-kategorie\\\/online-verkauf-de\\\/baumschule-gaertnerei-de\\\/straucher-und-baume-de\\\/\"},{\"@type\":\"ListItem\",\"position\":6,\"name\":\"AESCULUS neglecta &#8218;Erythroblastos&#8216;\"}]},{\"@type\":\"WebSite\",\"@id\":\"https:\\\/\\\/www.vallonchene.fr\\\/de\\\/#website\",\"url\":\"https:\\\/\\\/www.vallonchene.fr\\\/de\\\/\",\"name\":\"Vallonch\u00eane\",\"description\":\"Die Baumschule, bei der Qualit\u00e4t ihre Wurzeln hat \u2013 Tel.: +49 (0)6838-5399840\",\"publisher\":{\"@id\":\"https:\\\/\\\/www.vallonchene.fr\\\/de\\\/#organization\"},\"potentialAction\":[{\"@type\":\"SearchAction\",\"target\":{\"@type\":\"EntryPoint\",\"urlTemplate\":\"https:\\\/\\\/www.vallonchene.fr\\\/de\\\/?s={search_term_string}\"},\"query-input\":{\"@type\":\"PropertyValueSpecification\",\"valueRequired\":true,\"valueName\":\"search_term_string\"}}],\"inLanguage\":\"de\"},{\"@type\":\"Organization\",\"@id\":\"https:\\\/\\\/www.vallonchene.fr\\\/de\\\/#organization\",\"name\":\"VALLONCHENE\",\"url\":\"https:\\\/\\\/www.vallonchene.fr\\\/de\\\/\",\"logo\":{\"@type\":\"ImageObject\",\"inLanguage\":\"de\",\"@id\":\"https:\\\/\\\/www.vallonchene.fr\\\/de\\\/#\\\/schema\\\/logo\\\/image\\\/\",\"url\":\"https:\\\/\\\/www.vallonchene.fr\\\/wp-content\\\/uploads\\\/2023\\\/03\\\/Logo-Vallonchene-site-et-R_hauteur_100.png\",\"contentUrl\":\"https:\\\/\\\/www.vallonchene.fr\\\/wp-content\\\/uploads\\\/2023\\\/03\\\/Logo-Vallonchene-site-et-R_hauteur_100.png\",\"width\":221,\"height\":100,\"caption\":\"VALLONCHENE\"},\"image\":{\"@id\":\"https:\\\/\\\/www.vallonchene.fr\\\/de\\\/#\\\/schema\\\/logo\\\/image\\\/\"},\"sameAs\":[\"https:\\\/\\\/www.facebook.com\\\/vallonchene.fr\",\"https:\\\/\\\/www.instagram.com\\\/vallonchene\\\/\",\"https:\\\/\\\/www.pinterest.fr\\\/vallonchene\\\/\"],\"taxID\":\"49454502300017\",\"hasMerchantReturnPolicy\":{\"@type\":\"MerchantReturnPolicy\",\"merchantReturnLink\":\"https:\\\/\\\/www.vallonchene.fr\\\/remboursements_retours\\\/\"}}]}<\/script>\n<meta property=\"og:availability\" content=\"instock\" \/>\n<meta property=\"product:availability\" content=\"instock\" \/>\n<meta property=\"product:retailer_item_id\" content=\"35187\" \/>\n<meta property=\"product:condition\" content=\"new\" \/>\n<!-- \/ Yoast SEO Premium plugin. -->","yoast_head_json":{"title":"AESCULUS neglecta 'Erythroblastos' - Sonnenaufgang Rosskastanie","description":"Die Sonnenaufgang Rosskastanie ist im Fr\u00fchjahr spektakul\u00e4r. Tats\u00e4chlich sind die jungen Triebe der AESCULUS neglecta 'Erythroblastos' fluoreszierend rosa.","robots":{"index":"index","follow":"follow","max-snippet":"max-snippet:-1","max-image-preview":"max-image-preview:large","max-video-preview":"max-video-preview:-1"},"canonical":"https:\/\/www.vallonchene.fr\/de\/produkt\/aesculus-neglecta-erythroblastos\/","og_locale":"de_DE","og_type":"article","og_title":"AESCULUS neglecta 'Erythroblastos'","og_description":"Die Sonnenaufgang Rosskastanie ist im Fr\u00fchjahr spektakul\u00e4r. Tats\u00e4chlich sind die jungen Triebe der AESCULUS neglecta 'Erythroblastos' fluoreszierend rosa.","og_url":"https:\/\/www.vallonchene.fr\/de\/produkt\/aesculus-neglecta-erythroblastos\/","og_site_name":"Vallonch\u00eane","article_publisher":"https:\/\/www.facebook.com\/vallonchene.fr","article_modified_time":"2026-04-19T17:11:30+00:00","og_image":[{"width":1200,"height":1200,"url":"https:\/\/www.vallonchene.fr\/wp-content\/uploads\/2025\/02\/AESCULUS-neglecta-Erythroblastos_05.webp","type":"image\/webp"}],"twitter_card":"summary_large_image","twitter_misc":{"Verf\u00fcgbarkeit":"Vorr\u00e4tig"},"schema":{"@context":"https:\/\/schema.org","@graph":[{"@type":"WebPage","@id":"https:\/\/www.vallonchene.fr\/de\/produkt\/aesculus-neglecta-erythroblastos\/","url":"https:\/\/www.vallonchene.fr\/de\/produkt\/aesculus-neglecta-erythroblastos\/","name":"AESCULUS neglecta 'Erythroblastos' - Sonnenaufgang Rosskastanie","isPartOf":{"@id":"https:\/\/www.vallonchene.fr\/de\/#website"},"primaryImageOfPage":{"@id":"https:\/\/www.vallonchene.fr\/de\/produkt\/aesculus-neglecta-erythroblastos\/#primaryimage"},"image":{"@id":"https:\/\/www.vallonchene.fr\/de\/produkt\/aesculus-neglecta-erythroblastos\/#primaryimage"},"thumbnailUrl":"https:\/\/www.vallonchene.fr\/wp-content\/uploads\/2025\/02\/AESCULUS-neglecta-Erythroblastos_05.webp","datePublished":"2021-08-31T10:44:40+00:00","dateModified":"2026-04-19T17:11:30+00:00","description":"Die Sonnenaufgang Rosskastanie ist im Fr\u00fchjahr spektakul\u00e4r. Tats\u00e4chlich sind die jungen Triebe der AESCULUS neglecta 'Erythroblastos' fluoreszierend rosa.","breadcrumb":{"@id":"https:\/\/www.vallonchene.fr\/de\/produkt\/aesculus-neglecta-erythroblastos\/#breadcrumb"},"inLanguage":"de","potentialAction":[{"@type":"ReadAction","target":["https:\/\/www.vallonchene.fr\/de\/produkt\/aesculus-neglecta-erythroblastos\/"]}]},{"@type":"ImageObject","inLanguage":"de","@id":"https:\/\/www.vallonchene.fr\/de\/produkt\/aesculus-neglecta-erythroblastos\/#primaryimage","url":"https:\/\/www.vallonchene.fr\/wp-content\/uploads\/2025\/02\/AESCULUS-neglecta-Erythroblastos_05.webp","contentUrl":"https:\/\/www.vallonchene.fr\/wp-content\/uploads\/2025\/02\/AESCULUS-neglecta-Erythroblastos_05.webp","width":1200,"height":1200,"caption":"Nahaufnahme des rosafarbenen und gewellten Laubwerks von AESCULUS neglecta 'Erythroblastos'"},{"@type":"BreadcrumbList","@id":"https:\/\/www.vallonchene.fr\/de\/produkt\/aesculus-neglecta-erythroblastos\/#breadcrumb","itemListElement":[{"@type":"ListItem","position":1,"name":"Home","item":"https:\/\/www.vallonchene.fr\/de\/"},{"@type":"ListItem","position":2,"name":"Shop","item":"https:\/\/www.vallonchene.fr\/de\/shop\/"},{"@type":"ListItem","position":3,"name":"Online-Verkauf","item":"https:\/\/www.vallonchene.fr\/de\/produkt-kategorie\/online-verkauf-de\/"},{"@type":"ListItem","position":4,"name":"Baumschule","item":"https:\/\/www.vallonchene.fr\/de\/produkt-kategorie\/online-verkauf-de\/baumschule-gaertnerei-de\/"},{"@type":"ListItem","position":5,"name":"Str\u00e4ucher und B\u00e4ume","item":"https:\/\/www.vallonchene.fr\/de\/produkt-kategorie\/online-verkauf-de\/baumschule-gaertnerei-de\/straucher-und-baume-de\/"},{"@type":"ListItem","position":6,"name":"AESCULUS neglecta &#8218;Erythroblastos&#8216;"}]},{"@type":"WebSite","@id":"https:\/\/www.vallonchene.fr\/de\/#website","url":"https:\/\/www.vallonchene.fr\/de\/","name":"Vallonch\u00eane","description":"Die Baumschule, bei der Qualit\u00e4t ihre Wurzeln hat \u2013 Tel.: +49 (0)6838-5399840","publisher":{"@id":"https:\/\/www.vallonchene.fr\/de\/#organization"},"potentialAction":[{"@type":"SearchAction","target":{"@type":"EntryPoint","urlTemplate":"https:\/\/www.vallonchene.fr\/de\/?s={search_term_string}"},"query-input":{"@type":"PropertyValueSpecification","valueRequired":true,"valueName":"search_term_string"}}],"inLanguage":"de"},{"@type":"Organization","@id":"https:\/\/www.vallonchene.fr\/de\/#organization","name":"VALLONCHENE","url":"https:\/\/www.vallonchene.fr\/de\/","logo":{"@type":"ImageObject","inLanguage":"de","@id":"https:\/\/www.vallonchene.fr\/de\/#\/schema\/logo\/image\/","url":"https:\/\/www.vallonchene.fr\/wp-content\/uploads\/2023\/03\/Logo-Vallonchene-site-et-R_hauteur_100.png","contentUrl":"https:\/\/www.vallonchene.fr\/wp-content\/uploads\/2023\/03\/Logo-Vallonchene-site-et-R_hauteur_100.png","width":221,"height":100,"caption":"VALLONCHENE"},"image":{"@id":"https:\/\/www.vallonchene.fr\/de\/#\/schema\/logo\/image\/"},"sameAs":["https:\/\/www.facebook.com\/vallonchene.fr","https:\/\/www.instagram.com\/vallonchene\/","https:\/\/www.pinterest.fr\/vallonchene\/"],"taxID":"49454502300017","hasMerchantReturnPolicy":{"@type":"MerchantReturnPolicy","merchantReturnLink":"https:\/\/www.vallonchene.fr\/remboursements_retours\/"}}]},"og_availability":"instock","product_availability":"instock","product_retailer_item_id":"35187","product_condition":"new"},"_links":{"self":[{"href":"https:\/\/www.vallonchene.fr\/de\/wp-json\/wp\/v2\/product\/3581","targetHints":{"allow":["GET"]}}],"collection":[{"href":"https:\/\/www.vallonchene.fr\/de\/wp-json\/wp\/v2\/product"}],"about":[{"href":"https:\/\/www.vallonchene.fr\/de\/wp-json\/wp\/v2\/types\/product"}],"replies":[{"embeddable":true,"href":"https:\/\/www.vallonchene.fr\/de\/wp-json\/wp\/v2\/comments?post=3581"}],"wp:featuredmedia":[{"embeddable":true,"href":"https:\/\/www.vallonchene.fr\/de\/wp-json\/wp\/v2\/media\/52564"}],"wp:attachment":[{"href":"https:\/\/www.vallonchene.fr\/de\/wp-json\/wp\/v2\/media?parent=3581"}],"wp:term":[{"taxonomy":"product_brand","embeddable":true,"href":"https:\/\/www.vallonchene.fr\/de\/wp-json\/wp\/v2\/product_brand?post=3581"},{"taxonomy":"product_cat","embeddable":true,"href":"https:\/\/www.vallonchene.fr\/de\/wp-json\/wp\/v2\/product_cat?post=3581"},{"taxonomy":"product_tag","embeddable":true,"href":"https:\/\/www.vallonchene.fr\/de\/wp-json\/wp\/v2\/product_tag?post=3581"}],"curies":[{"name":"wp","href":"https:\/\/api.w.org\/{rel}","templated":true}]}}