{"id":2952,"date":"2021-08-31T10:43:41","date_gmt":"2021-08-31T08:43:41","guid":{"rendered":"https:\/\/testing.vallonchene.fr\/produit\/acer-palmatum-shishigashira\/"},"modified":"2023-11-28T08:59:17","modified_gmt":"2023-11-28T08:59:17","slug":"acer-palmatum-shishigashira","status":"publish","type":"product","link":"https:\/\/www.vallonchene.fr\/de\/produkt\/acer-palmatum-shishigashira\/","title":{"rendered":"ACER palmatum &#8218;Shishigashira&#8216; (Crispifolium, Mejishi) (F\u00e4cherahorn)"},"content":{"rendered":"<p><strong>ACER palmatum &#8218;Shishigashira&#8216;<\/strong> ist ein wundersch\u00f6ner <strong>kleinw\u00fcchsiger japanischer Ahorn<\/strong>, der sehr langsam w\u00e4chst. \u00dcberdies eignet er sich dadurch auch hervorragend f\u00fcr kleine G\u00e4rten.<br \/>\nEr sticht unter seinen Artgenossen durch ein ganz <strong>einzigartiges Erscheinungsbild<\/strong> hervor. Tats\u00e4chlich wachsen seine <strong>Bl\u00e4tter sehr dicht und \u00fcppig<\/strong> an den Zweigen. Letztere sind ziemlich aufrecht.<br \/>\nDie Rinde ist deutlich gr\u00fcn und bleibt dies auch mit zunehmendem Alter.<br \/>\nWeiterhin f\u00e4rben sich die Bl\u00e4tter im Herbst <strong>intensiv orange<\/strong> (siehe Foto) und erhellen dadurch den Garten.<br \/>\nSchlie\u00dflich, A. palmatum \u201eShishigashira\u201c ist einer der letzten F\u00e4cherahorn, der sein Laub im Herbst verliert. Auch wenn die Bl\u00e4tter im Winter abgefallen sind, bleibt er mit der <strong>sch\u00f6nen Grafik der Zweige<\/strong> immer noch attraktiv.<\/p>\n<p>Um unsere gesamte Sammlung japanischer F\u00e4cherahorne zu entdecken, die derzeit zum Verkauf stehen, <strong><a href=\"https:\/\/www.vallonchene.fr\/de\/?s=acer%20palmatum&amp;post_type=product&amp;dgwt_wcas=1&amp;lang=de&amp;filter_stock_status=instock\" target=\"_blank\" rel=\"noopener\">klicken Sie bitte hier<\/a><\/strong>.<\/p>\n<h2>Die Pflanzung von ACER palmatum &#8218;Shishigashira&#8216;<\/h2>\n<p>Sie k\u00f6nnen diesen kleinen F\u00e4cherahorn nicht nur im <strong>Halbschatten<\/strong> pflanzen, er vertr\u00e4gt auch die <strong>volle Sonne<\/strong>. \u00dcbrigens handelt es sich hier um einen der seltenen ACER palmatum, die direkte Sonneneinstrahlung vertragen.<br \/>\nVerwenden Sie ihn zum Pflanzen in einem <strong>Beh\u00e4lter<\/strong> oder <strong>Topf<\/strong>, <strong>einzeln<\/strong> oder in Beeten. Dies ist eine Pflanze der Wahl f\u00fcr Bonsai.<br \/>\nDieser sehr kleine Baum vertr\u00e4gt Temperaturen unter -20 \u00b0C gut.<\/p>\n<p>Suchen Sie sich daf\u00fcr einen <strong>m\u00e4\u00dfig feuchten Standort<\/strong> mit <strong>leichtem oder normalem Boden<\/strong> und einem <strong>sauren oder neutralen pH-Wert<\/strong>. Steht er im Schatten, das B\u00e4umchen auch weniger feuchte B\u00f6den vertragen.<\/p>\n<p><strong>Tipp<\/strong>: <strong>Vermeiden Sie einen R\u00fcckschnitt<\/strong> (au\u00dfer m\u00f6glicherweise vertrocknete Zweige). Wenn es nicht anders geht, beschneiden Sie ihn erst Anfang Juni und verwenden Sie anschlie\u00dfend Heilpaste.<\/p>\n<h2>Geschichte und Herkunft<\/h2>\n<p>ACER palmatum &#8218;Shishigashira&#8216; tr\u00e4gt auch die Synonyme ACER palmatum &#8218;Crispifolium&#8216; oder ACER palmatum &#8218;Mejishi&#8216;.<\/p>\n<p>ACER palmatum wird in <strong><a href=\"https:\/\/de.wikipedia.org\/wiki\/Japan\" target=\"_blank\" rel=\"noopener\">Japan<\/a><\/strong> seit Jahrhunderten kultiviert. Allerdings nutzen G\u00e4rtner in gem\u00e4\u00dfigten Zonen im Rest der Welt sie ebenfalls seit dem 19. Jahrhundert. Das erste Exemplar f\u00fchrten die Briten 1821 ein.<\/p>\n<p><strong><a href=\"https:\/\/de.wikipedia.org\/wiki\/Carl_Peter_Thunberg\" target=\"_blank\" rel=\"noopener\">Carl Peter Thunberg<\/a><\/strong> zeichnete sie w\u00e4hrend seiner Reisen nach Japan Ende des 18. Jahrhunderts. Er nannte sie damals palmatum wegen ihrer handf\u00f6rmigen Bl\u00e4tter. Die Japaner nennen sie <em>Kaede<\/em> oder <em>Momiji<\/em> in Anspielung auf die \u201eH\u00e4nde\u201c von Fr\u00f6schen bzw. Babys.<\/p>\n<p>Die Welt des Gartenbaus hat unz\u00e4hlige Sorten entwickelt, die in Japan, Korea und China und anderswo auf der Welt zu finden sind.<\/p>\n<p>Japanische Ahorne finden auch in kleinen G\u00e4rten problemlos einen Platz.<\/p>\n<p>Manchmal wird der Begriff \u201eJapanischer Ahorn\u201c auch zur Beschreibung anderer Arten wie A. japonicum, A. pseudosieboldianum, A. shirasawanum, A. sieboldianum usw. verwendet.<\/p>\n<p>Schlie\u00dflich nutzen Pharma- und Kosmetikunternehmen im Herbst (bei der Herbstf\u00e4rbung) das in den Bl\u00e4ttern enthaltene <strong><a href=\"https:\/\/de.wikipedia.org\/wiki\/Vitexin\" target=\"_blank\" rel=\"noopener\">Vitexin<\/a><\/strong>.<\/p>\n","protected":false},"excerpt":{"rendered":"<p>Dieser <strong>F\u00e4cherahorn<\/strong> hat gr\u00fcnes, geknittertes Laub, das ihm einen besonderen Scharm verleiht. Der <strong>ACER palmatum &#8218;Shishigashira&#8216;<\/strong> hat eine sch\u00f6ne Wuchsform und eine dekorative gr\u00fcne Rinde.<\/p>\n","protected":false},"featured_media":44270,"comment_status":"open","ping_status":"closed","template":"","meta":[],"product_brand":[],"product_cat":[258,252],"product_tag":[11397,12275,12434],"class_list":{"0":"post-2952","1":"product","2":"type-product","3":"status-publish","4":"has-post-thumbnail","6":"product_cat-japanische-faecherahorne-de","7":"product_cat-straucher-und-baume-de","8":"product_tag-acer-de","9":"product_tag-acer-palmatum-de","10":"product_tag-facherahorn-de","11":"pa_99-hauteurapproximativeapres1-150a200m-de","12":"pa_couleurdelecorce-grun-de","13":"pa_couleurdufeuillage-grun-de","14":"pa_exigencesenhumidite-normal-de","15":"pa_expositionspossibles-ce-halbschattigsonnezw12und17-de","16":"pa_expositionspossibles-fc-schattigkeindirektessonnen-de","17":"pa_expositionspossibles-sonnigvon12bis17uhr-de","18":"pa_hauteurlivree-25-bis-30-cm","19":"pa_hauteurlivree-40-bis-50-cm","20":"pa_hauteurlivree-50-bis-60-cm","21":"pa_hauteurlivree-60-bis-80-cm","22":"pa_hauteurlivree-80-bis-100-cm","23":"pa_interetauprintemps-form-de","24":"pa_interetauprintemps-jungesprossen-de","25":"pa_interetauprintemps-laub-de","26":"pa_interetenautomne-form-de","27":"pa_interetenautomne-laub-de","28":"pa_interetenete-form-de","29":"pa_interetenete-laub-de","30":"pa_interetenhiver-form-de","31":"pa_naturedufeuillage-nichtimmergrun-de","32":"pa_naturesdesolpossibles-leicht-de","33":"pa_naturesdesolpossibles-normal-de","34":"pa_particularites-form-de","35":"pa_particularites-furbonsaigeeignet-de","36":"pa_periodedetaille-juni-de","37":"pa_phdusolacceptable-neutralzw65u75-de","38":"pa_phdusolacceptable-sauerwenigerals65-de","39":"pa_portgraphisme-ausgebreitet-de","40":"pa_portgraphisme-kolonnenformig-de","41":"pa_resistanceaufroidrusticite-frostbestandigunter_20c-de","42":"pa_tailledepot-2liter_topf-de","43":"pa_tailledepot-3liter_topf-de","44":"pa_tailledepot-5liter_topf-de","45":"pa_tailledepot-75liter_topf-de","46":"pa_tailledepot-9cmtopf-de","47":"pa_utilisationpossible-alleinstehend-de","48":"pa_utilisationpossible-beet-de","49":"pa_utilisationpossible-kubelodertopf-de","51":"first","52":"instock","53":"taxable","54":"shipping-taxable","55":"purchasable","56":"product-type-variable","57":"has-default-attributes"},"supplier_id":null,"supplier_sku":"","barcode":null,"atum_controlled":true,"out_stock_date":null,"out_stock_threshold":null,"inheritable":true,"inbound_stock":0,"stock_on_hold":0,"sold_today":0,"sales_last_days":0,"reserved_stock":0,"customer_returns":0,"warehouse_damage":0,"lost_in_post":0,"other_logs":0,"out_stock_days":null,"lost_sales":0,"has_location":false,"update_date":"2026-01-22T13:28:13","atum_locations":[],"atum_stock_status":"instock","restock_status":false,"low_stock_amount":"","sales_update_date":"2024-11-02T14:55:28","calc_backorders":null,"yoast_head":"<!-- This site is optimized with the Yoast SEO Premium plugin v27.5 (Yoast SEO v27.5) - https:\/\/yoast.com\/product\/yoast-seo-premium-wordpress\/ -->\n<title>ACER palmatum &#039;Shishigashira&#039; (Crispifolium, Mejishi)<\/title>\n<meta name=\"description\" content=\"Dieser F\u00e4cherahorn hat gr\u00fcnes, geknittertes Laub, das ihm einen besonderen Scharm verleiht. Der ACER palmatum &#039;Shishigashira&#039; hat eine sch\u00f6ne Wuchsform und eine dekorative gr\u00fcne Rinde.\" \/>\n<meta name=\"robots\" content=\"index, follow, max-snippet:-1, max-image-preview:large, max-video-preview:-1\" \/>\n<link rel=\"canonical\" href=\"https:\/\/www.vallonchene.fr\/de\/produkt\/acer-palmatum-shishigashira\/\" \/>\n<meta property=\"og:locale\" content=\"de_DE\" \/>\n<meta property=\"og:type\" content=\"article\" \/>\n<meta property=\"og:title\" content=\"ACER palmatum &#039;Shishigashira&#039; (Crispifolium, Mejishi) (F\u00e4cherahorn)\" \/>\n<meta property=\"og:description\" content=\"Dieser F\u00e4cherahorn hat gr\u00fcnes, geknittertes Laub, das ihm einen besonderen Scharm verleiht. Der ACER palmatum &#039;Shishigashira&#039; hat eine sch\u00f6ne Wuchsform und eine dekorative gr\u00fcne Rinde.\" \/>\n<meta property=\"og:url\" content=\"https:\/\/www.vallonchene.fr\/de\/produkt\/acer-palmatum-shishigashira\/\" \/>\n<meta property=\"og:site_name\" content=\"Vallonch\u00eane\" \/>\n<meta property=\"article:publisher\" content=\"https:\/\/www.facebook.com\/vallonchene.fr\" \/>\n<meta property=\"article:modified_time\" content=\"2023-11-28T08:59:17+00:00\" \/>\n<meta property=\"og:image\" content=\"https:\/\/www.vallonchene.fr\/wp-content\/uploads\/2023\/10\/ACER-palmatum-Shishigashira.webp\" \/>\n\t<meta property=\"og:image:width\" content=\"1200\" \/>\n\t<meta property=\"og:image:height\" content=\"1200\" \/>\n\t<meta property=\"og:image:type\" content=\"image\/webp\" \/>\n<meta name=\"twitter:card\" content=\"summary_large_image\" \/>\n<meta name=\"twitter:label1\" content=\"Verf\u00fcgbarkeit\" \/>\n\t<meta name=\"twitter:data1\" content=\"Vorr\u00e4tig\" \/>\n<script type=\"application\/ld+json\" class=\"yoast-schema-graph\">{\"@context\":\"https:\\\/\\\/schema.org\",\"@graph\":[{\"@type\":\"WebPage\",\"@id\":\"https:\\\/\\\/www.vallonchene.fr\\\/de\\\/produkt\\\/acer-palmatum-shishigashira\\\/\",\"url\":\"https:\\\/\\\/www.vallonchene.fr\\\/de\\\/produkt\\\/acer-palmatum-shishigashira\\\/\",\"name\":\"ACER palmatum 'Shishigashira' (Crispifolium, Mejishi)\",\"isPartOf\":{\"@id\":\"https:\\\/\\\/www.vallonchene.fr\\\/de\\\/#website\"},\"primaryImageOfPage\":{\"@id\":\"https:\\\/\\\/www.vallonchene.fr\\\/de\\\/produkt\\\/acer-palmatum-shishigashira\\\/#primaryimage\"},\"image\":{\"@id\":\"https:\\\/\\\/www.vallonchene.fr\\\/de\\\/produkt\\\/acer-palmatum-shishigashira\\\/#primaryimage\"},\"thumbnailUrl\":\"https:\\\/\\\/www.vallonchene.fr\\\/wp-content\\\/uploads\\\/2023\\\/10\\\/ACER-palmatum-Shishigashira.webp\",\"datePublished\":\"2021-08-31T08:43:41+00:00\",\"dateModified\":\"2023-11-28T08:59:17+00:00\",\"description\":\"Dieser F\u00e4cherahorn hat gr\u00fcnes, geknittertes Laub, das ihm einen besonderen Scharm verleiht. Der ACER palmatum 'Shishigashira' hat eine sch\u00f6ne Wuchsform und eine dekorative gr\u00fcne Rinde.\",\"breadcrumb\":{\"@id\":\"https:\\\/\\\/www.vallonchene.fr\\\/de\\\/produkt\\\/acer-palmatum-shishigashira\\\/#breadcrumb\"},\"inLanguage\":\"de\",\"potentialAction\":[{\"@type\":\"ReadAction\",\"target\":[\"https:\\\/\\\/www.vallonchene.fr\\\/de\\\/produkt\\\/acer-palmatum-shishigashira\\\/\"]}]},{\"@type\":\"ImageObject\",\"inLanguage\":\"de\",\"@id\":\"https:\\\/\\\/www.vallonchene.fr\\\/de\\\/produkt\\\/acer-palmatum-shishigashira\\\/#primaryimage\",\"url\":\"https:\\\/\\\/www.vallonchene.fr\\\/wp-content\\\/uploads\\\/2023\\\/10\\\/ACER-palmatum-Shishigashira.webp\",\"contentUrl\":\"https:\\\/\\\/www.vallonchene.fr\\\/wp-content\\\/uploads\\\/2023\\\/10\\\/ACER-palmatum-Shishigashira.webp\",\"width\":1200,\"height\":1200,\"caption\":\"Gr\u00fcnes Laub von ACER palmatum 'Shishigashira'\"},{\"@type\":\"BreadcrumbList\",\"@id\":\"https:\\\/\\\/www.vallonchene.fr\\\/de\\\/produkt\\\/acer-palmatum-shishigashira\\\/#breadcrumb\",\"itemListElement\":[{\"@type\":\"ListItem\",\"position\":1,\"name\":\"Home\",\"item\":\"https:\\\/\\\/www.vallonchene.fr\\\/de\\\/\"},{\"@type\":\"ListItem\",\"position\":2,\"name\":\"Shop\",\"item\":\"https:\\\/\\\/www.vallonchene.fr\\\/de\\\/shop\\\/\"},{\"@type\":\"ListItem\",\"position\":3,\"name\":\"Online-Verkauf\",\"item\":\"https:\\\/\\\/www.vallonchene.fr\\\/de\\\/produkt-kategorie\\\/online-verkauf-de\\\/\"},{\"@type\":\"ListItem\",\"position\":4,\"name\":\"Baumschule\",\"item\":\"https:\\\/\\\/www.vallonchene.fr\\\/de\\\/produkt-kategorie\\\/online-verkauf-de\\\/baumschule-gaertnerei-de\\\/\"},{\"@type\":\"ListItem\",\"position\":5,\"name\":\"Str\u00e4ucher und B\u00e4ume\",\"item\":\"https:\\\/\\\/www.vallonchene.fr\\\/de\\\/produkt-kategorie\\\/online-verkauf-de\\\/baumschule-gaertnerei-de\\\/straucher-und-baume-de\\\/\"},{\"@type\":\"ListItem\",\"position\":6,\"name\":\"ACER palmatum &#8216;Shishigashira&#8217; (Crispifolium, Mejishi) (F\u00e4cherahorn)\"}]},{\"@type\":\"WebSite\",\"@id\":\"https:\\\/\\\/www.vallonchene.fr\\\/de\\\/#website\",\"url\":\"https:\\\/\\\/www.vallonchene.fr\\\/de\\\/\",\"name\":\"Vallonch\u00eane\",\"description\":\"Die Baumschule, bei der Qualit\u00e4t ihre Wurzeln hat \u2013 Tel.: +49 (0)6838-5399840\",\"publisher\":{\"@id\":\"https:\\\/\\\/www.vallonchene.fr\\\/de\\\/#organization\"},\"potentialAction\":[{\"@type\":\"SearchAction\",\"target\":{\"@type\":\"EntryPoint\",\"urlTemplate\":\"https:\\\/\\\/www.vallonchene.fr\\\/de\\\/?s={search_term_string}\"},\"query-input\":{\"@type\":\"PropertyValueSpecification\",\"valueRequired\":true,\"valueName\":\"search_term_string\"}}],\"inLanguage\":\"de\"},{\"@type\":\"Organization\",\"@id\":\"https:\\\/\\\/www.vallonchene.fr\\\/de\\\/#organization\",\"name\":\"VALLONCHENE\",\"url\":\"https:\\\/\\\/www.vallonchene.fr\\\/de\\\/\",\"logo\":{\"@type\":\"ImageObject\",\"inLanguage\":\"de\",\"@id\":\"https:\\\/\\\/www.vallonchene.fr\\\/de\\\/#\\\/schema\\\/logo\\\/image\\\/\",\"url\":\"https:\\\/\\\/www.vallonchene.fr\\\/wp-content\\\/uploads\\\/2023\\\/03\\\/Logo-Vallonchene-site-et-R_hauteur_100.png\",\"contentUrl\":\"https:\\\/\\\/www.vallonchene.fr\\\/wp-content\\\/uploads\\\/2023\\\/03\\\/Logo-Vallonchene-site-et-R_hauteur_100.png\",\"width\":221,\"height\":100,\"caption\":\"VALLONCHENE\"},\"image\":{\"@id\":\"https:\\\/\\\/www.vallonchene.fr\\\/de\\\/#\\\/schema\\\/logo\\\/image\\\/\"},\"sameAs\":[\"https:\\\/\\\/www.facebook.com\\\/vallonchene.fr\",\"https:\\\/\\\/www.instagram.com\\\/vallonchene\\\/\",\"https:\\\/\\\/www.pinterest.fr\\\/vallonchene\\\/\"],\"taxID\":\"49454502300017\",\"hasMerchantReturnPolicy\":{\"@type\":\"MerchantReturnPolicy\",\"merchantReturnLink\":\"https:\\\/\\\/www.vallonchene.fr\\\/remboursements_retours\\\/\"}}]}<\/script>\n<meta property=\"og:availability\" content=\"instock\" \/>\n<meta property=\"product:availability\" content=\"instock\" \/>\n<meta property=\"product:retailer_item_id\" content=\"57994\" \/>\n<meta property=\"product:condition\" content=\"new\" \/>\n<!-- \/ Yoast SEO Premium plugin. -->","yoast_head_json":{"title":"ACER palmatum 'Shishigashira' (Crispifolium, Mejishi)","description":"Dieser F\u00e4cherahorn hat gr\u00fcnes, geknittertes Laub, das ihm einen besonderen Scharm verleiht. Der ACER palmatum 'Shishigashira' hat eine sch\u00f6ne Wuchsform und eine dekorative gr\u00fcne Rinde.","robots":{"index":"index","follow":"follow","max-snippet":"max-snippet:-1","max-image-preview":"max-image-preview:large","max-video-preview":"max-video-preview:-1"},"canonical":"https:\/\/www.vallonchene.fr\/de\/produkt\/acer-palmatum-shishigashira\/","og_locale":"de_DE","og_type":"article","og_title":"ACER palmatum 'Shishigashira' (Crispifolium, Mejishi) (F\u00e4cherahorn)","og_description":"Dieser F\u00e4cherahorn hat gr\u00fcnes, geknittertes Laub, das ihm einen besonderen Scharm verleiht. Der ACER palmatum 'Shishigashira' hat eine sch\u00f6ne Wuchsform und eine dekorative gr\u00fcne Rinde.","og_url":"https:\/\/www.vallonchene.fr\/de\/produkt\/acer-palmatum-shishigashira\/","og_site_name":"Vallonch\u00eane","article_publisher":"https:\/\/www.facebook.com\/vallonchene.fr","article_modified_time":"2023-11-28T08:59:17+00:00","og_image":[{"width":1200,"height":1200,"url":"https:\/\/www.vallonchene.fr\/wp-content\/uploads\/2023\/10\/ACER-palmatum-Shishigashira.webp","type":"image\/webp"}],"twitter_card":"summary_large_image","twitter_misc":{"Verf\u00fcgbarkeit":"Vorr\u00e4tig"},"schema":{"@context":"https:\/\/schema.org","@graph":[{"@type":"WebPage","@id":"https:\/\/www.vallonchene.fr\/de\/produkt\/acer-palmatum-shishigashira\/","url":"https:\/\/www.vallonchene.fr\/de\/produkt\/acer-palmatum-shishigashira\/","name":"ACER palmatum 'Shishigashira' (Crispifolium, Mejishi)","isPartOf":{"@id":"https:\/\/www.vallonchene.fr\/de\/#website"},"primaryImageOfPage":{"@id":"https:\/\/www.vallonchene.fr\/de\/produkt\/acer-palmatum-shishigashira\/#primaryimage"},"image":{"@id":"https:\/\/www.vallonchene.fr\/de\/produkt\/acer-palmatum-shishigashira\/#primaryimage"},"thumbnailUrl":"https:\/\/www.vallonchene.fr\/wp-content\/uploads\/2023\/10\/ACER-palmatum-Shishigashira.webp","datePublished":"2021-08-31T08:43:41+00:00","dateModified":"2023-11-28T08:59:17+00:00","description":"Dieser F\u00e4cherahorn hat gr\u00fcnes, geknittertes Laub, das ihm einen besonderen Scharm verleiht. Der ACER palmatum 'Shishigashira' hat eine sch\u00f6ne Wuchsform und eine dekorative gr\u00fcne Rinde.","breadcrumb":{"@id":"https:\/\/www.vallonchene.fr\/de\/produkt\/acer-palmatum-shishigashira\/#breadcrumb"},"inLanguage":"de","potentialAction":[{"@type":"ReadAction","target":["https:\/\/www.vallonchene.fr\/de\/produkt\/acer-palmatum-shishigashira\/"]}]},{"@type":"ImageObject","inLanguage":"de","@id":"https:\/\/www.vallonchene.fr\/de\/produkt\/acer-palmatum-shishigashira\/#primaryimage","url":"https:\/\/www.vallonchene.fr\/wp-content\/uploads\/2023\/10\/ACER-palmatum-Shishigashira.webp","contentUrl":"https:\/\/www.vallonchene.fr\/wp-content\/uploads\/2023\/10\/ACER-palmatum-Shishigashira.webp","width":1200,"height":1200,"caption":"Gr\u00fcnes Laub von ACER palmatum 'Shishigashira'"},{"@type":"BreadcrumbList","@id":"https:\/\/www.vallonchene.fr\/de\/produkt\/acer-palmatum-shishigashira\/#breadcrumb","itemListElement":[{"@type":"ListItem","position":1,"name":"Home","item":"https:\/\/www.vallonchene.fr\/de\/"},{"@type":"ListItem","position":2,"name":"Shop","item":"https:\/\/www.vallonchene.fr\/de\/shop\/"},{"@type":"ListItem","position":3,"name":"Online-Verkauf","item":"https:\/\/www.vallonchene.fr\/de\/produkt-kategorie\/online-verkauf-de\/"},{"@type":"ListItem","position":4,"name":"Baumschule","item":"https:\/\/www.vallonchene.fr\/de\/produkt-kategorie\/online-verkauf-de\/baumschule-gaertnerei-de\/"},{"@type":"ListItem","position":5,"name":"Str\u00e4ucher und B\u00e4ume","item":"https:\/\/www.vallonchene.fr\/de\/produkt-kategorie\/online-verkauf-de\/baumschule-gaertnerei-de\/straucher-und-baume-de\/"},{"@type":"ListItem","position":6,"name":"ACER palmatum &#8216;Shishigashira&#8217; (Crispifolium, Mejishi) (F\u00e4cherahorn)"}]},{"@type":"WebSite","@id":"https:\/\/www.vallonchene.fr\/de\/#website","url":"https:\/\/www.vallonchene.fr\/de\/","name":"Vallonch\u00eane","description":"Die Baumschule, bei der Qualit\u00e4t ihre Wurzeln hat \u2013 Tel.: +49 (0)6838-5399840","publisher":{"@id":"https:\/\/www.vallonchene.fr\/de\/#organization"},"potentialAction":[{"@type":"SearchAction","target":{"@type":"EntryPoint","urlTemplate":"https:\/\/www.vallonchene.fr\/de\/?s={search_term_string}"},"query-input":{"@type":"PropertyValueSpecification","valueRequired":true,"valueName":"search_term_string"}}],"inLanguage":"de"},{"@type":"Organization","@id":"https:\/\/www.vallonchene.fr\/de\/#organization","name":"VALLONCHENE","url":"https:\/\/www.vallonchene.fr\/de\/","logo":{"@type":"ImageObject","inLanguage":"de","@id":"https:\/\/www.vallonchene.fr\/de\/#\/schema\/logo\/image\/","url":"https:\/\/www.vallonchene.fr\/wp-content\/uploads\/2023\/03\/Logo-Vallonchene-site-et-R_hauteur_100.png","contentUrl":"https:\/\/www.vallonchene.fr\/wp-content\/uploads\/2023\/03\/Logo-Vallonchene-site-et-R_hauteur_100.png","width":221,"height":100,"caption":"VALLONCHENE"},"image":{"@id":"https:\/\/www.vallonchene.fr\/de\/#\/schema\/logo\/image\/"},"sameAs":["https:\/\/www.facebook.com\/vallonchene.fr","https:\/\/www.instagram.com\/vallonchene\/","https:\/\/www.pinterest.fr\/vallonchene\/"],"taxID":"49454502300017","hasMerchantReturnPolicy":{"@type":"MerchantReturnPolicy","merchantReturnLink":"https:\/\/www.vallonchene.fr\/remboursements_retours\/"}}]},"og_availability":"instock","product_availability":"instock","product_retailer_item_id":"57994","product_condition":"new"},"_links":{"self":[{"href":"https:\/\/www.vallonchene.fr\/de\/wp-json\/wp\/v2\/product\/2952","targetHints":{"allow":["GET"]}}],"collection":[{"href":"https:\/\/www.vallonchene.fr\/de\/wp-json\/wp\/v2\/product"}],"about":[{"href":"https:\/\/www.vallonchene.fr\/de\/wp-json\/wp\/v2\/types\/product"}],"replies":[{"embeddable":true,"href":"https:\/\/www.vallonchene.fr\/de\/wp-json\/wp\/v2\/comments?post=2952"}],"wp:featuredmedia":[{"embeddable":true,"href":"https:\/\/www.vallonchene.fr\/de\/wp-json\/wp\/v2\/media\/44270"}],"wp:attachment":[{"href":"https:\/\/www.vallonchene.fr\/de\/wp-json\/wp\/v2\/media?parent=2952"}],"wp:term":[{"taxonomy":"product_brand","embeddable":true,"href":"https:\/\/www.vallonchene.fr\/de\/wp-json\/wp\/v2\/product_brand?post=2952"},{"taxonomy":"product_cat","embeddable":true,"href":"https:\/\/www.vallonchene.fr\/de\/wp-json\/wp\/v2\/product_cat?post=2952"},{"taxonomy":"product_tag","embeddable":true,"href":"https:\/\/www.vallonchene.fr\/de\/wp-json\/wp\/v2\/product_tag?post=2952"}],"curies":[{"name":"wp","href":"https:\/\/api.w.org\/{rel}","templated":true}]}}