{"id":2921,"date":"2021-08-31T10:42:02","date_gmt":"2021-08-31T10:42:02","guid":{"rendered":"https:\/\/testing.vallonchene.fr\/produit\/acer-negundo-kelly-s-gold\/"},"modified":"2025-04-16T10:31:21","modified_gmt":"2025-04-16T09:31:21","slug":"acer-negundo-kelly-s-gold","status":"publish","type":"product","link":"https:\/\/www.vallonchene.fr\/de\/produkt\/acer-negundo-kelly-s-gold\/","title":{"rendered":"ACER negundo &#8218;Kelly&#8217;s Gold&#8216;"},"content":{"rendered":"<h2>Die Pflanze<\/h2>\n<p><strong>ACER negunda &#8218;Kelly&#8217;s Gold&#8216;<\/strong> ist ein <strong>Eschen-Ahorn<\/strong>, der <strong>m\u00e4nnliche Bl\u00fcten auf kahlem Holz<\/strong> im fr\u00fchen Fr\u00fchling entwickelt. Diese bestehen aus <strong>B\u00fcscheln herabh\u00e4ngender F\u00e4den<\/strong>. Das ist ein ziemlich einzigartiges Ph\u00e4nomen und verleiht ihm ein sehr besonderes Aussehen (siehe Fotos).  <\/p>\n<p>Dann erscheint das <strong>leuchtend gelbe Laub<\/strong>, das den ganzen Sommer \u00fcber bleibt und den Garten erhellt.<\/p>\n<p>Im Herbst verf\u00e4rbt sich das gleiche Laub in ein noch helleres Gelb, um das Schauspiel zu intensivieren.<\/p>\n<p>Im Winter bildet die <strong>abgerundete und leichte Gestaltung<\/strong> mit feinem Ge\u00e4st ein wichtiges strukturelles Element.<\/p>\n<p>Trotz der Tatsache, dass es sich um einen <strong>recht kleinen Baum<\/strong> handelt, <strong>w\u00e4chst er relativ schnell<\/strong>. Das ist ziemlich bemerkenswert f\u00fcr einen kleinen Baum. <\/p>\n<h2>Wie pflanzt und pflegt man ACER negundo &#8218;Kelly&#8217;s Gold&#8216;?<\/h2>\n<h3>Pflanzung<\/h3>\n<p>Trotz der Tatsache, dass es sich um eine wirklich pflegeleichte Pflanze handelt, sollten Sie die folgenden Punkte beachten, um die Vorteile dieses Eschen-Ahorns voll auszusch\u00f6pfen:<\/p>\n<ol>\n<li>Geben Sie ihm einen Platz in voller Sonne, vorzugsweise gesch\u00fctzt vor starken Winden. Volle Sonne ist notwendig, um eine intensive Farbe zu erzielen. <\/li>\n<li>Der Boden kann leicht, normal oder schwer sein.<\/li>\n<li>Der Standort kann frisch bis feucht, m\u00e4\u00dfig oder trocken sein, mit einem sauren, neutralen oder kalkhaltigen pH-Wert.<\/li>\n<\/ol>\n<p><a href=\"https:\/\/www.vallonchene.fr\/comment-planter-et-entretenir-des-vegetaux\/comment-planter-et-entretenir-arbres-arbustes-et-coniferes\/\" target=\"_blank\" rel=\"noreferrer noopener\"><strong>F\u00fcr eine gute Vorbereitung des Pflanzlochs haben wir spezielle Anweisungen entwickelt, die hier verf\u00fcgbar sind. <\/strong><\/a><\/p>\n<h3>Pflege<\/h3>\n<p>Stellen Sie in den ersten zwei Jahren eine regelm\u00e4\u00dfige Bew\u00e4sserung sicher, insbesondere w\u00e4hrend Trockenperioden, um ein gutes Anwachsen zu f\u00f6rdern. <a href=\"https:\/\/www.vallonchene.fr\/comment-bien-arroser-le-jardin-et-economiser-leau\/\"><strong>Lesen Sie hier auch unsere Tipps zum richtigen Gie\u00dfen und Wassersparen<\/strong><\/a>.<\/p>\n<p>Zus\u00e4tzlich k\u00f6nnen Sie die Pflanze bei Bedarf im Januar und Februar (vor der Bl\u00fcte) zur\u00fcckschneiden. Dar\u00fcber hinaus eignet sich dieser kleine Baum hervorragend f\u00fcr einen transparenten Schnitt, der sein Design und das oben beschriebene Bl\u00fctenph\u00e4nomen noch mehr zur Geltung bringt. <\/p>\n<h2>Geschichte und Herkunft<\/h2>\n<p>Die Art ACER negundo stammt aus Nordamerika. Ihr nat\u00fcrlicher Lebensraum erstreckt sich von Kanada bis Honduras. Dennoch hat sich der Eschen-Ahorn auch auf den anderen Kontinenten der Welt verbreitet.  <\/p>\n<p>Die Sorte ACER negunda &#8218;Kelly&#8217;s Gold&#8216; wurde f\u00fcr ihr leuchtend gelbes Laub entwickelt und kultiviert. Sie ist weitaus weniger verbreitet, sogar selten. Ihre relativ schnelle Wachstumsf\u00e4higkeit macht sie zu einer ausgezeichneten Pflanze, um Schatten zu spenden.  <\/p>\n<p>Abschlie\u00dfend geh\u00f6rt A. negundo &#8218;Kelly&#8217;s Gold&#8216; zu den robusten Pflanzen. Er bringt einen Hauch von Helligkeit, bleibt dabei jedoch eine leicht anzubauende Pflanze.  <\/p>\n","protected":false},"excerpt":{"rendered":"<p>Dieser <strong>Eschen-Ahorn<\/strong> ist eine Variante mit gelbem Laub. Im Fr\u00fchling entwickelt <strong>ACER negundo &#8218;Kelly&#8217;s Gold&#8216;<\/strong> sch\u00f6ne, h\u00e4ngende Bl\u00fctenb\u00fcschel auf kahlem Holz. <\/p>\n","protected":false},"featured_media":53588,"comment_status":"open","ping_status":"closed","template":"","meta":[],"product_brand":[],"product_cat":[252],"product_tag":[11397,12556,12557],"class_list":{"0":"post-2921","1":"product","2":"type-product","3":"status-publish","4":"has-post-thumbnail","6":"product_cat-straucher-und-baume-de","7":"product_tag-acer-de","8":"product_tag-acer-negundo-de","9":"product_tag-eschen-ahorn-de","10":"pa_99-hauteurapproximativeapres1-2_3m-de","11":"pa_couleurdufeuillage-gelb-de","12":"pa_exigencesenhumidite-feucht-de","13":"pa_exigencesenhumidite-normal-de","14":"pa_exigencesenhumidite-trocken-de","15":"pa_expositionspossibles-sonnigvon12bis17uhr-de","16":"pa_hauteurlivree-100-bis-125-cm","17":"pa_hauteurlivree-125-bis-150-cm","18":"pa_hauteurlivree-150-bis-175-cm","19":"pa_hauteurlivree-175-bis-200-cm","20":"pa_hauteurlivree-30-bis-40-cm","21":"pa_hauteurlivree-300-bis-350-cm","22":"pa_hauteurlivree-60-bis-80-cm","23":"pa_interetauprintemps-bluten-de","24":"pa_interetauprintemps-laub-de","25":"pa_interetenautomne-laub-de","26":"pa_interetenete-laub-de","27":"pa_interetenhiver-form-de","28":"pa_naturedufeuillage-nichtimmergrun-de","29":"pa_naturesdesolpossibles-leicht-de","30":"pa_naturesdesolpossibles-normal-de","31":"pa_naturesdesolpossibles-schwer-de","32":"pa_periodedefloraison-fruhling-de","33":"pa_periodedetaille-febr-de","34":"pa_periodedetaille-jan-de","35":"pa_phdusolacceptable-kalkigmehrals75-de","36":"pa_phdusolacceptable-neutralzw65u75-de","37":"pa_phdusolacceptable-sauerwenigerals65-de","38":"pa_portgraphisme-rund-de","39":"pa_resistanceaufroidrusticite-frostbestandigunter_20c-de","40":"pa_tailledepot-10liter_topf-de","41":"pa_tailledepot-3liter_topf-de","42":"pa_tailledepot-30liter_topf-de","43":"pa_tailledepot-75liter_topf-de","44":"pa_utilisationpossible-alleinstehend-de","45":"pa_utilisationpossible-beet-de","47":"first","48":"instock","49":"taxable","50":"shipping-taxable","51":"purchasable","52":"product-type-variable","53":"has-default-attributes"},"supplier_id":null,"supplier_sku":"","barcode":null,"atum_controlled":true,"out_stock_date":null,"out_stock_threshold":null,"inheritable":true,"inbound_stock":null,"stock_on_hold":0,"sold_today":0,"sales_last_days":0,"reserved_stock":0,"customer_returns":null,"warehouse_damage":null,"lost_in_post":null,"other_logs":null,"out_stock_days":null,"lost_sales":0,"has_location":false,"update_date":"2025-12-01T10:02:14","atum_locations":[],"atum_stock_status":"instock","restock_status":false,"low_stock_amount":"","sales_update_date":null,"calc_backorders":null,"yoast_head":"<!-- This site is optimized with the Yoast SEO Premium plugin v27.5 (Yoast SEO v27.5) - https:\/\/yoast.com\/product\/yoast-seo-premium-wordpress\/ -->\n<title>ACER negundo &#039;Kelly&#039;s Gold&#039;<\/title>\n<meta name=\"description\" content=\"Dieser Eschen-Ahorn ist eine Variante mit gelbem Laub. Im Fr\u00fchling entwickelt ACER negundo &#039;Kelly&#039;s Gold&#039; sch\u00f6ne Bl\u00fctenb\u00fcschel.\" \/>\n<meta name=\"robots\" content=\"index, follow, max-snippet:-1, max-image-preview:large, max-video-preview:-1\" \/>\n<link rel=\"canonical\" href=\"https:\/\/www.vallonchene.fr\/de\/produkt\/acer-negundo-kelly-s-gold\/\" \/>\n<meta property=\"og:locale\" content=\"de_DE\" \/>\n<meta property=\"og:type\" content=\"article\" \/>\n<meta property=\"og:title\" content=\"ACER negundo &#039;Kelly&#039;s Gold&#039;\" \/>\n<meta property=\"og:description\" content=\"Dieser Eschen-Ahorn ist eine Variante mit gelbem Laub. Im Fr\u00fchling entwickelt ACER negundo &#039;Kelly&#039;s Gold&#039; sch\u00f6ne Bl\u00fctenb\u00fcschel.\" \/>\n<meta property=\"og:url\" content=\"https:\/\/www.vallonchene.fr\/de\/produkt\/acer-negundo-kelly-s-gold\/\" \/>\n<meta property=\"og:site_name\" content=\"Vallonch\u00eane\" \/>\n<meta property=\"article:publisher\" content=\"https:\/\/www.facebook.com\/vallonchene.fr\" \/>\n<meta property=\"article:modified_time\" content=\"2025-04-16T09:31:21+00:00\" \/>\n<meta property=\"og:image\" content=\"https:\/\/www.vallonchene.fr\/wp-content\/uploads\/2025\/04\/ACER-negundo-Kellys-Gold.webp\" \/>\n\t<meta property=\"og:image:width\" content=\"1200\" \/>\n\t<meta property=\"og:image:height\" content=\"1200\" \/>\n\t<meta property=\"og:image:type\" content=\"image\/webp\" \/>\n<meta name=\"twitter:card\" content=\"summary_large_image\" \/>\n<meta name=\"twitter:label1\" content=\"Verf\u00fcgbarkeit\" \/>\n\t<meta name=\"twitter:data1\" content=\"Vorr\u00e4tig\" \/>\n<script type=\"application\/ld+json\" class=\"yoast-schema-graph\">{\"@context\":\"https:\\\/\\\/schema.org\",\"@graph\":[{\"@type\":\"WebPage\",\"@id\":\"https:\\\/\\\/www.vallonchene.fr\\\/de\\\/produkt\\\/acer-negundo-kelly-s-gold\\\/\",\"url\":\"https:\\\/\\\/www.vallonchene.fr\\\/de\\\/produkt\\\/acer-negundo-kelly-s-gold\\\/\",\"name\":\"ACER negundo 'Kelly's Gold'\",\"isPartOf\":{\"@id\":\"https:\\\/\\\/www.vallonchene.fr\\\/de\\\/#website\"},\"primaryImageOfPage\":{\"@id\":\"https:\\\/\\\/www.vallonchene.fr\\\/de\\\/produkt\\\/acer-negundo-kelly-s-gold\\\/#primaryimage\"},\"image\":{\"@id\":\"https:\\\/\\\/www.vallonchene.fr\\\/de\\\/produkt\\\/acer-negundo-kelly-s-gold\\\/#primaryimage\"},\"thumbnailUrl\":\"https:\\\/\\\/www.vallonchene.fr\\\/wp-content\\\/uploads\\\/2025\\\/04\\\/ACER-negundo-Kellys-Gold_01.webp\",\"datePublished\":\"2021-08-31T10:42:02+00:00\",\"dateModified\":\"2025-04-16T09:31:21+00:00\",\"description\":\"Dieser Eschen-Ahorn ist eine Variante mit gelbem Laub. Im Fr\u00fchling entwickelt ACER negundo 'Kelly's Gold' sch\u00f6ne Bl\u00fctenb\u00fcschel.\",\"breadcrumb\":{\"@id\":\"https:\\\/\\\/www.vallonchene.fr\\\/de\\\/produkt\\\/acer-negundo-kelly-s-gold\\\/#breadcrumb\"},\"inLanguage\":\"de\",\"potentialAction\":[{\"@type\":\"ReadAction\",\"target\":[\"https:\\\/\\\/www.vallonchene.fr\\\/de\\\/produkt\\\/acer-negundo-kelly-s-gold\\\/\"]}]},{\"@type\":\"ImageObject\",\"inLanguage\":\"de\",\"@id\":\"https:\\\/\\\/www.vallonchene.fr\\\/de\\\/produkt\\\/acer-negundo-kelly-s-gold\\\/#primaryimage\",\"url\":\"https:\\\/\\\/www.vallonchene.fr\\\/wp-content\\\/uploads\\\/2025\\\/04\\\/ACER-negundo-Kellys-Gold_01.webp\",\"contentUrl\":\"https:\\\/\\\/www.vallonchene.fr\\\/wp-content\\\/uploads\\\/2025\\\/04\\\/ACER-negundo-Kellys-Gold_01.webp\",\"width\":1200,\"height\":1200,\"caption\":\"Ein ca. 25 Jahre alter ACER negundo 'Kelly's Gold' im Fr\u00fchling im Garten von Vallonch\u00eane\"},{\"@type\":\"BreadcrumbList\",\"@id\":\"https:\\\/\\\/www.vallonchene.fr\\\/de\\\/produkt\\\/acer-negundo-kelly-s-gold\\\/#breadcrumb\",\"itemListElement\":[{\"@type\":\"ListItem\",\"position\":1,\"name\":\"Home\",\"item\":\"https:\\\/\\\/www.vallonchene.fr\\\/de\\\/\"},{\"@type\":\"ListItem\",\"position\":2,\"name\":\"Shop\",\"item\":\"https:\\\/\\\/www.vallonchene.fr\\\/de\\\/shop\\\/\"},{\"@type\":\"ListItem\",\"position\":3,\"name\":\"Online-Verkauf\",\"item\":\"https:\\\/\\\/www.vallonchene.fr\\\/de\\\/produkt-kategorie\\\/online-verkauf-de\\\/\"},{\"@type\":\"ListItem\",\"position\":4,\"name\":\"Baumschule\",\"item\":\"https:\\\/\\\/www.vallonchene.fr\\\/de\\\/produkt-kategorie\\\/online-verkauf-de\\\/baumschule-gaertnerei-de\\\/\"},{\"@type\":\"ListItem\",\"position\":5,\"name\":\"Str\u00e4ucher und B\u00e4ume\",\"item\":\"https:\\\/\\\/www.vallonchene.fr\\\/de\\\/produkt-kategorie\\\/online-verkauf-de\\\/baumschule-gaertnerei-de\\\/straucher-und-baume-de\\\/\"},{\"@type\":\"ListItem\",\"position\":6,\"name\":\"ACER negundo &#8218;Kelly&#8217;s Gold&#8216;\"}]},{\"@type\":\"WebSite\",\"@id\":\"https:\\\/\\\/www.vallonchene.fr\\\/de\\\/#website\",\"url\":\"https:\\\/\\\/www.vallonchene.fr\\\/de\\\/\",\"name\":\"Vallonch\u00eane\",\"description\":\"Die Baumschule, bei der Qualit\u00e4t ihre Wurzeln hat \u2013 Tel.: +49 (0)6838-5399840\",\"publisher\":{\"@id\":\"https:\\\/\\\/www.vallonchene.fr\\\/de\\\/#organization\"},\"potentialAction\":[{\"@type\":\"SearchAction\",\"target\":{\"@type\":\"EntryPoint\",\"urlTemplate\":\"https:\\\/\\\/www.vallonchene.fr\\\/de\\\/?s={search_term_string}\"},\"query-input\":{\"@type\":\"PropertyValueSpecification\",\"valueRequired\":true,\"valueName\":\"search_term_string\"}}],\"inLanguage\":\"de\"},{\"@type\":\"Organization\",\"@id\":\"https:\\\/\\\/www.vallonchene.fr\\\/de\\\/#organization\",\"name\":\"VALLONCHENE\",\"url\":\"https:\\\/\\\/www.vallonchene.fr\\\/de\\\/\",\"logo\":{\"@type\":\"ImageObject\",\"inLanguage\":\"de\",\"@id\":\"https:\\\/\\\/www.vallonchene.fr\\\/de\\\/#\\\/schema\\\/logo\\\/image\\\/\",\"url\":\"https:\\\/\\\/www.vallonchene.fr\\\/wp-content\\\/uploads\\\/2023\\\/03\\\/Logo-Vallonchene-site-et-R_hauteur_100.png\",\"contentUrl\":\"https:\\\/\\\/www.vallonchene.fr\\\/wp-content\\\/uploads\\\/2023\\\/03\\\/Logo-Vallonchene-site-et-R_hauteur_100.png\",\"width\":221,\"height\":100,\"caption\":\"VALLONCHENE\"},\"image\":{\"@id\":\"https:\\\/\\\/www.vallonchene.fr\\\/de\\\/#\\\/schema\\\/logo\\\/image\\\/\"},\"sameAs\":[\"https:\\\/\\\/www.facebook.com\\\/vallonchene.fr\",\"https:\\\/\\\/www.instagram.com\\\/vallonchene\\\/\",\"https:\\\/\\\/www.pinterest.fr\\\/vallonchene\\\/\"],\"taxID\":\"49454502300017\",\"hasMerchantReturnPolicy\":{\"@type\":\"MerchantReturnPolicy\",\"merchantReturnLink\":\"https:\\\/\\\/www.vallonchene.fr\\\/remboursements_retours\\\/\"}}]}<\/script>\n<meta property=\"og:availability\" content=\"instock\" \/>\n<meta property=\"product:availability\" content=\"instock\" \/>\n<meta property=\"product:retailer_item_id\" content=\"54312\" \/>\n<meta property=\"product:condition\" content=\"new\" \/>\n<!-- \/ Yoast SEO Premium plugin. -->","yoast_head_json":{"title":"ACER negundo 'Kelly's Gold'","description":"Dieser Eschen-Ahorn ist eine Variante mit gelbem Laub. Im Fr\u00fchling entwickelt ACER negundo 'Kelly's Gold' sch\u00f6ne Bl\u00fctenb\u00fcschel.","robots":{"index":"index","follow":"follow","max-snippet":"max-snippet:-1","max-image-preview":"max-image-preview:large","max-video-preview":"max-video-preview:-1"},"canonical":"https:\/\/www.vallonchene.fr\/de\/produkt\/acer-negundo-kelly-s-gold\/","og_locale":"de_DE","og_type":"article","og_title":"ACER negundo 'Kelly's Gold'","og_description":"Dieser Eschen-Ahorn ist eine Variante mit gelbem Laub. Im Fr\u00fchling entwickelt ACER negundo 'Kelly's Gold' sch\u00f6ne Bl\u00fctenb\u00fcschel.","og_url":"https:\/\/www.vallonchene.fr\/de\/produkt\/acer-negundo-kelly-s-gold\/","og_site_name":"Vallonch\u00eane","article_publisher":"https:\/\/www.facebook.com\/vallonchene.fr","article_modified_time":"2025-04-16T09:31:21+00:00","og_image":[{"width":1200,"height":1200,"url":"https:\/\/www.vallonchene.fr\/wp-content\/uploads\/2025\/04\/ACER-negundo-Kellys-Gold.webp","type":"image\/webp"}],"twitter_card":"summary_large_image","twitter_misc":{"Verf\u00fcgbarkeit":"Vorr\u00e4tig"},"schema":{"@context":"https:\/\/schema.org","@graph":[{"@type":"WebPage","@id":"https:\/\/www.vallonchene.fr\/de\/produkt\/acer-negundo-kelly-s-gold\/","url":"https:\/\/www.vallonchene.fr\/de\/produkt\/acer-negundo-kelly-s-gold\/","name":"ACER negundo 'Kelly's Gold'","isPartOf":{"@id":"https:\/\/www.vallonchene.fr\/de\/#website"},"primaryImageOfPage":{"@id":"https:\/\/www.vallonchene.fr\/de\/produkt\/acer-negundo-kelly-s-gold\/#primaryimage"},"image":{"@id":"https:\/\/www.vallonchene.fr\/de\/produkt\/acer-negundo-kelly-s-gold\/#primaryimage"},"thumbnailUrl":"https:\/\/www.vallonchene.fr\/wp-content\/uploads\/2025\/04\/ACER-negundo-Kellys-Gold_01.webp","datePublished":"2021-08-31T10:42:02+00:00","dateModified":"2025-04-16T09:31:21+00:00","description":"Dieser Eschen-Ahorn ist eine Variante mit gelbem Laub. Im Fr\u00fchling entwickelt ACER negundo 'Kelly's Gold' sch\u00f6ne Bl\u00fctenb\u00fcschel.","breadcrumb":{"@id":"https:\/\/www.vallonchene.fr\/de\/produkt\/acer-negundo-kelly-s-gold\/#breadcrumb"},"inLanguage":"de","potentialAction":[{"@type":"ReadAction","target":["https:\/\/www.vallonchene.fr\/de\/produkt\/acer-negundo-kelly-s-gold\/"]}]},{"@type":"ImageObject","inLanguage":"de","@id":"https:\/\/www.vallonchene.fr\/de\/produkt\/acer-negundo-kelly-s-gold\/#primaryimage","url":"https:\/\/www.vallonchene.fr\/wp-content\/uploads\/2025\/04\/ACER-negundo-Kellys-Gold_01.webp","contentUrl":"https:\/\/www.vallonchene.fr\/wp-content\/uploads\/2025\/04\/ACER-negundo-Kellys-Gold_01.webp","width":1200,"height":1200,"caption":"Ein ca. 25 Jahre alter ACER negundo 'Kelly's Gold' im Fr\u00fchling im Garten von Vallonch\u00eane"},{"@type":"BreadcrumbList","@id":"https:\/\/www.vallonchene.fr\/de\/produkt\/acer-negundo-kelly-s-gold\/#breadcrumb","itemListElement":[{"@type":"ListItem","position":1,"name":"Home","item":"https:\/\/www.vallonchene.fr\/de\/"},{"@type":"ListItem","position":2,"name":"Shop","item":"https:\/\/www.vallonchene.fr\/de\/shop\/"},{"@type":"ListItem","position":3,"name":"Online-Verkauf","item":"https:\/\/www.vallonchene.fr\/de\/produkt-kategorie\/online-verkauf-de\/"},{"@type":"ListItem","position":4,"name":"Baumschule","item":"https:\/\/www.vallonchene.fr\/de\/produkt-kategorie\/online-verkauf-de\/baumschule-gaertnerei-de\/"},{"@type":"ListItem","position":5,"name":"Str\u00e4ucher und B\u00e4ume","item":"https:\/\/www.vallonchene.fr\/de\/produkt-kategorie\/online-verkauf-de\/baumschule-gaertnerei-de\/straucher-und-baume-de\/"},{"@type":"ListItem","position":6,"name":"ACER negundo &#8218;Kelly&#8217;s Gold&#8216;"}]},{"@type":"WebSite","@id":"https:\/\/www.vallonchene.fr\/de\/#website","url":"https:\/\/www.vallonchene.fr\/de\/","name":"Vallonch\u00eane","description":"Die Baumschule, bei der Qualit\u00e4t ihre Wurzeln hat \u2013 Tel.: +49 (0)6838-5399840","publisher":{"@id":"https:\/\/www.vallonchene.fr\/de\/#organization"},"potentialAction":[{"@type":"SearchAction","target":{"@type":"EntryPoint","urlTemplate":"https:\/\/www.vallonchene.fr\/de\/?s={search_term_string}"},"query-input":{"@type":"PropertyValueSpecification","valueRequired":true,"valueName":"search_term_string"}}],"inLanguage":"de"},{"@type":"Organization","@id":"https:\/\/www.vallonchene.fr\/de\/#organization","name":"VALLONCHENE","url":"https:\/\/www.vallonchene.fr\/de\/","logo":{"@type":"ImageObject","inLanguage":"de","@id":"https:\/\/www.vallonchene.fr\/de\/#\/schema\/logo\/image\/","url":"https:\/\/www.vallonchene.fr\/wp-content\/uploads\/2023\/03\/Logo-Vallonchene-site-et-R_hauteur_100.png","contentUrl":"https:\/\/www.vallonchene.fr\/wp-content\/uploads\/2023\/03\/Logo-Vallonchene-site-et-R_hauteur_100.png","width":221,"height":100,"caption":"VALLONCHENE"},"image":{"@id":"https:\/\/www.vallonchene.fr\/de\/#\/schema\/logo\/image\/"},"sameAs":["https:\/\/www.facebook.com\/vallonchene.fr","https:\/\/www.instagram.com\/vallonchene\/","https:\/\/www.pinterest.fr\/vallonchene\/"],"taxID":"49454502300017","hasMerchantReturnPolicy":{"@type":"MerchantReturnPolicy","merchantReturnLink":"https:\/\/www.vallonchene.fr\/remboursements_retours\/"}}]},"og_availability":"instock","product_availability":"instock","product_retailer_item_id":"54312","product_condition":"new"},"_links":{"self":[{"href":"https:\/\/www.vallonchene.fr\/de\/wp-json\/wp\/v2\/product\/2921","targetHints":{"allow":["GET"]}}],"collection":[{"href":"https:\/\/www.vallonchene.fr\/de\/wp-json\/wp\/v2\/product"}],"about":[{"href":"https:\/\/www.vallonchene.fr\/de\/wp-json\/wp\/v2\/types\/product"}],"replies":[{"embeddable":true,"href":"https:\/\/www.vallonchene.fr\/de\/wp-json\/wp\/v2\/comments?post=2921"}],"wp:featuredmedia":[{"embeddable":true,"href":"https:\/\/www.vallonchene.fr\/de\/wp-json\/wp\/v2\/media\/53588"}],"wp:attachment":[{"href":"https:\/\/www.vallonchene.fr\/de\/wp-json\/wp\/v2\/media?parent=2921"}],"wp:term":[{"taxonomy":"product_brand","embeddable":true,"href":"https:\/\/www.vallonchene.fr\/de\/wp-json\/wp\/v2\/product_brand?post=2921"},{"taxonomy":"product_cat","embeddable":true,"href":"https:\/\/www.vallonchene.fr\/de\/wp-json\/wp\/v2\/product_cat?post=2921"},{"taxonomy":"product_tag","embeddable":true,"href":"https:\/\/www.vallonchene.fr\/de\/wp-json\/wp\/v2\/product_tag?post=2921"}],"curies":[{"name":"wp","href":"https:\/\/api.w.org\/{rel}","templated":true}]}}