{"id":24995,"date":"2022-11-24T14:57:46","date_gmt":"2022-11-24T14:57:46","guid":{"rendered":"https:\/\/testing.vallonchene.fr\/produit\/chamaecyparis-lawsoniana-luna\/"},"modified":"2025-02-02T15:17:26","modified_gmt":"2025-02-02T14:17:26","slug":"chamaecyparis-lawsoniana-luna","status":"publish","type":"product","link":"https:\/\/www.vallonchene.fr\/de\/produkt\/chamaecyparis-lawsoniana-luna\/","title":{"rendered":"CHAMAECYPARIS lawsoniana &#8218;Luna&#8216;"},"content":{"rendered":"<h2>Die Pflanze<\/h2>\n<p>Zun\u00e4chst einmal ist die <strong>CHAMAECYPARIS lawsoniana &#8218;Luna&#8216;<\/strong> ein Naturwunder, das Ihrem Garten einen Blickfang verleihen wird. Diese au\u00dfergew\u00f6hnliche Sorte der Lawson-Scheinzypresse zeichnet sich durch ihre <strong>auff\u00e4llig wei\u00dfen Triebe<\/strong> aus (siehe Foto). Wenn Sie au\u00dferdem eine dunklere Ecke haben, werden sie noch wei\u00dfer erscheinen und diesen Bereich erhellen. Ferner <strong>w\u00e4chst dieser Nadelbaum, im Gegensatz zur typischen Art, langsamer<\/strong> und hat eine <strong>konische<\/strong>, <strong>kompakte Form<\/strong> und <strong>fein strukturiertes Laub<\/strong>. Schlie\u00dflich zieht der &#8218;Luna&#8216; mit seiner anmutigen Silhouette und seinen sich im Laufe der Jahreszeiten \u00e4ndernden Farbt\u00f6nen alle Blicke auf sich. Somit schafft er in jeder Gartenanlage einen unwiderstehlichen Blickpunkt.    <\/p>\n<h2>Wie pflanzt und pflegt man CHAMAECYPARIS lawsoniana &#8218;Luna&#8216;?<\/h2>\n<h3>Pflanzung<\/h3>\n<ol>\n<li>Zun\u00e4chst w\u00e4hlen Sie einen <strong>sonnigen<\/strong> oder <strong>teilweise schattigen Standort<\/strong>, um das Beste aus Ihrem Chamaecyparis lawsoniana &#8218;Luna&#8216; herauszuholen. <\/li>\n<li>Au\u00dferdem sollte der Boden <strong>gut durchl\u00e4ssig<\/strong>, <strong>leicht sauer<\/strong> bis <strong>neutral<\/strong> und reich an organischer Substanz sein.<\/li>\n<li><a href=\"https:\/\/www.vallonchene.fr\/comment-planter-et-entretenir-des-vegetaux\/comment-planter-et-entretenir-arbres-arbustes-et-coniferes\/\" target=\"_blank\" rel=\"noreferrer noopener\"><strong>F\u00fcr eine gute Vorbereitung des Pflanzlochs haben wir spezielle Anweisungen entwickelt, die hier verf\u00fcgbar sind. <\/strong><\/a><\/li>\n<\/ol>\n<h3>Pflege<\/h3>\n<ol>\n<li>Um die Sch\u00f6nheit und Gesundheit Ihres &#8218;Luna&#8216; zu erhalten, ist eine <strong>regelm\u00e4\u00dfige Bew\u00e4sserung unerl\u00e4sslich, insbesondere in den ersten Jahren<\/strong> nach der Pflanzung.<\/li>\n<li>Stellen Sie sicher, dass der Boden leicht feucht bleibt, aber vermeiden Sie \u00fcbersch\u00fcssiges Wasser, das zu Wurzelf\u00e4ule f\u00fchren kann.<\/li>\n<li><a href=\"https:\/\/www.vallonchene.fr\/comment-bien-arroser-le-jardin-et-economiser-leau\/\"><strong>Lesen Sie hier auch unsere Tipps zum richtigen Gie\u00dfen und Wassersparen<\/strong><\/a>.<\/li>\n<\/ol>\n<h2>Geschichte und Herkunft<\/h2>\n<p>Was die Geschichte betrifft, so stammt die Chamaecyparis lawsoniana, allgemein bekannt als Lawson-Scheinzypresse, aus den K\u00fcstenw\u00e4ldern von Oregon und Nordkalifornien in den USA. Im 19. Jahrhundert wurde diese Art in Europa eingef\u00fchrt und gewann aufgrund ihrer Sch\u00f6nheit und Vielseitigkeit schnell an Popularit\u00e4t. Die Sorte &#8218;Luna&#8216; ist eine sehr neue g\u00e4rtnerische Auswahl, die wegen ihrer \u00fcberlegenen Ziermerkmale, insbesondere ihrer auff\u00e4llig wei\u00dfen Triebe, kultiviert wurde. Es ist zweifellos einer der interessantesten Nadelb\u00e4ume der letzten Jahre.<\/p>\n","protected":false},"excerpt":{"rendered":"<p>Die <strong>CHAMAECYPARIS lawsoniana &#8218;Luna&#8216;<\/strong> hat das ganze Jahr \u00fcber wei\u00dfe Spitzen. Diese <strong>Lawson-Scheinzypresse<\/strong> ist ein sehr heller Nadelbaum. <\/p>\n","protected":false},"featured_media":49438,"comment_status":"open","ping_status":"closed","template":"","meta":[],"product_brand":[],"product_cat":[255,10733],"product_tag":[],"class_list":{"0":"post-24995","1":"product","2":"type-product","3":"status-publish","4":"has-post-thumbnail","6":"product_cat-koniferen-de","7":"product_cat-seltene-pflanzen-sammlerpflanzen","8":"pa_99-hauteurapproximativeapres1-2_3m-de","9":"pa_couleurdufeuillage-grun-de","10":"pa_couleurdufeuillage-weiss-de","11":"pa_exigencesenhumidite-normal-de","12":"pa_expositionspossibles-ce-halbschattigsonnezw12und17-de","13":"pa_expositionspossibles-sonnigvon12bis17uhr-de","14":"pa_hauteurlivree-100-bis-125-cm","15":"pa_hauteurlivree-125-bis-150-cm","16":"pa_hauteurlivree-60-bis-80-cm","17":"pa_hauteurlivree-80-bis-100-cm","18":"pa_interetauprintemps-form-de","19":"pa_interetauprintemps-laub-de","20":"pa_interetenautomne-form-de","21":"pa_interetenautomne-laub-de","22":"pa_interetenete-form-de","23":"pa_interetenete-laub-de","24":"pa_interetenhiver-form-de","25":"pa_interetenhiver-laub-de","26":"pa_naturedufeuillage-immergrun-de","27":"pa_naturesdesolpossibles-leicht-de","28":"pa_naturesdesolpossibles-normal-de","29":"pa_periodedetaille-febr-de","30":"pa_phdusolacceptable-kalkigmehrals75-de","31":"pa_phdusolacceptable-neutralzw65u75-de","32":"pa_phdusolacceptable-sauerwenigerals65-de","33":"pa_portgraphisme-konisch-de","34":"pa_resistanceaufroidrusticite-frostbestandigunter_20c-de","35":"pa_tailledepot-15liter_topf-de","36":"pa_tailledepot-5liter_topf-de","37":"pa_utilisationpossible-alleinstehend-de","38":"pa_utilisationpossible-beet-de","40":"first","41":"instock","42":"taxable","43":"shipping-taxable","44":"purchasable","45":"product-type-variable"},"supplier_id":null,"supplier_sku":"","barcode":null,"atum_controlled":true,"out_stock_date":null,"out_stock_threshold":null,"inheritable":true,"inbound_stock":0,"stock_on_hold":1,"sold_today":0,"sales_last_days":1,"reserved_stock":0,"customer_returns":0,"warehouse_damage":0,"lost_in_post":0,"other_logs":0,"out_stock_days":null,"lost_sales":0,"has_location":false,"update_date":"2026-04-14T10:07:04","atum_locations":[],"atum_stock_status":"instock","restock_status":false,"low_stock_amount":"","sales_update_date":"2026-02-18T15:50:18","calc_backorders":null,"yoast_head":"<!-- This site is optimized with the Yoast SEO Premium plugin v27.5 (Yoast SEO v27.5) - https:\/\/yoast.com\/product\/yoast-seo-premium-wordpress\/ -->\n<title>CHAMAECYPARIS lawsoniana &#039;Luna&#039; (Lawson-Scheinzypresse)<\/title>\n<meta name=\"description\" content=\"DIE CHAMAECYPARIS lawsoniana &#039;Luna&#039; hat das ganze Jahr \u00fcber wei\u00dfe Spitzen. Diese Lawson-Scheinzypresse ist ein sehr heller Nadelbaum.\" \/>\n<meta name=\"robots\" content=\"index, follow, max-snippet:-1, max-image-preview:large, max-video-preview:-1\" \/>\n<link rel=\"canonical\" href=\"https:\/\/www.vallonchene.fr\/de\/produkt\/chamaecyparis-lawsoniana-luna\/\" \/>\n<meta property=\"og:locale\" content=\"de_DE\" \/>\n<meta property=\"og:type\" content=\"article\" \/>\n<meta property=\"og:title\" content=\"CHAMAECYPARIS lawsoniana &#039;Luna&#039;\" \/>\n<meta property=\"og:description\" content=\"DIE CHAMAECYPARIS lawsoniana &#039;Luna&#039; hat das ganze Jahr \u00fcber wei\u00dfe Spitzen. Diese Lawson-Scheinzypresse ist ein sehr heller Nadelbaum.\" \/>\n<meta property=\"og:url\" content=\"https:\/\/www.vallonchene.fr\/de\/produkt\/chamaecyparis-lawsoniana-luna\/\" \/>\n<meta property=\"og:site_name\" content=\"Vallonch\u00eane\" \/>\n<meta property=\"article:publisher\" content=\"https:\/\/www.facebook.com\/vallonchene.fr\" \/>\n<meta property=\"article:modified_time\" content=\"2025-02-02T14:17:26+00:00\" \/>\n<meta property=\"og:image\" content=\"https:\/\/www.vallonchene.fr\/wp-content\/uploads\/2024\/10\/CHAMAECYPARIS-lawsoniana-Luna_02.webp\" \/>\n\t<meta property=\"og:image:width\" content=\"1200\" \/>\n\t<meta property=\"og:image:height\" content=\"1200\" \/>\n\t<meta property=\"og:image:type\" content=\"image\/webp\" \/>\n<meta name=\"twitter:card\" content=\"summary_large_image\" \/>\n<meta name=\"twitter:label1\" content=\"Verf\u00fcgbarkeit\" \/>\n\t<meta name=\"twitter:data1\" content=\"Vorr\u00e4tig\" \/>\n<script type=\"application\/ld+json\" class=\"yoast-schema-graph\">{\"@context\":\"https:\\\/\\\/schema.org\",\"@graph\":[{\"@type\":\"WebPage\",\"@id\":\"https:\\\/\\\/www.vallonchene.fr\\\/de\\\/produkt\\\/chamaecyparis-lawsoniana-luna\\\/\",\"url\":\"https:\\\/\\\/www.vallonchene.fr\\\/de\\\/produkt\\\/chamaecyparis-lawsoniana-luna\\\/\",\"name\":\"CHAMAECYPARIS lawsoniana 'Luna' (Lawson-Scheinzypresse)\",\"isPartOf\":{\"@id\":\"https:\\\/\\\/www.vallonchene.fr\\\/de\\\/#website\"},\"primaryImageOfPage\":{\"@id\":\"https:\\\/\\\/www.vallonchene.fr\\\/de\\\/produkt\\\/chamaecyparis-lawsoniana-luna\\\/#primaryimage\"},\"image\":{\"@id\":\"https:\\\/\\\/www.vallonchene.fr\\\/de\\\/produkt\\\/chamaecyparis-lawsoniana-luna\\\/#primaryimage\"},\"thumbnailUrl\":\"https:\\\/\\\/www.vallonchene.fr\\\/wp-content\\\/uploads\\\/2024\\\/10\\\/CHAMAECYPARIS-lawsoniana-Luna_02.webp\",\"datePublished\":\"2022-11-24T14:57:46+00:00\",\"dateModified\":\"2025-02-02T14:17:26+00:00\",\"description\":\"DIE CHAMAECYPARIS lawsoniana 'Luna' hat das ganze Jahr \u00fcber wei\u00dfe Spitzen. Diese Lawson-Scheinzypresse ist ein sehr heller Nadelbaum.\",\"breadcrumb\":{\"@id\":\"https:\\\/\\\/www.vallonchene.fr\\\/de\\\/produkt\\\/chamaecyparis-lawsoniana-luna\\\/#breadcrumb\"},\"inLanguage\":\"de\",\"potentialAction\":[{\"@type\":\"ReadAction\",\"target\":[\"https:\\\/\\\/www.vallonchene.fr\\\/de\\\/produkt\\\/chamaecyparis-lawsoniana-luna\\\/\"]}]},{\"@type\":\"ImageObject\",\"inLanguage\":\"de\",\"@id\":\"https:\\\/\\\/www.vallonchene.fr\\\/de\\\/produkt\\\/chamaecyparis-lawsoniana-luna\\\/#primaryimage\",\"url\":\"https:\\\/\\\/www.vallonchene.fr\\\/wp-content\\\/uploads\\\/2024\\\/10\\\/CHAMAECYPARIS-lawsoniana-Luna_02.webp\",\"contentUrl\":\"https:\\\/\\\/www.vallonchene.fr\\\/wp-content\\\/uploads\\\/2024\\\/10\\\/CHAMAECYPARIS-lawsoniana-Luna_02.webp\",\"width\":1200,\"height\":1200,\"caption\":\"Nahaufnahme des wei\u00dfen Laubs von CHAMAECYPARIS lawsoniana 'Luna'\"},{\"@type\":\"BreadcrumbList\",\"@id\":\"https:\\\/\\\/www.vallonchene.fr\\\/de\\\/produkt\\\/chamaecyparis-lawsoniana-luna\\\/#breadcrumb\",\"itemListElement\":[{\"@type\":\"ListItem\",\"position\":1,\"name\":\"Home\",\"item\":\"https:\\\/\\\/www.vallonchene.fr\\\/de\\\/\"},{\"@type\":\"ListItem\",\"position\":2,\"name\":\"Shop\",\"item\":\"https:\\\/\\\/www.vallonchene.fr\\\/de\\\/shop\\\/\"},{\"@type\":\"ListItem\",\"position\":3,\"name\":\"Online-Verkauf\",\"item\":\"https:\\\/\\\/www.vallonchene.fr\\\/de\\\/produkt-kategorie\\\/online-verkauf-de\\\/\"},{\"@type\":\"ListItem\",\"position\":4,\"name\":\"Baumschule\",\"item\":\"https:\\\/\\\/www.vallonchene.fr\\\/de\\\/produkt-kategorie\\\/online-verkauf-de\\\/baumschule-gaertnerei-de\\\/\"},{\"@type\":\"ListItem\",\"position\":5,\"name\":\"Koniferen\",\"item\":\"https:\\\/\\\/www.vallonchene.fr\\\/de\\\/produkt-kategorie\\\/online-verkauf-de\\\/baumschule-gaertnerei-de\\\/koniferen-de\\\/\"},{\"@type\":\"ListItem\",\"position\":6,\"name\":\"CHAMAECYPARIS lawsoniana &lsquo;Luna&rsquo;\"}]},{\"@type\":\"WebSite\",\"@id\":\"https:\\\/\\\/www.vallonchene.fr\\\/de\\\/#website\",\"url\":\"https:\\\/\\\/www.vallonchene.fr\\\/de\\\/\",\"name\":\"Vallonch\u00eane\",\"description\":\"Die Baumschule, bei der Qualit\u00e4t ihre Wurzeln hat \u2013 Tel.: +49 (0)6838-5399840\",\"publisher\":{\"@id\":\"https:\\\/\\\/www.vallonchene.fr\\\/de\\\/#organization\"},\"potentialAction\":[{\"@type\":\"SearchAction\",\"target\":{\"@type\":\"EntryPoint\",\"urlTemplate\":\"https:\\\/\\\/www.vallonchene.fr\\\/de\\\/?s={search_term_string}\"},\"query-input\":{\"@type\":\"PropertyValueSpecification\",\"valueRequired\":true,\"valueName\":\"search_term_string\"}}],\"inLanguage\":\"de\"},{\"@type\":\"Organization\",\"@id\":\"https:\\\/\\\/www.vallonchene.fr\\\/de\\\/#organization\",\"name\":\"VALLONCHENE\",\"url\":\"https:\\\/\\\/www.vallonchene.fr\\\/de\\\/\",\"logo\":{\"@type\":\"ImageObject\",\"inLanguage\":\"de\",\"@id\":\"https:\\\/\\\/www.vallonchene.fr\\\/de\\\/#\\\/schema\\\/logo\\\/image\\\/\",\"url\":\"https:\\\/\\\/www.vallonchene.fr\\\/wp-content\\\/uploads\\\/2023\\\/03\\\/Logo-Vallonchene-site-et-R_hauteur_100.png\",\"contentUrl\":\"https:\\\/\\\/www.vallonchene.fr\\\/wp-content\\\/uploads\\\/2023\\\/03\\\/Logo-Vallonchene-site-et-R_hauteur_100.png\",\"width\":221,\"height\":100,\"caption\":\"VALLONCHENE\"},\"image\":{\"@id\":\"https:\\\/\\\/www.vallonchene.fr\\\/de\\\/#\\\/schema\\\/logo\\\/image\\\/\"},\"sameAs\":[\"https:\\\/\\\/www.facebook.com\\\/vallonchene.fr\",\"https:\\\/\\\/www.instagram.com\\\/vallonchene\\\/\",\"https:\\\/\\\/www.pinterest.fr\\\/vallonchene\\\/\"],\"taxID\":\"49454502300017\",\"hasMerchantReturnPolicy\":{\"@type\":\"MerchantReturnPolicy\",\"merchantReturnLink\":\"https:\\\/\\\/www.vallonchene.fr\\\/remboursements_retours\\\/\"}}]}<\/script>\n<meta property=\"og:availability\" content=\"instock\" \/>\n<meta property=\"product:availability\" content=\"instock\" \/>\n<meta property=\"product:retailer_item_id\" content=\"94398\" \/>\n<meta property=\"product:condition\" content=\"new\" \/>\n<!-- \/ Yoast SEO Premium plugin. -->","yoast_head_json":{"title":"CHAMAECYPARIS lawsoniana 'Luna' (Lawson-Scheinzypresse)","description":"DIE CHAMAECYPARIS lawsoniana 'Luna' hat das ganze Jahr \u00fcber wei\u00dfe Spitzen. Diese Lawson-Scheinzypresse ist ein sehr heller Nadelbaum.","robots":{"index":"index","follow":"follow","max-snippet":"max-snippet:-1","max-image-preview":"max-image-preview:large","max-video-preview":"max-video-preview:-1"},"canonical":"https:\/\/www.vallonchene.fr\/de\/produkt\/chamaecyparis-lawsoniana-luna\/","og_locale":"de_DE","og_type":"article","og_title":"CHAMAECYPARIS lawsoniana 'Luna'","og_description":"DIE CHAMAECYPARIS lawsoniana 'Luna' hat das ganze Jahr \u00fcber wei\u00dfe Spitzen. Diese Lawson-Scheinzypresse ist ein sehr heller Nadelbaum.","og_url":"https:\/\/www.vallonchene.fr\/de\/produkt\/chamaecyparis-lawsoniana-luna\/","og_site_name":"Vallonch\u00eane","article_publisher":"https:\/\/www.facebook.com\/vallonchene.fr","article_modified_time":"2025-02-02T14:17:26+00:00","og_image":[{"width":1200,"height":1200,"url":"https:\/\/www.vallonchene.fr\/wp-content\/uploads\/2024\/10\/CHAMAECYPARIS-lawsoniana-Luna_02.webp","type":"image\/webp"}],"twitter_card":"summary_large_image","twitter_misc":{"Verf\u00fcgbarkeit":"Vorr\u00e4tig"},"schema":{"@context":"https:\/\/schema.org","@graph":[{"@type":"WebPage","@id":"https:\/\/www.vallonchene.fr\/de\/produkt\/chamaecyparis-lawsoniana-luna\/","url":"https:\/\/www.vallonchene.fr\/de\/produkt\/chamaecyparis-lawsoniana-luna\/","name":"CHAMAECYPARIS lawsoniana 'Luna' (Lawson-Scheinzypresse)","isPartOf":{"@id":"https:\/\/www.vallonchene.fr\/de\/#website"},"primaryImageOfPage":{"@id":"https:\/\/www.vallonchene.fr\/de\/produkt\/chamaecyparis-lawsoniana-luna\/#primaryimage"},"image":{"@id":"https:\/\/www.vallonchene.fr\/de\/produkt\/chamaecyparis-lawsoniana-luna\/#primaryimage"},"thumbnailUrl":"https:\/\/www.vallonchene.fr\/wp-content\/uploads\/2024\/10\/CHAMAECYPARIS-lawsoniana-Luna_02.webp","datePublished":"2022-11-24T14:57:46+00:00","dateModified":"2025-02-02T14:17:26+00:00","description":"DIE CHAMAECYPARIS lawsoniana 'Luna' hat das ganze Jahr \u00fcber wei\u00dfe Spitzen. Diese Lawson-Scheinzypresse ist ein sehr heller Nadelbaum.","breadcrumb":{"@id":"https:\/\/www.vallonchene.fr\/de\/produkt\/chamaecyparis-lawsoniana-luna\/#breadcrumb"},"inLanguage":"de","potentialAction":[{"@type":"ReadAction","target":["https:\/\/www.vallonchene.fr\/de\/produkt\/chamaecyparis-lawsoniana-luna\/"]}]},{"@type":"ImageObject","inLanguage":"de","@id":"https:\/\/www.vallonchene.fr\/de\/produkt\/chamaecyparis-lawsoniana-luna\/#primaryimage","url":"https:\/\/www.vallonchene.fr\/wp-content\/uploads\/2024\/10\/CHAMAECYPARIS-lawsoniana-Luna_02.webp","contentUrl":"https:\/\/www.vallonchene.fr\/wp-content\/uploads\/2024\/10\/CHAMAECYPARIS-lawsoniana-Luna_02.webp","width":1200,"height":1200,"caption":"Nahaufnahme des wei\u00dfen Laubs von CHAMAECYPARIS lawsoniana 'Luna'"},{"@type":"BreadcrumbList","@id":"https:\/\/www.vallonchene.fr\/de\/produkt\/chamaecyparis-lawsoniana-luna\/#breadcrumb","itemListElement":[{"@type":"ListItem","position":1,"name":"Home","item":"https:\/\/www.vallonchene.fr\/de\/"},{"@type":"ListItem","position":2,"name":"Shop","item":"https:\/\/www.vallonchene.fr\/de\/shop\/"},{"@type":"ListItem","position":3,"name":"Online-Verkauf","item":"https:\/\/www.vallonchene.fr\/de\/produkt-kategorie\/online-verkauf-de\/"},{"@type":"ListItem","position":4,"name":"Baumschule","item":"https:\/\/www.vallonchene.fr\/de\/produkt-kategorie\/online-verkauf-de\/baumschule-gaertnerei-de\/"},{"@type":"ListItem","position":5,"name":"Koniferen","item":"https:\/\/www.vallonchene.fr\/de\/produkt-kategorie\/online-verkauf-de\/baumschule-gaertnerei-de\/koniferen-de\/"},{"@type":"ListItem","position":6,"name":"CHAMAECYPARIS lawsoniana &lsquo;Luna&rsquo;"}]},{"@type":"WebSite","@id":"https:\/\/www.vallonchene.fr\/de\/#website","url":"https:\/\/www.vallonchene.fr\/de\/","name":"Vallonch\u00eane","description":"Die Baumschule, bei der Qualit\u00e4t ihre Wurzeln hat \u2013 Tel.: +49 (0)6838-5399840","publisher":{"@id":"https:\/\/www.vallonchene.fr\/de\/#organization"},"potentialAction":[{"@type":"SearchAction","target":{"@type":"EntryPoint","urlTemplate":"https:\/\/www.vallonchene.fr\/de\/?s={search_term_string}"},"query-input":{"@type":"PropertyValueSpecification","valueRequired":true,"valueName":"search_term_string"}}],"inLanguage":"de"},{"@type":"Organization","@id":"https:\/\/www.vallonchene.fr\/de\/#organization","name":"VALLONCHENE","url":"https:\/\/www.vallonchene.fr\/de\/","logo":{"@type":"ImageObject","inLanguage":"de","@id":"https:\/\/www.vallonchene.fr\/de\/#\/schema\/logo\/image\/","url":"https:\/\/www.vallonchene.fr\/wp-content\/uploads\/2023\/03\/Logo-Vallonchene-site-et-R_hauteur_100.png","contentUrl":"https:\/\/www.vallonchene.fr\/wp-content\/uploads\/2023\/03\/Logo-Vallonchene-site-et-R_hauteur_100.png","width":221,"height":100,"caption":"VALLONCHENE"},"image":{"@id":"https:\/\/www.vallonchene.fr\/de\/#\/schema\/logo\/image\/"},"sameAs":["https:\/\/www.facebook.com\/vallonchene.fr","https:\/\/www.instagram.com\/vallonchene\/","https:\/\/www.pinterest.fr\/vallonchene\/"],"taxID":"49454502300017","hasMerchantReturnPolicy":{"@type":"MerchantReturnPolicy","merchantReturnLink":"https:\/\/www.vallonchene.fr\/remboursements_retours\/"}}]},"og_availability":"instock","product_availability":"instock","product_retailer_item_id":"94398","product_condition":"new"},"_links":{"self":[{"href":"https:\/\/www.vallonchene.fr\/de\/wp-json\/wp\/v2\/product\/24995","targetHints":{"allow":["GET"]}}],"collection":[{"href":"https:\/\/www.vallonchene.fr\/de\/wp-json\/wp\/v2\/product"}],"about":[{"href":"https:\/\/www.vallonchene.fr\/de\/wp-json\/wp\/v2\/types\/product"}],"replies":[{"embeddable":true,"href":"https:\/\/www.vallonchene.fr\/de\/wp-json\/wp\/v2\/comments?post=24995"}],"wp:featuredmedia":[{"embeddable":true,"href":"https:\/\/www.vallonchene.fr\/de\/wp-json\/wp\/v2\/media\/49438"}],"wp:attachment":[{"href":"https:\/\/www.vallonchene.fr\/de\/wp-json\/wp\/v2\/media?parent=24995"}],"wp:term":[{"taxonomy":"product_brand","embeddable":true,"href":"https:\/\/www.vallonchene.fr\/de\/wp-json\/wp\/v2\/product_brand?post=24995"},{"taxonomy":"product_cat","embeddable":true,"href":"https:\/\/www.vallonchene.fr\/de\/wp-json\/wp\/v2\/product_cat?post=24995"},{"taxonomy":"product_tag","embeddable":true,"href":"https:\/\/www.vallonchene.fr\/de\/wp-json\/wp\/v2\/product_tag?post=24995"}],"curies":[{"name":"wp","href":"https:\/\/api.w.org\/{rel}","templated":true}]}}