{"id":24941,"date":"2022-09-17T16:11:32","date_gmt":"2022-09-17T15:11:32","guid":{"rendered":"https:\/\/testing.vallonchene.fr\/produit\/acer-platanoides-princeton-gold-prigo-gelber-spitzahorn\/"},"modified":"2024-12-12T09:26:59","modified_gmt":"2024-12-12T08:26:59","slug":"acer-platanoides-princeton-gold","status":"publish","type":"product","link":"https:\/\/www.vallonchene.fr\/de\/produkt\/acer-platanoides-princeton-gold\/","title":{"rendered":"ACER platanoides &#8218;Princeton Gold&#8216; (R)"},"content":{"rendered":"<h2>Die Pflanze<\/h2>\n<p><strong>ACER platanoides &#8218;Princeton Gold&#8216;<\/strong> (R) ist einer der au\u00dfergew\u00f6hnlichen <strong>Spitzahorne<\/strong>. Seine <strong>gelben Bl\u00fcten<\/strong> erscheinen auf nacktem Holz. Dann entwickeln sich die <strong>Bl\u00e4tter von leuchtend gelber Farbe<\/strong>. Somit bringt dieser Baum einen echten Lichtpunkt in den Garten und verwandelt sich in ein sagenhaftes Spektakel. <strong>Im Gegensatz zu vielen anderen Pflanzen mit gelben Bl\u00e4ttern halten die Bl\u00e4tter dieses Flachahorns perfekt der vollen Sonne stand<\/strong>.<br \/>\nIm Sommer bleibt das Laub hellgr\u00fcn. Dann, im Herbst, beginnt erneut ein neues, sehr buntes Zauberwerk. Tats\u00e4chlich variieren die <strong>leuchtenden Herbstfarben von Gelb \u00fcber Rot bis Orange<\/strong> (siehe Fotos).<\/p>\n<h2>Wie man ACER platanoides &#8218;Princeton Gold&#8216; pflanzt und pflegt<\/h2>\n<ol>\n<li>W\u00e4hlen Sie einen <strong>isolierten Standort<\/strong> oder einen <strong>Platz in einem Beet<\/strong>, aber mit <strong>voller Sonneneinstrahlung<\/strong>.<\/li>\n<li>Der Boden sollte <strong>leicht, normal oder schwer<\/strong> und <strong>m\u00e4\u00dfig feucht oder trocken<\/strong> sein und einen <strong>sauren oder neutralen pH-Wert<\/strong> haben.<\/li>\n<li>Sie k\u00f6nnen diesen Baum <strong>im Februar oder M\u00e4rz beschneiden<\/strong>, bevor neues Wachstum einsetzt.<\/li>\n<\/ol>\n<p>F\u00fcr eine gute Vorbereitung des Topfes oder des Pflanzlochs haben wir <a href=\"https:\/\/www.vallonchene.fr\/de\/wie-man-pflanzen-pflanzt-und-pflegt\/\" target=\"_blank\" rel=\"noreferrer noopener\"><strong>hier eine spezielle Anleitung zusammengestellt<\/strong><\/a>. Entdecken Sie hier, <a href=\"https:\/\/www.vallonchene.fr\/de\/den-garten-richtig-bewaessern-und-wasser-sparen\/\"><strong>wie man den Garten richtig bew\u00e4ssert und gleichzeitig Wasser spart<\/strong><\/a>.<\/p>\n<h2>Geschichte und Herkunft<\/h2>\n<p>A. platanoides &#8218;Princeton Gold&#8216; wurde 1964 von der <strong><a href=\"https:\/\/en.wikipedia.org\/wiki\/Princeton_Nurseries\" target=\"_blank\" rel=\"noopener\">Baumschule Princeton<\/a><\/strong> in <strong><a href=\"https:\/\/en.wikipedia.org\/wiki\/New_Jersey\" target=\"_blank\" rel=\"noopener\">New Jersey<\/a><\/strong> (USA) selektiert und eingef\u00fchrt. Man findet auch die Schreibweise &#8218;Princeton Golden&#8216;. Diese Sorte ist in den Vereinigten Staaten durch ein Pflanzenpatent gesch\u00fctzt.<\/p>\n<p>Das Holz des Flachahorns ist hart und wird zur Herstellung von M\u00f6beln verwendet.<\/p>\n<p>Die Typusart ACER platanoides erfreute sich in den 1950er bis 1960er Jahren als Stra\u00dfenbaum gro\u00dfer Beliebtheit. Tats\u00e4chlich vertr\u00e4gt sie problemlos karge und kompakte B\u00f6den sowie st\u00e4dtische Umweltverschmutzung.<\/p>\n<p>Trotz des relativ schnellen Wachstums wird A. platanoides in Europa auch f\u00fcr mittelgro\u00dfe oder gro\u00dfe Bonsai-B\u00e4ume verwendet.<\/p>\n","protected":false},"excerpt":{"rendered":"<p>Dieser <strong>Spitzahorn<\/strong> hat vom Fr\u00fchling bis zum Sommer deutlich gelbes Laub. Die Bl\u00e4tter von <strong>ACER platanoides &#8218;Princeton Gold&#8216;<\/strong> (R) verbrennen nicht in der Sonne. Im Fr\u00fchling bl\u00fcht sie gelb und nimmt im Herbst leuchtende Farben an.<\/p>\n","protected":false},"featured_media":46075,"comment_status":"open","ping_status":"closed","template":"","meta":[],"product_brand":[],"product_cat":[10733,252],"product_tag":[],"class_list":{"0":"post-24941","1":"product","2":"type-product","3":"status-publish","4":"has-post-thumbnail","6":"product_cat-seltene-pflanzen-sammlerpflanzen","7":"product_cat-straucher-und-baume-de","8":"pa_99-hauteurapproximativeapres1-3_5m-de","9":"pa_couleurautomnaledufeuillage-orange-de","10":"pa_couleurautomnaledufeuillage-rot-de","11":"pa_couleurdesfleurs-gelb-de","12":"pa_couleurdufeuillage-gelb-de","13":"pa_exigencesenhumidite-normal-de","14":"pa_exigencesenhumidite-trocken-de","15":"pa_expositionspossibles-sonnigvon12bis17uhr-de","16":"pa_hauteurlivree-100-bis-125-cm","17":"pa_hauteurlivree-125-bis-150-cm","18":"pa_hauteurlivree-15-bis-20-cm","19":"pa_hauteurlivree-150-bis-175-cm","20":"pa_hauteurlivree-200-bis-250-cm","21":"pa_hauteurlivree-250-bis-300-cm","22":"pa_hauteurlivree-30-bis-40-cm","23":"pa_hauteurlivree-350-bis-400-cm","24":"pa_hauteurlivree-40-bis-50-cm","25":"pa_hauteurlivree-40-bis-60-cm","26":"pa_hauteurlivree-50-bis-60-cm","27":"pa_hauteurlivree-60-bis-80-cm","28":"pa_hauteurlivree-80-bis-100-cm","29":"pa_interetauprintemps-bluten-de","30":"pa_interetauprintemps-form-de","31":"pa_interetauprintemps-jungesprossen-de","32":"pa_interetauprintemps-laub-de","33":"pa_interetenautomne-form-de","34":"pa_interetenautomne-laub-de","35":"pa_interetenete-form-de","36":"pa_interetenete-laub-de","37":"pa_interetenhiver-form-de","38":"pa_naturedufeuillage-nichtimmergrun-de","39":"pa_naturesdesolpossibles-leicht-de","40":"pa_naturesdesolpossibles-normal-de","41":"pa_naturesdesolpossibles-schwer-de","42":"pa_periodedefloraison-fruhling-de","43":"pa_periodedetaille-febr-de","44":"pa_periodedetaille-marz-de","45":"pa_phdusolacceptable-neutralzw65u75-de","46":"pa_phdusolacceptable-sauerwenigerals65-de","47":"pa_resistanceaufroidrusticite-frostbestandigunter_20c-de","48":"pa_tailledepot-_-de","49":"pa_tailledepot-1liter_topf-de","50":"pa_tailledepot-1-5-liter-topf","51":"pa_tailledepot-10liter_topf-de","52":"pa_tailledepot-15liter_topf-de","53":"pa_tailledepot-2liter_topf-de","54":"pa_tailledepot-20liter_topf-de","55":"pa_tailledepot-25liter_topf-de","56":"pa_tailledepot-3liter_topf-de","57":"pa_tailledepot-4liter_topf-de","58":"pa_tailledepot-5liter_topf-de","59":"pa_tailledepot-75liter_topf-de","60":"pa_tailledepot-ballen-de","61":"pa_utilisationpossible-alleinstehend-de","63":"first","64":"outofstock","65":"taxable","66":"shipping-taxable","67":"purchasable","68":"product-type-variable"},"supplier_id":null,"supplier_sku":"","barcode":null,"atum_controlled":true,"out_stock_date":null,"out_stock_threshold":null,"inheritable":true,"inbound_stock":0,"stock_on_hold":0,"sold_today":0,"sales_last_days":0,"reserved_stock":0,"customer_returns":0,"warehouse_damage":0,"lost_in_post":0,"other_logs":0,"out_stock_days":null,"lost_sales":0,"has_location":false,"update_date":"2025-11-19T13:35:47","atum_locations":[],"atum_stock_status":"instock","restock_status":false,"low_stock_amount":"","sales_update_date":"2025-11-19T09:30:10","calc_backorders":null,"yoast_head":"<!-- This site is optimized with the Yoast SEO Premium plugin v27.4 (Yoast SEO v27.4) - https:\/\/yoast.com\/product\/yoast-seo-premium-wordpress\/ -->\n<title>ACER platanoides &#039;Princeton Gold&#039; - gelber Spitzahorn<\/title>\n<meta name=\"description\" content=\"Dieser Spitzahorn hat vom Fr\u00fchling bis zum Sommer deutlich gelbes Laub. Die Bl\u00e4tter von ACER platanoides &#039;Princeton Gold&#039; (R) widerstehen der Sonne.\" \/>\n<meta name=\"robots\" content=\"index, follow, max-snippet:-1, max-image-preview:large, max-video-preview:-1\" \/>\n<link rel=\"canonical\" href=\"https:\/\/www.vallonchene.fr\/de\/produkt\/acer-platanoides-princeton-gold\/\" \/>\n<meta property=\"og:locale\" content=\"de_DE\" \/>\n<meta property=\"og:type\" content=\"article\" \/>\n<meta property=\"og:title\" content=\"ACER platanoides &#039;Princeton Gold&#039; (R)\" \/>\n<meta property=\"og:description\" content=\"Dieser Spitzahorn hat vom Fr\u00fchling bis zum Sommer deutlich gelbes Laub. Die Bl\u00e4tter von ACER platanoides &#039;Princeton Gold&#039; (R) widerstehen der Sonne.\" \/>\n<meta property=\"og:url\" content=\"https:\/\/www.vallonchene.fr\/de\/produkt\/acer-platanoides-princeton-gold\/\" \/>\n<meta property=\"og:site_name\" content=\"Vallonch\u00eane\" \/>\n<meta property=\"article:publisher\" content=\"https:\/\/www.facebook.com\/vallonchene.fr\" \/>\n<meta property=\"article:modified_time\" content=\"2024-12-12T08:26:59+00:00\" \/>\n<meta property=\"og:image\" content=\"https:\/\/www.vallonchene.fr\/wp-content\/uploads\/2024\/03\/ACER-pseudoplatanus-Princeton-Gold.webp\" \/>\n\t<meta property=\"og:image:width\" content=\"1023\" \/>\n\t<meta property=\"og:image:height\" content=\"1023\" \/>\n\t<meta property=\"og:image:type\" content=\"image\/webp\" \/>\n<meta name=\"twitter:card\" content=\"summary_large_image\" \/>\n<meta name=\"twitter:label1\" content=\"Verf\u00fcgbarkeit\" \/>\n\t<meta name=\"twitter:data1\" content=\"Nicht vorr\u00e4tig\" \/>\n<script type=\"application\/ld+json\" class=\"yoast-schema-graph\">{\"@context\":\"https:\\\/\\\/schema.org\",\"@graph\":[{\"@type\":\"WebPage\",\"@id\":\"https:\\\/\\\/www.vallonchene.fr\\\/de\\\/produkt\\\/acer-platanoides-princeton-gold\\\/\",\"url\":\"https:\\\/\\\/www.vallonchene.fr\\\/de\\\/produkt\\\/acer-platanoides-princeton-gold\\\/\",\"name\":\"ACER platanoides 'Princeton Gold' - gelber Spitzahorn\",\"isPartOf\":{\"@id\":\"https:\\\/\\\/www.vallonchene.fr\\\/de\\\/#website\"},\"primaryImageOfPage\":{\"@id\":\"https:\\\/\\\/www.vallonchene.fr\\\/de\\\/produkt\\\/acer-platanoides-princeton-gold\\\/#primaryimage\"},\"image\":{\"@id\":\"https:\\\/\\\/www.vallonchene.fr\\\/de\\\/produkt\\\/acer-platanoides-princeton-gold\\\/#primaryimage\"},\"thumbnailUrl\":\"https:\\\/\\\/www.vallonchene.fr\\\/wp-content\\\/uploads\\\/2024\\\/03\\\/ACER-pseudoplatanus-Princeton-Gold.webp\",\"datePublished\":\"2022-09-17T15:11:32+00:00\",\"dateModified\":\"2024-12-12T08:26:59+00:00\",\"description\":\"Dieser Spitzahorn hat vom Fr\u00fchling bis zum Sommer deutlich gelbes Laub. Die Bl\u00e4tter von ACER platanoides 'Princeton Gold' (R) widerstehen der Sonne.\",\"breadcrumb\":{\"@id\":\"https:\\\/\\\/www.vallonchene.fr\\\/de\\\/produkt\\\/acer-platanoides-princeton-gold\\\/#breadcrumb\"},\"inLanguage\":\"de\",\"potentialAction\":[{\"@type\":\"ReadAction\",\"target\":[\"https:\\\/\\\/www.vallonchene.fr\\\/de\\\/produkt\\\/acer-platanoides-princeton-gold\\\/\"]}]},{\"@type\":\"ImageObject\",\"inLanguage\":\"de\",\"@id\":\"https:\\\/\\\/www.vallonchene.fr\\\/de\\\/produkt\\\/acer-platanoides-princeton-gold\\\/#primaryimage\",\"url\":\"https:\\\/\\\/www.vallonchene.fr\\\/wp-content\\\/uploads\\\/2024\\\/03\\\/ACER-pseudoplatanus-Princeton-Gold.webp\",\"contentUrl\":\"https:\\\/\\\/www.vallonchene.fr\\\/wp-content\\\/uploads\\\/2024\\\/03\\\/ACER-pseudoplatanus-Princeton-Gold.webp\",\"width\":1023,\"height\":1023,\"caption\":\"Exemplar von etwa f\u00fcnfzehn Jahren eines ACER platanoides 'Princeton Gold' mit seinem leuchtend gelben Laub\"},{\"@type\":\"BreadcrumbList\",\"@id\":\"https:\\\/\\\/www.vallonchene.fr\\\/de\\\/produkt\\\/acer-platanoides-princeton-gold\\\/#breadcrumb\",\"itemListElement\":[{\"@type\":\"ListItem\",\"position\":1,\"name\":\"Home\",\"item\":\"https:\\\/\\\/www.vallonchene.fr\\\/de\\\/\"},{\"@type\":\"ListItem\",\"position\":2,\"name\":\"Shop\",\"item\":\"https:\\\/\\\/www.vallonchene.fr\\\/de\\\/shop\\\/\"},{\"@type\":\"ListItem\",\"position\":3,\"name\":\"Online-Verkauf\",\"item\":\"https:\\\/\\\/www.vallonchene.fr\\\/de\\\/produkt-kategorie\\\/online-verkauf-de\\\/\"},{\"@type\":\"ListItem\",\"position\":4,\"name\":\"Baumschule\",\"item\":\"https:\\\/\\\/www.vallonchene.fr\\\/de\\\/produkt-kategorie\\\/online-verkauf-de\\\/baumschule-gaertnerei-de\\\/\"},{\"@type\":\"ListItem\",\"position\":5,\"name\":\"Seltene Pflanzen (Sammlerpflanzen)\",\"item\":\"https:\\\/\\\/www.vallonchene.fr\\\/de\\\/produkt-kategorie\\\/online-verkauf-de\\\/baumschule-gaertnerei-de\\\/seltene-pflanzen-sammlerpflanzen\\\/\"},{\"@type\":\"ListItem\",\"position\":6,\"name\":\"ACER platanoides &lsquo;Princeton Gold&rsquo; (R)\"}]},{\"@type\":\"WebSite\",\"@id\":\"https:\\\/\\\/www.vallonchene.fr\\\/de\\\/#website\",\"url\":\"https:\\\/\\\/www.vallonchene.fr\\\/de\\\/\",\"name\":\"Vallonch\u00eane\",\"description\":\"Die Baumschule, bei der Qualit\u00e4t ihre Wurzeln hat \u2013 Tel.: +49 (0)6838-5399840\",\"publisher\":{\"@id\":\"https:\\\/\\\/www.vallonchene.fr\\\/de\\\/#organization\"},\"potentialAction\":[{\"@type\":\"SearchAction\",\"target\":{\"@type\":\"EntryPoint\",\"urlTemplate\":\"https:\\\/\\\/www.vallonchene.fr\\\/de\\\/?s={search_term_string}\"},\"query-input\":{\"@type\":\"PropertyValueSpecification\",\"valueRequired\":true,\"valueName\":\"search_term_string\"}}],\"inLanguage\":\"de\"},{\"@type\":\"Organization\",\"@id\":\"https:\\\/\\\/www.vallonchene.fr\\\/de\\\/#organization\",\"name\":\"VALLONCHENE\",\"url\":\"https:\\\/\\\/www.vallonchene.fr\\\/de\\\/\",\"logo\":{\"@type\":\"ImageObject\",\"inLanguage\":\"de\",\"@id\":\"https:\\\/\\\/www.vallonchene.fr\\\/de\\\/#\\\/schema\\\/logo\\\/image\\\/\",\"url\":\"https:\\\/\\\/www.vallonchene.fr\\\/wp-content\\\/uploads\\\/2023\\\/03\\\/Logo-Vallonchene-site-et-R_hauteur_100.png\",\"contentUrl\":\"https:\\\/\\\/www.vallonchene.fr\\\/wp-content\\\/uploads\\\/2023\\\/03\\\/Logo-Vallonchene-site-et-R_hauteur_100.png\",\"width\":221,\"height\":100,\"caption\":\"VALLONCHENE\"},\"image\":{\"@id\":\"https:\\\/\\\/www.vallonchene.fr\\\/de\\\/#\\\/schema\\\/logo\\\/image\\\/\"},\"sameAs\":[\"https:\\\/\\\/www.facebook.com\\\/vallonchene.fr\",\"https:\\\/\\\/www.instagram.com\\\/vallonchene\\\/\",\"https:\\\/\\\/www.pinterest.fr\\\/vallonchene\\\/\"],\"taxID\":\"49454502300017\",\"hasMerchantReturnPolicy\":{\"@type\":\"MerchantReturnPolicy\",\"merchantReturnLink\":\"https:\\\/\\\/www.vallonchene.fr\\\/remboursements_retours\\\/\"}}]}<\/script>\n<meta property=\"og:availability\" content=\"out of stock\" \/>\n<meta property=\"product:availability\" content=\"out of stock\" \/>\n<meta property=\"product:condition\" content=\"new\" \/>\n<!-- \/ Yoast SEO Premium plugin. -->","yoast_head_json":{"title":"ACER platanoides 'Princeton Gold' - gelber Spitzahorn","description":"Dieser Spitzahorn hat vom Fr\u00fchling bis zum Sommer deutlich gelbes Laub. Die Bl\u00e4tter von ACER platanoides 'Princeton Gold' (R) widerstehen der Sonne.","robots":{"index":"index","follow":"follow","max-snippet":"max-snippet:-1","max-image-preview":"max-image-preview:large","max-video-preview":"max-video-preview:-1"},"canonical":"https:\/\/www.vallonchene.fr\/de\/produkt\/acer-platanoides-princeton-gold\/","og_locale":"de_DE","og_type":"article","og_title":"ACER platanoides 'Princeton Gold' (R)","og_description":"Dieser Spitzahorn hat vom Fr\u00fchling bis zum Sommer deutlich gelbes Laub. Die Bl\u00e4tter von ACER platanoides 'Princeton Gold' (R) widerstehen der Sonne.","og_url":"https:\/\/www.vallonchene.fr\/de\/produkt\/acer-platanoides-princeton-gold\/","og_site_name":"Vallonch\u00eane","article_publisher":"https:\/\/www.facebook.com\/vallonchene.fr","article_modified_time":"2024-12-12T08:26:59+00:00","og_image":[{"width":1023,"height":1023,"url":"https:\/\/www.vallonchene.fr\/wp-content\/uploads\/2024\/03\/ACER-pseudoplatanus-Princeton-Gold.webp","type":"image\/webp"}],"twitter_card":"summary_large_image","twitter_misc":{"Verf\u00fcgbarkeit":"Nicht vorr\u00e4tig"},"schema":{"@context":"https:\/\/schema.org","@graph":[{"@type":"WebPage","@id":"https:\/\/www.vallonchene.fr\/de\/produkt\/acer-platanoides-princeton-gold\/","url":"https:\/\/www.vallonchene.fr\/de\/produkt\/acer-platanoides-princeton-gold\/","name":"ACER platanoides 'Princeton Gold' - gelber Spitzahorn","isPartOf":{"@id":"https:\/\/www.vallonchene.fr\/de\/#website"},"primaryImageOfPage":{"@id":"https:\/\/www.vallonchene.fr\/de\/produkt\/acer-platanoides-princeton-gold\/#primaryimage"},"image":{"@id":"https:\/\/www.vallonchene.fr\/de\/produkt\/acer-platanoides-princeton-gold\/#primaryimage"},"thumbnailUrl":"https:\/\/www.vallonchene.fr\/wp-content\/uploads\/2024\/03\/ACER-pseudoplatanus-Princeton-Gold.webp","datePublished":"2022-09-17T15:11:32+00:00","dateModified":"2024-12-12T08:26:59+00:00","description":"Dieser Spitzahorn hat vom Fr\u00fchling bis zum Sommer deutlich gelbes Laub. Die Bl\u00e4tter von ACER platanoides 'Princeton Gold' (R) widerstehen der Sonne.","breadcrumb":{"@id":"https:\/\/www.vallonchene.fr\/de\/produkt\/acer-platanoides-princeton-gold\/#breadcrumb"},"inLanguage":"de","potentialAction":[{"@type":"ReadAction","target":["https:\/\/www.vallonchene.fr\/de\/produkt\/acer-platanoides-princeton-gold\/"]}]},{"@type":"ImageObject","inLanguage":"de","@id":"https:\/\/www.vallonchene.fr\/de\/produkt\/acer-platanoides-princeton-gold\/#primaryimage","url":"https:\/\/www.vallonchene.fr\/wp-content\/uploads\/2024\/03\/ACER-pseudoplatanus-Princeton-Gold.webp","contentUrl":"https:\/\/www.vallonchene.fr\/wp-content\/uploads\/2024\/03\/ACER-pseudoplatanus-Princeton-Gold.webp","width":1023,"height":1023,"caption":"Exemplar von etwa f\u00fcnfzehn Jahren eines ACER platanoides 'Princeton Gold' mit seinem leuchtend gelben Laub"},{"@type":"BreadcrumbList","@id":"https:\/\/www.vallonchene.fr\/de\/produkt\/acer-platanoides-princeton-gold\/#breadcrumb","itemListElement":[{"@type":"ListItem","position":1,"name":"Home","item":"https:\/\/www.vallonchene.fr\/de\/"},{"@type":"ListItem","position":2,"name":"Shop","item":"https:\/\/www.vallonchene.fr\/de\/shop\/"},{"@type":"ListItem","position":3,"name":"Online-Verkauf","item":"https:\/\/www.vallonchene.fr\/de\/produkt-kategorie\/online-verkauf-de\/"},{"@type":"ListItem","position":4,"name":"Baumschule","item":"https:\/\/www.vallonchene.fr\/de\/produkt-kategorie\/online-verkauf-de\/baumschule-gaertnerei-de\/"},{"@type":"ListItem","position":5,"name":"Seltene Pflanzen (Sammlerpflanzen)","item":"https:\/\/www.vallonchene.fr\/de\/produkt-kategorie\/online-verkauf-de\/baumschule-gaertnerei-de\/seltene-pflanzen-sammlerpflanzen\/"},{"@type":"ListItem","position":6,"name":"ACER platanoides &lsquo;Princeton Gold&rsquo; (R)"}]},{"@type":"WebSite","@id":"https:\/\/www.vallonchene.fr\/de\/#website","url":"https:\/\/www.vallonchene.fr\/de\/","name":"Vallonch\u00eane","description":"Die Baumschule, bei der Qualit\u00e4t ihre Wurzeln hat \u2013 Tel.: +49 (0)6838-5399840","publisher":{"@id":"https:\/\/www.vallonchene.fr\/de\/#organization"},"potentialAction":[{"@type":"SearchAction","target":{"@type":"EntryPoint","urlTemplate":"https:\/\/www.vallonchene.fr\/de\/?s={search_term_string}"},"query-input":{"@type":"PropertyValueSpecification","valueRequired":true,"valueName":"search_term_string"}}],"inLanguage":"de"},{"@type":"Organization","@id":"https:\/\/www.vallonchene.fr\/de\/#organization","name":"VALLONCHENE","url":"https:\/\/www.vallonchene.fr\/de\/","logo":{"@type":"ImageObject","inLanguage":"de","@id":"https:\/\/www.vallonchene.fr\/de\/#\/schema\/logo\/image\/","url":"https:\/\/www.vallonchene.fr\/wp-content\/uploads\/2023\/03\/Logo-Vallonchene-site-et-R_hauteur_100.png","contentUrl":"https:\/\/www.vallonchene.fr\/wp-content\/uploads\/2023\/03\/Logo-Vallonchene-site-et-R_hauteur_100.png","width":221,"height":100,"caption":"VALLONCHENE"},"image":{"@id":"https:\/\/www.vallonchene.fr\/de\/#\/schema\/logo\/image\/"},"sameAs":["https:\/\/www.facebook.com\/vallonchene.fr","https:\/\/www.instagram.com\/vallonchene\/","https:\/\/www.pinterest.fr\/vallonchene\/"],"taxID":"49454502300017","hasMerchantReturnPolicy":{"@type":"MerchantReturnPolicy","merchantReturnLink":"https:\/\/www.vallonchene.fr\/remboursements_retours\/"}}]},"og_availability":"out of stock","product_availability":"out of stock","product_condition":"new"},"_links":{"self":[{"href":"https:\/\/www.vallonchene.fr\/de\/wp-json\/wp\/v2\/product\/24941","targetHints":{"allow":["GET"]}}],"collection":[{"href":"https:\/\/www.vallonchene.fr\/de\/wp-json\/wp\/v2\/product"}],"about":[{"href":"https:\/\/www.vallonchene.fr\/de\/wp-json\/wp\/v2\/types\/product"}],"replies":[{"embeddable":true,"href":"https:\/\/www.vallonchene.fr\/de\/wp-json\/wp\/v2\/comments?post=24941"}],"wp:featuredmedia":[{"embeddable":true,"href":"https:\/\/www.vallonchene.fr\/de\/wp-json\/wp\/v2\/media\/46075"}],"wp:attachment":[{"href":"https:\/\/www.vallonchene.fr\/de\/wp-json\/wp\/v2\/media?parent=24941"}],"wp:term":[{"taxonomy":"product_brand","embeddable":true,"href":"https:\/\/www.vallonchene.fr\/de\/wp-json\/wp\/v2\/product_brand?post=24941"},{"taxonomy":"product_cat","embeddable":true,"href":"https:\/\/www.vallonchene.fr\/de\/wp-json\/wp\/v2\/product_cat?post=24941"},{"taxonomy":"product_tag","embeddable":true,"href":"https:\/\/www.vallonchene.fr\/de\/wp-json\/wp\/v2\/product_tag?post=24941"}],"curies":[{"name":"wp","href":"https:\/\/api.w.org\/{rel}","templated":true}]}}