{"id":24929,"date":"2022-09-17T15:57:10","date_gmt":"2022-09-17T15:57:10","guid":{"rendered":"https:\/\/testing.vallonchene.fr\/produit\/cornus-mas-aurea-gelbe-kornelkirsche\/"},"modified":"2025-10-09T11:02:07","modified_gmt":"2025-10-09T09:02:07","slug":"cornus-mas-aurea-gelbe-kornelkirsche","status":"publish","type":"product","link":"https:\/\/www.vallonchene.fr\/de\/produkt\/cornus-mas-aurea-gelbe-kornelkirsche\/","title":{"rendered":"CORNUS mas &#8218;Aurea&#8216;"},"content":{"rendered":"<h2>Die Pflanze<\/h2>\n<p>Der <strong>CORNUS mas &#8218;Aurea&#8216;<\/strong> ist ein bemerkenswerter Strauch, der Ihren Garten das ganze Jahr \u00fcber zum Strahlen bringt.<\/p>\n<p>Im Sommer hebt das <strong>strahlend goldgelbe Laub<\/strong> dieser <strong>gelbe Hartriegel<\/strong> die Farben Ihres Gartens hervor. Dann ziehen seine <strong>leuchtenden Bl\u00fcten<\/strong>, die ab den letzten Wintertagen erbl\u00fchen, alle Blicke auf sich. <\/p>\n<p>Sein Erscheinungsbild zieht alle Blicke auf sich, und seine <strong>roten Fr\u00fcchte<\/strong> sind essbar (\u00e4hnlich kleinen, l\u00e4nglichen Kirschen). Sie verleihen eine k\u00f6stliche Note. <\/p>\n<p>Dar\u00fcber hinaus nimmt sein Laub im Herbst rosa\/rote Farbt\u00f6ne an.<\/p>\n<p>Der CORNUS mas &#8218;Aurea&#8216; zeichnet sich durch seine <strong>Robustheit<\/strong> und seine <strong>F\u00e4higkeit aus, sich an verschiedene Klimazonen<\/strong> anzupassen, was ihn zu einer idealen Wahl f\u00fcr G\u00e4rtner aller Erfahrungsstufen macht.<\/p>\n<h2>Wie pflanzt und pflegt man CORNUS mas &#8218;Aurea&#8216;?<\/h2>\n<h3>Pflanzung<\/h3>\n<p>Um Ihren CORNUS mas &#8218;Aurea&#8216; voll zu genie\u00dfen, sollten Sie den Standort sorgf\u00e4ltig ausw\u00e4hlen.<\/p>\n<ol>\n<li>Bevorzugen Sie einen <strong>sonnigen<\/strong> oder <strong>leicht schattigen Standort<\/strong>. Dennoch wird seinem Laub eine Sonneneinstrahlung erm\u00f6glichen, seine volle goldene Pracht zu entfalten. <\/li>\n<li>Der Boden sollte gut <strong>durchl\u00e4ssig, aber n\u00e4hrstoffreich<\/strong> sein.<\/li>\n<li>Dieser m\u00e4nnliche CORNUS akzeptiert <strong>leichten, normalen oder schweren Boden<\/strong> mit einem <strong>sauren, neutralen oder kalkhaltigen pH-Wert<\/strong>.<\/li>\n<li><a href=\"https:\/\/www.vallonchene.fr\/comment-planter-et-entretenir-des-vegetaux\/comment-planter-et-entretenir-arbres-arbustes-et-coniferes\/\" target=\"_blank\" rel=\"noreferrer noopener\"><strong>F\u00fcr eine gute Vorbereitung des Pflanzlochs haben wir spezielle Anweisungen entwickelt, die hier verf\u00fcgbar sind. <\/strong><\/a><\/li>\n<\/ol>\n<h3>Pflege<\/h3>\n<p>Regelm\u00e4\u00dfiges Gie\u00dfen w\u00e4hrend Trockenperioden, insbesondere in den ersten beiden Jahren, f\u00f6rdert eine gute Verwurzelung. Ein leichter R\u00fcckschnitt am Ende des Winters kann durchgef\u00fchrt werden, um eine sch\u00f6ne Form zu erhalten und gr\u00f6\u00dfere Fr\u00fcchte zu f\u00f6rdern. <\/p>\n<p><a href=\"https:\/\/www.vallonchene.fr\/comment-bien-arroser-le-jardin-et-economiser-leau\/\"><strong>Lesen Sie hier auch unsere Tipps zum richtigen Gie\u00dfen und Wassersparen<\/strong><\/a>.<\/p>\n<h2>Geschichte und Herkunft<\/h2>\n<p>Der CORNUS mas, urspr\u00fcnglich aus Mittel- und S\u00fcdeuropa stammend, wird auch als m\u00e4nnlicher Hartriegel bezeichnet.<\/p>\n<p>Seit der Antike gesch\u00e4tzt f\u00fcr die Qualit\u00e4t seines dichten und langlebigen Holzes, wurde er auch f\u00fcr seine Fr\u00fcchte kultiviert, die in kulinarischen und medizinischen Zubereitungen verwendet werden.<\/p>\n<p>Die Sorte &#8218;Aurea&#8216; mit ihrem goldenen Laub ist eine g\u00e4rtnerische Auswahl, die im Vergleich zur Wildart einen Hauch von Originalit\u00e4t und Helligkeit verleiht. Diese Pflanzenwahl setzt eine Tradition fort und bietet gleichzeitig eine zeitgem\u00e4\u00dfe \u00c4sthetik. <\/p>\n<p>Mit dem CORNUS mas &#8218;Aurea&#8216; f\u00fcgen Sie Ihrem Garten nicht nur ein Prunkst\u00fcck hinzu, sondern schaffen auch eine Verbindung zu einer reichen botanischen Geschichte. Warum also nicht diesen Schatz in Ihren gr\u00fcnen Bereich aufnehmen? <\/p>\n<p>&nbsp;<\/p>\n","protected":false},"excerpt":{"rendered":"<p>Der <strong>gelbe Hartriegel<\/strong> hat im Winter gelbe Bl\u00fcten. Das Laub des <strong>CORNUS mas &#8218;Aurea&#8216;<\/strong> ist im Sommer gelb. <\/p>\n","protected":false},"featured_media":47194,"comment_status":"open","ping_status":"closed","template":"","meta":[],"product_brand":[],"product_cat":[252],"product_tag":[10763,12456],"class_list":{"0":"post-24929","1":"product","2":"type-product","3":"status-publish","4":"has-post-thumbnail","6":"product_cat-straucher-und-baume-de","7":"product_tag-cornus-de","8":"product_tag-cornus-mas-de","9":"pa_99-hauteurapproximativeapres1-2_3m-de","10":"pa_couleurdesfleurs-gelb-de","11":"pa_couleurdufeuillage-gelb-de","12":"pa_exigencesenhumidite-feucht-de","13":"pa_exigencesenhumidite-normal-de","14":"pa_exigencesenhumidite-trocken-de","15":"pa_expositionspossibles-sonnigvon12bis17uhr-de","16":"pa_hauteurlivree-100-bis-125-cm","17":"pa_hauteurlivree-125-bis-150-cm","18":"pa_hauteurlivree-150-bis-175-cm","19":"pa_hauteurlivree-175-bis-200-cm","20":"pa_hauteurlivree-200-bis-250-cm","21":"pa_hauteurlivree-25-bis-30-cm","22":"pa_hauteurlivree-30-bis-40-cm","23":"pa_hauteurlivree-350-bis-400-cm","24":"pa_hauteurlivree-40-bis-50-cm","25":"pa_hauteurlivree-40-bis-60-cm","26":"pa_hauteurlivree-50-bis-60-cm","27":"pa_hauteurlivree-60-bis-80-cm","28":"pa_hauteurlivree-70-bis-80-cm","29":"pa_hauteurlivree-80-bis-100-cm","30":"pa_interetauprintemps-laub-de","31":"pa_interetenautomne-laub-de","32":"pa_interetenete-laub-de","33":"pa_interetenhiver-bluten-de","34":"pa_naturedufeuillage-nichtimmergrun-de","35":"pa_naturesdesolpossibles-leicht-de","36":"pa_naturesdesolpossibles-normal-de","37":"pa_naturesdesolpossibles-schwer-de","38":"pa_periodedefloraison-winter-de","39":"pa_periodedetaille-febr-de","40":"pa_periodedetaille-jan-de","41":"pa_phdusolacceptable-kalkigmehrals75-de","42":"pa_phdusolacceptable-neutralzw65u75-de","43":"pa_phdusolacceptable-sauerwenigerals65-de","44":"pa_portgraphisme-buissonnant-de","45":"pa_resistanceaufroidrusticite-frostbestandigunter_20c-de","46":"pa_tailledepot-1liter_topf-de","47":"pa_tailledepot-10liter_topf-de","48":"pa_tailledepot-12liter_topf-de","49":"pa_tailledepot-15liter_topf-de","50":"pa_tailledepot-2liter_topf-de","51":"pa_tailledepot-20liter_topf-de","52":"pa_tailledepot-3liter_topf-de","53":"pa_tailledepot-30liter_topf-de","54":"pa_tailledepot-4liter_topf-de","55":"pa_tailledepot-40liter_topf-de","56":"pa_tailledepot-45liter_topf-de","57":"pa_tailledepot-5liter_topf-de","58":"pa_tailledepot-75liter_topf-de","59":"pa_tailledepot-ballen-de","60":"pa_tailledepot-jungpflanze-1-liter-topf","61":"pa_utilisationpossible-beet-de","62":"pa_utilisationpossible-hecke-de","63":"pa_utilisationpossible-kubelodertopf-de","65":"first","66":"instock","67":"taxable","68":"shipping-taxable","69":"purchasable","70":"product-type-variable"},"supplier_id":null,"supplier_sku":"","barcode":null,"atum_controlled":true,"out_stock_date":null,"out_stock_threshold":null,"inheritable":true,"inbound_stock":0,"stock_on_hold":0,"sold_today":0,"sales_last_days":0,"reserved_stock":0,"customer_returns":0,"warehouse_damage":0,"lost_in_post":0,"other_logs":0,"out_stock_days":0,"lost_sales":0,"has_location":false,"update_date":"2026-01-23T13:06:09","atum_locations":[],"atum_stock_status":"instock","restock_status":false,"low_stock_amount":"","sales_update_date":"2025-10-21T07:51:23","calc_backorders":null,"yoast_head":"<!-- This site is optimized with the Yoast SEO Premium plugin v27.5 (Yoast SEO v27.5) - https:\/\/yoast.com\/product\/yoast-seo-premium-wordpress\/ -->\n<title>CORNUS mas &#039;Aurea&#039; - Gelber Hartriegel<\/title>\n<meta name=\"description\" content=\"Der gelbe Hartriegel bl\u00fcht im Winter reichlich. Das Laub des CORNUS mas &#039;Aurea&#039; sowie seine Bl\u00fcten sind gelb.\" \/>\n<meta name=\"robots\" content=\"index, follow, max-snippet:-1, max-image-preview:large, max-video-preview:-1\" \/>\n<link rel=\"canonical\" href=\"https:\/\/www.vallonchene.fr\/de\/produkt\/cornus-mas-aurea-gelbe-kornelkirsche\/\" \/>\n<meta property=\"og:locale\" content=\"de_DE\" \/>\n<meta property=\"og:type\" content=\"article\" \/>\n<meta property=\"og:title\" content=\"CORNUS mas &#039;Aurea&#039;\" \/>\n<meta property=\"og:description\" content=\"Der gelbe Hartriegel bl\u00fcht im Winter reichlich. Das Laub des CORNUS mas &#039;Aurea&#039; sowie seine Bl\u00fcten sind gelb.\" \/>\n<meta property=\"og:url\" content=\"https:\/\/www.vallonchene.fr\/de\/produkt\/cornus-mas-aurea-gelbe-kornelkirsche\/\" \/>\n<meta property=\"og:site_name\" content=\"Vallonch\u00eane\" \/>\n<meta property=\"article:publisher\" content=\"https:\/\/www.facebook.com\/vallonchene.fr\" \/>\n<meta property=\"article:modified_time\" content=\"2025-10-09T09:02:07+00:00\" \/>\n<meta property=\"og:image\" content=\"https:\/\/www.vallonchene.fr\/wp-content\/uploads\/2024\/05\/CORNUS-mas-Aurea.webp\" \/>\n\t<meta property=\"og:image:width\" content=\"1023\" \/>\n\t<meta property=\"og:image:height\" content=\"1023\" \/>\n\t<meta property=\"og:image:type\" content=\"image\/webp\" \/>\n<meta name=\"twitter:card\" content=\"summary_large_image\" \/>\n<meta name=\"twitter:label1\" content=\"Verf\u00fcgbarkeit\" \/>\n\t<meta name=\"twitter:data1\" content=\"Vorr\u00e4tig\" \/>\n<script type=\"application\/ld+json\" class=\"yoast-schema-graph\">{\"@context\":\"https:\\\/\\\/schema.org\",\"@graph\":[{\"@type\":\"WebPage\",\"@id\":\"https:\\\/\\\/www.vallonchene.fr\\\/de\\\/produkt\\\/cornus-mas-aurea-gelbe-kornelkirsche\\\/\",\"url\":\"https:\\\/\\\/www.vallonchene.fr\\\/de\\\/produkt\\\/cornus-mas-aurea-gelbe-kornelkirsche\\\/\",\"name\":\"CORNUS mas 'Aurea' - Gelber Hartriegel\",\"isPartOf\":{\"@id\":\"https:\\\/\\\/www.vallonchene.fr\\\/de\\\/#website\"},\"primaryImageOfPage\":{\"@id\":\"https:\\\/\\\/www.vallonchene.fr\\\/de\\\/produkt\\\/cornus-mas-aurea-gelbe-kornelkirsche\\\/#primaryimage\"},\"image\":{\"@id\":\"https:\\\/\\\/www.vallonchene.fr\\\/de\\\/produkt\\\/cornus-mas-aurea-gelbe-kornelkirsche\\\/#primaryimage\"},\"thumbnailUrl\":\"https:\\\/\\\/www.vallonchene.fr\\\/wp-content\\\/uploads\\\/2024\\\/05\\\/CORNUS-mas-Aurea.webp\",\"datePublished\":\"2022-09-17T15:57:10+00:00\",\"dateModified\":\"2025-10-09T09:02:07+00:00\",\"description\":\"Der gelbe Hartriegel bl\u00fcht im Winter reichlich. Das Laub des CORNUS mas 'Aurea' sowie seine Bl\u00fcten sind gelb.\",\"breadcrumb\":{\"@id\":\"https:\\\/\\\/www.vallonchene.fr\\\/de\\\/produkt\\\/cornus-mas-aurea-gelbe-kornelkirsche\\\/#breadcrumb\"},\"inLanguage\":\"de\",\"potentialAction\":[{\"@type\":\"ReadAction\",\"target\":[\"https:\\\/\\\/www.vallonchene.fr\\\/de\\\/produkt\\\/cornus-mas-aurea-gelbe-kornelkirsche\\\/\"]}]},{\"@type\":\"ImageObject\",\"inLanguage\":\"de\",\"@id\":\"https:\\\/\\\/www.vallonchene.fr\\\/de\\\/produkt\\\/cornus-mas-aurea-gelbe-kornelkirsche\\\/#primaryimage\",\"url\":\"https:\\\/\\\/www.vallonchene.fr\\\/wp-content\\\/uploads\\\/2024\\\/05\\\/CORNUS-mas-Aurea.webp\",\"contentUrl\":\"https:\\\/\\\/www.vallonchene.fr\\\/wp-content\\\/uploads\\\/2024\\\/05\\\/CORNUS-mas-Aurea.webp\",\"width\":1023,\"height\":1023,\"caption\":\"Leuchtend gelbes Laub von CORNUS mas 'Aurea'\"},{\"@type\":\"BreadcrumbList\",\"@id\":\"https:\\\/\\\/www.vallonchene.fr\\\/de\\\/produkt\\\/cornus-mas-aurea-gelbe-kornelkirsche\\\/#breadcrumb\",\"itemListElement\":[{\"@type\":\"ListItem\",\"position\":1,\"name\":\"Home\",\"item\":\"https:\\\/\\\/www.vallonchene.fr\\\/de\\\/\"},{\"@type\":\"ListItem\",\"position\":2,\"name\":\"Shop\",\"item\":\"https:\\\/\\\/www.vallonchene.fr\\\/de\\\/shop\\\/\"},{\"@type\":\"ListItem\",\"position\":3,\"name\":\"Online-Verkauf\",\"item\":\"https:\\\/\\\/www.vallonchene.fr\\\/de\\\/produkt-kategorie\\\/online-verkauf-de\\\/\"},{\"@type\":\"ListItem\",\"position\":4,\"name\":\"Baumschule\",\"item\":\"https:\\\/\\\/www.vallonchene.fr\\\/de\\\/produkt-kategorie\\\/online-verkauf-de\\\/baumschule-gaertnerei-de\\\/\"},{\"@type\":\"ListItem\",\"position\":5,\"name\":\"Str\u00e4ucher und B\u00e4ume\",\"item\":\"https:\\\/\\\/www.vallonchene.fr\\\/de\\\/produkt-kategorie\\\/online-verkauf-de\\\/baumschule-gaertnerei-de\\\/straucher-und-baume-de\\\/\"},{\"@type\":\"ListItem\",\"position\":6,\"name\":\"CORNUS mas &lsquo;Aurea&rsquo;\"}]},{\"@type\":\"WebSite\",\"@id\":\"https:\\\/\\\/www.vallonchene.fr\\\/de\\\/#website\",\"url\":\"https:\\\/\\\/www.vallonchene.fr\\\/de\\\/\",\"name\":\"Vallonch\u00eane\",\"description\":\"Die Baumschule, bei der Qualit\u00e4t ihre Wurzeln hat \u2013 Tel.: +49 (0)6838-5399840\",\"publisher\":{\"@id\":\"https:\\\/\\\/www.vallonchene.fr\\\/de\\\/#organization\"},\"potentialAction\":[{\"@type\":\"SearchAction\",\"target\":{\"@type\":\"EntryPoint\",\"urlTemplate\":\"https:\\\/\\\/www.vallonchene.fr\\\/de\\\/?s={search_term_string}\"},\"query-input\":{\"@type\":\"PropertyValueSpecification\",\"valueRequired\":true,\"valueName\":\"search_term_string\"}}],\"inLanguage\":\"de\"},{\"@type\":\"Organization\",\"@id\":\"https:\\\/\\\/www.vallonchene.fr\\\/de\\\/#organization\",\"name\":\"VALLONCHENE\",\"url\":\"https:\\\/\\\/www.vallonchene.fr\\\/de\\\/\",\"logo\":{\"@type\":\"ImageObject\",\"inLanguage\":\"de\",\"@id\":\"https:\\\/\\\/www.vallonchene.fr\\\/de\\\/#\\\/schema\\\/logo\\\/image\\\/\",\"url\":\"https:\\\/\\\/www.vallonchene.fr\\\/wp-content\\\/uploads\\\/2023\\\/03\\\/Logo-Vallonchene-site-et-R_hauteur_100.png\",\"contentUrl\":\"https:\\\/\\\/www.vallonchene.fr\\\/wp-content\\\/uploads\\\/2023\\\/03\\\/Logo-Vallonchene-site-et-R_hauteur_100.png\",\"width\":221,\"height\":100,\"caption\":\"VALLONCHENE\"},\"image\":{\"@id\":\"https:\\\/\\\/www.vallonchene.fr\\\/de\\\/#\\\/schema\\\/logo\\\/image\\\/\"},\"sameAs\":[\"https:\\\/\\\/www.facebook.com\\\/vallonchene.fr\",\"https:\\\/\\\/www.instagram.com\\\/vallonchene\\\/\",\"https:\\\/\\\/www.pinterest.fr\\\/vallonchene\\\/\"],\"taxID\":\"49454502300017\",\"hasMerchantReturnPolicy\":{\"@type\":\"MerchantReturnPolicy\",\"merchantReturnLink\":\"https:\\\/\\\/www.vallonchene.fr\\\/remboursements_retours\\\/\"}}]}<\/script>\n<meta property=\"og:availability\" content=\"instock\" \/>\n<meta property=\"product:availability\" content=\"instock\" \/>\n<meta property=\"product:retailer_item_id\" content=\"65195\" \/>\n<meta property=\"product:condition\" content=\"new\" \/>\n<!-- \/ Yoast SEO Premium plugin. -->","yoast_head_json":{"title":"CORNUS mas 'Aurea' - Gelber Hartriegel","description":"Der gelbe Hartriegel bl\u00fcht im Winter reichlich. Das Laub des CORNUS mas 'Aurea' sowie seine Bl\u00fcten sind gelb.","robots":{"index":"index","follow":"follow","max-snippet":"max-snippet:-1","max-image-preview":"max-image-preview:large","max-video-preview":"max-video-preview:-1"},"canonical":"https:\/\/www.vallonchene.fr\/de\/produkt\/cornus-mas-aurea-gelbe-kornelkirsche\/","og_locale":"de_DE","og_type":"article","og_title":"CORNUS mas 'Aurea'","og_description":"Der gelbe Hartriegel bl\u00fcht im Winter reichlich. Das Laub des CORNUS mas 'Aurea' sowie seine Bl\u00fcten sind gelb.","og_url":"https:\/\/www.vallonchene.fr\/de\/produkt\/cornus-mas-aurea-gelbe-kornelkirsche\/","og_site_name":"Vallonch\u00eane","article_publisher":"https:\/\/www.facebook.com\/vallonchene.fr","article_modified_time":"2025-10-09T09:02:07+00:00","og_image":[{"width":1023,"height":1023,"url":"https:\/\/www.vallonchene.fr\/wp-content\/uploads\/2024\/05\/CORNUS-mas-Aurea.webp","type":"image\/webp"}],"twitter_card":"summary_large_image","twitter_misc":{"Verf\u00fcgbarkeit":"Vorr\u00e4tig"},"schema":{"@context":"https:\/\/schema.org","@graph":[{"@type":"WebPage","@id":"https:\/\/www.vallonchene.fr\/de\/produkt\/cornus-mas-aurea-gelbe-kornelkirsche\/","url":"https:\/\/www.vallonchene.fr\/de\/produkt\/cornus-mas-aurea-gelbe-kornelkirsche\/","name":"CORNUS mas 'Aurea' - Gelber Hartriegel","isPartOf":{"@id":"https:\/\/www.vallonchene.fr\/de\/#website"},"primaryImageOfPage":{"@id":"https:\/\/www.vallonchene.fr\/de\/produkt\/cornus-mas-aurea-gelbe-kornelkirsche\/#primaryimage"},"image":{"@id":"https:\/\/www.vallonchene.fr\/de\/produkt\/cornus-mas-aurea-gelbe-kornelkirsche\/#primaryimage"},"thumbnailUrl":"https:\/\/www.vallonchene.fr\/wp-content\/uploads\/2024\/05\/CORNUS-mas-Aurea.webp","datePublished":"2022-09-17T15:57:10+00:00","dateModified":"2025-10-09T09:02:07+00:00","description":"Der gelbe Hartriegel bl\u00fcht im Winter reichlich. Das Laub des CORNUS mas 'Aurea' sowie seine Bl\u00fcten sind gelb.","breadcrumb":{"@id":"https:\/\/www.vallonchene.fr\/de\/produkt\/cornus-mas-aurea-gelbe-kornelkirsche\/#breadcrumb"},"inLanguage":"de","potentialAction":[{"@type":"ReadAction","target":["https:\/\/www.vallonchene.fr\/de\/produkt\/cornus-mas-aurea-gelbe-kornelkirsche\/"]}]},{"@type":"ImageObject","inLanguage":"de","@id":"https:\/\/www.vallonchene.fr\/de\/produkt\/cornus-mas-aurea-gelbe-kornelkirsche\/#primaryimage","url":"https:\/\/www.vallonchene.fr\/wp-content\/uploads\/2024\/05\/CORNUS-mas-Aurea.webp","contentUrl":"https:\/\/www.vallonchene.fr\/wp-content\/uploads\/2024\/05\/CORNUS-mas-Aurea.webp","width":1023,"height":1023,"caption":"Leuchtend gelbes Laub von CORNUS mas 'Aurea'"},{"@type":"BreadcrumbList","@id":"https:\/\/www.vallonchene.fr\/de\/produkt\/cornus-mas-aurea-gelbe-kornelkirsche\/#breadcrumb","itemListElement":[{"@type":"ListItem","position":1,"name":"Home","item":"https:\/\/www.vallonchene.fr\/de\/"},{"@type":"ListItem","position":2,"name":"Shop","item":"https:\/\/www.vallonchene.fr\/de\/shop\/"},{"@type":"ListItem","position":3,"name":"Online-Verkauf","item":"https:\/\/www.vallonchene.fr\/de\/produkt-kategorie\/online-verkauf-de\/"},{"@type":"ListItem","position":4,"name":"Baumschule","item":"https:\/\/www.vallonchene.fr\/de\/produkt-kategorie\/online-verkauf-de\/baumschule-gaertnerei-de\/"},{"@type":"ListItem","position":5,"name":"Str\u00e4ucher und B\u00e4ume","item":"https:\/\/www.vallonchene.fr\/de\/produkt-kategorie\/online-verkauf-de\/baumschule-gaertnerei-de\/straucher-und-baume-de\/"},{"@type":"ListItem","position":6,"name":"CORNUS mas &lsquo;Aurea&rsquo;"}]},{"@type":"WebSite","@id":"https:\/\/www.vallonchene.fr\/de\/#website","url":"https:\/\/www.vallonchene.fr\/de\/","name":"Vallonch\u00eane","description":"Die Baumschule, bei der Qualit\u00e4t ihre Wurzeln hat \u2013 Tel.: +49 (0)6838-5399840","publisher":{"@id":"https:\/\/www.vallonchene.fr\/de\/#organization"},"potentialAction":[{"@type":"SearchAction","target":{"@type":"EntryPoint","urlTemplate":"https:\/\/www.vallonchene.fr\/de\/?s={search_term_string}"},"query-input":{"@type":"PropertyValueSpecification","valueRequired":true,"valueName":"search_term_string"}}],"inLanguage":"de"},{"@type":"Organization","@id":"https:\/\/www.vallonchene.fr\/de\/#organization","name":"VALLONCHENE","url":"https:\/\/www.vallonchene.fr\/de\/","logo":{"@type":"ImageObject","inLanguage":"de","@id":"https:\/\/www.vallonchene.fr\/de\/#\/schema\/logo\/image\/","url":"https:\/\/www.vallonchene.fr\/wp-content\/uploads\/2023\/03\/Logo-Vallonchene-site-et-R_hauteur_100.png","contentUrl":"https:\/\/www.vallonchene.fr\/wp-content\/uploads\/2023\/03\/Logo-Vallonchene-site-et-R_hauteur_100.png","width":221,"height":100,"caption":"VALLONCHENE"},"image":{"@id":"https:\/\/www.vallonchene.fr\/de\/#\/schema\/logo\/image\/"},"sameAs":["https:\/\/www.facebook.com\/vallonchene.fr","https:\/\/www.instagram.com\/vallonchene\/","https:\/\/www.pinterest.fr\/vallonchene\/"],"taxID":"49454502300017","hasMerchantReturnPolicy":{"@type":"MerchantReturnPolicy","merchantReturnLink":"https:\/\/www.vallonchene.fr\/remboursements_retours\/"}}]},"og_availability":"instock","product_availability":"instock","product_retailer_item_id":"65195","product_condition":"new"},"_links":{"self":[{"href":"https:\/\/www.vallonchene.fr\/de\/wp-json\/wp\/v2\/product\/24929","targetHints":{"allow":["GET"]}}],"collection":[{"href":"https:\/\/www.vallonchene.fr\/de\/wp-json\/wp\/v2\/product"}],"about":[{"href":"https:\/\/www.vallonchene.fr\/de\/wp-json\/wp\/v2\/types\/product"}],"replies":[{"embeddable":true,"href":"https:\/\/www.vallonchene.fr\/de\/wp-json\/wp\/v2\/comments?post=24929"}],"wp:featuredmedia":[{"embeddable":true,"href":"https:\/\/www.vallonchene.fr\/de\/wp-json\/wp\/v2\/media\/47194"}],"wp:attachment":[{"href":"https:\/\/www.vallonchene.fr\/de\/wp-json\/wp\/v2\/media?parent=24929"}],"wp:term":[{"taxonomy":"product_brand","embeddable":true,"href":"https:\/\/www.vallonchene.fr\/de\/wp-json\/wp\/v2\/product_brand?post=24929"},{"taxonomy":"product_cat","embeddable":true,"href":"https:\/\/www.vallonchene.fr\/de\/wp-json\/wp\/v2\/product_cat?post=24929"},{"taxonomy":"product_tag","embeddable":true,"href":"https:\/\/www.vallonchene.fr\/de\/wp-json\/wp\/v2\/product_tag?post=24929"}],"curies":[{"name":"wp","href":"https:\/\/api.w.org\/{rel}","templated":true}]}}