{"id":24815,"date":"2022-09-08T16:28:00","date_gmt":"2022-09-08T16:28:00","guid":{"rendered":"https:\/\/testing.vallonchene.fr\/produit\/fagus-sylvatica-var-heterophylla-mercedes-rotbuche\/"},"modified":"2025-10-30T18:19:36","modified_gmt":"2025-10-30T17:19:36","slug":"fagus-sylvatica-var-heterophylla-mercedes-rotbuche","status":"publish","type":"product","link":"https:\/\/www.vallonchene.fr\/de\/produkt\/fagus-sylvatica-var-heterophylla-mercedes-rotbuche\/","title":{"rendered":"FAGUS sylvatica var. heterophylla &#8218;Mercedes&#8216; (Rotbuche)"},"content":{"rendered":"","protected":false},"excerpt":{"rendered":"<p>Diese <strong>Rotbuche<\/strong> ist eine Zwergvariante. <strong>Fagus sylvatica Var. heterophylla &#8218;Mercedes&#8216;<\/strong> hat schmale, sehr l\u00e4ngliche Bl\u00e4tter. Im Herbst nehmen sie eine sch\u00f6ne gelbe Farbe an. Sie ist auch f\u00fcr kleine G\u00e4rten geeignet.<\/p>\n","protected":false},"featured_media":40441,"comment_status":"open","ping_status":"closed","template":"","meta":[],"product_brand":[],"product_cat":[252],"product_tag":[12669,12668],"class_list":{"0":"post-24815","1":"product","2":"type-product","3":"status-publish","4":"has-post-thumbnail","6":"product_cat-straucher-und-baume-de","7":"product_tag-fagus-de","8":"product_tag-fagus-sylvatica-de","9":"pa_99-hauteurapproximativeapres1-150a200m-de","10":"pa_couleurdufeuillage-grun-de","11":"pa_exigencesenhumidite-feucht-de","12":"pa_exigencesenhumidite-normal-de","13":"pa_expositionspossibles-ce-halbschattigsonnezw12und17-de","14":"pa_expositionspossibles-sonnigvon12bis17uhr-de","15":"pa_hauteurlivree-100-bis-125-cm","16":"pa_hauteurlivree-125-bis-150-cm","17":"pa_hauteurlivree-150-bis-175-cm","18":"pa_hauteurlivree-175-bis-200-cm","19":"pa_hauteurlivree-20-bis-25cm","20":"pa_hauteurlivree-20-bis-30-cm","21":"pa_hauteurlivree-200-bis-250-cm","22":"pa_hauteurlivree-25-bis-30-cm","23":"pa_hauteurlivree-30-bis-40-cm","24":"pa_hauteurlivree-40-bis-50-cm","25":"pa_hauteurlivree-40-bis-60-cm","26":"pa_hauteurlivree-50-bis-60-cm","27":"pa_hauteurlivree-60-bis-80-cm","28":"pa_hauteurlivree-70-bis-80-cm","29":"pa_hauteurlivree-80-bis-100-cm","30":"pa_interetauprintemps-form-de","31":"pa_interetauprintemps-laub-de","32":"pa_interetenautomne-form-de","33":"pa_interetenautomne-laub-de","34":"pa_interetenete-form-de","35":"pa_interetenete-laub-de","36":"pa_interetenhiver-form-de","37":"pa_naturedufeuillage-nichtimmergrun-de","38":"pa_naturesdesolpossibles-leicht-de","39":"pa_naturesdesolpossibles-normal-de","40":"pa_naturesdesolpossibles-schwer-de","41":"pa_particularites-furbonsaigeeignet-de","42":"pa_periodedetaille-febr-de","43":"pa_phdusolacceptable-kalkigmehrals75-de","44":"pa_phdusolacceptable-neutralzw65u75-de","45":"pa_phdusolacceptable-sauerwenigerals65-de","46":"pa_portgraphisme-rund-de","47":"pa_resistanceaufroidrusticite-frostbestandigunter_20c-de","48":"pa_tailledepot-1-5-liter-topf","49":"pa_tailledepot-10liter_topf-de","50":"pa_tailledepot-12liter_topf-de","51":"pa_tailledepot-15liter_topf-de","52":"pa_tailledepot-2liter_topf-de","53":"pa_tailledepot-20liter_topf-de","54":"pa_tailledepot-25liter_topf-de","55":"pa_tailledepot-3liter_topf-de","56":"pa_tailledepot-4liter_topf-de","57":"pa_tailledepot-5liter_topf-de","58":"pa_tailledepot-75liter_topf-de","59":"pa_tailledepot-jungpflanze-topf-von-8-cm","60":"pa_utilisationpossible-beet-de","61":"pa_utilisationpossible-kubelodertopf-de","63":"first","64":"outofstock","65":"taxable","66":"shipping-taxable","67":"purchasable","68":"product-type-variable","69":"has-default-attributes"},"supplier_id":null,"supplier_sku":"","barcode":null,"atum_controlled":true,"out_stock_date":null,"out_stock_threshold":null,"inheritable":true,"inbound_stock":0,"stock_on_hold":0,"sold_today":0,"sales_last_days":0,"reserved_stock":0,"customer_returns":0,"warehouse_damage":0,"lost_in_post":0,"other_logs":0,"out_stock_days":null,"lost_sales":0,"has_location":false,"update_date":"2026-02-18T15:49:14","atum_locations":[],"atum_stock_status":"outofstock","restock_status":false,"low_stock_amount":"","sales_update_date":"2026-02-18T15:49:14","calc_backorders":null,"yoast_head":"<!-- This site is optimized with the Yoast SEO Premium plugin v27.5 (Yoast SEO v27.5) - https:\/\/yoast.com\/product\/yoast-seo-premium-wordpress\/ -->\n<title>FAGUS sylvatica var. heterophylla &#039;Mercedes&#039; (Rotbuche)<\/title>\n<meta name=\"description\" content=\"Diese Rotbuche ist eine Zwergvariante. Fagus sylvatica Var. heterophylla &#039;Mercedes&#039; hat schmale, sehr l\u00e4ngliche Bl\u00e4tter. Im Herbst nehmen sie eine sch\u00f6ne gelbe Farbe an. Sie ist auch f\u00fcr kleine G\u00e4rten geeignet.\" \/>\n<meta name=\"robots\" content=\"noindex, follow\" \/>\n<meta property=\"og:locale\" content=\"de_DE\" \/>\n<meta property=\"og:type\" content=\"article\" \/>\n<meta property=\"og:title\" content=\"FAGUS sylvatica var. heterophylla &#039;Mercedes&#039; (Rotbuche)\" \/>\n<meta property=\"og:description\" content=\"Diese Rotbuche ist eine Zwergvariante. Fagus sylvatica Var. heterophylla &#039;Mercedes&#039; hat schmale, sehr l\u00e4ngliche Bl\u00e4tter. Im Herbst nehmen sie eine sch\u00f6ne gelbe Farbe an. Sie ist auch f\u00fcr kleine G\u00e4rten geeignet.\" \/>\n<meta property=\"og:url\" content=\"https:\/\/www.vallonchene.fr\/de\/produkt\/fagus-sylvatica-var-heterophylla-mercedes-rotbuche\/\" \/>\n<meta property=\"og:site_name\" content=\"Vallonch\u00eane\" \/>\n<meta property=\"article:publisher\" content=\"https:\/\/www.facebook.com\/vallonchene.fr\" \/>\n<meta property=\"article:modified_time\" content=\"2025-10-30T17:19:36+00:00\" \/>\n<meta property=\"og:image\" content=\"https:\/\/www.vallonchene.fr\/wp-content\/uploads\/2022\/09\/FAGUS-sylvatica-var.-heterophylla-Mercedes.webp\" \/>\n\t<meta property=\"og:image:width\" content=\"1000\" \/>\n\t<meta property=\"og:image:height\" content=\"1000\" \/>\n\t<meta property=\"og:image:type\" content=\"image\/webp\" \/>\n<meta name=\"twitter:card\" content=\"summary_large_image\" \/>\n<meta name=\"twitter:label1\" content=\"Verf\u00fcgbarkeit\" \/>\n\t<meta name=\"twitter:data1\" content=\"Nicht vorr\u00e4tig\" \/>\n<script type=\"application\/ld+json\" class=\"yoast-schema-graph\">{\"@context\":\"https:\\\/\\\/schema.org\",\"@graph\":[{\"@type\":\"WebPage\",\"@id\":\"https:\\\/\\\/www.vallonchene.fr\\\/de\\\/produkt\\\/fagus-sylvatica-var-heterophylla-mercedes-rotbuche\\\/\",\"url\":\"https:\\\/\\\/www.vallonchene.fr\\\/de\\\/produkt\\\/fagus-sylvatica-var-heterophylla-mercedes-rotbuche\\\/\",\"name\":\"FAGUS sylvatica var. heterophylla 'Mercedes' (Rotbuche)\",\"isPartOf\":{\"@id\":\"https:\\\/\\\/www.vallonchene.fr\\\/de\\\/#website\"},\"primaryImageOfPage\":{\"@id\":\"https:\\\/\\\/www.vallonchene.fr\\\/de\\\/produkt\\\/fagus-sylvatica-var-heterophylla-mercedes-rotbuche\\\/#primaryimage\"},\"image\":{\"@id\":\"https:\\\/\\\/www.vallonchene.fr\\\/de\\\/produkt\\\/fagus-sylvatica-var-heterophylla-mercedes-rotbuche\\\/#primaryimage\"},\"thumbnailUrl\":\"https:\\\/\\\/www.vallonchene.fr\\\/wp-content\\\/uploads\\\/2022\\\/09\\\/FAGUS-sylvatica-var.-heterophylla-Mercedes.webp\",\"datePublished\":\"2022-09-08T16:28:00+00:00\",\"dateModified\":\"2025-10-30T17:19:36+00:00\",\"description\":\"Diese Rotbuche ist eine Zwergvariante. Fagus sylvatica Var. heterophylla 'Mercedes' hat schmale, sehr l\u00e4ngliche Bl\u00e4tter. Im Herbst nehmen sie eine sch\u00f6ne gelbe Farbe an. Sie ist auch f\u00fcr kleine G\u00e4rten geeignet.\",\"breadcrumb\":{\"@id\":\"https:\\\/\\\/www.vallonchene.fr\\\/de\\\/produkt\\\/fagus-sylvatica-var-heterophylla-mercedes-rotbuche\\\/#breadcrumb\"},\"inLanguage\":\"de\",\"potentialAction\":[{\"@type\":\"ReadAction\",\"target\":[\"https:\\\/\\\/www.vallonchene.fr\\\/de\\\/produkt\\\/fagus-sylvatica-var-heterophylla-mercedes-rotbuche\\\/\"]}]},{\"@type\":\"ImageObject\",\"inLanguage\":\"de\",\"@id\":\"https:\\\/\\\/www.vallonchene.fr\\\/de\\\/produkt\\\/fagus-sylvatica-var-heterophylla-mercedes-rotbuche\\\/#primaryimage\",\"url\":\"https:\\\/\\\/www.vallonchene.fr\\\/wp-content\\\/uploads\\\/2022\\\/09\\\/FAGUS-sylvatica-var.-heterophylla-Mercedes.webp\",\"contentUrl\":\"https:\\\/\\\/www.vallonchene.fr\\\/wp-content\\\/uploads\\\/2022\\\/09\\\/FAGUS-sylvatica-var.-heterophylla-Mercedes.webp\",\"width\":1000,\"height\":1000,\"caption\":\"Hellgr\u00fcnes Laub von FAGUS sylvatica var. heterophylla 'Mercedes' im Fr\u00fchling\"},{\"@type\":\"BreadcrumbList\",\"@id\":\"https:\\\/\\\/www.vallonchene.fr\\\/de\\\/produkt\\\/fagus-sylvatica-var-heterophylla-mercedes-rotbuche\\\/#breadcrumb\",\"itemListElement\":[{\"@type\":\"ListItem\",\"position\":1,\"name\":\"Home\",\"item\":\"https:\\\/\\\/www.vallonchene.fr\\\/de\\\/\"},{\"@type\":\"ListItem\",\"position\":2,\"name\":\"Shop\",\"item\":\"https:\\\/\\\/www.vallonchene.fr\\\/de\\\/shop\\\/\"},{\"@type\":\"ListItem\",\"position\":3,\"name\":\"Online-Verkauf\",\"item\":\"https:\\\/\\\/www.vallonchene.fr\\\/de\\\/produkt-kategorie\\\/online-verkauf-de\\\/\"},{\"@type\":\"ListItem\",\"position\":4,\"name\":\"Baumschule\",\"item\":\"https:\\\/\\\/www.vallonchene.fr\\\/de\\\/produkt-kategorie\\\/online-verkauf-de\\\/baumschule-gaertnerei-de\\\/\"},{\"@type\":\"ListItem\",\"position\":5,\"name\":\"Str\u00e4ucher und B\u00e4ume\",\"item\":\"https:\\\/\\\/www.vallonchene.fr\\\/de\\\/produkt-kategorie\\\/online-verkauf-de\\\/baumschule-gaertnerei-de\\\/straucher-und-baume-de\\\/\"},{\"@type\":\"ListItem\",\"position\":6,\"name\":\"FAGUS sylvatica var. heterophylla &lsquo;Mercedes&rsquo; (Rotbuche)\"}]},{\"@type\":\"WebSite\",\"@id\":\"https:\\\/\\\/www.vallonchene.fr\\\/de\\\/#website\",\"url\":\"https:\\\/\\\/www.vallonchene.fr\\\/de\\\/\",\"name\":\"Vallonch\u00eane\",\"description\":\"Die Baumschule, bei der Qualit\u00e4t ihre Wurzeln hat \u2013 Tel.: +49 (0)6838-5399840\",\"publisher\":{\"@id\":\"https:\\\/\\\/www.vallonchene.fr\\\/de\\\/#organization\"},\"potentialAction\":[{\"@type\":\"SearchAction\",\"target\":{\"@type\":\"EntryPoint\",\"urlTemplate\":\"https:\\\/\\\/www.vallonchene.fr\\\/de\\\/?s={search_term_string}\"},\"query-input\":{\"@type\":\"PropertyValueSpecification\",\"valueRequired\":true,\"valueName\":\"search_term_string\"}}],\"inLanguage\":\"de\"},{\"@type\":\"Organization\",\"@id\":\"https:\\\/\\\/www.vallonchene.fr\\\/de\\\/#organization\",\"name\":\"VALLONCHENE\",\"url\":\"https:\\\/\\\/www.vallonchene.fr\\\/de\\\/\",\"logo\":{\"@type\":\"ImageObject\",\"inLanguage\":\"de\",\"@id\":\"https:\\\/\\\/www.vallonchene.fr\\\/de\\\/#\\\/schema\\\/logo\\\/image\\\/\",\"url\":\"https:\\\/\\\/www.vallonchene.fr\\\/wp-content\\\/uploads\\\/2023\\\/03\\\/Logo-Vallonchene-site-et-R_hauteur_100.png\",\"contentUrl\":\"https:\\\/\\\/www.vallonchene.fr\\\/wp-content\\\/uploads\\\/2023\\\/03\\\/Logo-Vallonchene-site-et-R_hauteur_100.png\",\"width\":221,\"height\":100,\"caption\":\"VALLONCHENE\"},\"image\":{\"@id\":\"https:\\\/\\\/www.vallonchene.fr\\\/de\\\/#\\\/schema\\\/logo\\\/image\\\/\"},\"sameAs\":[\"https:\\\/\\\/www.facebook.com\\\/vallonchene.fr\",\"https:\\\/\\\/www.instagram.com\\\/vallonchene\\\/\",\"https:\\\/\\\/www.pinterest.fr\\\/vallonchene\\\/\"],\"taxID\":\"49454502300017\",\"hasMerchantReturnPolicy\":{\"@type\":\"MerchantReturnPolicy\",\"merchantReturnLink\":\"https:\\\/\\\/www.vallonchene.fr\\\/remboursements_retours\\\/\"}}]}<\/script>\n<meta property=\"og:availability\" content=\"out of stock\" \/>\n<meta property=\"product:availability\" content=\"out of stock\" \/>\n<meta property=\"product:retailer_item_id\" content=\"59431\" \/>\n<meta property=\"product:condition\" content=\"new\" \/>\n<!-- \/ Yoast SEO Premium plugin. -->","yoast_head_json":{"title":"FAGUS sylvatica var. heterophylla 'Mercedes' (Rotbuche)","description":"Diese Rotbuche ist eine Zwergvariante. Fagus sylvatica Var. heterophylla 'Mercedes' hat schmale, sehr l\u00e4ngliche Bl\u00e4tter. Im Herbst nehmen sie eine sch\u00f6ne gelbe Farbe an. Sie ist auch f\u00fcr kleine G\u00e4rten geeignet.","robots":{"index":"noindex","follow":"follow"},"og_locale":"de_DE","og_type":"article","og_title":"FAGUS sylvatica var. heterophylla 'Mercedes' (Rotbuche)","og_description":"Diese Rotbuche ist eine Zwergvariante. Fagus sylvatica Var. heterophylla 'Mercedes' hat schmale, sehr l\u00e4ngliche Bl\u00e4tter. Im Herbst nehmen sie eine sch\u00f6ne gelbe Farbe an. Sie ist auch f\u00fcr kleine G\u00e4rten geeignet.","og_url":"https:\/\/www.vallonchene.fr\/de\/produkt\/fagus-sylvatica-var-heterophylla-mercedes-rotbuche\/","og_site_name":"Vallonch\u00eane","article_publisher":"https:\/\/www.facebook.com\/vallonchene.fr","article_modified_time":"2025-10-30T17:19:36+00:00","og_image":[{"width":1000,"height":1000,"url":"https:\/\/www.vallonchene.fr\/wp-content\/uploads\/2022\/09\/FAGUS-sylvatica-var.-heterophylla-Mercedes.webp","type":"image\/webp"}],"twitter_card":"summary_large_image","twitter_misc":{"Verf\u00fcgbarkeit":"Nicht vorr\u00e4tig"},"schema":{"@context":"https:\/\/schema.org","@graph":[{"@type":"WebPage","@id":"https:\/\/www.vallonchene.fr\/de\/produkt\/fagus-sylvatica-var-heterophylla-mercedes-rotbuche\/","url":"https:\/\/www.vallonchene.fr\/de\/produkt\/fagus-sylvatica-var-heterophylla-mercedes-rotbuche\/","name":"FAGUS sylvatica var. heterophylla 'Mercedes' (Rotbuche)","isPartOf":{"@id":"https:\/\/www.vallonchene.fr\/de\/#website"},"primaryImageOfPage":{"@id":"https:\/\/www.vallonchene.fr\/de\/produkt\/fagus-sylvatica-var-heterophylla-mercedes-rotbuche\/#primaryimage"},"image":{"@id":"https:\/\/www.vallonchene.fr\/de\/produkt\/fagus-sylvatica-var-heterophylla-mercedes-rotbuche\/#primaryimage"},"thumbnailUrl":"https:\/\/www.vallonchene.fr\/wp-content\/uploads\/2022\/09\/FAGUS-sylvatica-var.-heterophylla-Mercedes.webp","datePublished":"2022-09-08T16:28:00+00:00","dateModified":"2025-10-30T17:19:36+00:00","description":"Diese Rotbuche ist eine Zwergvariante. Fagus sylvatica Var. heterophylla 'Mercedes' hat schmale, sehr l\u00e4ngliche Bl\u00e4tter. Im Herbst nehmen sie eine sch\u00f6ne gelbe Farbe an. Sie ist auch f\u00fcr kleine G\u00e4rten geeignet.","breadcrumb":{"@id":"https:\/\/www.vallonchene.fr\/de\/produkt\/fagus-sylvatica-var-heterophylla-mercedes-rotbuche\/#breadcrumb"},"inLanguage":"de","potentialAction":[{"@type":"ReadAction","target":["https:\/\/www.vallonchene.fr\/de\/produkt\/fagus-sylvatica-var-heterophylla-mercedes-rotbuche\/"]}]},{"@type":"ImageObject","inLanguage":"de","@id":"https:\/\/www.vallonchene.fr\/de\/produkt\/fagus-sylvatica-var-heterophylla-mercedes-rotbuche\/#primaryimage","url":"https:\/\/www.vallonchene.fr\/wp-content\/uploads\/2022\/09\/FAGUS-sylvatica-var.-heterophylla-Mercedes.webp","contentUrl":"https:\/\/www.vallonchene.fr\/wp-content\/uploads\/2022\/09\/FAGUS-sylvatica-var.-heterophylla-Mercedes.webp","width":1000,"height":1000,"caption":"Hellgr\u00fcnes Laub von FAGUS sylvatica var. heterophylla 'Mercedes' im Fr\u00fchling"},{"@type":"BreadcrumbList","@id":"https:\/\/www.vallonchene.fr\/de\/produkt\/fagus-sylvatica-var-heterophylla-mercedes-rotbuche\/#breadcrumb","itemListElement":[{"@type":"ListItem","position":1,"name":"Home","item":"https:\/\/www.vallonchene.fr\/de\/"},{"@type":"ListItem","position":2,"name":"Shop","item":"https:\/\/www.vallonchene.fr\/de\/shop\/"},{"@type":"ListItem","position":3,"name":"Online-Verkauf","item":"https:\/\/www.vallonchene.fr\/de\/produkt-kategorie\/online-verkauf-de\/"},{"@type":"ListItem","position":4,"name":"Baumschule","item":"https:\/\/www.vallonchene.fr\/de\/produkt-kategorie\/online-verkauf-de\/baumschule-gaertnerei-de\/"},{"@type":"ListItem","position":5,"name":"Str\u00e4ucher und B\u00e4ume","item":"https:\/\/www.vallonchene.fr\/de\/produkt-kategorie\/online-verkauf-de\/baumschule-gaertnerei-de\/straucher-und-baume-de\/"},{"@type":"ListItem","position":6,"name":"FAGUS sylvatica var. heterophylla &lsquo;Mercedes&rsquo; (Rotbuche)"}]},{"@type":"WebSite","@id":"https:\/\/www.vallonchene.fr\/de\/#website","url":"https:\/\/www.vallonchene.fr\/de\/","name":"Vallonch\u00eane","description":"Die Baumschule, bei der Qualit\u00e4t ihre Wurzeln hat \u2013 Tel.: +49 (0)6838-5399840","publisher":{"@id":"https:\/\/www.vallonchene.fr\/de\/#organization"},"potentialAction":[{"@type":"SearchAction","target":{"@type":"EntryPoint","urlTemplate":"https:\/\/www.vallonchene.fr\/de\/?s={search_term_string}"},"query-input":{"@type":"PropertyValueSpecification","valueRequired":true,"valueName":"search_term_string"}}],"inLanguage":"de"},{"@type":"Organization","@id":"https:\/\/www.vallonchene.fr\/de\/#organization","name":"VALLONCHENE","url":"https:\/\/www.vallonchene.fr\/de\/","logo":{"@type":"ImageObject","inLanguage":"de","@id":"https:\/\/www.vallonchene.fr\/de\/#\/schema\/logo\/image\/","url":"https:\/\/www.vallonchene.fr\/wp-content\/uploads\/2023\/03\/Logo-Vallonchene-site-et-R_hauteur_100.png","contentUrl":"https:\/\/www.vallonchene.fr\/wp-content\/uploads\/2023\/03\/Logo-Vallonchene-site-et-R_hauteur_100.png","width":221,"height":100,"caption":"VALLONCHENE"},"image":{"@id":"https:\/\/www.vallonchene.fr\/de\/#\/schema\/logo\/image\/"},"sameAs":["https:\/\/www.facebook.com\/vallonchene.fr","https:\/\/www.instagram.com\/vallonchene\/","https:\/\/www.pinterest.fr\/vallonchene\/"],"taxID":"49454502300017","hasMerchantReturnPolicy":{"@type":"MerchantReturnPolicy","merchantReturnLink":"https:\/\/www.vallonchene.fr\/remboursements_retours\/"}}]},"og_availability":"out of stock","product_availability":"out of stock","product_retailer_item_id":"59431","product_condition":"new"},"_links":{"self":[{"href":"https:\/\/www.vallonchene.fr\/de\/wp-json\/wp\/v2\/product\/24815","targetHints":{"allow":["GET"]}}],"collection":[{"href":"https:\/\/www.vallonchene.fr\/de\/wp-json\/wp\/v2\/product"}],"about":[{"href":"https:\/\/www.vallonchene.fr\/de\/wp-json\/wp\/v2\/types\/product"}],"replies":[{"embeddable":true,"href":"https:\/\/www.vallonchene.fr\/de\/wp-json\/wp\/v2\/comments?post=24815"}],"wp:featuredmedia":[{"embeddable":true,"href":"https:\/\/www.vallonchene.fr\/de\/wp-json\/wp\/v2\/media\/40441"}],"wp:attachment":[{"href":"https:\/\/www.vallonchene.fr\/de\/wp-json\/wp\/v2\/media?parent=24815"}],"wp:term":[{"taxonomy":"product_brand","embeddable":true,"href":"https:\/\/www.vallonchene.fr\/de\/wp-json\/wp\/v2\/product_brand?post=24815"},{"taxonomy":"product_cat","embeddable":true,"href":"https:\/\/www.vallonchene.fr\/de\/wp-json\/wp\/v2\/product_cat?post=24815"},{"taxonomy":"product_tag","embeddable":true,"href":"https:\/\/www.vallonchene.fr\/de\/wp-json\/wp\/v2\/product_tag?post=24815"}],"curies":[{"name":"wp","href":"https:\/\/api.w.org\/{rel}","templated":true}]}}