{"id":24677,"date":"2022-07-26T15:13:02","date_gmt":"2022-07-26T15:13:02","guid":{"rendered":"https:\/\/testing.vallonchene.fr\/produit\/populus-tremula-erecta-fastigiata-espe-aspe-zitterpappel\/"},"modified":"2025-07-31T12:11:12","modified_gmt":"2025-07-31T10:11:12","slug":"populus-tremula-erecta-fastigiata-espe-aspe-zitterpappel","status":"publish","type":"product","link":"https:\/\/www.vallonchene.fr\/de\/produkt\/populus-tremula-erecta-fastigiata-espe-aspe-zitterpappel\/","title":{"rendered":"POPULUS tremula &#8218;Erecta&#8216; (Fastigiata)"},"content":{"rendered":"<h2>Die Pflanze<\/h2>\n<p>Die <strong>POPULUS tremula &#8218;Erecta&#8216; (syn. Fastigiata)<\/strong>, allgemein bekannt als <strong>s\u00e4ulenf\u00f6rmige Zitterpappel<\/strong>, stellt ein <strong>wichtiges strukturelles und dekoratives Element<\/strong> f\u00fcr jeden Garten dar, ob gro\u00df oder klein.<\/p>\n<p>In der Tat <strong>ben\u00f6tigt dieser Baum sehr wenig Platz<\/strong>. Ferner erreicht er eine <strong>deutlich geringere H\u00f6he als beispielsweise die Italienische Pappel<\/strong>. Der Stamm der Exemplare im Vallonch\u00eane-Garten, die etwas \u00fcber 20 Jahre alt sind, misst nur etwa zwanzig Zentimeter im Durchmesser.  <\/p>\n<p>Au\u00dferdem nimmt sein <strong>mattes Laub<\/strong> <strong>im Herbst interessante Farben<\/strong> an, die von Rot \u00fcber Gelb bis hin zu Orange reichen. <\/p>\n<p>Schlie\u00dflich betonen seine sehr vertikalen, kahlen \u00c4ste im Winter seine s\u00e4ulenf\u00f6rmige Silhouette.<\/p>\n<p>Um alle derzeit zum Verkauf stehenden POPULUS zu sehen, <strong><a href=\"https:\/\/www.vallonchene.fr\/de\/?s=populus&amp;post_type=product&amp;dgwt_wcas=1&amp;lang=fr&amp;filter_stock_status=instock\">klicken Sie bitte hier<\/a><\/strong>.<\/p>\n<h2>Wie pflanzt und pflegt man POPULUS tremula &#8218;Erecta&#8216; (Fastigiata)?<\/h2>\n<h3>Pflanzung<\/h3>\n<p>Dieser Baum ist nicht anspruchsvoll. Dennoch sollten Sie die folgenden Punkte ber\u00fccksichtigen: <\/p>\n<ol>\n<li>W\u00e4hlen Sie einen Standort in voller Sonne oder Halbschatten.<\/li>\n<li>Der Standort kann feucht, m\u00e4\u00dfig feucht oder trocken sein.<\/li>\n<li>Die s\u00e4ulenf\u00f6rmige Zitterpappel akzeptiert leichte, normale oder schwere Erde mit einem sauren, neutralen oder kalkhaltigen pH-Wert.<\/li>\n<\/ol>\n<p><a href=\"https:\/\/www.vallonchene.fr\/comment-planter-et-entretenir-des-vegetaux\/comment-planter-et-entretenir-arbres-arbustes-et-coniferes\/\" target=\"_blank\" rel=\"noreferrer noopener\"><strong>F\u00fcr eine gute Vorbereitung des Pflanzlochs haben wir spezielle Anweisungen entwickelt, die hier verf\u00fcgbar sind. <\/strong><\/a><\/p>\n<h3>Pflege<\/h3>\n<p>Wenn diese Pflanze nicht anspruchsvoll in Bezug auf die Pflanzung ist, so ist sie es noch weniger in Bezug auf die Pflege. Dennoch sollte die Bew\u00e4sserung w\u00e4hrend trockener Perioden in den ersten beiden Jahren nach der Pflanzung verfolgt werden, um ein gutes Anwachsen zu gew\u00e4hrleisten.  <a href=\"https:\/\/www.vallonchene.fr\/comment-bien-arroser-le-jardin-et-economiser-leau\/\"><strong>Lesen Sie hier auch unsere Tipps zum richtigen Gie\u00dfen und Wassersparen<\/strong><\/a>.<\/p>\n<p>Jedoch k\u00f6nnen Sie bei besonderen Anforderungen im Januar oder Februar einen Schnitt vornehmen.<\/p>\n<h2>Geschichte und Herkunft<\/h2>\n<p>Der POPULUS tremula &#8218;Erecta&#8216; (Fastigiata) geh\u00f6rt zu den faszinierenden Kultivaren der europ\u00e4ischen Pappel. Er wurde Mitte des 19. Jahrhunderts in Schweden entdeckt, genauer gesagt in V\u00e4sterg\u00f6tland im Jahr 1847. <\/p>\n<p>Die Art <em>POPULUS<\/em> besitzt eine reiche evolution\u00e4re Geschichte mit Spuren in Eurasien nach dem Massenaussterben der Kreide-Pal\u00e4ogen-Zeit. Danach diversifizierte sie sich erheblich vor etwa 27 Millionen Jahren, beeinflusst durch Klimaver\u00e4nderungen. <em><br \/>\n<\/em><\/p>\n<p>Schlie\u00dflich begeistert der POPULUS tremula &#8218;Erecta&#8216; (syn. Fastigiata) mit seiner aufrechten Wuchsform und bringt im Herbst eine zus\u00e4tzliche Farbnote.<\/p>\n","protected":false},"excerpt":{"rendered":"<p>Diese <strong>Zitterpappel<\/strong> hat eine sehr aufrechte Wuchsform. Die Bl\u00e4tter des <strong>POPULUS tremula &#8218;Erecta&#8216;<\/strong> sind kleiner als bei der klassischen Art und nehmen im Herbst leuchtende Farben an. <\/p>\n","protected":false},"featured_media":53823,"comment_status":"open","ping_status":"closed","template":"","meta":[],"product_brand":[],"product_cat":[252],"product_tag":[12572],"class_list":{"0":"post-24677","1":"product","2":"type-product","3":"status-publish","4":"has-post-thumbnail","6":"product_cat-straucher-und-baume-de","7":"product_tag-populus-de","8":"pa_99-hauteurapproximativeapres1-2_3m-de","9":"pa_couleurdufeuillage-grun-de","10":"pa_exigencesenhumidite-feucht-de","11":"pa_exigencesenhumidite-normal-de","12":"pa_exigencesenhumidite-trocken-de","13":"pa_expositionspossibles-ce-halbschattigsonnezw12und17-de","14":"pa_expositionspossibles-fc-schattigkeindirektessonnen-de","15":"pa_expositionspossibles-sonnigvon12bis17uhr-de","16":"pa_hauteurlivree-100-bis-125-cm","17":"pa_hauteurlivree-125-bis-150-cm","18":"pa_hauteurlivree-150-bis-175-cm","19":"pa_interetauprintemps-form-de","20":"pa_interetauprintemps-laub-de","21":"pa_interetenautomne-form-de","22":"pa_interetenautomne-laub-de","23":"pa_interetenete-form-de","24":"pa_interetenete-laub-de","25":"pa_interetenhiver-form-de","26":"pa_naturedufeuillage-nichtimmergrun-de","27":"pa_naturesdesolpossibles-leicht-de","28":"pa_naturesdesolpossibles-normal-de","29":"pa_naturesdesolpossibles-schwer-de","30":"pa_periodedetaille-febr-de","31":"pa_periodedetaille-jan-de","32":"pa_phdusolacceptable-kalkigmehrals75-de","33":"pa_phdusolacceptable-neutralzw65u75-de","34":"pa_phdusolacceptable-sauerwenigerals65-de","35":"pa_portgraphisme-kolonnenformig-de","36":"pa_resistanceaufroidrusticite-frostbestandigunter_20c-de","37":"pa_tailledepot-5liter_topf-de","38":"pa_tailledepot-75liter_topf-de","39":"pa_utilisationpossible-alleinstehend-de","40":"pa_utilisationpossible-beet-de","42":"first","43":"instock","44":"taxable","45":"shipping-taxable","46":"purchasable","47":"product-type-variable"},"supplier_id":null,"supplier_sku":"","barcode":null,"atum_controlled":true,"out_stock_date":null,"out_stock_threshold":null,"inheritable":true,"inbound_stock":0,"stock_on_hold":0,"sold_today":0,"sales_last_days":2,"reserved_stock":0,"customer_returns":0,"warehouse_damage":0,"lost_in_post":0,"other_logs":0,"out_stock_days":null,"lost_sales":0,"has_location":false,"update_date":"2025-11-30T16:13:08","atum_locations":[],"atum_stock_status":"instock","restock_status":false,"low_stock_amount":"","sales_update_date":"2024-02-11T14:22:12","calc_backorders":null,"yoast_head":"<!-- This site is optimized with the Yoast SEO Premium plugin v27.5 (Yoast SEO v27.5) - https:\/\/yoast.com\/product\/yoast-seo-premium-wordpress\/ -->\n<title>POPULUS tremula &#039;Erecta&#039; (Fastigiata) (fastigiate quaking aspen)<\/title>\n<meta name=\"description\" content=\"Diese Zitterpappel hat eine sehr aufrechte Wuchsform. Die Bl\u00e4tter der POPULUS tremula &#039;Erecta&#039; sind deutlich kleiner als bei der klassischen Art.\" \/>\n<meta name=\"robots\" content=\"index, follow, max-snippet:-1, max-image-preview:large, max-video-preview:-1\" \/>\n<link rel=\"canonical\" href=\"https:\/\/www.vallonchene.fr\/de\/produkt\/populus-tremula-erecta-fastigiata-espe-aspe-zitterpappel\/\" \/>\n<meta property=\"og:locale\" content=\"de_DE\" \/>\n<meta property=\"og:type\" content=\"article\" \/>\n<meta property=\"og:title\" content=\"POPULUS tremula &#039;Erecta&#039; (Fastigiata)\" \/>\n<meta property=\"og:description\" content=\"Diese Zitterpappel hat eine sehr aufrechte Wuchsform. Die Bl\u00e4tter der POPULUS tremula &#039;Erecta&#039; sind deutlich kleiner als bei der klassischen Art.\" \/>\n<meta property=\"og:url\" content=\"https:\/\/www.vallonchene.fr\/de\/produkt\/populus-tremula-erecta-fastigiata-espe-aspe-zitterpappel\/\" \/>\n<meta property=\"og:site_name\" content=\"Vallonch\u00eane\" \/>\n<meta property=\"article:publisher\" content=\"https:\/\/www.facebook.com\/vallonchene.fr\" \/>\n<meta property=\"article:modified_time\" content=\"2025-07-31T10:11:12+00:00\" \/>\n<meta property=\"og:image\" content=\"https:\/\/www.vallonchene.fr\/wp-content\/uploads\/2025\/05\/POPULUS-tremula-Erecta_02.webp\" \/>\n\t<meta property=\"og:image:width\" content=\"1200\" \/>\n\t<meta property=\"og:image:height\" content=\"1200\" \/>\n\t<meta property=\"og:image:type\" content=\"image\/webp\" \/>\n<meta name=\"twitter:card\" content=\"summary_large_image\" \/>\n<meta name=\"twitter:label1\" content=\"Verf\u00fcgbarkeit\" \/>\n\t<meta name=\"twitter:data1\" content=\"Vorr\u00e4tig\" \/>\n<script type=\"application\/ld+json\" class=\"yoast-schema-graph\">{\"@context\":\"https:\\\/\\\/schema.org\",\"@graph\":[{\"@type\":\"WebPage\",\"@id\":\"https:\\\/\\\/www.vallonchene.fr\\\/de\\\/produkt\\\/populus-tremula-erecta-fastigiata-espe-aspe-zitterpappel\\\/\",\"url\":\"https:\\\/\\\/www.vallonchene.fr\\\/de\\\/produkt\\\/populus-tremula-erecta-fastigiata-espe-aspe-zitterpappel\\\/\",\"name\":\"POPULUS tremula 'Erecta' (Fastigiata) (fastigiate quaking aspen)\",\"isPartOf\":{\"@id\":\"https:\\\/\\\/www.vallonchene.fr\\\/de\\\/#website\"},\"primaryImageOfPage\":{\"@id\":\"https:\\\/\\\/www.vallonchene.fr\\\/de\\\/produkt\\\/populus-tremula-erecta-fastigiata-espe-aspe-zitterpappel\\\/#primaryimage\"},\"image\":{\"@id\":\"https:\\\/\\\/www.vallonchene.fr\\\/de\\\/produkt\\\/populus-tremula-erecta-fastigiata-espe-aspe-zitterpappel\\\/#primaryimage\"},\"thumbnailUrl\":\"https:\\\/\\\/www.vallonchene.fr\\\/wp-content\\\/uploads\\\/2025\\\/05\\\/POPULUS-tremula-Erecta_02.webp\",\"datePublished\":\"2022-07-26T15:13:02+00:00\",\"dateModified\":\"2025-07-31T10:11:12+00:00\",\"description\":\"Diese Zitterpappel hat eine sehr aufrechte Wuchsform. Die Bl\u00e4tter der POPULUS tremula 'Erecta' sind deutlich kleiner als bei der klassischen Art.\",\"breadcrumb\":{\"@id\":\"https:\\\/\\\/www.vallonchene.fr\\\/de\\\/produkt\\\/populus-tremula-erecta-fastigiata-espe-aspe-zitterpappel\\\/#breadcrumb\"},\"inLanguage\":\"de\",\"potentialAction\":[{\"@type\":\"ReadAction\",\"target\":[\"https:\\\/\\\/www.vallonchene.fr\\\/de\\\/produkt\\\/populus-tremula-erecta-fastigiata-espe-aspe-zitterpappel\\\/\"]}]},{\"@type\":\"ImageObject\",\"inLanguage\":\"de\",\"@id\":\"https:\\\/\\\/www.vallonchene.fr\\\/de\\\/produkt\\\/populus-tremula-erecta-fastigiata-espe-aspe-zitterpappel\\\/#primaryimage\",\"url\":\"https:\\\/\\\/www.vallonchene.fr\\\/wp-content\\\/uploads\\\/2025\\\/05\\\/POPULUS-tremula-Erecta_02.webp\",\"contentUrl\":\"https:\\\/\\\/www.vallonchene.fr\\\/wp-content\\\/uploads\\\/2025\\\/05\\\/POPULUS-tremula-Erecta_02.webp\",\"width\":1200,\"height\":1200,\"caption\":\"Deux POPULUS tremula 'Erecta' (Fastigiata) avec une emprise au sol tr\u00e8s r\u00e9duite\"},{\"@type\":\"BreadcrumbList\",\"@id\":\"https:\\\/\\\/www.vallonchene.fr\\\/de\\\/produkt\\\/populus-tremula-erecta-fastigiata-espe-aspe-zitterpappel\\\/#breadcrumb\",\"itemListElement\":[{\"@type\":\"ListItem\",\"position\":1,\"name\":\"Home\",\"item\":\"https:\\\/\\\/www.vallonchene.fr\\\/de\\\/\"},{\"@type\":\"ListItem\",\"position\":2,\"name\":\"Shop\",\"item\":\"https:\\\/\\\/www.vallonchene.fr\\\/de\\\/shop\\\/\"},{\"@type\":\"ListItem\",\"position\":3,\"name\":\"Online-Verkauf\",\"item\":\"https:\\\/\\\/www.vallonchene.fr\\\/de\\\/produkt-kategorie\\\/online-verkauf-de\\\/\"},{\"@type\":\"ListItem\",\"position\":4,\"name\":\"Baumschule\",\"item\":\"https:\\\/\\\/www.vallonchene.fr\\\/de\\\/produkt-kategorie\\\/online-verkauf-de\\\/baumschule-gaertnerei-de\\\/\"},{\"@type\":\"ListItem\",\"position\":5,\"name\":\"Str\u00e4ucher und B\u00e4ume\",\"item\":\"https:\\\/\\\/www.vallonchene.fr\\\/de\\\/produkt-kategorie\\\/online-verkauf-de\\\/baumschule-gaertnerei-de\\\/straucher-und-baume-de\\\/\"},{\"@type\":\"ListItem\",\"position\":6,\"name\":\"POPULUS tremula &lsquo;Erecta&rsquo; (Fastigiata)\"}]},{\"@type\":\"WebSite\",\"@id\":\"https:\\\/\\\/www.vallonchene.fr\\\/de\\\/#website\",\"url\":\"https:\\\/\\\/www.vallonchene.fr\\\/de\\\/\",\"name\":\"Vallonch\u00eane\",\"description\":\"Die Baumschule, bei der Qualit\u00e4t ihre Wurzeln hat \u2013 Tel.: +49 (0)6838-5399840\",\"publisher\":{\"@id\":\"https:\\\/\\\/www.vallonchene.fr\\\/de\\\/#organization\"},\"potentialAction\":[{\"@type\":\"SearchAction\",\"target\":{\"@type\":\"EntryPoint\",\"urlTemplate\":\"https:\\\/\\\/www.vallonchene.fr\\\/de\\\/?s={search_term_string}\"},\"query-input\":{\"@type\":\"PropertyValueSpecification\",\"valueRequired\":true,\"valueName\":\"search_term_string\"}}],\"inLanguage\":\"de\"},{\"@type\":\"Organization\",\"@id\":\"https:\\\/\\\/www.vallonchene.fr\\\/de\\\/#organization\",\"name\":\"VALLONCHENE\",\"url\":\"https:\\\/\\\/www.vallonchene.fr\\\/de\\\/\",\"logo\":{\"@type\":\"ImageObject\",\"inLanguage\":\"de\",\"@id\":\"https:\\\/\\\/www.vallonchene.fr\\\/de\\\/#\\\/schema\\\/logo\\\/image\\\/\",\"url\":\"https:\\\/\\\/www.vallonchene.fr\\\/wp-content\\\/uploads\\\/2023\\\/03\\\/Logo-Vallonchene-site-et-R_hauteur_100.png\",\"contentUrl\":\"https:\\\/\\\/www.vallonchene.fr\\\/wp-content\\\/uploads\\\/2023\\\/03\\\/Logo-Vallonchene-site-et-R_hauteur_100.png\",\"width\":221,\"height\":100,\"caption\":\"VALLONCHENE\"},\"image\":{\"@id\":\"https:\\\/\\\/www.vallonchene.fr\\\/de\\\/#\\\/schema\\\/logo\\\/image\\\/\"},\"sameAs\":[\"https:\\\/\\\/www.facebook.com\\\/vallonchene.fr\",\"https:\\\/\\\/www.instagram.com\\\/vallonchene\\\/\",\"https:\\\/\\\/www.pinterest.fr\\\/vallonchene\\\/\"],\"taxID\":\"49454502300017\",\"hasMerchantReturnPolicy\":{\"@type\":\"MerchantReturnPolicy\",\"merchantReturnLink\":\"https:\\\/\\\/www.vallonchene.fr\\\/remboursements_retours\\\/\"}}]}<\/script>\n<meta property=\"og:availability\" content=\"instock\" \/>\n<meta property=\"product:availability\" content=\"instock\" \/>\n<meta property=\"product:retailer_item_id\" content=\"68259\" \/>\n<meta property=\"product:condition\" content=\"new\" \/>\n<!-- \/ Yoast SEO Premium plugin. -->","yoast_head_json":{"title":"POPULUS tremula 'Erecta' (Fastigiata) (fastigiate quaking aspen)","description":"Diese Zitterpappel hat eine sehr aufrechte Wuchsform. Die Bl\u00e4tter der POPULUS tremula 'Erecta' sind deutlich kleiner als bei der klassischen Art.","robots":{"index":"index","follow":"follow","max-snippet":"max-snippet:-1","max-image-preview":"max-image-preview:large","max-video-preview":"max-video-preview:-1"},"canonical":"https:\/\/www.vallonchene.fr\/de\/produkt\/populus-tremula-erecta-fastigiata-espe-aspe-zitterpappel\/","og_locale":"de_DE","og_type":"article","og_title":"POPULUS tremula 'Erecta' (Fastigiata)","og_description":"Diese Zitterpappel hat eine sehr aufrechte Wuchsform. Die Bl\u00e4tter der POPULUS tremula 'Erecta' sind deutlich kleiner als bei der klassischen Art.","og_url":"https:\/\/www.vallonchene.fr\/de\/produkt\/populus-tremula-erecta-fastigiata-espe-aspe-zitterpappel\/","og_site_name":"Vallonch\u00eane","article_publisher":"https:\/\/www.facebook.com\/vallonchene.fr","article_modified_time":"2025-07-31T10:11:12+00:00","og_image":[{"width":1200,"height":1200,"url":"https:\/\/www.vallonchene.fr\/wp-content\/uploads\/2025\/05\/POPULUS-tremula-Erecta_02.webp","type":"image\/webp"}],"twitter_card":"summary_large_image","twitter_misc":{"Verf\u00fcgbarkeit":"Vorr\u00e4tig"},"schema":{"@context":"https:\/\/schema.org","@graph":[{"@type":"WebPage","@id":"https:\/\/www.vallonchene.fr\/de\/produkt\/populus-tremula-erecta-fastigiata-espe-aspe-zitterpappel\/","url":"https:\/\/www.vallonchene.fr\/de\/produkt\/populus-tremula-erecta-fastigiata-espe-aspe-zitterpappel\/","name":"POPULUS tremula 'Erecta' (Fastigiata) (fastigiate quaking aspen)","isPartOf":{"@id":"https:\/\/www.vallonchene.fr\/de\/#website"},"primaryImageOfPage":{"@id":"https:\/\/www.vallonchene.fr\/de\/produkt\/populus-tremula-erecta-fastigiata-espe-aspe-zitterpappel\/#primaryimage"},"image":{"@id":"https:\/\/www.vallonchene.fr\/de\/produkt\/populus-tremula-erecta-fastigiata-espe-aspe-zitterpappel\/#primaryimage"},"thumbnailUrl":"https:\/\/www.vallonchene.fr\/wp-content\/uploads\/2025\/05\/POPULUS-tremula-Erecta_02.webp","datePublished":"2022-07-26T15:13:02+00:00","dateModified":"2025-07-31T10:11:12+00:00","description":"Diese Zitterpappel hat eine sehr aufrechte Wuchsform. Die Bl\u00e4tter der POPULUS tremula 'Erecta' sind deutlich kleiner als bei der klassischen Art.","breadcrumb":{"@id":"https:\/\/www.vallonchene.fr\/de\/produkt\/populus-tremula-erecta-fastigiata-espe-aspe-zitterpappel\/#breadcrumb"},"inLanguage":"de","potentialAction":[{"@type":"ReadAction","target":["https:\/\/www.vallonchene.fr\/de\/produkt\/populus-tremula-erecta-fastigiata-espe-aspe-zitterpappel\/"]}]},{"@type":"ImageObject","inLanguage":"de","@id":"https:\/\/www.vallonchene.fr\/de\/produkt\/populus-tremula-erecta-fastigiata-espe-aspe-zitterpappel\/#primaryimage","url":"https:\/\/www.vallonchene.fr\/wp-content\/uploads\/2025\/05\/POPULUS-tremula-Erecta_02.webp","contentUrl":"https:\/\/www.vallonchene.fr\/wp-content\/uploads\/2025\/05\/POPULUS-tremula-Erecta_02.webp","width":1200,"height":1200,"caption":"Deux POPULUS tremula 'Erecta' (Fastigiata) avec une emprise au sol tr\u00e8s r\u00e9duite"},{"@type":"BreadcrumbList","@id":"https:\/\/www.vallonchene.fr\/de\/produkt\/populus-tremula-erecta-fastigiata-espe-aspe-zitterpappel\/#breadcrumb","itemListElement":[{"@type":"ListItem","position":1,"name":"Home","item":"https:\/\/www.vallonchene.fr\/de\/"},{"@type":"ListItem","position":2,"name":"Shop","item":"https:\/\/www.vallonchene.fr\/de\/shop\/"},{"@type":"ListItem","position":3,"name":"Online-Verkauf","item":"https:\/\/www.vallonchene.fr\/de\/produkt-kategorie\/online-verkauf-de\/"},{"@type":"ListItem","position":4,"name":"Baumschule","item":"https:\/\/www.vallonchene.fr\/de\/produkt-kategorie\/online-verkauf-de\/baumschule-gaertnerei-de\/"},{"@type":"ListItem","position":5,"name":"Str\u00e4ucher und B\u00e4ume","item":"https:\/\/www.vallonchene.fr\/de\/produkt-kategorie\/online-verkauf-de\/baumschule-gaertnerei-de\/straucher-und-baume-de\/"},{"@type":"ListItem","position":6,"name":"POPULUS tremula &lsquo;Erecta&rsquo; (Fastigiata)"}]},{"@type":"WebSite","@id":"https:\/\/www.vallonchene.fr\/de\/#website","url":"https:\/\/www.vallonchene.fr\/de\/","name":"Vallonch\u00eane","description":"Die Baumschule, bei der Qualit\u00e4t ihre Wurzeln hat \u2013 Tel.: +49 (0)6838-5399840","publisher":{"@id":"https:\/\/www.vallonchene.fr\/de\/#organization"},"potentialAction":[{"@type":"SearchAction","target":{"@type":"EntryPoint","urlTemplate":"https:\/\/www.vallonchene.fr\/de\/?s={search_term_string}"},"query-input":{"@type":"PropertyValueSpecification","valueRequired":true,"valueName":"search_term_string"}}],"inLanguage":"de"},{"@type":"Organization","@id":"https:\/\/www.vallonchene.fr\/de\/#organization","name":"VALLONCHENE","url":"https:\/\/www.vallonchene.fr\/de\/","logo":{"@type":"ImageObject","inLanguage":"de","@id":"https:\/\/www.vallonchene.fr\/de\/#\/schema\/logo\/image\/","url":"https:\/\/www.vallonchene.fr\/wp-content\/uploads\/2023\/03\/Logo-Vallonchene-site-et-R_hauteur_100.png","contentUrl":"https:\/\/www.vallonchene.fr\/wp-content\/uploads\/2023\/03\/Logo-Vallonchene-site-et-R_hauteur_100.png","width":221,"height":100,"caption":"VALLONCHENE"},"image":{"@id":"https:\/\/www.vallonchene.fr\/de\/#\/schema\/logo\/image\/"},"sameAs":["https:\/\/www.facebook.com\/vallonchene.fr","https:\/\/www.instagram.com\/vallonchene\/","https:\/\/www.pinterest.fr\/vallonchene\/"],"taxID":"49454502300017","hasMerchantReturnPolicy":{"@type":"MerchantReturnPolicy","merchantReturnLink":"https:\/\/www.vallonchene.fr\/remboursements_retours\/"}}]},"og_availability":"instock","product_availability":"instock","product_retailer_item_id":"68259","product_condition":"new"},"_links":{"self":[{"href":"https:\/\/www.vallonchene.fr\/de\/wp-json\/wp\/v2\/product\/24677","targetHints":{"allow":["GET"]}}],"collection":[{"href":"https:\/\/www.vallonchene.fr\/de\/wp-json\/wp\/v2\/product"}],"about":[{"href":"https:\/\/www.vallonchene.fr\/de\/wp-json\/wp\/v2\/types\/product"}],"replies":[{"embeddable":true,"href":"https:\/\/www.vallonchene.fr\/de\/wp-json\/wp\/v2\/comments?post=24677"}],"wp:featuredmedia":[{"embeddable":true,"href":"https:\/\/www.vallonchene.fr\/de\/wp-json\/wp\/v2\/media\/53823"}],"wp:attachment":[{"href":"https:\/\/www.vallonchene.fr\/de\/wp-json\/wp\/v2\/media?parent=24677"}],"wp:term":[{"taxonomy":"product_brand","embeddable":true,"href":"https:\/\/www.vallonchene.fr\/de\/wp-json\/wp\/v2\/product_brand?post=24677"},{"taxonomy":"product_cat","embeddable":true,"href":"https:\/\/www.vallonchene.fr\/de\/wp-json\/wp\/v2\/product_cat?post=24677"},{"taxonomy":"product_tag","embeddable":true,"href":"https:\/\/www.vallonchene.fr\/de\/wp-json\/wp\/v2\/product_tag?post=24677"}],"curies":[{"name":"wp","href":"https:\/\/api.w.org\/{rel}","templated":true}]}}