{"id":23816,"date":"2021-09-18T10:21:25","date_gmt":"2021-09-18T10:21:25","guid":{"rendered":"https:\/\/testing.vallonchene.fr\/produit\/betula-pendula-ssp-pendula-karaca-r\/"},"modified":"2025-06-20T11:18:23","modified_gmt":"2025-06-20T09:18:23","slug":"betula-pendula-ssp-pendula-karaca-r","status":"publish","type":"product","link":"https:\/\/www.vallonchene.fr\/de\/produkt\/betula-pendula-ssp-pendula-karaca-r\/","title":{"rendered":"BETULA pendula ssp. pendula &#8218;Karaca&#8216; (R)"},"content":{"rendered":"<h2>Die Pflanze<\/h2>\n<p>Die <strong>BETULA pendula ssp. pendula &#8218;Karaca&#8216; <\/strong> (R) ist eine faszinierende H\u00e4nge-Birke. Tats\u00e4chlich sind die <strong>Bl\u00e4tter extrem fein<\/strong> wie Spitze. Man k\u00f6nnte sie sogar als B\u00fcschel von F\u00e4den bezeichnen. Sie \u00e4hneln denen einiger japanischer Ahorne, jedoch ohne deren Nachteile, da es eine sehr robuste Pflanze ist.   <\/p>\n<p>In Verbindung mit den <strong>herabh\u00e4ngenden Zweigen<\/strong> zeichnet sich dieser winzige Baum durch ein <strong>elegantes, leichtes und anmutiges Erscheinungsbild<\/strong> aus. Daher eignet er sich perfekt f\u00fcr japanische G\u00e4rten und die Pflanzung in K\u00fcbeln, um romantische Stimmungen zu schaffen. <\/p>\n<p>Ebenso f\u00fchrt sein <strong>sehr langsames Wachstum<\/strong> dazu, dass dieser Baum nach vielen Jahren nicht h\u00f6her als 2 Meter wird und eine Bodenfl\u00e4che von etwa 1,50 Metern einnimmt. Er ist somit viel kleiner als die Art der Gattung. <\/p>\n<p>Schlie\u00dflich nimmt sein <strong>Laub im Herbst eine intensiv gelbe Farbe<\/strong> an, um das Schauspiel zu betonen.<\/p>\n<p><strong>Mit zunehmendem Alter beginnt die Rinde sich zu sch\u00e4len<\/strong> und entwickelt eine dunkle, raue Textur. Dies schafft einen auff\u00e4lligen Kontrast zum zarten Laub. <\/p>\n<p>Um alle derzeit zum Verkauf stehenden BETULA zu sehen, <strong><a href=\"https:\/\/www.vallonchene.fr\/de\/?s=betula&amp;post_type=product&amp;dgwt_wcas=1&amp;lang=fr&amp;filter_stock_status=instock\">klicken Sie bitte hier<\/a><\/strong>.<\/p>\n<h2>Wie pflanzt und pflegt man BETULA pendula ssp. pendula &#8218;Karaca&#8216;? <\/h2>\n<p>Um das Beste aus dieser <strong>sehr robusten Pflanze<\/strong> (widerstandsf\u00e4hig unter -20 \u00b0C) herauszuholen, sind hier einige Punkte zu beachten:<\/p>\n<h3>Pflanzung<\/h3>\n<ol>\n<li>W\u00e4hlen Sie einen Standort in <strong>voller Sonne<\/strong> oder im <strong>Halbschatten<\/strong>.<\/li>\n<li>Dieser kleine Baum toleriert <strong>feuchte und m\u00e4\u00dfig feuchte B\u00f6den<\/strong>. W\u00e4hlen Sie einen feuchten, fruchtbaren und gut durchl\u00e4ssigen Standort. <\/li>\n<li>Der Boden kann <strong>leicht, mittel oder schwer<\/strong> sein, mit einem <strong>sauren, neutralen oder kalkhaltigen pH-Wert<\/strong>.<\/li>\n<li><a href=\"https:\/\/www.vallonchene.fr\/comment-planter-et-entretenir-des-vegetaux\/comment-planter-et-entretenir-arbres-arbustes-et-coniferes\/\" target=\"_blank\" rel=\"noreferrer noopener\"><strong>F\u00fcr eine gute Vorbereitung des Pflanzlochs haben wir spezielle Anweisungen entwickelt, die hier verf\u00fcgbar sind. <\/strong><\/a><\/li>\n<\/ol>\n<h3>Pflege<\/h3>\n<p>Abgesehen von den \u00fcblichen Empfehlungen, w\u00e4hrend trockener Perioden in den ersten zwei Jahren regelm\u00e4\u00dfig zu gie\u00dfen, ben\u00f6tigt diese Warzen-Birke keine besondere Pflege. <a href=\"https:\/\/www.vallonchene.fr\/comment-bien-arroser-le-jardin-et-economiser-leau\/\"><strong>Lesen Sie hier auch unsere Tipps zum richtigen Gie\u00dfen und Wassersparen<\/strong><\/a>.<\/p>\n<p><strong>ACHTUNG!<\/strong> Wenn Sie ihn schneiden m\u00fcssen, tun Sie dies im Januar oder Februar und auf jeden Fall vor dem Saftanstieg. Andernfalls riskieren Sie ein \u201eBluten\u201c, das f\u00fcr die Pflanze gef\u00e4hrlich sein kann. <\/p>\n<h2>Geschichte und Herkunft<\/h2>\n<p>Die BETULA pendula ssp. pendula* &#8218;Karaca&#8216; wurde im Jahr 2000 in der T\u00fcrkei von dem ungarischen Botaniker Dr. L\u00e1szl\u00f3 Orloci entdeckt, als er ihre einzigartigen Merkmale an einem wilden Baumzweig bemerkte (siehe <strong><a href=\"https:\/\/www.rhs.org.uk\/plants\/plants-blogs\/plants\/december-2020\/betula-pendula-karaca\">RHS<\/a><\/strong>). Er benannte sie anschlie\u00dfend zu Ehren seines Freundes, des t\u00fcrkischen Pflanzensammlers Hayrettin Karaca.   <\/p>\n<p>Andernfalls ist die Gattungsart <em>BETULA pendula ssp. pendula <\/em> kommt in der Natur in Europa, Sibirien, Marokko und im Norden des Irans vor. Sie spielt eine wichtige Rolle in Wiederaufforstungsprojekten. <\/p>\n<p>Das Holz wird f\u00fcr Heizung und Bau verwendet.<\/p>\n","protected":false},"excerpt":{"rendered":"<p class=\"ai-optimize-24\">Diese <strong>H\u00e4nge-Birke<\/strong> hat ein sehr fein geschnittenes Laub. Die <strong>BETULA pendula ssp. pendula &#8218;Karaca&#8216; <\/strong> hat eine sehr elegante und leichte grafische Erscheinung.<\/p>\n","protected":false},"featured_media":53958,"comment_status":"open","ping_status":"closed","template":"","meta":[],"product_brand":[],"product_cat":[252],"product_tag":[12582,12583,12584],"class_list":{"0":"post-23816","1":"product","2":"type-product","3":"status-publish","4":"has-post-thumbnail","6":"product_cat-straucher-und-baume-de","7":"product_tag-betula-de","8":"product_tag-betula-pendula-de","9":"product_tag-hange-birke","10":"pa_99-hauteurapproximativeapres1-100a150m-de","11":"pa_couleurdufeuillage-grun-de","12":"pa_exigencesenhumidite-feucht-de","13":"pa_exigencesenhumidite-normal-de","14":"pa_expositionspossibles-ce-halbschattigsonnezw12und17-de","15":"pa_expositionspossibles-sonnigvon12bis17uhr-de","16":"pa_hauteurlivree-175-bis-200-cm","17":"pa_hauteurlivree-40-bis-50-cm","18":"pa_interetauprintemps-bluten-de","19":"pa_interetauprintemps-jungesprossen-de","20":"pa_interetauprintemps-laub-de","21":"pa_interetenautomne-form-de","22":"pa_interetenautomne-laub-de","23":"pa_interetenete-form-de","24":"pa_interetenete-laub-de","25":"pa_naturedufeuillage-lakiniert-de","26":"pa_naturedufeuillage-nichtimmergrun-de","27":"pa_naturesdesolpossibles-leicht-de","28":"pa_naturesdesolpossibles-normal-de","29":"pa_naturesdesolpossibles-schwer-de","30":"pa_periodedefloraison-fruhling-de","31":"pa_periodedetaille-febr-de","32":"pa_periodedetaille-jan-de","33":"pa_phdusolacceptable-kalkigmehrals75-de","34":"pa_phdusolacceptable-neutralzw65u75-de","35":"pa_phdusolacceptable-sauerwenigerals65-de","36":"pa_portgraphisme-kolonnenformig-de","37":"pa_portgraphisme-trauer-de","38":"pa_resistanceaufroidrusticite-frostbestandigunter_20c-de","39":"pa_tailledepot-15liter_topf-de","40":"pa_tailledepot-4liter_topf-de","41":"pa_utilisationpossible-alleinstehend-de","42":"pa_utilisationpossible-beet-de","43":"pa_utilisationpossible-kubelodertopf-de","45":"first","46":"instock","47":"taxable","48":"shipping-taxable","49":"purchasable","50":"product-type-variable","51":"has-default-attributes"},"supplier_id":null,"supplier_sku":"","barcode":null,"atum_controlled":true,"out_stock_date":null,"out_stock_threshold":null,"inheritable":true,"inbound_stock":0,"stock_on_hold":0,"sold_today":0,"sales_last_days":0,"reserved_stock":0,"customer_returns":0,"warehouse_damage":0,"lost_in_post":0,"other_logs":0,"out_stock_days":null,"lost_sales":0,"has_location":false,"update_date":"2026-01-01T10:38:38","atum_locations":[],"atum_stock_status":"instock","restock_status":false,"low_stock_amount":"","sales_update_date":"2025-12-11T09:06:01","calc_backorders":null,"yoast_head":"<!-- This site is optimized with the Yoast SEO Premium plugin v27.4 (Yoast SEO v27.4) - https:\/\/yoast.com\/product\/yoast-seo-premium-wordpress\/ -->\n<title>BETULA pendula ssp. pendula &#039;Karaca&#039; (R) - H\u00e4nge-Birke<\/title>\n<meta name=\"description\" content=\"Diese H\u00e4nge-Birke hat ein sehr fein geschnittenes Laub. Die BETULA pendula ssp. pendula &#039;Karaca&#039; besitzt eine sehr elegante und leichte grafische Erscheinung.\" \/>\n<meta name=\"robots\" content=\"index, follow, max-snippet:-1, max-image-preview:large, max-video-preview:-1\" \/>\n<link rel=\"canonical\" href=\"https:\/\/www.vallonchene.fr\/de\/produkt\/betula-pendula-ssp-pendula-karaca-r\/\" \/>\n<meta property=\"og:locale\" content=\"de_DE\" \/>\n<meta property=\"og:type\" content=\"article\" \/>\n<meta property=\"og:title\" content=\"BETULA pendula ssp. pendula &#039;Karaca&#039; (R)\" \/>\n<meta property=\"og:description\" content=\"Diese H\u00e4nge-Birke hat ein sehr fein geschnittenes Laub. Die BETULA pendula ssp. pendula &#039;Karaca&#039; besitzt eine sehr elegante und leichte grafische Erscheinung.\" \/>\n<meta property=\"og:url\" content=\"https:\/\/www.vallonchene.fr\/de\/produkt\/betula-pendula-ssp-pendula-karaca-r\/\" \/>\n<meta property=\"og:site_name\" content=\"Vallonch\u00eane\" \/>\n<meta property=\"article:publisher\" content=\"https:\/\/www.facebook.com\/vallonchene.fr\" \/>\n<meta property=\"article:modified_time\" content=\"2025-06-20T09:18:23+00:00\" \/>\n<meta property=\"og:image\" content=\"https:\/\/www.vallonchene.fr\/wp-content\/uploads\/2025\/05\/BETULA-pendula-ssp.-pendula-Karaca-R.webp\" \/>\n\t<meta property=\"og:image:width\" content=\"1200\" \/>\n\t<meta property=\"og:image:height\" content=\"1200\" \/>\n\t<meta property=\"og:image:type\" content=\"image\/webp\" \/>\n<meta name=\"twitter:card\" content=\"summary_large_image\" \/>\n<meta name=\"twitter:label1\" content=\"Verf\u00fcgbarkeit\" \/>\n\t<meta name=\"twitter:data1\" content=\"Vorr\u00e4tig\" \/>\n<script type=\"application\/ld+json\" class=\"yoast-schema-graph\">{\"@context\":\"https:\\\/\\\/schema.org\",\"@graph\":[{\"@type\":\"WebPage\",\"@id\":\"https:\\\/\\\/www.vallonchene.fr\\\/de\\\/produkt\\\/betula-pendula-ssp-pendula-karaca-r\\\/\",\"url\":\"https:\\\/\\\/www.vallonchene.fr\\\/de\\\/produkt\\\/betula-pendula-ssp-pendula-karaca-r\\\/\",\"name\":\"BETULA pendula ssp. pendula 'Karaca' (R) - H\u00e4nge-Birke\",\"isPartOf\":{\"@id\":\"https:\\\/\\\/www.vallonchene.fr\\\/de\\\/#website\"},\"primaryImageOfPage\":{\"@id\":\"https:\\\/\\\/www.vallonchene.fr\\\/de\\\/produkt\\\/betula-pendula-ssp-pendula-karaca-r\\\/#primaryimage\"},\"image\":{\"@id\":\"https:\\\/\\\/www.vallonchene.fr\\\/de\\\/produkt\\\/betula-pendula-ssp-pendula-karaca-r\\\/#primaryimage\"},\"thumbnailUrl\":\"https:\\\/\\\/www.vallonchene.fr\\\/wp-content\\\/uploads\\\/2025\\\/05\\\/BETULA-pendula-ssp.-pendula-Karaca-R.webp\",\"datePublished\":\"2021-09-18T10:21:25+00:00\",\"dateModified\":\"2025-06-20T09:18:23+00:00\",\"description\":\"Diese H\u00e4nge-Birke hat ein sehr fein geschnittenes Laub. Die BETULA pendula ssp. pendula 'Karaca' besitzt eine sehr elegante und leichte grafische Erscheinung.\",\"breadcrumb\":{\"@id\":\"https:\\\/\\\/www.vallonchene.fr\\\/de\\\/produkt\\\/betula-pendula-ssp-pendula-karaca-r\\\/#breadcrumb\"},\"inLanguage\":\"de\",\"potentialAction\":[{\"@type\":\"ReadAction\",\"target\":[\"https:\\\/\\\/www.vallonchene.fr\\\/de\\\/produkt\\\/betula-pendula-ssp-pendula-karaca-r\\\/\"]}]},{\"@type\":\"ImageObject\",\"inLanguage\":\"de\",\"@id\":\"https:\\\/\\\/www.vallonchene.fr\\\/de\\\/produkt\\\/betula-pendula-ssp-pendula-karaca-r\\\/#primaryimage\",\"url\":\"https:\\\/\\\/www.vallonchene.fr\\\/wp-content\\\/uploads\\\/2025\\\/05\\\/BETULA-pendula-ssp.-pendula-Karaca-R.webp\",\"contentUrl\":\"https:\\\/\\\/www.vallonchene.fr\\\/wp-content\\\/uploads\\\/2025\\\/05\\\/BETULA-pendula-ssp.-pendula-Karaca-R.webp\",\"width\":1200,\"height\":1200,\"caption\":\"Das Laub der Betula pendula ssp. pendula 'Karaca' ist fein wie Spitze\"},{\"@type\":\"BreadcrumbList\",\"@id\":\"https:\\\/\\\/www.vallonchene.fr\\\/de\\\/produkt\\\/betula-pendula-ssp-pendula-karaca-r\\\/#breadcrumb\",\"itemListElement\":[{\"@type\":\"ListItem\",\"position\":1,\"name\":\"Home\",\"item\":\"https:\\\/\\\/www.vallonchene.fr\\\/de\\\/\"},{\"@type\":\"ListItem\",\"position\":2,\"name\":\"Shop\",\"item\":\"https:\\\/\\\/www.vallonchene.fr\\\/de\\\/shop\\\/\"},{\"@type\":\"ListItem\",\"position\":3,\"name\":\"Online-Verkauf\",\"item\":\"https:\\\/\\\/www.vallonchene.fr\\\/de\\\/produkt-kategorie\\\/online-verkauf-de\\\/\"},{\"@type\":\"ListItem\",\"position\":4,\"name\":\"Baumschule\",\"item\":\"https:\\\/\\\/www.vallonchene.fr\\\/de\\\/produkt-kategorie\\\/online-verkauf-de\\\/baumschule-gaertnerei-de\\\/\"},{\"@type\":\"ListItem\",\"position\":5,\"name\":\"Str\u00e4ucher und B\u00e4ume\",\"item\":\"https:\\\/\\\/www.vallonchene.fr\\\/de\\\/produkt-kategorie\\\/online-verkauf-de\\\/baumschule-gaertnerei-de\\\/straucher-und-baume-de\\\/\"},{\"@type\":\"ListItem\",\"position\":6,\"name\":\"BETULA pendula ssp. pendula &#8216;Karaca&#8217; (R)\"}]},{\"@type\":\"WebSite\",\"@id\":\"https:\\\/\\\/www.vallonchene.fr\\\/de\\\/#website\",\"url\":\"https:\\\/\\\/www.vallonchene.fr\\\/de\\\/\",\"name\":\"Vallonch\u00eane\",\"description\":\"Die Baumschule, bei der Qualit\u00e4t ihre Wurzeln hat \u2013 Tel.: +49 (0)6838-5399840\",\"publisher\":{\"@id\":\"https:\\\/\\\/www.vallonchene.fr\\\/de\\\/#organization\"},\"potentialAction\":[{\"@type\":\"SearchAction\",\"target\":{\"@type\":\"EntryPoint\",\"urlTemplate\":\"https:\\\/\\\/www.vallonchene.fr\\\/de\\\/?s={search_term_string}\"},\"query-input\":{\"@type\":\"PropertyValueSpecification\",\"valueRequired\":true,\"valueName\":\"search_term_string\"}}],\"inLanguage\":\"de\"},{\"@type\":\"Organization\",\"@id\":\"https:\\\/\\\/www.vallonchene.fr\\\/de\\\/#organization\",\"name\":\"VALLONCHENE\",\"url\":\"https:\\\/\\\/www.vallonchene.fr\\\/de\\\/\",\"logo\":{\"@type\":\"ImageObject\",\"inLanguage\":\"de\",\"@id\":\"https:\\\/\\\/www.vallonchene.fr\\\/de\\\/#\\\/schema\\\/logo\\\/image\\\/\",\"url\":\"https:\\\/\\\/www.vallonchene.fr\\\/wp-content\\\/uploads\\\/2023\\\/03\\\/Logo-Vallonchene-site-et-R_hauteur_100.png\",\"contentUrl\":\"https:\\\/\\\/www.vallonchene.fr\\\/wp-content\\\/uploads\\\/2023\\\/03\\\/Logo-Vallonchene-site-et-R_hauteur_100.png\",\"width\":221,\"height\":100,\"caption\":\"VALLONCHENE\"},\"image\":{\"@id\":\"https:\\\/\\\/www.vallonchene.fr\\\/de\\\/#\\\/schema\\\/logo\\\/image\\\/\"},\"sameAs\":[\"https:\\\/\\\/www.facebook.com\\\/vallonchene.fr\",\"https:\\\/\\\/www.instagram.com\\\/vallonchene\\\/\",\"https:\\\/\\\/www.pinterest.fr\\\/vallonchene\\\/\"],\"taxID\":\"49454502300017\",\"hasMerchantReturnPolicy\":{\"@type\":\"MerchantReturnPolicy\",\"merchantReturnLink\":\"https:\\\/\\\/www.vallonchene.fr\\\/remboursements_retours\\\/\"}}]}<\/script>\n<meta property=\"og:availability\" content=\"instock\" \/>\n<meta property=\"product:availability\" content=\"instock\" \/>\n<meta property=\"product:retailer_item_id\" content=\"51539\" \/>\n<meta property=\"product:condition\" content=\"new\" \/>\n<!-- \/ Yoast SEO Premium plugin. -->","yoast_head_json":{"title":"BETULA pendula ssp. pendula 'Karaca' (R) - H\u00e4nge-Birke","description":"Diese H\u00e4nge-Birke hat ein sehr fein geschnittenes Laub. Die BETULA pendula ssp. pendula 'Karaca' besitzt eine sehr elegante und leichte grafische Erscheinung.","robots":{"index":"index","follow":"follow","max-snippet":"max-snippet:-1","max-image-preview":"max-image-preview:large","max-video-preview":"max-video-preview:-1"},"canonical":"https:\/\/www.vallonchene.fr\/de\/produkt\/betula-pendula-ssp-pendula-karaca-r\/","og_locale":"de_DE","og_type":"article","og_title":"BETULA pendula ssp. pendula 'Karaca' (R)","og_description":"Diese H\u00e4nge-Birke hat ein sehr fein geschnittenes Laub. Die BETULA pendula ssp. pendula 'Karaca' besitzt eine sehr elegante und leichte grafische Erscheinung.","og_url":"https:\/\/www.vallonchene.fr\/de\/produkt\/betula-pendula-ssp-pendula-karaca-r\/","og_site_name":"Vallonch\u00eane","article_publisher":"https:\/\/www.facebook.com\/vallonchene.fr","article_modified_time":"2025-06-20T09:18:23+00:00","og_image":[{"width":1200,"height":1200,"url":"https:\/\/www.vallonchene.fr\/wp-content\/uploads\/2025\/05\/BETULA-pendula-ssp.-pendula-Karaca-R.webp","type":"image\/webp"}],"twitter_card":"summary_large_image","twitter_misc":{"Verf\u00fcgbarkeit":"Vorr\u00e4tig"},"schema":{"@context":"https:\/\/schema.org","@graph":[{"@type":"WebPage","@id":"https:\/\/www.vallonchene.fr\/de\/produkt\/betula-pendula-ssp-pendula-karaca-r\/","url":"https:\/\/www.vallonchene.fr\/de\/produkt\/betula-pendula-ssp-pendula-karaca-r\/","name":"BETULA pendula ssp. pendula 'Karaca' (R) - H\u00e4nge-Birke","isPartOf":{"@id":"https:\/\/www.vallonchene.fr\/de\/#website"},"primaryImageOfPage":{"@id":"https:\/\/www.vallonchene.fr\/de\/produkt\/betula-pendula-ssp-pendula-karaca-r\/#primaryimage"},"image":{"@id":"https:\/\/www.vallonchene.fr\/de\/produkt\/betula-pendula-ssp-pendula-karaca-r\/#primaryimage"},"thumbnailUrl":"https:\/\/www.vallonchene.fr\/wp-content\/uploads\/2025\/05\/BETULA-pendula-ssp.-pendula-Karaca-R.webp","datePublished":"2021-09-18T10:21:25+00:00","dateModified":"2025-06-20T09:18:23+00:00","description":"Diese H\u00e4nge-Birke hat ein sehr fein geschnittenes Laub. Die BETULA pendula ssp. pendula 'Karaca' besitzt eine sehr elegante und leichte grafische Erscheinung.","breadcrumb":{"@id":"https:\/\/www.vallonchene.fr\/de\/produkt\/betula-pendula-ssp-pendula-karaca-r\/#breadcrumb"},"inLanguage":"de","potentialAction":[{"@type":"ReadAction","target":["https:\/\/www.vallonchene.fr\/de\/produkt\/betula-pendula-ssp-pendula-karaca-r\/"]}]},{"@type":"ImageObject","inLanguage":"de","@id":"https:\/\/www.vallonchene.fr\/de\/produkt\/betula-pendula-ssp-pendula-karaca-r\/#primaryimage","url":"https:\/\/www.vallonchene.fr\/wp-content\/uploads\/2025\/05\/BETULA-pendula-ssp.-pendula-Karaca-R.webp","contentUrl":"https:\/\/www.vallonchene.fr\/wp-content\/uploads\/2025\/05\/BETULA-pendula-ssp.-pendula-Karaca-R.webp","width":1200,"height":1200,"caption":"Das Laub der Betula pendula ssp. pendula 'Karaca' ist fein wie Spitze"},{"@type":"BreadcrumbList","@id":"https:\/\/www.vallonchene.fr\/de\/produkt\/betula-pendula-ssp-pendula-karaca-r\/#breadcrumb","itemListElement":[{"@type":"ListItem","position":1,"name":"Home","item":"https:\/\/www.vallonchene.fr\/de\/"},{"@type":"ListItem","position":2,"name":"Shop","item":"https:\/\/www.vallonchene.fr\/de\/shop\/"},{"@type":"ListItem","position":3,"name":"Online-Verkauf","item":"https:\/\/www.vallonchene.fr\/de\/produkt-kategorie\/online-verkauf-de\/"},{"@type":"ListItem","position":4,"name":"Baumschule","item":"https:\/\/www.vallonchene.fr\/de\/produkt-kategorie\/online-verkauf-de\/baumschule-gaertnerei-de\/"},{"@type":"ListItem","position":5,"name":"Str\u00e4ucher und B\u00e4ume","item":"https:\/\/www.vallonchene.fr\/de\/produkt-kategorie\/online-verkauf-de\/baumschule-gaertnerei-de\/straucher-und-baume-de\/"},{"@type":"ListItem","position":6,"name":"BETULA pendula ssp. pendula &#8216;Karaca&#8217; (R)"}]},{"@type":"WebSite","@id":"https:\/\/www.vallonchene.fr\/de\/#website","url":"https:\/\/www.vallonchene.fr\/de\/","name":"Vallonch\u00eane","description":"Die Baumschule, bei der Qualit\u00e4t ihre Wurzeln hat \u2013 Tel.: +49 (0)6838-5399840","publisher":{"@id":"https:\/\/www.vallonchene.fr\/de\/#organization"},"potentialAction":[{"@type":"SearchAction","target":{"@type":"EntryPoint","urlTemplate":"https:\/\/www.vallonchene.fr\/de\/?s={search_term_string}"},"query-input":{"@type":"PropertyValueSpecification","valueRequired":true,"valueName":"search_term_string"}}],"inLanguage":"de"},{"@type":"Organization","@id":"https:\/\/www.vallonchene.fr\/de\/#organization","name":"VALLONCHENE","url":"https:\/\/www.vallonchene.fr\/de\/","logo":{"@type":"ImageObject","inLanguage":"de","@id":"https:\/\/www.vallonchene.fr\/de\/#\/schema\/logo\/image\/","url":"https:\/\/www.vallonchene.fr\/wp-content\/uploads\/2023\/03\/Logo-Vallonchene-site-et-R_hauteur_100.png","contentUrl":"https:\/\/www.vallonchene.fr\/wp-content\/uploads\/2023\/03\/Logo-Vallonchene-site-et-R_hauteur_100.png","width":221,"height":100,"caption":"VALLONCHENE"},"image":{"@id":"https:\/\/www.vallonchene.fr\/de\/#\/schema\/logo\/image\/"},"sameAs":["https:\/\/www.facebook.com\/vallonchene.fr","https:\/\/www.instagram.com\/vallonchene\/","https:\/\/www.pinterest.fr\/vallonchene\/"],"taxID":"49454502300017","hasMerchantReturnPolicy":{"@type":"MerchantReturnPolicy","merchantReturnLink":"https:\/\/www.vallonchene.fr\/remboursements_retours\/"}}]},"og_availability":"instock","product_availability":"instock","product_retailer_item_id":"51539","product_condition":"new"},"_links":{"self":[{"href":"https:\/\/www.vallonchene.fr\/de\/wp-json\/wp\/v2\/product\/23816","targetHints":{"allow":["GET"]}}],"collection":[{"href":"https:\/\/www.vallonchene.fr\/de\/wp-json\/wp\/v2\/product"}],"about":[{"href":"https:\/\/www.vallonchene.fr\/de\/wp-json\/wp\/v2\/types\/product"}],"replies":[{"embeddable":true,"href":"https:\/\/www.vallonchene.fr\/de\/wp-json\/wp\/v2\/comments?post=23816"}],"wp:featuredmedia":[{"embeddable":true,"href":"https:\/\/www.vallonchene.fr\/de\/wp-json\/wp\/v2\/media\/53958"}],"wp:attachment":[{"href":"https:\/\/www.vallonchene.fr\/de\/wp-json\/wp\/v2\/media?parent=23816"}],"wp:term":[{"taxonomy":"product_brand","embeddable":true,"href":"https:\/\/www.vallonchene.fr\/de\/wp-json\/wp\/v2\/product_brand?post=23816"},{"taxonomy":"product_cat","embeddable":true,"href":"https:\/\/www.vallonchene.fr\/de\/wp-json\/wp\/v2\/product_cat?post=23816"},{"taxonomy":"product_tag","embeddable":true,"href":"https:\/\/www.vallonchene.fr\/de\/wp-json\/wp\/v2\/product_tag?post=23816"}],"curies":[{"name":"wp","href":"https:\/\/api.w.org\/{rel}","templated":true}]}}