{"id":2263,"date":"2021-08-31T10:54:33","date_gmt":"2021-08-31T10:54:33","guid":{"rendered":"https:\/\/testing.vallonchene.fr\/produit\/corylus-avellana-red-majestic\/"},"modified":"2025-03-20T10:40:40","modified_gmt":"2025-03-20T09:40:40","slug":"corylus-avellana-red-majestic","status":"publish","type":"product","link":"https:\/\/www.vallonchene.fr\/de\/produkt\/corylus-avellana-red-majestic\/","title":{"rendered":"CORYLUS avellana &#8218;Red Majestic&#8216;"},"content":{"rendered":"<p>Diese <strong>gedrehte Gemeine Hasel<\/strong> hat rote Bl\u00e4tter. Die Intensit\u00e4t der Farbe des <strong>CORYLUS avellana &#8218;Red Majestic&#8216;<\/strong> wird durch Sonneneinstrahlung verst\u00e4rkt. Mit anderen Worten: Je mehr Sonnenlicht er erh\u00e4lt, desto tiefer wird das Rot. Im Winter ist er mit seinen gedrehten Zweigen sehr dekorativ, und wenn das Exemplar \u00e4lter wird, eignet es sich besonders gut f\u00fcr einen transparenten Schnitt. Im fr\u00fchen Fr\u00fchjahr, vor dem Erscheinen der Bl\u00e4tter, machen ihn die langen K\u00e4tzchen attraktiv. Gelegentlich produziert er essbare Haseln\u00fcsse, aber diese sind meist nur sp\u00e4rlich vorhanden.     <\/p>\n","protected":false},"excerpt":{"rendered":"<p>Diese <strong>gedrehte Gemeine Hasel<\/strong> entwickelt ein wundersch\u00f6nes, tiefrotes Laub. Die <strong>CORYLUS avellana &#8218;Red Majestic&#8216;<\/strong> sollte in voller Sonne gepflanzt werden, um die intensivste Farbe zu erzielen. <\/p>\n","protected":false},"featured_media":2253,"comment_status":"open","ping_status":"closed","template":"","meta":[],"product_brand":[],"product_cat":[225,252],"product_tag":[12475,12476],"class_list":{"0":"post-2263","1":"product","2":"type-product","3":"status-publish","4":"has-post-thumbnail","6":"product_cat-online-verkauf-de","7":"product_cat-straucher-und-baume-de","8":"product_tag-corylus-de","9":"product_tag-corylus-avellana-de","10":"pa_99-hauteurapproximativeapres1-150a200m-de","11":"pa_couleurdesfleurs-gelb-de","12":"pa_couleurdufeuillage-rot-de","13":"pa_exigencesenhumidite-feucht-de","14":"pa_exigencesenhumidite-normal-de","15":"pa_exigencesenhumidite-trocken-de","16":"pa_expositionspossibles-sonnigvon12bis17uhr-de","17":"pa_hauteurlivree-100-bis-125-cm","18":"pa_hauteurlivree-125-bis-150-cm","19":"pa_hauteurlivree-150-bis-175-cm","20":"pa_hauteurlivree-175-bis-200-cm","21":"pa_hauteurlivree-200-bis-250-cm","22":"pa_hauteurlivree-25-bis-30-cm","23":"pa_hauteurlivree-30-bis-40-cm","24":"pa_hauteurlivree-350-bis-400-cm","25":"pa_hauteurlivree-40-bis-50-cm","26":"pa_hauteurlivree-40-bis-60-cm","27":"pa_hauteurlivree-50-bis-60-cm","28":"pa_hauteurlivree-60-bis-80-cm","29":"pa_hauteurlivree-80-bis-100-cm","30":"pa_interetauprintemps-bluten-de","31":"pa_interetauprintemps-form-de","32":"pa_interetauprintemps-laub-de","33":"pa_interetenautomne-form-de","34":"pa_interetenautomne-laub-de","35":"pa_interetenete-form-de","36":"pa_interetenete-laub-de","37":"pa_interetenhiver-form-de","38":"pa_naturedufeuillage-nichtimmergrun-de","39":"pa_naturesdesolpossibles-leicht-de","40":"pa_naturesdesolpossibles-normal-de","41":"pa_naturesdesolpossibles-schwer-de","42":"pa_particularites-form-de","43":"pa_particularites-furbonsaigeeignet-de","44":"pa_periodedefloraison-fruhling-de","45":"pa_periodedetaille-marz-de","46":"pa_phdusolacceptable-kalkigmehrals75-de","47":"pa_phdusolacceptable-neutralzw65u75-de","48":"pa_phdusolacceptable-sauerwenigerals65-de","49":"pa_portgraphisme-buissonnant-de","50":"pa_resistanceaufroidrusticite-frostbestandigunter_20c-de","51":"pa_tailledepot-1liter_topf-de","52":"pa_tailledepot-10liter_topf-de","53":"pa_tailledepot-12liter_topf-de","54":"pa_tailledepot-15liter_topf-de","55":"pa_tailledepot-2liter_topf-de","56":"pa_tailledepot-20liter_topf-de","57":"pa_tailledepot-3liter_topf-de","58":"pa_tailledepot-30liter_topf-de","59":"pa_tailledepot-4liter_topf-de","60":"pa_tailledepot-40liter_topf-de","61":"pa_tailledepot-45liter_topf-de","62":"pa_tailledepot-5liter_topf-de","63":"pa_tailledepot-75liter_topf-de","64":"pa_tailledepot-ballen-de","65":"pa_tailledepot-jungpflanze-1-liter-topf","66":"pa_utilisationpossible-beet-de","67":"pa_utilisationpossible-hecke-de","68":"pa_utilisationpossible-kubelodertopf-de","70":"first","71":"instock","72":"taxable","73":"shipping-taxable","74":"purchasable","75":"product-type-variable","76":"has-default-attributes"},"supplier_id":null,"supplier_sku":"","barcode":null,"atum_controlled":true,"out_stock_date":null,"out_stock_threshold":null,"inheritable":true,"inbound_stock":0,"stock_on_hold":1,"sold_today":0,"sales_last_days":0,"reserved_stock":0,"customer_returns":0,"warehouse_damage":0,"lost_in_post":0,"other_logs":0,"out_stock_days":null,"lost_sales":0,"has_location":false,"update_date":"2026-04-26T13:07:43","atum_locations":[],"atum_stock_status":"instock","restock_status":false,"low_stock_amount":"","sales_update_date":"2024-09-15T13:47:30","calc_backorders":null,"yoast_head":"<!-- This site is optimized with the Yoast SEO Premium plugin v27.5 (Yoast SEO v27.5) - https:\/\/yoast.com\/product\/yoast-seo-premium-wordpress\/ -->\n<title>CORYLUS avellana &#039;Red Majestic&#039; - rote gedrehte Gemeine Hasel<\/title>\n<meta name=\"description\" content=\"Diese gedrehte Gemeine Hasel hat ein wundersch\u00f6nes, tiefrotes Laub. Der CORYLUS avellana &#039;Red Majestic&#039; sollte in voller Sonne gepflanzt werden, um eine intensive Farbe zu erzielen.\" \/>\n<meta name=\"robots\" content=\"index, follow, max-snippet:-1, max-image-preview:large, max-video-preview:-1\" \/>\n<link rel=\"canonical\" href=\"https:\/\/www.vallonchene.fr\/de\/produkt\/corylus-avellana-red-majestic\/\" \/>\n<meta property=\"og:locale\" content=\"de_DE\" \/>\n<meta property=\"og:type\" content=\"article\" \/>\n<meta property=\"og:title\" content=\"CORYLUS avellana &#039;Red Majestic&#039;\" \/>\n<meta property=\"og:description\" content=\"Diese gedrehte Gemeine Hasel hat ein wundersch\u00f6nes, tiefrotes Laub. Der CORYLUS avellana &#039;Red Majestic&#039; sollte in voller Sonne gepflanzt werden, um eine intensive Farbe zu erzielen.\" \/>\n<meta property=\"og:url\" content=\"https:\/\/www.vallonchene.fr\/de\/produkt\/corylus-avellana-red-majestic\/\" \/>\n<meta property=\"og:site_name\" content=\"Vallonch\u00eane\" \/>\n<meta property=\"article:publisher\" content=\"https:\/\/www.facebook.com\/vallonchene.fr\" \/>\n<meta property=\"article:modified_time\" content=\"2025-03-20T09:40:40+00:00\" \/>\n<meta property=\"og:image\" content=\"https:\/\/www.vallonchene.fr\/wp-content\/uploads\/2021\/08\/1132-c1d-CORYLUS-avellana-Red-Majestic-en-Avril.jpg\" \/>\n\t<meta property=\"og:image:width\" content=\"1600\" \/>\n\t<meta property=\"og:image:height\" content=\"1600\" \/>\n\t<meta property=\"og:image:type\" content=\"image\/jpeg\" \/>\n<meta name=\"twitter:card\" content=\"summary_large_image\" \/>\n<meta name=\"twitter:label1\" content=\"Verf\u00fcgbarkeit\" \/>\n\t<meta name=\"twitter:data1\" content=\"Vorr\u00e4tig\" \/>\n<script type=\"application\/ld+json\" class=\"yoast-schema-graph\">{\"@context\":\"https:\\\/\\\/schema.org\",\"@graph\":[{\"@type\":\"WebPage\",\"@id\":\"https:\\\/\\\/www.vallonchene.fr\\\/de\\\/produkt\\\/corylus-avellana-red-majestic\\\/\",\"url\":\"https:\\\/\\\/www.vallonchene.fr\\\/de\\\/produkt\\\/corylus-avellana-red-majestic\\\/\",\"name\":\"CORYLUS avellana 'Red Majestic' - rote gedrehte Gemeine Hasel\",\"isPartOf\":{\"@id\":\"https:\\\/\\\/www.vallonchene.fr\\\/de\\\/#website\"},\"primaryImageOfPage\":{\"@id\":\"https:\\\/\\\/www.vallonchene.fr\\\/de\\\/produkt\\\/corylus-avellana-red-majestic\\\/#primaryimage\"},\"image\":{\"@id\":\"https:\\\/\\\/www.vallonchene.fr\\\/de\\\/produkt\\\/corylus-avellana-red-majestic\\\/#primaryimage\"},\"thumbnailUrl\":\"https:\\\/\\\/www.vallonchene.fr\\\/wp-content\\\/uploads\\\/2021\\\/08\\\/1132-c1d-CORYLUS-avellana-Red-Majestic-en-Avril.jpg\",\"datePublished\":\"2021-08-31T10:54:33+00:00\",\"dateModified\":\"2025-03-20T09:40:40+00:00\",\"description\":\"Diese gedrehte Gemeine Hasel hat ein wundersch\u00f6nes, tiefrotes Laub. Der CORYLUS avellana 'Red Majestic' sollte in voller Sonne gepflanzt werden, um eine intensive Farbe zu erzielen.\",\"breadcrumb\":{\"@id\":\"https:\\\/\\\/www.vallonchene.fr\\\/de\\\/produkt\\\/corylus-avellana-red-majestic\\\/#breadcrumb\"},\"inLanguage\":\"de\",\"potentialAction\":[{\"@type\":\"ReadAction\",\"target\":[\"https:\\\/\\\/www.vallonchene.fr\\\/de\\\/produkt\\\/corylus-avellana-red-majestic\\\/\"]}]},{\"@type\":\"ImageObject\",\"inLanguage\":\"de\",\"@id\":\"https:\\\/\\\/www.vallonchene.fr\\\/de\\\/produkt\\\/corylus-avellana-red-majestic\\\/#primaryimage\",\"url\":\"https:\\\/\\\/www.vallonchene.fr\\\/wp-content\\\/uploads\\\/2021\\\/08\\\/1132-c1d-CORYLUS-avellana-Red-Majestic-en-Avril.jpg\",\"contentUrl\":\"https:\\\/\\\/www.vallonchene.fr\\\/wp-content\\\/uploads\\\/2021\\\/08\\\/1132-c1d-CORYLUS-avellana-Red-Majestic-en-Avril.jpg\",\"width\":1600,\"height\":1600},{\"@type\":\"BreadcrumbList\",\"@id\":\"https:\\\/\\\/www.vallonchene.fr\\\/de\\\/produkt\\\/corylus-avellana-red-majestic\\\/#breadcrumb\",\"itemListElement\":[{\"@type\":\"ListItem\",\"position\":1,\"name\":\"Home\",\"item\":\"https:\\\/\\\/www.vallonchene.fr\\\/de\\\/\"},{\"@type\":\"ListItem\",\"position\":2,\"name\":\"Shop\",\"item\":\"https:\\\/\\\/www.vallonchene.fr\\\/de\\\/shop\\\/\"},{\"@type\":\"ListItem\",\"position\":3,\"name\":\"Online-Verkauf\",\"item\":\"https:\\\/\\\/www.vallonchene.fr\\\/de\\\/produkt-kategorie\\\/online-verkauf-de\\\/\"},{\"@type\":\"ListItem\",\"position\":4,\"name\":\"Baumschule\",\"item\":\"https:\\\/\\\/www.vallonchene.fr\\\/de\\\/produkt-kategorie\\\/online-verkauf-de\\\/baumschule-gaertnerei-de\\\/\"},{\"@type\":\"ListItem\",\"position\":5,\"name\":\"Str\u00e4ucher und B\u00e4ume\",\"item\":\"https:\\\/\\\/www.vallonchene.fr\\\/de\\\/produkt-kategorie\\\/online-verkauf-de\\\/baumschule-gaertnerei-de\\\/straucher-und-baume-de\\\/\"},{\"@type\":\"ListItem\",\"position\":6,\"name\":\"CORYLUS avellana &#8218;Red Majestic&#8216;\"}]},{\"@type\":\"WebSite\",\"@id\":\"https:\\\/\\\/www.vallonchene.fr\\\/de\\\/#website\",\"url\":\"https:\\\/\\\/www.vallonchene.fr\\\/de\\\/\",\"name\":\"Vallonch\u00eane\",\"description\":\"Die Baumschule, bei der Qualit\u00e4t ihre Wurzeln hat \u2013 Tel.: +49 (0)6838-5399840\",\"publisher\":{\"@id\":\"https:\\\/\\\/www.vallonchene.fr\\\/de\\\/#organization\"},\"potentialAction\":[{\"@type\":\"SearchAction\",\"target\":{\"@type\":\"EntryPoint\",\"urlTemplate\":\"https:\\\/\\\/www.vallonchene.fr\\\/de\\\/?s={search_term_string}\"},\"query-input\":{\"@type\":\"PropertyValueSpecification\",\"valueRequired\":true,\"valueName\":\"search_term_string\"}}],\"inLanguage\":\"de\"},{\"@type\":\"Organization\",\"@id\":\"https:\\\/\\\/www.vallonchene.fr\\\/de\\\/#organization\",\"name\":\"VALLONCHENE\",\"url\":\"https:\\\/\\\/www.vallonchene.fr\\\/de\\\/\",\"logo\":{\"@type\":\"ImageObject\",\"inLanguage\":\"de\",\"@id\":\"https:\\\/\\\/www.vallonchene.fr\\\/de\\\/#\\\/schema\\\/logo\\\/image\\\/\",\"url\":\"https:\\\/\\\/www.vallonchene.fr\\\/wp-content\\\/uploads\\\/2023\\\/03\\\/Logo-Vallonchene-site-et-R_hauteur_100.png\",\"contentUrl\":\"https:\\\/\\\/www.vallonchene.fr\\\/wp-content\\\/uploads\\\/2023\\\/03\\\/Logo-Vallonchene-site-et-R_hauteur_100.png\",\"width\":221,\"height\":100,\"caption\":\"VALLONCHENE\"},\"image\":{\"@id\":\"https:\\\/\\\/www.vallonchene.fr\\\/de\\\/#\\\/schema\\\/logo\\\/image\\\/\"},\"sameAs\":[\"https:\\\/\\\/www.facebook.com\\\/vallonchene.fr\",\"https:\\\/\\\/www.instagram.com\\\/vallonchene\\\/\",\"https:\\\/\\\/www.pinterest.fr\\\/vallonchene\\\/\"],\"taxID\":\"49454502300017\",\"hasMerchantReturnPolicy\":{\"@type\":\"MerchantReturnPolicy\",\"merchantReturnLink\":\"https:\\\/\\\/www.vallonchene.fr\\\/remboursements_retours\\\/\"}}]}<\/script>\n<meta property=\"og:availability\" content=\"instock\" \/>\n<meta property=\"product:availability\" content=\"instock\" \/>\n<meta property=\"product:retailer_item_id\" content=\"64111\" \/>\n<meta property=\"product:condition\" content=\"new\" \/>\n<!-- \/ Yoast SEO Premium plugin. -->","yoast_head_json":{"title":"CORYLUS avellana 'Red Majestic' - rote gedrehte Gemeine Hasel","description":"Diese gedrehte Gemeine Hasel hat ein wundersch\u00f6nes, tiefrotes Laub. Der CORYLUS avellana 'Red Majestic' sollte in voller Sonne gepflanzt werden, um eine intensive Farbe zu erzielen.","robots":{"index":"index","follow":"follow","max-snippet":"max-snippet:-1","max-image-preview":"max-image-preview:large","max-video-preview":"max-video-preview:-1"},"canonical":"https:\/\/www.vallonchene.fr\/de\/produkt\/corylus-avellana-red-majestic\/","og_locale":"de_DE","og_type":"article","og_title":"CORYLUS avellana 'Red Majestic'","og_description":"Diese gedrehte Gemeine Hasel hat ein wundersch\u00f6nes, tiefrotes Laub. Der CORYLUS avellana 'Red Majestic' sollte in voller Sonne gepflanzt werden, um eine intensive Farbe zu erzielen.","og_url":"https:\/\/www.vallonchene.fr\/de\/produkt\/corylus-avellana-red-majestic\/","og_site_name":"Vallonch\u00eane","article_publisher":"https:\/\/www.facebook.com\/vallonchene.fr","article_modified_time":"2025-03-20T09:40:40+00:00","og_image":[{"width":1600,"height":1600,"url":"https:\/\/www.vallonchene.fr\/wp-content\/uploads\/2021\/08\/1132-c1d-CORYLUS-avellana-Red-Majestic-en-Avril.jpg","type":"image\/jpeg"}],"twitter_card":"summary_large_image","twitter_misc":{"Verf\u00fcgbarkeit":"Vorr\u00e4tig"},"schema":{"@context":"https:\/\/schema.org","@graph":[{"@type":"WebPage","@id":"https:\/\/www.vallonchene.fr\/de\/produkt\/corylus-avellana-red-majestic\/","url":"https:\/\/www.vallonchene.fr\/de\/produkt\/corylus-avellana-red-majestic\/","name":"CORYLUS avellana 'Red Majestic' - rote gedrehte Gemeine Hasel","isPartOf":{"@id":"https:\/\/www.vallonchene.fr\/de\/#website"},"primaryImageOfPage":{"@id":"https:\/\/www.vallonchene.fr\/de\/produkt\/corylus-avellana-red-majestic\/#primaryimage"},"image":{"@id":"https:\/\/www.vallonchene.fr\/de\/produkt\/corylus-avellana-red-majestic\/#primaryimage"},"thumbnailUrl":"https:\/\/www.vallonchene.fr\/wp-content\/uploads\/2021\/08\/1132-c1d-CORYLUS-avellana-Red-Majestic-en-Avril.jpg","datePublished":"2021-08-31T10:54:33+00:00","dateModified":"2025-03-20T09:40:40+00:00","description":"Diese gedrehte Gemeine Hasel hat ein wundersch\u00f6nes, tiefrotes Laub. Der CORYLUS avellana 'Red Majestic' sollte in voller Sonne gepflanzt werden, um eine intensive Farbe zu erzielen.","breadcrumb":{"@id":"https:\/\/www.vallonchene.fr\/de\/produkt\/corylus-avellana-red-majestic\/#breadcrumb"},"inLanguage":"de","potentialAction":[{"@type":"ReadAction","target":["https:\/\/www.vallonchene.fr\/de\/produkt\/corylus-avellana-red-majestic\/"]}]},{"@type":"ImageObject","inLanguage":"de","@id":"https:\/\/www.vallonchene.fr\/de\/produkt\/corylus-avellana-red-majestic\/#primaryimage","url":"https:\/\/www.vallonchene.fr\/wp-content\/uploads\/2021\/08\/1132-c1d-CORYLUS-avellana-Red-Majestic-en-Avril.jpg","contentUrl":"https:\/\/www.vallonchene.fr\/wp-content\/uploads\/2021\/08\/1132-c1d-CORYLUS-avellana-Red-Majestic-en-Avril.jpg","width":1600,"height":1600},{"@type":"BreadcrumbList","@id":"https:\/\/www.vallonchene.fr\/de\/produkt\/corylus-avellana-red-majestic\/#breadcrumb","itemListElement":[{"@type":"ListItem","position":1,"name":"Home","item":"https:\/\/www.vallonchene.fr\/de\/"},{"@type":"ListItem","position":2,"name":"Shop","item":"https:\/\/www.vallonchene.fr\/de\/shop\/"},{"@type":"ListItem","position":3,"name":"Online-Verkauf","item":"https:\/\/www.vallonchene.fr\/de\/produkt-kategorie\/online-verkauf-de\/"},{"@type":"ListItem","position":4,"name":"Baumschule","item":"https:\/\/www.vallonchene.fr\/de\/produkt-kategorie\/online-verkauf-de\/baumschule-gaertnerei-de\/"},{"@type":"ListItem","position":5,"name":"Str\u00e4ucher und B\u00e4ume","item":"https:\/\/www.vallonchene.fr\/de\/produkt-kategorie\/online-verkauf-de\/baumschule-gaertnerei-de\/straucher-und-baume-de\/"},{"@type":"ListItem","position":6,"name":"CORYLUS avellana &#8218;Red Majestic&#8216;"}]},{"@type":"WebSite","@id":"https:\/\/www.vallonchene.fr\/de\/#website","url":"https:\/\/www.vallonchene.fr\/de\/","name":"Vallonch\u00eane","description":"Die Baumschule, bei der Qualit\u00e4t ihre Wurzeln hat \u2013 Tel.: +49 (0)6838-5399840","publisher":{"@id":"https:\/\/www.vallonchene.fr\/de\/#organization"},"potentialAction":[{"@type":"SearchAction","target":{"@type":"EntryPoint","urlTemplate":"https:\/\/www.vallonchene.fr\/de\/?s={search_term_string}"},"query-input":{"@type":"PropertyValueSpecification","valueRequired":true,"valueName":"search_term_string"}}],"inLanguage":"de"},{"@type":"Organization","@id":"https:\/\/www.vallonchene.fr\/de\/#organization","name":"VALLONCHENE","url":"https:\/\/www.vallonchene.fr\/de\/","logo":{"@type":"ImageObject","inLanguage":"de","@id":"https:\/\/www.vallonchene.fr\/de\/#\/schema\/logo\/image\/","url":"https:\/\/www.vallonchene.fr\/wp-content\/uploads\/2023\/03\/Logo-Vallonchene-site-et-R_hauteur_100.png","contentUrl":"https:\/\/www.vallonchene.fr\/wp-content\/uploads\/2023\/03\/Logo-Vallonchene-site-et-R_hauteur_100.png","width":221,"height":100,"caption":"VALLONCHENE"},"image":{"@id":"https:\/\/www.vallonchene.fr\/de\/#\/schema\/logo\/image\/"},"sameAs":["https:\/\/www.facebook.com\/vallonchene.fr","https:\/\/www.instagram.com\/vallonchene\/","https:\/\/www.pinterest.fr\/vallonchene\/"],"taxID":"49454502300017","hasMerchantReturnPolicy":{"@type":"MerchantReturnPolicy","merchantReturnLink":"https:\/\/www.vallonchene.fr\/remboursements_retours\/"}}]},"og_availability":"instock","product_availability":"instock","product_retailer_item_id":"64111","product_condition":"new"},"_links":{"self":[{"href":"https:\/\/www.vallonchene.fr\/de\/wp-json\/wp\/v2\/product\/2263","targetHints":{"allow":["GET"]}}],"collection":[{"href":"https:\/\/www.vallonchene.fr\/de\/wp-json\/wp\/v2\/product"}],"about":[{"href":"https:\/\/www.vallonchene.fr\/de\/wp-json\/wp\/v2\/types\/product"}],"replies":[{"embeddable":true,"href":"https:\/\/www.vallonchene.fr\/de\/wp-json\/wp\/v2\/comments?post=2263"}],"wp:featuredmedia":[{"embeddable":true,"href":"https:\/\/www.vallonchene.fr\/de\/wp-json\/wp\/v2\/media\/2253"}],"wp:attachment":[{"href":"https:\/\/www.vallonchene.fr\/de\/wp-json\/wp\/v2\/media?parent=2263"}],"wp:term":[{"taxonomy":"product_brand","embeddable":true,"href":"https:\/\/www.vallonchene.fr\/de\/wp-json\/wp\/v2\/product_brand?post=2263"},{"taxonomy":"product_cat","embeddable":true,"href":"https:\/\/www.vallonchene.fr\/de\/wp-json\/wp\/v2\/product_cat?post=2263"},{"taxonomy":"product_tag","embeddable":true,"href":"https:\/\/www.vallonchene.fr\/de\/wp-json\/wp\/v2\/product_tag?post=2263"}],"curies":[{"name":"wp","href":"https:\/\/api.w.org\/{rel}","templated":true}]}}