{"id":22456,"date":"2021-08-31T10:58:34","date_gmt":"2021-08-31T10:58:34","guid":{"rendered":"https:\/\/testing.vallonchene.fr\/produit\/fitzroya-cupressoides\/"},"modified":"2026-03-11T02:24:38","modified_gmt":"2026-03-11T01:24:38","slug":"fitzroya-cupressoides","status":"publish","type":"product","link":"https:\/\/www.vallonchene.fr\/de\/produkt\/fitzroya-cupressoides\/","title":{"rendered":"FITZROYA cupressoides"},"content":{"rendered":"<h2>Die Pflanze<\/h2>\n<p>Die <strong>Patagonische Zypresse<\/strong> ist eine bei Sammlern \u00e4u\u00dferst begehrte Pflanze. <strong>FITZROYA cupressoides<\/strong> hat <strong>bl\u00e4ulich schimmerndes Laub<\/strong> und sehr <strong>dichte h\u00e4ngende Zweige<\/strong>. Die pr\u00e4chtige Grafik verleiht ihr ein elegantes und majest\u00e4tisches Aussehen.<br \/>\nUm das intensivste Blau zu erhalten, pflanzen Sie sie in die volle Sonne. Dieser ungew\u00f6hnliche Nadelbaum w\u00e4chst recht langsam.<br \/>\nFITZROYA umfasst nur eine Art. In ihrem nat\u00fcrlichen Lebensraum k\u00f6nnen wir bis zu 3.000 Jahre alte Exemplare mit einer H\u00f6he von 40 bis 60 m, manchmal sogar 70 m, finden. Allerdings entwickelt sich diese Art in Europa deutlich zaghafter als in ihren Heimatgebieten. Auf unserem Kontinent k\u00f6nnen wir stattdessen <strong>nach zehn Jahren auf eine H\u00f6he von 1,50 m bis 2 m<\/strong> hoffen.<br \/>\nSelbstverst\u00e4ndlich ist sie <strong>auch eine perfekte Pflanze f\u00fcr Bonsai<\/strong>.<\/p>\n<p>Um unsere anderen seltenen und ungew\u00f6hnlichen Pflanzen f\u00fcr Sammler zu sehen, die derzeit zum Verkauf stehen, <strong><a href=\"https:\/\/www.vallonchene.fr\/de\/produkt-kategorie\/online-verkauf-de\/baumschule-gaertnerei-de\/seltene-pflanzen-sammlerpflanzen\/?filter_stock_status=instock\">klicken Sie bitte hier<\/a><\/strong>.<\/p>\n<h2>Wie man FITZROYA cupressoides pflanzt und pflegt<\/h2>\n<h3>Die Pflanzung<\/h3>\n<ol>\n<li>Finden Sie f\u00fcr diesen au\u00dfergew\u00f6hnlichen Nadelbaum einen <strong>vollsonnigen Platz<\/strong>. Dies ist wichtig, um die intensivste bl\u00e4uliche Reflexion zu erzielen.<\/li>\n<li>W\u00e4hlen Sie einen <strong>feuchten, m\u00e4\u00dfig feuchten oder trockenen Standort<\/strong> in einem <strong>Beet oder isoliert<\/strong>.<\/li>\n<li>Der Boden sollte <strong>leicht oder normal<\/strong> sein und einen <strong>sauren, neutralen oder kalkhaltigen pH-Wert<\/strong> haben.<\/li>\n<li>Stellen Sie sicher, dass die Pflanze vor kaltem Wind gesch\u00fctzt ist, da sie <strong>bis zu -10 \u00b0C oder sogar -15 \u00b0C<\/strong> aush\u00e4lt, wenn sie einen ausreichend gro\u00dfen Stamm gebildet hat.<\/li>\n<li>F\u00fcr eine gute Vorbereitung des Topfes oder des Pflanzlochs haben wir <a href=\"https:\/\/www.vallonchene.fr\/de\/wie-man-pflanzen-pflanzt-und-pflegt\/\" target=\"_blank\" rel=\"noreferrer noopener\"><strong>hier eine spezielle Anleitung zusammengestellt<\/strong><\/a>.<\/li>\n<\/ol>\n<h3>Die Pflege<\/h3>\n<p>Wenn die Pflanze noch jung ist und in besonders kalten Perioden, <strong>sch\u00fctzen Sie sie mit einem Winterschutz und Mulch<\/strong> an der Basis.<br \/>\n<strong>Beschneiden Sie diesen Nadelbaum optional im M\u00e4rz vor neuem Wachstum<\/strong> (falls erforderlich).<br \/>\nEntdecken Sie hier, <a href=\"https:\/\/www.vallonchene.fr\/de\/den-garten-richtig-bewaessern-und-wasser-sparen\/\"><strong>wie man den Garten richtig bew\u00e4ssert und gleichzeitig Wasser spart<\/strong><\/a>.<\/p>\n<h2>Geschichte und Herkunft von FITZROYA cupressoides<\/h2>\n<p>FITZROYA cupressoides geh\u00f6rt zur Familie der CUPRESSACEAE. Es ist die einzige Art ihrer Gattung.<\/p>\n<p>Leider ist die Patagonische Zypresse in ihrem nat\u00fcrlichen Lebensraum bedroht, ja sogar gef\u00e4hrdet.<\/p>\n<p>Diese Art wurde am <strong><a href=\"https:\/\/de.wikipedia.org\/wiki\/Monte_Verde\" target=\"_blank\" rel=\"noopener\">Standort Monte Verde<\/a><\/strong> gefunden, was darauf schlie\u00dfen l\u00e4sst, dass sie seit mindestens 13.000 Jahren genutzt wird. Das chilenische Volk der Huiliches verwendete das Holz zur Herstellung von Werkzeugen und Waffen.<\/p>\n<p>W\u00e4hrend der spanischen Eroberung des <strong><a href=\"https:\/\/de.wikipedia.org\/wiki\/Chilo%C3%A9-Archipel\" target=\"_blank\" rel=\"noopener\">Chilo\u00e9-Archipels<\/a><\/strong> im Jahr 1567 war der Gro\u00dfteil der Inseln zu diesem Zeitpunkt von F. cupressoides bedeckt. Dieser Baum war damals das wichtigste Handelsmittel mit Peru.<\/p>\n<p>Um 1860 brannte <strong><a href=\"https:\/\/de.wikipedia.org\/wiki\/Vicente_P%C3%A9rez_Rosales\" target=\"_blank\" rel=\"noopener\">Vicente P\u00e9rez Rosales<\/a><\/strong> (chilenischer Diplomat) gro\u00dfe Waldfl\u00e4chen nieder, um deutsche Siedler anzusiedeln und ihnen Ackerland zur Verf\u00fcgung zu stellen.<\/p>\n<p>Ein Gesetz aus dem Jahr 1976 verbietet nun den Holzeinschlag (mit Ausnahme von bereits abgestorbenen B\u00e4umen). Allerdings kommt es gelegentlich zu illegalem Holzeinschlag.<\/p>\n","protected":false},"excerpt":{"rendered":"<p>Die <strong>Patagonische Zypresse (Alerce)<\/strong> ist eine extrem seltene Konifere in Europa. Das Laub von <strong>FITZROYA cupressoides<\/strong> ist bl\u00e4ulich gef\u00e4rbt. Diese Konifere hat eine Trauerform.<\/p>\n","protected":false},"featured_media":46715,"comment_status":"open","ping_status":"closed","template":"","meta":[],"product_brand":[],"product_cat":[255,10733],"product_tag":[],"class_list":{"0":"post-22456","1":"product","2":"type-product","3":"status-publish","4":"has-post-thumbnail","6":"product_cat-koniferen-de","7":"product_cat-seltene-pflanzen-sammlerpflanzen","8":"pa_99-hauteurapproximativeapres1-100a150m-de","9":"pa_couleurdufeuillage-grun-de","10":"pa_exigencesenhumidite-feucht-de","11":"pa_exigencesenhumidite-normal-de","12":"pa_exigencesenhumidite-trocken-de","13":"pa_expositionspossibles-sonnigvon12bis17uhr-de","14":"pa_hauteurlivree-10-bis-15-cm","15":"pa_hauteurlivree-100-bis-125-cm","16":"pa_hauteurlivree-125-bis-150-cm","17":"pa_hauteurlivree-150-bis-175-cm","18":"pa_hauteurlivree-250-bis-300-cm","19":"pa_hauteurlivree-30-bis-40-cm","20":"pa_hauteurlivree-40-bis-50-cm","21":"pa_hauteurlivree-50-bis-60-cm","22":"pa_hauteurlivree-60-bis-80-cm","23":"pa_hauteurlivree-70-bis-80-cm","24":"pa_hauteurlivree-80-bis-100-cm","25":"pa_interetauprintemps-form-de","26":"pa_interetauprintemps-laub-de","27":"pa_interetenautomne-form-de","28":"pa_interetenautomne-laub-de","29":"pa_interetenete-form-de","30":"pa_interetenete-laub-de","31":"pa_interetenhiver-form-de","32":"pa_interetenhiver-laub-de","33":"pa_naturedufeuillage-immergrun-de","34":"pa_naturesdesolpossibles-leicht-de","35":"pa_naturesdesolpossibles-normal-de","36":"pa_particularites-furbonsaigeeignet-de","37":"pa_periodedetaille-marz-de","38":"pa_phdusolacceptable-kalkigmehrals75-de","39":"pa_phdusolacceptable-neutralzw65u75-de","40":"pa_phdusolacceptable-sauerwenigerals65-de","41":"pa_portgraphisme-kolonnenformig-de","42":"pa_resistanceaufroidrusticite-frostbestandigbis_10c-de","43":"pa_tailledepot-1-5-liter-topf","44":"pa_tailledepot-10liter_topf-de","45":"pa_tailledepot-15liter_topf-de","46":"pa_tailledepot-2liter_topf-de","47":"pa_tailledepot-3liter_topf-de","48":"pa_tailledepot-4liter_topf-de","49":"pa_tailledepot-40liter_topf-de","50":"pa_tailledepot-5liter_topf-de","51":"pa_tailledepot-75liter_topf-de","52":"pa_utilisationpossible-alleinstehend-de","53":"pa_utilisationpossible-beet-de","55":"first","56":"outofstock","57":"taxable","58":"shipping-taxable","59":"purchasable","60":"product-type-variable"},"supplier_id":null,"supplier_sku":"","barcode":null,"atum_controlled":true,"out_stock_date":null,"out_stock_threshold":null,"inheritable":true,"inbound_stock":0,"stock_on_hold":0,"sold_today":0,"sales_last_days":0,"reserved_stock":0,"customer_returns":0,"warehouse_damage":0,"lost_in_post":0,"other_logs":0,"out_stock_days":0,"lost_sales":0,"has_location":false,"update_date":"2026-03-15T08:43:44","atum_locations":[],"atum_stock_status":"outofstock","restock_status":false,"low_stock_amount":"","sales_update_date":"2025-06-01T12:23:39","calc_backorders":null,"yoast_head":"<!-- This site is optimized with the Yoast SEO Premium plugin v27.5 (Yoast SEO v27.5) - https:\/\/yoast.com\/product\/yoast-seo-premium-wordpress\/ -->\n<title>FITZROYA cupressoides - patagonische Zypresse, Alerce<\/title>\n<meta name=\"description\" content=\"Die Patagonische Zypresse (Alerce) ist eine sehr seltene Konifere in Europa. Das Laub von FITZROYA cupressoides ist bl\u00e4ulich gef\u00e4rbt. Die \u00c4ste h\u00e4ngen herab.\" \/>\n<meta name=\"robots\" content=\"index, follow, max-snippet:-1, max-image-preview:large, max-video-preview:-1\" \/>\n<link rel=\"canonical\" href=\"https:\/\/www.vallonchene.fr\/de\/produkt\/fitzroya-cupressoides\/\" \/>\n<meta property=\"og:locale\" content=\"de_DE\" \/>\n<meta property=\"og:type\" content=\"article\" \/>\n<meta property=\"og:title\" content=\"FITZROYA cupressoides\" \/>\n<meta property=\"og:description\" content=\"Die Patagonische Zypresse (Alerce) ist eine sehr seltene Konifere in Europa. Das Laub von FITZROYA cupressoides ist bl\u00e4ulich gef\u00e4rbt. Die \u00c4ste h\u00e4ngen herab.\" \/>\n<meta property=\"og:url\" content=\"https:\/\/www.vallonchene.fr\/de\/produkt\/fitzroya-cupressoides\/\" \/>\n<meta property=\"og:site_name\" content=\"Vallonch\u00eane\" \/>\n<meta property=\"article:publisher\" content=\"https:\/\/www.facebook.com\/vallonchene.fr\" \/>\n<meta property=\"article:modified_time\" content=\"2026-03-11T01:24:38+00:00\" \/>\n<meta property=\"og:image\" content=\"https:\/\/www.vallonchene.fr\/wp-content\/uploads\/2024\/05\/FITZROYA-cupressoides_01.webp\" \/>\n\t<meta property=\"og:image:width\" content=\"1024\" \/>\n\t<meta property=\"og:image:height\" content=\"1024\" \/>\n\t<meta property=\"og:image:type\" content=\"image\/webp\" \/>\n<meta name=\"twitter:card\" content=\"summary_large_image\" \/>\n<meta name=\"twitter:label1\" content=\"Verf\u00fcgbarkeit\" \/>\n\t<meta name=\"twitter:data1\" content=\"Nicht vorr\u00e4tig\" \/>\n<script type=\"application\/ld+json\" class=\"yoast-schema-graph\">{\"@context\":\"https:\\\/\\\/schema.org\",\"@graph\":[{\"@type\":\"WebPage\",\"@id\":\"https:\\\/\\\/www.vallonchene.fr\\\/de\\\/produkt\\\/fitzroya-cupressoides\\\/\",\"url\":\"https:\\\/\\\/www.vallonchene.fr\\\/de\\\/produkt\\\/fitzroya-cupressoides\\\/\",\"name\":\"FITZROYA cupressoides - patagonische Zypresse, Alerce\",\"isPartOf\":{\"@id\":\"https:\\\/\\\/www.vallonchene.fr\\\/de\\\/#website\"},\"primaryImageOfPage\":{\"@id\":\"https:\\\/\\\/www.vallonchene.fr\\\/de\\\/produkt\\\/fitzroya-cupressoides\\\/#primaryimage\"},\"image\":{\"@id\":\"https:\\\/\\\/www.vallonchene.fr\\\/de\\\/produkt\\\/fitzroya-cupressoides\\\/#primaryimage\"},\"thumbnailUrl\":\"https:\\\/\\\/www.vallonchene.fr\\\/wp-content\\\/uploads\\\/2024\\\/05\\\/FITZROYA-cupressoides_01.webp\",\"datePublished\":\"2021-08-31T10:58:34+00:00\",\"dateModified\":\"2026-03-11T01:24:38+00:00\",\"description\":\"Die Patagonische Zypresse (Alerce) ist eine sehr seltene Konifere in Europa. Das Laub von FITZROYA cupressoides ist bl\u00e4ulich gef\u00e4rbt. Die \u00c4ste h\u00e4ngen herab.\",\"breadcrumb\":{\"@id\":\"https:\\\/\\\/www.vallonchene.fr\\\/de\\\/produkt\\\/fitzroya-cupressoides\\\/#breadcrumb\"},\"inLanguage\":\"de\",\"potentialAction\":[{\"@type\":\"ReadAction\",\"target\":[\"https:\\\/\\\/www.vallonchene.fr\\\/de\\\/produkt\\\/fitzroya-cupressoides\\\/\"]}]},{\"@type\":\"ImageObject\",\"inLanguage\":\"de\",\"@id\":\"https:\\\/\\\/www.vallonchene.fr\\\/de\\\/produkt\\\/fitzroya-cupressoides\\\/#primaryimage\",\"url\":\"https:\\\/\\\/www.vallonchene.fr\\\/wp-content\\\/uploads\\\/2024\\\/05\\\/FITZROYA-cupressoides_01.webp\",\"contentUrl\":\"https:\\\/\\\/www.vallonchene.fr\\\/wp-content\\\/uploads\\\/2024\\\/05\\\/FITZROYA-cupressoides_01.webp\",\"width\":1024,\"height\":1024,\"caption\":\"Sehr altes Exemplar einer FITZROYA cupressoides in einem irischen Garten\"},{\"@type\":\"BreadcrumbList\",\"@id\":\"https:\\\/\\\/www.vallonchene.fr\\\/de\\\/produkt\\\/fitzroya-cupressoides\\\/#breadcrumb\",\"itemListElement\":[{\"@type\":\"ListItem\",\"position\":1,\"name\":\"Home\",\"item\":\"https:\\\/\\\/www.vallonchene.fr\\\/de\\\/\"},{\"@type\":\"ListItem\",\"position\":2,\"name\":\"Shop\",\"item\":\"https:\\\/\\\/www.vallonchene.fr\\\/de\\\/shop\\\/\"},{\"@type\":\"ListItem\",\"position\":3,\"name\":\"Online-Verkauf\",\"item\":\"https:\\\/\\\/www.vallonchene.fr\\\/de\\\/produkt-kategorie\\\/online-verkauf-de\\\/\"},{\"@type\":\"ListItem\",\"position\":4,\"name\":\"Baumschule\",\"item\":\"https:\\\/\\\/www.vallonchene.fr\\\/de\\\/produkt-kategorie\\\/online-verkauf-de\\\/baumschule-gaertnerei-de\\\/\"},{\"@type\":\"ListItem\",\"position\":5,\"name\":\"Koniferen\",\"item\":\"https:\\\/\\\/www.vallonchene.fr\\\/de\\\/produkt-kategorie\\\/online-verkauf-de\\\/baumschule-gaertnerei-de\\\/koniferen-de\\\/\"},{\"@type\":\"ListItem\",\"position\":6,\"name\":\"FITZROYA cupressoides\"}]},{\"@type\":\"WebSite\",\"@id\":\"https:\\\/\\\/www.vallonchene.fr\\\/de\\\/#website\",\"url\":\"https:\\\/\\\/www.vallonchene.fr\\\/de\\\/\",\"name\":\"Vallonch\u00eane\",\"description\":\"Die Baumschule, bei der Qualit\u00e4t ihre Wurzeln hat \u2013 Tel.: +49 (0)6838-5399840\",\"publisher\":{\"@id\":\"https:\\\/\\\/www.vallonchene.fr\\\/de\\\/#organization\"},\"potentialAction\":[{\"@type\":\"SearchAction\",\"target\":{\"@type\":\"EntryPoint\",\"urlTemplate\":\"https:\\\/\\\/www.vallonchene.fr\\\/de\\\/?s={search_term_string}\"},\"query-input\":{\"@type\":\"PropertyValueSpecification\",\"valueRequired\":true,\"valueName\":\"search_term_string\"}}],\"inLanguage\":\"de\"},{\"@type\":\"Organization\",\"@id\":\"https:\\\/\\\/www.vallonchene.fr\\\/de\\\/#organization\",\"name\":\"VALLONCHENE\",\"url\":\"https:\\\/\\\/www.vallonchene.fr\\\/de\\\/\",\"logo\":{\"@type\":\"ImageObject\",\"inLanguage\":\"de\",\"@id\":\"https:\\\/\\\/www.vallonchene.fr\\\/de\\\/#\\\/schema\\\/logo\\\/image\\\/\",\"url\":\"https:\\\/\\\/www.vallonchene.fr\\\/wp-content\\\/uploads\\\/2023\\\/03\\\/Logo-Vallonchene-site-et-R_hauteur_100.png\",\"contentUrl\":\"https:\\\/\\\/www.vallonchene.fr\\\/wp-content\\\/uploads\\\/2023\\\/03\\\/Logo-Vallonchene-site-et-R_hauteur_100.png\",\"width\":221,\"height\":100,\"caption\":\"VALLONCHENE\"},\"image\":{\"@id\":\"https:\\\/\\\/www.vallonchene.fr\\\/de\\\/#\\\/schema\\\/logo\\\/image\\\/\"},\"sameAs\":[\"https:\\\/\\\/www.facebook.com\\\/vallonchene.fr\",\"https:\\\/\\\/www.instagram.com\\\/vallonchene\\\/\",\"https:\\\/\\\/www.pinterest.fr\\\/vallonchene\\\/\"],\"taxID\":\"49454502300017\",\"hasMerchantReturnPolicy\":{\"@type\":\"MerchantReturnPolicy\",\"merchantReturnLink\":\"https:\\\/\\\/www.vallonchene.fr\\\/remboursements_retours\\\/\"}}]}<\/script>\n<meta property=\"og:availability\" content=\"out of stock\" \/>\n<meta property=\"product:availability\" content=\"out of stock\" \/>\n<meta property=\"product:retailer_item_id\" content=\"61241\" \/>\n<meta property=\"product:condition\" content=\"new\" \/>\n<!-- \/ Yoast SEO Premium plugin. -->","yoast_head_json":{"title":"FITZROYA cupressoides - patagonische Zypresse, Alerce","description":"Die Patagonische Zypresse (Alerce) ist eine sehr seltene Konifere in Europa. Das Laub von FITZROYA cupressoides ist bl\u00e4ulich gef\u00e4rbt. Die \u00c4ste h\u00e4ngen herab.","robots":{"index":"index","follow":"follow","max-snippet":"max-snippet:-1","max-image-preview":"max-image-preview:large","max-video-preview":"max-video-preview:-1"},"canonical":"https:\/\/www.vallonchene.fr\/de\/produkt\/fitzroya-cupressoides\/","og_locale":"de_DE","og_type":"article","og_title":"FITZROYA cupressoides","og_description":"Die Patagonische Zypresse (Alerce) ist eine sehr seltene Konifere in Europa. Das Laub von FITZROYA cupressoides ist bl\u00e4ulich gef\u00e4rbt. Die \u00c4ste h\u00e4ngen herab.","og_url":"https:\/\/www.vallonchene.fr\/de\/produkt\/fitzroya-cupressoides\/","og_site_name":"Vallonch\u00eane","article_publisher":"https:\/\/www.facebook.com\/vallonchene.fr","article_modified_time":"2026-03-11T01:24:38+00:00","og_image":[{"width":1024,"height":1024,"url":"https:\/\/www.vallonchene.fr\/wp-content\/uploads\/2024\/05\/FITZROYA-cupressoides_01.webp","type":"image\/webp"}],"twitter_card":"summary_large_image","twitter_misc":{"Verf\u00fcgbarkeit":"Nicht vorr\u00e4tig"},"schema":{"@context":"https:\/\/schema.org","@graph":[{"@type":"WebPage","@id":"https:\/\/www.vallonchene.fr\/de\/produkt\/fitzroya-cupressoides\/","url":"https:\/\/www.vallonchene.fr\/de\/produkt\/fitzroya-cupressoides\/","name":"FITZROYA cupressoides - patagonische Zypresse, Alerce","isPartOf":{"@id":"https:\/\/www.vallonchene.fr\/de\/#website"},"primaryImageOfPage":{"@id":"https:\/\/www.vallonchene.fr\/de\/produkt\/fitzroya-cupressoides\/#primaryimage"},"image":{"@id":"https:\/\/www.vallonchene.fr\/de\/produkt\/fitzroya-cupressoides\/#primaryimage"},"thumbnailUrl":"https:\/\/www.vallonchene.fr\/wp-content\/uploads\/2024\/05\/FITZROYA-cupressoides_01.webp","datePublished":"2021-08-31T10:58:34+00:00","dateModified":"2026-03-11T01:24:38+00:00","description":"Die Patagonische Zypresse (Alerce) ist eine sehr seltene Konifere in Europa. Das Laub von FITZROYA cupressoides ist bl\u00e4ulich gef\u00e4rbt. Die \u00c4ste h\u00e4ngen herab.","breadcrumb":{"@id":"https:\/\/www.vallonchene.fr\/de\/produkt\/fitzroya-cupressoides\/#breadcrumb"},"inLanguage":"de","potentialAction":[{"@type":"ReadAction","target":["https:\/\/www.vallonchene.fr\/de\/produkt\/fitzroya-cupressoides\/"]}]},{"@type":"ImageObject","inLanguage":"de","@id":"https:\/\/www.vallonchene.fr\/de\/produkt\/fitzroya-cupressoides\/#primaryimage","url":"https:\/\/www.vallonchene.fr\/wp-content\/uploads\/2024\/05\/FITZROYA-cupressoides_01.webp","contentUrl":"https:\/\/www.vallonchene.fr\/wp-content\/uploads\/2024\/05\/FITZROYA-cupressoides_01.webp","width":1024,"height":1024,"caption":"Sehr altes Exemplar einer FITZROYA cupressoides in einem irischen Garten"},{"@type":"BreadcrumbList","@id":"https:\/\/www.vallonchene.fr\/de\/produkt\/fitzroya-cupressoides\/#breadcrumb","itemListElement":[{"@type":"ListItem","position":1,"name":"Home","item":"https:\/\/www.vallonchene.fr\/de\/"},{"@type":"ListItem","position":2,"name":"Shop","item":"https:\/\/www.vallonchene.fr\/de\/shop\/"},{"@type":"ListItem","position":3,"name":"Online-Verkauf","item":"https:\/\/www.vallonchene.fr\/de\/produkt-kategorie\/online-verkauf-de\/"},{"@type":"ListItem","position":4,"name":"Baumschule","item":"https:\/\/www.vallonchene.fr\/de\/produkt-kategorie\/online-verkauf-de\/baumschule-gaertnerei-de\/"},{"@type":"ListItem","position":5,"name":"Koniferen","item":"https:\/\/www.vallonchene.fr\/de\/produkt-kategorie\/online-verkauf-de\/baumschule-gaertnerei-de\/koniferen-de\/"},{"@type":"ListItem","position":6,"name":"FITZROYA cupressoides"}]},{"@type":"WebSite","@id":"https:\/\/www.vallonchene.fr\/de\/#website","url":"https:\/\/www.vallonchene.fr\/de\/","name":"Vallonch\u00eane","description":"Die Baumschule, bei der Qualit\u00e4t ihre Wurzeln hat \u2013 Tel.: +49 (0)6838-5399840","publisher":{"@id":"https:\/\/www.vallonchene.fr\/de\/#organization"},"potentialAction":[{"@type":"SearchAction","target":{"@type":"EntryPoint","urlTemplate":"https:\/\/www.vallonchene.fr\/de\/?s={search_term_string}"},"query-input":{"@type":"PropertyValueSpecification","valueRequired":true,"valueName":"search_term_string"}}],"inLanguage":"de"},{"@type":"Organization","@id":"https:\/\/www.vallonchene.fr\/de\/#organization","name":"VALLONCHENE","url":"https:\/\/www.vallonchene.fr\/de\/","logo":{"@type":"ImageObject","inLanguage":"de","@id":"https:\/\/www.vallonchene.fr\/de\/#\/schema\/logo\/image\/","url":"https:\/\/www.vallonchene.fr\/wp-content\/uploads\/2023\/03\/Logo-Vallonchene-site-et-R_hauteur_100.png","contentUrl":"https:\/\/www.vallonchene.fr\/wp-content\/uploads\/2023\/03\/Logo-Vallonchene-site-et-R_hauteur_100.png","width":221,"height":100,"caption":"VALLONCHENE"},"image":{"@id":"https:\/\/www.vallonchene.fr\/de\/#\/schema\/logo\/image\/"},"sameAs":["https:\/\/www.facebook.com\/vallonchene.fr","https:\/\/www.instagram.com\/vallonchene\/","https:\/\/www.pinterest.fr\/vallonchene\/"],"taxID":"49454502300017","hasMerchantReturnPolicy":{"@type":"MerchantReturnPolicy","merchantReturnLink":"https:\/\/www.vallonchene.fr\/remboursements_retours\/"}}]},"og_availability":"out of stock","product_availability":"out of stock","product_retailer_item_id":"61241","product_condition":"new"},"_links":{"self":[{"href":"https:\/\/www.vallonchene.fr\/de\/wp-json\/wp\/v2\/product\/22456","targetHints":{"allow":["GET"]}}],"collection":[{"href":"https:\/\/www.vallonchene.fr\/de\/wp-json\/wp\/v2\/product"}],"about":[{"href":"https:\/\/www.vallonchene.fr\/de\/wp-json\/wp\/v2\/types\/product"}],"replies":[{"embeddable":true,"href":"https:\/\/www.vallonchene.fr\/de\/wp-json\/wp\/v2\/comments?post=22456"}],"wp:featuredmedia":[{"embeddable":true,"href":"https:\/\/www.vallonchene.fr\/de\/wp-json\/wp\/v2\/media\/46715"}],"wp:attachment":[{"href":"https:\/\/www.vallonchene.fr\/de\/wp-json\/wp\/v2\/media?parent=22456"}],"wp:term":[{"taxonomy":"product_brand","embeddable":true,"href":"https:\/\/www.vallonchene.fr\/de\/wp-json\/wp\/v2\/product_brand?post=22456"},{"taxonomy":"product_cat","embeddable":true,"href":"https:\/\/www.vallonchene.fr\/de\/wp-json\/wp\/v2\/product_cat?post=22456"},{"taxonomy":"product_tag","embeddable":true,"href":"https:\/\/www.vallonchene.fr\/de\/wp-json\/wp\/v2\/product_tag?post=22456"}],"curies":[{"name":"wp","href":"https:\/\/api.w.org\/{rel}","templated":true}]}}