{"id":22387,"date":"2021-08-31T11:35:42","date_gmt":"2021-08-31T11:35:42","guid":{"rendered":"https:\/\/testing.vallonchene.fr\/produit\/sambucus-racemosa-golden-tower\/"},"modified":"2023-11-30T09:01:13","modified_gmt":"2023-11-30T09:01:13","slug":"sambucus-nigra-golden-tower-schwarzer-holunder","status":"publish","type":"product","link":"https:\/\/www.vallonchene.fr\/de\/produkt\/sambucus-nigra-golden-tower-schwarzer-holunder\/","title":{"rendered":"SAMBUCUS nigra &#8218;Golden Tower&#8216; (schwarzer Holunder)"},"content":{"rendered":"\r\n<p><strong>SAMBUCUS nigra &#8218;Golden Tower&#8216;<\/strong> geh\u00f6rt zu den Pflanzen der Zukunft. Dieser <strong>Schwarze Holunder<\/strong> ist vollkommen <strong>resistent gegen Trockenheit<\/strong> (nach etwa zweij\u00e4hriger Pflanzung). <br \/>Er w\u00e4chst als eine <strong>sehr schmale S\u00e4ule<\/strong> mit einer Breite von 60 bis 70 cm und einer H\u00f6he von 2,50 m bis 3 Metern. Ferner verleiht ihm sein sehr gezacktes gelbes Laub das Aussehen eines japanischen Ahorns. Seine <strong>sehr hellen Bl\u00e4tter<\/strong> sorgen mitten im Sommer, wenn es in den G\u00e4rten viel weniger Blumen gibt, f\u00fcr einen interessanten Farbtupfer. <br \/>\u00dcberdies entwickelt dieser kleine Strauch im Fr\u00fchjahr <strong>gro\u00dfe, flache, wei\u00dfe Bl\u00fcten in H\u00fclle und F\u00fclle<\/strong>.<\/p>\r\n\r\n\r\n\r\n<p>Um unsere anderen derzeit zum Verkauf stehenden SAMBUCUS-Sorten anzuzeigen, <a href=\"https:\/\/www.vallonchene.fr\/de\/?s=sambucus&amp;post_type=product&amp;dgwt_wcas=1&amp;lang=de&amp;filter_stock_status=instock\" target=\"_blank\" rel=\"noreferrer noopener\"><strong>klicken Sie bitte hier<\/strong><\/a>.<\/p>\r\n\r\n<h2 id=\"h-wie-man-sambucus-racemosa-golden-tower\" class=\"wp-block-heading\">Wie man SAMBUCUS nigra &#8218;Golden Tower&#8216;<\/h2>\r\n\r\n\r\n\r\n<p>Dieser Schwarze Holunder mit stark gezacktem, gelbem Laub und s\u00e4ulenf\u00f6rmigem Wuchs ist ein <strong>anspruchsloser Strauch<\/strong>. Damit richtet es sich sowohl an <strong>Einsteiger als auch an erfahrene G\u00e4rtner<\/strong>.<\/p>\r\n\r\n\r\n\r\n<p>Wie wir bereits angedeutet haben, ist diese Pflanze, sobald sie in den Boden gepflanzt wurde, <strong>sehr resistent gegen Trockenheit<\/strong>. Sie k\u00f6nnen sie <strong>in einen Topf oder in die Erde<\/strong> pflanzen. Suchen Sie sich daf\u00fcr einen <strong>vollsonnigen Platz<\/strong>. Je mehr Sonne die Pflanze bekommt, desto gelber werden ihre Bl\u00e4tter.<\/p>\r\n\r\n\r\n\r\n<p>SAMBUCUS nigra &#8218;Golden Tower&#8216; ist mit bis <strong>feuchten, m\u00e4\u00dfig feuchten oder trockenen B\u00f6den<\/strong> zufrieden. Sie vertr\u00e4gt <strong>jeden pH-Wert<\/strong>. Die Erde kann<strong> leicht, normal oder schwer<\/strong> sein. Selbstverst\u00e4ndlich \u00fcberlebt es problemlos Temperaturen unter -20\u00b0 C.<\/p>\r\n\r\n\r\n\r\n<p>Obwohl dieser Strauch wenig Bodenfl\u00e4che einnimmt, <strong>l\u00e4sst er sich problemlos beschneiden<\/strong>.<\/p>\r\n\r\n\r\n\r\n<p>F\u00fcr eine gute Vorbereitung des Topfes haben wir <a href=\"https:\/\/www.vallonchene.fr\/de\/wie-man-pflanzen-pflanzt-und-pflegt\/\" target=\"_blank\" rel=\"noreferrer noopener\"><strong>hier eine spezielle Anleitung zusammengestellt<\/strong><\/a>.<\/p>\r\n\r\n\r\n\r\n<h2 id=\"h-geschichte-und-herkunft\" class=\"wp-block-heading\">Geschichte und Herkunft<\/h2>\r\n\r\n\r\n\r\n<p>Die Typusart SAMBUCUS racemosa ist in <strong>Europa, dem gem\u00e4\u00dfigten Nordasien und Nordamerika<\/strong> in Kanada und den Vereinigten Staaten endemisch.<\/p>\r\n\r\n\r\n\r\n<p>SAMBUCUS racemosa wurde von den amerikanischen Ureinwohnern als <strong>Heilpflanze<\/strong> verwendet. Sie nutzten sie unter anderem gegen Durchfall, Erk\u00e4ltungen und Husten.<\/p>\r\n\r\n\r\n\r\n<p>Die amerikanischen Ureinwohner verwendeten sie auch <strong>zum Essen, nachdem sie sie gekocht hatten<\/strong>.<\/p>\r\n\r\n\r\n\r\n<p><strong>V\u00f6gel lieben die Fr\u00fcchte<\/strong> von SAMBUCUS racemosa, w\u00e4hrend die <strong>Bl\u00fcten Schmetterlinge<\/strong> und Kolibris anlocken.<\/p>\r\n\r\n\r\n\r\n<p>Roter Holunder wird h\u00e4ufig als <strong>Zierpflanze<\/strong> in traditionellen und wilden G\u00e4rten verwendet.<\/p>\r\n","protected":false},"excerpt":{"rendered":"<p>Dieser <strong>Schwarze Holunder<\/strong> w\u00e4chst s\u00e4ulenf\u00f6rmig. Das Laub von <b>SAMBUCUS nigra &#8218;Golden Tower&#8216;<\/b> ist gelb und \u00e4hnelt dem von F\u00e4chahornen.<\/p>\n","protected":false},"featured_media":22385,"comment_status":"open","ping_status":"closed","template":"","meta":[],"product_brand":[],"product_cat":[252],"product_tag":[10614,10615,10611,10612,10613,10616],"class_list":{"0":"post-22387","1":"product","2":"type-product","3":"status-publish","4":"has-post-thumbnail","6":"product_cat-straucher-und-baume-de","7":"product_tag-golden-tower-de","8":"product_tag-holunder-mit-facherahorn-gleichendem-laub","9":"product_tag-sambucus-de","10":"product_tag-sambucus-racemosa-de","11":"product_tag-sambucus-racemosa-golden-tower-de","12":"product_tag-saulenformiger-holunder","13":"pa_99-hauteurapproximativeapres1-2_3m-de","14":"pa_couleurdesfleurs-weiss-de","15":"pa_couleurdufeuillage-gelb-de","16":"pa_exigencesenhumidite-feucht-de","17":"pa_exigencesenhumidite-normal-de","18":"pa_exigencesenhumidite-trocken-de","19":"pa_expositionspossibles-sonnigvon12bis17uhr-de","20":"pa_hauteurlivree-50-bis-60-cm","21":"pa_interetauprintemps-bluten-de","22":"pa_interetauprintemps-jungesprossen-de","23":"pa_interetauprintemps-laub-de","24":"pa_interetenautomne-laub-de","25":"pa_interetenete-laub-de","26":"pa_naturedufeuillage-lakiniert-de","27":"pa_naturedufeuillage-nichtimmergrun-de","28":"pa_naturesdesolpossibles-leicht-de","29":"pa_naturesdesolpossibles-normal-de","30":"pa_naturesdesolpossibles-schwer-de","31":"pa_particularites-form-de","32":"pa_periodedefloraison-fruhling-de","33":"pa_periodedetaille-marz-de","34":"pa_phdusolacceptable-kalkigmehrals75-de","35":"pa_phdusolacceptable-neutralzw65u75-de","36":"pa_phdusolacceptable-sauerwenigerals65-de","37":"pa_portgraphisme-kolonnenformig-de","38":"pa_resistanceaufroidrusticite-frostbestandigunter_20c-de","39":"pa_tailledepot-5liter_topf-de","40":"pa_utilisationpossible-beet-de","41":"pa_utilisationpossible-hecke-de","42":"pa_utilisationpossible-kubelodertopf-de","44":"first","45":"outofstock","46":"taxable","47":"shipping-taxable","48":"purchasable","49":"product-type-variable"},"supplier_id":null,"supplier_sku":"","barcode":null,"atum_controlled":true,"out_stock_date":null,"out_stock_threshold":null,"inheritable":true,"inbound_stock":0,"stock_on_hold":0,"sold_today":0,"sales_last_days":0,"reserved_stock":0,"customer_returns":0,"warehouse_damage":0,"lost_in_post":0,"other_logs":0,"out_stock_days":null,"lost_sales":0,"has_location":false,"update_date":"2025-05-21T12:08:08","atum_locations":[],"atum_stock_status":"instock","restock_status":false,"low_stock_amount":"","sales_update_date":"2023-07-04T06:08:37","calc_backorders":null,"yoast_head":"<!-- This site is optimized with the Yoast SEO Premium plugin v27.5 (Yoast SEO v27.5) - https:\/\/yoast.com\/product\/yoast-seo-premium-wordpress\/ -->\n<title>SAMBUCUS nigra &#039;Golden Tower&#039; - Schwarzer Holunder<\/title>\n<meta name=\"description\" content=\"Dieser Schwarze Holunder w\u00e4chst s\u00e4ulenf\u00f6rmig. Das Laub von SAMBUCUS nigra &#039;Golden Tower&#039; ist gelb und \u00e4hnelt dem von F\u00e4cherahornen.\" \/>\n<meta name=\"robots\" content=\"index, follow, max-snippet:-1, max-image-preview:large, max-video-preview:-1\" \/>\n<link rel=\"canonical\" href=\"https:\/\/www.vallonchene.fr\/de\/produkt\/sambucus-nigra-golden-tower-schwarzer-holunder\/\" \/>\n<meta property=\"og:locale\" content=\"de_DE\" \/>\n<meta property=\"og:type\" content=\"article\" \/>\n<meta property=\"og:title\" content=\"SAMBUCUS nigra &#039;Golden Tower&#039; (schwarzer Holunder)\" \/>\n<meta property=\"og:description\" content=\"Dieser Schwarze Holunder w\u00e4chst s\u00e4ulenf\u00f6rmig. Das Laub von SAMBUCUS nigra &#039;Golden Tower&#039; ist gelb und \u00e4hnelt dem von F\u00e4cherahornen.\" \/>\n<meta property=\"og:url\" content=\"https:\/\/www.vallonchene.fr\/de\/produkt\/sambucus-nigra-golden-tower-schwarzer-holunder\/\" \/>\n<meta property=\"og:site_name\" content=\"Vallonch\u00eane\" \/>\n<meta property=\"article:publisher\" content=\"https:\/\/www.facebook.com\/vallonchene.fr\" \/>\n<meta property=\"article:modified_time\" content=\"2023-11-30T09:01:13+00:00\" \/>\n<meta property=\"og:image\" content=\"https:\/\/www.vallonchene.fr\/wp-content\/uploads\/2021\/08\/4026-648-Feuillage-du-SAMBUCUS-racemosa-Golden-Tower.jpg\" \/>\n\t<meta property=\"og:image:width\" content=\"1500\" \/>\n\t<meta property=\"og:image:height\" content=\"1500\" \/>\n\t<meta property=\"og:image:type\" content=\"image\/jpeg\" \/>\n<meta name=\"twitter:card\" content=\"summary_large_image\" \/>\n<meta name=\"twitter:label1\" content=\"Verf\u00fcgbarkeit\" \/>\n\t<meta name=\"twitter:data1\" content=\"Nicht vorr\u00e4tig\" \/>\n<script type=\"application\/ld+json\" class=\"yoast-schema-graph\">{\"@context\":\"https:\\\/\\\/schema.org\",\"@graph\":[{\"@type\":\"WebPage\",\"@id\":\"https:\\\/\\\/www.vallonchene.fr\\\/de\\\/produkt\\\/sambucus-nigra-golden-tower-schwarzer-holunder\\\/\",\"url\":\"https:\\\/\\\/www.vallonchene.fr\\\/de\\\/produkt\\\/sambucus-nigra-golden-tower-schwarzer-holunder\\\/\",\"name\":\"SAMBUCUS nigra 'Golden Tower' - Schwarzer Holunder\",\"isPartOf\":{\"@id\":\"https:\\\/\\\/www.vallonchene.fr\\\/de\\\/#website\"},\"primaryImageOfPage\":{\"@id\":\"https:\\\/\\\/www.vallonchene.fr\\\/de\\\/produkt\\\/sambucus-nigra-golden-tower-schwarzer-holunder\\\/#primaryimage\"},\"image\":{\"@id\":\"https:\\\/\\\/www.vallonchene.fr\\\/de\\\/produkt\\\/sambucus-nigra-golden-tower-schwarzer-holunder\\\/#primaryimage\"},\"thumbnailUrl\":\"https:\\\/\\\/www.vallonchene.fr\\\/wp-content\\\/uploads\\\/2021\\\/08\\\/4026-648-Feuillage-du-SAMBUCUS-racemosa-Golden-Tower.jpg\",\"datePublished\":\"2021-08-31T11:35:42+00:00\",\"dateModified\":\"2023-11-30T09:01:13+00:00\",\"description\":\"Dieser Schwarze Holunder w\u00e4chst s\u00e4ulenf\u00f6rmig. Das Laub von SAMBUCUS nigra 'Golden Tower' ist gelb und \u00e4hnelt dem von F\u00e4cherahornen.\",\"breadcrumb\":{\"@id\":\"https:\\\/\\\/www.vallonchene.fr\\\/de\\\/produkt\\\/sambucus-nigra-golden-tower-schwarzer-holunder\\\/#breadcrumb\"},\"inLanguage\":\"de\",\"potentialAction\":[{\"@type\":\"ReadAction\",\"target\":[\"https:\\\/\\\/www.vallonchene.fr\\\/de\\\/produkt\\\/sambucus-nigra-golden-tower-schwarzer-holunder\\\/\"]}]},{\"@type\":\"ImageObject\",\"inLanguage\":\"de\",\"@id\":\"https:\\\/\\\/www.vallonchene.fr\\\/de\\\/produkt\\\/sambucus-nigra-golden-tower-schwarzer-holunder\\\/#primaryimage\",\"url\":\"https:\\\/\\\/www.vallonchene.fr\\\/wp-content\\\/uploads\\\/2021\\\/08\\\/4026-648-Feuillage-du-SAMBUCUS-racemosa-Golden-Tower.jpg\",\"contentUrl\":\"https:\\\/\\\/www.vallonchene.fr\\\/wp-content\\\/uploads\\\/2021\\\/08\\\/4026-648-Feuillage-du-SAMBUCUS-racemosa-Golden-Tower.jpg\",\"width\":1500,\"height\":1500},{\"@type\":\"BreadcrumbList\",\"@id\":\"https:\\\/\\\/www.vallonchene.fr\\\/de\\\/produkt\\\/sambucus-nigra-golden-tower-schwarzer-holunder\\\/#breadcrumb\",\"itemListElement\":[{\"@type\":\"ListItem\",\"position\":1,\"name\":\"Home\",\"item\":\"https:\\\/\\\/www.vallonchene.fr\\\/de\\\/\"},{\"@type\":\"ListItem\",\"position\":2,\"name\":\"Shop\",\"item\":\"https:\\\/\\\/www.vallonchene.fr\\\/de\\\/shop\\\/\"},{\"@type\":\"ListItem\",\"position\":3,\"name\":\"Online-Verkauf\",\"item\":\"https:\\\/\\\/www.vallonchene.fr\\\/de\\\/produkt-kategorie\\\/online-verkauf-de\\\/\"},{\"@type\":\"ListItem\",\"position\":4,\"name\":\"Baumschule\",\"item\":\"https:\\\/\\\/www.vallonchene.fr\\\/de\\\/produkt-kategorie\\\/online-verkauf-de\\\/baumschule-gaertnerei-de\\\/\"},{\"@type\":\"ListItem\",\"position\":5,\"name\":\"Str\u00e4ucher und B\u00e4ume\",\"item\":\"https:\\\/\\\/www.vallonchene.fr\\\/de\\\/produkt-kategorie\\\/online-verkauf-de\\\/baumschule-gaertnerei-de\\\/straucher-und-baume-de\\\/\"},{\"@type\":\"ListItem\",\"position\":6,\"name\":\"SAMBUCUS nigra &#8218;Golden Tower&#8216; (schwarzer Holunder)\"}]},{\"@type\":\"WebSite\",\"@id\":\"https:\\\/\\\/www.vallonchene.fr\\\/de\\\/#website\",\"url\":\"https:\\\/\\\/www.vallonchene.fr\\\/de\\\/\",\"name\":\"Vallonch\u00eane\",\"description\":\"Die Baumschule, bei der Qualit\u00e4t ihre Wurzeln hat \u2013 Tel.: +49 (0)6838-5399840\",\"publisher\":{\"@id\":\"https:\\\/\\\/www.vallonchene.fr\\\/de\\\/#organization\"},\"potentialAction\":[{\"@type\":\"SearchAction\",\"target\":{\"@type\":\"EntryPoint\",\"urlTemplate\":\"https:\\\/\\\/www.vallonchene.fr\\\/de\\\/?s={search_term_string}\"},\"query-input\":{\"@type\":\"PropertyValueSpecification\",\"valueRequired\":true,\"valueName\":\"search_term_string\"}}],\"inLanguage\":\"de\"},{\"@type\":\"Organization\",\"@id\":\"https:\\\/\\\/www.vallonchene.fr\\\/de\\\/#organization\",\"name\":\"VALLONCHENE\",\"url\":\"https:\\\/\\\/www.vallonchene.fr\\\/de\\\/\",\"logo\":{\"@type\":\"ImageObject\",\"inLanguage\":\"de\",\"@id\":\"https:\\\/\\\/www.vallonchene.fr\\\/de\\\/#\\\/schema\\\/logo\\\/image\\\/\",\"url\":\"https:\\\/\\\/www.vallonchene.fr\\\/wp-content\\\/uploads\\\/2023\\\/03\\\/Logo-Vallonchene-site-et-R_hauteur_100.png\",\"contentUrl\":\"https:\\\/\\\/www.vallonchene.fr\\\/wp-content\\\/uploads\\\/2023\\\/03\\\/Logo-Vallonchene-site-et-R_hauteur_100.png\",\"width\":221,\"height\":100,\"caption\":\"VALLONCHENE\"},\"image\":{\"@id\":\"https:\\\/\\\/www.vallonchene.fr\\\/de\\\/#\\\/schema\\\/logo\\\/image\\\/\"},\"sameAs\":[\"https:\\\/\\\/www.facebook.com\\\/vallonchene.fr\",\"https:\\\/\\\/www.instagram.com\\\/vallonchene\\\/\",\"https:\\\/\\\/www.pinterest.fr\\\/vallonchene\\\/\"],\"taxID\":\"49454502300017\",\"hasMerchantReturnPolicy\":{\"@type\":\"MerchantReturnPolicy\",\"merchantReturnLink\":\"https:\\\/\\\/www.vallonchene.fr\\\/remboursements_retours\\\/\"}}]}<\/script>\n<meta property=\"og:availability\" content=\"out of stock\" \/>\n<meta property=\"product:availability\" content=\"out of stock\" \/>\n<meta property=\"product:retailer_item_id\" content=\"62239\" \/>\n<meta property=\"product:condition\" content=\"new\" \/>\n<!-- \/ Yoast SEO Premium plugin. -->","yoast_head_json":{"title":"SAMBUCUS nigra 'Golden Tower' - Schwarzer Holunder","description":"Dieser Schwarze Holunder w\u00e4chst s\u00e4ulenf\u00f6rmig. Das Laub von SAMBUCUS nigra 'Golden Tower' ist gelb und \u00e4hnelt dem von F\u00e4cherahornen.","robots":{"index":"index","follow":"follow","max-snippet":"max-snippet:-1","max-image-preview":"max-image-preview:large","max-video-preview":"max-video-preview:-1"},"canonical":"https:\/\/www.vallonchene.fr\/de\/produkt\/sambucus-nigra-golden-tower-schwarzer-holunder\/","og_locale":"de_DE","og_type":"article","og_title":"SAMBUCUS nigra 'Golden Tower' (schwarzer Holunder)","og_description":"Dieser Schwarze Holunder w\u00e4chst s\u00e4ulenf\u00f6rmig. Das Laub von SAMBUCUS nigra 'Golden Tower' ist gelb und \u00e4hnelt dem von F\u00e4cherahornen.","og_url":"https:\/\/www.vallonchene.fr\/de\/produkt\/sambucus-nigra-golden-tower-schwarzer-holunder\/","og_site_name":"Vallonch\u00eane","article_publisher":"https:\/\/www.facebook.com\/vallonchene.fr","article_modified_time":"2023-11-30T09:01:13+00:00","og_image":[{"width":1500,"height":1500,"url":"https:\/\/www.vallonchene.fr\/wp-content\/uploads\/2021\/08\/4026-648-Feuillage-du-SAMBUCUS-racemosa-Golden-Tower.jpg","type":"image\/jpeg"}],"twitter_card":"summary_large_image","twitter_misc":{"Verf\u00fcgbarkeit":"Nicht vorr\u00e4tig"},"schema":{"@context":"https:\/\/schema.org","@graph":[{"@type":"WebPage","@id":"https:\/\/www.vallonchene.fr\/de\/produkt\/sambucus-nigra-golden-tower-schwarzer-holunder\/","url":"https:\/\/www.vallonchene.fr\/de\/produkt\/sambucus-nigra-golden-tower-schwarzer-holunder\/","name":"SAMBUCUS nigra 'Golden Tower' - Schwarzer Holunder","isPartOf":{"@id":"https:\/\/www.vallonchene.fr\/de\/#website"},"primaryImageOfPage":{"@id":"https:\/\/www.vallonchene.fr\/de\/produkt\/sambucus-nigra-golden-tower-schwarzer-holunder\/#primaryimage"},"image":{"@id":"https:\/\/www.vallonchene.fr\/de\/produkt\/sambucus-nigra-golden-tower-schwarzer-holunder\/#primaryimage"},"thumbnailUrl":"https:\/\/www.vallonchene.fr\/wp-content\/uploads\/2021\/08\/4026-648-Feuillage-du-SAMBUCUS-racemosa-Golden-Tower.jpg","datePublished":"2021-08-31T11:35:42+00:00","dateModified":"2023-11-30T09:01:13+00:00","description":"Dieser Schwarze Holunder w\u00e4chst s\u00e4ulenf\u00f6rmig. Das Laub von SAMBUCUS nigra 'Golden Tower' ist gelb und \u00e4hnelt dem von F\u00e4cherahornen.","breadcrumb":{"@id":"https:\/\/www.vallonchene.fr\/de\/produkt\/sambucus-nigra-golden-tower-schwarzer-holunder\/#breadcrumb"},"inLanguage":"de","potentialAction":[{"@type":"ReadAction","target":["https:\/\/www.vallonchene.fr\/de\/produkt\/sambucus-nigra-golden-tower-schwarzer-holunder\/"]}]},{"@type":"ImageObject","inLanguage":"de","@id":"https:\/\/www.vallonchene.fr\/de\/produkt\/sambucus-nigra-golden-tower-schwarzer-holunder\/#primaryimage","url":"https:\/\/www.vallonchene.fr\/wp-content\/uploads\/2021\/08\/4026-648-Feuillage-du-SAMBUCUS-racemosa-Golden-Tower.jpg","contentUrl":"https:\/\/www.vallonchene.fr\/wp-content\/uploads\/2021\/08\/4026-648-Feuillage-du-SAMBUCUS-racemosa-Golden-Tower.jpg","width":1500,"height":1500},{"@type":"BreadcrumbList","@id":"https:\/\/www.vallonchene.fr\/de\/produkt\/sambucus-nigra-golden-tower-schwarzer-holunder\/#breadcrumb","itemListElement":[{"@type":"ListItem","position":1,"name":"Home","item":"https:\/\/www.vallonchene.fr\/de\/"},{"@type":"ListItem","position":2,"name":"Shop","item":"https:\/\/www.vallonchene.fr\/de\/shop\/"},{"@type":"ListItem","position":3,"name":"Online-Verkauf","item":"https:\/\/www.vallonchene.fr\/de\/produkt-kategorie\/online-verkauf-de\/"},{"@type":"ListItem","position":4,"name":"Baumschule","item":"https:\/\/www.vallonchene.fr\/de\/produkt-kategorie\/online-verkauf-de\/baumschule-gaertnerei-de\/"},{"@type":"ListItem","position":5,"name":"Str\u00e4ucher und B\u00e4ume","item":"https:\/\/www.vallonchene.fr\/de\/produkt-kategorie\/online-verkauf-de\/baumschule-gaertnerei-de\/straucher-und-baume-de\/"},{"@type":"ListItem","position":6,"name":"SAMBUCUS nigra &#8218;Golden Tower&#8216; (schwarzer Holunder)"}]},{"@type":"WebSite","@id":"https:\/\/www.vallonchene.fr\/de\/#website","url":"https:\/\/www.vallonchene.fr\/de\/","name":"Vallonch\u00eane","description":"Die Baumschule, bei der Qualit\u00e4t ihre Wurzeln hat \u2013 Tel.: +49 (0)6838-5399840","publisher":{"@id":"https:\/\/www.vallonchene.fr\/de\/#organization"},"potentialAction":[{"@type":"SearchAction","target":{"@type":"EntryPoint","urlTemplate":"https:\/\/www.vallonchene.fr\/de\/?s={search_term_string}"},"query-input":{"@type":"PropertyValueSpecification","valueRequired":true,"valueName":"search_term_string"}}],"inLanguage":"de"},{"@type":"Organization","@id":"https:\/\/www.vallonchene.fr\/de\/#organization","name":"VALLONCHENE","url":"https:\/\/www.vallonchene.fr\/de\/","logo":{"@type":"ImageObject","inLanguage":"de","@id":"https:\/\/www.vallonchene.fr\/de\/#\/schema\/logo\/image\/","url":"https:\/\/www.vallonchene.fr\/wp-content\/uploads\/2023\/03\/Logo-Vallonchene-site-et-R_hauteur_100.png","contentUrl":"https:\/\/www.vallonchene.fr\/wp-content\/uploads\/2023\/03\/Logo-Vallonchene-site-et-R_hauteur_100.png","width":221,"height":100,"caption":"VALLONCHENE"},"image":{"@id":"https:\/\/www.vallonchene.fr\/de\/#\/schema\/logo\/image\/"},"sameAs":["https:\/\/www.facebook.com\/vallonchene.fr","https:\/\/www.instagram.com\/vallonchene\/","https:\/\/www.pinterest.fr\/vallonchene\/"],"taxID":"49454502300017","hasMerchantReturnPolicy":{"@type":"MerchantReturnPolicy","merchantReturnLink":"https:\/\/www.vallonchene.fr\/remboursements_retours\/"}}]},"og_availability":"out of stock","product_availability":"out of stock","product_retailer_item_id":"62239","product_condition":"new"},"_links":{"self":[{"href":"https:\/\/www.vallonchene.fr\/de\/wp-json\/wp\/v2\/product\/22387","targetHints":{"allow":["GET"]}}],"collection":[{"href":"https:\/\/www.vallonchene.fr\/de\/wp-json\/wp\/v2\/product"}],"about":[{"href":"https:\/\/www.vallonchene.fr\/de\/wp-json\/wp\/v2\/types\/product"}],"replies":[{"embeddable":true,"href":"https:\/\/www.vallonchene.fr\/de\/wp-json\/wp\/v2\/comments?post=22387"}],"wp:featuredmedia":[{"embeddable":true,"href":"https:\/\/www.vallonchene.fr\/de\/wp-json\/wp\/v2\/media\/22385"}],"wp:attachment":[{"href":"https:\/\/www.vallonchene.fr\/de\/wp-json\/wp\/v2\/media?parent=22387"}],"wp:term":[{"taxonomy":"product_brand","embeddable":true,"href":"https:\/\/www.vallonchene.fr\/de\/wp-json\/wp\/v2\/product_brand?post=22387"},{"taxonomy":"product_cat","embeddable":true,"href":"https:\/\/www.vallonchene.fr\/de\/wp-json\/wp\/v2\/product_cat?post=22387"},{"taxonomy":"product_tag","embeddable":true,"href":"https:\/\/www.vallonchene.fr\/de\/wp-json\/wp\/v2\/product_tag?post=22387"}],"curies":[{"name":"wp","href":"https:\/\/api.w.org\/{rel}","templated":true}]}}