{"id":21945,"date":"2021-08-31T10:44:40","date_gmt":"2021-08-31T10:44:40","guid":{"rendered":"https:\/\/testing.vallonchene.fr\/produit\/aesculus-x-carnea-aureomarginata\/"},"modified":"2025-10-26T15:24:22","modified_gmt":"2025-10-26T14:24:22","slug":"aesculus-x-carnea-aureomarginata","status":"publish","type":"product","link":"https:\/\/www.vallonchene.fr\/de\/produkt\/aesculus-x-carnea-aureomarginata\/","title":{"rendered":"AESCULUS x carnea &#8218;Aureomarginata&#8216;"},"content":{"rendered":"<h2>Die Pflanze<\/h2>\n<p>Die <strong>AESCULUS x carnea &#8218;Aureomarginata&#8216;<\/strong> (syn. AESCULUS x carnea &#8218;Variegata&#8216;), auch bekannt als <strong>Rote Rosskastanie<\/strong>, ist ein wunderbarer kleiner Baum.<\/p>\n<p>Zun\u00e4chst <strong>w\u00e4chst er viel langsamer<\/strong> als die typische Art. Daher erreicht er nach etwa zehn Jahren nur eine H\u00f6he von 2 bis 3 Metern. Somit eignet er sich auch hervorragend f\u00fcr die Pflanzung in kleinen bis mittelgro\u00dfen G\u00e4rten.  <\/p>\n<p>Sein <strong>hellgr\u00fcnes Laub<\/strong> ist mit einem <strong>reizvollen gelben Rand<\/strong> rundherum versehen. Es ist besonders leuchtend. <\/p>\n<p>Sobald er sein sch\u00f6nes Laub entwickelt hat, wird er seine <strong>atemberaubenden rosa\/roten Bl\u00fcten<\/strong> wie Schmuckst\u00fccke zur Schau stellen.<\/p>\n<p>Nat\u00fcrlich ist diese rote Rosskastanie vollkommen winterhart.<\/p>\n<h2>Wie pflanzt und pflegt man AESCULUS x carnea &#8218;Aureomarginata&#8216;?<\/h2>\n<h3>Die Pflanzung <br \/><\/h3>\n<p>Um die Pflanzung dieser roten Rosskastanie erfolgreich durchzuf\u00fchren, beachten Sie Folgendes:<\/p>\n<ol>\n<li>W\u00e4hlen Sie einen Standort in voller Sonne oder im Halbschatten. Je mehr die Pflanze dem Sonnenlicht ausgesetzt ist, desto gelber werden die Blattr\u00e4nder und desto mehr Bl\u00fcten entwickelt die Pflanze. <\/li>\n<li>Da es sich um eine robuste Pflanze handelt, kann der Boden leicht, normal oder schwer sein.<\/li>\n<li>Diese Pflanze toleriert saure, neutrale oder kalkhaltige B\u00f6den.<\/li>\n<li><a href=\"https:\/\/www.vallonchene.fr\/comment-planter-et-entretenir-des-vegetaux\/comment-planter-et-entretenir-arbres-arbustes-et-coniferes\/\" target=\"_blank\" rel=\"noreferrer noopener\"><strong>F\u00fcr eine gute Vorbereitung des Pflanzlochs haben wir spezielle Anweisungen entwickelt, die hier verf\u00fcgbar sind. <\/strong><\/a><\/li>\n<\/ol>\n<h3>Pflege<\/h3>\n<p>Die A. x carnea &#8218;Aureomarginata&#8216; erfordert keine besondere Pflege. Wir empfehlen jedoch, sie w\u00e4hrend Trockenperioden in den ersten zwei Jahren regelm\u00e4\u00dfig zu gie\u00dfen, um das Anwachsen zu erleichtern.  <\/p>\n<p>Ebenso ist es gut zu wissen, dass der Schnitt (vollkommen optional) im Januar oder Februar durchgef\u00fchrt werden kann, wenn Sie dies f\u00fcr notwendig erachten.<\/p>\n<p><a href=\"https:\/\/www.vallonchene.fr\/comment-bien-arroser-le-jardin-et-economiser-leau\/\"><strong>Lesen Sie hier auch unsere Tipps zum richtigen Gie\u00dfen und Wassersparen<\/strong><\/a>.<\/p>\n<h2>Geschichte und Herkunft<\/h2>\n<p>Die AESCULUS x carnea entstand aus der Kreuzung von AESCULUS hippocastanum und AESCULUS pavia, was ihr ihre rosa bis roten Bl\u00fcten verleiht. Ihr Ursprung liegt wahrscheinlich vor 1820 in Deutschland, wo die rote Rosskastanie als k\u00fcnstlicher Hybrid entwickelt wurde. <\/p>\n<p>Die typische Art produziert Samen, die keimf\u00e4hig sind.<\/p>\n<p>&nbsp;<\/p>\n<p>&nbsp;<\/p>\n","protected":false},"excerpt":{"rendered":"<p>Diese <strong>rote Rosskastanie<\/strong> hat gr\u00fcne Bl\u00e4tter mit einem gelben Rand. Die <b>AESCULUS x carnea &#8218;Aureomarginata&#8216;<\/b>, auch bekannt als <strong>AESCULUS x carnea &#8218;Variegata&#8216;<\/strong>, bl\u00fcht rosa\/rot und w\u00e4chst viel langsamer als die typische Art. <\/p>\n","protected":false},"featured_media":49864,"comment_status":"open","ping_status":"closed","template":"","meta":[],"product_brand":[],"product_cat":[252],"product_tag":[11414,11417,11419],"class_list":{"0":"post-21945","1":"product","2":"type-product","3":"status-publish","4":"has-post-thumbnail","6":"product_cat-straucher-und-baume-de","7":"product_tag-aesculus-de","8":"product_tag-aesculus-carnea-de","9":"product_tag-blut-rosskastanie-mit-bunten-blattern","10":"pa_99-hauteurapproximativeapres1-2_3m-de","11":"pa_couleurdesfleurs-rosa-de","12":"pa_couleurdufeuillage-bunt-de","13":"pa_couleurdufeuillage-gelb-de","14":"pa_couleurdufeuillage-grun-de","15":"pa_exigencesenhumidite-normal-de","16":"pa_exigencesenhumidite-trocken-de","17":"pa_expositionspossibles-ce-halbschattigsonnezw12und17-de","18":"pa_expositionspossibles-sonnigvon12bis17uhr-de","19":"pa_hauteurlivree-100-bis-125-cm","20":"pa_hauteurlivree-175-bis-200-cm","21":"pa_hauteurlivree-200-bis-250-cm","22":"pa_hauteurlivree-50-bis-60-cm","23":"pa_interetauprintemps-bluten-de","24":"pa_interetauprintemps-jungesprossen-de","25":"pa_interetauprintemps-laub-de","26":"pa_interetenautomne-laub-de","27":"pa_interetenete-laub-de","28":"pa_naturedufeuillage-nichtimmergrun-de","29":"pa_naturesdesolpossibles-leicht-de","30":"pa_naturesdesolpossibles-normal-de","31":"pa_naturesdesolpossibles-schwer-de","32":"pa_periodedefloraison-fruhling-de","33":"pa_periodedetaille-febr-de","34":"pa_periodedetaille-jan-de","35":"pa_phdusolacceptable-kalkigmehrals75-de","36":"pa_phdusolacceptable-neutralzw65u75-de","37":"pa_phdusolacceptable-sauerwenigerals65-de","38":"pa_portgraphisme-rund-de","39":"pa_resistanceaufroidrusticite-frostbestandigunter_20c-de","40":"pa_tailledepot-15liter_topf-de","41":"pa_tailledepot-2liter_topf-de","42":"pa_tailledepot-5liter_topf-de","43":"pa_utilisationpossible-alleinstehend-de","44":"pa_utilisationpossible-beet-de","46":"first","47":"instock","48":"taxable","49":"shipping-taxable","50":"purchasable","51":"product-type-variable","52":"has-default-attributes"},"supplier_id":null,"supplier_sku":"","barcode":null,"atum_controlled":true,"out_stock_date":null,"out_stock_threshold":null,"inheritable":true,"inbound_stock":0,"stock_on_hold":0,"sold_today":0,"sales_last_days":0,"reserved_stock":0,"customer_returns":0,"warehouse_damage":0,"lost_in_post":0,"other_logs":0,"out_stock_days":null,"lost_sales":0,"has_location":false,"update_date":"2025-12-02T10:06:27","atum_locations":[],"atum_stock_status":"instock","restock_status":false,"low_stock_amount":"","sales_update_date":"2025-10-26T14:17:17","calc_backorders":null,"yoast_head":"<!-- This site is optimized with the Yoast SEO Premium plugin v27.4 (Yoast SEO v27.4) - https:\/\/yoast.com\/product\/yoast-seo-premium-wordpress\/ -->\n<title>AESCULUS x carnea &#039;Aureomarginata&#039; (Variegata) - Rote Rosskastanie<\/title>\n<meta name=\"description\" content=\"Diese rote Rosskastanie hat gr\u00fcnes Laub mit gelbem Rand. Der AESCULUS x carnea &#039;Aureomarginata&#039; (syn. A. carnea &#039;Variegata&#039;) bl\u00fcht rosa\/rot.\" \/>\n<meta name=\"robots\" content=\"index, follow, max-snippet:-1, max-image-preview:large, max-video-preview:-1\" \/>\n<link rel=\"canonical\" href=\"https:\/\/www.vallonchene.fr\/de\/produkt\/aesculus-x-carnea-aureomarginata\/\" \/>\n<meta property=\"og:locale\" content=\"de_DE\" \/>\n<meta property=\"og:type\" content=\"article\" \/>\n<meta property=\"og:title\" content=\"AESCULUS x carnea &#039;Aureomarginata&#039;\" \/>\n<meta property=\"og:description\" content=\"Diese rote Rosskastanie hat gr\u00fcnes Laub mit gelbem Rand. Der AESCULUS x carnea &#039;Aureomarginata&#039; (syn. A. carnea &#039;Variegata&#039;) bl\u00fcht rosa\/rot.\" \/>\n<meta property=\"og:url\" content=\"https:\/\/www.vallonchene.fr\/de\/produkt\/aesculus-x-carnea-aureomarginata\/\" \/>\n<meta property=\"og:site_name\" content=\"Vallonch\u00eane\" \/>\n<meta property=\"article:publisher\" content=\"https:\/\/www.facebook.com\/vallonchene.fr\" \/>\n<meta property=\"article:modified_time\" content=\"2025-10-26T14:24:22+00:00\" \/>\n<meta property=\"og:image\" content=\"https:\/\/www.vallonchene.fr\/wp-content\/uploads\/2024\/10\/AESCULUS-x-carnea-Aureomarginata.webp\" \/>\n\t<meta property=\"og:image:width\" content=\"1200\" \/>\n\t<meta property=\"og:image:height\" content=\"1200\" \/>\n\t<meta property=\"og:image:type\" content=\"image\/webp\" \/>\n<meta name=\"twitter:card\" content=\"summary_large_image\" \/>\n<meta name=\"twitter:label1\" content=\"Verf\u00fcgbarkeit\" \/>\n\t<meta name=\"twitter:data1\" content=\"Vorr\u00e4tig\" \/>\n<script type=\"application\/ld+json\" class=\"yoast-schema-graph\">{\"@context\":\"https:\\\/\\\/schema.org\",\"@graph\":[{\"@type\":\"WebPage\",\"@id\":\"https:\\\/\\\/www.vallonchene.fr\\\/de\\\/produkt\\\/aesculus-x-carnea-aureomarginata\\\/\",\"url\":\"https:\\\/\\\/www.vallonchene.fr\\\/de\\\/produkt\\\/aesculus-x-carnea-aureomarginata\\\/\",\"name\":\"AESCULUS x carnea 'Aureomarginata' (Variegata) - Rote Rosskastanie\",\"isPartOf\":{\"@id\":\"https:\\\/\\\/www.vallonchene.fr\\\/de\\\/#website\"},\"primaryImageOfPage\":{\"@id\":\"https:\\\/\\\/www.vallonchene.fr\\\/de\\\/produkt\\\/aesculus-x-carnea-aureomarginata\\\/#primaryimage\"},\"image\":{\"@id\":\"https:\\\/\\\/www.vallonchene.fr\\\/de\\\/produkt\\\/aesculus-x-carnea-aureomarginata\\\/#primaryimage\"},\"thumbnailUrl\":\"https:\\\/\\\/www.vallonchene.fr\\\/wp-content\\\/uploads\\\/2024\\\/10\\\/AESCULUS-x-carnea-Aureomarginata.webp\",\"datePublished\":\"2021-08-31T10:44:40+00:00\",\"dateModified\":\"2025-10-26T14:24:22+00:00\",\"description\":\"Diese rote Rosskastanie hat gr\u00fcnes Laub mit gelbem Rand. Der AESCULUS x carnea 'Aureomarginata' (syn. A. carnea 'Variegata') bl\u00fcht rosa\\\/rot.\",\"breadcrumb\":{\"@id\":\"https:\\\/\\\/www.vallonchene.fr\\\/de\\\/produkt\\\/aesculus-x-carnea-aureomarginata\\\/#breadcrumb\"},\"inLanguage\":\"de\",\"potentialAction\":[{\"@type\":\"ReadAction\",\"target\":[\"https:\\\/\\\/www.vallonchene.fr\\\/de\\\/produkt\\\/aesculus-x-carnea-aureomarginata\\\/\"]}]},{\"@type\":\"ImageObject\",\"inLanguage\":\"de\",\"@id\":\"https:\\\/\\\/www.vallonchene.fr\\\/de\\\/produkt\\\/aesculus-x-carnea-aureomarginata\\\/#primaryimage\",\"url\":\"https:\\\/\\\/www.vallonchene.fr\\\/wp-content\\\/uploads\\\/2024\\\/10\\\/AESCULUS-x-carnea-Aureomarginata.webp\",\"contentUrl\":\"https:\\\/\\\/www.vallonchene.fr\\\/wp-content\\\/uploads\\\/2024\\\/10\\\/AESCULUS-x-carnea-Aureomarginata.webp\",\"width\":1200,\"height\":1200,\"caption\":\"Gr\u00fcnes Laub mit gelben R\u00e4ndern von AESCULUS x carnea 'Aureomarginata' (syn. A. carnea 'Variegata')\"},{\"@type\":\"BreadcrumbList\",\"@id\":\"https:\\\/\\\/www.vallonchene.fr\\\/de\\\/produkt\\\/aesculus-x-carnea-aureomarginata\\\/#breadcrumb\",\"itemListElement\":[{\"@type\":\"ListItem\",\"position\":1,\"name\":\"Home\",\"item\":\"https:\\\/\\\/www.vallonchene.fr\\\/de\\\/\"},{\"@type\":\"ListItem\",\"position\":2,\"name\":\"Shop\",\"item\":\"https:\\\/\\\/www.vallonchene.fr\\\/de\\\/shop\\\/\"},{\"@type\":\"ListItem\",\"position\":3,\"name\":\"Online-Verkauf\",\"item\":\"https:\\\/\\\/www.vallonchene.fr\\\/de\\\/produkt-kategorie\\\/online-verkauf-de\\\/\"},{\"@type\":\"ListItem\",\"position\":4,\"name\":\"Baumschule\",\"item\":\"https:\\\/\\\/www.vallonchene.fr\\\/de\\\/produkt-kategorie\\\/online-verkauf-de\\\/baumschule-gaertnerei-de\\\/\"},{\"@type\":\"ListItem\",\"position\":5,\"name\":\"Str\u00e4ucher und B\u00e4ume\",\"item\":\"https:\\\/\\\/www.vallonchene.fr\\\/de\\\/produkt-kategorie\\\/online-verkauf-de\\\/baumschule-gaertnerei-de\\\/straucher-und-baume-de\\\/\"},{\"@type\":\"ListItem\",\"position\":6,\"name\":\"AESCULUS x carnea &#8218;Aureomarginata&#8216;\"}]},{\"@type\":\"WebSite\",\"@id\":\"https:\\\/\\\/www.vallonchene.fr\\\/de\\\/#website\",\"url\":\"https:\\\/\\\/www.vallonchene.fr\\\/de\\\/\",\"name\":\"Vallonch\u00eane\",\"description\":\"Die Baumschule, bei der Qualit\u00e4t ihre Wurzeln hat \u2013 Tel.: +49 (0)6838-5399840\",\"publisher\":{\"@id\":\"https:\\\/\\\/www.vallonchene.fr\\\/de\\\/#organization\"},\"potentialAction\":[{\"@type\":\"SearchAction\",\"target\":{\"@type\":\"EntryPoint\",\"urlTemplate\":\"https:\\\/\\\/www.vallonchene.fr\\\/de\\\/?s={search_term_string}\"},\"query-input\":{\"@type\":\"PropertyValueSpecification\",\"valueRequired\":true,\"valueName\":\"search_term_string\"}}],\"inLanguage\":\"de\"},{\"@type\":\"Organization\",\"@id\":\"https:\\\/\\\/www.vallonchene.fr\\\/de\\\/#organization\",\"name\":\"VALLONCHENE\",\"url\":\"https:\\\/\\\/www.vallonchene.fr\\\/de\\\/\",\"logo\":{\"@type\":\"ImageObject\",\"inLanguage\":\"de\",\"@id\":\"https:\\\/\\\/www.vallonchene.fr\\\/de\\\/#\\\/schema\\\/logo\\\/image\\\/\",\"url\":\"https:\\\/\\\/www.vallonchene.fr\\\/wp-content\\\/uploads\\\/2023\\\/03\\\/Logo-Vallonchene-site-et-R_hauteur_100.png\",\"contentUrl\":\"https:\\\/\\\/www.vallonchene.fr\\\/wp-content\\\/uploads\\\/2023\\\/03\\\/Logo-Vallonchene-site-et-R_hauteur_100.png\",\"width\":221,\"height\":100,\"caption\":\"VALLONCHENE\"},\"image\":{\"@id\":\"https:\\\/\\\/www.vallonchene.fr\\\/de\\\/#\\\/schema\\\/logo\\\/image\\\/\"},\"sameAs\":[\"https:\\\/\\\/www.facebook.com\\\/vallonchene.fr\",\"https:\\\/\\\/www.instagram.com\\\/vallonchene\\\/\",\"https:\\\/\\\/www.pinterest.fr\\\/vallonchene\\\/\"],\"taxID\":\"49454502300017\",\"hasMerchantReturnPolicy\":{\"@type\":\"MerchantReturnPolicy\",\"merchantReturnLink\":\"https:\\\/\\\/www.vallonchene.fr\\\/remboursements_retours\\\/\"}}]}<\/script>\n<meta property=\"og:availability\" content=\"instock\" \/>\n<meta property=\"product:availability\" content=\"instock\" \/>\n<meta property=\"product:retailer_item_id\" content=\"71122\" \/>\n<meta property=\"product:condition\" content=\"new\" \/>\n<!-- \/ Yoast SEO Premium plugin. -->","yoast_head_json":{"title":"AESCULUS x carnea 'Aureomarginata' (Variegata) - Rote Rosskastanie","description":"Diese rote Rosskastanie hat gr\u00fcnes Laub mit gelbem Rand. Der AESCULUS x carnea 'Aureomarginata' (syn. A. carnea 'Variegata') bl\u00fcht rosa\/rot.","robots":{"index":"index","follow":"follow","max-snippet":"max-snippet:-1","max-image-preview":"max-image-preview:large","max-video-preview":"max-video-preview:-1"},"canonical":"https:\/\/www.vallonchene.fr\/de\/produkt\/aesculus-x-carnea-aureomarginata\/","og_locale":"de_DE","og_type":"article","og_title":"AESCULUS x carnea 'Aureomarginata'","og_description":"Diese rote Rosskastanie hat gr\u00fcnes Laub mit gelbem Rand. Der AESCULUS x carnea 'Aureomarginata' (syn. A. carnea 'Variegata') bl\u00fcht rosa\/rot.","og_url":"https:\/\/www.vallonchene.fr\/de\/produkt\/aesculus-x-carnea-aureomarginata\/","og_site_name":"Vallonch\u00eane","article_publisher":"https:\/\/www.facebook.com\/vallonchene.fr","article_modified_time":"2025-10-26T14:24:22+00:00","og_image":[{"width":1200,"height":1200,"url":"https:\/\/www.vallonchene.fr\/wp-content\/uploads\/2024\/10\/AESCULUS-x-carnea-Aureomarginata.webp","type":"image\/webp"}],"twitter_card":"summary_large_image","twitter_misc":{"Verf\u00fcgbarkeit":"Vorr\u00e4tig"},"schema":{"@context":"https:\/\/schema.org","@graph":[{"@type":"WebPage","@id":"https:\/\/www.vallonchene.fr\/de\/produkt\/aesculus-x-carnea-aureomarginata\/","url":"https:\/\/www.vallonchene.fr\/de\/produkt\/aesculus-x-carnea-aureomarginata\/","name":"AESCULUS x carnea 'Aureomarginata' (Variegata) - Rote Rosskastanie","isPartOf":{"@id":"https:\/\/www.vallonchene.fr\/de\/#website"},"primaryImageOfPage":{"@id":"https:\/\/www.vallonchene.fr\/de\/produkt\/aesculus-x-carnea-aureomarginata\/#primaryimage"},"image":{"@id":"https:\/\/www.vallonchene.fr\/de\/produkt\/aesculus-x-carnea-aureomarginata\/#primaryimage"},"thumbnailUrl":"https:\/\/www.vallonchene.fr\/wp-content\/uploads\/2024\/10\/AESCULUS-x-carnea-Aureomarginata.webp","datePublished":"2021-08-31T10:44:40+00:00","dateModified":"2025-10-26T14:24:22+00:00","description":"Diese rote Rosskastanie hat gr\u00fcnes Laub mit gelbem Rand. Der AESCULUS x carnea 'Aureomarginata' (syn. A. carnea 'Variegata') bl\u00fcht rosa\/rot.","breadcrumb":{"@id":"https:\/\/www.vallonchene.fr\/de\/produkt\/aesculus-x-carnea-aureomarginata\/#breadcrumb"},"inLanguage":"de","potentialAction":[{"@type":"ReadAction","target":["https:\/\/www.vallonchene.fr\/de\/produkt\/aesculus-x-carnea-aureomarginata\/"]}]},{"@type":"ImageObject","inLanguage":"de","@id":"https:\/\/www.vallonchene.fr\/de\/produkt\/aesculus-x-carnea-aureomarginata\/#primaryimage","url":"https:\/\/www.vallonchene.fr\/wp-content\/uploads\/2024\/10\/AESCULUS-x-carnea-Aureomarginata.webp","contentUrl":"https:\/\/www.vallonchene.fr\/wp-content\/uploads\/2024\/10\/AESCULUS-x-carnea-Aureomarginata.webp","width":1200,"height":1200,"caption":"Gr\u00fcnes Laub mit gelben R\u00e4ndern von AESCULUS x carnea 'Aureomarginata' (syn. A. carnea 'Variegata')"},{"@type":"BreadcrumbList","@id":"https:\/\/www.vallonchene.fr\/de\/produkt\/aesculus-x-carnea-aureomarginata\/#breadcrumb","itemListElement":[{"@type":"ListItem","position":1,"name":"Home","item":"https:\/\/www.vallonchene.fr\/de\/"},{"@type":"ListItem","position":2,"name":"Shop","item":"https:\/\/www.vallonchene.fr\/de\/shop\/"},{"@type":"ListItem","position":3,"name":"Online-Verkauf","item":"https:\/\/www.vallonchene.fr\/de\/produkt-kategorie\/online-verkauf-de\/"},{"@type":"ListItem","position":4,"name":"Baumschule","item":"https:\/\/www.vallonchene.fr\/de\/produkt-kategorie\/online-verkauf-de\/baumschule-gaertnerei-de\/"},{"@type":"ListItem","position":5,"name":"Str\u00e4ucher und B\u00e4ume","item":"https:\/\/www.vallonchene.fr\/de\/produkt-kategorie\/online-verkauf-de\/baumschule-gaertnerei-de\/straucher-und-baume-de\/"},{"@type":"ListItem","position":6,"name":"AESCULUS x carnea &#8218;Aureomarginata&#8216;"}]},{"@type":"WebSite","@id":"https:\/\/www.vallonchene.fr\/de\/#website","url":"https:\/\/www.vallonchene.fr\/de\/","name":"Vallonch\u00eane","description":"Die Baumschule, bei der Qualit\u00e4t ihre Wurzeln hat \u2013 Tel.: +49 (0)6838-5399840","publisher":{"@id":"https:\/\/www.vallonchene.fr\/de\/#organization"},"potentialAction":[{"@type":"SearchAction","target":{"@type":"EntryPoint","urlTemplate":"https:\/\/www.vallonchene.fr\/de\/?s={search_term_string}"},"query-input":{"@type":"PropertyValueSpecification","valueRequired":true,"valueName":"search_term_string"}}],"inLanguage":"de"},{"@type":"Organization","@id":"https:\/\/www.vallonchene.fr\/de\/#organization","name":"VALLONCHENE","url":"https:\/\/www.vallonchene.fr\/de\/","logo":{"@type":"ImageObject","inLanguage":"de","@id":"https:\/\/www.vallonchene.fr\/de\/#\/schema\/logo\/image\/","url":"https:\/\/www.vallonchene.fr\/wp-content\/uploads\/2023\/03\/Logo-Vallonchene-site-et-R_hauteur_100.png","contentUrl":"https:\/\/www.vallonchene.fr\/wp-content\/uploads\/2023\/03\/Logo-Vallonchene-site-et-R_hauteur_100.png","width":221,"height":100,"caption":"VALLONCHENE"},"image":{"@id":"https:\/\/www.vallonchene.fr\/de\/#\/schema\/logo\/image\/"},"sameAs":["https:\/\/www.facebook.com\/vallonchene.fr","https:\/\/www.instagram.com\/vallonchene\/","https:\/\/www.pinterest.fr\/vallonchene\/"],"taxID":"49454502300017","hasMerchantReturnPolicy":{"@type":"MerchantReturnPolicy","merchantReturnLink":"https:\/\/www.vallonchene.fr\/remboursements_retours\/"}}]},"og_availability":"instock","product_availability":"instock","product_retailer_item_id":"71122","product_condition":"new"},"_links":{"self":[{"href":"https:\/\/www.vallonchene.fr\/de\/wp-json\/wp\/v2\/product\/21945","targetHints":{"allow":["GET"]}}],"collection":[{"href":"https:\/\/www.vallonchene.fr\/de\/wp-json\/wp\/v2\/product"}],"about":[{"href":"https:\/\/www.vallonchene.fr\/de\/wp-json\/wp\/v2\/types\/product"}],"replies":[{"embeddable":true,"href":"https:\/\/www.vallonchene.fr\/de\/wp-json\/wp\/v2\/comments?post=21945"}],"wp:featuredmedia":[{"embeddable":true,"href":"https:\/\/www.vallonchene.fr\/de\/wp-json\/wp\/v2\/media\/49864"}],"wp:attachment":[{"href":"https:\/\/www.vallonchene.fr\/de\/wp-json\/wp\/v2\/media?parent=21945"}],"wp:term":[{"taxonomy":"product_brand","embeddable":true,"href":"https:\/\/www.vallonchene.fr\/de\/wp-json\/wp\/v2\/product_brand?post=21945"},{"taxonomy":"product_cat","embeddable":true,"href":"https:\/\/www.vallonchene.fr\/de\/wp-json\/wp\/v2\/product_cat?post=21945"},{"taxonomy":"product_tag","embeddable":true,"href":"https:\/\/www.vallonchene.fr\/de\/wp-json\/wp\/v2\/product_tag?post=21945"}],"curies":[{"name":"wp","href":"https:\/\/api.w.org\/{rel}","templated":true}]}}