{"id":2180,"date":"2021-08-31T10:49:15","date_gmt":"2021-08-31T10:49:15","guid":{"rendered":"https:\/\/testing.vallonchene.fr\/produit\/cercidiphyllum-japonicum\/"},"modified":"2025-03-18T09:38:49","modified_gmt":"2025-03-18T08:38:49","slug":"cercidiphyllum-japonicum-japanischer-kuchenbaum","status":"publish","type":"product","link":"https:\/\/www.vallonchene.fr\/de\/produkt\/cercidiphyllum-japonicum-japanischer-kuchenbaum\/","title":{"rendered":"CERCIDIPHYLLUM japonicum"},"content":{"rendered":"<p>Der <strong>CERCIDIPHYLLUM japonicum<\/strong> ist in vielerlei Hinsicht ein wunderbarer Baum. Sein <strong>gr\u00fcnes, fast rundes Laub mit roten Blattstielen<\/strong> (siehe Foto) ist einfach atemberaubend.<br \/>\nAu\u00dferdem besticht er durch <strong>sein elegantes Erscheinungsbild<\/strong> dank seiner sehr feinen \u00c4ste. Auch im Winter, wenn er sein Laub verliert, beh\u00e4lt er diese Eleganz.<br \/>\nObwohl manchmal angegeben wird, dass dieser Baum eine H\u00f6he von 10 bis 45 Metern erreichen kann, sollte man wissen, dass er sehr langsam w\u00e4chst und in Europa nach zwanzig Jahren nicht \u00fcber 6 Meter hinauswachsen wird.<br \/>\nSchlie\u00dflich erreicht dieser Baum seinen H\u00f6hepunkt im Herbst. Dann beginnt das Laub, leuchtende Farben wie Gr\u00fcn, Gelb, Orange und Rot anzunehmen. Betrachten Sie die obigen Fotos. Wenn die Bl\u00e4tter dann vertrocknen, wird deutlich, warum er <strong>Kuchenbaum<\/strong> genannt wird: <strong>Er verstr\u00f6mt einen angenehmen Duft nach Karamell<\/strong> in Ihrem Garten.      <\/p>\n<p>Um die anderen derzeit zum Verkauf stehenden CERCIDIPHYLLUM zu sehen, <strong><a href=\"https:\/\/www.vallonchene.fr\/?s=cercidiphyllum%20japonicum&amp;post_type=product&amp;dgwt_wcas=1&amp;lang=fr&amp;filter_stock_status=instock\" target=\"_blank\" rel=\"noopener\">klicken Sie bitte hier<\/a><\/strong>.<\/p>\n<h2>Wie pflanzt man CERCIDIPHYLLUM japonicum?<\/h2>\n<p>Pflanzen Sie den Kuchenbaum <strong>in voller Sonne oder im Halbschatten<\/strong>, entweder als Teil eines <strong>Beets<\/strong> oder als <strong>Solit\u00e4rbaum<\/strong>. Er liebt <strong>feuchte bis sogar durchn\u00e4sste Standorte<\/strong>.<br \/>\nDer Boden kann <strong>leicht, normal oder schwer<\/strong> sein und einen <strong>sauren, neutralen oder kalkhaltigen pH-Wert<\/strong> aufweisen. <\/p>\n<p>Falls erforderlich, k\u00f6nnen Sie den Kuchenbaum <strong>im Februar oder M\u00e4rz vor dem Austrieb der neuen Triebe zur\u00fcckschneiden<\/strong>.<\/p>\n<p>Diese Pflanze ist <strong>\u00e4u\u00dferst winterhart<\/strong> und h\u00e4lt Temperaturen unter -20 \u00b0C problemlos stand.<\/p>\n<p><a href=\"https:\/\/www.vallonchene.fr\/comment-planter-et-entretenir-des-vegetaux\/\" target=\"_blank\" rel=\"noreferrer noopener\"><strong>F\u00fcr die richtige Vorbereitung des Topfes oder Pflanzlochs haben wir hier spezielle Anleitungen zusammengestellt<\/strong><\/a>. <a href=\"https:\/\/www.vallonchene.fr\/comment-bien-arroser-le-jardin-et-economiser-leau\/\"><strong>Lesen Sie hier auch unsere Tipps zum richtigen Gie\u00dfen und Wassersparen<\/strong><\/a>.<\/p>\n<h2>Geschichte und Herkunft<\/h2>\n<p>Die Art CERCIDIPHYLLUM japonicum wird in <strong><a href=\"https:\/\/fr.wikipedia.org\/wiki\/Chine\" target=\"_blank\" rel=\"noopener\">China<\/a><\/strong> als \u201e<strong>gef\u00e4hrdet<\/strong>\u201c eingestuft. Werden jedoch die japanischen Populationen einbezogen, f\u00e4llt sie in die Kategorie \u201e<strong>geringste Besorgnis<\/strong>\u201c. Ihr nat\u00fcrlicher Lebensraum befindet sich ebenfalls in diesen beiden L\u00e4ndern.  <\/p>\n<p>Fr\u00fcher wurden die Kuchenb\u00e4ume in China als \u201eCERCIDIPHYLLUM japonicum var. sinense\u201c bezeichnet. Heutzutage werden sie jedoch als dieselbe Art betrachtet.  <\/p>\n<p>Der C. japonicum ist ein sehr gesch\u00e4tzter Zierbaum in <strong><a href=\"https:\/\/fr.wikipedia.org\/wiki\/Japon\" target=\"_blank\" rel=\"noopener\">Japan<\/a><\/strong> und vielen anderen L\u00e4ndern, insbesondere wegen seines ungew\u00f6hnlichen Laubs, seiner eleganten Wuchsform und des Karamelldufts, den er im Herbst verstr\u00f6mt.<\/p>\n<p>Diese Art ist <strong><a href=\"https:\/\/fr.wikipedia.org\/wiki\/Dio%C3%AFque\" target=\"_blank\" rel=\"noopener\">zweih\u00e4usig<\/a><\/strong> (mit getrennten m\u00e4nnlichen und weiblichen Individuen) und <strong>gilt ebenfalls als resistent gegen Sch\u00e4dlinge<\/strong>.<\/p>\n<p>Die Japaner nutzen sie zur Herstellung von <strong>Bauholz<\/strong>. Dar\u00fcber hinaus wird das Holz aufgrund seiner H\u00e4rte auch f\u00fcr die Anfertigung von <strong><a href=\"https:\/\/fr.wikipedia.org\/wiki\/Goban\" target=\"_blank\" rel=\"noopener\">Goban<\/a><\/strong> (Spielbretter f\u00fcr das <strong><a href=\"https:\/\/fr.wikipedia.org\/wiki\/Jeu_de_go\" target=\"_blank\" rel=\"noopener\">Go-Spiel<\/a><\/strong>) verwendet. <\/p>\n<p>&nbsp;<\/p>\n<p>&nbsp;<\/p>\n","protected":false},"excerpt":{"rendered":"<p>Der <strong>Kuchenbaum<\/strong> ist ein kleiner Baum. Der <strong>CERCIDIPHYLLUM japonicum<\/strong> vertr\u00e4gt sehr feuchte B\u00f6den gut. Im Herbst verstr\u00f6men seine vertrockneten Bl\u00e4tter einen intensiven Karamellduft und erf\u00fcllen den Garten mit ihrem Aroma.  <\/p>\n","protected":false},"featured_media":43973,"comment_status":"open","ping_status":"closed","template":"","meta":[],"product_brand":[],"product_cat":[252],"product_tag":[12393,12392,12394],"class_list":{"0":"post-2180","1":"product","2":"type-product","3":"status-publish","4":"has-post-thumbnail","6":"product_cat-straucher-und-baume-de","7":"product_tag-cercidiphyllum-japonicum-de","8":"product_tag-katsura-de","9":"product_tag-kuchenbaum","10":"pa_99-hauteurapproximativeapres1-3_5m-de","11":"pa_couleurdufeuillage-grun-de","12":"pa_exigencesenhumidite-feucht-de","13":"pa_exigencesenhumidite-normal-de","14":"pa_exigencesenhumidite-sehrfeucht-de","15":"pa_exigencesenhumidite-trocken-de","16":"pa_expositionspossibles-ce-halbschattigsonnezw12und17-de","17":"pa_expositionspossibles-sonnigvon12bis17uhr-de","18":"pa_hauteurlivree-100-bis-125-cm","19":"pa_hauteurlivree-150-bis-175-cm","20":"pa_hauteurlivree-175-bis-200-cm","21":"pa_hauteurlivree-40-bis-60-cm","22":"pa_hauteurlivree-50-bis-60-cm","23":"pa_hauteurlivree-80-bis-100-cm","24":"pa_interetauprintemps-form-de","25":"pa_interetauprintemps-laub-de","26":"pa_interetenautomne-form-de","27":"pa_interetenautomne-laub-de","28":"pa_interetenautomne-parfum-de","29":"pa_interetenete-form-de","30":"pa_interetenete-laub-de","31":"pa_interetenhiver-form-de","32":"pa_naturedufeuillage-nichtimmergrun-de","33":"pa_naturesdesolpossibles-leicht-de","34":"pa_naturesdesolpossibles-normal-de","35":"pa_naturesdesolpossibles-schwer-de","36":"pa_particularites-duftend-de","37":"pa_periodedetaille-febr-de","38":"pa_periodedetaille-marz-de","39":"pa_phdusolacceptable-kalkigmehrals75-de","40":"pa_phdusolacceptable-neutralzw65u75-de","41":"pa_phdusolacceptable-sauerwenigerals65-de","42":"pa_portgraphisme-kolonnenformig-de","43":"pa_portgraphisme-rund-de","44":"pa_resistanceaufroidrusticite-frostbestandigunter_20c-de","45":"pa_tailledepot-10liter_topf-de","46":"pa_tailledepot-15liter_topf-de","47":"pa_tailledepot-2liter_topf-de","48":"pa_tailledepot-3liter_topf-de","49":"pa_tailledepot-5liter_topf-de","50":"pa_tailledepot-9cmtopf-de","51":"pa_utilisationpossible-alleinstehend-de","52":"pa_utilisationpossible-beet-de","54":"first","55":"instock","56":"taxable","57":"shipping-taxable","58":"purchasable","59":"product-type-variable","60":"has-default-attributes"},"supplier_id":null,"supplier_sku":"","barcode":null,"atum_controlled":true,"out_stock_date":null,"out_stock_threshold":null,"inheritable":true,"inbound_stock":0,"stock_on_hold":0,"sold_today":0,"sales_last_days":0,"reserved_stock":0,"customer_returns":0,"warehouse_damage":0,"lost_in_post":0,"other_logs":0,"out_stock_days":null,"lost_sales":0,"has_location":false,"update_date":"2026-01-02T10:28:19","atum_locations":[],"atum_stock_status":"instock","restock_status":false,"low_stock_amount":"","sales_update_date":"2024-12-20T15:27:04","calc_backorders":null,"yoast_head":"<!-- This site is optimized with the Yoast SEO Premium plugin v27.5 (Yoast SEO v27.5) - https:\/\/yoast.com\/product\/yoast-seo-premium-wordpress\/ -->\n<title>CERCIDIPHYLLUM japonicum - Kuchenbaum<\/title>\n<meta name=\"description\" content=\"Der Kuchenbaum ist ein kleiner Baum. Der CERCIDIPHYLLUM japonicum vertr\u00e4gt sehr feuchte B\u00f6den gut. Im Herbst verstr\u00f6mt er einen Duft nach Karamell.\" \/>\n<meta name=\"robots\" content=\"index, follow, max-snippet:-1, max-image-preview:large, max-video-preview:-1\" \/>\n<link rel=\"canonical\" href=\"https:\/\/www.vallonchene.fr\/de\/produkt\/cercidiphyllum-japonicum-japanischer-kuchenbaum\/\" \/>\n<meta property=\"og:locale\" content=\"de_DE\" \/>\n<meta property=\"og:type\" content=\"article\" \/>\n<meta property=\"og:title\" content=\"CERCIDIPHYLLUM japonicum\" \/>\n<meta property=\"og:description\" content=\"Der Kuchenbaum ist ein kleiner Baum. Der CERCIDIPHYLLUM japonicum vertr\u00e4gt sehr feuchte B\u00f6den gut. Im Herbst verstr\u00f6mt er einen Duft nach Karamell.\" \/>\n<meta property=\"og:url\" content=\"https:\/\/www.vallonchene.fr\/de\/produkt\/cercidiphyllum-japonicum-japanischer-kuchenbaum\/\" \/>\n<meta property=\"og:site_name\" content=\"Vallonch\u00eane\" \/>\n<meta property=\"article:publisher\" content=\"https:\/\/www.facebook.com\/vallonchene.fr\" \/>\n<meta property=\"article:modified_time\" content=\"2025-03-18T08:38:49+00:00\" \/>\n<meta property=\"og:image\" content=\"https:\/\/www.vallonchene.fr\/wp-content\/uploads\/2023\/09\/CERCIDIPHYLLUM-japonicum-Rotfuchs_01.webp\" \/>\n\t<meta property=\"og:image:width\" content=\"1200\" \/>\n\t<meta property=\"og:image:height\" content=\"1200\" \/>\n\t<meta property=\"og:image:type\" content=\"image\/webp\" \/>\n<meta name=\"twitter:card\" content=\"summary_large_image\" \/>\n<meta name=\"twitter:label1\" content=\"Verf\u00fcgbarkeit\" \/>\n\t<meta name=\"twitter:data1\" content=\"Vorr\u00e4tig\" \/>\n<script type=\"application\/ld+json\" class=\"yoast-schema-graph\">{\"@context\":\"https:\\\/\\\/schema.org\",\"@graph\":[{\"@type\":\"WebPage\",\"@id\":\"https:\\\/\\\/www.vallonchene.fr\\\/de\\\/produkt\\\/cercidiphyllum-japonicum-japanischer-kuchenbaum\\\/\",\"url\":\"https:\\\/\\\/www.vallonchene.fr\\\/de\\\/produkt\\\/cercidiphyllum-japonicum-japanischer-kuchenbaum\\\/\",\"name\":\"CERCIDIPHYLLUM japonicum - Kuchenbaum\",\"isPartOf\":{\"@id\":\"https:\\\/\\\/www.vallonchene.fr\\\/de\\\/#website\"},\"primaryImageOfPage\":{\"@id\":\"https:\\\/\\\/www.vallonchene.fr\\\/de\\\/produkt\\\/cercidiphyllum-japonicum-japanischer-kuchenbaum\\\/#primaryimage\"},\"image\":{\"@id\":\"https:\\\/\\\/www.vallonchene.fr\\\/de\\\/produkt\\\/cercidiphyllum-japonicum-japanischer-kuchenbaum\\\/#primaryimage\"},\"thumbnailUrl\":\"https:\\\/\\\/www.vallonchene.fr\\\/wp-content\\\/uploads\\\/2023\\\/09\\\/CERCIDIPHYLLUM-japonicum-Rotfuchs_01.webp\",\"datePublished\":\"2021-08-31T10:49:15+00:00\",\"dateModified\":\"2025-03-18T08:38:49+00:00\",\"description\":\"Der Kuchenbaum ist ein kleiner Baum. Der CERCIDIPHYLLUM japonicum vertr\u00e4gt sehr feuchte B\u00f6den gut. Im Herbst verstr\u00f6mt er einen Duft nach Karamell.\",\"breadcrumb\":{\"@id\":\"https:\\\/\\\/www.vallonchene.fr\\\/de\\\/produkt\\\/cercidiphyllum-japonicum-japanischer-kuchenbaum\\\/#breadcrumb\"},\"inLanguage\":\"de\",\"potentialAction\":[{\"@type\":\"ReadAction\",\"target\":[\"https:\\\/\\\/www.vallonchene.fr\\\/de\\\/produkt\\\/cercidiphyllum-japonicum-japanischer-kuchenbaum\\\/\"]}]},{\"@type\":\"ImageObject\",\"inLanguage\":\"de\",\"@id\":\"https:\\\/\\\/www.vallonchene.fr\\\/de\\\/produkt\\\/cercidiphyllum-japonicum-japanischer-kuchenbaum\\\/#primaryimage\",\"url\":\"https:\\\/\\\/www.vallonchene.fr\\\/wp-content\\\/uploads\\\/2023\\\/09\\\/CERCIDIPHYLLUM-japonicum-Rotfuchs_01.webp\",\"contentUrl\":\"https:\\\/\\\/www.vallonchene.fr\\\/wp-content\\\/uploads\\\/2023\\\/09\\\/CERCIDIPHYLLUM-japonicum-Rotfuchs_01.webp\",\"width\":1200,\"height\":1200,\"caption\":\"Herbstlaub in Gelb, Orange und Gr\u00fcn von CERCIDIPHYLLUM japonicum\"},{\"@type\":\"BreadcrumbList\",\"@id\":\"https:\\\/\\\/www.vallonchene.fr\\\/de\\\/produkt\\\/cercidiphyllum-japonicum-japanischer-kuchenbaum\\\/#breadcrumb\",\"itemListElement\":[{\"@type\":\"ListItem\",\"position\":1,\"name\":\"Home\",\"item\":\"https:\\\/\\\/www.vallonchene.fr\\\/de\\\/\"},{\"@type\":\"ListItem\",\"position\":2,\"name\":\"Shop\",\"item\":\"https:\\\/\\\/www.vallonchene.fr\\\/de\\\/shop\\\/\"},{\"@type\":\"ListItem\",\"position\":3,\"name\":\"Online-Verkauf\",\"item\":\"https:\\\/\\\/www.vallonchene.fr\\\/de\\\/produkt-kategorie\\\/online-verkauf-de\\\/\"},{\"@type\":\"ListItem\",\"position\":4,\"name\":\"Baumschule\",\"item\":\"https:\\\/\\\/www.vallonchene.fr\\\/de\\\/produkt-kategorie\\\/online-verkauf-de\\\/baumschule-gaertnerei-de\\\/\"},{\"@type\":\"ListItem\",\"position\":5,\"name\":\"Str\u00e4ucher und B\u00e4ume\",\"item\":\"https:\\\/\\\/www.vallonchene.fr\\\/de\\\/produkt-kategorie\\\/online-verkauf-de\\\/baumschule-gaertnerei-de\\\/straucher-und-baume-de\\\/\"},{\"@type\":\"ListItem\",\"position\":6,\"name\":\"CERCIDIPHYLLUM japonicum\"}]},{\"@type\":\"WebSite\",\"@id\":\"https:\\\/\\\/www.vallonchene.fr\\\/de\\\/#website\",\"url\":\"https:\\\/\\\/www.vallonchene.fr\\\/de\\\/\",\"name\":\"Vallonch\u00eane\",\"description\":\"Die Baumschule, bei der Qualit\u00e4t ihre Wurzeln hat \u2013 Tel.: +49 (0)6838-5399840\",\"publisher\":{\"@id\":\"https:\\\/\\\/www.vallonchene.fr\\\/de\\\/#organization\"},\"potentialAction\":[{\"@type\":\"SearchAction\",\"target\":{\"@type\":\"EntryPoint\",\"urlTemplate\":\"https:\\\/\\\/www.vallonchene.fr\\\/de\\\/?s={search_term_string}\"},\"query-input\":{\"@type\":\"PropertyValueSpecification\",\"valueRequired\":true,\"valueName\":\"search_term_string\"}}],\"inLanguage\":\"de\"},{\"@type\":\"Organization\",\"@id\":\"https:\\\/\\\/www.vallonchene.fr\\\/de\\\/#organization\",\"name\":\"VALLONCHENE\",\"url\":\"https:\\\/\\\/www.vallonchene.fr\\\/de\\\/\",\"logo\":{\"@type\":\"ImageObject\",\"inLanguage\":\"de\",\"@id\":\"https:\\\/\\\/www.vallonchene.fr\\\/de\\\/#\\\/schema\\\/logo\\\/image\\\/\",\"url\":\"https:\\\/\\\/www.vallonchene.fr\\\/wp-content\\\/uploads\\\/2023\\\/03\\\/Logo-Vallonchene-site-et-R_hauteur_100.png\",\"contentUrl\":\"https:\\\/\\\/www.vallonchene.fr\\\/wp-content\\\/uploads\\\/2023\\\/03\\\/Logo-Vallonchene-site-et-R_hauteur_100.png\",\"width\":221,\"height\":100,\"caption\":\"VALLONCHENE\"},\"image\":{\"@id\":\"https:\\\/\\\/www.vallonchene.fr\\\/de\\\/#\\\/schema\\\/logo\\\/image\\\/\"},\"sameAs\":[\"https:\\\/\\\/www.facebook.com\\\/vallonchene.fr\",\"https:\\\/\\\/www.instagram.com\\\/vallonchene\\\/\",\"https:\\\/\\\/www.pinterest.fr\\\/vallonchene\\\/\"],\"taxID\":\"49454502300017\",\"hasMerchantReturnPolicy\":{\"@type\":\"MerchantReturnPolicy\",\"merchantReturnLink\":\"https:\\\/\\\/www.vallonchene.fr\\\/remboursements_retours\\\/\"}}]}<\/script>\n<meta property=\"og:availability\" content=\"instock\" \/>\n<meta property=\"product:availability\" content=\"instock\" \/>\n<meta property=\"product:retailer_item_id\" content=\"25427\" \/>\n<meta property=\"product:condition\" content=\"new\" \/>\n<!-- \/ Yoast SEO Premium plugin. -->","yoast_head_json":{"title":"CERCIDIPHYLLUM japonicum - Kuchenbaum","description":"Der Kuchenbaum ist ein kleiner Baum. Der CERCIDIPHYLLUM japonicum vertr\u00e4gt sehr feuchte B\u00f6den gut. Im Herbst verstr\u00f6mt er einen Duft nach Karamell.","robots":{"index":"index","follow":"follow","max-snippet":"max-snippet:-1","max-image-preview":"max-image-preview:large","max-video-preview":"max-video-preview:-1"},"canonical":"https:\/\/www.vallonchene.fr\/de\/produkt\/cercidiphyllum-japonicum-japanischer-kuchenbaum\/","og_locale":"de_DE","og_type":"article","og_title":"CERCIDIPHYLLUM japonicum","og_description":"Der Kuchenbaum ist ein kleiner Baum. Der CERCIDIPHYLLUM japonicum vertr\u00e4gt sehr feuchte B\u00f6den gut. Im Herbst verstr\u00f6mt er einen Duft nach Karamell.","og_url":"https:\/\/www.vallonchene.fr\/de\/produkt\/cercidiphyllum-japonicum-japanischer-kuchenbaum\/","og_site_name":"Vallonch\u00eane","article_publisher":"https:\/\/www.facebook.com\/vallonchene.fr","article_modified_time":"2025-03-18T08:38:49+00:00","og_image":[{"width":1200,"height":1200,"url":"https:\/\/www.vallonchene.fr\/wp-content\/uploads\/2023\/09\/CERCIDIPHYLLUM-japonicum-Rotfuchs_01.webp","type":"image\/webp"}],"twitter_card":"summary_large_image","twitter_misc":{"Verf\u00fcgbarkeit":"Vorr\u00e4tig"},"schema":{"@context":"https:\/\/schema.org","@graph":[{"@type":"WebPage","@id":"https:\/\/www.vallonchene.fr\/de\/produkt\/cercidiphyllum-japonicum-japanischer-kuchenbaum\/","url":"https:\/\/www.vallonchene.fr\/de\/produkt\/cercidiphyllum-japonicum-japanischer-kuchenbaum\/","name":"CERCIDIPHYLLUM japonicum - Kuchenbaum","isPartOf":{"@id":"https:\/\/www.vallonchene.fr\/de\/#website"},"primaryImageOfPage":{"@id":"https:\/\/www.vallonchene.fr\/de\/produkt\/cercidiphyllum-japonicum-japanischer-kuchenbaum\/#primaryimage"},"image":{"@id":"https:\/\/www.vallonchene.fr\/de\/produkt\/cercidiphyllum-japonicum-japanischer-kuchenbaum\/#primaryimage"},"thumbnailUrl":"https:\/\/www.vallonchene.fr\/wp-content\/uploads\/2023\/09\/CERCIDIPHYLLUM-japonicum-Rotfuchs_01.webp","datePublished":"2021-08-31T10:49:15+00:00","dateModified":"2025-03-18T08:38:49+00:00","description":"Der Kuchenbaum ist ein kleiner Baum. Der CERCIDIPHYLLUM japonicum vertr\u00e4gt sehr feuchte B\u00f6den gut. Im Herbst verstr\u00f6mt er einen Duft nach Karamell.","breadcrumb":{"@id":"https:\/\/www.vallonchene.fr\/de\/produkt\/cercidiphyllum-japonicum-japanischer-kuchenbaum\/#breadcrumb"},"inLanguage":"de","potentialAction":[{"@type":"ReadAction","target":["https:\/\/www.vallonchene.fr\/de\/produkt\/cercidiphyllum-japonicum-japanischer-kuchenbaum\/"]}]},{"@type":"ImageObject","inLanguage":"de","@id":"https:\/\/www.vallonchene.fr\/de\/produkt\/cercidiphyllum-japonicum-japanischer-kuchenbaum\/#primaryimage","url":"https:\/\/www.vallonchene.fr\/wp-content\/uploads\/2023\/09\/CERCIDIPHYLLUM-japonicum-Rotfuchs_01.webp","contentUrl":"https:\/\/www.vallonchene.fr\/wp-content\/uploads\/2023\/09\/CERCIDIPHYLLUM-japonicum-Rotfuchs_01.webp","width":1200,"height":1200,"caption":"Herbstlaub in Gelb, Orange und Gr\u00fcn von CERCIDIPHYLLUM japonicum"},{"@type":"BreadcrumbList","@id":"https:\/\/www.vallonchene.fr\/de\/produkt\/cercidiphyllum-japonicum-japanischer-kuchenbaum\/#breadcrumb","itemListElement":[{"@type":"ListItem","position":1,"name":"Home","item":"https:\/\/www.vallonchene.fr\/de\/"},{"@type":"ListItem","position":2,"name":"Shop","item":"https:\/\/www.vallonchene.fr\/de\/shop\/"},{"@type":"ListItem","position":3,"name":"Online-Verkauf","item":"https:\/\/www.vallonchene.fr\/de\/produkt-kategorie\/online-verkauf-de\/"},{"@type":"ListItem","position":4,"name":"Baumschule","item":"https:\/\/www.vallonchene.fr\/de\/produkt-kategorie\/online-verkauf-de\/baumschule-gaertnerei-de\/"},{"@type":"ListItem","position":5,"name":"Str\u00e4ucher und B\u00e4ume","item":"https:\/\/www.vallonchene.fr\/de\/produkt-kategorie\/online-verkauf-de\/baumschule-gaertnerei-de\/straucher-und-baume-de\/"},{"@type":"ListItem","position":6,"name":"CERCIDIPHYLLUM japonicum"}]},{"@type":"WebSite","@id":"https:\/\/www.vallonchene.fr\/de\/#website","url":"https:\/\/www.vallonchene.fr\/de\/","name":"Vallonch\u00eane","description":"Die Baumschule, bei der Qualit\u00e4t ihre Wurzeln hat \u2013 Tel.: +49 (0)6838-5399840","publisher":{"@id":"https:\/\/www.vallonchene.fr\/de\/#organization"},"potentialAction":[{"@type":"SearchAction","target":{"@type":"EntryPoint","urlTemplate":"https:\/\/www.vallonchene.fr\/de\/?s={search_term_string}"},"query-input":{"@type":"PropertyValueSpecification","valueRequired":true,"valueName":"search_term_string"}}],"inLanguage":"de"},{"@type":"Organization","@id":"https:\/\/www.vallonchene.fr\/de\/#organization","name":"VALLONCHENE","url":"https:\/\/www.vallonchene.fr\/de\/","logo":{"@type":"ImageObject","inLanguage":"de","@id":"https:\/\/www.vallonchene.fr\/de\/#\/schema\/logo\/image\/","url":"https:\/\/www.vallonchene.fr\/wp-content\/uploads\/2023\/03\/Logo-Vallonchene-site-et-R_hauteur_100.png","contentUrl":"https:\/\/www.vallonchene.fr\/wp-content\/uploads\/2023\/03\/Logo-Vallonchene-site-et-R_hauteur_100.png","width":221,"height":100,"caption":"VALLONCHENE"},"image":{"@id":"https:\/\/www.vallonchene.fr\/de\/#\/schema\/logo\/image\/"},"sameAs":["https:\/\/www.facebook.com\/vallonchene.fr","https:\/\/www.instagram.com\/vallonchene\/","https:\/\/www.pinterest.fr\/vallonchene\/"],"taxID":"49454502300017","hasMerchantReturnPolicy":{"@type":"MerchantReturnPolicy","merchantReturnLink":"https:\/\/www.vallonchene.fr\/remboursements_retours\/"}}]},"og_availability":"instock","product_availability":"instock","product_retailer_item_id":"25427","product_condition":"new"},"_links":{"self":[{"href":"https:\/\/www.vallonchene.fr\/de\/wp-json\/wp\/v2\/product\/2180","targetHints":{"allow":["GET"]}}],"collection":[{"href":"https:\/\/www.vallonchene.fr\/de\/wp-json\/wp\/v2\/product"}],"about":[{"href":"https:\/\/www.vallonchene.fr\/de\/wp-json\/wp\/v2\/types\/product"}],"replies":[{"embeddable":true,"href":"https:\/\/www.vallonchene.fr\/de\/wp-json\/wp\/v2\/comments?post=2180"}],"wp:featuredmedia":[{"embeddable":true,"href":"https:\/\/www.vallonchene.fr\/de\/wp-json\/wp\/v2\/media\/43973"}],"wp:attachment":[{"href":"https:\/\/www.vallonchene.fr\/de\/wp-json\/wp\/v2\/media?parent=2180"}],"wp:term":[{"taxonomy":"product_brand","embeddable":true,"href":"https:\/\/www.vallonchene.fr\/de\/wp-json\/wp\/v2\/product_brand?post=2180"},{"taxonomy":"product_cat","embeddable":true,"href":"https:\/\/www.vallonchene.fr\/de\/wp-json\/wp\/v2\/product_cat?post=2180"},{"taxonomy":"product_tag","embeddable":true,"href":"https:\/\/www.vallonchene.fr\/de\/wp-json\/wp\/v2\/product_tag?post=2180"}],"curies":[{"name":"wp","href":"https:\/\/api.w.org\/{rel}","templated":true}]}}