{"id":21743,"date":"2021-08-31T10:54:39","date_gmt":"2021-08-31T10:54:39","guid":{"rendered":"https:\/\/testing.vallonchene.fr\/produit\/cotinus-coggygria-old-fashioned-r\/"},"modified":"2026-04-14T12:06:53","modified_gmt":"2026-04-14T10:06:53","slug":"cotinus-coggygria-old-fashioned-r","status":"publish","type":"product","link":"https:\/\/www.vallonchene.fr\/de\/produkt\/cotinus-coggygria-old-fashioned-r\/","title":{"rendered":"COTINUS coggygria &#8218;Old Fashioned&#8216; (R)"},"content":{"rendered":"<p>Dieser <strong>Per\u00fcckenbaum (Per\u00fcckenstrauch)<\/strong> ist eine neue Sorte. <strong>COTINUS coggygria &#8218;Old Fashioned&#8216;<\/strong> hat im Fr\u00fchjahr rosarote Triebe. Wenn sein Laub ausgereift ist, nimmt es eine ganz besondere sch\u00f6ne gr\u00fcne Farbe an. Im Herbst verwandelt sich dieser Strauch in ein wahres Feuerwerk, wenn sein Blattwerk in extravaganten Farben wie Orange und Rot erscheint.<\/p>\n","protected":false},"excerpt":{"rendered":"<p>Dieser <strong>Per\u00fcckenbaum (Per\u00fcckenstrauch)<\/strong> hat im Fr\u00fchjahr rot\/rosa Triebe. Das Laub von <strong>COTINUS coggygria &#8218;Old Fashioned&#8216;<\/strong> wird anschlie\u00dfend gr\u00fcn und im Herbst leuchtend orange\/rot.<\/p>\n","protected":false},"featured_media":21734,"comment_status":"open","ping_status":"closed","template":"","meta":[],"product_brand":[],"product_cat":[252],"product_tag":[],"class_list":{"0":"post-21743","1":"product","2":"type-product","3":"status-publish","4":"has-post-thumbnail","6":"product_cat-straucher-und-baume-de","7":"pa_99-hauteurapproximativeapres1-150a200m-de","8":"pa_couleurdufeuillage-grun-de","9":"pa_couleurdufeuillage-rosa-de","10":"pa_couleurdufeuillage-rot-de","11":"pa_exigencesenhumidite-feucht-de","12":"pa_exigencesenhumidite-normal-de","13":"pa_exigencesenhumidite-trocken-de","14":"pa_expositionspossibles-ce-halbschattigsonnezw12und17-de","15":"pa_expositionspossibles-sonnigvon12bis17uhr-de","16":"pa_hauteurlivree-30-bis-40-cm","17":"pa_hauteurlivree-40-bis-50-cm","18":"pa_hauteurlivree-50-bis-60-cm","19":"pa_hauteurlivree-60-bis-80-cm","20":"pa_interetauprintemps-jungesprossen-de","21":"pa_interetauprintemps-laub-de","22":"pa_interetenautomne-laub-de","23":"pa_interetenete-bluten-de","24":"pa_interetenete-laub-de","25":"pa_naturedufeuillage-nichtimmergrun-de","26":"pa_naturesdesolpossibles-leicht-de","27":"pa_naturesdesolpossibles-normal-de","28":"pa_naturesdesolpossibles-schwer-de","29":"pa_periodedefloraison-sommer-de","30":"pa_periodedetaille-marz-de","31":"pa_phdusolacceptable-kalkigmehrals75-de","32":"pa_phdusolacceptable-neutralzw65u75-de","33":"pa_phdusolacceptable-sauerwenigerals65-de","34":"pa_portgraphisme-buissonnant-de","35":"pa_resistanceaufroidrusticite-frostbestandigunter_20c-de","36":"pa_tailledepot-3liter_topf-de","37":"pa_tailledepot-4liter_topf-de","38":"pa_tailledepot-5liter_topf-de","39":"pa_utilisationpossible-beet-de","40":"pa_utilisationpossible-hecke-de","41":"pa_utilisationpossible-kubelodertopf-de","43":"first","44":"outofstock","45":"taxable","46":"shipping-taxable","47":"purchasable","48":"product-type-variable","49":"has-default-attributes"},"supplier_id":null,"supplier_sku":"","barcode":null,"atum_controlled":true,"out_stock_date":null,"out_stock_threshold":null,"inheritable":true,"inbound_stock":0,"stock_on_hold":1,"sold_today":0,"sales_last_days":1,"reserved_stock":0,"customer_returns":0,"warehouse_damage":0,"lost_in_post":0,"other_logs":0,"out_stock_days":null,"lost_sales":0,"has_location":false,"update_date":"2026-04-14T10:07:04","atum_locations":[],"atum_stock_status":"instock","restock_status":false,"low_stock_amount":"","sales_update_date":"2024-07-11T12:02:25","calc_backorders":null,"yoast_head":"<!-- This site is optimized with the Yoast SEO Premium plugin v27.4 (Yoast SEO v27.4) - https:\/\/yoast.com\/product\/yoast-seo-premium-wordpress\/ -->\n<title>COTINUS coggygria &#039;Old Fashioned&#039; (R) - Per\u00fcckenbaum<\/title>\n<meta name=\"description\" content=\"Dieser Per\u00fcckenbaum (Per\u00fcckenstrauch) hat im Fr\u00fchjahr rot\/rosa Triebe. Das Laub von COTINUS coggygria &#039;Old Fashioned&#039; wird anschlie\u00dfend gr\u00fcn und im Herbst leuchtend orange\/rot.\" \/>\n<meta name=\"robots\" content=\"index, follow, max-snippet:-1, max-image-preview:large, max-video-preview:-1\" \/>\n<link rel=\"canonical\" href=\"https:\/\/www.vallonchene.fr\/de\/produkt\/cotinus-coggygria-old-fashioned-r\/\" \/>\n<meta property=\"og:locale\" content=\"de_DE\" \/>\n<meta property=\"og:type\" content=\"article\" \/>\n<meta property=\"og:title\" content=\"COTINUS coggygria &#039;Old Fashioned&#039; (R)\" \/>\n<meta property=\"og:description\" content=\"Dieser Per\u00fcckenbaum (Per\u00fcckenstrauch) hat im Fr\u00fchjahr rot\/rosa Triebe. Das Laub von COTINUS coggygria &#039;Old Fashioned&#039; wird anschlie\u00dfend gr\u00fcn und im Herbst leuchtend orange\/rot.\" \/>\n<meta property=\"og:url\" content=\"https:\/\/www.vallonchene.fr\/de\/produkt\/cotinus-coggygria-old-fashioned-r\/\" \/>\n<meta property=\"og:site_name\" content=\"Vallonch\u00eane\" \/>\n<meta property=\"article:publisher\" content=\"https:\/\/www.facebook.com\/vallonchene.fr\" \/>\n<meta property=\"article:modified_time\" content=\"2026-04-14T10:06:53+00:00\" \/>\n<meta property=\"og:image\" content=\"https:\/\/www.vallonchene.fr\/wp-content\/uploads\/2021\/08\/1144-2a1-COTINUS-coggygria-Old-Fashioned-R-en-Septembre.jpg\" \/>\n\t<meta property=\"og:image:width\" content=\"1600\" \/>\n\t<meta property=\"og:image:height\" content=\"1600\" \/>\n\t<meta property=\"og:image:type\" content=\"image\/jpeg\" \/>\n<meta name=\"twitter:card\" content=\"summary_large_image\" \/>\n<meta name=\"twitter:label1\" content=\"Verf\u00fcgbarkeit\" \/>\n\t<meta name=\"twitter:data1\" content=\"Nicht vorr\u00e4tig\" \/>\n<script type=\"application\/ld+json\" class=\"yoast-schema-graph\">{\"@context\":\"https:\\\/\\\/schema.org\",\"@graph\":[{\"@type\":\"WebPage\",\"@id\":\"https:\\\/\\\/www.vallonchene.fr\\\/de\\\/produkt\\\/cotinus-coggygria-old-fashioned-r\\\/\",\"url\":\"https:\\\/\\\/www.vallonchene.fr\\\/de\\\/produkt\\\/cotinus-coggygria-old-fashioned-r\\\/\",\"name\":\"COTINUS coggygria 'Old Fashioned' (R) - Per\u00fcckenbaum\",\"isPartOf\":{\"@id\":\"https:\\\/\\\/www.vallonchene.fr\\\/de\\\/#website\"},\"primaryImageOfPage\":{\"@id\":\"https:\\\/\\\/www.vallonchene.fr\\\/de\\\/produkt\\\/cotinus-coggygria-old-fashioned-r\\\/#primaryimage\"},\"image\":{\"@id\":\"https:\\\/\\\/www.vallonchene.fr\\\/de\\\/produkt\\\/cotinus-coggygria-old-fashioned-r\\\/#primaryimage\"},\"thumbnailUrl\":\"https:\\\/\\\/www.vallonchene.fr\\\/wp-content\\\/uploads\\\/2021\\\/08\\\/1144-2a1-COTINUS-coggygria-Old-Fashioned-R-en-Septembre.jpg\",\"datePublished\":\"2021-08-31T10:54:39+00:00\",\"dateModified\":\"2026-04-14T10:06:53+00:00\",\"description\":\"Dieser Per\u00fcckenbaum (Per\u00fcckenstrauch) hat im Fr\u00fchjahr rot\\\/rosa Triebe. Das Laub von COTINUS coggygria 'Old Fashioned' wird anschlie\u00dfend gr\u00fcn und im Herbst leuchtend orange\\\/rot.\",\"breadcrumb\":{\"@id\":\"https:\\\/\\\/www.vallonchene.fr\\\/de\\\/produkt\\\/cotinus-coggygria-old-fashioned-r\\\/#breadcrumb\"},\"inLanguage\":\"de\",\"potentialAction\":[{\"@type\":\"ReadAction\",\"target\":[\"https:\\\/\\\/www.vallonchene.fr\\\/de\\\/produkt\\\/cotinus-coggygria-old-fashioned-r\\\/\"]}]},{\"@type\":\"ImageObject\",\"inLanguage\":\"de\",\"@id\":\"https:\\\/\\\/www.vallonchene.fr\\\/de\\\/produkt\\\/cotinus-coggygria-old-fashioned-r\\\/#primaryimage\",\"url\":\"https:\\\/\\\/www.vallonchene.fr\\\/wp-content\\\/uploads\\\/2021\\\/08\\\/1144-2a1-COTINUS-coggygria-Old-Fashioned-R-en-Septembre.jpg\",\"contentUrl\":\"https:\\\/\\\/www.vallonchene.fr\\\/wp-content\\\/uploads\\\/2021\\\/08\\\/1144-2a1-COTINUS-coggygria-Old-Fashioned-R-en-Septembre.jpg\",\"width\":1600,\"height\":1600},{\"@type\":\"BreadcrumbList\",\"@id\":\"https:\\\/\\\/www.vallonchene.fr\\\/de\\\/produkt\\\/cotinus-coggygria-old-fashioned-r\\\/#breadcrumb\",\"itemListElement\":[{\"@type\":\"ListItem\",\"position\":1,\"name\":\"Home\",\"item\":\"https:\\\/\\\/www.vallonchene.fr\\\/de\\\/\"},{\"@type\":\"ListItem\",\"position\":2,\"name\":\"Shop\",\"item\":\"https:\\\/\\\/www.vallonchene.fr\\\/de\\\/shop\\\/\"},{\"@type\":\"ListItem\",\"position\":3,\"name\":\"Online-Verkauf\",\"item\":\"https:\\\/\\\/www.vallonchene.fr\\\/de\\\/produkt-kategorie\\\/online-verkauf-de\\\/\"},{\"@type\":\"ListItem\",\"position\":4,\"name\":\"Baumschule\",\"item\":\"https:\\\/\\\/www.vallonchene.fr\\\/de\\\/produkt-kategorie\\\/online-verkauf-de\\\/baumschule-gaertnerei-de\\\/\"},{\"@type\":\"ListItem\",\"position\":5,\"name\":\"Str\u00e4ucher und B\u00e4ume\",\"item\":\"https:\\\/\\\/www.vallonchene.fr\\\/de\\\/produkt-kategorie\\\/online-verkauf-de\\\/baumschule-gaertnerei-de\\\/straucher-und-baume-de\\\/\"},{\"@type\":\"ListItem\",\"position\":6,\"name\":\"COTINUS coggygria &#8218;Old Fashioned&#8216; (R)\"}]},{\"@type\":\"WebSite\",\"@id\":\"https:\\\/\\\/www.vallonchene.fr\\\/de\\\/#website\",\"url\":\"https:\\\/\\\/www.vallonchene.fr\\\/de\\\/\",\"name\":\"Vallonch\u00eane\",\"description\":\"Die Baumschule, bei der Qualit\u00e4t ihre Wurzeln hat \u2013 Tel.: +49 (0)6838-5399840\",\"publisher\":{\"@id\":\"https:\\\/\\\/www.vallonchene.fr\\\/de\\\/#organization\"},\"potentialAction\":[{\"@type\":\"SearchAction\",\"target\":{\"@type\":\"EntryPoint\",\"urlTemplate\":\"https:\\\/\\\/www.vallonchene.fr\\\/de\\\/?s={search_term_string}\"},\"query-input\":{\"@type\":\"PropertyValueSpecification\",\"valueRequired\":true,\"valueName\":\"search_term_string\"}}],\"inLanguage\":\"de\"},{\"@type\":\"Organization\",\"@id\":\"https:\\\/\\\/www.vallonchene.fr\\\/de\\\/#organization\",\"name\":\"VALLONCHENE\",\"url\":\"https:\\\/\\\/www.vallonchene.fr\\\/de\\\/\",\"logo\":{\"@type\":\"ImageObject\",\"inLanguage\":\"de\",\"@id\":\"https:\\\/\\\/www.vallonchene.fr\\\/de\\\/#\\\/schema\\\/logo\\\/image\\\/\",\"url\":\"https:\\\/\\\/www.vallonchene.fr\\\/wp-content\\\/uploads\\\/2023\\\/03\\\/Logo-Vallonchene-site-et-R_hauteur_100.png\",\"contentUrl\":\"https:\\\/\\\/www.vallonchene.fr\\\/wp-content\\\/uploads\\\/2023\\\/03\\\/Logo-Vallonchene-site-et-R_hauteur_100.png\",\"width\":221,\"height\":100,\"caption\":\"VALLONCHENE\"},\"image\":{\"@id\":\"https:\\\/\\\/www.vallonchene.fr\\\/de\\\/#\\\/schema\\\/logo\\\/image\\\/\"},\"sameAs\":[\"https:\\\/\\\/www.facebook.com\\\/vallonchene.fr\",\"https:\\\/\\\/www.instagram.com\\\/vallonchene\\\/\",\"https:\\\/\\\/www.pinterest.fr\\\/vallonchene\\\/\"],\"taxID\":\"49454502300017\",\"hasMerchantReturnPolicy\":{\"@type\":\"MerchantReturnPolicy\",\"merchantReturnLink\":\"https:\\\/\\\/www.vallonchene.fr\\\/remboursements_retours\\\/\"}}]}<\/script>\n<meta property=\"og:availability\" content=\"out of stock\" \/>\n<meta property=\"product:availability\" content=\"out of stock\" \/>\n<meta property=\"product:retailer_item_id\" content=\"24848\" \/>\n<meta property=\"product:condition\" content=\"new\" \/>\n<!-- \/ Yoast SEO Premium plugin. -->","yoast_head_json":{"title":"COTINUS coggygria 'Old Fashioned' (R) - Per\u00fcckenbaum","description":"Dieser Per\u00fcckenbaum (Per\u00fcckenstrauch) hat im Fr\u00fchjahr rot\/rosa Triebe. Das Laub von COTINUS coggygria 'Old Fashioned' wird anschlie\u00dfend gr\u00fcn und im Herbst leuchtend orange\/rot.","robots":{"index":"index","follow":"follow","max-snippet":"max-snippet:-1","max-image-preview":"max-image-preview:large","max-video-preview":"max-video-preview:-1"},"canonical":"https:\/\/www.vallonchene.fr\/de\/produkt\/cotinus-coggygria-old-fashioned-r\/","og_locale":"de_DE","og_type":"article","og_title":"COTINUS coggygria 'Old Fashioned' (R)","og_description":"Dieser Per\u00fcckenbaum (Per\u00fcckenstrauch) hat im Fr\u00fchjahr rot\/rosa Triebe. Das Laub von COTINUS coggygria 'Old Fashioned' wird anschlie\u00dfend gr\u00fcn und im Herbst leuchtend orange\/rot.","og_url":"https:\/\/www.vallonchene.fr\/de\/produkt\/cotinus-coggygria-old-fashioned-r\/","og_site_name":"Vallonch\u00eane","article_publisher":"https:\/\/www.facebook.com\/vallonchene.fr","article_modified_time":"2026-04-14T10:06:53+00:00","og_image":[{"width":1600,"height":1600,"url":"https:\/\/www.vallonchene.fr\/wp-content\/uploads\/2021\/08\/1144-2a1-COTINUS-coggygria-Old-Fashioned-R-en-Septembre.jpg","type":"image\/jpeg"}],"twitter_card":"summary_large_image","twitter_misc":{"Verf\u00fcgbarkeit":"Nicht vorr\u00e4tig"},"schema":{"@context":"https:\/\/schema.org","@graph":[{"@type":"WebPage","@id":"https:\/\/www.vallonchene.fr\/de\/produkt\/cotinus-coggygria-old-fashioned-r\/","url":"https:\/\/www.vallonchene.fr\/de\/produkt\/cotinus-coggygria-old-fashioned-r\/","name":"COTINUS coggygria 'Old Fashioned' (R) - Per\u00fcckenbaum","isPartOf":{"@id":"https:\/\/www.vallonchene.fr\/de\/#website"},"primaryImageOfPage":{"@id":"https:\/\/www.vallonchene.fr\/de\/produkt\/cotinus-coggygria-old-fashioned-r\/#primaryimage"},"image":{"@id":"https:\/\/www.vallonchene.fr\/de\/produkt\/cotinus-coggygria-old-fashioned-r\/#primaryimage"},"thumbnailUrl":"https:\/\/www.vallonchene.fr\/wp-content\/uploads\/2021\/08\/1144-2a1-COTINUS-coggygria-Old-Fashioned-R-en-Septembre.jpg","datePublished":"2021-08-31T10:54:39+00:00","dateModified":"2026-04-14T10:06:53+00:00","description":"Dieser Per\u00fcckenbaum (Per\u00fcckenstrauch) hat im Fr\u00fchjahr rot\/rosa Triebe. Das Laub von COTINUS coggygria 'Old Fashioned' wird anschlie\u00dfend gr\u00fcn und im Herbst leuchtend orange\/rot.","breadcrumb":{"@id":"https:\/\/www.vallonchene.fr\/de\/produkt\/cotinus-coggygria-old-fashioned-r\/#breadcrumb"},"inLanguage":"de","potentialAction":[{"@type":"ReadAction","target":["https:\/\/www.vallonchene.fr\/de\/produkt\/cotinus-coggygria-old-fashioned-r\/"]}]},{"@type":"ImageObject","inLanguage":"de","@id":"https:\/\/www.vallonchene.fr\/de\/produkt\/cotinus-coggygria-old-fashioned-r\/#primaryimage","url":"https:\/\/www.vallonchene.fr\/wp-content\/uploads\/2021\/08\/1144-2a1-COTINUS-coggygria-Old-Fashioned-R-en-Septembre.jpg","contentUrl":"https:\/\/www.vallonchene.fr\/wp-content\/uploads\/2021\/08\/1144-2a1-COTINUS-coggygria-Old-Fashioned-R-en-Septembre.jpg","width":1600,"height":1600},{"@type":"BreadcrumbList","@id":"https:\/\/www.vallonchene.fr\/de\/produkt\/cotinus-coggygria-old-fashioned-r\/#breadcrumb","itemListElement":[{"@type":"ListItem","position":1,"name":"Home","item":"https:\/\/www.vallonchene.fr\/de\/"},{"@type":"ListItem","position":2,"name":"Shop","item":"https:\/\/www.vallonchene.fr\/de\/shop\/"},{"@type":"ListItem","position":3,"name":"Online-Verkauf","item":"https:\/\/www.vallonchene.fr\/de\/produkt-kategorie\/online-verkauf-de\/"},{"@type":"ListItem","position":4,"name":"Baumschule","item":"https:\/\/www.vallonchene.fr\/de\/produkt-kategorie\/online-verkauf-de\/baumschule-gaertnerei-de\/"},{"@type":"ListItem","position":5,"name":"Str\u00e4ucher und B\u00e4ume","item":"https:\/\/www.vallonchene.fr\/de\/produkt-kategorie\/online-verkauf-de\/baumschule-gaertnerei-de\/straucher-und-baume-de\/"},{"@type":"ListItem","position":6,"name":"COTINUS coggygria &#8218;Old Fashioned&#8216; (R)"}]},{"@type":"WebSite","@id":"https:\/\/www.vallonchene.fr\/de\/#website","url":"https:\/\/www.vallonchene.fr\/de\/","name":"Vallonch\u00eane","description":"Die Baumschule, bei der Qualit\u00e4t ihre Wurzeln hat \u2013 Tel.: +49 (0)6838-5399840","publisher":{"@id":"https:\/\/www.vallonchene.fr\/de\/#organization"},"potentialAction":[{"@type":"SearchAction","target":{"@type":"EntryPoint","urlTemplate":"https:\/\/www.vallonchene.fr\/de\/?s={search_term_string}"},"query-input":{"@type":"PropertyValueSpecification","valueRequired":true,"valueName":"search_term_string"}}],"inLanguage":"de"},{"@type":"Organization","@id":"https:\/\/www.vallonchene.fr\/de\/#organization","name":"VALLONCHENE","url":"https:\/\/www.vallonchene.fr\/de\/","logo":{"@type":"ImageObject","inLanguage":"de","@id":"https:\/\/www.vallonchene.fr\/de\/#\/schema\/logo\/image\/","url":"https:\/\/www.vallonchene.fr\/wp-content\/uploads\/2023\/03\/Logo-Vallonchene-site-et-R_hauteur_100.png","contentUrl":"https:\/\/www.vallonchene.fr\/wp-content\/uploads\/2023\/03\/Logo-Vallonchene-site-et-R_hauteur_100.png","width":221,"height":100,"caption":"VALLONCHENE"},"image":{"@id":"https:\/\/www.vallonchene.fr\/de\/#\/schema\/logo\/image\/"},"sameAs":["https:\/\/www.facebook.com\/vallonchene.fr","https:\/\/www.instagram.com\/vallonchene\/","https:\/\/www.pinterest.fr\/vallonchene\/"],"taxID":"49454502300017","hasMerchantReturnPolicy":{"@type":"MerchantReturnPolicy","merchantReturnLink":"https:\/\/www.vallonchene.fr\/remboursements_retours\/"}}]},"og_availability":"out of stock","product_availability":"out of stock","product_retailer_item_id":"24848","product_condition":"new"},"_links":{"self":[{"href":"https:\/\/www.vallonchene.fr\/de\/wp-json\/wp\/v2\/product\/21743","targetHints":{"allow":["GET"]}}],"collection":[{"href":"https:\/\/www.vallonchene.fr\/de\/wp-json\/wp\/v2\/product"}],"about":[{"href":"https:\/\/www.vallonchene.fr\/de\/wp-json\/wp\/v2\/types\/product"}],"replies":[{"embeddable":true,"href":"https:\/\/www.vallonchene.fr\/de\/wp-json\/wp\/v2\/comments?post=21743"}],"wp:featuredmedia":[{"embeddable":true,"href":"https:\/\/www.vallonchene.fr\/de\/wp-json\/wp\/v2\/media\/21734"}],"wp:attachment":[{"href":"https:\/\/www.vallonchene.fr\/de\/wp-json\/wp\/v2\/media?parent=21743"}],"wp:term":[{"taxonomy":"product_brand","embeddable":true,"href":"https:\/\/www.vallonchene.fr\/de\/wp-json\/wp\/v2\/product_brand?post=21743"},{"taxonomy":"product_cat","embeddable":true,"href":"https:\/\/www.vallonchene.fr\/de\/wp-json\/wp\/v2\/product_cat?post=21743"},{"taxonomy":"product_tag","embeddable":true,"href":"https:\/\/www.vallonchene.fr\/de\/wp-json\/wp\/v2\/product_tag?post=21743"}],"curies":[{"name":"wp","href":"https:\/\/api.w.org\/{rel}","templated":true}]}}