{"id":21501,"date":"2021-08-31T11:31:47","date_gmt":"2021-08-31T11:31:47","guid":{"rendered":"https:\/\/testing.vallonchene.fr\/produit\/quercus-x-hispanica-waasland-select\/"},"modified":"2025-11-05T16:15:21","modified_gmt":"2025-11-05T15:15:21","slug":"quercus-x-hispanica-waasland-select","status":"publish","type":"product","link":"https:\/\/www.vallonchene.fr\/de\/produkt\/quercus-x-hispanica-waasland-select\/","title":{"rendered":"QUERCUS x hispanica &#8218;Waasland Select&#8216;"},"content":{"rendered":"<h2>Die Pflanze<\/h2>\n<p>Die <strong>QUERCUS x hispanica &#8218;Waasland Select&#8216;<\/strong> (syn. Q. hispanica &#8218;Waasland&#8216;), auch als <strong>spanische Eiche<\/strong> bekannt, ist eine beeindruckende immergr\u00fcne Eiche.<\/p>\n<p>Ihr bezauberndes <strong>Laub mit tiefgr\u00fcner Oberseite und wei\u00dfer Unterseite<\/strong> (siehe Foto) hebt sich deutlich von anderen Eichenarten ab.<\/p>\n<p>Tats\u00e4chlich handelt es sich um eine <strong>Kreuzung zwischen der Zerreiche (QUERCUS cerris) und der Korkeiche (QUERCUS suber)<\/strong>, die in der Region Waasland in Belgien selektiert wurde.<\/p>\n<p>Au\u00dferdem ist diese spanische Eiche <strong>bekannt f\u00fcr ihre Widerstandsf\u00e4higkeit und ihre F\u00e4higkeit, kalkhaltige B\u00f6den zu tolerieren<\/strong>.<\/p>\n<p><strong>Sie w\u00e4chst langsam<\/strong> und <strong>erreicht daher nur eine sehr geringe H\u00f6he<\/strong> im Vergleich zu anderen Eichenarten wie der Stieleiche (QUERCUS robur). Zum Beispiel misst das Exemplar im <strong><a href=\"https:\/\/jardins.vallonchene.fr\">Jardin de Vallonch\u00eane<\/a><\/strong> nach etwa zwanzig Jahren rund 5 Meter H\u00f6he (siehe Foto). <\/p>\n<p>Schlie\u00dflich stellt sie durch ihr immergr\u00fcnes Erscheinungsbild ein bedeutendes Gestaltungselement in G\u00e4rten dar, in denen immergr\u00fcne Pflanzen selten sind.<\/p>\n<h2>Wie pflanzt und pflegt man QUERCUS x hispanica &#8218;Waasland Select&#8216;?<\/h2>\n<h3>Die Pflanzung <br \/><\/h3>\n<p>Auch wenn die Waasland-Eiche f\u00fcr ihre Widerstandsf\u00e4higkeit bekannt ist, sollten Sie die folgenden Punkte ber\u00fccksichtigen:<\/p>\n<ol>\n<li>W\u00e4hlen Sie f\u00fcr ihn einen Standort <strong>in voller Sonne oder im Halbschatten<\/strong>, entweder als <strong>Solit\u00e4r oder in einer Pflanzgruppe<\/strong>.<\/li>\n<li>Der Boden kann <strong>leicht, normal oder schwer<\/strong> sein, mit einem <strong>sauren, neutralen oder kalkhaltigen pH-Wert<\/strong>.<\/li>\n<li>Der Standort kann <strong>frisch bis feucht, m\u00e4\u00dfig oder trocken<\/strong> sein.<\/li>\n<li><a href=\"https:\/\/www.vallonchene.fr\/comment-planter-et-entretenir-des-vegetaux\/comment-planter-et-entretenir-arbres-arbustes-et-coniferes\/\" target=\"_blank\" rel=\"noreferrer noopener\"><strong>F\u00fcr eine gute Vorbereitung des Pflanzlochs haben wir spezielle Anweisungen entwickelt, die hier verf\u00fcgbar sind. <\/strong><\/a><\/li>\n<\/ol>\n<h3>Die Pflege <br \/><\/h3>\n<p>In den ersten beiden Jahren nach der Pflanzung sollte w\u00e4hrend Trockenperioden regelm\u00e4\u00dfig gegossen werden, um ein gutes Anwachsen zu gew\u00e4hrleisten. <a href=\"https:\/\/www.vallonchene.fr\/comment-bien-arroser-le-jardin-et-economiser-leau\/\"><strong>Lesen Sie auch unsere Tipps zum richtigen Gie\u00dfen und Wassersparen hier<\/strong><\/a>. <\/p>\n<p>Ohne besonderen Pflegeaufwand vertr\u00e4gt diese Eiche den Schnitt hervorragend. Er kann im M\u00e4rz durchgef\u00fchrt werden, bevor die neuen Triebe erscheinen. <\/p>\n<h2>Geschichte und Herkunft<\/h2>\n<p>Die Art <em>QUERCUS x hispanica<\/em> ist eine nat\u00fcrliche Hybride zwischen <em>QUERCUS cerris<\/em> (Zerreiche) und <em>QUERCUS suber<\/em> (Korkeiche). Diese Kreuzung fand vermutlich in s\u00fcdlichen Regionen Europas statt, in denen beide Arten vorkommen. Die Hybride wurde erstmals 1785 von Jean-Baptiste Lanmark beschrieben, basierend auf einem Exemplar aus dem k\u00f6niglichen Garten von Trianon (aus Gibraltar stammend).  <\/p>\n<p>Der Kultivar QUERCUS x hispanica &#8218;Waasland Select&#8216; wurde nach der Region Waasland in Belgien benannt, wo er <strong>aufgrund seiner au\u00dfergew\u00f6hnlichen Winterh\u00e4rte, seines immergr\u00fcnen Laubs, seiner dekorativen Eigenschaften und seiner F\u00e4higkeit, auf kalkhaltigen B\u00f6den zu gedeihen<\/strong>, selektiert wurde. Dies macht ihn zu einer besonders geeigneten Pflanze f\u00fcr Landschaften und G\u00e4rten in Nordeuropa. <\/p>\n","protected":false},"excerpt":{"rendered":"<p>Diese <b>immergr\u00fcne Eiche<\/b> ist eine Kreuzung zwischen der Zerreiche und der Korkeiche. Die <b>QUERCUS x hispanica &#8218;Waasland Select&#8216;<\/b> ist vollkommen winterhart. <\/p>\n","protected":false},"featured_media":55631,"comment_status":"open","ping_status":"closed","template":"","meta":[],"product_brand":[],"product_cat":[252],"product_tag":[12714,11382,12715],"class_list":{"0":"post-21501","1":"product","2":"type-product","3":"status-publish","4":"has-post-thumbnail","6":"product_cat-straucher-und-baume-de","7":"product_tag-immergrune-eiche-2","8":"product_tag-quercus-de","9":"product_tag-quercus-hispanica","10":"pa_99-hauteurapproximativeapres1-3_5m-de","11":"pa_couleurdufeuillage-grun-de","12":"pa_exigencesenhumidite-feucht-de","13":"pa_exigencesenhumidite-normal-de","14":"pa_exigencesenhumidite-trocken-de","15":"pa_expositionspossibles-ce-halbschattigsonnezw12und17-de","16":"pa_expositionspossibles-sonnigvon12bis17uhr-de","17":"pa_hauteurlivree-10-bis-15-cm","18":"pa_hauteurlivree-100-bis-125-cm","19":"pa_hauteurlivree-125-bis-150-cm","20":"pa_hauteurlivree-150-bis-175-cm","21":"pa_hauteurlivree-175-bis-200-cm","22":"pa_hauteurlivree-20-bis-25cm","23":"pa_hauteurlivree-25-bis-30-cm","24":"pa_hauteurlivree-250-bis-300-cm","25":"pa_hauteurlivree-30-bis-40-cm","26":"pa_hauteurlivree-40-bis-50-cm","27":"pa_hauteurlivree-50-bis-60-cm","28":"pa_hauteurlivree-60-bis-80-cm","29":"pa_hauteurlivree-70-bis-80-cm","30":"pa_hauteurlivree-80-bis-100-cm","31":"pa_hauteurlivree-80-cm-stamm","32":"pa_interetauprintemps-laub-de","33":"pa_interetenautomne-laub-de","34":"pa_interetenete-laub-de","35":"pa_interetenhiver-laub-de","36":"pa_naturedufeuillage-immergrun-de","37":"pa_naturesdesolpossibles-leicht-de","38":"pa_naturesdesolpossibles-normal-de","39":"pa_naturesdesolpossibles-schwer-de","40":"pa_periodedefloraison-fruhling-de","41":"pa_periodedetaille-marz-de","42":"pa_phdusolacceptable-kalkigmehrals75-de","43":"pa_phdusolacceptable-neutralzw65u75-de","44":"pa_phdusolacceptable-sauerwenigerals65-de","45":"pa_portgraphisme-rund-de","46":"pa_resistanceaufroidrusticite-frostbestandigunter_20c-de","47":"pa_tailledepot-1liter_topf-de","48":"pa_tailledepot-1-5-liter-topf","49":"pa_tailledepot-10liter_topf-de","50":"pa_tailledepot-15liter_topf-de","51":"pa_tailledepot-2liter_topf-de","52":"pa_tailledepot-20liter_topf-de","53":"pa_tailledepot-3liter_topf-de","54":"pa_tailledepot-4liter_topf-de","55":"pa_tailledepot-40liter_topf-de","56":"pa_tailledepot-5liter_topf-de","57":"pa_tailledepot-75liter_topf-de","58":"pa_utilisationpossible-alleinstehend-de","59":"pa_utilisationpossible-beet-de","61":"first","62":"instock","63":"taxable","64":"shipping-taxable","65":"purchasable","66":"product-type-variable","67":"has-default-attributes"},"supplier_id":null,"supplier_sku":"","barcode":null,"atum_controlled":true,"out_stock_date":null,"out_stock_threshold":null,"inheritable":true,"inbound_stock":0,"stock_on_hold":0,"sold_today":0,"sales_last_days":0,"reserved_stock":0,"customer_returns":null,"warehouse_damage":null,"lost_in_post":null,"other_logs":null,"out_stock_days":null,"lost_sales":0,"has_location":false,"update_date":"2026-03-11T15:13:50","atum_locations":[],"atum_stock_status":"instock","restock_status":false,"low_stock_amount":"","sales_update_date":null,"calc_backorders":null,"yoast_head":"<!-- This site is optimized with the Yoast SEO Premium plugin v27.5 (Yoast SEO v27.5) - https:\/\/yoast.com\/product\/yoast-seo-premium-wordpress\/ -->\n<title>QUERCUS x hispanica &#039;Waasland Select&#039; - Spanische Eiche<\/title>\n<meta name=\"description\" content=\"Diese immergr\u00fcne Eiche ist eine Kreuzung zwischen der Zerreiche und der Korkeiche. Die QUERCUS x hispanica &#039;Waasland Select&#039; ist sehr k\u00e4lteresistent.\" \/>\n<meta name=\"robots\" content=\"index, follow, max-snippet:-1, max-image-preview:large, max-video-preview:-1\" \/>\n<link rel=\"canonical\" href=\"https:\/\/www.vallonchene.fr\/de\/produkt\/quercus-x-hispanica-waasland-select\/\" \/>\n<meta property=\"og:locale\" content=\"de_DE\" \/>\n<meta property=\"og:type\" content=\"article\" \/>\n<meta property=\"og:title\" content=\"QUERCUS x hispanica &#039;Waasland Select&#039;\" \/>\n<meta property=\"og:description\" content=\"Diese immergr\u00fcne Eiche ist eine Kreuzung zwischen der Zerreiche und der Korkeiche. Die QUERCUS x hispanica &#039;Waasland Select&#039; ist sehr k\u00e4lteresistent.\" \/>\n<meta property=\"og:url\" content=\"https:\/\/www.vallonchene.fr\/de\/produkt\/quercus-x-hispanica-waasland-select\/\" \/>\n<meta property=\"og:site_name\" content=\"Vallonch\u00eane\" \/>\n<meta property=\"article:publisher\" content=\"https:\/\/www.facebook.com\/vallonchene.fr\" \/>\n<meta property=\"article:modified_time\" content=\"2025-11-05T15:15:21+00:00\" \/>\n<meta property=\"og:image\" content=\"https:\/\/www.vallonchene.fr\/wp-content\/uploads\/2025\/11\/IMG_20251105_104332.webp\" \/>\n\t<meta property=\"og:image:width\" content=\"1200\" \/>\n\t<meta property=\"og:image:height\" content=\"1200\" \/>\n\t<meta property=\"og:image:type\" content=\"image\/webp\" \/>\n<meta name=\"twitter:card\" content=\"summary_large_image\" \/>\n<meta name=\"twitter:label1\" content=\"Verf\u00fcgbarkeit\" \/>\n\t<meta name=\"twitter:data1\" content=\"Vorr\u00e4tig\" \/>\n<script type=\"application\/ld+json\" class=\"yoast-schema-graph\">{\"@context\":\"https:\\\/\\\/schema.org\",\"@graph\":[{\"@type\":\"WebPage\",\"@id\":\"https:\\\/\\\/www.vallonchene.fr\\\/de\\\/produkt\\\/quercus-x-hispanica-waasland-select\\\/\",\"url\":\"https:\\\/\\\/www.vallonchene.fr\\\/de\\\/produkt\\\/quercus-x-hispanica-waasland-select\\\/\",\"name\":\"QUERCUS x hispanica 'Waasland Select' - Spanische Eiche\",\"isPartOf\":{\"@id\":\"https:\\\/\\\/www.vallonchene.fr\\\/de\\\/#website\"},\"primaryImageOfPage\":{\"@id\":\"https:\\\/\\\/www.vallonchene.fr\\\/de\\\/produkt\\\/quercus-x-hispanica-waasland-select\\\/#primaryimage\"},\"image\":{\"@id\":\"https:\\\/\\\/www.vallonchene.fr\\\/de\\\/produkt\\\/quercus-x-hispanica-waasland-select\\\/#primaryimage\"},\"thumbnailUrl\":\"https:\\\/\\\/www.vallonchene.fr\\\/wp-content\\\/uploads\\\/2025\\\/11\\\/IMG_20251105_104332.webp\",\"datePublished\":\"2021-08-31T11:31:47+00:00\",\"dateModified\":\"2025-11-05T15:15:21+00:00\",\"description\":\"Diese immergr\u00fcne Eiche ist eine Kreuzung zwischen der Zerreiche und der Korkeiche. Die QUERCUS x hispanica 'Waasland Select' ist sehr k\u00e4lteresistent.\",\"breadcrumb\":{\"@id\":\"https:\\\/\\\/www.vallonchene.fr\\\/de\\\/produkt\\\/quercus-x-hispanica-waasland-select\\\/#breadcrumb\"},\"inLanguage\":\"de\",\"potentialAction\":[{\"@type\":\"ReadAction\",\"target\":[\"https:\\\/\\\/www.vallonchene.fr\\\/de\\\/produkt\\\/quercus-x-hispanica-waasland-select\\\/\"]}]},{\"@type\":\"ImageObject\",\"inLanguage\":\"de\",\"@id\":\"https:\\\/\\\/www.vallonchene.fr\\\/de\\\/produkt\\\/quercus-x-hispanica-waasland-select\\\/#primaryimage\",\"url\":\"https:\\\/\\\/www.vallonchene.fr\\\/wp-content\\\/uploads\\\/2025\\\/11\\\/IMG_20251105_104332.webp\",\"contentUrl\":\"https:\\\/\\\/www.vallonchene.fr\\\/wp-content\\\/uploads\\\/2025\\\/11\\\/IMG_20251105_104332.webp\",\"width\":1200,\"height\":1200,\"caption\":\"Nahaufnahme des Laubs von QUERCUS x hispanica 'Waasland Select' mit gr\u00fcner Oberseite und wei\u00dfer Unterseite.\"},{\"@type\":\"BreadcrumbList\",\"@id\":\"https:\\\/\\\/www.vallonchene.fr\\\/de\\\/produkt\\\/quercus-x-hispanica-waasland-select\\\/#breadcrumb\",\"itemListElement\":[{\"@type\":\"ListItem\",\"position\":1,\"name\":\"Home\",\"item\":\"https:\\\/\\\/www.vallonchene.fr\\\/de\\\/\"},{\"@type\":\"ListItem\",\"position\":2,\"name\":\"Shop\",\"item\":\"https:\\\/\\\/www.vallonchene.fr\\\/de\\\/shop\\\/\"},{\"@type\":\"ListItem\",\"position\":3,\"name\":\"Online-Verkauf\",\"item\":\"https:\\\/\\\/www.vallonchene.fr\\\/de\\\/produkt-kategorie\\\/online-verkauf-de\\\/\"},{\"@type\":\"ListItem\",\"position\":4,\"name\":\"Baumschule\",\"item\":\"https:\\\/\\\/www.vallonchene.fr\\\/de\\\/produkt-kategorie\\\/online-verkauf-de\\\/baumschule-gaertnerei-de\\\/\"},{\"@type\":\"ListItem\",\"position\":5,\"name\":\"Str\u00e4ucher und B\u00e4ume\",\"item\":\"https:\\\/\\\/www.vallonchene.fr\\\/de\\\/produkt-kategorie\\\/online-verkauf-de\\\/baumschule-gaertnerei-de\\\/straucher-und-baume-de\\\/\"},{\"@type\":\"ListItem\",\"position\":6,\"name\":\"QUERCUS x hispanica &#8218;Waasland Select&#8216;\"}]},{\"@type\":\"WebSite\",\"@id\":\"https:\\\/\\\/www.vallonchene.fr\\\/de\\\/#website\",\"url\":\"https:\\\/\\\/www.vallonchene.fr\\\/de\\\/\",\"name\":\"Vallonch\u00eane\",\"description\":\"Die Baumschule, bei der Qualit\u00e4t ihre Wurzeln hat \u2013 Tel.: +49 (0)6838-5399840\",\"publisher\":{\"@id\":\"https:\\\/\\\/www.vallonchene.fr\\\/de\\\/#organization\"},\"potentialAction\":[{\"@type\":\"SearchAction\",\"target\":{\"@type\":\"EntryPoint\",\"urlTemplate\":\"https:\\\/\\\/www.vallonchene.fr\\\/de\\\/?s={search_term_string}\"},\"query-input\":{\"@type\":\"PropertyValueSpecification\",\"valueRequired\":true,\"valueName\":\"search_term_string\"}}],\"inLanguage\":\"de\"},{\"@type\":\"Organization\",\"@id\":\"https:\\\/\\\/www.vallonchene.fr\\\/de\\\/#organization\",\"name\":\"VALLONCHENE\",\"url\":\"https:\\\/\\\/www.vallonchene.fr\\\/de\\\/\",\"logo\":{\"@type\":\"ImageObject\",\"inLanguage\":\"de\",\"@id\":\"https:\\\/\\\/www.vallonchene.fr\\\/de\\\/#\\\/schema\\\/logo\\\/image\\\/\",\"url\":\"https:\\\/\\\/www.vallonchene.fr\\\/wp-content\\\/uploads\\\/2023\\\/03\\\/Logo-Vallonchene-site-et-R_hauteur_100.png\",\"contentUrl\":\"https:\\\/\\\/www.vallonchene.fr\\\/wp-content\\\/uploads\\\/2023\\\/03\\\/Logo-Vallonchene-site-et-R_hauteur_100.png\",\"width\":221,\"height\":100,\"caption\":\"VALLONCHENE\"},\"image\":{\"@id\":\"https:\\\/\\\/www.vallonchene.fr\\\/de\\\/#\\\/schema\\\/logo\\\/image\\\/\"},\"sameAs\":[\"https:\\\/\\\/www.facebook.com\\\/vallonchene.fr\",\"https:\\\/\\\/www.instagram.com\\\/vallonchene\\\/\",\"https:\\\/\\\/www.pinterest.fr\\\/vallonchene\\\/\"],\"taxID\":\"49454502300017\",\"hasMerchantReturnPolicy\":{\"@type\":\"MerchantReturnPolicy\",\"merchantReturnLink\":\"https:\\\/\\\/www.vallonchene.fr\\\/remboursements_retours\\\/\"}}]}<\/script>\n<meta property=\"og:availability\" content=\"instock\" \/>\n<meta property=\"product:availability\" content=\"instock\" \/>\n<meta property=\"product:retailer_item_id\" content=\"13757\" \/>\n<meta property=\"product:condition\" content=\"new\" \/>\n<!-- \/ Yoast SEO Premium plugin. -->","yoast_head_json":{"title":"QUERCUS x hispanica 'Waasland Select' - Spanische Eiche","description":"Diese immergr\u00fcne Eiche ist eine Kreuzung zwischen der Zerreiche und der Korkeiche. Die QUERCUS x hispanica 'Waasland Select' ist sehr k\u00e4lteresistent.","robots":{"index":"index","follow":"follow","max-snippet":"max-snippet:-1","max-image-preview":"max-image-preview:large","max-video-preview":"max-video-preview:-1"},"canonical":"https:\/\/www.vallonchene.fr\/de\/produkt\/quercus-x-hispanica-waasland-select\/","og_locale":"de_DE","og_type":"article","og_title":"QUERCUS x hispanica 'Waasland Select'","og_description":"Diese immergr\u00fcne Eiche ist eine Kreuzung zwischen der Zerreiche und der Korkeiche. Die QUERCUS x hispanica 'Waasland Select' ist sehr k\u00e4lteresistent.","og_url":"https:\/\/www.vallonchene.fr\/de\/produkt\/quercus-x-hispanica-waasland-select\/","og_site_name":"Vallonch\u00eane","article_publisher":"https:\/\/www.facebook.com\/vallonchene.fr","article_modified_time":"2025-11-05T15:15:21+00:00","og_image":[{"width":1200,"height":1200,"url":"https:\/\/www.vallonchene.fr\/wp-content\/uploads\/2025\/11\/IMG_20251105_104332.webp","type":"image\/webp"}],"twitter_card":"summary_large_image","twitter_misc":{"Verf\u00fcgbarkeit":"Vorr\u00e4tig"},"schema":{"@context":"https:\/\/schema.org","@graph":[{"@type":"WebPage","@id":"https:\/\/www.vallonchene.fr\/de\/produkt\/quercus-x-hispanica-waasland-select\/","url":"https:\/\/www.vallonchene.fr\/de\/produkt\/quercus-x-hispanica-waasland-select\/","name":"QUERCUS x hispanica 'Waasland Select' - Spanische Eiche","isPartOf":{"@id":"https:\/\/www.vallonchene.fr\/de\/#website"},"primaryImageOfPage":{"@id":"https:\/\/www.vallonchene.fr\/de\/produkt\/quercus-x-hispanica-waasland-select\/#primaryimage"},"image":{"@id":"https:\/\/www.vallonchene.fr\/de\/produkt\/quercus-x-hispanica-waasland-select\/#primaryimage"},"thumbnailUrl":"https:\/\/www.vallonchene.fr\/wp-content\/uploads\/2025\/11\/IMG_20251105_104332.webp","datePublished":"2021-08-31T11:31:47+00:00","dateModified":"2025-11-05T15:15:21+00:00","description":"Diese immergr\u00fcne Eiche ist eine Kreuzung zwischen der Zerreiche und der Korkeiche. Die QUERCUS x hispanica 'Waasland Select' ist sehr k\u00e4lteresistent.","breadcrumb":{"@id":"https:\/\/www.vallonchene.fr\/de\/produkt\/quercus-x-hispanica-waasland-select\/#breadcrumb"},"inLanguage":"de","potentialAction":[{"@type":"ReadAction","target":["https:\/\/www.vallonchene.fr\/de\/produkt\/quercus-x-hispanica-waasland-select\/"]}]},{"@type":"ImageObject","inLanguage":"de","@id":"https:\/\/www.vallonchene.fr\/de\/produkt\/quercus-x-hispanica-waasland-select\/#primaryimage","url":"https:\/\/www.vallonchene.fr\/wp-content\/uploads\/2025\/11\/IMG_20251105_104332.webp","contentUrl":"https:\/\/www.vallonchene.fr\/wp-content\/uploads\/2025\/11\/IMG_20251105_104332.webp","width":1200,"height":1200,"caption":"Nahaufnahme des Laubs von QUERCUS x hispanica 'Waasland Select' mit gr\u00fcner Oberseite und wei\u00dfer Unterseite."},{"@type":"BreadcrumbList","@id":"https:\/\/www.vallonchene.fr\/de\/produkt\/quercus-x-hispanica-waasland-select\/#breadcrumb","itemListElement":[{"@type":"ListItem","position":1,"name":"Home","item":"https:\/\/www.vallonchene.fr\/de\/"},{"@type":"ListItem","position":2,"name":"Shop","item":"https:\/\/www.vallonchene.fr\/de\/shop\/"},{"@type":"ListItem","position":3,"name":"Online-Verkauf","item":"https:\/\/www.vallonchene.fr\/de\/produkt-kategorie\/online-verkauf-de\/"},{"@type":"ListItem","position":4,"name":"Baumschule","item":"https:\/\/www.vallonchene.fr\/de\/produkt-kategorie\/online-verkauf-de\/baumschule-gaertnerei-de\/"},{"@type":"ListItem","position":5,"name":"Str\u00e4ucher und B\u00e4ume","item":"https:\/\/www.vallonchene.fr\/de\/produkt-kategorie\/online-verkauf-de\/baumschule-gaertnerei-de\/straucher-und-baume-de\/"},{"@type":"ListItem","position":6,"name":"QUERCUS x hispanica &#8218;Waasland Select&#8216;"}]},{"@type":"WebSite","@id":"https:\/\/www.vallonchene.fr\/de\/#website","url":"https:\/\/www.vallonchene.fr\/de\/","name":"Vallonch\u00eane","description":"Die Baumschule, bei der Qualit\u00e4t ihre Wurzeln hat \u2013 Tel.: +49 (0)6838-5399840","publisher":{"@id":"https:\/\/www.vallonchene.fr\/de\/#organization"},"potentialAction":[{"@type":"SearchAction","target":{"@type":"EntryPoint","urlTemplate":"https:\/\/www.vallonchene.fr\/de\/?s={search_term_string}"},"query-input":{"@type":"PropertyValueSpecification","valueRequired":true,"valueName":"search_term_string"}}],"inLanguage":"de"},{"@type":"Organization","@id":"https:\/\/www.vallonchene.fr\/de\/#organization","name":"VALLONCHENE","url":"https:\/\/www.vallonchene.fr\/de\/","logo":{"@type":"ImageObject","inLanguage":"de","@id":"https:\/\/www.vallonchene.fr\/de\/#\/schema\/logo\/image\/","url":"https:\/\/www.vallonchene.fr\/wp-content\/uploads\/2023\/03\/Logo-Vallonchene-site-et-R_hauteur_100.png","contentUrl":"https:\/\/www.vallonchene.fr\/wp-content\/uploads\/2023\/03\/Logo-Vallonchene-site-et-R_hauteur_100.png","width":221,"height":100,"caption":"VALLONCHENE"},"image":{"@id":"https:\/\/www.vallonchene.fr\/de\/#\/schema\/logo\/image\/"},"sameAs":["https:\/\/www.facebook.com\/vallonchene.fr","https:\/\/www.instagram.com\/vallonchene\/","https:\/\/www.pinterest.fr\/vallonchene\/"],"taxID":"49454502300017","hasMerchantReturnPolicy":{"@type":"MerchantReturnPolicy","merchantReturnLink":"https:\/\/www.vallonchene.fr\/remboursements_retours\/"}}]},"og_availability":"instock","product_availability":"instock","product_retailer_item_id":"13757","product_condition":"new"},"_links":{"self":[{"href":"https:\/\/www.vallonchene.fr\/de\/wp-json\/wp\/v2\/product\/21501","targetHints":{"allow":["GET"]}}],"collection":[{"href":"https:\/\/www.vallonchene.fr\/de\/wp-json\/wp\/v2\/product"}],"about":[{"href":"https:\/\/www.vallonchene.fr\/de\/wp-json\/wp\/v2\/types\/product"}],"replies":[{"embeddable":true,"href":"https:\/\/www.vallonchene.fr\/de\/wp-json\/wp\/v2\/comments?post=21501"}],"wp:featuredmedia":[{"embeddable":true,"href":"https:\/\/www.vallonchene.fr\/de\/wp-json\/wp\/v2\/media\/55631"}],"wp:attachment":[{"href":"https:\/\/www.vallonchene.fr\/de\/wp-json\/wp\/v2\/media?parent=21501"}],"wp:term":[{"taxonomy":"product_brand","embeddable":true,"href":"https:\/\/www.vallonchene.fr\/de\/wp-json\/wp\/v2\/product_brand?post=21501"},{"taxonomy":"product_cat","embeddable":true,"href":"https:\/\/www.vallonchene.fr\/de\/wp-json\/wp\/v2\/product_cat?post=21501"},{"taxonomy":"product_tag","embeddable":true,"href":"https:\/\/www.vallonchene.fr\/de\/wp-json\/wp\/v2\/product_tag?post=21501"}],"curies":[{"name":"wp","href":"https:\/\/api.w.org\/{rel}","templated":true}]}}