{"id":21279,"date":"2021-08-31T11:13:23","date_gmt":"2021-08-31T11:13:23","guid":{"rendered":"https:\/\/testing.vallonchene.fr\/produit\/larix-kaempferi-magic-gold\/"},"modified":"2024-05-10T08:45:13","modified_gmt":"2024-05-10T08:45:13","slug":"larix-kaempferi-magic-gold","status":"publish","type":"product","link":"https:\/\/www.vallonchene.fr\/de\/produkt\/larix-kaempferi-magic-gold\/","title":{"rendered":"LARIX kaempferi &#8218;Magic Gold&#8216;"},"content":{"rendered":"<h2>DIE PFLANZE<\/h2>\n<p><strong>LARIX kaempferi &#8218;Magic Gold&#8216;<\/strong> ist eine absolut fabelhafte und ungew\u00f6hnliche <strong>japanische L\u00e4rche<\/strong>.<br \/>\nSobald zu Beginn des Fr\u00fchlings ihr <strong>toll gelbes Laub<\/strong> zum Vorschein kommt, leuchtet dieser sommergr\u00fcne Nadelbaum wie eine echte Fackel. Dann wird sie zu einer echten Lichtquelle in Ihrem Garten und bleibt es bis zum Ende des Sommers.<br \/>\nDieser Baum w\u00e4chst viel langsamer als die Typus-Art und <strong>nach 10 Jahren nicht h\u00f6her als 2 bis 3 Meter<\/strong>.<br \/>\nIm Herbst nehmen die Bl\u00e4tter dann eine <strong>sch\u00f6ne Kupferfarbe<\/strong> an, bevor sie abfallen.<br \/>\nNat\u00fcrlich <strong>widersteht dieser au\u00dfergew\u00f6hnliche Baum problemlos niedrigen Temperaturen<\/strong> (unter -20 \u00b0C).<\/p>\n<p>Um alle derzeit zum Verkauf stehenden L\u00e4rchen anzuzeigen, <strong><a href=\"https:\/\/www.vallonchene.fr\/de\/?s=larix&amp;post_type=product&amp;dgwt_wcas=1&amp;lang=de&amp;filter_stock_status=instock\">klicken Sie bitte hier<\/a><\/strong>.<\/p>\n<h2>Pflanzung und Pflege von LARIX kaempferi &#8218;Magic Gold&#8216;<\/h2>\n<h3>Die Pflanzung<\/h3>\n<ol>\n<li>Pflanzen Sie diese japanische L\u00e4rche <strong>im Halbschatten oder in die volle Sonne<\/strong>. Dies kann <strong>in einem Beh\u00e4lter, Topf, isoliert oder in einem Beet<\/strong> erfolgen. Bei T\u00f6pfen und K\u00fcbeln ist es nat\u00fcrlich notwendig, die Bew\u00e4sserung w\u00e4hrend des gesamten Aufenthalts in diesen Beh\u00e4ltern zu \u00fcberwachen.  <\/li>\n<li>Im Freiland kann der Standort <strong>feucht, m\u00e4\u00dfig feucht oder trocken<\/strong> sein.<\/li>\n<li>W\u00e4hlen Sie einen Standort mit <strong>leichtem, normalem oder schwerem Boden<\/strong> und einem <strong>sauren, neutralen oder kalkhaltigen pH-Wert<\/strong>.<\/li>\n<\/ol>\n<p><a href=\"https:\/\/www.vallonchene.fr\/de\/wie-man-pflanzen-pflanzt-und-pflegt\/\" target=\"_blank\" rel=\"noreferrer noopener\"><strong>F\u00fcr die richtige Vorbereitung des Topfes oder Pflanzlochs haben wir hier spezielle Anleitungen zusammengestellt<\/strong><\/a>.<\/p>\n<h3>Die Pflege<\/h3>\n<p>Dieser Nadelbaum ist eine <strong>pflegeleichte Pflanze<\/strong>. Im Winter ist kein K\u00e4lteschutz erforderlich. Wenn Sie ein gr\u00f6\u00dferes Exemplar pflanzen, sollten Sie die Installation eines Pfahls in Betracht ziehen, um ihm eine gr\u00f6\u00dfere Stabilit\u00e4t bis zur vollst\u00e4ndigen Verwurzelung zu geben. Wenn Sie das Bed\u00fcrfnis versp\u00fcren, ihn zu beschneiden, tun Sie dies <strong>im M\u00e4rz und vor neuem Wachstum<\/strong>. <\/p>\n<p><a href=\"https:\/\/www.vallonchene.fr\/de\/den-garten-richtig-bewaessern-und-wasser-sparen\/\"><strong>Lesen Sie hier auch unsere Tipps zum richtigen Gie\u00dfen und Wassersparen. <\/strong><\/a><\/p>\n<h2>Geschichte und Herkunft<\/h2>\n<p>Die Typusart LARIX kaempferi wird in der Forstwirtschaft nicht nur in Zentral- und Nordjapan, sondern auch in Nordeuropa und insbesondere in Irland und Gro\u00dfbritannien h\u00e4ufig verwendet. Im Gegensatz zur in Europa heimischen L\u00e4rche ist das Holz von L. kaempferi harz\u00e4rmer. Ferner werden alle Arten von LARIX kaempferi wie LARIX kaempferi &#8218;Magic Gold&#8216; h\u00e4ufig in Zierg\u00e4rten verwendet.<\/p>\n<p>W\u00e4hrend die Typusart eine H\u00f6he von 50 Metern erreichen kann, ist dies bei L. kaempferi &#8218;Magic Gold&#8216; nicht der Fall.<\/p>\n<p>Weiterhin entwickelt LARIX kaempferi sowohl tiefe als auch breite Wurzeln. Dadurch erh\u00e4lt sie eine h\u00f6here Stabilit\u00e4t.<\/p>\n<p>&nbsp;<\/p>\n<p>&nbsp;<\/p>\n","protected":false},"excerpt":{"rendered":"<p>Diese <b>japanische L\u00e4rche<\/b> zeichnet sich durch ihr pr\u00e4chtiges, gelbes Laub aus. <b>LARIX kaempferi &#8218;Magic Gold&#8216;<\/b> w\u00e4chst langsamer als die Typusart. <\/p>\n","protected":false},"featured_media":47200,"comment_status":"closed","ping_status":"closed","template":"","meta":[],"product_brand":[],"product_cat":[],"product_tag":[],"class_list":{"0":"post-21279","1":"product","2":"type-product","3":"status-publish","4":"has-post-thumbnail","7":"first","8":"instock","9":"taxable","10":"shipping-taxable","11":"purchasable","12":"product-type-variable","13":"has-default-attributes"},"supplier_id":null,"supplier_sku":"","barcode":null,"atum_controlled":true,"out_stock_date":null,"out_stock_threshold":null,"inheritable":true,"inbound_stock":0,"stock_on_hold":0,"sold_today":0,"sales_last_days":0,"reserved_stock":0,"customer_returns":0,"warehouse_damage":0,"lost_in_post":0,"other_logs":0,"out_stock_days":null,"lost_sales":0,"has_location":false,"update_date":"2024-05-30T05:01:36","atum_locations":[],"atum_stock_status":"instock","restock_status":false,"low_stock_amount":"","sales_update_date":"2024-03-03T14:08:09","calc_backorders":null,"yoast_head":"<!-- This site is optimized with the Yoast SEO Premium plugin v27.4 (Yoast SEO v27.4) - https:\/\/yoast.com\/product\/yoast-seo-premium-wordpress\/ -->\n<title>LARIX kaempferi &#039;Magic Gold&#039; - Japanische L\u00e4rche<\/title>\n<meta name=\"description\" content=\"Diese japanische L\u00e4rche zeichnet sich durch ihr pr\u00e4chtiges, goldenes Laub aus. LARIX kaempferi &#039;Magic Gold&#039; w\u00e4chst langsamer als die Typusart.\" \/>\n<meta name=\"robots\" content=\"index, follow, max-snippet:-1, max-image-preview:large, max-video-preview:-1\" \/>\n<link rel=\"canonical\" href=\"https:\/\/www.vallonchene.fr\/de\/produkt\/larix-kaempferi-magic-gold\/\" \/>\n<meta property=\"og:locale\" content=\"de_DE\" \/>\n<meta property=\"og:type\" content=\"article\" \/>\n<meta property=\"og:title\" content=\"LARIX kaempferi &#039;Magic Gold&#039;\" \/>\n<meta property=\"og:description\" content=\"Diese japanische L\u00e4rche zeichnet sich durch ihr pr\u00e4chtiges, goldenes Laub aus. LARIX kaempferi &#039;Magic Gold&#039; w\u00e4chst langsamer als die Typusart.\" \/>\n<meta property=\"og:url\" content=\"https:\/\/www.vallonchene.fr\/de\/produkt\/larix-kaempferi-magic-gold\/\" \/>\n<meta property=\"og:site_name\" content=\"Vallonch\u00eane\" \/>\n<meta property=\"article:publisher\" content=\"https:\/\/www.facebook.com\/vallonchene.fr\" \/>\n<meta property=\"article:modified_time\" content=\"2024-05-10T08:45:13+00:00\" \/>\n<meta property=\"og:image\" content=\"https:\/\/www.vallonchene.fr\/wp-content\/uploads\/2024\/05\/LARIX-kaempferi-Magic-Gold-d.webp\" \/>\n\t<meta property=\"og:image:width\" content=\"1024\" \/>\n\t<meta property=\"og:image:height\" content=\"1024\" \/>\n\t<meta property=\"og:image:type\" content=\"image\/webp\" \/>\n<meta name=\"twitter:card\" content=\"summary_large_image\" \/>\n<meta name=\"twitter:label1\" content=\"Verf\u00fcgbarkeit\" \/>\n\t<meta name=\"twitter:data1\" content=\"Vorr\u00e4tig\" \/>\n<script type=\"application\/ld+json\" class=\"yoast-schema-graph\">{\"@context\":\"https:\\\/\\\/schema.org\",\"@graph\":[{\"@type\":\"WebPage\",\"@id\":\"https:\\\/\\\/www.vallonchene.fr\\\/de\\\/produkt\\\/larix-kaempferi-magic-gold\\\/\",\"url\":\"https:\\\/\\\/www.vallonchene.fr\\\/de\\\/produkt\\\/larix-kaempferi-magic-gold\\\/\",\"name\":\"LARIX kaempferi 'Magic Gold' - Japanische L\u00e4rche\",\"isPartOf\":{\"@id\":\"https:\\\/\\\/www.vallonchene.fr\\\/de\\\/#website\"},\"primaryImageOfPage\":{\"@id\":\"https:\\\/\\\/www.vallonchene.fr\\\/de\\\/produkt\\\/larix-kaempferi-magic-gold\\\/#primaryimage\"},\"image\":{\"@id\":\"https:\\\/\\\/www.vallonchene.fr\\\/de\\\/produkt\\\/larix-kaempferi-magic-gold\\\/#primaryimage\"},\"thumbnailUrl\":\"https:\\\/\\\/www.vallonchene.fr\\\/wp-content\\\/uploads\\\/2024\\\/05\\\/LARIX-kaempferi-Magic-Gold-d.webp\",\"datePublished\":\"2021-08-31T11:13:23+00:00\",\"dateModified\":\"2024-05-10T08:45:13+00:00\",\"description\":\"Diese japanische L\u00e4rche zeichnet sich durch ihr pr\u00e4chtiges, goldenes Laub aus. LARIX kaempferi 'Magic Gold' w\u00e4chst langsamer als die Typusart.\",\"breadcrumb\":{\"@id\":\"https:\\\/\\\/www.vallonchene.fr\\\/de\\\/produkt\\\/larix-kaempferi-magic-gold\\\/#breadcrumb\"},\"inLanguage\":\"de\",\"potentialAction\":[{\"@type\":\"ReadAction\",\"target\":[\"https:\\\/\\\/www.vallonchene.fr\\\/de\\\/produkt\\\/larix-kaempferi-magic-gold\\\/\"]}]},{\"@type\":\"ImageObject\",\"inLanguage\":\"de\",\"@id\":\"https:\\\/\\\/www.vallonchene.fr\\\/de\\\/produkt\\\/larix-kaempferi-magic-gold\\\/#primaryimage\",\"url\":\"https:\\\/\\\/www.vallonchene.fr\\\/wp-content\\\/uploads\\\/2024\\\/05\\\/LARIX-kaempferi-Magic-Gold-d.webp\",\"contentUrl\":\"https:\\\/\\\/www.vallonchene.fr\\\/wp-content\\\/uploads\\\/2024\\\/05\\\/LARIX-kaempferi-Magic-Gold-d.webp\",\"width\":1024,\"height\":1024,\"caption\":\"Leuchtend gelbes Laub von LARIX kaempferi 'Magic Gold'\"},{\"@type\":\"BreadcrumbList\",\"@id\":\"https:\\\/\\\/www.vallonchene.fr\\\/de\\\/produkt\\\/larix-kaempferi-magic-gold\\\/#breadcrumb\",\"itemListElement\":[{\"@type\":\"ListItem\",\"position\":1,\"name\":\"Home\",\"item\":\"https:\\\/\\\/www.vallonchene.fr\\\/de\\\/\"},{\"@type\":\"ListItem\",\"position\":2,\"name\":\"Shop\",\"item\":\"https:\\\/\\\/www.vallonchene.fr\\\/de\\\/shop\\\/\"},{\"@type\":\"ListItem\",\"position\":3,\"name\":\"Online-Verkauf\",\"item\":\"https:\\\/\\\/www.vallonchene.fr\\\/de\\\/produkt-kategorie\\\/online-verkauf-de\\\/\"},{\"@type\":\"ListItem\",\"position\":4,\"name\":\"Baumschule\",\"item\":\"https:\\\/\\\/www.vallonchene.fr\\\/de\\\/produkt-kategorie\\\/online-verkauf-de\\\/baumschule-gaertnerei-de\\\/\"},{\"@type\":\"ListItem\",\"position\":5,\"name\":\"Koniferen\",\"item\":\"https:\\\/\\\/www.vallonchene.fr\\\/de\\\/produkt-kategorie\\\/online-verkauf-de\\\/baumschule-gaertnerei-de\\\/koniferen-de\\\/\"},{\"@type\":\"ListItem\",\"position\":6,\"name\":\"LARIX kaempferi &#8218;Magic Gold&#8216;\"}]},{\"@type\":\"WebSite\",\"@id\":\"https:\\\/\\\/www.vallonchene.fr\\\/de\\\/#website\",\"url\":\"https:\\\/\\\/www.vallonchene.fr\\\/de\\\/\",\"name\":\"Vallonch\u00eane\",\"description\":\"Die Baumschule, bei der Qualit\u00e4t ihre Wurzeln hat \u2013 Tel.: +49 (0)6838-5399840\",\"publisher\":{\"@id\":\"https:\\\/\\\/www.vallonchene.fr\\\/de\\\/#organization\"},\"potentialAction\":[{\"@type\":\"SearchAction\",\"target\":{\"@type\":\"EntryPoint\",\"urlTemplate\":\"https:\\\/\\\/www.vallonchene.fr\\\/de\\\/?s={search_term_string}\"},\"query-input\":{\"@type\":\"PropertyValueSpecification\",\"valueRequired\":true,\"valueName\":\"search_term_string\"}}],\"inLanguage\":\"de\"},{\"@type\":\"Organization\",\"@id\":\"https:\\\/\\\/www.vallonchene.fr\\\/de\\\/#organization\",\"name\":\"VALLONCHENE\",\"url\":\"https:\\\/\\\/www.vallonchene.fr\\\/de\\\/\",\"logo\":{\"@type\":\"ImageObject\",\"inLanguage\":\"de\",\"@id\":\"https:\\\/\\\/www.vallonchene.fr\\\/de\\\/#\\\/schema\\\/logo\\\/image\\\/\",\"url\":\"https:\\\/\\\/www.vallonchene.fr\\\/wp-content\\\/uploads\\\/2023\\\/03\\\/Logo-Vallonchene-site-et-R_hauteur_100.png\",\"contentUrl\":\"https:\\\/\\\/www.vallonchene.fr\\\/wp-content\\\/uploads\\\/2023\\\/03\\\/Logo-Vallonchene-site-et-R_hauteur_100.png\",\"width\":221,\"height\":100,\"caption\":\"VALLONCHENE\"},\"image\":{\"@id\":\"https:\\\/\\\/www.vallonchene.fr\\\/de\\\/#\\\/schema\\\/logo\\\/image\\\/\"},\"sameAs\":[\"https:\\\/\\\/www.facebook.com\\\/vallonchene.fr\",\"https:\\\/\\\/www.instagram.com\\\/vallonchene\\\/\",\"https:\\\/\\\/www.pinterest.fr\\\/vallonchene\\\/\"],\"taxID\":\"49454502300017\",\"hasMerchantReturnPolicy\":{\"@type\":\"MerchantReturnPolicy\",\"merchantReturnLink\":\"https:\\\/\\\/www.vallonchene.fr\\\/remboursements_retours\\\/\"}}]}<\/script>\n<meta property=\"og:availability\" content=\"instock\" \/>\n<meta property=\"product:availability\" content=\"instock\" \/>\n<meta property=\"product:retailer_item_id\" content=\"44538\" \/>\n<meta property=\"product:condition\" content=\"new\" \/>\n<!-- \/ Yoast SEO Premium plugin. -->","yoast_head_json":{"title":"LARIX kaempferi 'Magic Gold' - Japanische L\u00e4rche","description":"Diese japanische L\u00e4rche zeichnet sich durch ihr pr\u00e4chtiges, goldenes Laub aus. LARIX kaempferi 'Magic Gold' w\u00e4chst langsamer als die Typusart.","robots":{"index":"index","follow":"follow","max-snippet":"max-snippet:-1","max-image-preview":"max-image-preview:large","max-video-preview":"max-video-preview:-1"},"canonical":"https:\/\/www.vallonchene.fr\/de\/produkt\/larix-kaempferi-magic-gold\/","og_locale":"de_DE","og_type":"article","og_title":"LARIX kaempferi 'Magic Gold'","og_description":"Diese japanische L\u00e4rche zeichnet sich durch ihr pr\u00e4chtiges, goldenes Laub aus. LARIX kaempferi 'Magic Gold' w\u00e4chst langsamer als die Typusart.","og_url":"https:\/\/www.vallonchene.fr\/de\/produkt\/larix-kaempferi-magic-gold\/","og_site_name":"Vallonch\u00eane","article_publisher":"https:\/\/www.facebook.com\/vallonchene.fr","article_modified_time":"2024-05-10T08:45:13+00:00","og_image":[{"width":1024,"height":1024,"url":"https:\/\/www.vallonchene.fr\/wp-content\/uploads\/2024\/05\/LARIX-kaempferi-Magic-Gold-d.webp","type":"image\/webp"}],"twitter_card":"summary_large_image","twitter_misc":{"Verf\u00fcgbarkeit":"Vorr\u00e4tig"},"schema":{"@context":"https:\/\/schema.org","@graph":[{"@type":"WebPage","@id":"https:\/\/www.vallonchene.fr\/de\/produkt\/larix-kaempferi-magic-gold\/","url":"https:\/\/www.vallonchene.fr\/de\/produkt\/larix-kaempferi-magic-gold\/","name":"LARIX kaempferi 'Magic Gold' - Japanische L\u00e4rche","isPartOf":{"@id":"https:\/\/www.vallonchene.fr\/de\/#website"},"primaryImageOfPage":{"@id":"https:\/\/www.vallonchene.fr\/de\/produkt\/larix-kaempferi-magic-gold\/#primaryimage"},"image":{"@id":"https:\/\/www.vallonchene.fr\/de\/produkt\/larix-kaempferi-magic-gold\/#primaryimage"},"thumbnailUrl":"https:\/\/www.vallonchene.fr\/wp-content\/uploads\/2024\/05\/LARIX-kaempferi-Magic-Gold-d.webp","datePublished":"2021-08-31T11:13:23+00:00","dateModified":"2024-05-10T08:45:13+00:00","description":"Diese japanische L\u00e4rche zeichnet sich durch ihr pr\u00e4chtiges, goldenes Laub aus. LARIX kaempferi 'Magic Gold' w\u00e4chst langsamer als die Typusart.","breadcrumb":{"@id":"https:\/\/www.vallonchene.fr\/de\/produkt\/larix-kaempferi-magic-gold\/#breadcrumb"},"inLanguage":"de","potentialAction":[{"@type":"ReadAction","target":["https:\/\/www.vallonchene.fr\/de\/produkt\/larix-kaempferi-magic-gold\/"]}]},{"@type":"ImageObject","inLanguage":"de","@id":"https:\/\/www.vallonchene.fr\/de\/produkt\/larix-kaempferi-magic-gold\/#primaryimage","url":"https:\/\/www.vallonchene.fr\/wp-content\/uploads\/2024\/05\/LARIX-kaempferi-Magic-Gold-d.webp","contentUrl":"https:\/\/www.vallonchene.fr\/wp-content\/uploads\/2024\/05\/LARIX-kaempferi-Magic-Gold-d.webp","width":1024,"height":1024,"caption":"Leuchtend gelbes Laub von LARIX kaempferi 'Magic Gold'"},{"@type":"BreadcrumbList","@id":"https:\/\/www.vallonchene.fr\/de\/produkt\/larix-kaempferi-magic-gold\/#breadcrumb","itemListElement":[{"@type":"ListItem","position":1,"name":"Home","item":"https:\/\/www.vallonchene.fr\/de\/"},{"@type":"ListItem","position":2,"name":"Shop","item":"https:\/\/www.vallonchene.fr\/de\/shop\/"},{"@type":"ListItem","position":3,"name":"Online-Verkauf","item":"https:\/\/www.vallonchene.fr\/de\/produkt-kategorie\/online-verkauf-de\/"},{"@type":"ListItem","position":4,"name":"Baumschule","item":"https:\/\/www.vallonchene.fr\/de\/produkt-kategorie\/online-verkauf-de\/baumschule-gaertnerei-de\/"},{"@type":"ListItem","position":5,"name":"Koniferen","item":"https:\/\/www.vallonchene.fr\/de\/produkt-kategorie\/online-verkauf-de\/baumschule-gaertnerei-de\/koniferen-de\/"},{"@type":"ListItem","position":6,"name":"LARIX kaempferi &#8218;Magic Gold&#8216;"}]},{"@type":"WebSite","@id":"https:\/\/www.vallonchene.fr\/de\/#website","url":"https:\/\/www.vallonchene.fr\/de\/","name":"Vallonch\u00eane","description":"Die Baumschule, bei der Qualit\u00e4t ihre Wurzeln hat \u2013 Tel.: +49 (0)6838-5399840","publisher":{"@id":"https:\/\/www.vallonchene.fr\/de\/#organization"},"potentialAction":[{"@type":"SearchAction","target":{"@type":"EntryPoint","urlTemplate":"https:\/\/www.vallonchene.fr\/de\/?s={search_term_string}"},"query-input":{"@type":"PropertyValueSpecification","valueRequired":true,"valueName":"search_term_string"}}],"inLanguage":"de"},{"@type":"Organization","@id":"https:\/\/www.vallonchene.fr\/de\/#organization","name":"VALLONCHENE","url":"https:\/\/www.vallonchene.fr\/de\/","logo":{"@type":"ImageObject","inLanguage":"de","@id":"https:\/\/www.vallonchene.fr\/de\/#\/schema\/logo\/image\/","url":"https:\/\/www.vallonchene.fr\/wp-content\/uploads\/2023\/03\/Logo-Vallonchene-site-et-R_hauteur_100.png","contentUrl":"https:\/\/www.vallonchene.fr\/wp-content\/uploads\/2023\/03\/Logo-Vallonchene-site-et-R_hauteur_100.png","width":221,"height":100,"caption":"VALLONCHENE"},"image":{"@id":"https:\/\/www.vallonchene.fr\/de\/#\/schema\/logo\/image\/"},"sameAs":["https:\/\/www.facebook.com\/vallonchene.fr","https:\/\/www.instagram.com\/vallonchene\/","https:\/\/www.pinterest.fr\/vallonchene\/"],"taxID":"49454502300017","hasMerchantReturnPolicy":{"@type":"MerchantReturnPolicy","merchantReturnLink":"https:\/\/www.vallonchene.fr\/remboursements_retours\/"}}]},"og_availability":"instock","product_availability":"instock","product_retailer_item_id":"44538","product_condition":"new"},"_links":{"self":[{"href":"https:\/\/www.vallonchene.fr\/de\/wp-json\/wp\/v2\/product\/21279","targetHints":{"allow":["GET"]}}],"collection":[{"href":"https:\/\/www.vallonchene.fr\/de\/wp-json\/wp\/v2\/product"}],"about":[{"href":"https:\/\/www.vallonchene.fr\/de\/wp-json\/wp\/v2\/types\/product"}],"replies":[{"embeddable":true,"href":"https:\/\/www.vallonchene.fr\/de\/wp-json\/wp\/v2\/comments?post=21279"}],"wp:featuredmedia":[{"embeddable":true,"href":"https:\/\/www.vallonchene.fr\/de\/wp-json\/wp\/v2\/media\/47200"}],"wp:attachment":[{"href":"https:\/\/www.vallonchene.fr\/de\/wp-json\/wp\/v2\/media?parent=21279"}],"wp:term":[{"taxonomy":"product_brand","embeddable":true,"href":"https:\/\/www.vallonchene.fr\/de\/wp-json\/wp\/v2\/product_brand?post=21279"},{"taxonomy":"product_cat","embeddable":true,"href":"https:\/\/www.vallonchene.fr\/de\/wp-json\/wp\/v2\/product_cat?post=21279"},{"taxonomy":"product_tag","embeddable":true,"href":"https:\/\/www.vallonchene.fr\/de\/wp-json\/wp\/v2\/product_tag?post=21279"}],"curies":[{"name":"wp","href":"https:\/\/api.w.org\/{rel}","templated":true}]}}