{"id":20741,"date":"2021-08-31T10:56:06","date_gmt":"2021-08-31T08:56:06","guid":{"rendered":"https:\/\/testing.vallonchene.fr\/produit\/davidia-involucrata-sonoma\/"},"modified":"2025-11-30T10:07:22","modified_gmt":"2025-11-30T09:07:22","slug":"davidia-involucrata-sonoma","status":"publish","type":"product","link":"https:\/\/www.vallonchene.fr\/de\/produkt\/davidia-involucrata-sonoma\/","title":{"rendered":"DAVIDIA involucrata &#8218;Sonoma&#8216;"},"content":{"rendered":"<h2>Die Pflanze<\/h2>\n<p>Der <strong>DAVIDIA involucrata &#8218;Sonoma&#8216;<\/strong> ist eine sehr seltene und recht neue Form des <strong>Taschentuchbaums<\/strong>. Die Bl\u00fcten dieses Baumes, deren <strong>Hochbl\u00e4tter bis zu 15 cm<\/strong> erreichen k\u00f6nnen, \u00e4hneln beim Erscheinen <strong>Taschent\u00fcchern<\/strong>. <\/p>\n<p>Dann, im Gegensatz zum klassischen <em>DAVIDIA involucrata<\/em>, w\u00e4chst dieser Kultivar langsamer und <strong>entwickelt seine reinwei\u00dfen Bl\u00fcten bereits im zweiten oder dritten Jahr<\/strong>. W\u00e4hrend die Art <em>D. involucrata<\/em> 15 bis 20 Jahre bis zur Bl\u00fcte ben\u00f6tigt. <\/p>\n<p>Ferner sind seine wundersch\u00f6nen <strong>gr\u00fcnen Bl\u00e4tter, ziemlich rund und leicht gewellt<\/strong>, laubabwerfend und einzigartig in der Pflanzenwelt. <strong>Im Herbst f\u00e4rben sie sich in ein intensives Gelb und Orange<\/strong>. <\/p>\n<p>Schlie\u00dflich ist sein <strong>Wuchs globular und harmonisch<\/strong>. Er eignet sich hervorragend <strong>f\u00fcr eine Einzelpflanzung oder f\u00fcr die Verwendung in Gruppen<\/strong>. <\/p>\n<h2>Wie pflanzt und pflegt man DAVIDIA involucrata &#8218;Sonoma&#8216;?<\/h2>\n<h3>Die Pflanzung <br \/><\/h3>\n<p>Ber\u00fccksichtigen Sie die folgenden Punkte f\u00fcr ein optimales Wachstum des <em>D. involucrata &#8218;Sonoma&#8216;<\/em>: <\/p>\n<ol>\n<li>Pflanzen Sie ihn an einem Standort <strong>in voller Sonne oder im Halbschatten<\/strong>, <strong>einzeln oder in Gruppen<\/strong>.<\/li>\n<li><strong>Vermeiden Sie Zugluft<\/strong> oder eine starke Aussetzung gegen\u00fcber Winterwinden.<\/li>\n<li>Der Standort sollte <strong>frisch bis feucht, m\u00e4\u00dfig oder trocken<\/strong> sein, mit einem <strong>leichten, normalen oder schweren Boden<\/strong>.<\/li>\n<li>Er vertr\u00e4gt einen <strong>sauren, neutralen und kalkhaltigen pH-Wert<\/strong>.<\/li>\n<li>F\u00fcr eine gute Vorbereitung des Pflanzlochs haben wir <a href=\"https:\/\/www.vallonchene.fr\/comment-planter-et-entretenir-des-vegetaux\/comment-planter-et-entretenir-arbres-arbustes-et-coniferes\/\" target=\"_blank\" rel=\"noreferrer noopener\"><strong>spezielle Anweisungen entwickelt, die hier verf\u00fcgbar<\/strong><\/a> sind.<\/li>\n<\/ol>\n<h3>Die Pflege<\/h3>\n<p>Wie bei jeder frisch gepflanzten Pflanze sollten Sie in den ersten beiden Jahren w\u00e4hrend trockener Perioden f\u00fcr eine regelm\u00e4\u00dfige Bew\u00e4sserung sorgen, um ein gutes Anwachsen zu gew\u00e4hrleisten. <a href=\"https:\/\/www.vallonchene.fr\/comment-bien-arroser-le-jardin-et-economiser-leau\/\"><strong>Lesen Sie auch unsere Tipps zum richtigen Gie\u00dfen und Wassersparen hier<\/strong><\/a>. <\/p>\n<p>Dieser Taschentuchbaum ben\u00f6tigt keinen Schnitt. <strong>Falls Sie ihn jedoch durchf\u00fchren m\u00fcssen, tun Sie dies im Februar vor dem Erscheinen der neuen Triebe<\/strong>. <\/p>\n<h2>Geschichte und Herkunft<\/h2>\n<p>Der <em>DAVIDIA involucrata &#8218;Sonoma&#8216;<\/em> stammt aus Kalifornien, wo er Ende des 20. Jahrhunderts gez\u00fcchtet wurde. Offensichtlich wurde er aufgrund seiner bemerkenswerten F\u00e4higkeit ausgew\u00e4hlt, schon in sehr jungem Alter zu bl\u00fchen. Der Name des Kultivars *<em>Sonoma<\/em>* bezieht sich auf den Sonoma County in Kalifornien, seinen ersten Ort der Einf\u00fchrung und Vermehrung.  <\/p>\n<p>Die Art <em>DAVIDIA involucrata<\/em> wurde erstmals 1869 vom Pater Armand David (franz\u00f6sischer Naturforscher und Missionar) beschrieben. Er entdeckte ihn im Zentrum Chinas. Sp\u00e4ter verteilte Pater Farges Samen und trug so zur Verbreitung in den europ\u00e4ischen Botanischen G\u00e4rten bei.  <\/p>\n<p>Zudem ist er die einzige heute lebende Art ihrer Gattung, mit Fossilienfunden aus der Oberkreide.<\/p>\n<p>&nbsp;<\/p>\n","protected":false},"excerpt":{"rendered":"<p>Dieser <b>Taschentuchbaum<\/b> ist sehr begehrt, da er oft schon nach zwei Jahren bl\u00fcht. Der <b>DAVIDIA involucrata &#8218;Sonoma&#8216;<\/b> ist eine recht neue Form. <\/p>\n","protected":false},"featured_media":55770,"comment_status":"open","ping_status":"closed","template":"","meta":[],"product_brand":[],"product_cat":[10733,252],"product_tag":[12730,12729,12728],"class_list":{"0":"post-20741","1":"product","2":"type-product","3":"status-publish","4":"has-post-thumbnail","6":"product_cat-seltene-pflanzen-sammlerpflanzen","7":"product_cat-straucher-und-baume-de","8":"product_tag-davidia","9":"product_tag-davidia-involucrata","10":"product_tag-taschentuchbaum-2","11":"pa_99-hauteurapproximativeapres1-2_3m-de","12":"pa_couleurdesfleurs-weiss-de","13":"pa_couleurdufeuillage-grun-de","14":"pa_exigencesenhumidite-feucht-de","15":"pa_exigencesenhumidite-normal-de","16":"pa_exigencesenhumidite-trocken-de","17":"pa_expositionspossibles-ce-halbschattigsonnezw12und17-de","18":"pa_expositionspossibles-sonnigvon12bis17uhr-de","19":"pa_hauteurlivree-100-bis-125-cm","20":"pa_hauteurlivree-80-bis-100-cm","21":"pa_interetauprintemps-bluten-de","22":"pa_interetauprintemps-laub-de","23":"pa_interetenautomne-laub-de","24":"pa_interetenete-laub-de","25":"pa_naturedufeuillage-nichtimmergrun-de","26":"pa_naturesdesolpossibles-leicht-de","27":"pa_naturesdesolpossibles-normal-de","28":"pa_naturesdesolpossibles-schwer-de","29":"pa_periodedefloraison-fruhling-de","30":"pa_phdusolacceptable-kalkigmehrals75-de","31":"pa_phdusolacceptable-neutralzw65u75-de","32":"pa_phdusolacceptable-sauerwenigerals65-de","33":"pa_portgraphisme-rund-de","34":"pa_resistanceaufroidrusticite-frostbestandigunter_20c-de","35":"pa_tailledepot-12liter_topf-de","36":"pa_utilisationpossible-alleinstehend-de","37":"pa_utilisationpossible-beet-de","39":"first","40":"outofstock","41":"taxable","42":"shipping-taxable","43":"purchasable","44":"product-type-variable"},"supplier_id":null,"supplier_sku":"","barcode":null,"atum_controlled":true,"out_stock_date":null,"out_stock_threshold":null,"inheritable":true,"inbound_stock":0,"stock_on_hold":0,"sold_today":0,"sales_last_days":0,"reserved_stock":0,"customer_returns":0,"warehouse_damage":0,"lost_in_post":0,"other_logs":0,"out_stock_days":null,"lost_sales":0,"has_location":false,"update_date":"2026-04-24T12:27:21","atum_locations":[],"atum_stock_status":"instock","restock_status":false,"low_stock_amount":"","sales_update_date":"2025-11-19T14:07:11","calc_backorders":null,"yoast_head":"<!-- This site is optimized with the Yoast SEO Premium plugin v27.5 (Yoast SEO v27.5) - https:\/\/yoast.com\/product\/yoast-seo-premium-wordpress\/ -->\n<title>DAVIDIA involucrata &#039;Sonoma&#039; (Taschentuchbaum)<\/title>\n<meta name=\"description\" content=\"Dieser Taschentuchbaum ist sehr begehrt, da er oft schon nach zwei Jahren bl\u00fcht. DAVIDIA involucrata &#039;Sonoma&#039; ist eine recht neue Z\u00fcchtung.\" \/>\n<meta name=\"robots\" content=\"index, follow, max-snippet:-1, max-image-preview:large, max-video-preview:-1\" \/>\n<link rel=\"canonical\" href=\"https:\/\/www.vallonchene.fr\/de\/produkt\/davidia-involucrata-sonoma\/\" \/>\n<meta property=\"og:locale\" content=\"de_DE\" \/>\n<meta property=\"og:type\" content=\"article\" \/>\n<meta property=\"og:title\" content=\"DAVIDIA involucrata &#039;Sonoma&#039;\" \/>\n<meta property=\"og:description\" content=\"Dieser Taschentuchbaum ist sehr begehrt, da er oft schon nach zwei Jahren bl\u00fcht. DAVIDIA involucrata &#039;Sonoma&#039; ist eine recht neue Z\u00fcchtung.\" \/>\n<meta property=\"og:url\" content=\"https:\/\/www.vallonchene.fr\/de\/produkt\/davidia-involucrata-sonoma\/\" \/>\n<meta property=\"og:site_name\" content=\"Vallonch\u00eane\" \/>\n<meta property=\"article:publisher\" content=\"https:\/\/www.facebook.com\/vallonchene.fr\" \/>\n<meta property=\"article:modified_time\" content=\"2025-11-30T09:07:22+00:00\" \/>\n<meta property=\"og:image\" content=\"https:\/\/www.vallonchene.fr\/wp-content\/uploads\/2025\/11\/IMG_20180430_092430935.webp\" \/>\n\t<meta property=\"og:image:width\" content=\"1000\" \/>\n\t<meta property=\"og:image:height\" content=\"1000\" \/>\n\t<meta property=\"og:image:type\" content=\"image\/webp\" \/>\n<meta name=\"twitter:card\" content=\"summary_large_image\" \/>\n<meta name=\"twitter:label1\" content=\"Verf\u00fcgbarkeit\" \/>\n\t<meta name=\"twitter:data1\" content=\"Nicht vorr\u00e4tig\" \/>\n<script type=\"application\/ld+json\" class=\"yoast-schema-graph\">{\"@context\":\"https:\\\/\\\/schema.org\",\"@graph\":[{\"@type\":\"WebPage\",\"@id\":\"https:\\\/\\\/www.vallonchene.fr\\\/de\\\/produkt\\\/davidia-involucrata-sonoma\\\/\",\"url\":\"https:\\\/\\\/www.vallonchene.fr\\\/de\\\/produkt\\\/davidia-involucrata-sonoma\\\/\",\"name\":\"DAVIDIA involucrata 'Sonoma' (Taschentuchbaum)\",\"isPartOf\":{\"@id\":\"https:\\\/\\\/www.vallonchene.fr\\\/de\\\/#website\"},\"primaryImageOfPage\":{\"@id\":\"https:\\\/\\\/www.vallonchene.fr\\\/de\\\/produkt\\\/davidia-involucrata-sonoma\\\/#primaryimage\"},\"image\":{\"@id\":\"https:\\\/\\\/www.vallonchene.fr\\\/de\\\/produkt\\\/davidia-involucrata-sonoma\\\/#primaryimage\"},\"thumbnailUrl\":\"https:\\\/\\\/www.vallonchene.fr\\\/wp-content\\\/uploads\\\/2025\\\/11\\\/IMG_20180430_092430935.webp\",\"datePublished\":\"2021-08-31T08:56:06+00:00\",\"dateModified\":\"2025-11-30T09:07:22+00:00\",\"description\":\"Dieser Taschentuchbaum ist sehr begehrt, da er oft schon nach zwei Jahren bl\u00fcht. DAVIDIA involucrata 'Sonoma' ist eine recht neue Z\u00fcchtung.\",\"breadcrumb\":{\"@id\":\"https:\\\/\\\/www.vallonchene.fr\\\/de\\\/produkt\\\/davidia-involucrata-sonoma\\\/#breadcrumb\"},\"inLanguage\":\"de\",\"potentialAction\":[{\"@type\":\"ReadAction\",\"target\":[\"https:\\\/\\\/www.vallonchene.fr\\\/de\\\/produkt\\\/davidia-involucrata-sonoma\\\/\"]}]},{\"@type\":\"ImageObject\",\"inLanguage\":\"de\",\"@id\":\"https:\\\/\\\/www.vallonchene.fr\\\/de\\\/produkt\\\/davidia-involucrata-sonoma\\\/#primaryimage\",\"url\":\"https:\\\/\\\/www.vallonchene.fr\\\/wp-content\\\/uploads\\\/2025\\\/11\\\/IMG_20180430_092430935.webp\",\"contentUrl\":\"https:\\\/\\\/www.vallonchene.fr\\\/wp-content\\\/uploads\\\/2025\\\/11\\\/IMG_20180430_092430935.webp\",\"width\":1000,\"height\":1000,\"caption\":\"Wei\u00dfe Bl\u00fcten mit ihrem roten Zentrum des DAVIDIA involucrata 'Sonoma'\"},{\"@type\":\"BreadcrumbList\",\"@id\":\"https:\\\/\\\/www.vallonchene.fr\\\/de\\\/produkt\\\/davidia-involucrata-sonoma\\\/#breadcrumb\",\"itemListElement\":[{\"@type\":\"ListItem\",\"position\":1,\"name\":\"Home\",\"item\":\"https:\\\/\\\/www.vallonchene.fr\\\/de\\\/\"},{\"@type\":\"ListItem\",\"position\":2,\"name\":\"Shop\",\"item\":\"https:\\\/\\\/www.vallonchene.fr\\\/de\\\/shop\\\/\"},{\"@type\":\"ListItem\",\"position\":3,\"name\":\"Online-Verkauf\",\"item\":\"https:\\\/\\\/www.vallonchene.fr\\\/de\\\/produkt-kategorie\\\/online-verkauf-de\\\/\"},{\"@type\":\"ListItem\",\"position\":4,\"name\":\"Baumschule\",\"item\":\"https:\\\/\\\/www.vallonchene.fr\\\/de\\\/produkt-kategorie\\\/online-verkauf-de\\\/baumschule-gaertnerei-de\\\/\"},{\"@type\":\"ListItem\",\"position\":5,\"name\":\"Str\u00e4ucher und B\u00e4ume\",\"item\":\"https:\\\/\\\/www.vallonchene.fr\\\/de\\\/produkt-kategorie\\\/online-verkauf-de\\\/baumschule-gaertnerei-de\\\/straucher-und-baume-de\\\/\"},{\"@type\":\"ListItem\",\"position\":6,\"name\":\"DAVIDIA involucrata &#8218;Sonoma&#8216;\"}]},{\"@type\":\"WebSite\",\"@id\":\"https:\\\/\\\/www.vallonchene.fr\\\/de\\\/#website\",\"url\":\"https:\\\/\\\/www.vallonchene.fr\\\/de\\\/\",\"name\":\"Vallonch\u00eane\",\"description\":\"Die Baumschule, bei der Qualit\u00e4t ihre Wurzeln hat \u2013 Tel.: +49 (0)6838-5399840\",\"publisher\":{\"@id\":\"https:\\\/\\\/www.vallonchene.fr\\\/de\\\/#organization\"},\"potentialAction\":[{\"@type\":\"SearchAction\",\"target\":{\"@type\":\"EntryPoint\",\"urlTemplate\":\"https:\\\/\\\/www.vallonchene.fr\\\/de\\\/?s={search_term_string}\"},\"query-input\":{\"@type\":\"PropertyValueSpecification\",\"valueRequired\":true,\"valueName\":\"search_term_string\"}}],\"inLanguage\":\"de\"},{\"@type\":\"Organization\",\"@id\":\"https:\\\/\\\/www.vallonchene.fr\\\/de\\\/#organization\",\"name\":\"VALLONCHENE\",\"url\":\"https:\\\/\\\/www.vallonchene.fr\\\/de\\\/\",\"logo\":{\"@type\":\"ImageObject\",\"inLanguage\":\"de\",\"@id\":\"https:\\\/\\\/www.vallonchene.fr\\\/de\\\/#\\\/schema\\\/logo\\\/image\\\/\",\"url\":\"https:\\\/\\\/www.vallonchene.fr\\\/wp-content\\\/uploads\\\/2023\\\/03\\\/Logo-Vallonchene-site-et-R_hauteur_100.png\",\"contentUrl\":\"https:\\\/\\\/www.vallonchene.fr\\\/wp-content\\\/uploads\\\/2023\\\/03\\\/Logo-Vallonchene-site-et-R_hauteur_100.png\",\"width\":221,\"height\":100,\"caption\":\"VALLONCHENE\"},\"image\":{\"@id\":\"https:\\\/\\\/www.vallonchene.fr\\\/de\\\/#\\\/schema\\\/logo\\\/image\\\/\"},\"sameAs\":[\"https:\\\/\\\/www.facebook.com\\\/vallonchene.fr\",\"https:\\\/\\\/www.instagram.com\\\/vallonchene\\\/\",\"https:\\\/\\\/www.pinterest.fr\\\/vallonchene\\\/\"],\"taxID\":\"49454502300017\",\"hasMerchantReturnPolicy\":{\"@type\":\"MerchantReturnPolicy\",\"merchantReturnLink\":\"https:\\\/\\\/www.vallonchene.fr\\\/remboursements_retours\\\/\"}}]}<\/script>\n<meta property=\"og:availability\" content=\"out of stock\" \/>\n<meta property=\"product:availability\" content=\"out of stock\" \/>\n<meta property=\"product:retailer_item_id\" content=\"47185\" \/>\n<meta property=\"product:condition\" content=\"new\" \/>\n<!-- \/ Yoast SEO Premium plugin. -->","yoast_head_json":{"title":"DAVIDIA involucrata 'Sonoma' (Taschentuchbaum)","description":"Dieser Taschentuchbaum ist sehr begehrt, da er oft schon nach zwei Jahren bl\u00fcht. DAVIDIA involucrata 'Sonoma' ist eine recht neue Z\u00fcchtung.","robots":{"index":"index","follow":"follow","max-snippet":"max-snippet:-1","max-image-preview":"max-image-preview:large","max-video-preview":"max-video-preview:-1"},"canonical":"https:\/\/www.vallonchene.fr\/de\/produkt\/davidia-involucrata-sonoma\/","og_locale":"de_DE","og_type":"article","og_title":"DAVIDIA involucrata 'Sonoma'","og_description":"Dieser Taschentuchbaum ist sehr begehrt, da er oft schon nach zwei Jahren bl\u00fcht. DAVIDIA involucrata 'Sonoma' ist eine recht neue Z\u00fcchtung.","og_url":"https:\/\/www.vallonchene.fr\/de\/produkt\/davidia-involucrata-sonoma\/","og_site_name":"Vallonch\u00eane","article_publisher":"https:\/\/www.facebook.com\/vallonchene.fr","article_modified_time":"2025-11-30T09:07:22+00:00","og_image":[{"width":1000,"height":1000,"url":"https:\/\/www.vallonchene.fr\/wp-content\/uploads\/2025\/11\/IMG_20180430_092430935.webp","type":"image\/webp"}],"twitter_card":"summary_large_image","twitter_misc":{"Verf\u00fcgbarkeit":"Nicht vorr\u00e4tig"},"schema":{"@context":"https:\/\/schema.org","@graph":[{"@type":"WebPage","@id":"https:\/\/www.vallonchene.fr\/de\/produkt\/davidia-involucrata-sonoma\/","url":"https:\/\/www.vallonchene.fr\/de\/produkt\/davidia-involucrata-sonoma\/","name":"DAVIDIA involucrata 'Sonoma' (Taschentuchbaum)","isPartOf":{"@id":"https:\/\/www.vallonchene.fr\/de\/#website"},"primaryImageOfPage":{"@id":"https:\/\/www.vallonchene.fr\/de\/produkt\/davidia-involucrata-sonoma\/#primaryimage"},"image":{"@id":"https:\/\/www.vallonchene.fr\/de\/produkt\/davidia-involucrata-sonoma\/#primaryimage"},"thumbnailUrl":"https:\/\/www.vallonchene.fr\/wp-content\/uploads\/2025\/11\/IMG_20180430_092430935.webp","datePublished":"2021-08-31T08:56:06+00:00","dateModified":"2025-11-30T09:07:22+00:00","description":"Dieser Taschentuchbaum ist sehr begehrt, da er oft schon nach zwei Jahren bl\u00fcht. DAVIDIA involucrata 'Sonoma' ist eine recht neue Z\u00fcchtung.","breadcrumb":{"@id":"https:\/\/www.vallonchene.fr\/de\/produkt\/davidia-involucrata-sonoma\/#breadcrumb"},"inLanguage":"de","potentialAction":[{"@type":"ReadAction","target":["https:\/\/www.vallonchene.fr\/de\/produkt\/davidia-involucrata-sonoma\/"]}]},{"@type":"ImageObject","inLanguage":"de","@id":"https:\/\/www.vallonchene.fr\/de\/produkt\/davidia-involucrata-sonoma\/#primaryimage","url":"https:\/\/www.vallonchene.fr\/wp-content\/uploads\/2025\/11\/IMG_20180430_092430935.webp","contentUrl":"https:\/\/www.vallonchene.fr\/wp-content\/uploads\/2025\/11\/IMG_20180430_092430935.webp","width":1000,"height":1000,"caption":"Wei\u00dfe Bl\u00fcten mit ihrem roten Zentrum des DAVIDIA involucrata 'Sonoma'"},{"@type":"BreadcrumbList","@id":"https:\/\/www.vallonchene.fr\/de\/produkt\/davidia-involucrata-sonoma\/#breadcrumb","itemListElement":[{"@type":"ListItem","position":1,"name":"Home","item":"https:\/\/www.vallonchene.fr\/de\/"},{"@type":"ListItem","position":2,"name":"Shop","item":"https:\/\/www.vallonchene.fr\/de\/shop\/"},{"@type":"ListItem","position":3,"name":"Online-Verkauf","item":"https:\/\/www.vallonchene.fr\/de\/produkt-kategorie\/online-verkauf-de\/"},{"@type":"ListItem","position":4,"name":"Baumschule","item":"https:\/\/www.vallonchene.fr\/de\/produkt-kategorie\/online-verkauf-de\/baumschule-gaertnerei-de\/"},{"@type":"ListItem","position":5,"name":"Str\u00e4ucher und B\u00e4ume","item":"https:\/\/www.vallonchene.fr\/de\/produkt-kategorie\/online-verkauf-de\/baumschule-gaertnerei-de\/straucher-und-baume-de\/"},{"@type":"ListItem","position":6,"name":"DAVIDIA involucrata &#8218;Sonoma&#8216;"}]},{"@type":"WebSite","@id":"https:\/\/www.vallonchene.fr\/de\/#website","url":"https:\/\/www.vallonchene.fr\/de\/","name":"Vallonch\u00eane","description":"Die Baumschule, bei der Qualit\u00e4t ihre Wurzeln hat \u2013 Tel.: +49 (0)6838-5399840","publisher":{"@id":"https:\/\/www.vallonchene.fr\/de\/#organization"},"potentialAction":[{"@type":"SearchAction","target":{"@type":"EntryPoint","urlTemplate":"https:\/\/www.vallonchene.fr\/de\/?s={search_term_string}"},"query-input":{"@type":"PropertyValueSpecification","valueRequired":true,"valueName":"search_term_string"}}],"inLanguage":"de"},{"@type":"Organization","@id":"https:\/\/www.vallonchene.fr\/de\/#organization","name":"VALLONCHENE","url":"https:\/\/www.vallonchene.fr\/de\/","logo":{"@type":"ImageObject","inLanguage":"de","@id":"https:\/\/www.vallonchene.fr\/de\/#\/schema\/logo\/image\/","url":"https:\/\/www.vallonchene.fr\/wp-content\/uploads\/2023\/03\/Logo-Vallonchene-site-et-R_hauteur_100.png","contentUrl":"https:\/\/www.vallonchene.fr\/wp-content\/uploads\/2023\/03\/Logo-Vallonchene-site-et-R_hauteur_100.png","width":221,"height":100,"caption":"VALLONCHENE"},"image":{"@id":"https:\/\/www.vallonchene.fr\/de\/#\/schema\/logo\/image\/"},"sameAs":["https:\/\/www.facebook.com\/vallonchene.fr","https:\/\/www.instagram.com\/vallonchene\/","https:\/\/www.pinterest.fr\/vallonchene\/"],"taxID":"49454502300017","hasMerchantReturnPolicy":{"@type":"MerchantReturnPolicy","merchantReturnLink":"https:\/\/www.vallonchene.fr\/remboursements_retours\/"}}]},"og_availability":"out of stock","product_availability":"out of stock","product_retailer_item_id":"47185","product_condition":"new"},"_links":{"self":[{"href":"https:\/\/www.vallonchene.fr\/de\/wp-json\/wp\/v2\/product\/20741","targetHints":{"allow":["GET"]}}],"collection":[{"href":"https:\/\/www.vallonchene.fr\/de\/wp-json\/wp\/v2\/product"}],"about":[{"href":"https:\/\/www.vallonchene.fr\/de\/wp-json\/wp\/v2\/types\/product"}],"replies":[{"embeddable":true,"href":"https:\/\/www.vallonchene.fr\/de\/wp-json\/wp\/v2\/comments?post=20741"}],"wp:featuredmedia":[{"embeddable":true,"href":"https:\/\/www.vallonchene.fr\/de\/wp-json\/wp\/v2\/media\/55770"}],"wp:attachment":[{"href":"https:\/\/www.vallonchene.fr\/de\/wp-json\/wp\/v2\/media?parent=20741"}],"wp:term":[{"taxonomy":"product_brand","embeddable":true,"href":"https:\/\/www.vallonchene.fr\/de\/wp-json\/wp\/v2\/product_brand?post=20741"},{"taxonomy":"product_cat","embeddable":true,"href":"https:\/\/www.vallonchene.fr\/de\/wp-json\/wp\/v2\/product_cat?post=20741"},{"taxonomy":"product_tag","embeddable":true,"href":"https:\/\/www.vallonchene.fr\/de\/wp-json\/wp\/v2\/product_tag?post=20741"}],"curies":[{"name":"wp","href":"https:\/\/api.w.org\/{rel}","templated":true}]}}