{"id":20139,"date":"2021-08-31T11:40:56","date_gmt":"2021-08-31T11:40:56","guid":{"rendered":"https:\/\/testing.vallonchene.fr\/produit\/thuja-occidentalis-emeraude-thuya-smaragd\/"},"modified":"2023-05-12T13:14:27","modified_gmt":"2023-05-12T13:14:27","slug":"thuja-occidentalis-emeraude-thuya-smaragd","status":"publish","type":"product","link":"https:\/\/www.vallonchene.fr\/de\/produkt\/thuja-occidentalis-emeraude-thuya-smaragd\/","title":{"rendered":"THUJA occidentalis &#8218;Emeraude&#8216; (THUYA Smaragd)"},"content":{"rendered":"","protected":false},"excerpt":{"rendered":"<p>Dieser <b>abendl\u00e4ndischer Lebensbaum<\/b> w\u00e4chst kolonnenf\u00f6rmig. Das Laub des <b>THUJA occidentalis &#8218;Emeraude&#8216;<\/b> ist gr\u00fcn und gleicht kleinen W\u00f6lkchen. Diese Pflanze eignet sich auch f\u00fcr Hecken, da sie nicht unbedingt in der Breite geschnitten werden muss.<\/p>\n","protected":false},"featured_media":20133,"comment_status":"open","ping_status":"closed","template":"","meta":[],"product_brand":[],"product_cat":[255],"product_tag":[],"class_list":{"0":"post-20139","1":"product","2":"type-product","3":"status-publish","4":"has-post-thumbnail","6":"product_cat-koniferen-de","7":"pa_99-hauteurapproximativeapres1-2_3m-de","8":"pa_couleurdufeuillage-grun-de","9":"pa_exigencesenhumidite-feucht-de","10":"pa_exigencesenhumidite-normal-de","11":"pa_exigencesenhumidite-trocken-de","12":"pa_expositionspossibles-ce-halbschattigsonnezw12und17-de","13":"pa_expositionspossibles-fc-schattigkeindirektessonnen-de","14":"pa_expositionspossibles-sonnigvon12bis17uhr-de","15":"pa_hauteurlivree-175-bis-200-cm","16":"pa_interetauprintemps-form-de","17":"pa_interetauprintemps-laub-de","18":"pa_interetenautomne-form-de","19":"pa_interetenautomne-laub-de","20":"pa_interetenete-form-de","21":"pa_interetenete-laub-de","22":"pa_interetenhiver-form-de","23":"pa_interetenhiver-laub-de","24":"pa_naturedufeuillage-immergrun-de","25":"pa_naturesdesolpossibles-leicht-de","26":"pa_naturesdesolpossibles-normal-de","27":"pa_naturesdesolpossibles-schwer-de","28":"pa_particularites-form-de","29":"pa_periodedetaille-marz-de","30":"pa_phdusolacceptable-kalkigmehrals75-de","31":"pa_phdusolacceptable-neutralzw65u75-de","32":"pa_phdusolacceptable-sauerwenigerals65-de","33":"pa_portgraphisme-kolonnenformig-de","34":"pa_resistanceaufroidrusticite-frostbestandigunter_20c-de","35":"pa_tailledepot-30liter_topf-de","36":"pa_utilisationpossible-alleinstehend-de","37":"pa_utilisationpossible-beet-de","38":"pa_utilisationpossible-hecke-de","39":"pa_utilisationpossible-kubelodertopf-de","41":"first","42":"outofstock","43":"taxable","44":"shipping-taxable","45":"product-type-variable","46":"has-default-attributes"},"supplier_id":null,"supplier_sku":"","barcode":null,"atum_controlled":true,"out_stock_date":null,"out_stock_threshold":null,"inheritable":false,"inbound_stock":0,"stock_on_hold":0,"sold_today":0,"sales_last_days":0,"reserved_stock":0,"customer_returns":0,"warehouse_damage":0,"lost_in_post":0,"other_logs":0,"out_stock_days":null,"lost_sales":0,"has_location":false,"update_date":"2025-08-30T13:26:35","atum_locations":[],"atum_stock_status":"outofstock","restock_status":false,"low_stock_amount":"","sales_update_date":"2025-08-30T13:26:35","calc_backorders":null,"yoast_head":"<!-- This site is optimized with the Yoast SEO Premium plugin v27.4 (Yoast SEO v27.4) - https:\/\/yoast.com\/product\/yoast-seo-premium-wordpress\/ -->\n<title>THUJA occidentalis &#039;Emeraude&#039; (THUYA Smaragd) - abendl\u00e4ndischer Lebensbaum<\/title>\n<meta name=\"description\" content=\"Dieser abendl\u00e4ndischer Lebensbaum w\u00e4chst kolonnenf\u00f6rmig. Das Laub des THUJA occidentalis &#039;Emeraude&#039; ist gr\u00fcn und gleicht kleinen W\u00f6lkchen. Diese Pflanze eignet sich auch f\u00fcr Hecken, da sie nicht unbedingt in der Breite...\" \/>\n<meta name=\"robots\" content=\"index, follow, max-snippet:-1, max-image-preview:large, max-video-preview:-1\" \/>\n<link rel=\"canonical\" href=\"https:\/\/www.vallonchene.fr\/de\/produkt\/thuja-occidentalis-emeraude-thuya-smaragd\/\" \/>\n<meta property=\"og:locale\" content=\"de_DE\" \/>\n<meta property=\"og:type\" content=\"article\" \/>\n<meta property=\"og:title\" content=\"THUJA occidentalis &#039;Emeraude&#039; (THUYA Smaragd)\" \/>\n<meta property=\"og:description\" content=\"Dieser abendl\u00e4ndischer Lebensbaum w\u00e4chst kolonnenf\u00f6rmig. Das Laub des THUJA occidentalis &#039;Emeraude&#039; ist gr\u00fcn und gleicht kleinen W\u00f6lkchen. Diese Pflanze eignet sich auch f\u00fcr Hecken, da sie nicht unbedingt in der Breite...\" \/>\n<meta property=\"og:url\" content=\"https:\/\/www.vallonchene.fr\/de\/produkt\/thuja-occidentalis-emeraude-thuya-smaragd\/\" \/>\n<meta property=\"og:site_name\" content=\"Vallonch\u00eane\" \/>\n<meta property=\"article:publisher\" content=\"https:\/\/www.facebook.com\/vallonchene.fr\" \/>\n<meta property=\"article:modified_time\" content=\"2023-05-12T13:14:27+00:00\" \/>\n<meta property=\"og:image\" content=\"https:\/\/www.vallonchene.fr\/wp-content\/uploads\/2021\/08\/3987-317-THUJA-occidentalis-Emeraude-THUYA-Smaragd-en-Septembre.jpg\" \/>\n\t<meta property=\"og:image:width\" content=\"1500\" \/>\n\t<meta property=\"og:image:height\" content=\"1500\" \/>\n\t<meta property=\"og:image:type\" content=\"image\/jpeg\" \/>\n<meta name=\"twitter:card\" content=\"summary_large_image\" \/>\n<meta name=\"twitter:label1\" content=\"Verf\u00fcgbarkeit\" \/>\n\t<meta name=\"twitter:data1\" content=\"Nicht vorr\u00e4tig\" \/>\n<script type=\"application\/ld+json\" class=\"yoast-schema-graph\">{\"@context\":\"https:\\\/\\\/schema.org\",\"@graph\":[{\"@type\":\"WebPage\",\"@id\":\"https:\\\/\\\/www.vallonchene.fr\\\/de\\\/produkt\\\/thuja-occidentalis-emeraude-thuya-smaragd\\\/\",\"url\":\"https:\\\/\\\/www.vallonchene.fr\\\/de\\\/produkt\\\/thuja-occidentalis-emeraude-thuya-smaragd\\\/\",\"name\":\"THUJA occidentalis 'Emeraude' (THUYA Smaragd) - abendl\u00e4ndischer Lebensbaum\",\"isPartOf\":{\"@id\":\"https:\\\/\\\/www.vallonchene.fr\\\/de\\\/#website\"},\"primaryImageOfPage\":{\"@id\":\"https:\\\/\\\/www.vallonchene.fr\\\/de\\\/produkt\\\/thuja-occidentalis-emeraude-thuya-smaragd\\\/#primaryimage\"},\"image\":{\"@id\":\"https:\\\/\\\/www.vallonchene.fr\\\/de\\\/produkt\\\/thuja-occidentalis-emeraude-thuya-smaragd\\\/#primaryimage\"},\"thumbnailUrl\":\"https:\\\/\\\/www.vallonchene.fr\\\/wp-content\\\/uploads\\\/2021\\\/08\\\/3987-317-THUJA-occidentalis-Emeraude-THUYA-Smaragd-en-Septembre.jpg\",\"datePublished\":\"2021-08-31T11:40:56+00:00\",\"dateModified\":\"2023-05-12T13:14:27+00:00\",\"description\":\"Dieser abendl\u00e4ndischer Lebensbaum w\u00e4chst kolonnenf\u00f6rmig. Das Laub des THUJA occidentalis 'Emeraude' ist gr\u00fcn und gleicht kleinen W\u00f6lkchen. Diese Pflanze eignet sich auch f\u00fcr Hecken, da sie nicht unbedingt in der Breite...\",\"breadcrumb\":{\"@id\":\"https:\\\/\\\/www.vallonchene.fr\\\/de\\\/produkt\\\/thuja-occidentalis-emeraude-thuya-smaragd\\\/#breadcrumb\"},\"inLanguage\":\"de\",\"potentialAction\":[{\"@type\":\"ReadAction\",\"target\":[\"https:\\\/\\\/www.vallonchene.fr\\\/de\\\/produkt\\\/thuja-occidentalis-emeraude-thuya-smaragd\\\/\"]}]},{\"@type\":\"ImageObject\",\"inLanguage\":\"de\",\"@id\":\"https:\\\/\\\/www.vallonchene.fr\\\/de\\\/produkt\\\/thuja-occidentalis-emeraude-thuya-smaragd\\\/#primaryimage\",\"url\":\"https:\\\/\\\/www.vallonchene.fr\\\/wp-content\\\/uploads\\\/2021\\\/08\\\/3987-317-THUJA-occidentalis-Emeraude-THUYA-Smaragd-en-Septembre.jpg\",\"contentUrl\":\"https:\\\/\\\/www.vallonchene.fr\\\/wp-content\\\/uploads\\\/2021\\\/08\\\/3987-317-THUJA-occidentalis-Emeraude-THUYA-Smaragd-en-Septembre.jpg\",\"width\":1500,\"height\":1500},{\"@type\":\"BreadcrumbList\",\"@id\":\"https:\\\/\\\/www.vallonchene.fr\\\/de\\\/produkt\\\/thuja-occidentalis-emeraude-thuya-smaragd\\\/#breadcrumb\",\"itemListElement\":[{\"@type\":\"ListItem\",\"position\":1,\"name\":\"Home\",\"item\":\"https:\\\/\\\/www.vallonchene.fr\\\/de\\\/\"},{\"@type\":\"ListItem\",\"position\":2,\"name\":\"Shop\",\"item\":\"https:\\\/\\\/www.vallonchene.fr\\\/de\\\/shop\\\/\"},{\"@type\":\"ListItem\",\"position\":3,\"name\":\"Online-Verkauf\",\"item\":\"https:\\\/\\\/www.vallonchene.fr\\\/de\\\/produkt-kategorie\\\/online-verkauf-de\\\/\"},{\"@type\":\"ListItem\",\"position\":4,\"name\":\"Baumschule\",\"item\":\"https:\\\/\\\/www.vallonchene.fr\\\/de\\\/produkt-kategorie\\\/online-verkauf-de\\\/baumschule-gaertnerei-de\\\/\"},{\"@type\":\"ListItem\",\"position\":5,\"name\":\"Koniferen\",\"item\":\"https:\\\/\\\/www.vallonchene.fr\\\/de\\\/produkt-kategorie\\\/online-verkauf-de\\\/baumschule-gaertnerei-de\\\/koniferen-de\\\/\"},{\"@type\":\"ListItem\",\"position\":6,\"name\":\"THUJA occidentalis &#8218;Emeraude&#8216; (THUYA Smaragd)\"}]},{\"@type\":\"WebSite\",\"@id\":\"https:\\\/\\\/www.vallonchene.fr\\\/de\\\/#website\",\"url\":\"https:\\\/\\\/www.vallonchene.fr\\\/de\\\/\",\"name\":\"Vallonch\u00eane\",\"description\":\"Die Baumschule, bei der Qualit\u00e4t ihre Wurzeln hat \u2013 Tel.: +49 (0)6838-5399840\",\"publisher\":{\"@id\":\"https:\\\/\\\/www.vallonchene.fr\\\/de\\\/#organization\"},\"potentialAction\":[{\"@type\":\"SearchAction\",\"target\":{\"@type\":\"EntryPoint\",\"urlTemplate\":\"https:\\\/\\\/www.vallonchene.fr\\\/de\\\/?s={search_term_string}\"},\"query-input\":{\"@type\":\"PropertyValueSpecification\",\"valueRequired\":true,\"valueName\":\"search_term_string\"}}],\"inLanguage\":\"de\"},{\"@type\":\"Organization\",\"@id\":\"https:\\\/\\\/www.vallonchene.fr\\\/de\\\/#organization\",\"name\":\"VALLONCHENE\",\"url\":\"https:\\\/\\\/www.vallonchene.fr\\\/de\\\/\",\"logo\":{\"@type\":\"ImageObject\",\"inLanguage\":\"de\",\"@id\":\"https:\\\/\\\/www.vallonchene.fr\\\/de\\\/#\\\/schema\\\/logo\\\/image\\\/\",\"url\":\"https:\\\/\\\/www.vallonchene.fr\\\/wp-content\\\/uploads\\\/2023\\\/03\\\/Logo-Vallonchene-site-et-R_hauteur_100.png\",\"contentUrl\":\"https:\\\/\\\/www.vallonchene.fr\\\/wp-content\\\/uploads\\\/2023\\\/03\\\/Logo-Vallonchene-site-et-R_hauteur_100.png\",\"width\":221,\"height\":100,\"caption\":\"VALLONCHENE\"},\"image\":{\"@id\":\"https:\\\/\\\/www.vallonchene.fr\\\/de\\\/#\\\/schema\\\/logo\\\/image\\\/\"},\"sameAs\":[\"https:\\\/\\\/www.facebook.com\\\/vallonchene.fr\",\"https:\\\/\\\/www.instagram.com\\\/vallonchene\\\/\",\"https:\\\/\\\/www.pinterest.fr\\\/vallonchene\\\/\"],\"taxID\":\"49454502300017\",\"hasMerchantReturnPolicy\":{\"@type\":\"MerchantReturnPolicy\",\"merchantReturnLink\":\"https:\\\/\\\/www.vallonchene.fr\\\/remboursements_retours\\\/\"}}]}<\/script>\n<meta property=\"og:availability\" content=\"out of stock\" \/>\n<meta property=\"product:availability\" content=\"out of stock\" \/>\n<meta property=\"product:retailer_item_id\" content=\"61158\" \/>\n<meta property=\"product:condition\" content=\"new\" \/>\n<!-- \/ Yoast SEO Premium plugin. -->","yoast_head_json":{"title":"THUJA occidentalis 'Emeraude' (THUYA Smaragd) - abendl\u00e4ndischer Lebensbaum","description":"Dieser abendl\u00e4ndischer Lebensbaum w\u00e4chst kolonnenf\u00f6rmig. Das Laub des THUJA occidentalis 'Emeraude' ist gr\u00fcn und gleicht kleinen W\u00f6lkchen. Diese Pflanze eignet sich auch f\u00fcr Hecken, da sie nicht unbedingt in der Breite...","robots":{"index":"index","follow":"follow","max-snippet":"max-snippet:-1","max-image-preview":"max-image-preview:large","max-video-preview":"max-video-preview:-1"},"canonical":"https:\/\/www.vallonchene.fr\/de\/produkt\/thuja-occidentalis-emeraude-thuya-smaragd\/","og_locale":"de_DE","og_type":"article","og_title":"THUJA occidentalis 'Emeraude' (THUYA Smaragd)","og_description":"Dieser abendl\u00e4ndischer Lebensbaum w\u00e4chst kolonnenf\u00f6rmig. Das Laub des THUJA occidentalis 'Emeraude' ist gr\u00fcn und gleicht kleinen W\u00f6lkchen. Diese Pflanze eignet sich auch f\u00fcr Hecken, da sie nicht unbedingt in der Breite...","og_url":"https:\/\/www.vallonchene.fr\/de\/produkt\/thuja-occidentalis-emeraude-thuya-smaragd\/","og_site_name":"Vallonch\u00eane","article_publisher":"https:\/\/www.facebook.com\/vallonchene.fr","article_modified_time":"2023-05-12T13:14:27+00:00","og_image":[{"width":1500,"height":1500,"url":"https:\/\/www.vallonchene.fr\/wp-content\/uploads\/2021\/08\/3987-317-THUJA-occidentalis-Emeraude-THUYA-Smaragd-en-Septembre.jpg","type":"image\/jpeg"}],"twitter_card":"summary_large_image","twitter_misc":{"Verf\u00fcgbarkeit":"Nicht vorr\u00e4tig"},"schema":{"@context":"https:\/\/schema.org","@graph":[{"@type":"WebPage","@id":"https:\/\/www.vallonchene.fr\/de\/produkt\/thuja-occidentalis-emeraude-thuya-smaragd\/","url":"https:\/\/www.vallonchene.fr\/de\/produkt\/thuja-occidentalis-emeraude-thuya-smaragd\/","name":"THUJA occidentalis 'Emeraude' (THUYA Smaragd) - abendl\u00e4ndischer Lebensbaum","isPartOf":{"@id":"https:\/\/www.vallonchene.fr\/de\/#website"},"primaryImageOfPage":{"@id":"https:\/\/www.vallonchene.fr\/de\/produkt\/thuja-occidentalis-emeraude-thuya-smaragd\/#primaryimage"},"image":{"@id":"https:\/\/www.vallonchene.fr\/de\/produkt\/thuja-occidentalis-emeraude-thuya-smaragd\/#primaryimage"},"thumbnailUrl":"https:\/\/www.vallonchene.fr\/wp-content\/uploads\/2021\/08\/3987-317-THUJA-occidentalis-Emeraude-THUYA-Smaragd-en-Septembre.jpg","datePublished":"2021-08-31T11:40:56+00:00","dateModified":"2023-05-12T13:14:27+00:00","description":"Dieser abendl\u00e4ndischer Lebensbaum w\u00e4chst kolonnenf\u00f6rmig. Das Laub des THUJA occidentalis 'Emeraude' ist gr\u00fcn und gleicht kleinen W\u00f6lkchen. Diese Pflanze eignet sich auch f\u00fcr Hecken, da sie nicht unbedingt in der Breite...","breadcrumb":{"@id":"https:\/\/www.vallonchene.fr\/de\/produkt\/thuja-occidentalis-emeraude-thuya-smaragd\/#breadcrumb"},"inLanguage":"de","potentialAction":[{"@type":"ReadAction","target":["https:\/\/www.vallonchene.fr\/de\/produkt\/thuja-occidentalis-emeraude-thuya-smaragd\/"]}]},{"@type":"ImageObject","inLanguage":"de","@id":"https:\/\/www.vallonchene.fr\/de\/produkt\/thuja-occidentalis-emeraude-thuya-smaragd\/#primaryimage","url":"https:\/\/www.vallonchene.fr\/wp-content\/uploads\/2021\/08\/3987-317-THUJA-occidentalis-Emeraude-THUYA-Smaragd-en-Septembre.jpg","contentUrl":"https:\/\/www.vallonchene.fr\/wp-content\/uploads\/2021\/08\/3987-317-THUJA-occidentalis-Emeraude-THUYA-Smaragd-en-Septembre.jpg","width":1500,"height":1500},{"@type":"BreadcrumbList","@id":"https:\/\/www.vallonchene.fr\/de\/produkt\/thuja-occidentalis-emeraude-thuya-smaragd\/#breadcrumb","itemListElement":[{"@type":"ListItem","position":1,"name":"Home","item":"https:\/\/www.vallonchene.fr\/de\/"},{"@type":"ListItem","position":2,"name":"Shop","item":"https:\/\/www.vallonchene.fr\/de\/shop\/"},{"@type":"ListItem","position":3,"name":"Online-Verkauf","item":"https:\/\/www.vallonchene.fr\/de\/produkt-kategorie\/online-verkauf-de\/"},{"@type":"ListItem","position":4,"name":"Baumschule","item":"https:\/\/www.vallonchene.fr\/de\/produkt-kategorie\/online-verkauf-de\/baumschule-gaertnerei-de\/"},{"@type":"ListItem","position":5,"name":"Koniferen","item":"https:\/\/www.vallonchene.fr\/de\/produkt-kategorie\/online-verkauf-de\/baumschule-gaertnerei-de\/koniferen-de\/"},{"@type":"ListItem","position":6,"name":"THUJA occidentalis &#8218;Emeraude&#8216; (THUYA Smaragd)"}]},{"@type":"WebSite","@id":"https:\/\/www.vallonchene.fr\/de\/#website","url":"https:\/\/www.vallonchene.fr\/de\/","name":"Vallonch\u00eane","description":"Die Baumschule, bei der Qualit\u00e4t ihre Wurzeln hat \u2013 Tel.: +49 (0)6838-5399840","publisher":{"@id":"https:\/\/www.vallonchene.fr\/de\/#organization"},"potentialAction":[{"@type":"SearchAction","target":{"@type":"EntryPoint","urlTemplate":"https:\/\/www.vallonchene.fr\/de\/?s={search_term_string}"},"query-input":{"@type":"PropertyValueSpecification","valueRequired":true,"valueName":"search_term_string"}}],"inLanguage":"de"},{"@type":"Organization","@id":"https:\/\/www.vallonchene.fr\/de\/#organization","name":"VALLONCHENE","url":"https:\/\/www.vallonchene.fr\/de\/","logo":{"@type":"ImageObject","inLanguage":"de","@id":"https:\/\/www.vallonchene.fr\/de\/#\/schema\/logo\/image\/","url":"https:\/\/www.vallonchene.fr\/wp-content\/uploads\/2023\/03\/Logo-Vallonchene-site-et-R_hauteur_100.png","contentUrl":"https:\/\/www.vallonchene.fr\/wp-content\/uploads\/2023\/03\/Logo-Vallonchene-site-et-R_hauteur_100.png","width":221,"height":100,"caption":"VALLONCHENE"},"image":{"@id":"https:\/\/www.vallonchene.fr\/de\/#\/schema\/logo\/image\/"},"sameAs":["https:\/\/www.facebook.com\/vallonchene.fr","https:\/\/www.instagram.com\/vallonchene\/","https:\/\/www.pinterest.fr\/vallonchene\/"],"taxID":"49454502300017","hasMerchantReturnPolicy":{"@type":"MerchantReturnPolicy","merchantReturnLink":"https:\/\/www.vallonchene.fr\/remboursements_retours\/"}}]},"og_availability":"out of stock","product_availability":"out of stock","product_retailer_item_id":"61158","product_condition":"new"},"_links":{"self":[{"href":"https:\/\/www.vallonchene.fr\/de\/wp-json\/wp\/v2\/product\/20139","targetHints":{"allow":["GET"]}}],"collection":[{"href":"https:\/\/www.vallonchene.fr\/de\/wp-json\/wp\/v2\/product"}],"about":[{"href":"https:\/\/www.vallonchene.fr\/de\/wp-json\/wp\/v2\/types\/product"}],"replies":[{"embeddable":true,"href":"https:\/\/www.vallonchene.fr\/de\/wp-json\/wp\/v2\/comments?post=20139"}],"wp:featuredmedia":[{"embeddable":true,"href":"https:\/\/www.vallonchene.fr\/de\/wp-json\/wp\/v2\/media\/20133"}],"wp:attachment":[{"href":"https:\/\/www.vallonchene.fr\/de\/wp-json\/wp\/v2\/media?parent=20139"}],"wp:term":[{"taxonomy":"product_brand","embeddable":true,"href":"https:\/\/www.vallonchene.fr\/de\/wp-json\/wp\/v2\/product_brand?post=20139"},{"taxonomy":"product_cat","embeddable":true,"href":"https:\/\/www.vallonchene.fr\/de\/wp-json\/wp\/v2\/product_cat?post=20139"},{"taxonomy":"product_tag","embeddable":true,"href":"https:\/\/www.vallonchene.fr\/de\/wp-json\/wp\/v2\/product_tag?post=20139"}],"curies":[{"name":"wp","href":"https:\/\/api.w.org\/{rel}","templated":true}]}}