{"id":20084,"date":"2021-08-31T10:44:34","date_gmt":"2021-08-31T10:44:34","guid":{"rendered":"https:\/\/testing.vallonchene.fr\/produit\/aesculus-hippocastanum-f-laciniata\/"},"modified":"2025-10-01T14:53:08","modified_gmt":"2025-10-01T12:53:08","slug":"aesculus-hippocastanum-f-laciniata","status":"publish","type":"product","link":"https:\/\/www.vallonchene.fr\/de\/produkt\/aesculus-hippocastanum-f-laciniata\/","title":{"rendered":"AESCULUS hippocastanum f. laciniata"},"content":{"rendered":"<h2>Die Pflanze<\/h2>\n<p><strong>AESCULUS hippocastanum f. laciniata<\/strong> stellt eine seltene und elegante Form des <strong>Gew\u00f6hnlichen Rosskastanienbaums<\/strong> dar. Sein Laub ist fein fiederschnittig und w\u00e4chst buchst\u00e4blich in Streifen mit fadenartigen Ausl\u00e4ufern. Es verbleibt im Herbst deutlich l\u00e4nger am Baum als das Laub der gew\u00f6hnlichen Rosskastanie.  <\/p>\n<p>Ferner machen sein <strong>kompakter Wuchs mit \u00fcberh\u00e4ngenden Zweigen<\/strong> und das <strong>deutlich verlangsamte Wachstum<\/strong> im Vergleich zur Stammform ihn zu einer ausgezeichneten Pflanze selbst f\u00fcr kleine G\u00e4rten. Nach etwa zehn Jahren wird er nicht h\u00f6her als 2 bis 3 Meter. Aufgrund seines langsamen Wachstums eignet er sich auch f\u00fcr die <strong>Bonsai-Kultur<\/strong>.  <\/p>\n<p>Schlie\u00dflich tr\u00e4gt die fiederschnittige Rosskastanie <strong>keine Fr\u00fcchte<\/strong>, doch ihr Laub nimmt <strong>im Herbst eine sch\u00f6ne goldgelbe F\u00e4rbung<\/strong> an.<\/p>\n<h2>Wie pflanzt und pflegt man AESCULUS hippocastanum f. laciniata? <\/h2>\n<h3>Die Pflanzung<\/h3>\n<p>Der fiederschnittige Rosskastanienbaum ist eine <strong>robuste Pflanze<\/strong> und im Allgemeinen <strong>leicht zu kultivieren<\/strong>. Dennoch sollten Sie die folgenden Empfehlungen beachten: <\/p>\n<ol>\n<li>W\u00e4hlen Sie einen Standort <strong>in voller Sonne oder im Halbschatten<\/strong>, sei es <strong>in einem Beet, als Solit\u00e4rpflanze oder in einem K\u00fcbel oder Topf<\/strong>.<\/li>\n<li>Bevorzugen Sie einen <strong>frischen bis feuchten, m\u00e4\u00dfig feuchten oder trockenen Standort<\/strong>.<\/li>\n<li>Der Boden sollte <strong>leicht, normal oder schwer<\/strong> sein und einen <strong>sauren, neutralen oder kalkhaltigen pH-Wert<\/strong> aufweisen.<\/li>\n<li><a href=\"https:\/\/www.vallonchene.fr\/comment-planter-et-entretenir-des-vegetaux\/comment-planter-et-entretenir-arbres-arbustes-et-coniferes\/\" target=\"_blank\" rel=\"noreferrer noopener\"><br \/>\n  <strong>F\u00fcr eine gute Vorbereitung des Pflanzlochs haben wir spezielle Anweisungen entwickelt, die hier verf\u00fcgbar sind. <\/strong><br \/>\n<\/a><\/li>\n<\/ol>\n<h3>Die Pflege<\/h3>\n<p>Wie bei jeder frisch gepflanzten Pflanze sollte in den ersten zwei Jahren w\u00e4hrend Trockenperioden regelm\u00e4\u00dfig gegossen werden. <a href=\"https:\/\/www.vallonchene.fr\/comment-bien-arroser-le-jardin-et-economiser-leau\/\"><br \/>\n  <strong>Lesen Sie hier auch unsere Tipps zum richtigen Gie\u00dfen und Wassersparen<\/strong><br \/>\n<\/a>.<\/p>\n<p>Wenn Sie einen Schnitt durchf\u00fchren m\u00f6chten, tun Sie dies im Februar oder M\u00e4rz, jedoch vor dem Neuaustrieb.<\/p>\n<h2>Geschichte und Herkunft<\/h2>\n<p>AESCULUS hippocastanum f. laciniata wurde 1843 in Frankreich von A &amp; L. Leroy in Angers entdeckt und gilt bis heute als botanische Kuriosit\u00e4t, die von Sammlern und Kennern sehr gesch\u00e4tzt wird. <\/p>\n<p>Tats\u00e4chlich ist der Rosskastanienbaum in Frankreich und Europa heimisch. Gefundene Fossilien belegen, dass diese Art bereits vor 5 bis 2,5 Millionen Jahren in Europa vorhanden war.   <\/p>\n<p>&nbsp;<\/p>\n<p>&nbsp;<\/p>\n","protected":false},"excerpt":{"rendered":"<p><strong>AESCULUS hippocastanum f. laciniata<\/strong>, auch als <strong>fiederschnittige Rosskastanie<\/strong> bekannt, entwickelt ein fein geschnittenes, seltenes und dekoratives Laub. Er eignet sich hervorragend als Baum, selbst f\u00fcr kleine G\u00e4rten. <\/p>\n","protected":false},"featured_media":55028,"comment_status":"open","ping_status":"closed","template":"","meta":[],"product_brand":[],"product_cat":[252],"product_tag":[11414,11462,12678,12676,12677],"class_list":{"0":"post-20084","1":"product","2":"type-product","3":"status-publish","4":"has-post-thumbnail","6":"product_cat-straucher-und-baume-de","7":"product_tag-aesculus-de","8":"product_tag-aesculus-hippocastanum-de","9":"product_tag-gemeine-rosskastanie-de-2","10":"product_tag-kastanienbaum","11":"product_tag-rosskastanie-de","12":"pa_99-hauteurapproximativeapres1-2_3m-de","13":"pa_couleurdufeuillage-grun-de","14":"pa_exigencesenhumidite-feucht-de","15":"pa_exigencesenhumidite-normal-de","16":"pa_exigencesenhumidite-trocken-de","17":"pa_expositionspossibles-ce-halbschattigsonnezw12und17-de","18":"pa_expositionspossibles-sonnigvon12bis17uhr-de","19":"pa_hauteurlivree-125-bis-150-cm","20":"pa_hauteurlivree-60-bis-80-cm","21":"pa_hauteurlivree-70-bis-80-cm","22":"pa_hauteurlivree-80-bis-100-cm","23":"pa_interetauprintemps-jungesprossen-de","24":"pa_interetauprintemps-laub-de","25":"pa_interetenautomne-laub-de","26":"pa_interetenete-laub-de","27":"pa_naturedufeuillage-lakiniert-de","28":"pa_naturedufeuillage-nichtimmergrun-de","29":"pa_naturesdesolpossibles-leicht-de","30":"pa_naturesdesolpossibles-normal-de","31":"pa_naturesdesolpossibles-schwer-de","32":"pa_particularites-furbonsaigeeignet-de","33":"pa_periodedetaille-marz-de","34":"pa_phdusolacceptable-kalkigmehrals75-de","35":"pa_phdusolacceptable-neutralzw65u75-de","36":"pa_phdusolacceptable-sauerwenigerals65-de","37":"pa_portgraphisme-rund-de","38":"pa_resistanceaufroidrusticite-frostbestandigunter_20c-de","39":"pa_tailledepot-2liter_topf-de","40":"pa_utilisationpossible-alleinstehend-de","41":"pa_utilisationpossible-beet-de","42":"pa_utilisationpossible-kubelodertopf-de","44":"first","45":"instock","46":"taxable","47":"shipping-taxable","48":"purchasable","49":"product-type-variable"},"supplier_id":null,"supplier_sku":"","barcode":null,"atum_controlled":true,"out_stock_date":null,"out_stock_threshold":null,"inheritable":true,"inbound_stock":0,"stock_on_hold":0,"sold_today":0,"sales_last_days":0,"reserved_stock":0,"customer_returns":0,"warehouse_damage":0,"lost_in_post":0,"other_logs":0,"out_stock_days":null,"lost_sales":0,"has_location":false,"update_date":"2026-03-11T15:13:49","atum_locations":[],"atum_stock_status":"instock","restock_status":false,"low_stock_amount":"","sales_update_date":"2025-10-26T14:17:17","calc_backorders":null,"yoast_head":"<!-- This site is optimized with the Yoast SEO Premium plugin v27.5 (Yoast SEO v27.5) - https:\/\/yoast.com\/product\/yoast-seo-premium-wordpress\/ -->\n<title>AESCULUS hippocastanum f. laciniata - fiederschnittige Rosskastanie<\/title>\n<meta name=\"description\" content=\"Dieser Rosskastanienbaum besitzt ein stark geschlitztes Laub. AESCULUS hippocastanum f. laciniata w\u00e4chst sehr langsam und eignet sich sogar f\u00fcr kleine G\u00e4rten.\" \/>\n<meta name=\"robots\" content=\"index, follow, max-snippet:-1, max-image-preview:large, max-video-preview:-1\" \/>\n<link rel=\"canonical\" href=\"https:\/\/www.vallonchene.fr\/de\/produkt\/aesculus-hippocastanum-f-laciniata\/\" \/>\n<meta property=\"og:locale\" content=\"de_DE\" \/>\n<meta property=\"og:type\" content=\"article\" \/>\n<meta property=\"og:title\" content=\"AESCULUS hippocastanum f. laciniata\" \/>\n<meta property=\"og:description\" content=\"Dieser Rosskastanienbaum besitzt ein stark geschlitztes Laub. AESCULUS hippocastanum f. laciniata w\u00e4chst sehr langsam und eignet sich sogar f\u00fcr kleine G\u00e4rten.\" \/>\n<meta property=\"og:url\" content=\"https:\/\/www.vallonchene.fr\/de\/produkt\/aesculus-hippocastanum-f-laciniata\/\" \/>\n<meta property=\"og:site_name\" content=\"Vallonch\u00eane\" \/>\n<meta property=\"article:publisher\" content=\"https:\/\/www.facebook.com\/vallonchene.fr\" \/>\n<meta property=\"article:modified_time\" content=\"2025-10-01T12:53:08+00:00\" \/>\n<meta property=\"og:image\" content=\"https:\/\/www.vallonchene.fr\/wp-content\/uploads\/2025\/10\/IMG_20251001_100030.webp\" \/>\n\t<meta property=\"og:image:width\" content=\"1200\" \/>\n\t<meta property=\"og:image:height\" content=\"1200\" \/>\n\t<meta property=\"og:image:type\" content=\"image\/webp\" \/>\n<meta name=\"twitter:card\" content=\"summary_large_image\" \/>\n<meta name=\"twitter:label1\" content=\"Verf\u00fcgbarkeit\" \/>\n\t<meta name=\"twitter:data1\" content=\"Vorr\u00e4tig\" \/>\n<script type=\"application\/ld+json\" class=\"yoast-schema-graph\">{\"@context\":\"https:\\\/\\\/schema.org\",\"@graph\":[{\"@type\":\"WebPage\",\"@id\":\"https:\\\/\\\/www.vallonchene.fr\\\/de\\\/produkt\\\/aesculus-hippocastanum-f-laciniata\\\/\",\"url\":\"https:\\\/\\\/www.vallonchene.fr\\\/de\\\/produkt\\\/aesculus-hippocastanum-f-laciniata\\\/\",\"name\":\"AESCULUS hippocastanum f. laciniata - fiederschnittige Rosskastanie\",\"isPartOf\":{\"@id\":\"https:\\\/\\\/www.vallonchene.fr\\\/de\\\/#website\"},\"primaryImageOfPage\":{\"@id\":\"https:\\\/\\\/www.vallonchene.fr\\\/de\\\/produkt\\\/aesculus-hippocastanum-f-laciniata\\\/#primaryimage\"},\"image\":{\"@id\":\"https:\\\/\\\/www.vallonchene.fr\\\/de\\\/produkt\\\/aesculus-hippocastanum-f-laciniata\\\/#primaryimage\"},\"thumbnailUrl\":\"https:\\\/\\\/www.vallonchene.fr\\\/wp-content\\\/uploads\\\/2025\\\/10\\\/IMG_20251001_100030.webp\",\"datePublished\":\"2021-08-31T10:44:34+00:00\",\"dateModified\":\"2025-10-01T12:53:08+00:00\",\"description\":\"Dieser Rosskastanienbaum besitzt ein stark geschlitztes Laub. AESCULUS hippocastanum f. laciniata w\u00e4chst sehr langsam und eignet sich sogar f\u00fcr kleine G\u00e4rten.\",\"breadcrumb\":{\"@id\":\"https:\\\/\\\/www.vallonchene.fr\\\/de\\\/produkt\\\/aesculus-hippocastanum-f-laciniata\\\/#breadcrumb\"},\"inLanguage\":\"de\",\"potentialAction\":[{\"@type\":\"ReadAction\",\"target\":[\"https:\\\/\\\/www.vallonchene.fr\\\/de\\\/produkt\\\/aesculus-hippocastanum-f-laciniata\\\/\"]}]},{\"@type\":\"ImageObject\",\"inLanguage\":\"de\",\"@id\":\"https:\\\/\\\/www.vallonchene.fr\\\/de\\\/produkt\\\/aesculus-hippocastanum-f-laciniata\\\/#primaryimage\",\"url\":\"https:\\\/\\\/www.vallonchene.fr\\\/wp-content\\\/uploads\\\/2025\\\/10\\\/IMG_20251001_100030.webp\",\"contentUrl\":\"https:\\\/\\\/www.vallonchene.fr\\\/wp-content\\\/uploads\\\/2025\\\/10\\\/IMG_20251001_100030.webp\",\"width\":1200,\"height\":1200,\"caption\":\"Nahaufnahme des fiederschnittigen Laubs von Aesculus hippocastanum f. laciniata\"},{\"@type\":\"BreadcrumbList\",\"@id\":\"https:\\\/\\\/www.vallonchene.fr\\\/de\\\/produkt\\\/aesculus-hippocastanum-f-laciniata\\\/#breadcrumb\",\"itemListElement\":[{\"@type\":\"ListItem\",\"position\":1,\"name\":\"Home\",\"item\":\"https:\\\/\\\/www.vallonchene.fr\\\/de\\\/\"},{\"@type\":\"ListItem\",\"position\":2,\"name\":\"Shop\",\"item\":\"https:\\\/\\\/www.vallonchene.fr\\\/de\\\/shop\\\/\"},{\"@type\":\"ListItem\",\"position\":3,\"name\":\"Online-Verkauf\",\"item\":\"https:\\\/\\\/www.vallonchene.fr\\\/de\\\/produkt-kategorie\\\/online-verkauf-de\\\/\"},{\"@type\":\"ListItem\",\"position\":4,\"name\":\"Baumschule\",\"item\":\"https:\\\/\\\/www.vallonchene.fr\\\/de\\\/produkt-kategorie\\\/online-verkauf-de\\\/baumschule-gaertnerei-de\\\/\"},{\"@type\":\"ListItem\",\"position\":5,\"name\":\"Str\u00e4ucher und B\u00e4ume\",\"item\":\"https:\\\/\\\/www.vallonchene.fr\\\/de\\\/produkt-kategorie\\\/online-verkauf-de\\\/baumschule-gaertnerei-de\\\/straucher-und-baume-de\\\/\"},{\"@type\":\"ListItem\",\"position\":6,\"name\":\"AESCULUS hippocastanum f. laciniata\"}]},{\"@type\":\"WebSite\",\"@id\":\"https:\\\/\\\/www.vallonchene.fr\\\/de\\\/#website\",\"url\":\"https:\\\/\\\/www.vallonchene.fr\\\/de\\\/\",\"name\":\"Vallonch\u00eane\",\"description\":\"Die Baumschule, bei der Qualit\u00e4t ihre Wurzeln hat \u2013 Tel.: +49 (0)6838-5399840\",\"publisher\":{\"@id\":\"https:\\\/\\\/www.vallonchene.fr\\\/de\\\/#organization\"},\"potentialAction\":[{\"@type\":\"SearchAction\",\"target\":{\"@type\":\"EntryPoint\",\"urlTemplate\":\"https:\\\/\\\/www.vallonchene.fr\\\/de\\\/?s={search_term_string}\"},\"query-input\":{\"@type\":\"PropertyValueSpecification\",\"valueRequired\":true,\"valueName\":\"search_term_string\"}}],\"inLanguage\":\"de\"},{\"@type\":\"Organization\",\"@id\":\"https:\\\/\\\/www.vallonchene.fr\\\/de\\\/#organization\",\"name\":\"VALLONCHENE\",\"url\":\"https:\\\/\\\/www.vallonchene.fr\\\/de\\\/\",\"logo\":{\"@type\":\"ImageObject\",\"inLanguage\":\"de\",\"@id\":\"https:\\\/\\\/www.vallonchene.fr\\\/de\\\/#\\\/schema\\\/logo\\\/image\\\/\",\"url\":\"https:\\\/\\\/www.vallonchene.fr\\\/wp-content\\\/uploads\\\/2023\\\/03\\\/Logo-Vallonchene-site-et-R_hauteur_100.png\",\"contentUrl\":\"https:\\\/\\\/www.vallonchene.fr\\\/wp-content\\\/uploads\\\/2023\\\/03\\\/Logo-Vallonchene-site-et-R_hauteur_100.png\",\"width\":221,\"height\":100,\"caption\":\"VALLONCHENE\"},\"image\":{\"@id\":\"https:\\\/\\\/www.vallonchene.fr\\\/de\\\/#\\\/schema\\\/logo\\\/image\\\/\"},\"sameAs\":[\"https:\\\/\\\/www.facebook.com\\\/vallonchene.fr\",\"https:\\\/\\\/www.instagram.com\\\/vallonchene\\\/\",\"https:\\\/\\\/www.pinterest.fr\\\/vallonchene\\\/\"],\"taxID\":\"49454502300017\",\"hasMerchantReturnPolicy\":{\"@type\":\"MerchantReturnPolicy\",\"merchantReturnLink\":\"https:\\\/\\\/www.vallonchene.fr\\\/remboursements_retours\\\/\"}}]}<\/script>\n<meta property=\"og:availability\" content=\"instock\" \/>\n<meta property=\"product:availability\" content=\"instock\" \/>\n<meta property=\"product:retailer_item_id\" content=\"27958\" \/>\n<meta property=\"product:condition\" content=\"new\" \/>\n<!-- \/ Yoast SEO Premium plugin. -->","yoast_head_json":{"title":"AESCULUS hippocastanum f. laciniata - fiederschnittige Rosskastanie","description":"Dieser Rosskastanienbaum besitzt ein stark geschlitztes Laub. AESCULUS hippocastanum f. laciniata w\u00e4chst sehr langsam und eignet sich sogar f\u00fcr kleine G\u00e4rten.","robots":{"index":"index","follow":"follow","max-snippet":"max-snippet:-1","max-image-preview":"max-image-preview:large","max-video-preview":"max-video-preview:-1"},"canonical":"https:\/\/www.vallonchene.fr\/de\/produkt\/aesculus-hippocastanum-f-laciniata\/","og_locale":"de_DE","og_type":"article","og_title":"AESCULUS hippocastanum f. laciniata","og_description":"Dieser Rosskastanienbaum besitzt ein stark geschlitztes Laub. AESCULUS hippocastanum f. laciniata w\u00e4chst sehr langsam und eignet sich sogar f\u00fcr kleine G\u00e4rten.","og_url":"https:\/\/www.vallonchene.fr\/de\/produkt\/aesculus-hippocastanum-f-laciniata\/","og_site_name":"Vallonch\u00eane","article_publisher":"https:\/\/www.facebook.com\/vallonchene.fr","article_modified_time":"2025-10-01T12:53:08+00:00","og_image":[{"width":1200,"height":1200,"url":"https:\/\/www.vallonchene.fr\/wp-content\/uploads\/2025\/10\/IMG_20251001_100030.webp","type":"image\/webp"}],"twitter_card":"summary_large_image","twitter_misc":{"Verf\u00fcgbarkeit":"Vorr\u00e4tig"},"schema":{"@context":"https:\/\/schema.org","@graph":[{"@type":"WebPage","@id":"https:\/\/www.vallonchene.fr\/de\/produkt\/aesculus-hippocastanum-f-laciniata\/","url":"https:\/\/www.vallonchene.fr\/de\/produkt\/aesculus-hippocastanum-f-laciniata\/","name":"AESCULUS hippocastanum f. laciniata - fiederschnittige Rosskastanie","isPartOf":{"@id":"https:\/\/www.vallonchene.fr\/de\/#website"},"primaryImageOfPage":{"@id":"https:\/\/www.vallonchene.fr\/de\/produkt\/aesculus-hippocastanum-f-laciniata\/#primaryimage"},"image":{"@id":"https:\/\/www.vallonchene.fr\/de\/produkt\/aesculus-hippocastanum-f-laciniata\/#primaryimage"},"thumbnailUrl":"https:\/\/www.vallonchene.fr\/wp-content\/uploads\/2025\/10\/IMG_20251001_100030.webp","datePublished":"2021-08-31T10:44:34+00:00","dateModified":"2025-10-01T12:53:08+00:00","description":"Dieser Rosskastanienbaum besitzt ein stark geschlitztes Laub. AESCULUS hippocastanum f. laciniata w\u00e4chst sehr langsam und eignet sich sogar f\u00fcr kleine G\u00e4rten.","breadcrumb":{"@id":"https:\/\/www.vallonchene.fr\/de\/produkt\/aesculus-hippocastanum-f-laciniata\/#breadcrumb"},"inLanguage":"de","potentialAction":[{"@type":"ReadAction","target":["https:\/\/www.vallonchene.fr\/de\/produkt\/aesculus-hippocastanum-f-laciniata\/"]}]},{"@type":"ImageObject","inLanguage":"de","@id":"https:\/\/www.vallonchene.fr\/de\/produkt\/aesculus-hippocastanum-f-laciniata\/#primaryimage","url":"https:\/\/www.vallonchene.fr\/wp-content\/uploads\/2025\/10\/IMG_20251001_100030.webp","contentUrl":"https:\/\/www.vallonchene.fr\/wp-content\/uploads\/2025\/10\/IMG_20251001_100030.webp","width":1200,"height":1200,"caption":"Nahaufnahme des fiederschnittigen Laubs von Aesculus hippocastanum f. laciniata"},{"@type":"BreadcrumbList","@id":"https:\/\/www.vallonchene.fr\/de\/produkt\/aesculus-hippocastanum-f-laciniata\/#breadcrumb","itemListElement":[{"@type":"ListItem","position":1,"name":"Home","item":"https:\/\/www.vallonchene.fr\/de\/"},{"@type":"ListItem","position":2,"name":"Shop","item":"https:\/\/www.vallonchene.fr\/de\/shop\/"},{"@type":"ListItem","position":3,"name":"Online-Verkauf","item":"https:\/\/www.vallonchene.fr\/de\/produkt-kategorie\/online-verkauf-de\/"},{"@type":"ListItem","position":4,"name":"Baumschule","item":"https:\/\/www.vallonchene.fr\/de\/produkt-kategorie\/online-verkauf-de\/baumschule-gaertnerei-de\/"},{"@type":"ListItem","position":5,"name":"Str\u00e4ucher und B\u00e4ume","item":"https:\/\/www.vallonchene.fr\/de\/produkt-kategorie\/online-verkauf-de\/baumschule-gaertnerei-de\/straucher-und-baume-de\/"},{"@type":"ListItem","position":6,"name":"AESCULUS hippocastanum f. laciniata"}]},{"@type":"WebSite","@id":"https:\/\/www.vallonchene.fr\/de\/#website","url":"https:\/\/www.vallonchene.fr\/de\/","name":"Vallonch\u00eane","description":"Die Baumschule, bei der Qualit\u00e4t ihre Wurzeln hat \u2013 Tel.: +49 (0)6838-5399840","publisher":{"@id":"https:\/\/www.vallonchene.fr\/de\/#organization"},"potentialAction":[{"@type":"SearchAction","target":{"@type":"EntryPoint","urlTemplate":"https:\/\/www.vallonchene.fr\/de\/?s={search_term_string}"},"query-input":{"@type":"PropertyValueSpecification","valueRequired":true,"valueName":"search_term_string"}}],"inLanguage":"de"},{"@type":"Organization","@id":"https:\/\/www.vallonchene.fr\/de\/#organization","name":"VALLONCHENE","url":"https:\/\/www.vallonchene.fr\/de\/","logo":{"@type":"ImageObject","inLanguage":"de","@id":"https:\/\/www.vallonchene.fr\/de\/#\/schema\/logo\/image\/","url":"https:\/\/www.vallonchene.fr\/wp-content\/uploads\/2023\/03\/Logo-Vallonchene-site-et-R_hauteur_100.png","contentUrl":"https:\/\/www.vallonchene.fr\/wp-content\/uploads\/2023\/03\/Logo-Vallonchene-site-et-R_hauteur_100.png","width":221,"height":100,"caption":"VALLONCHENE"},"image":{"@id":"https:\/\/www.vallonchene.fr\/de\/#\/schema\/logo\/image\/"},"sameAs":["https:\/\/www.facebook.com\/vallonchene.fr","https:\/\/www.instagram.com\/vallonchene\/","https:\/\/www.pinterest.fr\/vallonchene\/"],"taxID":"49454502300017","hasMerchantReturnPolicy":{"@type":"MerchantReturnPolicy","merchantReturnLink":"https:\/\/www.vallonchene.fr\/remboursements_retours\/"}}]},"og_availability":"instock","product_availability":"instock","product_retailer_item_id":"27958","product_condition":"new"},"_links":{"self":[{"href":"https:\/\/www.vallonchene.fr\/de\/wp-json\/wp\/v2\/product\/20084","targetHints":{"allow":["GET"]}}],"collection":[{"href":"https:\/\/www.vallonchene.fr\/de\/wp-json\/wp\/v2\/product"}],"about":[{"href":"https:\/\/www.vallonchene.fr\/de\/wp-json\/wp\/v2\/types\/product"}],"replies":[{"embeddable":true,"href":"https:\/\/www.vallonchene.fr\/de\/wp-json\/wp\/v2\/comments?post=20084"}],"wp:featuredmedia":[{"embeddable":true,"href":"https:\/\/www.vallonchene.fr\/de\/wp-json\/wp\/v2\/media\/55028"}],"wp:attachment":[{"href":"https:\/\/www.vallonchene.fr\/de\/wp-json\/wp\/v2\/media?parent=20084"}],"wp:term":[{"taxonomy":"product_brand","embeddable":true,"href":"https:\/\/www.vallonchene.fr\/de\/wp-json\/wp\/v2\/product_brand?post=20084"},{"taxonomy":"product_cat","embeddable":true,"href":"https:\/\/www.vallonchene.fr\/de\/wp-json\/wp\/v2\/product_cat?post=20084"},{"taxonomy":"product_tag","embeddable":true,"href":"https:\/\/www.vallonchene.fr\/de\/wp-json\/wp\/v2\/product_tag?post=20084"}],"curies":[{"name":"wp","href":"https:\/\/api.w.org\/{rel}","templated":true}]}}