{"id":20057,"date":"2021-08-31T11:31:36","date_gmt":"2021-08-31T11:31:36","guid":{"rendered":"https:\/\/testing.vallonchene.fr\/produit\/quercus-pondaim\/"},"modified":"2023-05-12T13:06:38","modified_gmt":"2023-05-12T13:06:38","slug":"quercus-pondaim","status":"publish","type":"product","link":"https:\/\/www.vallonchene.fr\/de\/produkt\/quercus-pondaim\/","title":{"rendered":"QUERCUS pondaim"},"content":{"rendered":"","protected":false},"excerpt":{"rendered":"<p>Diese <strong>Eiche<\/strong> ist ein Hybride zwischen QUERCUS pontica und QUERCUS dentata. Die <strong>QUERCUS pondaim<\/strong> ist eine Zwergform mit gr\u00fcnen und ziemlichen runden Bl\u00e4ttern. Das Laub wird im Herbst hell gelb. Die verdorrten Bl\u00e4tter fallen erst Ende Winter ab.<\/p>\n","protected":false},"featured_media":20052,"comment_status":"open","ping_status":"closed","template":"","meta":[],"product_brand":[],"product_cat":[252],"product_tag":[],"class_list":{"0":"post-20057","1":"product","2":"type-product","3":"status-publish","4":"has-post-thumbnail","6":"product_cat-straucher-und-baume-de","7":"pa_99-hauteurapproximativeapres1-150a200m-de","8":"pa_couleurdufeuillage-grun-de","9":"pa_exigencesenhumidite-feucht-de","10":"pa_exigencesenhumidite-normal-de","11":"pa_exigencesenhumidite-trocken-de","12":"pa_expositionspossibles-ce-halbschattigsonnezw12und17-de","13":"pa_expositionspossibles-sonnigvon12bis17uhr-de","14":"pa_hauteurlivree-125-bis-150-cm","15":"pa_hauteurlivree-150-bis-175-cm","16":"pa_interetauprintemps-form-de","17":"pa_interetauprintemps-laub-de","18":"pa_interetenautomne-form-de","19":"pa_interetenautomne-laub-de","20":"pa_interetenete-form-de","21":"pa_interetenete-laub-de","22":"pa_interetenhiver-form-de","23":"pa_interetenhiver-laub-de","24":"pa_naturedufeuillage-marcescent-de","25":"pa_naturesdesolpossibles-leicht-de","26":"pa_naturesdesolpossibles-normal-de","27":"pa_naturesdesolpossibles-schwer-de","28":"pa_particularites-form-de","29":"pa_particularites-furbonsaigeeignet-de","30":"pa_periodedetaille-marz-de","31":"pa_phdusolacceptable-kalkigmehrals75-de","32":"pa_phdusolacceptable-neutralzw65u75-de","33":"pa_phdusolacceptable-sauerwenigerals65-de","34":"pa_portgraphisme-rund-de","35":"pa_resistanceaufroidrusticite-frostbestandigunter_20c-de","36":"pa_tailledepot-15liter_topf-de","37":"pa_tailledepot-20liter_topf-de","38":"pa_utilisationpossible-alleinstehend-de","39":"pa_utilisationpossible-beet-de","40":"pa_utilisationpossible-kubelodertopf-de","42":"first","43":"outofstock","44":"taxable","45":"shipping-taxable","46":"purchasable","47":"product-type-variable","48":"has-default-attributes"},"supplier_id":null,"supplier_sku":"","barcode":null,"atum_controlled":true,"out_stock_date":null,"out_stock_threshold":null,"inheritable":false,"inbound_stock":0,"stock_on_hold":0,"sold_today":0,"sales_last_days":0,"reserved_stock":0,"customer_returns":0,"warehouse_damage":0,"lost_in_post":0,"other_logs":0,"out_stock_days":null,"lost_sales":0,"has_location":false,"update_date":"2025-04-26T13:33:17","atum_locations":[],"atum_stock_status":"instock","restock_status":false,"low_stock_amount":"","sales_update_date":"2024-01-07T10:24:47","calc_backorders":null,"yoast_head":"<!-- This site is optimized with the Yoast SEO Premium plugin v27.5 (Yoast SEO v27.5) - https:\/\/yoast.com\/product\/yoast-seo-premium-wordpress\/ -->\n<title>QUERCUS pondaim - Hybrid-Eiche<\/title>\n<meta name=\"description\" content=\"Diese Eiche ist ein Hybride zwischen QUERCUS pontica und QUERCUS dentata. Die QUERCUS pondaim ist eine Zwergform mit gr\u00fcnen und ziemlichen runden Bl\u00e4ttern. Das Laub wird im Herbst hell gelb. Die verdorrten...\" \/>\n<meta name=\"robots\" content=\"index, follow, max-snippet:-1, max-image-preview:large, max-video-preview:-1\" \/>\n<link rel=\"canonical\" href=\"https:\/\/www.vallonchene.fr\/de\/produkt\/quercus-pondaim\/\" \/>\n<meta property=\"og:locale\" content=\"de_DE\" \/>\n<meta property=\"og:type\" content=\"article\" \/>\n<meta property=\"og:title\" content=\"QUERCUS pondaim\" \/>\n<meta property=\"og:description\" content=\"Diese Eiche ist ein Hybride zwischen QUERCUS pontica und QUERCUS dentata. Die QUERCUS pondaim ist eine Zwergform mit gr\u00fcnen und ziemlichen runden Bl\u00e4ttern. Das Laub wird im Herbst hell gelb. Die verdorrten...\" \/>\n<meta property=\"og:url\" content=\"https:\/\/www.vallonchene.fr\/de\/produkt\/quercus-pondaim\/\" \/>\n<meta property=\"og:site_name\" content=\"Vallonch\u00eane\" \/>\n<meta property=\"article:publisher\" content=\"https:\/\/www.facebook.com\/vallonchene.fr\" \/>\n<meta property=\"article:modified_time\" content=\"2023-05-12T13:06:38+00:00\" \/>\n<meta property=\"og:image\" content=\"https:\/\/www.vallonchene.fr\/wp-content\/uploads\/2021\/08\/3209-37e-QUERCUS-pondaim-en-Mars.jpg\" \/>\n\t<meta property=\"og:image:width\" content=\"1600\" \/>\n\t<meta property=\"og:image:height\" content=\"1600\" \/>\n\t<meta property=\"og:image:type\" content=\"image\/jpeg\" \/>\n<meta name=\"twitter:card\" content=\"summary_large_image\" \/>\n<meta name=\"twitter:label1\" content=\"Verf\u00fcgbarkeit\" \/>\n\t<meta name=\"twitter:data1\" content=\"Nicht vorr\u00e4tig\" \/>\n<script type=\"application\/ld+json\" class=\"yoast-schema-graph\">{\"@context\":\"https:\\\/\\\/schema.org\",\"@graph\":[{\"@type\":\"WebPage\",\"@id\":\"https:\\\/\\\/www.vallonchene.fr\\\/de\\\/produkt\\\/quercus-pondaim\\\/\",\"url\":\"https:\\\/\\\/www.vallonchene.fr\\\/de\\\/produkt\\\/quercus-pondaim\\\/\",\"name\":\"QUERCUS pondaim - Hybrid-Eiche\",\"isPartOf\":{\"@id\":\"https:\\\/\\\/www.vallonchene.fr\\\/de\\\/#website\"},\"primaryImageOfPage\":{\"@id\":\"https:\\\/\\\/www.vallonchene.fr\\\/de\\\/produkt\\\/quercus-pondaim\\\/#primaryimage\"},\"image\":{\"@id\":\"https:\\\/\\\/www.vallonchene.fr\\\/de\\\/produkt\\\/quercus-pondaim\\\/#primaryimage\"},\"thumbnailUrl\":\"https:\\\/\\\/www.vallonchene.fr\\\/wp-content\\\/uploads\\\/2021\\\/08\\\/3209-37e-QUERCUS-pondaim-en-Mars.jpg\",\"datePublished\":\"2021-08-31T11:31:36+00:00\",\"dateModified\":\"2023-05-12T13:06:38+00:00\",\"description\":\"Diese Eiche ist ein Hybride zwischen QUERCUS pontica und QUERCUS dentata. Die QUERCUS pondaim ist eine Zwergform mit gr\u00fcnen und ziemlichen runden Bl\u00e4ttern. Das Laub wird im Herbst hell gelb. Die verdorrten...\",\"breadcrumb\":{\"@id\":\"https:\\\/\\\/www.vallonchene.fr\\\/de\\\/produkt\\\/quercus-pondaim\\\/#breadcrumb\"},\"inLanguage\":\"de\",\"potentialAction\":[{\"@type\":\"ReadAction\",\"target\":[\"https:\\\/\\\/www.vallonchene.fr\\\/de\\\/produkt\\\/quercus-pondaim\\\/\"]}]},{\"@type\":\"ImageObject\",\"inLanguage\":\"de\",\"@id\":\"https:\\\/\\\/www.vallonchene.fr\\\/de\\\/produkt\\\/quercus-pondaim\\\/#primaryimage\",\"url\":\"https:\\\/\\\/www.vallonchene.fr\\\/wp-content\\\/uploads\\\/2021\\\/08\\\/3209-37e-QUERCUS-pondaim-en-Mars.jpg\",\"contentUrl\":\"https:\\\/\\\/www.vallonchene.fr\\\/wp-content\\\/uploads\\\/2021\\\/08\\\/3209-37e-QUERCUS-pondaim-en-Mars.jpg\",\"width\":1600,\"height\":1600},{\"@type\":\"BreadcrumbList\",\"@id\":\"https:\\\/\\\/www.vallonchene.fr\\\/de\\\/produkt\\\/quercus-pondaim\\\/#breadcrumb\",\"itemListElement\":[{\"@type\":\"ListItem\",\"position\":1,\"name\":\"Home\",\"item\":\"https:\\\/\\\/www.vallonchene.fr\\\/de\\\/\"},{\"@type\":\"ListItem\",\"position\":2,\"name\":\"Shop\",\"item\":\"https:\\\/\\\/www.vallonchene.fr\\\/de\\\/shop\\\/\"},{\"@type\":\"ListItem\",\"position\":3,\"name\":\"Online-Verkauf\",\"item\":\"https:\\\/\\\/www.vallonchene.fr\\\/de\\\/produkt-kategorie\\\/online-verkauf-de\\\/\"},{\"@type\":\"ListItem\",\"position\":4,\"name\":\"Baumschule\",\"item\":\"https:\\\/\\\/www.vallonchene.fr\\\/de\\\/produkt-kategorie\\\/online-verkauf-de\\\/baumschule-gaertnerei-de\\\/\"},{\"@type\":\"ListItem\",\"position\":5,\"name\":\"Str\u00e4ucher und B\u00e4ume\",\"item\":\"https:\\\/\\\/www.vallonchene.fr\\\/de\\\/produkt-kategorie\\\/online-verkauf-de\\\/baumschule-gaertnerei-de\\\/straucher-und-baume-de\\\/\"},{\"@type\":\"ListItem\",\"position\":6,\"name\":\"QUERCUS pondaim\"}]},{\"@type\":\"WebSite\",\"@id\":\"https:\\\/\\\/www.vallonchene.fr\\\/de\\\/#website\",\"url\":\"https:\\\/\\\/www.vallonchene.fr\\\/de\\\/\",\"name\":\"Vallonch\u00eane\",\"description\":\"Die Baumschule, bei der Qualit\u00e4t ihre Wurzeln hat \u2013 Tel.: +49 (0)6838-5399840\",\"publisher\":{\"@id\":\"https:\\\/\\\/www.vallonchene.fr\\\/de\\\/#organization\"},\"potentialAction\":[{\"@type\":\"SearchAction\",\"target\":{\"@type\":\"EntryPoint\",\"urlTemplate\":\"https:\\\/\\\/www.vallonchene.fr\\\/de\\\/?s={search_term_string}\"},\"query-input\":{\"@type\":\"PropertyValueSpecification\",\"valueRequired\":true,\"valueName\":\"search_term_string\"}}],\"inLanguage\":\"de\"},{\"@type\":\"Organization\",\"@id\":\"https:\\\/\\\/www.vallonchene.fr\\\/de\\\/#organization\",\"name\":\"VALLONCHENE\",\"url\":\"https:\\\/\\\/www.vallonchene.fr\\\/de\\\/\",\"logo\":{\"@type\":\"ImageObject\",\"inLanguage\":\"de\",\"@id\":\"https:\\\/\\\/www.vallonchene.fr\\\/de\\\/#\\\/schema\\\/logo\\\/image\\\/\",\"url\":\"https:\\\/\\\/www.vallonchene.fr\\\/wp-content\\\/uploads\\\/2023\\\/03\\\/Logo-Vallonchene-site-et-R_hauteur_100.png\",\"contentUrl\":\"https:\\\/\\\/www.vallonchene.fr\\\/wp-content\\\/uploads\\\/2023\\\/03\\\/Logo-Vallonchene-site-et-R_hauteur_100.png\",\"width\":221,\"height\":100,\"caption\":\"VALLONCHENE\"},\"image\":{\"@id\":\"https:\\\/\\\/www.vallonchene.fr\\\/de\\\/#\\\/schema\\\/logo\\\/image\\\/\"},\"sameAs\":[\"https:\\\/\\\/www.facebook.com\\\/vallonchene.fr\",\"https:\\\/\\\/www.instagram.com\\\/vallonchene\\\/\",\"https:\\\/\\\/www.pinterest.fr\\\/vallonchene\\\/\"],\"taxID\":\"49454502300017\",\"hasMerchantReturnPolicy\":{\"@type\":\"MerchantReturnPolicy\",\"merchantReturnLink\":\"https:\\\/\\\/www.vallonchene.fr\\\/remboursements_retours\\\/\"}}]}<\/script>\n<meta property=\"og:availability\" content=\"out of stock\" \/>\n<meta property=\"product:availability\" content=\"out of stock\" \/>\n<meta property=\"product:retailer_item_id\" content=\"97655\" \/>\n<meta property=\"product:condition\" content=\"new\" \/>\n<!-- \/ Yoast SEO Premium plugin. -->","yoast_head_json":{"title":"QUERCUS pondaim - Hybrid-Eiche","description":"Diese Eiche ist ein Hybride zwischen QUERCUS pontica und QUERCUS dentata. Die QUERCUS pondaim ist eine Zwergform mit gr\u00fcnen und ziemlichen runden Bl\u00e4ttern. Das Laub wird im Herbst hell gelb. Die verdorrten...","robots":{"index":"index","follow":"follow","max-snippet":"max-snippet:-1","max-image-preview":"max-image-preview:large","max-video-preview":"max-video-preview:-1"},"canonical":"https:\/\/www.vallonchene.fr\/de\/produkt\/quercus-pondaim\/","og_locale":"de_DE","og_type":"article","og_title":"QUERCUS pondaim","og_description":"Diese Eiche ist ein Hybride zwischen QUERCUS pontica und QUERCUS dentata. Die QUERCUS pondaim ist eine Zwergform mit gr\u00fcnen und ziemlichen runden Bl\u00e4ttern. Das Laub wird im Herbst hell gelb. Die verdorrten...","og_url":"https:\/\/www.vallonchene.fr\/de\/produkt\/quercus-pondaim\/","og_site_name":"Vallonch\u00eane","article_publisher":"https:\/\/www.facebook.com\/vallonchene.fr","article_modified_time":"2023-05-12T13:06:38+00:00","og_image":[{"width":1600,"height":1600,"url":"https:\/\/www.vallonchene.fr\/wp-content\/uploads\/2021\/08\/3209-37e-QUERCUS-pondaim-en-Mars.jpg","type":"image\/jpeg"}],"twitter_card":"summary_large_image","twitter_misc":{"Verf\u00fcgbarkeit":"Nicht vorr\u00e4tig"},"schema":{"@context":"https:\/\/schema.org","@graph":[{"@type":"WebPage","@id":"https:\/\/www.vallonchene.fr\/de\/produkt\/quercus-pondaim\/","url":"https:\/\/www.vallonchene.fr\/de\/produkt\/quercus-pondaim\/","name":"QUERCUS pondaim - Hybrid-Eiche","isPartOf":{"@id":"https:\/\/www.vallonchene.fr\/de\/#website"},"primaryImageOfPage":{"@id":"https:\/\/www.vallonchene.fr\/de\/produkt\/quercus-pondaim\/#primaryimage"},"image":{"@id":"https:\/\/www.vallonchene.fr\/de\/produkt\/quercus-pondaim\/#primaryimage"},"thumbnailUrl":"https:\/\/www.vallonchene.fr\/wp-content\/uploads\/2021\/08\/3209-37e-QUERCUS-pondaim-en-Mars.jpg","datePublished":"2021-08-31T11:31:36+00:00","dateModified":"2023-05-12T13:06:38+00:00","description":"Diese Eiche ist ein Hybride zwischen QUERCUS pontica und QUERCUS dentata. Die QUERCUS pondaim ist eine Zwergform mit gr\u00fcnen und ziemlichen runden Bl\u00e4ttern. Das Laub wird im Herbst hell gelb. Die verdorrten...","breadcrumb":{"@id":"https:\/\/www.vallonchene.fr\/de\/produkt\/quercus-pondaim\/#breadcrumb"},"inLanguage":"de","potentialAction":[{"@type":"ReadAction","target":["https:\/\/www.vallonchene.fr\/de\/produkt\/quercus-pondaim\/"]}]},{"@type":"ImageObject","inLanguage":"de","@id":"https:\/\/www.vallonchene.fr\/de\/produkt\/quercus-pondaim\/#primaryimage","url":"https:\/\/www.vallonchene.fr\/wp-content\/uploads\/2021\/08\/3209-37e-QUERCUS-pondaim-en-Mars.jpg","contentUrl":"https:\/\/www.vallonchene.fr\/wp-content\/uploads\/2021\/08\/3209-37e-QUERCUS-pondaim-en-Mars.jpg","width":1600,"height":1600},{"@type":"BreadcrumbList","@id":"https:\/\/www.vallonchene.fr\/de\/produkt\/quercus-pondaim\/#breadcrumb","itemListElement":[{"@type":"ListItem","position":1,"name":"Home","item":"https:\/\/www.vallonchene.fr\/de\/"},{"@type":"ListItem","position":2,"name":"Shop","item":"https:\/\/www.vallonchene.fr\/de\/shop\/"},{"@type":"ListItem","position":3,"name":"Online-Verkauf","item":"https:\/\/www.vallonchene.fr\/de\/produkt-kategorie\/online-verkauf-de\/"},{"@type":"ListItem","position":4,"name":"Baumschule","item":"https:\/\/www.vallonchene.fr\/de\/produkt-kategorie\/online-verkauf-de\/baumschule-gaertnerei-de\/"},{"@type":"ListItem","position":5,"name":"Str\u00e4ucher und B\u00e4ume","item":"https:\/\/www.vallonchene.fr\/de\/produkt-kategorie\/online-verkauf-de\/baumschule-gaertnerei-de\/straucher-und-baume-de\/"},{"@type":"ListItem","position":6,"name":"QUERCUS pondaim"}]},{"@type":"WebSite","@id":"https:\/\/www.vallonchene.fr\/de\/#website","url":"https:\/\/www.vallonchene.fr\/de\/","name":"Vallonch\u00eane","description":"Die Baumschule, bei der Qualit\u00e4t ihre Wurzeln hat \u2013 Tel.: +49 (0)6838-5399840","publisher":{"@id":"https:\/\/www.vallonchene.fr\/de\/#organization"},"potentialAction":[{"@type":"SearchAction","target":{"@type":"EntryPoint","urlTemplate":"https:\/\/www.vallonchene.fr\/de\/?s={search_term_string}"},"query-input":{"@type":"PropertyValueSpecification","valueRequired":true,"valueName":"search_term_string"}}],"inLanguage":"de"},{"@type":"Organization","@id":"https:\/\/www.vallonchene.fr\/de\/#organization","name":"VALLONCHENE","url":"https:\/\/www.vallonchene.fr\/de\/","logo":{"@type":"ImageObject","inLanguage":"de","@id":"https:\/\/www.vallonchene.fr\/de\/#\/schema\/logo\/image\/","url":"https:\/\/www.vallonchene.fr\/wp-content\/uploads\/2023\/03\/Logo-Vallonchene-site-et-R_hauteur_100.png","contentUrl":"https:\/\/www.vallonchene.fr\/wp-content\/uploads\/2023\/03\/Logo-Vallonchene-site-et-R_hauteur_100.png","width":221,"height":100,"caption":"VALLONCHENE"},"image":{"@id":"https:\/\/www.vallonchene.fr\/de\/#\/schema\/logo\/image\/"},"sameAs":["https:\/\/www.facebook.com\/vallonchene.fr","https:\/\/www.instagram.com\/vallonchene\/","https:\/\/www.pinterest.fr\/vallonchene\/"],"taxID":"49454502300017","hasMerchantReturnPolicy":{"@type":"MerchantReturnPolicy","merchantReturnLink":"https:\/\/www.vallonchene.fr\/remboursements_retours\/"}}]},"og_availability":"out of stock","product_availability":"out of stock","product_retailer_item_id":"97655","product_condition":"new"},"_links":{"self":[{"href":"https:\/\/www.vallonchene.fr\/de\/wp-json\/wp\/v2\/product\/20057","targetHints":{"allow":["GET"]}}],"collection":[{"href":"https:\/\/www.vallonchene.fr\/de\/wp-json\/wp\/v2\/product"}],"about":[{"href":"https:\/\/www.vallonchene.fr\/de\/wp-json\/wp\/v2\/types\/product"}],"replies":[{"embeddable":true,"href":"https:\/\/www.vallonchene.fr\/de\/wp-json\/wp\/v2\/comments?post=20057"}],"wp:featuredmedia":[{"embeddable":true,"href":"https:\/\/www.vallonchene.fr\/de\/wp-json\/wp\/v2\/media\/20052"}],"wp:attachment":[{"href":"https:\/\/www.vallonchene.fr\/de\/wp-json\/wp\/v2\/media?parent=20057"}],"wp:term":[{"taxonomy":"product_brand","embeddable":true,"href":"https:\/\/www.vallonchene.fr\/de\/wp-json\/wp\/v2\/product_brand?post=20057"},{"taxonomy":"product_cat","embeddable":true,"href":"https:\/\/www.vallonchene.fr\/de\/wp-json\/wp\/v2\/product_cat?post=20057"},{"taxonomy":"product_tag","embeddable":true,"href":"https:\/\/www.vallonchene.fr\/de\/wp-json\/wp\/v2\/product_tag?post=20057"}],"curies":[{"name":"wp","href":"https:\/\/api.w.org\/{rel}","templated":true}]}}