{"id":20044,"date":"2021-08-31T11:36:05","date_gmt":"2021-08-31T11:36:05","guid":{"rendered":"https:\/\/testing.vallonchene.fr\/produit\/sassafras-albidum\/"},"modified":"2025-05-08T18:14:00","modified_gmt":"2025-05-08T16:14:00","slug":"sassafras-albidum-sassafrasbaum-fenchelholzbaum","status":"publish","type":"product","link":"https:\/\/www.vallonchene.fr\/de\/produkt\/sassafras-albidum-sassafrasbaum-fenchelholzbaum\/","title":{"rendered":"SASSAFRAS albidum"},"content":{"rendered":"<p><strong>SASSAFRAS albidum<\/strong>, auch <strong>Sassafrasbaum<\/strong> oder <strong>Fenchelholzbaum<\/strong> genannt, geh\u00f6rt zu den seltenen Pflanzen. Interessanterweise produziert diese Laubpflanze gleichzeitig <strong>drei Laubformen<\/strong> (einlappig, zweilappig und dreilappig, siehe Fotos).<br \/>\nWeiterhin verwandeln sich die gr\u00fcnen Bl\u00e4tter im Herbst in ein wahres Feuerwerk. Tats\u00e4chlich nehmen sie dann <strong>sehr intensive Farben<\/strong> von Gelb, Orange und Rot an (siehe Fotos).<br \/>\nAuch wenn diese Pflanze als Baum eingestuft wird, bedenken Sie, dass sie nur sehr langsam w\u00e4chst und als <strong>kleiner oder sogar sehr kleiner Baum<\/strong> betrachtet werden kann. Sie hat eine buschige Form und <strong>bl\u00fcht gr\u00fcn\/gelb<\/strong>, bevor die Bl\u00e4tter erscheinen. Die Fr\u00fcchte nehmen eine blauschwarze Farbe an und haben einen r\u00f6tlichen Stiel.<\/p>\n<h2>Pflanzung von SASSAFRAS albidum<\/h2>\n<p>Suchen Sie einen Ort <strong>im Halbschatten oder in der vollen Sonne<\/strong>. Dieses B\u00e4umchen kann <strong>in Beete oder alleinstehend<\/strong> seinen Platz finden.<br \/>\nDer Boden kann <strong>feucht, m\u00e4\u00dfig feucht oder sogar trocken<\/strong> sein. Allerdings bevorzugt dieser sehr kleine Baum eher feuchte B\u00f6den.<br \/>\nDer Boden sollte jedoch gut <strong>durchl\u00e4ssig<\/strong> und <strong>leicht oder normal<\/strong>, aber <strong>nicht schwer<\/strong> sein und einen <strong>sauren oder neutralen pH-Wert<\/strong> haben.<\/p>\n<p>F\u00fcr eine gute Vorbereitung des Topfes oder des Pflanzlochs haben wir <a href=\"https:\/\/www.vallonchene.fr\/de\/wie-man-pflanzen-pflanzt-und-pflegt\/\" target=\"_blank\" rel=\"noreferrer noopener\"><strong>hier eine spezielle Anleitung zusammengestellt<\/strong><\/a>. Entdecken Sie hier, <a href=\"https:\/\/www.vallonchene.fr\/de\/den-garten-richtig-bewaessern-und-wasser-sparen\/\"><strong>wie man den Garten richtig bew\u00e4ssert und gleichzeitig Wasser spart<\/strong><\/a>.<\/p>\n<h2>Geschichte und Herkunft<\/h2>\n<p><a href=\"https:\/\/de.wikipedia.org\/wiki\/Thomas_Nuttall\" target=\"_blank\" rel=\"noopener\"><strong>Thomas Nuttall<\/strong><\/a> beschrieb SASSAFRAS albidum erstmals 1818 unter dem Namen <em>Laurus albida<\/em>. Christian Gottfried Daniel Nees von Esenbeck gab ihr 1836 den heutigen Namen.<br \/>\nEs gibt weitere Synonyme wie: <em>Laurus sassafras<\/em>, <em>S. albidum var. molle<\/em>, <em>S. officinalis<\/em> oder auch <em>S. variifolium<\/em>.<\/p>\n<p>S. albidum hat seinen Ursprung im Osten Nordamerikas: Ontario (Kanada) und viele Bundesstaaten der Vereinigten Staaten von Amerika in dieser Region.<br \/>\nDie Pflanze kommt in sehr unterschiedlichen Lebensr\u00e4umen vor: W\u00e4lder, Brachen, Ruderalfl\u00e4chen oder sogar Erosionsgebiete.<br \/>\nSie w\u00e4chst auch im Urwald Venezuelas.<\/p>\n<p>Ferner wird Sassafras\u00f6l durch Wasserdampfdestillation aus der Rinde und den Fr\u00fcchten gewonnen. Dieses \u00d6l wird auch <strong><a href=\"https:\/\/de.wikipedia.org\/wiki\/Safrol\" target=\"_blank\" rel=\"noopener\">Safrol<\/a><\/strong> genannt. Es wird als Parf\u00fcm und Aroma verwendet.<br \/>\nFr\u00fcher nutzten einige indigene V\u00f6lker die Zweige als Kauholz. Manchmal werden in Zahnpasten Stoffe aus der Rinde verwendet.<br \/>\nSafrol liefert auch Rohstoffe f\u00fcr die Herstellung von <strong><a href=\"https:\/\/de.wikipedia.org\/wiki\/MDMA\" target=\"_blank\" rel=\"noopener\">Ecstasy (MDMA)<\/a><\/strong>. Daher ist der Handel mit Sassafras-Extrakten in der Europ\u00e4ischen Union verboten.<br \/>\nSchlie\u00dflich kann Sassafras-Holz auch f\u00fcr den Instrumentenbau verwendet werden.<\/p>\n","protected":false},"excerpt":{"rendered":"<p>Der <strong>Sassafrasbaum<\/strong> ist besonders bemerkenswert auf Grund seiner Bl\u00e4tter, die drei verschieden Ernscheinungsformen haben. Das Laub des <strong>SASSAFRAS albidum<\/strong> nimmt im Herbst wundersch\u00f6ne gelbe\/rote\/orangene Farben an. Das ist eine sehr seltene Pflanze.<\/p>\n","protected":false},"featured_media":44446,"comment_status":"open","ping_status":"closed","template":"","meta":[],"product_brand":[],"product_cat":[10733,252],"product_tag":[],"class_list":{"0":"post-20044","1":"product","2":"type-product","3":"status-publish","4":"has-post-thumbnail","6":"product_cat-seltene-pflanzen-sammlerpflanzen","7":"product_cat-straucher-und-baume-de","8":"pa_99-hauteurapproximativeapres1-150a200m-de","9":"pa_couleurdesfleurs-gelb-de","10":"pa_couleurdufeuillage-grun-de","11":"pa_exigencesenhumidite-feucht-de","12":"pa_exigencesenhumidite-normal-de","13":"pa_exigencesenhumidite-trocken-de","14":"pa_expositionspossibles-ce-halbschattigsonnezw12und17-de","15":"pa_expositionspossibles-sonnigvon12bis17uhr-de","16":"pa_hauteurlivree-100-bis-125-cm","17":"pa_hauteurlivree-40-bis-50-cm","18":"pa_interetauprintemps-bluten-de","19":"pa_interetauprintemps-laub-de","20":"pa_interetenautomne-laub-de","21":"pa_interetenete-laub-de","22":"pa_naturedufeuillage-nichtimmergrun-de","23":"pa_naturesdesolpossibles-leicht-de","24":"pa_naturesdesolpossibles-normal-de","25":"pa_periodedefloraison-fruhling-de","26":"pa_periodedetaille-marz-de","27":"pa_phdusolacceptable-neutralzw65u75-de","28":"pa_phdusolacceptable-sauerwenigerals65-de","29":"pa_portgraphisme-buissonnant-de","30":"pa_resistanceaufroidrusticite-frostbestandigbis_20c-de","31":"pa_tailledepot-3liter_topf-de","32":"pa_tailledepot-4liter_topf-de","33":"pa_tailledepot-75liter_topf-de","34":"pa_utilisationpossible-alleinstehend-de","35":"pa_utilisationpossible-beet-de","37":"first","38":"outofstock","39":"taxable","40":"shipping-taxable","41":"purchasable","42":"product-type-variable","43":"has-default-attributes"},"supplier_id":null,"supplier_sku":"","barcode":null,"atum_controlled":true,"out_stock_date":null,"out_stock_threshold":null,"inheritable":true,"inbound_stock":0,"stock_on_hold":0,"sold_today":0,"sales_last_days":0,"reserved_stock":0,"customer_returns":0,"warehouse_damage":0,"lost_in_post":0,"other_logs":0,"out_stock_days":null,"lost_sales":0,"has_location":false,"update_date":"2025-05-09T07:45:43","atum_locations":[],"atum_stock_status":"instock","restock_status":false,"low_stock_amount":"","sales_update_date":"2025-05-09T07:45:43","calc_backorders":null,"yoast_head":"<!-- This site is optimized with the Yoast SEO Premium plugin v27.5 (Yoast SEO v27.5) - https:\/\/yoast.com\/product\/yoast-seo-premium-wordpress\/ -->\n<title>SASSAFRAS albidum - Sassafrasbaum, Fenchelholzbaum<\/title>\n<meta name=\"description\" content=\"Der Sassafrasbaum entwickelt gleichzeitig drei verschiedene Blattformen. Das Laub des SASSAFRAS albidum wird im Herbst leuchtend gelb, rot, und orange.\" \/>\n<meta name=\"robots\" content=\"index, follow, max-snippet:-1, max-image-preview:large, max-video-preview:-1\" \/>\n<link rel=\"canonical\" href=\"https:\/\/www.vallonchene.fr\/de\/produkt\/sassafras-albidum-sassafrasbaum-fenchelholzbaum\/\" \/>\n<meta property=\"og:locale\" content=\"de_DE\" \/>\n<meta property=\"og:type\" content=\"article\" \/>\n<meta property=\"og:title\" content=\"SASSAFRAS albidum\" \/>\n<meta property=\"og:description\" content=\"Der Sassafrasbaum entwickelt gleichzeitig drei verschiedene Blattformen. Das Laub des SASSAFRAS albidum wird im Herbst leuchtend gelb, rot, und orange.\" \/>\n<meta property=\"og:url\" content=\"https:\/\/www.vallonchene.fr\/de\/produkt\/sassafras-albidum-sassafrasbaum-fenchelholzbaum\/\" \/>\n<meta property=\"og:site_name\" content=\"Vallonch\u00eane\" \/>\n<meta property=\"article:publisher\" content=\"https:\/\/www.facebook.com\/vallonchene.fr\" \/>\n<meta property=\"article:modified_time\" content=\"2025-05-08T16:14:00+00:00\" \/>\n<meta property=\"og:image\" content=\"https:\/\/www.vallonchene.fr\/wp-content\/uploads\/2023\/10\/SASSAFRAS-albidum_01.webp\" \/>\n\t<meta property=\"og:image:width\" content=\"1200\" \/>\n\t<meta property=\"og:image:height\" content=\"1200\" \/>\n\t<meta property=\"og:image:type\" content=\"image\/webp\" \/>\n<meta name=\"twitter:card\" content=\"summary_large_image\" \/>\n<meta name=\"twitter:label1\" content=\"Verf\u00fcgbarkeit\" \/>\n\t<meta name=\"twitter:data1\" content=\"Nicht vorr\u00e4tig\" \/>\n<script type=\"application\/ld+json\" class=\"yoast-schema-graph\">{\"@context\":\"https:\\\/\\\/schema.org\",\"@graph\":[{\"@type\":\"WebPage\",\"@id\":\"https:\\\/\\\/www.vallonchene.fr\\\/de\\\/produkt\\\/sassafras-albidum-sassafrasbaum-fenchelholzbaum\\\/\",\"url\":\"https:\\\/\\\/www.vallonchene.fr\\\/de\\\/produkt\\\/sassafras-albidum-sassafrasbaum-fenchelholzbaum\\\/\",\"name\":\"SASSAFRAS albidum - Sassafrasbaum, Fenchelholzbaum\",\"isPartOf\":{\"@id\":\"https:\\\/\\\/www.vallonchene.fr\\\/de\\\/#website\"},\"primaryImageOfPage\":{\"@id\":\"https:\\\/\\\/www.vallonchene.fr\\\/de\\\/produkt\\\/sassafras-albidum-sassafrasbaum-fenchelholzbaum\\\/#primaryimage\"},\"image\":{\"@id\":\"https:\\\/\\\/www.vallonchene.fr\\\/de\\\/produkt\\\/sassafras-albidum-sassafrasbaum-fenchelholzbaum\\\/#primaryimage\"},\"thumbnailUrl\":\"https:\\\/\\\/www.vallonchene.fr\\\/wp-content\\\/uploads\\\/2023\\\/10\\\/SASSAFRAS-albidum_01.webp\",\"datePublished\":\"2021-08-31T11:36:05+00:00\",\"dateModified\":\"2025-05-08T16:14:00+00:00\",\"description\":\"Der Sassafrasbaum entwickelt gleichzeitig drei verschiedene Blattformen. Das Laub des SASSAFRAS albidum wird im Herbst leuchtend gelb, rot, und orange.\",\"breadcrumb\":{\"@id\":\"https:\\\/\\\/www.vallonchene.fr\\\/de\\\/produkt\\\/sassafras-albidum-sassafrasbaum-fenchelholzbaum\\\/#breadcrumb\"},\"inLanguage\":\"de\",\"potentialAction\":[{\"@type\":\"ReadAction\",\"target\":[\"https:\\\/\\\/www.vallonchene.fr\\\/de\\\/produkt\\\/sassafras-albidum-sassafrasbaum-fenchelholzbaum\\\/\"]}]},{\"@type\":\"ImageObject\",\"inLanguage\":\"de\",\"@id\":\"https:\\\/\\\/www.vallonchene.fr\\\/de\\\/produkt\\\/sassafras-albidum-sassafrasbaum-fenchelholzbaum\\\/#primaryimage\",\"url\":\"https:\\\/\\\/www.vallonchene.fr\\\/wp-content\\\/uploads\\\/2023\\\/10\\\/SASSAFRAS-albidum_01.webp\",\"contentUrl\":\"https:\\\/\\\/www.vallonchene.fr\\\/wp-content\\\/uploads\\\/2023\\\/10\\\/SASSAFRAS-albidum_01.webp\",\"width\":1200,\"height\":1200,\"caption\":\"Gr\u00fcnes Laub von SASSAFRAS albidum mit unterschiedlichen Formen\"},{\"@type\":\"BreadcrumbList\",\"@id\":\"https:\\\/\\\/www.vallonchene.fr\\\/de\\\/produkt\\\/sassafras-albidum-sassafrasbaum-fenchelholzbaum\\\/#breadcrumb\",\"itemListElement\":[{\"@type\":\"ListItem\",\"position\":1,\"name\":\"Home\",\"item\":\"https:\\\/\\\/www.vallonchene.fr\\\/de\\\/\"},{\"@type\":\"ListItem\",\"position\":2,\"name\":\"Shop\",\"item\":\"https:\\\/\\\/www.vallonchene.fr\\\/de\\\/shop\\\/\"},{\"@type\":\"ListItem\",\"position\":3,\"name\":\"Online-Verkauf\",\"item\":\"https:\\\/\\\/www.vallonchene.fr\\\/de\\\/produkt-kategorie\\\/online-verkauf-de\\\/\"},{\"@type\":\"ListItem\",\"position\":4,\"name\":\"Baumschule\",\"item\":\"https:\\\/\\\/www.vallonchene.fr\\\/de\\\/produkt-kategorie\\\/online-verkauf-de\\\/baumschule-gaertnerei-de\\\/\"},{\"@type\":\"ListItem\",\"position\":5,\"name\":\"Str\u00e4ucher und B\u00e4ume\",\"item\":\"https:\\\/\\\/www.vallonchene.fr\\\/de\\\/produkt-kategorie\\\/online-verkauf-de\\\/baumschule-gaertnerei-de\\\/straucher-und-baume-de\\\/\"},{\"@type\":\"ListItem\",\"position\":6,\"name\":\"SASSAFRAS albidum\"}]},{\"@type\":\"WebSite\",\"@id\":\"https:\\\/\\\/www.vallonchene.fr\\\/de\\\/#website\",\"url\":\"https:\\\/\\\/www.vallonchene.fr\\\/de\\\/\",\"name\":\"Vallonch\u00eane\",\"description\":\"Die Baumschule, bei der Qualit\u00e4t ihre Wurzeln hat \u2013 Tel.: +49 (0)6838-5399840\",\"publisher\":{\"@id\":\"https:\\\/\\\/www.vallonchene.fr\\\/de\\\/#organization\"},\"potentialAction\":[{\"@type\":\"SearchAction\",\"target\":{\"@type\":\"EntryPoint\",\"urlTemplate\":\"https:\\\/\\\/www.vallonchene.fr\\\/de\\\/?s={search_term_string}\"},\"query-input\":{\"@type\":\"PropertyValueSpecification\",\"valueRequired\":true,\"valueName\":\"search_term_string\"}}],\"inLanguage\":\"de\"},{\"@type\":\"Organization\",\"@id\":\"https:\\\/\\\/www.vallonchene.fr\\\/de\\\/#organization\",\"name\":\"VALLONCHENE\",\"url\":\"https:\\\/\\\/www.vallonchene.fr\\\/de\\\/\",\"logo\":{\"@type\":\"ImageObject\",\"inLanguage\":\"de\",\"@id\":\"https:\\\/\\\/www.vallonchene.fr\\\/de\\\/#\\\/schema\\\/logo\\\/image\\\/\",\"url\":\"https:\\\/\\\/www.vallonchene.fr\\\/wp-content\\\/uploads\\\/2023\\\/03\\\/Logo-Vallonchene-site-et-R_hauteur_100.png\",\"contentUrl\":\"https:\\\/\\\/www.vallonchene.fr\\\/wp-content\\\/uploads\\\/2023\\\/03\\\/Logo-Vallonchene-site-et-R_hauteur_100.png\",\"width\":221,\"height\":100,\"caption\":\"VALLONCHENE\"},\"image\":{\"@id\":\"https:\\\/\\\/www.vallonchene.fr\\\/de\\\/#\\\/schema\\\/logo\\\/image\\\/\"},\"sameAs\":[\"https:\\\/\\\/www.facebook.com\\\/vallonchene.fr\",\"https:\\\/\\\/www.instagram.com\\\/vallonchene\\\/\",\"https:\\\/\\\/www.pinterest.fr\\\/vallonchene\\\/\"],\"taxID\":\"49454502300017\",\"hasMerchantReturnPolicy\":{\"@type\":\"MerchantReturnPolicy\",\"merchantReturnLink\":\"https:\\\/\\\/www.vallonchene.fr\\\/remboursements_retours\\\/\"}}]}<\/script>\n<meta property=\"og:availability\" content=\"out of stock\" \/>\n<meta property=\"product:availability\" content=\"out of stock\" \/>\n<meta property=\"product:retailer_item_id\" content=\"64139\" \/>\n<meta property=\"product:condition\" content=\"new\" \/>\n<!-- \/ Yoast SEO Premium plugin. -->","yoast_head_json":{"title":"SASSAFRAS albidum - Sassafrasbaum, Fenchelholzbaum","description":"Der Sassafrasbaum entwickelt gleichzeitig drei verschiedene Blattformen. Das Laub des SASSAFRAS albidum wird im Herbst leuchtend gelb, rot, und orange.","robots":{"index":"index","follow":"follow","max-snippet":"max-snippet:-1","max-image-preview":"max-image-preview:large","max-video-preview":"max-video-preview:-1"},"canonical":"https:\/\/www.vallonchene.fr\/de\/produkt\/sassafras-albidum-sassafrasbaum-fenchelholzbaum\/","og_locale":"de_DE","og_type":"article","og_title":"SASSAFRAS albidum","og_description":"Der Sassafrasbaum entwickelt gleichzeitig drei verschiedene Blattformen. Das Laub des SASSAFRAS albidum wird im Herbst leuchtend gelb, rot, und orange.","og_url":"https:\/\/www.vallonchene.fr\/de\/produkt\/sassafras-albidum-sassafrasbaum-fenchelholzbaum\/","og_site_name":"Vallonch\u00eane","article_publisher":"https:\/\/www.facebook.com\/vallonchene.fr","article_modified_time":"2025-05-08T16:14:00+00:00","og_image":[{"width":1200,"height":1200,"url":"https:\/\/www.vallonchene.fr\/wp-content\/uploads\/2023\/10\/SASSAFRAS-albidum_01.webp","type":"image\/webp"}],"twitter_card":"summary_large_image","twitter_misc":{"Verf\u00fcgbarkeit":"Nicht vorr\u00e4tig"},"schema":{"@context":"https:\/\/schema.org","@graph":[{"@type":"WebPage","@id":"https:\/\/www.vallonchene.fr\/de\/produkt\/sassafras-albidum-sassafrasbaum-fenchelholzbaum\/","url":"https:\/\/www.vallonchene.fr\/de\/produkt\/sassafras-albidum-sassafrasbaum-fenchelholzbaum\/","name":"SASSAFRAS albidum - Sassafrasbaum, Fenchelholzbaum","isPartOf":{"@id":"https:\/\/www.vallonchene.fr\/de\/#website"},"primaryImageOfPage":{"@id":"https:\/\/www.vallonchene.fr\/de\/produkt\/sassafras-albidum-sassafrasbaum-fenchelholzbaum\/#primaryimage"},"image":{"@id":"https:\/\/www.vallonchene.fr\/de\/produkt\/sassafras-albidum-sassafrasbaum-fenchelholzbaum\/#primaryimage"},"thumbnailUrl":"https:\/\/www.vallonchene.fr\/wp-content\/uploads\/2023\/10\/SASSAFRAS-albidum_01.webp","datePublished":"2021-08-31T11:36:05+00:00","dateModified":"2025-05-08T16:14:00+00:00","description":"Der Sassafrasbaum entwickelt gleichzeitig drei verschiedene Blattformen. Das Laub des SASSAFRAS albidum wird im Herbst leuchtend gelb, rot, und orange.","breadcrumb":{"@id":"https:\/\/www.vallonchene.fr\/de\/produkt\/sassafras-albidum-sassafrasbaum-fenchelholzbaum\/#breadcrumb"},"inLanguage":"de","potentialAction":[{"@type":"ReadAction","target":["https:\/\/www.vallonchene.fr\/de\/produkt\/sassafras-albidum-sassafrasbaum-fenchelholzbaum\/"]}]},{"@type":"ImageObject","inLanguage":"de","@id":"https:\/\/www.vallonchene.fr\/de\/produkt\/sassafras-albidum-sassafrasbaum-fenchelholzbaum\/#primaryimage","url":"https:\/\/www.vallonchene.fr\/wp-content\/uploads\/2023\/10\/SASSAFRAS-albidum_01.webp","contentUrl":"https:\/\/www.vallonchene.fr\/wp-content\/uploads\/2023\/10\/SASSAFRAS-albidum_01.webp","width":1200,"height":1200,"caption":"Gr\u00fcnes Laub von SASSAFRAS albidum mit unterschiedlichen Formen"},{"@type":"BreadcrumbList","@id":"https:\/\/www.vallonchene.fr\/de\/produkt\/sassafras-albidum-sassafrasbaum-fenchelholzbaum\/#breadcrumb","itemListElement":[{"@type":"ListItem","position":1,"name":"Home","item":"https:\/\/www.vallonchene.fr\/de\/"},{"@type":"ListItem","position":2,"name":"Shop","item":"https:\/\/www.vallonchene.fr\/de\/shop\/"},{"@type":"ListItem","position":3,"name":"Online-Verkauf","item":"https:\/\/www.vallonchene.fr\/de\/produkt-kategorie\/online-verkauf-de\/"},{"@type":"ListItem","position":4,"name":"Baumschule","item":"https:\/\/www.vallonchene.fr\/de\/produkt-kategorie\/online-verkauf-de\/baumschule-gaertnerei-de\/"},{"@type":"ListItem","position":5,"name":"Str\u00e4ucher und B\u00e4ume","item":"https:\/\/www.vallonchene.fr\/de\/produkt-kategorie\/online-verkauf-de\/baumschule-gaertnerei-de\/straucher-und-baume-de\/"},{"@type":"ListItem","position":6,"name":"SASSAFRAS albidum"}]},{"@type":"WebSite","@id":"https:\/\/www.vallonchene.fr\/de\/#website","url":"https:\/\/www.vallonchene.fr\/de\/","name":"Vallonch\u00eane","description":"Die Baumschule, bei der Qualit\u00e4t ihre Wurzeln hat \u2013 Tel.: +49 (0)6838-5399840","publisher":{"@id":"https:\/\/www.vallonchene.fr\/de\/#organization"},"potentialAction":[{"@type":"SearchAction","target":{"@type":"EntryPoint","urlTemplate":"https:\/\/www.vallonchene.fr\/de\/?s={search_term_string}"},"query-input":{"@type":"PropertyValueSpecification","valueRequired":true,"valueName":"search_term_string"}}],"inLanguage":"de"},{"@type":"Organization","@id":"https:\/\/www.vallonchene.fr\/de\/#organization","name":"VALLONCHENE","url":"https:\/\/www.vallonchene.fr\/de\/","logo":{"@type":"ImageObject","inLanguage":"de","@id":"https:\/\/www.vallonchene.fr\/de\/#\/schema\/logo\/image\/","url":"https:\/\/www.vallonchene.fr\/wp-content\/uploads\/2023\/03\/Logo-Vallonchene-site-et-R_hauteur_100.png","contentUrl":"https:\/\/www.vallonchene.fr\/wp-content\/uploads\/2023\/03\/Logo-Vallonchene-site-et-R_hauteur_100.png","width":221,"height":100,"caption":"VALLONCHENE"},"image":{"@id":"https:\/\/www.vallonchene.fr\/de\/#\/schema\/logo\/image\/"},"sameAs":["https:\/\/www.facebook.com\/vallonchene.fr","https:\/\/www.instagram.com\/vallonchene\/","https:\/\/www.pinterest.fr\/vallonchene\/"],"taxID":"49454502300017","hasMerchantReturnPolicy":{"@type":"MerchantReturnPolicy","merchantReturnLink":"https:\/\/www.vallonchene.fr\/remboursements_retours\/"}}]},"og_availability":"out of stock","product_availability":"out of stock","product_retailer_item_id":"64139","product_condition":"new"},"_links":{"self":[{"href":"https:\/\/www.vallonchene.fr\/de\/wp-json\/wp\/v2\/product\/20044","targetHints":{"allow":["GET"]}}],"collection":[{"href":"https:\/\/www.vallonchene.fr\/de\/wp-json\/wp\/v2\/product"}],"about":[{"href":"https:\/\/www.vallonchene.fr\/de\/wp-json\/wp\/v2\/types\/product"}],"replies":[{"embeddable":true,"href":"https:\/\/www.vallonchene.fr\/de\/wp-json\/wp\/v2\/comments?post=20044"}],"wp:featuredmedia":[{"embeddable":true,"href":"https:\/\/www.vallonchene.fr\/de\/wp-json\/wp\/v2\/media\/44446"}],"wp:attachment":[{"href":"https:\/\/www.vallonchene.fr\/de\/wp-json\/wp\/v2\/media?parent=20044"}],"wp:term":[{"taxonomy":"product_brand","embeddable":true,"href":"https:\/\/www.vallonchene.fr\/de\/wp-json\/wp\/v2\/product_brand?post=20044"},{"taxonomy":"product_cat","embeddable":true,"href":"https:\/\/www.vallonchene.fr\/de\/wp-json\/wp\/v2\/product_cat?post=20044"},{"taxonomy":"product_tag","embeddable":true,"href":"https:\/\/www.vallonchene.fr\/de\/wp-json\/wp\/v2\/product_tag?post=20044"}],"curies":[{"name":"wp","href":"https:\/\/api.w.org\/{rel}","templated":true}]}}