{"id":19733,"date":"2021-08-31T11:30:50","date_gmt":"2021-08-31T11:30:50","guid":{"rendered":"https:\/\/testing.vallonchene.fr\/produit\/prunus-x-subhirtella-autumnalis-rosea\/"},"modified":"2023-05-12T13:15:09","modified_gmt":"2023-05-12T13:15:08","slug":"prunus-x-subhirtella-autumnalis-rosea","status":"publish","type":"product","link":"https:\/\/www.vallonchene.fr\/de\/produkt\/prunus-x-subhirtella-autumnalis-rosea\/","title":{"rendered":"PRUNUS x subhirtella &#8218;Autumnalis Rosea&#8216;"},"content":{"rendered":"","protected":false},"excerpt":{"rendered":"<p>Diese <strong>Higan-Kirsche<\/strong> ist ein kleiner Baum mit rosa Bl\u00fcten. Das Laub der <strong>PRUNUS x subhirtella &#8218;Autumnalis Rosea&#8216;<\/strong> f\u00e4rbt sich im Herbst mit intensiven orangen Farbt\u00f6nen. Dies ist ein besonders f\u00fcr kleine G\u00e4rten geeignetes B\u00e4umchen.<\/p>\n","protected":false},"featured_media":53235,"comment_status":"open","ping_status":"closed","template":"","meta":[],"product_brand":[],"product_cat":[252],"product_tag":[10707],"class_list":{"0":"post-19733","1":"product","2":"type-product","3":"status-publish","4":"has-post-thumbnail","6":"product_cat-straucher-und-baume-de","7":"product_tag-prunus-de","8":"pa_99-hauteurapproximativeapres1-3_5m-de","9":"pa_couleurdesfleurs-rosa-de","10":"pa_couleurdufeuillage-grun-de","11":"pa_exigencesenhumidite-feucht-de","12":"pa_exigencesenhumidite-normal-de","13":"pa_exigencesenhumidite-trocken-de","14":"pa_expositionspossibles-ce-halbschattigsonnezw12und17-de","15":"pa_expositionspossibles-sonnigvon12bis17uhr-de","16":"pa_hauteurlivree-100-bis-125-cm","17":"pa_hauteurlivree-125-bis-150-cm","18":"pa_hauteurlivree-150-bis-175-cm","19":"pa_hauteurlivree-175-bis-200-cm","20":"pa_hauteurlivree-200-bis-250-cm","21":"pa_hauteurlivree-300-bis-350-cm","22":"pa_hauteurlivree-40-bis-50-cm","23":"pa_hauteurlivree-50-bis-60-cm","24":"pa_hauteurlivree-60-bis-80-cm","25":"pa_hauteurlivree-70-bis-80-cm","26":"pa_hauteurlivree-80-bis-100-cm","27":"pa_interetauprintemps-form-de","28":"pa_interetauprintemps-laub-de","29":"pa_interetenautomne-form-de","30":"pa_interetenautomne-laub-de","31":"pa_interetenete-form-de","32":"pa_interetenete-laub-de","33":"pa_interetenhiver-bluten-de","34":"pa_interetenhiver-form-de","35":"pa_naturedufeuillage-nichtimmergrun-de","36":"pa_naturesdesolpossibles-leicht-de","37":"pa_naturesdesolpossibles-normal-de","38":"pa_naturesdesolpossibles-schwer-de","39":"pa_periodedefloraison-winter-de","40":"pa_periodedetaille-marz-de","41":"pa_phdusolacceptable-kalkigmehrals75-de","42":"pa_phdusolacceptable-neutralzw65u75-de","43":"pa_phdusolacceptable-sauerwenigerals65-de","44":"pa_portgraphisme-ausgebreitet-de","45":"pa_resistanceaufroidrusticite-frostbestandigunter_20c-de","46":"pa_tailledepot-10liter_topf-de","47":"pa_tailledepot-12liter_topf-de","48":"pa_tailledepot-15liter_topf-de","49":"pa_tailledepot-25liter_topf-de","50":"pa_tailledepot-4liter_topf-de","51":"pa_tailledepot-5liter_topf-de","52":"pa_tailledepot-75liter_topf-de","53":"pa_utilisationpossible-alleinstehend-de","54":"pa_utilisationpossible-beet-de","55":"pa_utilisationpossible-hecke-de","56":"pa_utilisationpossible-kubelodertopf-de","58":"first","59":"outofstock","60":"taxable","61":"shipping-taxable","62":"purchasable","63":"product-type-variable","64":"has-default-attributes"},"supplier_id":null,"supplier_sku":"","barcode":null,"atum_controlled":true,"out_stock_date":null,"out_stock_threshold":null,"inheritable":true,"inbound_stock":0,"stock_on_hold":1,"sold_today":0,"sales_last_days":1,"reserved_stock":0,"customer_returns":0,"warehouse_damage":0,"lost_in_post":0,"other_logs":0,"out_stock_days":null,"lost_sales":0,"has_location":false,"update_date":"2026-04-16T08:15:53","atum_locations":[],"atum_stock_status":"outofstock","restock_status":false,"low_stock_amount":"","sales_update_date":"2026-04-16T08:15:53","calc_backorders":null,"yoast_head":"<!-- This site is optimized with the Yoast SEO Premium plugin v27.5 (Yoast SEO v27.5) - https:\/\/yoast.com\/product\/yoast-seo-premium-wordpress\/ -->\n<title>PRUNUS x subhirtella &#039;Autumnalis Rosea&#039; - Higan-Kirsche<\/title>\n<meta name=\"description\" content=\"Diese Higan-Kirsche ist ein kleiner Baum mit rosa Bl\u00fcten. Das Laub der PRUNUS x subhirtella &#039;Autumnalis Rosea&#039; f\u00e4rbt sich im Herbst mit intensiven orangen Farbt\u00f6nen. Dies ist ein besonders f\u00fcr kleine...\" \/>\n<meta name=\"robots\" content=\"index, follow, max-snippet:-1, max-image-preview:large, max-video-preview:-1\" \/>\n<link rel=\"canonical\" href=\"https:\/\/www.vallonchene.fr\/de\/produkt\/prunus-x-subhirtella-autumnalis-rosea\/\" \/>\n<meta property=\"og:locale\" content=\"de_DE\" \/>\n<meta property=\"og:type\" content=\"article\" \/>\n<meta property=\"og:title\" content=\"PRUNUS x subhirtella &#039;Autumnalis Rosea&#039;\" \/>\n<meta property=\"og:description\" content=\"Diese Higan-Kirsche ist ein kleiner Baum mit rosa Bl\u00fcten. Das Laub der PRUNUS x subhirtella &#039;Autumnalis Rosea&#039; f\u00e4rbt sich im Herbst mit intensiven orangen Farbt\u00f6nen. Dies ist ein besonders f\u00fcr kleine...\" \/>\n<meta property=\"og:url\" content=\"https:\/\/www.vallonchene.fr\/de\/produkt\/prunus-x-subhirtella-autumnalis-rosea\/\" \/>\n<meta property=\"og:site_name\" content=\"Vallonch\u00eane\" \/>\n<meta property=\"article:publisher\" content=\"https:\/\/www.facebook.com\/vallonchene.fr\" \/>\n<meta property=\"article:modified_time\" content=\"2023-05-12T13:15:08+00:00\" \/>\n<meta property=\"og:image\" content=\"https:\/\/www.vallonchene.fr\/wp-content\/uploads\/2021\/08\/3177-b20-PRUNUS-x-subhirtella-Autumnalis-Rosea-en-Mars.jpg\" \/>\n\t<meta property=\"og:image:width\" content=\"1600\" \/>\n\t<meta property=\"og:image:height\" content=\"1600\" \/>\n\t<meta property=\"og:image:type\" content=\"image\/jpeg\" \/>\n<meta name=\"twitter:card\" content=\"summary_large_image\" \/>\n<meta name=\"twitter:label1\" content=\"Verf\u00fcgbarkeit\" \/>\n\t<meta name=\"twitter:data1\" content=\"Nicht vorr\u00e4tig\" \/>\n<script type=\"application\/ld+json\" class=\"yoast-schema-graph\">{\"@context\":\"https:\\\/\\\/schema.org\",\"@graph\":[{\"@type\":\"WebPage\",\"@id\":\"https:\\\/\\\/www.vallonchene.fr\\\/de\\\/produkt\\\/prunus-x-subhirtella-autumnalis-rosea\\\/\",\"url\":\"https:\\\/\\\/www.vallonchene.fr\\\/de\\\/produkt\\\/prunus-x-subhirtella-autumnalis-rosea\\\/\",\"name\":\"PRUNUS x subhirtella 'Autumnalis Rosea' - Higan-Kirsche\",\"isPartOf\":{\"@id\":\"https:\\\/\\\/www.vallonchene.fr\\\/de\\\/#website\"},\"primaryImageOfPage\":{\"@id\":\"https:\\\/\\\/www.vallonchene.fr\\\/de\\\/produkt\\\/prunus-x-subhirtella-autumnalis-rosea\\\/#primaryimage\"},\"image\":{\"@id\":\"https:\\\/\\\/www.vallonchene.fr\\\/de\\\/produkt\\\/prunus-x-subhirtella-autumnalis-rosea\\\/#primaryimage\"},\"thumbnailUrl\":\"https:\\\/\\\/www.vallonchene.fr\\\/wp-content\\\/uploads\\\/2025\\\/03\\\/PRUNUS-subhirtella-Autumnalis-Rosea.webp\",\"datePublished\":\"2021-08-31T11:30:50+00:00\",\"dateModified\":\"2023-05-12T13:15:08+00:00\",\"description\":\"Diese Higan-Kirsche ist ein kleiner Baum mit rosa Bl\u00fcten. Das Laub der PRUNUS x subhirtella 'Autumnalis Rosea' f\u00e4rbt sich im Herbst mit intensiven orangen Farbt\u00f6nen. Dies ist ein besonders f\u00fcr kleine...\",\"breadcrumb\":{\"@id\":\"https:\\\/\\\/www.vallonchene.fr\\\/de\\\/produkt\\\/prunus-x-subhirtella-autumnalis-rosea\\\/#breadcrumb\"},\"inLanguage\":\"de\",\"potentialAction\":[{\"@type\":\"ReadAction\",\"target\":[\"https:\\\/\\\/www.vallonchene.fr\\\/de\\\/produkt\\\/prunus-x-subhirtella-autumnalis-rosea\\\/\"]}]},{\"@type\":\"ImageObject\",\"inLanguage\":\"de\",\"@id\":\"https:\\\/\\\/www.vallonchene.fr\\\/de\\\/produkt\\\/prunus-x-subhirtella-autumnalis-rosea\\\/#primaryimage\",\"url\":\"https:\\\/\\\/www.vallonchene.fr\\\/wp-content\\\/uploads\\\/2025\\\/03\\\/PRUNUS-subhirtella-Autumnalis-Rosea.webp\",\"contentUrl\":\"https:\\\/\\\/www.vallonchene.fr\\\/wp-content\\\/uploads\\\/2025\\\/03\\\/PRUNUS-subhirtella-Autumnalis-Rosea.webp\",\"width\":1200,\"height\":1200,\"caption\":\"Rosafarbene Bl\u00fctenknospen und offene Bl\u00fcten von PRUNUS subhirtella 'Autumnalis Rosea'\"},{\"@type\":\"BreadcrumbList\",\"@id\":\"https:\\\/\\\/www.vallonchene.fr\\\/de\\\/produkt\\\/prunus-x-subhirtella-autumnalis-rosea\\\/#breadcrumb\",\"itemListElement\":[{\"@type\":\"ListItem\",\"position\":1,\"name\":\"Home\",\"item\":\"https:\\\/\\\/www.vallonchene.fr\\\/de\\\/\"},{\"@type\":\"ListItem\",\"position\":2,\"name\":\"Shop\",\"item\":\"https:\\\/\\\/www.vallonchene.fr\\\/de\\\/shop\\\/\"},{\"@type\":\"ListItem\",\"position\":3,\"name\":\"Online-Verkauf\",\"item\":\"https:\\\/\\\/www.vallonchene.fr\\\/de\\\/produkt-kategorie\\\/online-verkauf-de\\\/\"},{\"@type\":\"ListItem\",\"position\":4,\"name\":\"Baumschule\",\"item\":\"https:\\\/\\\/www.vallonchene.fr\\\/de\\\/produkt-kategorie\\\/online-verkauf-de\\\/baumschule-gaertnerei-de\\\/\"},{\"@type\":\"ListItem\",\"position\":5,\"name\":\"Str\u00e4ucher und B\u00e4ume\",\"item\":\"https:\\\/\\\/www.vallonchene.fr\\\/de\\\/produkt-kategorie\\\/online-verkauf-de\\\/baumschule-gaertnerei-de\\\/straucher-und-baume-de\\\/\"},{\"@type\":\"ListItem\",\"position\":6,\"name\":\"PRUNUS x subhirtella &#8218;Autumnalis Rosea&#8216;\"}]},{\"@type\":\"WebSite\",\"@id\":\"https:\\\/\\\/www.vallonchene.fr\\\/de\\\/#website\",\"url\":\"https:\\\/\\\/www.vallonchene.fr\\\/de\\\/\",\"name\":\"Vallonch\u00eane\",\"description\":\"Die Baumschule, bei der Qualit\u00e4t ihre Wurzeln hat \u2013 Tel.: +49 (0)6838-5399840\",\"publisher\":{\"@id\":\"https:\\\/\\\/www.vallonchene.fr\\\/de\\\/#organization\"},\"potentialAction\":[{\"@type\":\"SearchAction\",\"target\":{\"@type\":\"EntryPoint\",\"urlTemplate\":\"https:\\\/\\\/www.vallonchene.fr\\\/de\\\/?s={search_term_string}\"},\"query-input\":{\"@type\":\"PropertyValueSpecification\",\"valueRequired\":true,\"valueName\":\"search_term_string\"}}],\"inLanguage\":\"de\"},{\"@type\":\"Organization\",\"@id\":\"https:\\\/\\\/www.vallonchene.fr\\\/de\\\/#organization\",\"name\":\"VALLONCHENE\",\"url\":\"https:\\\/\\\/www.vallonchene.fr\\\/de\\\/\",\"logo\":{\"@type\":\"ImageObject\",\"inLanguage\":\"de\",\"@id\":\"https:\\\/\\\/www.vallonchene.fr\\\/de\\\/#\\\/schema\\\/logo\\\/image\\\/\",\"url\":\"https:\\\/\\\/www.vallonchene.fr\\\/wp-content\\\/uploads\\\/2023\\\/03\\\/Logo-Vallonchene-site-et-R_hauteur_100.png\",\"contentUrl\":\"https:\\\/\\\/www.vallonchene.fr\\\/wp-content\\\/uploads\\\/2023\\\/03\\\/Logo-Vallonchene-site-et-R_hauteur_100.png\",\"width\":221,\"height\":100,\"caption\":\"VALLONCHENE\"},\"image\":{\"@id\":\"https:\\\/\\\/www.vallonchene.fr\\\/de\\\/#\\\/schema\\\/logo\\\/image\\\/\"},\"sameAs\":[\"https:\\\/\\\/www.facebook.com\\\/vallonchene.fr\",\"https:\\\/\\\/www.instagram.com\\\/vallonchene\\\/\",\"https:\\\/\\\/www.pinterest.fr\\\/vallonchene\\\/\"],\"taxID\":\"49454502300017\",\"hasMerchantReturnPolicy\":{\"@type\":\"MerchantReturnPolicy\",\"merchantReturnLink\":\"https:\\\/\\\/www.vallonchene.fr\\\/remboursements_retours\\\/\"}}]}<\/script>\n<meta property=\"og:availability\" content=\"out of stock\" \/>\n<meta property=\"product:availability\" content=\"out of stock\" \/>\n<meta property=\"product:retailer_item_id\" content=\"32385\" \/>\n<meta property=\"product:condition\" content=\"new\" \/>\n<!-- \/ Yoast SEO Premium plugin. -->","yoast_head_json":{"title":"PRUNUS x subhirtella 'Autumnalis Rosea' - Higan-Kirsche","description":"Diese Higan-Kirsche ist ein kleiner Baum mit rosa Bl\u00fcten. Das Laub der PRUNUS x subhirtella 'Autumnalis Rosea' f\u00e4rbt sich im Herbst mit intensiven orangen Farbt\u00f6nen. Dies ist ein besonders f\u00fcr kleine...","robots":{"index":"index","follow":"follow","max-snippet":"max-snippet:-1","max-image-preview":"max-image-preview:large","max-video-preview":"max-video-preview:-1"},"canonical":"https:\/\/www.vallonchene.fr\/de\/produkt\/prunus-x-subhirtella-autumnalis-rosea\/","og_locale":"de_DE","og_type":"article","og_title":"PRUNUS x subhirtella 'Autumnalis Rosea'","og_description":"Diese Higan-Kirsche ist ein kleiner Baum mit rosa Bl\u00fcten. Das Laub der PRUNUS x subhirtella 'Autumnalis Rosea' f\u00e4rbt sich im Herbst mit intensiven orangen Farbt\u00f6nen. Dies ist ein besonders f\u00fcr kleine...","og_url":"https:\/\/www.vallonchene.fr\/de\/produkt\/prunus-x-subhirtella-autumnalis-rosea\/","og_site_name":"Vallonch\u00eane","article_publisher":"https:\/\/www.facebook.com\/vallonchene.fr","article_modified_time":"2023-05-12T13:15:08+00:00","og_image":[{"width":1600,"height":1600,"url":"https:\/\/www.vallonchene.fr\/wp-content\/uploads\/2021\/08\/3177-b20-PRUNUS-x-subhirtella-Autumnalis-Rosea-en-Mars.jpg","type":"image\/jpeg"}],"twitter_card":"summary_large_image","twitter_misc":{"Verf\u00fcgbarkeit":"Nicht vorr\u00e4tig"},"schema":{"@context":"https:\/\/schema.org","@graph":[{"@type":"WebPage","@id":"https:\/\/www.vallonchene.fr\/de\/produkt\/prunus-x-subhirtella-autumnalis-rosea\/","url":"https:\/\/www.vallonchene.fr\/de\/produkt\/prunus-x-subhirtella-autumnalis-rosea\/","name":"PRUNUS x subhirtella 'Autumnalis Rosea' - Higan-Kirsche","isPartOf":{"@id":"https:\/\/www.vallonchene.fr\/de\/#website"},"primaryImageOfPage":{"@id":"https:\/\/www.vallonchene.fr\/de\/produkt\/prunus-x-subhirtella-autumnalis-rosea\/#primaryimage"},"image":{"@id":"https:\/\/www.vallonchene.fr\/de\/produkt\/prunus-x-subhirtella-autumnalis-rosea\/#primaryimage"},"thumbnailUrl":"https:\/\/www.vallonchene.fr\/wp-content\/uploads\/2025\/03\/PRUNUS-subhirtella-Autumnalis-Rosea.webp","datePublished":"2021-08-31T11:30:50+00:00","dateModified":"2023-05-12T13:15:08+00:00","description":"Diese Higan-Kirsche ist ein kleiner Baum mit rosa Bl\u00fcten. Das Laub der PRUNUS x subhirtella 'Autumnalis Rosea' f\u00e4rbt sich im Herbst mit intensiven orangen Farbt\u00f6nen. Dies ist ein besonders f\u00fcr kleine...","breadcrumb":{"@id":"https:\/\/www.vallonchene.fr\/de\/produkt\/prunus-x-subhirtella-autumnalis-rosea\/#breadcrumb"},"inLanguage":"de","potentialAction":[{"@type":"ReadAction","target":["https:\/\/www.vallonchene.fr\/de\/produkt\/prunus-x-subhirtella-autumnalis-rosea\/"]}]},{"@type":"ImageObject","inLanguage":"de","@id":"https:\/\/www.vallonchene.fr\/de\/produkt\/prunus-x-subhirtella-autumnalis-rosea\/#primaryimage","url":"https:\/\/www.vallonchene.fr\/wp-content\/uploads\/2025\/03\/PRUNUS-subhirtella-Autumnalis-Rosea.webp","contentUrl":"https:\/\/www.vallonchene.fr\/wp-content\/uploads\/2025\/03\/PRUNUS-subhirtella-Autumnalis-Rosea.webp","width":1200,"height":1200,"caption":"Rosafarbene Bl\u00fctenknospen und offene Bl\u00fcten von PRUNUS subhirtella 'Autumnalis Rosea'"},{"@type":"BreadcrumbList","@id":"https:\/\/www.vallonchene.fr\/de\/produkt\/prunus-x-subhirtella-autumnalis-rosea\/#breadcrumb","itemListElement":[{"@type":"ListItem","position":1,"name":"Home","item":"https:\/\/www.vallonchene.fr\/de\/"},{"@type":"ListItem","position":2,"name":"Shop","item":"https:\/\/www.vallonchene.fr\/de\/shop\/"},{"@type":"ListItem","position":3,"name":"Online-Verkauf","item":"https:\/\/www.vallonchene.fr\/de\/produkt-kategorie\/online-verkauf-de\/"},{"@type":"ListItem","position":4,"name":"Baumschule","item":"https:\/\/www.vallonchene.fr\/de\/produkt-kategorie\/online-verkauf-de\/baumschule-gaertnerei-de\/"},{"@type":"ListItem","position":5,"name":"Str\u00e4ucher und B\u00e4ume","item":"https:\/\/www.vallonchene.fr\/de\/produkt-kategorie\/online-verkauf-de\/baumschule-gaertnerei-de\/straucher-und-baume-de\/"},{"@type":"ListItem","position":6,"name":"PRUNUS x subhirtella &#8218;Autumnalis Rosea&#8216;"}]},{"@type":"WebSite","@id":"https:\/\/www.vallonchene.fr\/de\/#website","url":"https:\/\/www.vallonchene.fr\/de\/","name":"Vallonch\u00eane","description":"Die Baumschule, bei der Qualit\u00e4t ihre Wurzeln hat \u2013 Tel.: +49 (0)6838-5399840","publisher":{"@id":"https:\/\/www.vallonchene.fr\/de\/#organization"},"potentialAction":[{"@type":"SearchAction","target":{"@type":"EntryPoint","urlTemplate":"https:\/\/www.vallonchene.fr\/de\/?s={search_term_string}"},"query-input":{"@type":"PropertyValueSpecification","valueRequired":true,"valueName":"search_term_string"}}],"inLanguage":"de"},{"@type":"Organization","@id":"https:\/\/www.vallonchene.fr\/de\/#organization","name":"VALLONCHENE","url":"https:\/\/www.vallonchene.fr\/de\/","logo":{"@type":"ImageObject","inLanguage":"de","@id":"https:\/\/www.vallonchene.fr\/de\/#\/schema\/logo\/image\/","url":"https:\/\/www.vallonchene.fr\/wp-content\/uploads\/2023\/03\/Logo-Vallonchene-site-et-R_hauteur_100.png","contentUrl":"https:\/\/www.vallonchene.fr\/wp-content\/uploads\/2023\/03\/Logo-Vallonchene-site-et-R_hauteur_100.png","width":221,"height":100,"caption":"VALLONCHENE"},"image":{"@id":"https:\/\/www.vallonchene.fr\/de\/#\/schema\/logo\/image\/"},"sameAs":["https:\/\/www.facebook.com\/vallonchene.fr","https:\/\/www.instagram.com\/vallonchene\/","https:\/\/www.pinterest.fr\/vallonchene\/"],"taxID":"49454502300017","hasMerchantReturnPolicy":{"@type":"MerchantReturnPolicy","merchantReturnLink":"https:\/\/www.vallonchene.fr\/remboursements_retours\/"}}]},"og_availability":"out of stock","product_availability":"out of stock","product_retailer_item_id":"32385","product_condition":"new"},"_links":{"self":[{"href":"https:\/\/www.vallonchene.fr\/de\/wp-json\/wp\/v2\/product\/19733","targetHints":{"allow":["GET"]}}],"collection":[{"href":"https:\/\/www.vallonchene.fr\/de\/wp-json\/wp\/v2\/product"}],"about":[{"href":"https:\/\/www.vallonchene.fr\/de\/wp-json\/wp\/v2\/types\/product"}],"replies":[{"embeddable":true,"href":"https:\/\/www.vallonchene.fr\/de\/wp-json\/wp\/v2\/comments?post=19733"}],"wp:featuredmedia":[{"embeddable":true,"href":"https:\/\/www.vallonchene.fr\/de\/wp-json\/wp\/v2\/media\/53235"}],"wp:attachment":[{"href":"https:\/\/www.vallonchene.fr\/de\/wp-json\/wp\/v2\/media?parent=19733"}],"wp:term":[{"taxonomy":"product_brand","embeddable":true,"href":"https:\/\/www.vallonchene.fr\/de\/wp-json\/wp\/v2\/product_brand?post=19733"},{"taxonomy":"product_cat","embeddable":true,"href":"https:\/\/www.vallonchene.fr\/de\/wp-json\/wp\/v2\/product_cat?post=19733"},{"taxonomy":"product_tag","embeddable":true,"href":"https:\/\/www.vallonchene.fr\/de\/wp-json\/wp\/v2\/product_tag?post=19733"}],"curies":[{"name":"wp","href":"https:\/\/api.w.org\/{rel}","templated":true}]}}