{"id":19511,"date":"2021-08-31T11:04:10","date_gmt":"2021-08-31T11:04:10","guid":{"rendered":"https:\/\/testing.vallonchene.fr\/produit\/frangula-alnus-fine-line\/"},"modified":"2025-01-22T20:38:31","modified_gmt":"2025-01-22T19:38:31","slug":"frangula-alnus-fine-line","status":"publish","type":"product","link":"https:\/\/www.vallonchene.fr\/de\/produkt\/frangula-alnus-fine-line\/","title":{"rendered":"FRANGULA alnus &#8218;Fine Line&#8216;"},"content":{"rendered":"<h2>Die Pflanze<\/h2>\n<p><strong>FRANGULA alnus &#8218;Fine Line&#8216;<\/strong>, auch <strong>Faulbaum<\/strong> genannt, ist eine wahre Augenweide f\u00fcr Liebhaber von reduzierten und strukturierten G\u00e4rten. Sein <strong>aufrechter und schmaler Wuchs<\/strong> macht ihn zu einem bemerkenswerten architektonischen Element, das einen Raum gliedert, ohne ihn zu \u00fcberladen.<br \/>\nDie <strong>au\u00dfergew\u00f6hnlich feinen und langen Bl\u00e4tter<\/strong>, etwa 15 cm lang, verleihen der Pflanze ein zartes, luftiges und elegantes Aussehen.<br \/>\nIm Herbst erstrahlen sie in einem <strong>leuchtenden Goldgelb<\/strong> und bieten ein warmes, stimmungsvolles Schauspiel.<br \/>\nEin weiterer Vorteil dieser Sorte ist ihr <strong>dauerhaft schmaler Wuchs<\/strong>, was sie ideal f\u00fcr kleine G\u00e4rten oder begrenzte R\u00e4ume macht. Um alle derzeit verf\u00fcgbaren FRANGULA zu sehen, <strong><a href=\"https:\/\/www.vallonchene.fr\/?s=frangula&amp;post_type=product&amp;dgwt_wcas=1&amp;lang=fr&amp;filter_stock_status=instock\">klicken Sie hier<\/a><\/strong>.<\/p>\n<h2>Wie pflanzt und pflegt man FRANGULA alnus &#8218;Fine Line&#8216;?<\/h2>\n<ol>\n<li><strong>Die Pflanzung<br \/><\/strong><br \/>\nDie Pflanzung dieses Strauchs ist sehr einfach<strong>.<\/strong> Dar\u00fcber hinaus passt er sich an eine Vielzahl von B\u00f6den (leicht, normal oder schwer) und Expositionen an. Er bevorzugt sonnige oder halbschattige Standorte. Sie k\u00f6nnen ihn in einen Topf, ein Beet oder eine Hecke pflanzen.<br \/>\n<strong><a href=\"\">Folgen Sie unseren Pflanztipps hier<\/a><\/strong>.  <\/li>\n<li><strong>Die Pflege<\/strong><br \/>\nEinmal angewachsen, ist dieser Strauch sehr pflegeleicht. Er ist winterhart und vertr\u00e4gt Trockenheit gut, sobald er gut bewurzelt ist. Ein leichter R\u00fcckschnitt im Sp\u00e4twinter (M\u00e4rz) kann durchgef\u00fchrt werden, wenn es erforderlich ist. Ansonsten kommt die Pflanze sehr gut alleine zurecht.<br \/>\n<a href=\"\"><strong>Lesen Sie hier unsere Tipps, wie Sie effizient gie\u00dfen und Wasser sparen k\u00f6nnen<\/strong><\/a>.    <\/li>\n<\/ol>\n<h2>Geschichte und Herkunft<\/h2>\n<p>FRANGULA alnus, die Stammart der Sorte &#8218;Fine Line&#8216;, ist ein Strauch, der urspr\u00fcnglich aus Europa und Asien stammt. Er geh\u00f6rt zur Familie der Rhamnaceae und wird f\u00fcr sein Holz und seine Rinde gesch\u00e4tzt. Letztere wird in der traditionellen Medizin verwendet, und seine Fr\u00fcchte dienen als Nahrung f\u00fcr V\u00f6gel. FRANGULA alnus &#8218;Fine Line&#8216; ist eine Zuchtform, die aufgrund ihrer besonderen Ziermerkmale ausgew\u00e4hlt wurde: ihres schmalen Wuchses und ihres feinen, eleganten Laubs. Obwohl die genauen Urspr\u00fcnge dieser Sorte schwer nachzuvollziehen sind, ist sie das Ergebnis zahlreicher Kreuzungen und Auswahlen durch Enthusiasten. Zusammenfassend kann gesagt werden, dass F. alnus &#8218;Fine Line&#8216; ein bemerkenswerter Strauch ist, der Eleganz und Robustheit vereint. Sein aufrechter Wuchs und sein besonderes Laub machen ihn zu einem unverzichtbaren Element in G\u00e4rten. Ob im Beet, in der Hecke oder im Topf, er verleiht Ihrem Gr\u00fcnraum eine vertikale Note und Feinheit.<\/p>\n","protected":false},"excerpt":{"rendered":"<p>Dieser <strong>Faulbaum<\/strong> ist s\u00e4ulenf\u00f6rmig. <br \/><strong>FRANGULA alnus &#8218;Fine Line&#8216;<\/strong> hat im Sommer ein elegantes, schmales, gr\u00fcnes Laub, das sich im Herbst in ein flammendes Farbenspiel verwandelt. <\/p>\n","protected":false},"featured_media":19500,"comment_status":"open","ping_status":"closed","template":"","meta":[],"product_brand":[],"product_cat":[252],"product_tag":[11447,11446,11450,11449,11448,10670],"class_list":{"0":"post-19511","1":"product","2":"type-product","3":"status-publish","4":"has-post-thumbnail","6":"product_cat-straucher-und-baume-de","7":"product_tag-faulbaum-de","8":"product_tag-fine-line-de","9":"product_tag-frangula-de","10":"product_tag-frangula-alnus-de","11":"product_tag-frangula-alnus-fine-line-de","12":"product_tag-rhamnus-frangula-de","13":"pa_99-hauteurapproximativeapres1-100a150m-de","14":"pa_couleurdesfleurs-weiss-de","15":"pa_couleurdufeuillage-grun-de","16":"pa_exigencesenhumidite-feucht-de","17":"pa_exigencesenhumidite-normal-de","18":"pa_exigencesenhumidite-trocken-de","19":"pa_expositionspossibles-ce-halbschattigsonnezw12und17-de","20":"pa_expositionspossibles-sonnigvon12bis17uhr-de","21":"pa_hauteurlivree-100-bis-125-cm","22":"pa_hauteurlivree-125-bis-150-cm","23":"pa_hauteurlivree-15-bis-20-cm","24":"pa_hauteurlivree-150-bis-175-cm","25":"pa_hauteurlivree-20-bis-25cm","26":"pa_hauteurlivree-25-bis-30-cm","27":"pa_hauteurlivree-30-bis-35-cm","28":"pa_hauteurlivree-30-bis-40-cm","29":"pa_hauteurlivree-40-bis-50-cm","30":"pa_hauteurlivree-50-bis-60-cm","31":"pa_hauteurlivree-60-bis-80-cm","32":"pa_hauteurlivree-80-bis-100-cm","33":"pa_interetauprintemps-bluten-de","34":"pa_interetauprintemps-form-de","35":"pa_interetauprintemps-laub-de","36":"pa_interetenautomne-form-de","37":"pa_interetenautomne-laub-de","38":"pa_interetenete-form-de","39":"pa_interetenete-laub-de","40":"pa_interetenhiver-form-de","41":"pa_naturedufeuillage-nichtimmergrun-de","42":"pa_naturesdesolpossibles-leicht-de","43":"pa_naturesdesolpossibles-normal-de","44":"pa_naturesdesolpossibles-schwer-de","45":"pa_periodedefloraison-fruhling-de","46":"pa_periodedetaille-marz-de","47":"pa_phdusolacceptable-kalkigmehrals75-de","48":"pa_phdusolacceptable-neutralzw65u75-de","49":"pa_phdusolacceptable-sauerwenigerals65-de","50":"pa_portgraphisme-kolonnenformig-de","51":"pa_resistanceaufroidrusticite-frostbestandigunter_20c-de","52":"pa_tailledepot-1liter_topf-de","53":"pa_tailledepot-10liter_topf-de","54":"pa_tailledepot-12liter_topf-de","55":"pa_tailledepot-15liter_topf-de","56":"pa_tailledepot-2liter_topf-de","57":"pa_tailledepot-20liter_topf-de","58":"pa_tailledepot-25liter_topf-de","59":"pa_tailledepot-3liter_topf-de","60":"pa_tailledepot-4liter_topf-de","61":"pa_tailledepot-5liter_topf-de","62":"pa_tailledepot-75liter_topf-de","63":"pa_utilisationpossible-beet-de","64":"pa_utilisationpossible-hecke-de","65":"pa_utilisationpossible-kubelodertopf-de","67":"first","68":"instock","69":"taxable","70":"shipping-taxable","71":"purchasable","72":"product-type-variable","73":"has-default-attributes"},"supplier_id":null,"supplier_sku":"","barcode":null,"atum_controlled":true,"out_stock_date":null,"out_stock_threshold":null,"inheritable":true,"inbound_stock":0,"stock_on_hold":0,"sold_today":0,"sales_last_days":0,"reserved_stock":0,"customer_returns":0,"warehouse_damage":0,"lost_in_post":0,"other_logs":0,"out_stock_days":null,"lost_sales":0,"has_location":false,"update_date":"2025-12-01T10:17:34","atum_locations":[],"atum_stock_status":"instock","restock_status":false,"low_stock_amount":"","sales_update_date":"2024-11-07T08:30:08","calc_backorders":null,"yoast_head":"<!-- This site is optimized with the Yoast SEO Premium plugin v27.4 (Yoast SEO v27.4) - https:\/\/yoast.com\/product\/yoast-seo-premium-wordpress\/ -->\n<title>FRANGULA alnus &#039;Fine Line&#039; - Faulbaum<\/title>\n<meta name=\"description\" content=\"Diese Faulbaum w\u00e4chst s\u00e4ulenf\u00f6rmig. Der FRANGULA alnus &#039;Fine Line&#039; hat im Sommer ein elegantes, schlankes, gr\u00fcnes Laub, das sich im Herbst in ein flammendes Farbenspiel verwandelt.\" \/>\n<meta name=\"robots\" content=\"index, follow, max-snippet:-1, max-image-preview:large, max-video-preview:-1\" \/>\n<link rel=\"canonical\" href=\"https:\/\/www.vallonchene.fr\/de\/produkt\/frangula-alnus-fine-line\/\" \/>\n<meta property=\"og:locale\" content=\"de_DE\" \/>\n<meta property=\"og:type\" content=\"article\" \/>\n<meta property=\"og:title\" content=\"FRANGULA alnus &#039;Fine Line&#039;\" \/>\n<meta property=\"og:description\" content=\"Diese Faulbaum w\u00e4chst s\u00e4ulenf\u00f6rmig. Der FRANGULA alnus &#039;Fine Line&#039; hat im Sommer ein elegantes, schlankes, gr\u00fcnes Laub, das sich im Herbst in ein flammendes Farbenspiel verwandelt.\" \/>\n<meta property=\"og:url\" content=\"https:\/\/www.vallonchene.fr\/de\/produkt\/frangula-alnus-fine-line\/\" \/>\n<meta property=\"og:site_name\" content=\"Vallonch\u00eane\" \/>\n<meta property=\"article:publisher\" content=\"https:\/\/www.facebook.com\/vallonchene.fr\" \/>\n<meta property=\"article:modified_time\" content=\"2025-01-22T19:38:31+00:00\" \/>\n<meta property=\"og:image\" content=\"https:\/\/www.vallonchene.fr\/wp-content\/uploads\/2021\/08\/1418-eb2-FRANGULA-alnus-Fine-Line-en-Septembre.jpg\" \/>\n\t<meta property=\"og:image:width\" content=\"1600\" \/>\n\t<meta property=\"og:image:height\" content=\"1600\" \/>\n\t<meta property=\"og:image:type\" content=\"image\/jpeg\" \/>\n<meta name=\"twitter:card\" content=\"summary_large_image\" \/>\n<meta name=\"twitter:label1\" content=\"Verf\u00fcgbarkeit\" \/>\n\t<meta name=\"twitter:data1\" content=\"Vorr\u00e4tig\" \/>\n<script type=\"application\/ld+json\" class=\"yoast-schema-graph\">{\"@context\":\"https:\\\/\\\/schema.org\",\"@graph\":[{\"@type\":\"WebPage\",\"@id\":\"https:\\\/\\\/www.vallonchene.fr\\\/de\\\/produkt\\\/frangula-alnus-fine-line\\\/\",\"url\":\"https:\\\/\\\/www.vallonchene.fr\\\/de\\\/produkt\\\/frangula-alnus-fine-line\\\/\",\"name\":\"FRANGULA alnus 'Fine Line' - Faulbaum\",\"isPartOf\":{\"@id\":\"https:\\\/\\\/www.vallonchene.fr\\\/de\\\/#website\"},\"primaryImageOfPage\":{\"@id\":\"https:\\\/\\\/www.vallonchene.fr\\\/de\\\/produkt\\\/frangula-alnus-fine-line\\\/#primaryimage\"},\"image\":{\"@id\":\"https:\\\/\\\/www.vallonchene.fr\\\/de\\\/produkt\\\/frangula-alnus-fine-line\\\/#primaryimage\"},\"thumbnailUrl\":\"https:\\\/\\\/www.vallonchene.fr\\\/wp-content\\\/uploads\\\/2021\\\/08\\\/1418-eb2-FRANGULA-alnus-Fine-Line-en-Septembre.jpg\",\"datePublished\":\"2021-08-31T11:04:10+00:00\",\"dateModified\":\"2025-01-22T19:38:31+00:00\",\"description\":\"Diese Faulbaum w\u00e4chst s\u00e4ulenf\u00f6rmig. Der FRANGULA alnus 'Fine Line' hat im Sommer ein elegantes, schlankes, gr\u00fcnes Laub, das sich im Herbst in ein flammendes Farbenspiel verwandelt.\",\"breadcrumb\":{\"@id\":\"https:\\\/\\\/www.vallonchene.fr\\\/de\\\/produkt\\\/frangula-alnus-fine-line\\\/#breadcrumb\"},\"inLanguage\":\"de\",\"potentialAction\":[{\"@type\":\"ReadAction\",\"target\":[\"https:\\\/\\\/www.vallonchene.fr\\\/de\\\/produkt\\\/frangula-alnus-fine-line\\\/\"]}]},{\"@type\":\"ImageObject\",\"inLanguage\":\"de\",\"@id\":\"https:\\\/\\\/www.vallonchene.fr\\\/de\\\/produkt\\\/frangula-alnus-fine-line\\\/#primaryimage\",\"url\":\"https:\\\/\\\/www.vallonchene.fr\\\/wp-content\\\/uploads\\\/2021\\\/08\\\/1418-eb2-FRANGULA-alnus-Fine-Line-en-Septembre.jpg\",\"contentUrl\":\"https:\\\/\\\/www.vallonchene.fr\\\/wp-content\\\/uploads\\\/2021\\\/08\\\/1418-eb2-FRANGULA-alnus-Fine-Line-en-Septembre.jpg\",\"width\":1600,\"height\":1600},{\"@type\":\"BreadcrumbList\",\"@id\":\"https:\\\/\\\/www.vallonchene.fr\\\/de\\\/produkt\\\/frangula-alnus-fine-line\\\/#breadcrumb\",\"itemListElement\":[{\"@type\":\"ListItem\",\"position\":1,\"name\":\"Home\",\"item\":\"https:\\\/\\\/www.vallonchene.fr\\\/de\\\/\"},{\"@type\":\"ListItem\",\"position\":2,\"name\":\"Shop\",\"item\":\"https:\\\/\\\/www.vallonchene.fr\\\/de\\\/shop\\\/\"},{\"@type\":\"ListItem\",\"position\":3,\"name\":\"Online-Verkauf\",\"item\":\"https:\\\/\\\/www.vallonchene.fr\\\/de\\\/produkt-kategorie\\\/online-verkauf-de\\\/\"},{\"@type\":\"ListItem\",\"position\":4,\"name\":\"Baumschule\",\"item\":\"https:\\\/\\\/www.vallonchene.fr\\\/de\\\/produkt-kategorie\\\/online-verkauf-de\\\/baumschule-gaertnerei-de\\\/\"},{\"@type\":\"ListItem\",\"position\":5,\"name\":\"Str\u00e4ucher und B\u00e4ume\",\"item\":\"https:\\\/\\\/www.vallonchene.fr\\\/de\\\/produkt-kategorie\\\/online-verkauf-de\\\/baumschule-gaertnerei-de\\\/straucher-und-baume-de\\\/\"},{\"@type\":\"ListItem\",\"position\":6,\"name\":\"FRANGULA alnus &#8218;Fine Line&#8216;\"}]},{\"@type\":\"WebSite\",\"@id\":\"https:\\\/\\\/www.vallonchene.fr\\\/de\\\/#website\",\"url\":\"https:\\\/\\\/www.vallonchene.fr\\\/de\\\/\",\"name\":\"Vallonch\u00eane\",\"description\":\"Die Baumschule, bei der Qualit\u00e4t ihre Wurzeln hat \u2013 Tel.: +49 (0)6838-5399840\",\"publisher\":{\"@id\":\"https:\\\/\\\/www.vallonchene.fr\\\/de\\\/#organization\"},\"potentialAction\":[{\"@type\":\"SearchAction\",\"target\":{\"@type\":\"EntryPoint\",\"urlTemplate\":\"https:\\\/\\\/www.vallonchene.fr\\\/de\\\/?s={search_term_string}\"},\"query-input\":{\"@type\":\"PropertyValueSpecification\",\"valueRequired\":true,\"valueName\":\"search_term_string\"}}],\"inLanguage\":\"de\"},{\"@type\":\"Organization\",\"@id\":\"https:\\\/\\\/www.vallonchene.fr\\\/de\\\/#organization\",\"name\":\"VALLONCHENE\",\"url\":\"https:\\\/\\\/www.vallonchene.fr\\\/de\\\/\",\"logo\":{\"@type\":\"ImageObject\",\"inLanguage\":\"de\",\"@id\":\"https:\\\/\\\/www.vallonchene.fr\\\/de\\\/#\\\/schema\\\/logo\\\/image\\\/\",\"url\":\"https:\\\/\\\/www.vallonchene.fr\\\/wp-content\\\/uploads\\\/2023\\\/03\\\/Logo-Vallonchene-site-et-R_hauteur_100.png\",\"contentUrl\":\"https:\\\/\\\/www.vallonchene.fr\\\/wp-content\\\/uploads\\\/2023\\\/03\\\/Logo-Vallonchene-site-et-R_hauteur_100.png\",\"width\":221,\"height\":100,\"caption\":\"VALLONCHENE\"},\"image\":{\"@id\":\"https:\\\/\\\/www.vallonchene.fr\\\/de\\\/#\\\/schema\\\/logo\\\/image\\\/\"},\"sameAs\":[\"https:\\\/\\\/www.facebook.com\\\/vallonchene.fr\",\"https:\\\/\\\/www.instagram.com\\\/vallonchene\\\/\",\"https:\\\/\\\/www.pinterest.fr\\\/vallonchene\\\/\"],\"taxID\":\"49454502300017\",\"hasMerchantReturnPolicy\":{\"@type\":\"MerchantReturnPolicy\",\"merchantReturnLink\":\"https:\\\/\\\/www.vallonchene.fr\\\/remboursements_retours\\\/\"}}]}<\/script>\n<meta property=\"og:availability\" content=\"instock\" \/>\n<meta property=\"product:availability\" content=\"instock\" \/>\n<meta property=\"product:retailer_item_id\" content=\"55371\" \/>\n<meta property=\"product:condition\" content=\"new\" \/>\n<!-- \/ Yoast SEO Premium plugin. -->","yoast_head_json":{"title":"FRANGULA alnus 'Fine Line' - Faulbaum","description":"Diese Faulbaum w\u00e4chst s\u00e4ulenf\u00f6rmig. Der FRANGULA alnus 'Fine Line' hat im Sommer ein elegantes, schlankes, gr\u00fcnes Laub, das sich im Herbst in ein flammendes Farbenspiel verwandelt.","robots":{"index":"index","follow":"follow","max-snippet":"max-snippet:-1","max-image-preview":"max-image-preview:large","max-video-preview":"max-video-preview:-1"},"canonical":"https:\/\/www.vallonchene.fr\/de\/produkt\/frangula-alnus-fine-line\/","og_locale":"de_DE","og_type":"article","og_title":"FRANGULA alnus 'Fine Line'","og_description":"Diese Faulbaum w\u00e4chst s\u00e4ulenf\u00f6rmig. Der FRANGULA alnus 'Fine Line' hat im Sommer ein elegantes, schlankes, gr\u00fcnes Laub, das sich im Herbst in ein flammendes Farbenspiel verwandelt.","og_url":"https:\/\/www.vallonchene.fr\/de\/produkt\/frangula-alnus-fine-line\/","og_site_name":"Vallonch\u00eane","article_publisher":"https:\/\/www.facebook.com\/vallonchene.fr","article_modified_time":"2025-01-22T19:38:31+00:00","og_image":[{"width":1600,"height":1600,"url":"https:\/\/www.vallonchene.fr\/wp-content\/uploads\/2021\/08\/1418-eb2-FRANGULA-alnus-Fine-Line-en-Septembre.jpg","type":"image\/jpeg"}],"twitter_card":"summary_large_image","twitter_misc":{"Verf\u00fcgbarkeit":"Vorr\u00e4tig"},"schema":{"@context":"https:\/\/schema.org","@graph":[{"@type":"WebPage","@id":"https:\/\/www.vallonchene.fr\/de\/produkt\/frangula-alnus-fine-line\/","url":"https:\/\/www.vallonchene.fr\/de\/produkt\/frangula-alnus-fine-line\/","name":"FRANGULA alnus 'Fine Line' - Faulbaum","isPartOf":{"@id":"https:\/\/www.vallonchene.fr\/de\/#website"},"primaryImageOfPage":{"@id":"https:\/\/www.vallonchene.fr\/de\/produkt\/frangula-alnus-fine-line\/#primaryimage"},"image":{"@id":"https:\/\/www.vallonchene.fr\/de\/produkt\/frangula-alnus-fine-line\/#primaryimage"},"thumbnailUrl":"https:\/\/www.vallonchene.fr\/wp-content\/uploads\/2021\/08\/1418-eb2-FRANGULA-alnus-Fine-Line-en-Septembre.jpg","datePublished":"2021-08-31T11:04:10+00:00","dateModified":"2025-01-22T19:38:31+00:00","description":"Diese Faulbaum w\u00e4chst s\u00e4ulenf\u00f6rmig. Der FRANGULA alnus 'Fine Line' hat im Sommer ein elegantes, schlankes, gr\u00fcnes Laub, das sich im Herbst in ein flammendes Farbenspiel verwandelt.","breadcrumb":{"@id":"https:\/\/www.vallonchene.fr\/de\/produkt\/frangula-alnus-fine-line\/#breadcrumb"},"inLanguage":"de","potentialAction":[{"@type":"ReadAction","target":["https:\/\/www.vallonchene.fr\/de\/produkt\/frangula-alnus-fine-line\/"]}]},{"@type":"ImageObject","inLanguage":"de","@id":"https:\/\/www.vallonchene.fr\/de\/produkt\/frangula-alnus-fine-line\/#primaryimage","url":"https:\/\/www.vallonchene.fr\/wp-content\/uploads\/2021\/08\/1418-eb2-FRANGULA-alnus-Fine-Line-en-Septembre.jpg","contentUrl":"https:\/\/www.vallonchene.fr\/wp-content\/uploads\/2021\/08\/1418-eb2-FRANGULA-alnus-Fine-Line-en-Septembre.jpg","width":1600,"height":1600},{"@type":"BreadcrumbList","@id":"https:\/\/www.vallonchene.fr\/de\/produkt\/frangula-alnus-fine-line\/#breadcrumb","itemListElement":[{"@type":"ListItem","position":1,"name":"Home","item":"https:\/\/www.vallonchene.fr\/de\/"},{"@type":"ListItem","position":2,"name":"Shop","item":"https:\/\/www.vallonchene.fr\/de\/shop\/"},{"@type":"ListItem","position":3,"name":"Online-Verkauf","item":"https:\/\/www.vallonchene.fr\/de\/produkt-kategorie\/online-verkauf-de\/"},{"@type":"ListItem","position":4,"name":"Baumschule","item":"https:\/\/www.vallonchene.fr\/de\/produkt-kategorie\/online-verkauf-de\/baumschule-gaertnerei-de\/"},{"@type":"ListItem","position":5,"name":"Str\u00e4ucher und B\u00e4ume","item":"https:\/\/www.vallonchene.fr\/de\/produkt-kategorie\/online-verkauf-de\/baumschule-gaertnerei-de\/straucher-und-baume-de\/"},{"@type":"ListItem","position":6,"name":"FRANGULA alnus &#8218;Fine Line&#8216;"}]},{"@type":"WebSite","@id":"https:\/\/www.vallonchene.fr\/de\/#website","url":"https:\/\/www.vallonchene.fr\/de\/","name":"Vallonch\u00eane","description":"Die Baumschule, bei der Qualit\u00e4t ihre Wurzeln hat \u2013 Tel.: +49 (0)6838-5399840","publisher":{"@id":"https:\/\/www.vallonchene.fr\/de\/#organization"},"potentialAction":[{"@type":"SearchAction","target":{"@type":"EntryPoint","urlTemplate":"https:\/\/www.vallonchene.fr\/de\/?s={search_term_string}"},"query-input":{"@type":"PropertyValueSpecification","valueRequired":true,"valueName":"search_term_string"}}],"inLanguage":"de"},{"@type":"Organization","@id":"https:\/\/www.vallonchene.fr\/de\/#organization","name":"VALLONCHENE","url":"https:\/\/www.vallonchene.fr\/de\/","logo":{"@type":"ImageObject","inLanguage":"de","@id":"https:\/\/www.vallonchene.fr\/de\/#\/schema\/logo\/image\/","url":"https:\/\/www.vallonchene.fr\/wp-content\/uploads\/2023\/03\/Logo-Vallonchene-site-et-R_hauteur_100.png","contentUrl":"https:\/\/www.vallonchene.fr\/wp-content\/uploads\/2023\/03\/Logo-Vallonchene-site-et-R_hauteur_100.png","width":221,"height":100,"caption":"VALLONCHENE"},"image":{"@id":"https:\/\/www.vallonchene.fr\/de\/#\/schema\/logo\/image\/"},"sameAs":["https:\/\/www.facebook.com\/vallonchene.fr","https:\/\/www.instagram.com\/vallonchene\/","https:\/\/www.pinterest.fr\/vallonchene\/"],"taxID":"49454502300017","hasMerchantReturnPolicy":{"@type":"MerchantReturnPolicy","merchantReturnLink":"https:\/\/www.vallonchene.fr\/remboursements_retours\/"}}]},"og_availability":"instock","product_availability":"instock","product_retailer_item_id":"55371","product_condition":"new"},"_links":{"self":[{"href":"https:\/\/www.vallonchene.fr\/de\/wp-json\/wp\/v2\/product\/19511","targetHints":{"allow":["GET"]}}],"collection":[{"href":"https:\/\/www.vallonchene.fr\/de\/wp-json\/wp\/v2\/product"}],"about":[{"href":"https:\/\/www.vallonchene.fr\/de\/wp-json\/wp\/v2\/types\/product"}],"replies":[{"embeddable":true,"href":"https:\/\/www.vallonchene.fr\/de\/wp-json\/wp\/v2\/comments?post=19511"}],"wp:featuredmedia":[{"embeddable":true,"href":"https:\/\/www.vallonchene.fr\/de\/wp-json\/wp\/v2\/media\/19500"}],"wp:attachment":[{"href":"https:\/\/www.vallonchene.fr\/de\/wp-json\/wp\/v2\/media?parent=19511"}],"wp:term":[{"taxonomy":"product_brand","embeddable":true,"href":"https:\/\/www.vallonchene.fr\/de\/wp-json\/wp\/v2\/product_brand?post=19511"},{"taxonomy":"product_cat","embeddable":true,"href":"https:\/\/www.vallonchene.fr\/de\/wp-json\/wp\/v2\/product_cat?post=19511"},{"taxonomy":"product_tag","embeddable":true,"href":"https:\/\/www.vallonchene.fr\/de\/wp-json\/wp\/v2\/product_tag?post=19511"}],"curies":[{"name":"wp","href":"https:\/\/api.w.org\/{rel}","templated":true}]}}