{"id":19204,"date":"2021-08-31T10:45:25","date_gmt":"2021-08-31T10:45:25","guid":{"rendered":"https:\/\/testing.vallonchene.fr\/produit\/armoracia-rusticana-variegata\/"},"modified":"2025-07-16T21:28:27","modified_gmt":"2025-07-16T19:28:27","slug":"armoracia-rusticana-variegata","status":"publish","type":"product","link":"https:\/\/www.vallonchene.fr\/de\/produkt\/armoracia-rusticana-variegata\/","title":{"rendered":"ARMORACIA rusticana &#8218;Variegata&#8216;"},"content":{"rendered":"<h2>Die Pflanze<\/h2>\n<p><strong>ARMORACIA Rusticana &#8218;Variegata&#8216;<\/strong> ist eine mehrj\u00e4hrige Pflanze, besser bekannt als <strong>bunter Meerrettich<\/strong>.<br \/>\nObwohl sie normalerweise im Gem\u00fcsegarten angebaut wird, ist die von uns angebotene Variante durch ihr \u00fcberaus buntes Laub sehr interessant. Die Bl\u00e4tter sind <strong>50\u201360 cm lang<\/strong>. Sie k\u00f6nnen sie auch zum Zusammenstellen Ihrer <strong>Blumenstr\u00e4u\u00dfe<\/strong> verwenden.<br \/>\nSie ist die ideale Staude, um ein Beet <strong>in der Sonne oder im Schatten<\/strong> aufzuhellen.<br \/>\nDie ARMORACIA Rusticana \u2018Variegata\u2019 wird von uns durch Teilung produziert und wird in gro\u00dfen T\u00f6pfen geliefert. So werden Sie die Sch\u00f6nheit dieser Pflanze garantiert sofort genie\u00dfen.<\/p>\n<p>Um alle unsere derzeit im Angebot befindlichen seltenen Stauden zu sehen, <strong><a href=\"https:\/\/www.vallonchene.fr\/de\/produkt-kategorie\/online-verkauf-de\/baumschule-gaertnerei-de\/stauden-de\/?filter_stock_status=instock\">klicken Sie bitte hier<\/a><\/strong>.<\/p>\n<h2 id=\"h-wie-man-armoracia-rusticana-variegata-pflanzt\" class=\"wp-block-heading\">Wie man ARMORACIA rusticana \u2018Variegata\u2019 pflanzt<\/h2>\n<p>Dieser bunte Meerrettich l\u00e4sst sich leicht <strong>in normaler Erde<\/strong> anbauen und kann von jedem G\u00e4rtner angebaut werden, auch von Anf\u00e4ngern. Er ist <strong>best\u00e4ndig gegen Temperaturen unter \u221220 \u00b0C<\/strong>. Diese mehrj\u00e4hrige Pflanze vertr\u00e4gt <strong>alle pH-Werte<\/strong>. Sie w\u00e4chst gleicherma\u00dfen gut <strong>in der vollen Sonne, im Halbschatten oder im Schatten<\/strong>.<\/p>\n<h2 id=\"h-geschichte-und-herkunft\" class=\"wp-block-heading\">Geschichte und Herkunft<\/h2>\n<p>ARMORACIA Rusticana wird seit der Antike angebaut. Eine Wanddekoration aus Pompeji zeigt die Pflanze.<\/p>\n<p>In der Natur kommt sie auf feuchten Weiden, entlang von B\u00e4chen und Fl\u00fcssen vor.<\/p>\n<p>Im Mittelalter wurden sowohl die Bl\u00e4tter als auch die Wurzeln in der traditionellen Medizin verwendet. Noch heute werden die Wurzeln vorwiegend in Deutschland, Skandinavien und Gro\u00dfbritannien als Gew\u00fcrz verwendet. Die Pflanze wird jedoch auch in der Ukraine, Belarus, Polen und Russland verwendet.<\/p>\n<p>Ferner wird sie in Japan ebenso h\u00e4ufig bei der Zubereitung von Wasabi verwendet. Normalerweise besteht Wasabi aus der Wasabi-Pflanze (<strong><a href=\"https:\/\/de.wikipedia.org\/wiki\/Wasabi\" target=\"_blank\" rel=\"noopener\">WASABIA japonica<\/a><\/strong>). Aufgrund ihrer Seltenheit verwenden japanische K\u00f6che jedoch Meerrettich als Ersatz.<\/p>\n<p>Weiterhin wird Meerrettich zur Steigerung der nat\u00fcrlichen Abwehrkr\u00e4fte und der Erk\u00e4ltungsresistenz eingesetzt. Er enth\u00e4lt viel Vitamin C. Einige \u00d6le aus Meerrettich haben antivirale Eigenschaften. Die Deutschen erkl\u00e4ren die Pflanze 2021 zur Heilpflanze des Jahres. Diese Auszeichnung wurde 1990 vom Verband der Heilkr\u00e4uterfreunde Deutschlands e.V. vergeben.<\/p>\n<p>Meerrettich bildet wie ARMORACIA Rusticana \u2018Variegata\u2019 kaum Samen. Daher erfolgt die Vermehrung durch Division.<\/p>\n<p>Schlie\u00dflich findet das in ARMORACIA Rusticana enthaltene Meerrettich-Peroxidase-Enzym breite Anwendung in der Molekularmedizin und Biochemie. Tats\u00e4chlich hat es die F\u00e4higkeit, ein Signal zu verst\u00e4rken und die Nachweisbarkeit eines Zielmolek\u00fcls zu erh\u00f6hen.<\/p>\n","protected":false},"excerpt":{"rendered":"<p>Dieser <strong>Meerrettich<\/strong> ist besonders wertvoll aufgrund seines <strong>gr\u00fcn\/weis bunten Laubes<\/strong>. Die Bl\u00e4tter des\u00a0<strong>ARMORACIA rusticana &#8218;Variegata&#8216;<\/strong> k\u00f6nnen in Str\u00e4ussen und die Wurzeln und jungen Bl\u00e4tter in der K\u00fcche verwendet werden.<\/p>\n","protected":false},"featured_media":41023,"comment_status":"open","ping_status":"closed","template":"","meta":[],"product_brand":[],"product_cat":[10733,264],"product_tag":[10698],"class_list":{"0":"post-19204","1":"product","2":"type-product","3":"status-publish","4":"has-post-thumbnail","6":"product_cat-seltene-pflanzen-sammlerpflanzen","7":"product_cat-stauden-de","8":"product_tag-variegata-de","9":"pa_99-hauteurapproximativeapres1-50_100cm-de","10":"pa_couleurdesfleurs-weiss-de","11":"pa_couleurdufeuillage-bunt-de","12":"pa_couleurdufeuillage-grun-de","13":"pa_couleurdufeuillage-weiss-de","14":"pa_exigencesenhumidite-feucht-de","15":"pa_exigencesenhumidite-normal-de","16":"pa_exigencesenhumidite-trocken-de","17":"pa_expositionspossibles-ce-halbschattigsonnezw12und17-de","18":"pa_expositionspossibles-sonnigvon12bis17uhr-de","19":"pa_hauteurlivree-n-v","20":"pa_interetauprintemps-laub-de","21":"pa_interetenautomne-laub-de","22":"pa_interetenete-laub-de","23":"pa_naturedufeuillage-nichtimmergrun-de","24":"pa_naturesdesolpossibles-leicht-de","25":"pa_naturesdesolpossibles-normal-de","26":"pa_naturesdesolpossibles-schwer-de","27":"pa_particularites-essbar-de","28":"pa_periodedefloraison-fruhling-de","29":"pa_periodedetaille-okt-de","30":"pa_phdusolacceptable-kalkigmehrals75-de","31":"pa_phdusolacceptable-neutralzw65u75-de","32":"pa_phdusolacceptable-sauerwenigerals65-de","33":"pa_portgraphisme-rund-de","34":"pa_resistanceaufroidrusticite-frostbestandigunter_20c-de","35":"pa_tailledepot-3liter_topf-de","36":"pa_tailledepot-4liter_topf-de","37":"pa_utilisationpossible-beet-de","38":"pa_utilisationpossible-kubelodertopf-de","40":"first","41":"instock","42":"taxable","43":"shipping-taxable","44":"purchasable","45":"product-type-variable","46":"has-default-attributes"},"supplier_id":null,"supplier_sku":"","barcode":null,"atum_controlled":true,"out_stock_date":null,"out_stock_threshold":null,"inheritable":true,"inbound_stock":0,"stock_on_hold":0,"sold_today":0,"sales_last_days":0,"reserved_stock":0,"customer_returns":0,"warehouse_damage":0,"lost_in_post":0,"other_logs":0,"out_stock_days":null,"lost_sales":0,"has_location":false,"update_date":"2026-02-05T13:11:10","atum_locations":[],"atum_stock_status":"instock","restock_status":false,"low_stock_amount":"","sales_update_date":"2023-11-03T14:57:09","calc_backorders":null,"yoast_head":"<!-- This site is optimized with the Yoast SEO Premium plugin v27.5 (Yoast SEO v27.5) - https:\/\/yoast.com\/product\/yoast-seo-premium-wordpress\/ -->\n<title>ARMORACIA rusticana &#039;Variegata&#039; - bunter Meerrettich<\/title>\n<meta name=\"description\" content=\"Dieser Meerrettich ist besonders wertvoll aufgrund seines gr\u00fcn\/weis bunten Laubes. Die Bl\u00e4tter vonARMORACIA rusticana &#039;Variegata&#039; sind essbar.\" \/>\n<meta name=\"robots\" content=\"index, follow, max-snippet:-1, max-image-preview:large, max-video-preview:-1\" \/>\n<link rel=\"canonical\" href=\"https:\/\/www.vallonchene.fr\/de\/produkt\/armoracia-rusticana-variegata\/\" \/>\n<meta property=\"og:locale\" content=\"de_DE\" \/>\n<meta property=\"og:type\" content=\"article\" \/>\n<meta property=\"og:title\" content=\"ARMORACIA rusticana &#039;Variegata&#039;\" \/>\n<meta property=\"og:description\" content=\"Dieser Meerrettich ist besonders wertvoll aufgrund seines gr\u00fcn\/weis bunten Laubes. Die Bl\u00e4tter vonARMORACIA rusticana &#039;Variegata&#039; sind essbar.\" \/>\n<meta property=\"og:url\" content=\"https:\/\/www.vallonchene.fr\/de\/produkt\/armoracia-rusticana-variegata\/\" \/>\n<meta property=\"og:site_name\" content=\"Vallonch\u00eane\" \/>\n<meta property=\"article:publisher\" content=\"https:\/\/www.facebook.com\/vallonchene.fr\" \/>\n<meta property=\"article:modified_time\" content=\"2025-07-16T19:28:27+00:00\" \/>\n<meta property=\"og:image\" content=\"https:\/\/www.vallonchene.fr\/wp-content\/uploads\/2023\/06\/ARMORACIA-rusticana-Variegata_02-1.webp\" \/>\n\t<meta property=\"og:image:width\" content=\"1000\" \/>\n\t<meta property=\"og:image:height\" content=\"1000\" \/>\n\t<meta property=\"og:image:type\" content=\"image\/webp\" \/>\n<meta name=\"twitter:card\" content=\"summary_large_image\" \/>\n<meta name=\"twitter:label1\" content=\"Verf\u00fcgbarkeit\" \/>\n\t<meta name=\"twitter:data1\" content=\"Vorr\u00e4tig\" \/>\n<script type=\"application\/ld+json\" class=\"yoast-schema-graph\">{\"@context\":\"https:\\\/\\\/schema.org\",\"@graph\":[{\"@type\":\"WebPage\",\"@id\":\"https:\\\/\\\/www.vallonchene.fr\\\/de\\\/produkt\\\/armoracia-rusticana-variegata\\\/\",\"url\":\"https:\\\/\\\/www.vallonchene.fr\\\/de\\\/produkt\\\/armoracia-rusticana-variegata\\\/\",\"name\":\"ARMORACIA rusticana 'Variegata' - bunter Meerrettich\",\"isPartOf\":{\"@id\":\"https:\\\/\\\/www.vallonchene.fr\\\/de\\\/#website\"},\"primaryImageOfPage\":{\"@id\":\"https:\\\/\\\/www.vallonchene.fr\\\/de\\\/produkt\\\/armoracia-rusticana-variegata\\\/#primaryimage\"},\"image\":{\"@id\":\"https:\\\/\\\/www.vallonchene.fr\\\/de\\\/produkt\\\/armoracia-rusticana-variegata\\\/#primaryimage\"},\"thumbnailUrl\":\"https:\\\/\\\/www.vallonchene.fr\\\/wp-content\\\/uploads\\\/2023\\\/06\\\/ARMORACIA-rusticana-Variegata_02-1.webp\",\"datePublished\":\"2021-08-31T10:45:25+00:00\",\"dateModified\":\"2025-07-16T19:28:27+00:00\",\"description\":\"Dieser Meerrettich ist besonders wertvoll aufgrund seines gr\u00fcn\\\/weis bunten Laubes. Die Bl\u00e4tter vonARMORACIA rusticana 'Variegata' sind essbar.\",\"breadcrumb\":{\"@id\":\"https:\\\/\\\/www.vallonchene.fr\\\/de\\\/produkt\\\/armoracia-rusticana-variegata\\\/#breadcrumb\"},\"inLanguage\":\"de\",\"potentialAction\":[{\"@type\":\"ReadAction\",\"target\":[\"https:\\\/\\\/www.vallonchene.fr\\\/de\\\/produkt\\\/armoracia-rusticana-variegata\\\/\"]}]},{\"@type\":\"ImageObject\",\"inLanguage\":\"de\",\"@id\":\"https:\\\/\\\/www.vallonchene.fr\\\/de\\\/produkt\\\/armoracia-rusticana-variegata\\\/#primaryimage\",\"url\":\"https:\\\/\\\/www.vallonchene.fr\\\/wp-content\\\/uploads\\\/2023\\\/06\\\/ARMORACIA-rusticana-Variegata_02-1.webp\",\"contentUrl\":\"https:\\\/\\\/www.vallonchene.fr\\\/wp-content\\\/uploads\\\/2023\\\/06\\\/ARMORACIA-rusticana-Variegata_02-1.webp\",\"width\":1000,\"height\":1000,\"caption\":\"Gr\u00fcn-wei\u00df buntes Laub von ARMORACIA rusticana 'Variegata' im Fr\u00fchling\"},{\"@type\":\"BreadcrumbList\",\"@id\":\"https:\\\/\\\/www.vallonchene.fr\\\/de\\\/produkt\\\/armoracia-rusticana-variegata\\\/#breadcrumb\",\"itemListElement\":[{\"@type\":\"ListItem\",\"position\":1,\"name\":\"Home\",\"item\":\"https:\\\/\\\/www.vallonchene.fr\\\/de\\\/\"},{\"@type\":\"ListItem\",\"position\":2,\"name\":\"Shop\",\"item\":\"https:\\\/\\\/www.vallonchene.fr\\\/de\\\/shop\\\/\"},{\"@type\":\"ListItem\",\"position\":3,\"name\":\"Online-Verkauf\",\"item\":\"https:\\\/\\\/www.vallonchene.fr\\\/de\\\/produkt-kategorie\\\/online-verkauf-de\\\/\"},{\"@type\":\"ListItem\",\"position\":4,\"name\":\"Baumschule\",\"item\":\"https:\\\/\\\/www.vallonchene.fr\\\/de\\\/produkt-kategorie\\\/online-verkauf-de\\\/baumschule-gaertnerei-de\\\/\"},{\"@type\":\"ListItem\",\"position\":5,\"name\":\"Stauden\",\"item\":\"https:\\\/\\\/www.vallonchene.fr\\\/de\\\/produkt-kategorie\\\/online-verkauf-de\\\/baumschule-gaertnerei-de\\\/stauden-de\\\/\"},{\"@type\":\"ListItem\",\"position\":6,\"name\":\"ARMORACIA rusticana &#8216;Variegata&#8217;\"}]},{\"@type\":\"WebSite\",\"@id\":\"https:\\\/\\\/www.vallonchene.fr\\\/de\\\/#website\",\"url\":\"https:\\\/\\\/www.vallonchene.fr\\\/de\\\/\",\"name\":\"Vallonch\u00eane\",\"description\":\"Die Baumschule, bei der Qualit\u00e4t ihre Wurzeln hat \u2013 Tel.: +49 (0)6838-5399840\",\"publisher\":{\"@id\":\"https:\\\/\\\/www.vallonchene.fr\\\/de\\\/#organization\"},\"potentialAction\":[{\"@type\":\"SearchAction\",\"target\":{\"@type\":\"EntryPoint\",\"urlTemplate\":\"https:\\\/\\\/www.vallonchene.fr\\\/de\\\/?s={search_term_string}\"},\"query-input\":{\"@type\":\"PropertyValueSpecification\",\"valueRequired\":true,\"valueName\":\"search_term_string\"}}],\"inLanguage\":\"de\"},{\"@type\":\"Organization\",\"@id\":\"https:\\\/\\\/www.vallonchene.fr\\\/de\\\/#organization\",\"name\":\"VALLONCHENE\",\"url\":\"https:\\\/\\\/www.vallonchene.fr\\\/de\\\/\",\"logo\":{\"@type\":\"ImageObject\",\"inLanguage\":\"de\",\"@id\":\"https:\\\/\\\/www.vallonchene.fr\\\/de\\\/#\\\/schema\\\/logo\\\/image\\\/\",\"url\":\"https:\\\/\\\/www.vallonchene.fr\\\/wp-content\\\/uploads\\\/2023\\\/03\\\/Logo-Vallonchene-site-et-R_hauteur_100.png\",\"contentUrl\":\"https:\\\/\\\/www.vallonchene.fr\\\/wp-content\\\/uploads\\\/2023\\\/03\\\/Logo-Vallonchene-site-et-R_hauteur_100.png\",\"width\":221,\"height\":100,\"caption\":\"VALLONCHENE\"},\"image\":{\"@id\":\"https:\\\/\\\/www.vallonchene.fr\\\/de\\\/#\\\/schema\\\/logo\\\/image\\\/\"},\"sameAs\":[\"https:\\\/\\\/www.facebook.com\\\/vallonchene.fr\",\"https:\\\/\\\/www.instagram.com\\\/vallonchene\\\/\",\"https:\\\/\\\/www.pinterest.fr\\\/vallonchene\\\/\"],\"taxID\":\"49454502300017\",\"hasMerchantReturnPolicy\":{\"@type\":\"MerchantReturnPolicy\",\"merchantReturnLink\":\"https:\\\/\\\/www.vallonchene.fr\\\/remboursements_retours\\\/\"}}]}<\/script>\n<meta property=\"og:availability\" content=\"instock\" \/>\n<meta property=\"product:availability\" content=\"instock\" \/>\n<meta property=\"product:retailer_item_id\" content=\"51995\" \/>\n<meta property=\"product:condition\" content=\"new\" \/>\n<!-- \/ Yoast SEO Premium plugin. -->","yoast_head_json":{"title":"ARMORACIA rusticana 'Variegata' - bunter Meerrettich","description":"Dieser Meerrettich ist besonders wertvoll aufgrund seines gr\u00fcn\/weis bunten Laubes. Die Bl\u00e4tter vonARMORACIA rusticana 'Variegata' sind essbar.","robots":{"index":"index","follow":"follow","max-snippet":"max-snippet:-1","max-image-preview":"max-image-preview:large","max-video-preview":"max-video-preview:-1"},"canonical":"https:\/\/www.vallonchene.fr\/de\/produkt\/armoracia-rusticana-variegata\/","og_locale":"de_DE","og_type":"article","og_title":"ARMORACIA rusticana 'Variegata'","og_description":"Dieser Meerrettich ist besonders wertvoll aufgrund seines gr\u00fcn\/weis bunten Laubes. Die Bl\u00e4tter vonARMORACIA rusticana 'Variegata' sind essbar.","og_url":"https:\/\/www.vallonchene.fr\/de\/produkt\/armoracia-rusticana-variegata\/","og_site_name":"Vallonch\u00eane","article_publisher":"https:\/\/www.facebook.com\/vallonchene.fr","article_modified_time":"2025-07-16T19:28:27+00:00","og_image":[{"width":1000,"height":1000,"url":"https:\/\/www.vallonchene.fr\/wp-content\/uploads\/2023\/06\/ARMORACIA-rusticana-Variegata_02-1.webp","type":"image\/webp"}],"twitter_card":"summary_large_image","twitter_misc":{"Verf\u00fcgbarkeit":"Vorr\u00e4tig"},"schema":{"@context":"https:\/\/schema.org","@graph":[{"@type":"WebPage","@id":"https:\/\/www.vallonchene.fr\/de\/produkt\/armoracia-rusticana-variegata\/","url":"https:\/\/www.vallonchene.fr\/de\/produkt\/armoracia-rusticana-variegata\/","name":"ARMORACIA rusticana 'Variegata' - bunter Meerrettich","isPartOf":{"@id":"https:\/\/www.vallonchene.fr\/de\/#website"},"primaryImageOfPage":{"@id":"https:\/\/www.vallonchene.fr\/de\/produkt\/armoracia-rusticana-variegata\/#primaryimage"},"image":{"@id":"https:\/\/www.vallonchene.fr\/de\/produkt\/armoracia-rusticana-variegata\/#primaryimage"},"thumbnailUrl":"https:\/\/www.vallonchene.fr\/wp-content\/uploads\/2023\/06\/ARMORACIA-rusticana-Variegata_02-1.webp","datePublished":"2021-08-31T10:45:25+00:00","dateModified":"2025-07-16T19:28:27+00:00","description":"Dieser Meerrettich ist besonders wertvoll aufgrund seines gr\u00fcn\/weis bunten Laubes. Die Bl\u00e4tter vonARMORACIA rusticana 'Variegata' sind essbar.","breadcrumb":{"@id":"https:\/\/www.vallonchene.fr\/de\/produkt\/armoracia-rusticana-variegata\/#breadcrumb"},"inLanguage":"de","potentialAction":[{"@type":"ReadAction","target":["https:\/\/www.vallonchene.fr\/de\/produkt\/armoracia-rusticana-variegata\/"]}]},{"@type":"ImageObject","inLanguage":"de","@id":"https:\/\/www.vallonchene.fr\/de\/produkt\/armoracia-rusticana-variegata\/#primaryimage","url":"https:\/\/www.vallonchene.fr\/wp-content\/uploads\/2023\/06\/ARMORACIA-rusticana-Variegata_02-1.webp","contentUrl":"https:\/\/www.vallonchene.fr\/wp-content\/uploads\/2023\/06\/ARMORACIA-rusticana-Variegata_02-1.webp","width":1000,"height":1000,"caption":"Gr\u00fcn-wei\u00df buntes Laub von ARMORACIA rusticana 'Variegata' im Fr\u00fchling"},{"@type":"BreadcrumbList","@id":"https:\/\/www.vallonchene.fr\/de\/produkt\/armoracia-rusticana-variegata\/#breadcrumb","itemListElement":[{"@type":"ListItem","position":1,"name":"Home","item":"https:\/\/www.vallonchene.fr\/de\/"},{"@type":"ListItem","position":2,"name":"Shop","item":"https:\/\/www.vallonchene.fr\/de\/shop\/"},{"@type":"ListItem","position":3,"name":"Online-Verkauf","item":"https:\/\/www.vallonchene.fr\/de\/produkt-kategorie\/online-verkauf-de\/"},{"@type":"ListItem","position":4,"name":"Baumschule","item":"https:\/\/www.vallonchene.fr\/de\/produkt-kategorie\/online-verkauf-de\/baumschule-gaertnerei-de\/"},{"@type":"ListItem","position":5,"name":"Stauden","item":"https:\/\/www.vallonchene.fr\/de\/produkt-kategorie\/online-verkauf-de\/baumschule-gaertnerei-de\/stauden-de\/"},{"@type":"ListItem","position":6,"name":"ARMORACIA rusticana &#8216;Variegata&#8217;"}]},{"@type":"WebSite","@id":"https:\/\/www.vallonchene.fr\/de\/#website","url":"https:\/\/www.vallonchene.fr\/de\/","name":"Vallonch\u00eane","description":"Die Baumschule, bei der Qualit\u00e4t ihre Wurzeln hat \u2013 Tel.: +49 (0)6838-5399840","publisher":{"@id":"https:\/\/www.vallonchene.fr\/de\/#organization"},"potentialAction":[{"@type":"SearchAction","target":{"@type":"EntryPoint","urlTemplate":"https:\/\/www.vallonchene.fr\/de\/?s={search_term_string}"},"query-input":{"@type":"PropertyValueSpecification","valueRequired":true,"valueName":"search_term_string"}}],"inLanguage":"de"},{"@type":"Organization","@id":"https:\/\/www.vallonchene.fr\/de\/#organization","name":"VALLONCHENE","url":"https:\/\/www.vallonchene.fr\/de\/","logo":{"@type":"ImageObject","inLanguage":"de","@id":"https:\/\/www.vallonchene.fr\/de\/#\/schema\/logo\/image\/","url":"https:\/\/www.vallonchene.fr\/wp-content\/uploads\/2023\/03\/Logo-Vallonchene-site-et-R_hauteur_100.png","contentUrl":"https:\/\/www.vallonchene.fr\/wp-content\/uploads\/2023\/03\/Logo-Vallonchene-site-et-R_hauteur_100.png","width":221,"height":100,"caption":"VALLONCHENE"},"image":{"@id":"https:\/\/www.vallonchene.fr\/de\/#\/schema\/logo\/image\/"},"sameAs":["https:\/\/www.facebook.com\/vallonchene.fr","https:\/\/www.instagram.com\/vallonchene\/","https:\/\/www.pinterest.fr\/vallonchene\/"],"taxID":"49454502300017","hasMerchantReturnPolicy":{"@type":"MerchantReturnPolicy","merchantReturnLink":"https:\/\/www.vallonchene.fr\/remboursements_retours\/"}}]},"og_availability":"instock","product_availability":"instock","product_retailer_item_id":"51995","product_condition":"new"},"_links":{"self":[{"href":"https:\/\/www.vallonchene.fr\/de\/wp-json\/wp\/v2\/product\/19204","targetHints":{"allow":["GET"]}}],"collection":[{"href":"https:\/\/www.vallonchene.fr\/de\/wp-json\/wp\/v2\/product"}],"about":[{"href":"https:\/\/www.vallonchene.fr\/de\/wp-json\/wp\/v2\/types\/product"}],"replies":[{"embeddable":true,"href":"https:\/\/www.vallonchene.fr\/de\/wp-json\/wp\/v2\/comments?post=19204"}],"wp:featuredmedia":[{"embeddable":true,"href":"https:\/\/www.vallonchene.fr\/de\/wp-json\/wp\/v2\/media\/41023"}],"wp:attachment":[{"href":"https:\/\/www.vallonchene.fr\/de\/wp-json\/wp\/v2\/media?parent=19204"}],"wp:term":[{"taxonomy":"product_brand","embeddable":true,"href":"https:\/\/www.vallonchene.fr\/de\/wp-json\/wp\/v2\/product_brand?post=19204"},{"taxonomy":"product_cat","embeddable":true,"href":"https:\/\/www.vallonchene.fr\/de\/wp-json\/wp\/v2\/product_cat?post=19204"},{"taxonomy":"product_tag","embeddable":true,"href":"https:\/\/www.vallonchene.fr\/de\/wp-json\/wp\/v2\/product_tag?post=19204"}],"curies":[{"name":"wp","href":"https:\/\/api.w.org\/{rel}","templated":true}]}}