{"id":18935,"date":"2021-08-31T10:45:25","date_gmt":"2021-08-31T10:45:25","guid":{"rendered":"https:\/\/testing.vallonchene.fr\/produit\/aralia-elata\/"},"modified":"2025-03-23T17:58:21","modified_gmt":"2025-03-23T16:58:21","slug":"aralia-elata","status":"publish","type":"product","link":"https:\/\/www.vallonchene.fr\/de\/produkt\/aralia-elata\/","title":{"rendered":"ARALIA elata (Japanische Angelikabaum, Teufelskr\u00fcckstock))"},"content":{"rendered":"<p>Die <strong>japanische Aralie<\/strong>, auch <strong>Teufelskr\u00fcckstock<\/strong> genannt, ist besonders dekorativ durch die Grafik, die ihr Laub und St\u00e4mme verleihen. Die Bl\u00e4tter k\u00f6nnen 60 bis 120 cm erreichen. Im Sommer erscheinen am Ende der Trieben wei\u00dfe Bl\u00fcten. Das Laub von <strong>ARALIA elata<\/strong> ist gr\u00fcn und nimmt atemberaubende gelbe, orange und rote Herbstfarben an. In Japan und Korea werden die jungen Triebe verspeist. Diese Gerichte werden Tara-no-me bzw. Namul genannt.<\/p>\n","protected":false},"excerpt":{"rendered":"<p>Der <strong>japanische Angelikabaum (Teufelskr\u00fcckstock)<\/strong> ist besonders sch\u00f6n auf Grund seiner &#8222;japanischen&#8220; Form. Der\u00a0<strong>ARALIA elata<\/strong> hat gr\u00fcne, \u00fcppige Bl\u00e4tter. Im Sommer bl\u00fcht er weiss. Die Bl\u00e4tter f\u00e4rben sich sch\u00f6n gelb im Herbst.<\/p>\n","protected":false},"featured_media":18924,"comment_status":"open","ping_status":"closed","template":"","meta":[],"product_brand":[],"product_cat":[252],"product_tag":[],"class_list":{"0":"post-18935","1":"product","2":"type-product","3":"status-publish","4":"has-post-thumbnail","6":"product_cat-straucher-und-baume-de","7":"pa_99-hauteurapproximativeapres1-3_5m-de","8":"pa_couleurdelecorce-grau-de","9":"pa_couleurdesfleurs-weiss-de","10":"pa_couleurdufeuillage-grun-de","11":"pa_exigencesenhumidite-feucht-de","12":"pa_exigencesenhumidite-normal-de","13":"pa_exigencesenhumidite-trocken-de","14":"pa_expositionspossibles-ce-halbschattigsonnezw12und17-de","15":"pa_expositionspossibles-fc-schattigkeindirektessonnen-de","16":"pa_hauteurlivree-100-bis-125-cm","17":"pa_hauteurlivree-125-bis-150-cm","18":"pa_hauteurlivree-80-bis-100-cm","19":"pa_interetauprintemps-form-de","20":"pa_interetauprintemps-jungesprossen-de","21":"pa_interetauprintemps-laub-de","22":"pa_interetauprintemps-rinde-de","23":"pa_interetenautomne-form-de","24":"pa_interetenautomne-laub-de","25":"pa_interetenautomne-rinde-de","26":"pa_interetenete-bluten-de","27":"pa_interetenete-form-de","28":"pa_interetenete-laub-de","29":"pa_interetenete-rinde-de","30":"pa_interetenhiver-form-de","31":"pa_interetenhiver-rinde-de","32":"pa_naturedufeuillage-nichtimmergrun-de","33":"pa_naturesdesolpossibles-leicht-de","34":"pa_naturesdesolpossibles-normal-de","35":"pa_naturesdesolpossibles-schwer-de","36":"pa_particularites-form-de","37":"pa_periodedefloraison-sommer-de","38":"pa_periodedetaille-marz-de","39":"pa_phdusolacceptable-kalkigmehrals75-de","40":"pa_phdusolacceptable-neutralzw65u75-de","41":"pa_phdusolacceptable-sauerwenigerals65-de","42":"pa_portgraphisme-kolonnenformig-de","43":"pa_resistanceaufroidrusticite-frostbestandigunter_20c-de","44":"pa_tailledepot-10liter_topf-de","45":"pa_tailledepot-4liter_topf-de","46":"pa_tailledepot-75liter_topf-de","47":"pa_utilisationpossible-alleinstehend-de","48":"pa_utilisationpossible-beet-de","49":"pa_utilisationpossible-kubelodertopf-de","51":"first","52":"instock","53":"taxable","54":"shipping-taxable","55":"purchasable","56":"product-type-variable","57":"has-default-attributes"},"supplier_id":null,"supplier_sku":"","barcode":null,"atum_controlled":true,"out_stock_date":null,"out_stock_threshold":null,"inheritable":false,"inbound_stock":0,"stock_on_hold":0,"sold_today":0,"sales_last_days":0,"reserved_stock":0,"customer_returns":0,"warehouse_damage":0,"lost_in_post":0,"other_logs":0,"out_stock_days":null,"lost_sales":0,"has_location":false,"update_date":"2025-03-23T16:58:22","atum_locations":[],"atum_stock_status":"instock","restock_status":false,"low_stock_amount":"","sales_update_date":"2024-01-07T09:11:43","calc_backorders":null,"yoast_head":"<!-- This site is optimized with the Yoast SEO Premium plugin v27.5 (Yoast SEO v27.5) - https:\/\/yoast.com\/product\/yoast-seo-premium-wordpress\/ -->\n<title>ARALIA elata (japanischer Angelikabaum, Teufelskr\u00fcckstock))<\/title>\n<meta name=\"description\" content=\"Der japanische Angelikabaum (Teufelskr\u00fcckstock) ist besonders sch\u00f6n auf Grund seiner &quot;japanischen&quot; Form. Der\u00a0ARALIA elata hat gr\u00fcne, \u00fcppige Bl\u00e4tter. Im Sommer bl\u00fcht er weiss. Die Bl\u00e4tter f\u00e4rben sich sch\u00f6n gelb im...\" \/>\n<meta name=\"robots\" content=\"index, follow, max-snippet:-1, max-image-preview:large, max-video-preview:-1\" \/>\n<link rel=\"canonical\" href=\"https:\/\/www.vallonchene.fr\/de\/produkt\/aralia-elata\/\" \/>\n<meta property=\"og:locale\" content=\"de_DE\" \/>\n<meta property=\"og:type\" content=\"article\" \/>\n<meta property=\"og:title\" content=\"ARALIA elata (Japanische Angelikabaum, Teufelskr\u00fcckstock))\" \/>\n<meta property=\"og:description\" content=\"Der japanische Angelikabaum (Teufelskr\u00fcckstock) ist besonders sch\u00f6n auf Grund seiner &quot;japanischen&quot; Form. Der\u00a0ARALIA elata hat gr\u00fcne, \u00fcppige Bl\u00e4tter. Im Sommer bl\u00fcht er weiss. Die Bl\u00e4tter f\u00e4rben sich sch\u00f6n gelb im...\" \/>\n<meta property=\"og:url\" content=\"https:\/\/www.vallonchene.fr\/de\/produkt\/aralia-elata\/\" \/>\n<meta property=\"og:site_name\" content=\"Vallonch\u00eane\" \/>\n<meta property=\"article:publisher\" content=\"https:\/\/www.facebook.com\/vallonchene.fr\" \/>\n<meta property=\"article:modified_time\" content=\"2025-03-23T16:58:21+00:00\" \/>\n<meta property=\"og:image\" content=\"https:\/\/www.vallonchene.fr\/wp-content\/uploads\/2021\/08\/576-5b7-ARALIA-elata-en-Aout-avec-un-debut-de-coloration-dautomne.jpg\" \/>\n\t<meta property=\"og:image:width\" content=\"1600\" \/>\n\t<meta property=\"og:image:height\" content=\"1600\" \/>\n\t<meta property=\"og:image:type\" content=\"image\/jpeg\" \/>\n<meta name=\"twitter:card\" content=\"summary_large_image\" \/>\n<meta name=\"twitter:label1\" content=\"Verf\u00fcgbarkeit\" \/>\n\t<meta name=\"twitter:data1\" content=\"Vorr\u00e4tig\" \/>\n<script type=\"application\/ld+json\" class=\"yoast-schema-graph\">{\"@context\":\"https:\\\/\\\/schema.org\",\"@graph\":[{\"@type\":\"WebPage\",\"@id\":\"https:\\\/\\\/www.vallonchene.fr\\\/de\\\/produkt\\\/aralia-elata\\\/\",\"url\":\"https:\\\/\\\/www.vallonchene.fr\\\/de\\\/produkt\\\/aralia-elata\\\/\",\"name\":\"ARALIA elata (japanischer Angelikabaum, Teufelskr\u00fcckstock))\",\"isPartOf\":{\"@id\":\"https:\\\/\\\/www.vallonchene.fr\\\/de\\\/#website\"},\"primaryImageOfPage\":{\"@id\":\"https:\\\/\\\/www.vallonchene.fr\\\/de\\\/produkt\\\/aralia-elata\\\/#primaryimage\"},\"image\":{\"@id\":\"https:\\\/\\\/www.vallonchene.fr\\\/de\\\/produkt\\\/aralia-elata\\\/#primaryimage\"},\"thumbnailUrl\":\"https:\\\/\\\/www.vallonchene.fr\\\/wp-content\\\/uploads\\\/2021\\\/08\\\/576-5b7-ARALIA-elata-en-Aout-avec-un-debut-de-coloration-dautomne.jpg\",\"datePublished\":\"2021-08-31T10:45:25+00:00\",\"dateModified\":\"2025-03-23T16:58:21+00:00\",\"description\":\"Der japanische Angelikabaum (Teufelskr\u00fcckstock) ist besonders sch\u00f6n auf Grund seiner \\\"japanischen\\\" Form. Der\u00a0ARALIA elata hat gr\u00fcne, \u00fcppige Bl\u00e4tter. Im Sommer bl\u00fcht er weiss. Die Bl\u00e4tter f\u00e4rben sich sch\u00f6n gelb im...\",\"breadcrumb\":{\"@id\":\"https:\\\/\\\/www.vallonchene.fr\\\/de\\\/produkt\\\/aralia-elata\\\/#breadcrumb\"},\"inLanguage\":\"de\",\"potentialAction\":[{\"@type\":\"ReadAction\",\"target\":[\"https:\\\/\\\/www.vallonchene.fr\\\/de\\\/produkt\\\/aralia-elata\\\/\"]}]},{\"@type\":\"ImageObject\",\"inLanguage\":\"de\",\"@id\":\"https:\\\/\\\/www.vallonchene.fr\\\/de\\\/produkt\\\/aralia-elata\\\/#primaryimage\",\"url\":\"https:\\\/\\\/www.vallonchene.fr\\\/wp-content\\\/uploads\\\/2021\\\/08\\\/576-5b7-ARALIA-elata-en-Aout-avec-un-debut-de-coloration-dautomne.jpg\",\"contentUrl\":\"https:\\\/\\\/www.vallonchene.fr\\\/wp-content\\\/uploads\\\/2021\\\/08\\\/576-5b7-ARALIA-elata-en-Aout-avec-un-debut-de-coloration-dautomne.jpg\",\"width\":1600,\"height\":1600},{\"@type\":\"BreadcrumbList\",\"@id\":\"https:\\\/\\\/www.vallonchene.fr\\\/de\\\/produkt\\\/aralia-elata\\\/#breadcrumb\",\"itemListElement\":[{\"@type\":\"ListItem\",\"position\":1,\"name\":\"Home\",\"item\":\"https:\\\/\\\/www.vallonchene.fr\\\/de\\\/\"},{\"@type\":\"ListItem\",\"position\":2,\"name\":\"Shop\",\"item\":\"https:\\\/\\\/www.vallonchene.fr\\\/de\\\/shop\\\/\"},{\"@type\":\"ListItem\",\"position\":3,\"name\":\"Online-Verkauf\",\"item\":\"https:\\\/\\\/www.vallonchene.fr\\\/de\\\/produkt-kategorie\\\/online-verkauf-de\\\/\"},{\"@type\":\"ListItem\",\"position\":4,\"name\":\"Baumschule\",\"item\":\"https:\\\/\\\/www.vallonchene.fr\\\/de\\\/produkt-kategorie\\\/online-verkauf-de\\\/baumschule-gaertnerei-de\\\/\"},{\"@type\":\"ListItem\",\"position\":5,\"name\":\"Str\u00e4ucher und B\u00e4ume\",\"item\":\"https:\\\/\\\/www.vallonchene.fr\\\/de\\\/produkt-kategorie\\\/online-verkauf-de\\\/baumschule-gaertnerei-de\\\/straucher-und-baume-de\\\/\"},{\"@type\":\"ListItem\",\"position\":6,\"name\":\"ARALIA elata (Japanische Angelikabaum, Teufelskr\u00fcckstock))\"}]},{\"@type\":\"WebSite\",\"@id\":\"https:\\\/\\\/www.vallonchene.fr\\\/de\\\/#website\",\"url\":\"https:\\\/\\\/www.vallonchene.fr\\\/de\\\/\",\"name\":\"Vallonch\u00eane\",\"description\":\"Die Baumschule, bei der Qualit\u00e4t ihre Wurzeln hat \u2013 Tel.: +49 (0)6838-5399840\",\"publisher\":{\"@id\":\"https:\\\/\\\/www.vallonchene.fr\\\/de\\\/#organization\"},\"potentialAction\":[{\"@type\":\"SearchAction\",\"target\":{\"@type\":\"EntryPoint\",\"urlTemplate\":\"https:\\\/\\\/www.vallonchene.fr\\\/de\\\/?s={search_term_string}\"},\"query-input\":{\"@type\":\"PropertyValueSpecification\",\"valueRequired\":true,\"valueName\":\"search_term_string\"}}],\"inLanguage\":\"de\"},{\"@type\":\"Organization\",\"@id\":\"https:\\\/\\\/www.vallonchene.fr\\\/de\\\/#organization\",\"name\":\"VALLONCHENE\",\"url\":\"https:\\\/\\\/www.vallonchene.fr\\\/de\\\/\",\"logo\":{\"@type\":\"ImageObject\",\"inLanguage\":\"de\",\"@id\":\"https:\\\/\\\/www.vallonchene.fr\\\/de\\\/#\\\/schema\\\/logo\\\/image\\\/\",\"url\":\"https:\\\/\\\/www.vallonchene.fr\\\/wp-content\\\/uploads\\\/2023\\\/03\\\/Logo-Vallonchene-site-et-R_hauteur_100.png\",\"contentUrl\":\"https:\\\/\\\/www.vallonchene.fr\\\/wp-content\\\/uploads\\\/2023\\\/03\\\/Logo-Vallonchene-site-et-R_hauteur_100.png\",\"width\":221,\"height\":100,\"caption\":\"VALLONCHENE\"},\"image\":{\"@id\":\"https:\\\/\\\/www.vallonchene.fr\\\/de\\\/#\\\/schema\\\/logo\\\/image\\\/\"},\"sameAs\":[\"https:\\\/\\\/www.facebook.com\\\/vallonchene.fr\",\"https:\\\/\\\/www.instagram.com\\\/vallonchene\\\/\",\"https:\\\/\\\/www.pinterest.fr\\\/vallonchene\\\/\"],\"taxID\":\"49454502300017\",\"hasMerchantReturnPolicy\":{\"@type\":\"MerchantReturnPolicy\",\"merchantReturnLink\":\"https:\\\/\\\/www.vallonchene.fr\\\/remboursements_retours\\\/\"}}]}<\/script>\n<meta property=\"og:availability\" content=\"instock\" \/>\n<meta property=\"product:availability\" content=\"instock\" \/>\n<meta property=\"product:retailer_item_id\" content=\"93476\" \/>\n<meta property=\"product:condition\" content=\"new\" \/>\n<!-- \/ Yoast SEO Premium plugin. -->","yoast_head_json":{"title":"ARALIA elata (japanischer Angelikabaum, Teufelskr\u00fcckstock))","description":"Der japanische Angelikabaum (Teufelskr\u00fcckstock) ist besonders sch\u00f6n auf Grund seiner \"japanischen\" Form. Der\u00a0ARALIA elata hat gr\u00fcne, \u00fcppige Bl\u00e4tter. Im Sommer bl\u00fcht er weiss. Die Bl\u00e4tter f\u00e4rben sich sch\u00f6n gelb im...","robots":{"index":"index","follow":"follow","max-snippet":"max-snippet:-1","max-image-preview":"max-image-preview:large","max-video-preview":"max-video-preview:-1"},"canonical":"https:\/\/www.vallonchene.fr\/de\/produkt\/aralia-elata\/","og_locale":"de_DE","og_type":"article","og_title":"ARALIA elata (Japanische Angelikabaum, Teufelskr\u00fcckstock))","og_description":"Der japanische Angelikabaum (Teufelskr\u00fcckstock) ist besonders sch\u00f6n auf Grund seiner \"japanischen\" Form. Der\u00a0ARALIA elata hat gr\u00fcne, \u00fcppige Bl\u00e4tter. Im Sommer bl\u00fcht er weiss. Die Bl\u00e4tter f\u00e4rben sich sch\u00f6n gelb im...","og_url":"https:\/\/www.vallonchene.fr\/de\/produkt\/aralia-elata\/","og_site_name":"Vallonch\u00eane","article_publisher":"https:\/\/www.facebook.com\/vallonchene.fr","article_modified_time":"2025-03-23T16:58:21+00:00","og_image":[{"width":1600,"height":1600,"url":"https:\/\/www.vallonchene.fr\/wp-content\/uploads\/2021\/08\/576-5b7-ARALIA-elata-en-Aout-avec-un-debut-de-coloration-dautomne.jpg","type":"image\/jpeg"}],"twitter_card":"summary_large_image","twitter_misc":{"Verf\u00fcgbarkeit":"Vorr\u00e4tig"},"schema":{"@context":"https:\/\/schema.org","@graph":[{"@type":"WebPage","@id":"https:\/\/www.vallonchene.fr\/de\/produkt\/aralia-elata\/","url":"https:\/\/www.vallonchene.fr\/de\/produkt\/aralia-elata\/","name":"ARALIA elata (japanischer Angelikabaum, Teufelskr\u00fcckstock))","isPartOf":{"@id":"https:\/\/www.vallonchene.fr\/de\/#website"},"primaryImageOfPage":{"@id":"https:\/\/www.vallonchene.fr\/de\/produkt\/aralia-elata\/#primaryimage"},"image":{"@id":"https:\/\/www.vallonchene.fr\/de\/produkt\/aralia-elata\/#primaryimage"},"thumbnailUrl":"https:\/\/www.vallonchene.fr\/wp-content\/uploads\/2021\/08\/576-5b7-ARALIA-elata-en-Aout-avec-un-debut-de-coloration-dautomne.jpg","datePublished":"2021-08-31T10:45:25+00:00","dateModified":"2025-03-23T16:58:21+00:00","description":"Der japanische Angelikabaum (Teufelskr\u00fcckstock) ist besonders sch\u00f6n auf Grund seiner \"japanischen\" Form. Der\u00a0ARALIA elata hat gr\u00fcne, \u00fcppige Bl\u00e4tter. Im Sommer bl\u00fcht er weiss. Die Bl\u00e4tter f\u00e4rben sich sch\u00f6n gelb im...","breadcrumb":{"@id":"https:\/\/www.vallonchene.fr\/de\/produkt\/aralia-elata\/#breadcrumb"},"inLanguage":"de","potentialAction":[{"@type":"ReadAction","target":["https:\/\/www.vallonchene.fr\/de\/produkt\/aralia-elata\/"]}]},{"@type":"ImageObject","inLanguage":"de","@id":"https:\/\/www.vallonchene.fr\/de\/produkt\/aralia-elata\/#primaryimage","url":"https:\/\/www.vallonchene.fr\/wp-content\/uploads\/2021\/08\/576-5b7-ARALIA-elata-en-Aout-avec-un-debut-de-coloration-dautomne.jpg","contentUrl":"https:\/\/www.vallonchene.fr\/wp-content\/uploads\/2021\/08\/576-5b7-ARALIA-elata-en-Aout-avec-un-debut-de-coloration-dautomne.jpg","width":1600,"height":1600},{"@type":"BreadcrumbList","@id":"https:\/\/www.vallonchene.fr\/de\/produkt\/aralia-elata\/#breadcrumb","itemListElement":[{"@type":"ListItem","position":1,"name":"Home","item":"https:\/\/www.vallonchene.fr\/de\/"},{"@type":"ListItem","position":2,"name":"Shop","item":"https:\/\/www.vallonchene.fr\/de\/shop\/"},{"@type":"ListItem","position":3,"name":"Online-Verkauf","item":"https:\/\/www.vallonchene.fr\/de\/produkt-kategorie\/online-verkauf-de\/"},{"@type":"ListItem","position":4,"name":"Baumschule","item":"https:\/\/www.vallonchene.fr\/de\/produkt-kategorie\/online-verkauf-de\/baumschule-gaertnerei-de\/"},{"@type":"ListItem","position":5,"name":"Str\u00e4ucher und B\u00e4ume","item":"https:\/\/www.vallonchene.fr\/de\/produkt-kategorie\/online-verkauf-de\/baumschule-gaertnerei-de\/straucher-und-baume-de\/"},{"@type":"ListItem","position":6,"name":"ARALIA elata (Japanische Angelikabaum, Teufelskr\u00fcckstock))"}]},{"@type":"WebSite","@id":"https:\/\/www.vallonchene.fr\/de\/#website","url":"https:\/\/www.vallonchene.fr\/de\/","name":"Vallonch\u00eane","description":"Die Baumschule, bei der Qualit\u00e4t ihre Wurzeln hat \u2013 Tel.: +49 (0)6838-5399840","publisher":{"@id":"https:\/\/www.vallonchene.fr\/de\/#organization"},"potentialAction":[{"@type":"SearchAction","target":{"@type":"EntryPoint","urlTemplate":"https:\/\/www.vallonchene.fr\/de\/?s={search_term_string}"},"query-input":{"@type":"PropertyValueSpecification","valueRequired":true,"valueName":"search_term_string"}}],"inLanguage":"de"},{"@type":"Organization","@id":"https:\/\/www.vallonchene.fr\/de\/#organization","name":"VALLONCHENE","url":"https:\/\/www.vallonchene.fr\/de\/","logo":{"@type":"ImageObject","inLanguage":"de","@id":"https:\/\/www.vallonchene.fr\/de\/#\/schema\/logo\/image\/","url":"https:\/\/www.vallonchene.fr\/wp-content\/uploads\/2023\/03\/Logo-Vallonchene-site-et-R_hauteur_100.png","contentUrl":"https:\/\/www.vallonchene.fr\/wp-content\/uploads\/2023\/03\/Logo-Vallonchene-site-et-R_hauteur_100.png","width":221,"height":100,"caption":"VALLONCHENE"},"image":{"@id":"https:\/\/www.vallonchene.fr\/de\/#\/schema\/logo\/image\/"},"sameAs":["https:\/\/www.facebook.com\/vallonchene.fr","https:\/\/www.instagram.com\/vallonchene\/","https:\/\/www.pinterest.fr\/vallonchene\/"],"taxID":"49454502300017","hasMerchantReturnPolicy":{"@type":"MerchantReturnPolicy","merchantReturnLink":"https:\/\/www.vallonchene.fr\/remboursements_retours\/"}}]},"og_availability":"instock","product_availability":"instock","product_retailer_item_id":"93476","product_condition":"new"},"_links":{"self":[{"href":"https:\/\/www.vallonchene.fr\/de\/wp-json\/wp\/v2\/product\/18935","targetHints":{"allow":["GET"]}}],"collection":[{"href":"https:\/\/www.vallonchene.fr\/de\/wp-json\/wp\/v2\/product"}],"about":[{"href":"https:\/\/www.vallonchene.fr\/de\/wp-json\/wp\/v2\/types\/product"}],"replies":[{"embeddable":true,"href":"https:\/\/www.vallonchene.fr\/de\/wp-json\/wp\/v2\/comments?post=18935"}],"wp:featuredmedia":[{"embeddable":true,"href":"https:\/\/www.vallonchene.fr\/de\/wp-json\/wp\/v2\/media\/18924"}],"wp:attachment":[{"href":"https:\/\/www.vallonchene.fr\/de\/wp-json\/wp\/v2\/media?parent=18935"}],"wp:term":[{"taxonomy":"product_brand","embeddable":true,"href":"https:\/\/www.vallonchene.fr\/de\/wp-json\/wp\/v2\/product_brand?post=18935"},{"taxonomy":"product_cat","embeddable":true,"href":"https:\/\/www.vallonchene.fr\/de\/wp-json\/wp\/v2\/product_cat?post=18935"},{"taxonomy":"product_tag","embeddable":true,"href":"https:\/\/www.vallonchene.fr\/de\/wp-json\/wp\/v2\/product_tag?post=18935"}],"curies":[{"name":"wp","href":"https:\/\/api.w.org\/{rel}","templated":true}]}}