{"id":18811,"date":"2021-08-31T11:30:57","date_gmt":"2021-08-31T11:30:57","guid":{"rendered":"https:\/\/testing.vallonchene.fr\/produit\/prunus-x-yedoensis\/"},"modified":"2026-03-12T15:00:01","modified_gmt":"2026-03-12T14:00:01","slug":"prunus-x-yedoensis","status":"publish","type":"product","link":"https:\/\/www.vallonchene.fr\/de\/produkt\/prunus-x-yedoensis\/","title":{"rendered":"PRUNUS x yedoensis"},"content":{"rendered":"<h2>Die Pflanze<\/h2>\n<p>Die <em>PRUNUS x yedoensis<\/em>, auch bekannt als <em>Yoshino-Kirsche<\/em>, ist f\u00fcr ihre spektakul\u00e4re und \u00fcppige Bl\u00fcte im fr\u00fchen Fr\u00fchjahr (oder sp\u00e4ten Winter) sehr bekannt. Ihre gro\u00dfen Bl\u00fcten beginnen leicht rosa und werden dann reinwei\u00df (siehe Fotos).<\/p>\n<p>Dar\u00fcber hinaus hat die Yoshino-Kirsche eine gro\u00dfe kulturelle Bedeutung in Japan. Ihre Bl\u00fcten und ihre elegante, luftige Architektur machen sie zu einer au\u00dfergew\u00f6hnlichen Pflanze.<\/p>\n<p>Im Herbst leuchtet dieser Baum von moderater Gr\u00f6\u00dfe mit seinem Laub, das dann eine sch\u00f6ne goldgelbe Farbe annimmt.<\/p>\n<p>Im Winter bleiben ihre Rinde und ihre Grafik ihre letzten Tr\u00fcmpfe. Zusammenfassend ist dies eine Pflanze f\u00fcr alle vier Jahreszeiten, was in der Botanik selten ist.<\/p>\n<p>Um alle unsere derzeit zum Verkauf stehenden Varianten von PRUNUS zu sehen, <a href=\"https:\/\/www.vallonchene.fr\/de\/?s=prunus&amp;post_type=product&amp;lang=de&amp;filter_stock_status=instock\"><strong>klicken Sie bitte hier<\/strong><\/a>.<\/p>\n<h2>Geschichte und Herkunft<\/h2>\n<p>Man k\u00f6nnte meinen, dass die <em>PRUNUS x yedoensis<\/em> eine eigenst\u00e4ndige Art darstellt. Tats\u00e4chlich handelt es sich, wie das kleine &#8222;x&#8220; im Namen angibt, um einen Hybrid, der aus einer Kreuzung zwischen <em>PRUNUS subhirtella<\/em> und <em>PRUNUS speciosa<\/em> entstanden ist. Der erste ist f\u00fcr seine anmutige Form und seinen h\u00e4ngenden Wuchs bekannt, w\u00e4hrend sich der zweite durch seine gro\u00dfen Bl\u00fcten auszeichnet.<\/p>\n<p>Diese Kreuzung wurde um 1720 in Edo (Tokio) durchgef\u00fchrt. In Japan wird sie Somei-Yoshino genannt, die am meisten gefeierte Kirsche der Hanami-Tradition. Sie symbolisiert die Verg\u00e4nglichkeit, die Erneuerung und den Beginn des Fr\u00fchlings.<\/p>\n<h2>Wie pflanzt und pflegt man PRUNUS x yedoensis?<\/h2>\n<h3>Die Pflanzung<\/h3>\n<p>Die <em>Yoshino-Kirsche<\/em> geh\u00f6rt zu den einfach zu kultivierenden Pflanzen. Beachten Sie jedoch die folgenden Punkte, um ihr die besten Chancen zu geben:<\/p>\n<ol>\n<li>Finden Sie einen sonnigen oder halbschattigen Standort, an dem sie sich ohne Beschneidung entwickeln kann.<\/li>\n<li>Der Standort kann k\u00fchl bis feucht, m\u00e4\u00dfig feucht oder trocken sein.<\/li>\n<li>Sie w\u00e4chst in leichtem, normalem oder schwerem Boden mit einem sauren oder neutralen pH-Wert.<\/li>\n<li>F\u00fcr eine gute Vorbereitung des Pflanzlochs haben wir <a href=\"https:\/\/www.vallonchene.fr\/comment-planter-et-entretenir-des-vegetaux\/comment-planter-et-entretenir-arbres-arbustes-et-coniferes\/\" target=\"_blank\" rel=\"noreferrer noopener\"><strong>spezifische Anweisungen hier verf\u00fcgbar.<\/strong><\/a><\/li>\n<\/ol>\n<h3>Die Pflege<\/h3>\n<p>Wie bei jeder neu gepflanzten Pflanze sorgen Sie f\u00fcr eine regelm\u00e4\u00dfige Bew\u00e4sserung in den ersten zwei Jahren und besonders w\u00e4hrend trockener Perioden. Lesen Sie auch <a href=\"https:\/\/www.vallonchene.fr\/comment-bien-arroser-le-jardin-et-economiser-leau\/\"><strong>unsere Tipps, wie man richtig gie\u00dft und Wasser spart, hier<\/strong><\/a>.<\/p>\n<p><strong>WICHTIG<\/strong>: Vermeiden Sie jegliche Beschneidung von Zierkirschen. Sie vertragen dies nicht. Beschneidung verurteilt die Pflanze in der Regel langfristig.<\/p>\n","protected":false},"excerpt":{"rendered":"<p>Die <strong>Yoshino-Kirsche<\/strong> w\u00e4chst schnell. Im Fr\u00fchjahr bedeckt sich die <strong>PRUNUS x yedoensis<\/strong> mit wei\u00dfen Bl\u00fcten. Ihr Laub nimmt im Herbst eine reizvolle goldene Farbe an.<\/p>\n","protected":false},"featured_media":58069,"comment_status":"open","ping_status":"closed","template":"","meta":[],"product_brand":[],"product_cat":[252],"product_tag":[12671,13495],"class_list":{"0":"post-18811","1":"product","2":"type-product","3":"status-publish","4":"has-post-thumbnail","6":"product_cat-straucher-und-baume-de","7":"product_tag-prunus-yedoensis-de","8":"product_tag-yoshino-kirsche","9":"pa_99-hauteurapproximativeapres1-3_5m-de","10":"pa_couleurdelecorce-grau-de","11":"pa_couleurdesfleurs-weiss-de","12":"pa_couleurdufeuillage-grun-de","13":"pa_exigencesenhumidite-feucht-de","14":"pa_exigencesenhumidite-normal-de","15":"pa_exigencesenhumidite-trocken-de","16":"pa_expositionspossibles-ce-halbschattigsonnezw12und17-de","17":"pa_expositionspossibles-sonnigvon12bis17uhr-de","18":"pa_hauteurlivree-125-bis-150-cm","19":"pa_hauteurlivree-200-bis-250-cm","20":"pa_hauteurlivree-250-bis-300-cm","21":"pa_hauteurlivree-30-bis-40-cm","22":"pa_hauteurlivree-350-bis-400-cm","23":"pa_hauteurlivree-40-bis-50-cm","24":"pa_hauteurlivree-400-bis-450-cm","25":"pa_hauteurlivree-50-bis-60-cm","26":"pa_hauteurlivree-60-bis-80-cm","27":"pa_hauteurlivree-60-cm-stamm","28":"pa_hauteurlivree-70-bis-80-cm","29":"pa_hauteurlivree-80-bis-100-cm","30":"pa_interetauprintemps-bluten-de","31":"pa_interetauprintemps-form-de","32":"pa_interetauprintemps-laub-de","33":"pa_interetauprintemps-rinde-de","34":"pa_interetenautomne-form-de","35":"pa_interetenautomne-laub-de","36":"pa_interetenautomne-rinde-de","37":"pa_interetenete-form-de","38":"pa_interetenete-laub-de","39":"pa_interetenete-rinde-de","40":"pa_interetenhiver-form-de","41":"pa_interetenhiver-rinde-de","42":"pa_naturedufeuillage-nichtimmergrun-de","43":"pa_naturesdesolpossibles-leicht-de","44":"pa_naturesdesolpossibles-normal-de","45":"pa_naturesdesolpossibles-schwer-de","46":"pa_particularites-form-de","47":"pa_periodedefloraison-fruhling-de","48":"pa_phdusolacceptable-neutralzw65u75-de","49":"pa_phdusolacceptable-sauerwenigerals65-de","50":"pa_portgraphisme-ausgebreitet-de","51":"pa_resistanceaufroidrusticite-frostbestandigunter_20c-de","52":"pa_tailledepot-1liter_topf-de","53":"pa_tailledepot-1-5-liter-topf","54":"pa_tailledepot-10liter_topf-de","55":"pa_tailledepot-15liter_topf-de","56":"pa_tailledepot-2liter_topf-de","57":"pa_tailledepot-25liter_topf-de","58":"pa_tailledepot-3liter_topf-de","59":"pa_tailledepot-30liter_topf-de","60":"pa_tailledepot-4liter_topf-de","61":"pa_tailledepot-5liter_topf-de","62":"pa_tailledepot-75liter_topf-de","63":"pa_utilisationpossible-alleinstehend-de","64":"pa_utilisationpossible-beet-de","66":"first","67":"instock","68":"taxable","69":"shipping-taxable","70":"purchasable","71":"product-type-variable","72":"has-default-attributes"},"supplier_id":null,"supplier_sku":"","barcode":null,"atum_controlled":true,"out_stock_date":null,"out_stock_threshold":null,"inheritable":true,"inbound_stock":0,"stock_on_hold":0,"sold_today":0,"sales_last_days":0,"reserved_stock":0,"customer_returns":0,"warehouse_damage":0,"lost_in_post":0,"other_logs":0,"out_stock_days":null,"lost_sales":0,"has_location":false,"update_date":"2026-04-27T06:35:05","atum_locations":[],"atum_stock_status":"instock","restock_status":false,"low_stock_amount":"","sales_update_date":"2026-04-16T08:15:53","calc_backorders":null,"yoast_head":"<!-- This site is optimized with the Yoast SEO Premium plugin v27.5 (Yoast SEO v27.5) - https:\/\/yoast.com\/product\/yoast-seo-premium-wordpress\/ -->\n<title>PRUNUS x yedoensis - Yoshino-Kirsche<\/title>\n<meta name=\"description\" content=\"Die Yoshino-Kirsche w\u00e4chst schnell. Im Fr\u00fchjahr bedeckt sich die PRUNUS x yedoensis mit wei\u00dfen Bl\u00fcten. Ihr Laub wird im Herbst golden gelb.\" \/>\n<meta name=\"robots\" content=\"index, follow, max-snippet:-1, max-image-preview:large, max-video-preview:-1\" \/>\n<link rel=\"canonical\" href=\"https:\/\/www.vallonchene.fr\/de\/produkt\/prunus-x-yedoensis\/\" \/>\n<meta property=\"og:locale\" content=\"de_DE\" \/>\n<meta property=\"og:type\" content=\"article\" \/>\n<meta property=\"og:title\" content=\"PRUNUS x yedoensis\" \/>\n<meta property=\"og:description\" content=\"Die Yoshino-Kirsche w\u00e4chst schnell. Im Fr\u00fchjahr bedeckt sich die PRUNUS x yedoensis mit wei\u00dfen Bl\u00fcten. Ihr Laub wird im Herbst golden gelb.\" \/>\n<meta property=\"og:url\" content=\"https:\/\/www.vallonchene.fr\/de\/produkt\/prunus-x-yedoensis\/\" \/>\n<meta property=\"og:site_name\" content=\"Vallonch\u00eane\" \/>\n<meta property=\"article:publisher\" content=\"https:\/\/www.facebook.com\/vallonchene.fr\" \/>\n<meta property=\"article:modified_time\" content=\"2026-03-12T14:00:01+00:00\" \/>\n<meta property=\"og:image\" content=\"https:\/\/www.vallonchene.fr\/wp-content\/uploads\/2021\/08\/3178-c15-PRUNUS-x-yedoensis-en-Mars.jpg\" \/>\n\t<meta property=\"og:image:width\" content=\"1600\" \/>\n\t<meta property=\"og:image:height\" content=\"1600\" \/>\n\t<meta property=\"og:image:type\" content=\"image\/jpeg\" \/>\n<meta name=\"twitter:card\" content=\"summary_large_image\" \/>\n<meta name=\"twitter:label1\" content=\"Verf\u00fcgbarkeit\" \/>\n\t<meta name=\"twitter:data1\" content=\"Vorr\u00e4tig\" \/>\n<script type=\"application\/ld+json\" class=\"yoast-schema-graph\">{\"@context\":\"https:\\\/\\\/schema.org\",\"@graph\":[{\"@type\":\"WebPage\",\"@id\":\"https:\\\/\\\/www.vallonchene.fr\\\/de\\\/produkt\\\/prunus-x-yedoensis\\\/\",\"url\":\"https:\\\/\\\/www.vallonchene.fr\\\/de\\\/produkt\\\/prunus-x-yedoensis\\\/\",\"name\":\"PRUNUS x yedoensis - Yoshino-Kirsche\",\"isPartOf\":{\"@id\":\"https:\\\/\\\/www.vallonchene.fr\\\/de\\\/#website\"},\"primaryImageOfPage\":{\"@id\":\"https:\\\/\\\/www.vallonchene.fr\\\/de\\\/produkt\\\/prunus-x-yedoensis\\\/#primaryimage\"},\"image\":{\"@id\":\"https:\\\/\\\/www.vallonchene.fr\\\/de\\\/produkt\\\/prunus-x-yedoensis\\\/#primaryimage\"},\"thumbnailUrl\":\"https:\\\/\\\/www.vallonchene.fr\\\/wp-content\\\/uploads\\\/2026\\\/03\\\/PRUNUS-yedoensis_04.webp\",\"datePublished\":\"2021-08-31T11:30:57+00:00\",\"dateModified\":\"2026-03-12T14:00:01+00:00\",\"description\":\"Die Yoshino-Kirsche w\u00e4chst schnell. Im Fr\u00fchjahr bedeckt sich die PRUNUS x yedoensis mit wei\u00dfen Bl\u00fcten. Ihr Laub wird im Herbst golden gelb.\",\"breadcrumb\":{\"@id\":\"https:\\\/\\\/www.vallonchene.fr\\\/de\\\/produkt\\\/prunus-x-yedoensis\\\/#breadcrumb\"},\"inLanguage\":\"de\",\"potentialAction\":[{\"@type\":\"ReadAction\",\"target\":[\"https:\\\/\\\/www.vallonchene.fr\\\/de\\\/produkt\\\/prunus-x-yedoensis\\\/\"]}]},{\"@type\":\"ImageObject\",\"inLanguage\":\"de\",\"@id\":\"https:\\\/\\\/www.vallonchene.fr\\\/de\\\/produkt\\\/prunus-x-yedoensis\\\/#primaryimage\",\"url\":\"https:\\\/\\\/www.vallonchene.fr\\\/wp-content\\\/uploads\\\/2026\\\/03\\\/PRUNUS-yedoensis_04.webp\",\"contentUrl\":\"https:\\\/\\\/www.vallonchene.fr\\\/wp-content\\\/uploads\\\/2026\\\/03\\\/PRUNUS-yedoensis_04.webp\",\"width\":1000,\"height\":1000,\"caption\":\"Nahaufnahme der noch nicht ganz wei\u00dfen Bl\u00fcten von PRUNUS yedoensis\"},{\"@type\":\"BreadcrumbList\",\"@id\":\"https:\\\/\\\/www.vallonchene.fr\\\/de\\\/produkt\\\/prunus-x-yedoensis\\\/#breadcrumb\",\"itemListElement\":[{\"@type\":\"ListItem\",\"position\":1,\"name\":\"Home\",\"item\":\"https:\\\/\\\/www.vallonchene.fr\\\/de\\\/\"},{\"@type\":\"ListItem\",\"position\":2,\"name\":\"Shop\",\"item\":\"https:\\\/\\\/www.vallonchene.fr\\\/de\\\/shop\\\/\"},{\"@type\":\"ListItem\",\"position\":3,\"name\":\"Online-Verkauf\",\"item\":\"https:\\\/\\\/www.vallonchene.fr\\\/de\\\/produkt-kategorie\\\/online-verkauf-de\\\/\"},{\"@type\":\"ListItem\",\"position\":4,\"name\":\"Baumschule\",\"item\":\"https:\\\/\\\/www.vallonchene.fr\\\/de\\\/produkt-kategorie\\\/online-verkauf-de\\\/baumschule-gaertnerei-de\\\/\"},{\"@type\":\"ListItem\",\"position\":5,\"name\":\"Str\u00e4ucher und B\u00e4ume\",\"item\":\"https:\\\/\\\/www.vallonchene.fr\\\/de\\\/produkt-kategorie\\\/online-verkauf-de\\\/baumschule-gaertnerei-de\\\/straucher-und-baume-de\\\/\"},{\"@type\":\"ListItem\",\"position\":6,\"name\":\"PRUNUS x yedoensis\"}]},{\"@type\":\"WebSite\",\"@id\":\"https:\\\/\\\/www.vallonchene.fr\\\/de\\\/#website\",\"url\":\"https:\\\/\\\/www.vallonchene.fr\\\/de\\\/\",\"name\":\"Vallonch\u00eane\",\"description\":\"Die Baumschule, bei der Qualit\u00e4t ihre Wurzeln hat \u2013 Tel.: +49 (0)6838-5399840\",\"publisher\":{\"@id\":\"https:\\\/\\\/www.vallonchene.fr\\\/de\\\/#organization\"},\"potentialAction\":[{\"@type\":\"SearchAction\",\"target\":{\"@type\":\"EntryPoint\",\"urlTemplate\":\"https:\\\/\\\/www.vallonchene.fr\\\/de\\\/?s={search_term_string}\"},\"query-input\":{\"@type\":\"PropertyValueSpecification\",\"valueRequired\":true,\"valueName\":\"search_term_string\"}}],\"inLanguage\":\"de\"},{\"@type\":\"Organization\",\"@id\":\"https:\\\/\\\/www.vallonchene.fr\\\/de\\\/#organization\",\"name\":\"VALLONCHENE\",\"url\":\"https:\\\/\\\/www.vallonchene.fr\\\/de\\\/\",\"logo\":{\"@type\":\"ImageObject\",\"inLanguage\":\"de\",\"@id\":\"https:\\\/\\\/www.vallonchene.fr\\\/de\\\/#\\\/schema\\\/logo\\\/image\\\/\",\"url\":\"https:\\\/\\\/www.vallonchene.fr\\\/wp-content\\\/uploads\\\/2023\\\/03\\\/Logo-Vallonchene-site-et-R_hauteur_100.png\",\"contentUrl\":\"https:\\\/\\\/www.vallonchene.fr\\\/wp-content\\\/uploads\\\/2023\\\/03\\\/Logo-Vallonchene-site-et-R_hauteur_100.png\",\"width\":221,\"height\":100,\"caption\":\"VALLONCHENE\"},\"image\":{\"@id\":\"https:\\\/\\\/www.vallonchene.fr\\\/de\\\/#\\\/schema\\\/logo\\\/image\\\/\"},\"sameAs\":[\"https:\\\/\\\/www.facebook.com\\\/vallonchene.fr\",\"https:\\\/\\\/www.instagram.com\\\/vallonchene\\\/\",\"https:\\\/\\\/www.pinterest.fr\\\/vallonchene\\\/\"],\"taxID\":\"49454502300017\",\"hasMerchantReturnPolicy\":{\"@type\":\"MerchantReturnPolicy\",\"merchantReturnLink\":\"https:\\\/\\\/www.vallonchene.fr\\\/remboursements_retours\\\/\"}}]}<\/script>\n<meta property=\"og:availability\" content=\"instock\" \/>\n<meta property=\"product:availability\" content=\"instock\" \/>\n<meta property=\"product:retailer_item_id\" content=\"59426\" \/>\n<meta property=\"product:condition\" content=\"new\" \/>\n<!-- \/ Yoast SEO Premium plugin. -->","yoast_head_json":{"title":"PRUNUS x yedoensis - Yoshino-Kirsche","description":"Die Yoshino-Kirsche w\u00e4chst schnell. Im Fr\u00fchjahr bedeckt sich die PRUNUS x yedoensis mit wei\u00dfen Bl\u00fcten. Ihr Laub wird im Herbst golden gelb.","robots":{"index":"index","follow":"follow","max-snippet":"max-snippet:-1","max-image-preview":"max-image-preview:large","max-video-preview":"max-video-preview:-1"},"canonical":"https:\/\/www.vallonchene.fr\/de\/produkt\/prunus-x-yedoensis\/","og_locale":"de_DE","og_type":"article","og_title":"PRUNUS x yedoensis","og_description":"Die Yoshino-Kirsche w\u00e4chst schnell. Im Fr\u00fchjahr bedeckt sich die PRUNUS x yedoensis mit wei\u00dfen Bl\u00fcten. Ihr Laub wird im Herbst golden gelb.","og_url":"https:\/\/www.vallonchene.fr\/de\/produkt\/prunus-x-yedoensis\/","og_site_name":"Vallonch\u00eane","article_publisher":"https:\/\/www.facebook.com\/vallonchene.fr","article_modified_time":"2026-03-12T14:00:01+00:00","og_image":[{"width":1600,"height":1600,"url":"https:\/\/www.vallonchene.fr\/wp-content\/uploads\/2021\/08\/3178-c15-PRUNUS-x-yedoensis-en-Mars.jpg","type":"image\/jpeg"}],"twitter_card":"summary_large_image","twitter_misc":{"Verf\u00fcgbarkeit":"Vorr\u00e4tig"},"schema":{"@context":"https:\/\/schema.org","@graph":[{"@type":"WebPage","@id":"https:\/\/www.vallonchene.fr\/de\/produkt\/prunus-x-yedoensis\/","url":"https:\/\/www.vallonchene.fr\/de\/produkt\/prunus-x-yedoensis\/","name":"PRUNUS x yedoensis - Yoshino-Kirsche","isPartOf":{"@id":"https:\/\/www.vallonchene.fr\/de\/#website"},"primaryImageOfPage":{"@id":"https:\/\/www.vallonchene.fr\/de\/produkt\/prunus-x-yedoensis\/#primaryimage"},"image":{"@id":"https:\/\/www.vallonchene.fr\/de\/produkt\/prunus-x-yedoensis\/#primaryimage"},"thumbnailUrl":"https:\/\/www.vallonchene.fr\/wp-content\/uploads\/2026\/03\/PRUNUS-yedoensis_04.webp","datePublished":"2021-08-31T11:30:57+00:00","dateModified":"2026-03-12T14:00:01+00:00","description":"Die Yoshino-Kirsche w\u00e4chst schnell. Im Fr\u00fchjahr bedeckt sich die PRUNUS x yedoensis mit wei\u00dfen Bl\u00fcten. Ihr Laub wird im Herbst golden gelb.","breadcrumb":{"@id":"https:\/\/www.vallonchene.fr\/de\/produkt\/prunus-x-yedoensis\/#breadcrumb"},"inLanguage":"de","potentialAction":[{"@type":"ReadAction","target":["https:\/\/www.vallonchene.fr\/de\/produkt\/prunus-x-yedoensis\/"]}]},{"@type":"ImageObject","inLanguage":"de","@id":"https:\/\/www.vallonchene.fr\/de\/produkt\/prunus-x-yedoensis\/#primaryimage","url":"https:\/\/www.vallonchene.fr\/wp-content\/uploads\/2026\/03\/PRUNUS-yedoensis_04.webp","contentUrl":"https:\/\/www.vallonchene.fr\/wp-content\/uploads\/2026\/03\/PRUNUS-yedoensis_04.webp","width":1000,"height":1000,"caption":"Nahaufnahme der noch nicht ganz wei\u00dfen Bl\u00fcten von PRUNUS yedoensis"},{"@type":"BreadcrumbList","@id":"https:\/\/www.vallonchene.fr\/de\/produkt\/prunus-x-yedoensis\/#breadcrumb","itemListElement":[{"@type":"ListItem","position":1,"name":"Home","item":"https:\/\/www.vallonchene.fr\/de\/"},{"@type":"ListItem","position":2,"name":"Shop","item":"https:\/\/www.vallonchene.fr\/de\/shop\/"},{"@type":"ListItem","position":3,"name":"Online-Verkauf","item":"https:\/\/www.vallonchene.fr\/de\/produkt-kategorie\/online-verkauf-de\/"},{"@type":"ListItem","position":4,"name":"Baumschule","item":"https:\/\/www.vallonchene.fr\/de\/produkt-kategorie\/online-verkauf-de\/baumschule-gaertnerei-de\/"},{"@type":"ListItem","position":5,"name":"Str\u00e4ucher und B\u00e4ume","item":"https:\/\/www.vallonchene.fr\/de\/produkt-kategorie\/online-verkauf-de\/baumschule-gaertnerei-de\/straucher-und-baume-de\/"},{"@type":"ListItem","position":6,"name":"PRUNUS x yedoensis"}]},{"@type":"WebSite","@id":"https:\/\/www.vallonchene.fr\/de\/#website","url":"https:\/\/www.vallonchene.fr\/de\/","name":"Vallonch\u00eane","description":"Die Baumschule, bei der Qualit\u00e4t ihre Wurzeln hat \u2013 Tel.: +49 (0)6838-5399840","publisher":{"@id":"https:\/\/www.vallonchene.fr\/de\/#organization"},"potentialAction":[{"@type":"SearchAction","target":{"@type":"EntryPoint","urlTemplate":"https:\/\/www.vallonchene.fr\/de\/?s={search_term_string}"},"query-input":{"@type":"PropertyValueSpecification","valueRequired":true,"valueName":"search_term_string"}}],"inLanguage":"de"},{"@type":"Organization","@id":"https:\/\/www.vallonchene.fr\/de\/#organization","name":"VALLONCHENE","url":"https:\/\/www.vallonchene.fr\/de\/","logo":{"@type":"ImageObject","inLanguage":"de","@id":"https:\/\/www.vallonchene.fr\/de\/#\/schema\/logo\/image\/","url":"https:\/\/www.vallonchene.fr\/wp-content\/uploads\/2023\/03\/Logo-Vallonchene-site-et-R_hauteur_100.png","contentUrl":"https:\/\/www.vallonchene.fr\/wp-content\/uploads\/2023\/03\/Logo-Vallonchene-site-et-R_hauteur_100.png","width":221,"height":100,"caption":"VALLONCHENE"},"image":{"@id":"https:\/\/www.vallonchene.fr\/de\/#\/schema\/logo\/image\/"},"sameAs":["https:\/\/www.facebook.com\/vallonchene.fr","https:\/\/www.instagram.com\/vallonchene\/","https:\/\/www.pinterest.fr\/vallonchene\/"],"taxID":"49454502300017","hasMerchantReturnPolicy":{"@type":"MerchantReturnPolicy","merchantReturnLink":"https:\/\/www.vallonchene.fr\/remboursements_retours\/"}}]},"og_availability":"instock","product_availability":"instock","product_retailer_item_id":"59426","product_condition":"new"},"_links":{"self":[{"href":"https:\/\/www.vallonchene.fr\/de\/wp-json\/wp\/v2\/product\/18811","targetHints":{"allow":["GET"]}}],"collection":[{"href":"https:\/\/www.vallonchene.fr\/de\/wp-json\/wp\/v2\/product"}],"about":[{"href":"https:\/\/www.vallonchene.fr\/de\/wp-json\/wp\/v2\/types\/product"}],"replies":[{"embeddable":true,"href":"https:\/\/www.vallonchene.fr\/de\/wp-json\/wp\/v2\/comments?post=18811"}],"wp:featuredmedia":[{"embeddable":true,"href":"https:\/\/www.vallonchene.fr\/de\/wp-json\/wp\/v2\/media\/58069"}],"wp:attachment":[{"href":"https:\/\/www.vallonchene.fr\/de\/wp-json\/wp\/v2\/media?parent=18811"}],"wp:term":[{"taxonomy":"product_brand","embeddable":true,"href":"https:\/\/www.vallonchene.fr\/de\/wp-json\/wp\/v2\/product_brand?post=18811"},{"taxonomy":"product_cat","embeddable":true,"href":"https:\/\/www.vallonchene.fr\/de\/wp-json\/wp\/v2\/product_cat?post=18811"},{"taxonomy":"product_tag","embeddable":true,"href":"https:\/\/www.vallonchene.fr\/de\/wp-json\/wp\/v2\/product_tag?post=18811"}],"curies":[{"name":"wp","href":"https:\/\/api.w.org\/{rel}","templated":true}]}}