{"id":17971,"date":"2021-08-31T10:41:35","date_gmt":"2021-08-31T10:41:35","guid":{"rendered":"https:\/\/testing.vallonchene.fr\/produit\/acer-cappadocicum-aureum\/"},"modified":"2025-10-29T15:40:42","modified_gmt":"2025-10-29T14:40:42","slug":"acer-cappadocicum-aureum-2","status":"publish","type":"product","link":"https:\/\/www.vallonchene.fr\/de\/produkt\/acer-cappadocicum-aureum-2\/","title":{"rendered":"ACER cappadocicum &#8218;Aureum&#8216;"},"content":{"rendered":"<h2>Die Pflanze<\/h2>\n<p>Der <strong>ACER cappadocicum &#8218;Aureum&#8216;<\/strong> geh\u00f6rt zu den kleinen B\u00e4umen, die in mehrfacher Hinsicht faszinieren. Er wird gemeinhin als <strong>Gelber Kaspischer Ahorn<\/strong> bezeichnet. <\/p>\n<p>Im Fr\u00fchling entwickelt er <strong>bronzerote Triebe<\/strong>, die sich in <strong>wundersch\u00f6ne gelbe Bl\u00e4tter mit blutroten Spitzen<\/strong> verwandeln. Au\u00dferdem besitzt er eine <strong>gr\u00fcne Rinde mit einem wei\u00dflichen Muster<\/strong>, das dem der Schlangenhaut-Ahorne etwas \u00e4hnelt. <\/p>\n<p>Dann entwickelt sich sein Laub im Sommer zu einem sehr hellen Gr\u00fcn. <strong>Im Herbst f\u00e4rben sich die Bl\u00e4tter in ein besonderes Gelborange<\/strong>, das an grauen Tagen wie leuchtend wirkt (siehe Foto). <\/p>\n<p>Da es sich um einen Baum mit sehr <strong>langsamem Wachstum<\/strong> handelt, z\u00e4hlt er zu den <strong>kleinw\u00fcchsigen Arten<\/strong>. Daher eignet er sich besonders gut f\u00fcr kleine und mittelgro\u00dfe G\u00e4rten. Au\u00dferdem ist er ideal am Waldrand, auf Lichtungen oder auch als Solit\u00e4rbaum.  <\/p>\n<h2>Wie pflanzt und pflegt man ACER cappadocicum &#8218;Aureum&#8216;?<\/h2>\n<h3>Pflanzung<\/h3>\n<p>Der Gelbe Kaspische Ahorn ist eine recht <strong>einfach zu kultivierende Pflanze<\/strong>. Dennoch sollten Sie die folgenden Empfehlungen beachten, um das Beste aus ihm herauszuholen: <\/p>\n<ol>\n<li>W\u00e4hlen Sie f\u00fcr ihn einen Standort <strong>in voller Sonne oder im Halbschatten<\/strong> \u2013 <strong>im Beet, am Waldrand oder als Solit\u00e4rpflanze<\/strong>.<\/li>\n<li>Bevorzugen Sie einen Pflanzort, der <strong>frisch bis feucht, m\u00e4\u00dfig oder trocken<\/strong> ist.<\/li>\n<li>Der Boden kann <strong>leicht, normal oder schwer<\/strong> sein und einen <strong>sauren, neutralen oder kalkhaltigen pH-Wert<\/strong> aufweisen.<\/li>\n<li><a href=\"https:\/\/www.vallonchene.fr\/comment-planter-et-entretenir-des-vegetaux\/comment-planter-et-entretenir-arbres-arbustes-et-coniferes\/\" target=\"_blank\" rel=\"noreferrer noopener\"><strong>F\u00fcr eine gute Vorbereitung des Pflanzlochs haben wir spezielle Anweisungen entwickelt, die hier verf\u00fcgbar sind. <\/strong><\/a><\/li>\n<\/ol>\n<h3>Pflege<\/h3>\n<p>In den ersten beiden Jahren nach der Pflanzung sollte regelm\u00e4\u00dfig gegossen werden, insbesondere w\u00e4hrend Trockenperioden, um ein gutes Anwachsen zu gew\u00e4hrleisten. <a href=\"https:\/\/www.vallonchene.fr\/comment-bien-arroser-le-jardin-et-economiser-leau\/\"><strong>Lesen Sie auch unsere Tipps zum richtigen Gie\u00dfen und Wassersparen hier<\/strong><\/a>. <\/p>\n<p>Wie bereits erw\u00e4hnt, handelt es sich um einen pflegeleichten Ahorn. Er vertr\u00e4gt einen R\u00fcckschnitt gut, falls n\u00f6tig \u2013 aufgrund seines geringen Wuchses wird dies jedoch wahrscheinlich nicht erforderlich sein. Falls doch, sollte der Schnitt im M\u00e4rz vor dem Austrieb der neuen Triebe erfolgen.  <\/p>\n<h2>Geschichte und Herkunft<\/h2>\n<p>ACER cappadocicum &#8218;Aureum&#8216; ist eine g\u00e4rtnerische Auslese, die 1914 von H. A. Hesse (einem renommierten Baumschulisten) in Weener, Deutschland, eingef\u00fchrt wurde. Sie stammt von einer Art ab, die urspr\u00fcnglich aus dem Kaukasus und Kleinasien (insbesondere aus der T\u00fcrkei und dem Iran) stammt.<\/p>\n<p>Der Name CAPPADOCICUM bezieht sich auf Kappadokien, eine historische Region in Zentralanatolien (heutige T\u00fcrkei). Sie ist bekannt f\u00fcr ihre spektakul\u00e4ren Landschaften und ihr reiches kulturelles Erbe aus vergangenen Zeiten. <\/p>\n<p>Schlie\u00dflich haben die Anpassungsf\u00e4higkeit dieser Art und ihr Zierwert sie zu einer bevorzugten Wahl in der europ\u00e4ischen Gartenkultur gemacht, insbesondere in gem\u00e4\u00dfigten Klimazonen.<\/p>\n<p>&nbsp;<\/p>\n<p>&nbsp;<\/p>\n<p>&nbsp;<\/p>\n","protected":false},"excerpt":{"rendered":"<p>Dieser <strong>Kaspische Ahorn<\/strong> entwickelt im Fr\u00fchling au\u00dfergew\u00f6hnliche Triebe mit intensiver roter F\u00e4rbung. Anschlie\u00dfend verf\u00e4rbt sich das Laub des <strong>ACER cappadocicum &#8218;Aureum&#8216;<\/strong> allm\u00e4hlich gelb und nimmt im Sommer eine gelbgr\u00fcne T\u00f6nung an. Geeignet f\u00fcr kleine G\u00e4rten.  <\/p>\n<p>Die Art <em>ACER cappadocicum<\/em> stammt aus den Gebirgen des Kaukasus, dem Nordosten der T\u00fcrkei und dem Norden Irans. Dort w\u00e4chst sie in W\u00e4ldern und T\u00e4lern, h\u00e4ufig in der N\u00e4he von Fl\u00fcssen und an feuchten Standorten. <\/p>\n","protected":false},"featured_media":55502,"comment_status":"open","ping_status":"closed","template":"","meta":[],"product_brand":[],"product_cat":[252],"product_tag":[11397,12702,12704,12701,12703],"class_list":{"0":"post-17971","1":"product","2":"type-product","3":"status-publish","4":"has-post-thumbnail","6":"product_cat-straucher-und-baume-de","7":"product_tag-acer-de","8":"product_tag-acer-cappadocicum","9":"product_tag-acer-cappadocicum-aureum","10":"product_tag-aureum","11":"product_tag-kaspischer-ahorn","12":"pa_99-hauteurapproximativeapres1-3_5m-de","13":"pa_couleurdufeuillage-gelb-de","14":"pa_exigencesenhumidite-feucht-de","15":"pa_exigencesenhumidite-normal-de","16":"pa_exigencesenhumidite-trocken-de","17":"pa_expositionspossibles-ce-halbschattigsonnezw12und17-de","18":"pa_expositionspossibles-sonnigvon12bis17uhr-de","19":"pa_hauteurlivree-100-bis-125-cm","20":"pa_hauteurlivree-125-bis-150-cm","21":"pa_hauteurlivree-150-bis-175-cm","22":"pa_hauteurlivree-80-bis-100-cm","23":"pa_interetauprintemps-jungesprossen-de","24":"pa_interetauprintemps-laub-de","25":"pa_interetenautomne-laub-de","26":"pa_interetenete-laub-de","27":"pa_naturedufeuillage-nichtimmergrun-de","28":"pa_naturesdesolpossibles-leicht-de","29":"pa_naturesdesolpossibles-normal-de","30":"pa_naturesdesolpossibles-schwer-de","31":"pa_periodedetaille-marz-de","32":"pa_phdusolacceptable-kalkigmehrals75-de","33":"pa_phdusolacceptable-neutralzw65u75-de","34":"pa_phdusolacceptable-sauerwenigerals65-de","35":"pa_resistanceaufroidrusticite-frostbestandigunter_20c-de","36":"pa_tailledepot-10liter_topf-de","37":"pa_tailledepot-15liter_topf-de","38":"pa_tailledepot-2liter_topf-de","39":"pa_tailledepot-75liter_topf-de","40":"pa_utilisationpossible-alleinstehend-de","41":"pa_utilisationpossible-beet-de","43":"first","44":"instock","45":"taxable","46":"shipping-taxable","47":"purchasable","48":"product-type-variable"},"supplier_id":null,"supplier_sku":"","barcode":null,"atum_controlled":true,"out_stock_date":null,"out_stock_threshold":null,"inheritable":true,"inbound_stock":0,"stock_on_hold":0,"sold_today":0,"sales_last_days":0,"reserved_stock":0,"customer_returns":0,"warehouse_damage":0,"lost_in_post":0,"other_logs":0,"out_stock_days":null,"lost_sales":0,"has_location":false,"update_date":"2025-12-04T13:49:14","atum_locations":[],"atum_stock_status":"instock","restock_status":false,"low_stock_amount":"","sales_update_date":"2025-10-29T14:10:09","calc_backorders":null,"yoast_head":"<!-- This site is optimized with the Yoast SEO Premium plugin v27.5 (Yoast SEO v27.5) - https:\/\/yoast.com\/product\/yoast-seo-premium-wordpress\/ -->\n<title>ACER cappadocicum &#039;Aureum&#039; - Kaspischer Ahorn<\/title>\n<meta name=\"description\" content=\"Dieser Kaspische Ahorn treibt im Fr\u00fchling rote Triebe aus. Anschlie\u00dfend verf\u00e4rbt sich das Laub des ACER cappadocicum &#039;Aureum&#039; gelb.\" \/>\n<meta name=\"robots\" content=\"index, follow, max-snippet:-1, max-image-preview:large, max-video-preview:-1\" \/>\n<link rel=\"canonical\" href=\"https:\/\/www.vallonchene.fr\/de\/produkt\/acer-cappadocicum-aureum-2\/\" \/>\n<meta property=\"og:locale\" content=\"de_DE\" \/>\n<meta property=\"og:type\" content=\"article\" \/>\n<meta property=\"og:title\" content=\"ACER cappadocicum &#039;Aureum&#039;\" \/>\n<meta property=\"og:description\" content=\"Dieser Kaspische Ahorn treibt im Fr\u00fchling rote Triebe aus. Anschlie\u00dfend verf\u00e4rbt sich das Laub des ACER cappadocicum &#039;Aureum&#039; gelb.\" \/>\n<meta property=\"og:url\" content=\"https:\/\/www.vallonchene.fr\/de\/produkt\/acer-cappadocicum-aureum-2\/\" \/>\n<meta property=\"og:site_name\" content=\"Vallonch\u00eane\" \/>\n<meta property=\"article:publisher\" content=\"https:\/\/www.facebook.com\/vallonchene.fr\" \/>\n<meta property=\"article:modified_time\" content=\"2025-10-29T14:40:42+00:00\" \/>\n<meta property=\"og:image\" content=\"https:\/\/www.vallonchene.fr\/wp-content\/uploads\/2025\/10\/IMG_1799.webp\" \/>\n\t<meta property=\"og:image:width\" content=\"1200\" \/>\n\t<meta property=\"og:image:height\" content=\"1200\" \/>\n\t<meta property=\"og:image:type\" content=\"image\/webp\" \/>\n<meta name=\"twitter:card\" content=\"summary_large_image\" \/>\n<meta name=\"twitter:label1\" content=\"Verf\u00fcgbarkeit\" \/>\n\t<meta name=\"twitter:data1\" content=\"Vorr\u00e4tig\" \/>\n<script type=\"application\/ld+json\" class=\"yoast-schema-graph\">{\"@context\":\"https:\\\/\\\/schema.org\",\"@graph\":[{\"@type\":\"WebPage\",\"@id\":\"https:\\\/\\\/www.vallonchene.fr\\\/de\\\/produkt\\\/acer-cappadocicum-aureum-2\\\/\",\"url\":\"https:\\\/\\\/www.vallonchene.fr\\\/de\\\/produkt\\\/acer-cappadocicum-aureum-2\\\/\",\"name\":\"ACER cappadocicum 'Aureum' - Kaspischer Ahorn\",\"isPartOf\":{\"@id\":\"https:\\\/\\\/www.vallonchene.fr\\\/de\\\/#website\"},\"primaryImageOfPage\":{\"@id\":\"https:\\\/\\\/www.vallonchene.fr\\\/de\\\/produkt\\\/acer-cappadocicum-aureum-2\\\/#primaryimage\"},\"image\":{\"@id\":\"https:\\\/\\\/www.vallonchene.fr\\\/de\\\/produkt\\\/acer-cappadocicum-aureum-2\\\/#primaryimage\"},\"thumbnailUrl\":\"https:\\\/\\\/www.vallonchene.fr\\\/wp-content\\\/uploads\\\/2025\\\/10\\\/IMG_1799.webp\",\"datePublished\":\"2021-08-31T10:41:35+00:00\",\"dateModified\":\"2025-10-29T14:40:42+00:00\",\"description\":\"Dieser Kaspische Ahorn treibt im Fr\u00fchling rote Triebe aus. Anschlie\u00dfend verf\u00e4rbt sich das Laub des ACER cappadocicum 'Aureum' gelb.\",\"breadcrumb\":{\"@id\":\"https:\\\/\\\/www.vallonchene.fr\\\/de\\\/produkt\\\/acer-cappadocicum-aureum-2\\\/#breadcrumb\"},\"inLanguage\":\"de\",\"potentialAction\":[{\"@type\":\"ReadAction\",\"target\":[\"https:\\\/\\\/www.vallonchene.fr\\\/de\\\/produkt\\\/acer-cappadocicum-aureum-2\\\/\"]}]},{\"@type\":\"ImageObject\",\"inLanguage\":\"de\",\"@id\":\"https:\\\/\\\/www.vallonchene.fr\\\/de\\\/produkt\\\/acer-cappadocicum-aureum-2\\\/#primaryimage\",\"url\":\"https:\\\/\\\/www.vallonchene.fr\\\/wp-content\\\/uploads\\\/2025\\\/10\\\/IMG_1799.webp\",\"contentUrl\":\"https:\\\/\\\/www.vallonchene.fr\\\/wp-content\\\/uploads\\\/2025\\\/10\\\/IMG_1799.webp\",\"width\":1200,\"height\":1200,\"caption\":\"Nahaufnahme des gelben Fr\u00fchlingslaubs mit blutroten Spitzen des ACER cappadocicum 'Aureum'\"},{\"@type\":\"BreadcrumbList\",\"@id\":\"https:\\\/\\\/www.vallonchene.fr\\\/de\\\/produkt\\\/acer-cappadocicum-aureum-2\\\/#breadcrumb\",\"itemListElement\":[{\"@type\":\"ListItem\",\"position\":1,\"name\":\"Home\",\"item\":\"https:\\\/\\\/www.vallonchene.fr\\\/de\\\/\"},{\"@type\":\"ListItem\",\"position\":2,\"name\":\"Shop\",\"item\":\"https:\\\/\\\/www.vallonchene.fr\\\/de\\\/shop\\\/\"},{\"@type\":\"ListItem\",\"position\":3,\"name\":\"Online-Verkauf\",\"item\":\"https:\\\/\\\/www.vallonchene.fr\\\/de\\\/produkt-kategorie\\\/online-verkauf-de\\\/\"},{\"@type\":\"ListItem\",\"position\":4,\"name\":\"Baumschule\",\"item\":\"https:\\\/\\\/www.vallonchene.fr\\\/de\\\/produkt-kategorie\\\/online-verkauf-de\\\/baumschule-gaertnerei-de\\\/\"},{\"@type\":\"ListItem\",\"position\":5,\"name\":\"Str\u00e4ucher und B\u00e4ume\",\"item\":\"https:\\\/\\\/www.vallonchene.fr\\\/de\\\/produkt-kategorie\\\/online-verkauf-de\\\/baumschule-gaertnerei-de\\\/straucher-und-baume-de\\\/\"},{\"@type\":\"ListItem\",\"position\":6,\"name\":\"ACER cappadocicum &#8218;Aureum&#8216;\"}]},{\"@type\":\"WebSite\",\"@id\":\"https:\\\/\\\/www.vallonchene.fr\\\/de\\\/#website\",\"url\":\"https:\\\/\\\/www.vallonchene.fr\\\/de\\\/\",\"name\":\"Vallonch\u00eane\",\"description\":\"Die Baumschule, bei der Qualit\u00e4t ihre Wurzeln hat \u2013 Tel.: +49 (0)6838-5399840\",\"publisher\":{\"@id\":\"https:\\\/\\\/www.vallonchene.fr\\\/de\\\/#organization\"},\"potentialAction\":[{\"@type\":\"SearchAction\",\"target\":{\"@type\":\"EntryPoint\",\"urlTemplate\":\"https:\\\/\\\/www.vallonchene.fr\\\/de\\\/?s={search_term_string}\"},\"query-input\":{\"@type\":\"PropertyValueSpecification\",\"valueRequired\":true,\"valueName\":\"search_term_string\"}}],\"inLanguage\":\"de\"},{\"@type\":\"Organization\",\"@id\":\"https:\\\/\\\/www.vallonchene.fr\\\/de\\\/#organization\",\"name\":\"VALLONCHENE\",\"url\":\"https:\\\/\\\/www.vallonchene.fr\\\/de\\\/\",\"logo\":{\"@type\":\"ImageObject\",\"inLanguage\":\"de\",\"@id\":\"https:\\\/\\\/www.vallonchene.fr\\\/de\\\/#\\\/schema\\\/logo\\\/image\\\/\",\"url\":\"https:\\\/\\\/www.vallonchene.fr\\\/wp-content\\\/uploads\\\/2023\\\/03\\\/Logo-Vallonchene-site-et-R_hauteur_100.png\",\"contentUrl\":\"https:\\\/\\\/www.vallonchene.fr\\\/wp-content\\\/uploads\\\/2023\\\/03\\\/Logo-Vallonchene-site-et-R_hauteur_100.png\",\"width\":221,\"height\":100,\"caption\":\"VALLONCHENE\"},\"image\":{\"@id\":\"https:\\\/\\\/www.vallonchene.fr\\\/de\\\/#\\\/schema\\\/logo\\\/image\\\/\"},\"sameAs\":[\"https:\\\/\\\/www.facebook.com\\\/vallonchene.fr\",\"https:\\\/\\\/www.instagram.com\\\/vallonchene\\\/\",\"https:\\\/\\\/www.pinterest.fr\\\/vallonchene\\\/\"],\"taxID\":\"49454502300017\",\"hasMerchantReturnPolicy\":{\"@type\":\"MerchantReturnPolicy\",\"merchantReturnLink\":\"https:\\\/\\\/www.vallonchene.fr\\\/remboursements_retours\\\/\"}}]}<\/script>\n<meta property=\"og:availability\" content=\"instock\" \/>\n<meta property=\"product:availability\" content=\"instock\" \/>\n<meta property=\"product:retailer_item_id\" content=\"52516\" \/>\n<meta property=\"product:condition\" content=\"new\" \/>\n<!-- \/ Yoast SEO Premium plugin. -->","yoast_head_json":{"title":"ACER cappadocicum 'Aureum' - Kaspischer Ahorn","description":"Dieser Kaspische Ahorn treibt im Fr\u00fchling rote Triebe aus. Anschlie\u00dfend verf\u00e4rbt sich das Laub des ACER cappadocicum 'Aureum' gelb.","robots":{"index":"index","follow":"follow","max-snippet":"max-snippet:-1","max-image-preview":"max-image-preview:large","max-video-preview":"max-video-preview:-1"},"canonical":"https:\/\/www.vallonchene.fr\/de\/produkt\/acer-cappadocicum-aureum-2\/","og_locale":"de_DE","og_type":"article","og_title":"ACER cappadocicum 'Aureum'","og_description":"Dieser Kaspische Ahorn treibt im Fr\u00fchling rote Triebe aus. Anschlie\u00dfend verf\u00e4rbt sich das Laub des ACER cappadocicum 'Aureum' gelb.","og_url":"https:\/\/www.vallonchene.fr\/de\/produkt\/acer-cappadocicum-aureum-2\/","og_site_name":"Vallonch\u00eane","article_publisher":"https:\/\/www.facebook.com\/vallonchene.fr","article_modified_time":"2025-10-29T14:40:42+00:00","og_image":[{"width":1200,"height":1200,"url":"https:\/\/www.vallonchene.fr\/wp-content\/uploads\/2025\/10\/IMG_1799.webp","type":"image\/webp"}],"twitter_card":"summary_large_image","twitter_misc":{"Verf\u00fcgbarkeit":"Vorr\u00e4tig"},"schema":{"@context":"https:\/\/schema.org","@graph":[{"@type":"WebPage","@id":"https:\/\/www.vallonchene.fr\/de\/produkt\/acer-cappadocicum-aureum-2\/","url":"https:\/\/www.vallonchene.fr\/de\/produkt\/acer-cappadocicum-aureum-2\/","name":"ACER cappadocicum 'Aureum' - Kaspischer Ahorn","isPartOf":{"@id":"https:\/\/www.vallonchene.fr\/de\/#website"},"primaryImageOfPage":{"@id":"https:\/\/www.vallonchene.fr\/de\/produkt\/acer-cappadocicum-aureum-2\/#primaryimage"},"image":{"@id":"https:\/\/www.vallonchene.fr\/de\/produkt\/acer-cappadocicum-aureum-2\/#primaryimage"},"thumbnailUrl":"https:\/\/www.vallonchene.fr\/wp-content\/uploads\/2025\/10\/IMG_1799.webp","datePublished":"2021-08-31T10:41:35+00:00","dateModified":"2025-10-29T14:40:42+00:00","description":"Dieser Kaspische Ahorn treibt im Fr\u00fchling rote Triebe aus. Anschlie\u00dfend verf\u00e4rbt sich das Laub des ACER cappadocicum 'Aureum' gelb.","breadcrumb":{"@id":"https:\/\/www.vallonchene.fr\/de\/produkt\/acer-cappadocicum-aureum-2\/#breadcrumb"},"inLanguage":"de","potentialAction":[{"@type":"ReadAction","target":["https:\/\/www.vallonchene.fr\/de\/produkt\/acer-cappadocicum-aureum-2\/"]}]},{"@type":"ImageObject","inLanguage":"de","@id":"https:\/\/www.vallonchene.fr\/de\/produkt\/acer-cappadocicum-aureum-2\/#primaryimage","url":"https:\/\/www.vallonchene.fr\/wp-content\/uploads\/2025\/10\/IMG_1799.webp","contentUrl":"https:\/\/www.vallonchene.fr\/wp-content\/uploads\/2025\/10\/IMG_1799.webp","width":1200,"height":1200,"caption":"Nahaufnahme des gelben Fr\u00fchlingslaubs mit blutroten Spitzen des ACER cappadocicum 'Aureum'"},{"@type":"BreadcrumbList","@id":"https:\/\/www.vallonchene.fr\/de\/produkt\/acer-cappadocicum-aureum-2\/#breadcrumb","itemListElement":[{"@type":"ListItem","position":1,"name":"Home","item":"https:\/\/www.vallonchene.fr\/de\/"},{"@type":"ListItem","position":2,"name":"Shop","item":"https:\/\/www.vallonchene.fr\/de\/shop\/"},{"@type":"ListItem","position":3,"name":"Online-Verkauf","item":"https:\/\/www.vallonchene.fr\/de\/produkt-kategorie\/online-verkauf-de\/"},{"@type":"ListItem","position":4,"name":"Baumschule","item":"https:\/\/www.vallonchene.fr\/de\/produkt-kategorie\/online-verkauf-de\/baumschule-gaertnerei-de\/"},{"@type":"ListItem","position":5,"name":"Str\u00e4ucher und B\u00e4ume","item":"https:\/\/www.vallonchene.fr\/de\/produkt-kategorie\/online-verkauf-de\/baumschule-gaertnerei-de\/straucher-und-baume-de\/"},{"@type":"ListItem","position":6,"name":"ACER cappadocicum &#8218;Aureum&#8216;"}]},{"@type":"WebSite","@id":"https:\/\/www.vallonchene.fr\/de\/#website","url":"https:\/\/www.vallonchene.fr\/de\/","name":"Vallonch\u00eane","description":"Die Baumschule, bei der Qualit\u00e4t ihre Wurzeln hat \u2013 Tel.: +49 (0)6838-5399840","publisher":{"@id":"https:\/\/www.vallonchene.fr\/de\/#organization"},"potentialAction":[{"@type":"SearchAction","target":{"@type":"EntryPoint","urlTemplate":"https:\/\/www.vallonchene.fr\/de\/?s={search_term_string}"},"query-input":{"@type":"PropertyValueSpecification","valueRequired":true,"valueName":"search_term_string"}}],"inLanguage":"de"},{"@type":"Organization","@id":"https:\/\/www.vallonchene.fr\/de\/#organization","name":"VALLONCHENE","url":"https:\/\/www.vallonchene.fr\/de\/","logo":{"@type":"ImageObject","inLanguage":"de","@id":"https:\/\/www.vallonchene.fr\/de\/#\/schema\/logo\/image\/","url":"https:\/\/www.vallonchene.fr\/wp-content\/uploads\/2023\/03\/Logo-Vallonchene-site-et-R_hauteur_100.png","contentUrl":"https:\/\/www.vallonchene.fr\/wp-content\/uploads\/2023\/03\/Logo-Vallonchene-site-et-R_hauteur_100.png","width":221,"height":100,"caption":"VALLONCHENE"},"image":{"@id":"https:\/\/www.vallonchene.fr\/de\/#\/schema\/logo\/image\/"},"sameAs":["https:\/\/www.facebook.com\/vallonchene.fr","https:\/\/www.instagram.com\/vallonchene\/","https:\/\/www.pinterest.fr\/vallonchene\/"],"taxID":"49454502300017","hasMerchantReturnPolicy":{"@type":"MerchantReturnPolicy","merchantReturnLink":"https:\/\/www.vallonchene.fr\/remboursements_retours\/"}}]},"og_availability":"instock","product_availability":"instock","product_retailer_item_id":"52516","product_condition":"new"},"_links":{"self":[{"href":"https:\/\/www.vallonchene.fr\/de\/wp-json\/wp\/v2\/product\/17971","targetHints":{"allow":["GET"]}}],"collection":[{"href":"https:\/\/www.vallonchene.fr\/de\/wp-json\/wp\/v2\/product"}],"about":[{"href":"https:\/\/www.vallonchene.fr\/de\/wp-json\/wp\/v2\/types\/product"}],"replies":[{"embeddable":true,"href":"https:\/\/www.vallonchene.fr\/de\/wp-json\/wp\/v2\/comments?post=17971"}],"wp:featuredmedia":[{"embeddable":true,"href":"https:\/\/www.vallonchene.fr\/de\/wp-json\/wp\/v2\/media\/55502"}],"wp:attachment":[{"href":"https:\/\/www.vallonchene.fr\/de\/wp-json\/wp\/v2\/media?parent=17971"}],"wp:term":[{"taxonomy":"product_brand","embeddable":true,"href":"https:\/\/www.vallonchene.fr\/de\/wp-json\/wp\/v2\/product_brand?post=17971"},{"taxonomy":"product_cat","embeddable":true,"href":"https:\/\/www.vallonchene.fr\/de\/wp-json\/wp\/v2\/product_cat?post=17971"},{"taxonomy":"product_tag","embeddable":true,"href":"https:\/\/www.vallonchene.fr\/de\/wp-json\/wp\/v2\/product_tag?post=17971"}],"curies":[{"name":"wp","href":"https:\/\/api.w.org\/{rel}","templated":true}]}}