{"id":17953,"date":"2021-08-31T11:40:48","date_gmt":"2021-08-31T11:40:48","guid":{"rendered":"https:\/\/testing.vallonchene.fr\/produit\/tetradium-daniellii\/"},"modified":"2026-02-19T16:49:48","modified_gmt":"2026-02-19T15:49:48","slug":"tetradium-daniellii","status":"publish","type":"product","link":"https:\/\/www.vallonchene.fr\/de\/produkt\/tetradium-daniellii\/","title":{"rendered":"TETRADIUM daniellii"},"content":{"rendered":"<p>Der <strong>TETRADIUM daniellii<\/strong> (fr\u00fcher bekannt als <strong>EVODIA daniellii<\/strong> oder auch <strong>EUODIA daniellii<\/strong>) wird auch als Bienenbaum bezeichnet. Imker sch\u00e4tzen ihn sehr, da er eine ausgezeichnete Nahrungsquelle f\u00fcr Bienen darstellt. Diese Art ist vollst\u00e4ndig winterhart, w\u00e4hrend ihr duftendes Laub ihm ein eher exotisches Aussehen verleiht.<\/p>\n<p>Seine <strong>wei\u00dfen Bl\u00fcten<\/strong> erscheinen von Juni bis August und verbreiten ihr <strong>angenehmes Parfum<\/strong>. Die Bienen k\u00f6nnen sich so mehrere Monate lang daran laben.<br \/>\nAnschlie\u00dfend, nach der Bl\u00fcte, entwickeln sich rote Fr\u00fcchte, die den V\u00f6geln eine Gaumenfreude bereiten.<br \/>\nWenn es einen Baum gibt, den man pflanzen sollte, um unsere Freunde, die Bienen und V\u00f6gel, zu unterst\u00fctzen, dann ist es dieser.<br \/>\nIm Herbst wird sein normalerweise gl\u00e4nzend gr\u00fcnes Laub leuchtend gelb.<\/p>\n<h2>Wie man TETRADIUM daniellii pflanzt<\/h2>\n<p>Der Honigbaum l\u00e4sst sich leicht schneiden.<br \/>\nPflanzen Sie ihn in voller Sonne, damit er m\u00f6glichst viele Bl\u00fcten entwickelt.<br \/>\nEr ist eine unkomplizierte Pflanze in Bezug auf den Boden. Er vertr\u00e4gt trockenen, m\u00e4\u00dfig feuchten und sogar feuchten Boden sowie jeden pH-Wert.<br \/>\nDer TETRADIUM daniellii h\u00e4lt Temperaturen unter \u221220\u00b0 C stand.<br \/>\nAngesichts des Klimawandels ist dies ein besonders interessanter Baum, da er gut trockenheitsbest\u00e4ndig ist.<\/p>\n<p>F\u00fcr eine gute Vorbereitung des Topfes oder des Pflanzlochs haben wir <a href=\"https:\/\/www.vallonchene.fr\/comment-planter-et-entretenir-des-vegetaux\/\" target=\"_blank\" rel=\"noreferrer noopener\">spezifische Anweisungen hier verf\u00fcgbar<\/a>. Lesen Sie auch <a href=\"https:\/\/www.vallonchene.fr\/comment-bien-arroser-le-jardin-et-economiser-leau\/\">unsere Tipps, wie man richtig gie\u00dft und Wasser spart, hier<\/a>.<\/p>\n<h2>Geschichte und Herkunft<\/h2>\n<p>Der Honigbaum hat seinen Ursprung in der gem\u00e4\u00dfigten bis tropischen Zone Ostasiens.<\/p>\n<p>Ehemals auch als EVODIA oder EUODIA bezeichnet, beschr\u00e4nkt sich die Gattung EVODIA heute ausschlie\u00dflich auf tropische Arten.<\/p>\n<p>Die Arten der Gattung TETRADIUM stellen ebenfalls eine Nahrungsquelle f\u00fcr Schmetterlinge dar.<\/p>\n<p>Die Art daniellii wurde nach dem britischen Milit\u00e4rarzt William Freeman Daniell benannt.<\/p>\n<p>Die Bl\u00fcten dieses Baumes produzieren einen der zuckerreichsten Nektare.<\/p>\n<p>Diese Art wurde erstmals 1862 vom britischen Botaniker <a href=\"https:\/\/fr.wikipedia.org\/wiki\/John_Joseph_Bennett\" target=\"_blank\" rel=\"noreferrer noopener\">John Joseph Bennett<\/a> beschrieben.<\/p>\n","protected":false},"excerpt":{"rendered":"<p>Der <b>Bienenbaum<\/b> wird von Bienen sehr gesch\u00e4tzt. Die Bl\u00fcten des <b>TETRADIUM daniellii<\/b> verstr\u00f6men einen angenehmen Duft. Er ist bei Imkern wegen seiner Honigtau-Eigenschaften sehr begehrt.<\/p>\n","protected":false},"featured_media":44561,"comment_status":"open","ping_status":"closed","template":"","meta":[],"product_brand":[],"product_cat":[252],"product_tag":[13142,13141],"class_list":{"0":"post-17953","1":"product","2":"type-product","3":"status-publish","4":"has-post-thumbnail","6":"product_cat-straucher-und-baume-de","7":"product_tag-bienenbaum-2","8":"product_tag-tetradium-daniellii","9":"pa_99-hauteurapproximativeapres1-3_5m-de","10":"pa_couleurdesfleurs-weiss-de","11":"pa_couleurdufeuillage-grun-de","12":"pa_exigencesenhumidite-feucht-de","13":"pa_exigencesenhumidite-normal-de","14":"pa_exigencesenhumidite-trocken-de","15":"pa_expositionspossibles-sonnigvon12bis17uhr-de","16":"pa_hauteurlivree-100-bis-125-cm","17":"pa_hauteurlivree-125-bis-150-cm","18":"pa_hauteurlivree-150-bis-175-cm","19":"pa_hauteurlivree-175-bis-200-cm","20":"pa_hauteurlivree-20-bis-30-cm","21":"pa_hauteurlivree-200-bis-250-cm","22":"pa_hauteurlivree-250-bis-300-cm","23":"pa_hauteurlivree-30-bis-40-cm","24":"pa_hauteurlivree-40-bis-50-cm","25":"pa_hauteurlivree-40-bis-60-cm","26":"pa_hauteurlivree-50-bis-60-cm","27":"pa_hauteurlivree-60-bis-80-cm","28":"pa_hauteurlivree-70-bis-80-cm","29":"pa_hauteurlivree-80-bis-100-cm","30":"pa_interetauprintemps-laub-de","31":"pa_interetenautomne-laub-de","32":"pa_interetenete-bluten-de","33":"pa_interetenete-laub-de","34":"pa_naturedufeuillage-nichtimmergrun-de","35":"pa_naturesdesolpossibles-leicht-de","36":"pa_naturesdesolpossibles-schwer-de","37":"pa_particularites-insektenfreundlich-de","38":"pa_periodedefloraison-sommer-de","39":"pa_phdusolacceptable-kalkigmehrals75-de","40":"pa_phdusolacceptable-neutralzw65u75-de","41":"pa_phdusolacceptable-sauerwenigerals65-de","42":"pa_portgraphisme-rund-de","43":"pa_resistanceaufroidrusticite-frostbestandigunter_20c-de","44":"pa_tailledepot-1-5-liter-topf","45":"pa_tailledepot-10liter_topf-de","46":"pa_tailledepot-15liter_topf-de","47":"pa_tailledepot-2liter_topf-de","48":"pa_tailledepot-20liter_topf-de","49":"pa_tailledepot-3liter_topf-de","50":"pa_tailledepot-4liter_topf-de","51":"pa_tailledepot-5liter_topf-de","52":"pa_tailledepot-75liter_topf-de","53":"pa_tailledepot-jungpflanze-1-liter-topf","54":"pa_tailledepot-jungpflanze-topf-von-8-cm","55":"pa_utilisationpossible-alleinstehend-de","56":"pa_utilisationpossible-beet-de","58":"first","59":"instock","60":"taxable","61":"shipping-taxable","62":"purchasable","63":"product-type-variable","64":"has-default-attributes"},"supplier_id":null,"supplier_sku":"","barcode":null,"atum_controlled":true,"out_stock_date":null,"out_stock_threshold":null,"inheritable":true,"inbound_stock":0,"stock_on_hold":0,"sold_today":0,"sales_last_days":0,"reserved_stock":0,"customer_returns":0,"warehouse_damage":0,"lost_in_post":0,"other_logs":0,"out_stock_days":null,"lost_sales":0,"has_location":false,"update_date":"2026-04-22T12:16:02","atum_locations":[],"atum_stock_status":"instock","restock_status":false,"low_stock_amount":"","sales_update_date":"2025-08-31T13:08:55","calc_backorders":null,"yoast_head":"<!-- This site is optimized with the Yoast SEO Premium plugin v27.4 (Yoast SEO v27.4) - https:\/\/yoast.com\/product\/yoast-seo-premium-wordpress\/ -->\n<title>TETRADIUM daniellii - Bienenbaum<\/title>\n<meta name=\"description\" content=\"Der Bienenbaum wird von Bienen sehr gesch\u00e4tzt. Die Bl\u00fcten des TETRADIUM daniellii verstr\u00f6men einen angenehmen Duft. Er ist bienenfreundlich.\" \/>\n<meta name=\"robots\" content=\"index, follow, max-snippet:-1, max-image-preview:large, max-video-preview:-1\" \/>\n<link rel=\"canonical\" href=\"https:\/\/www.vallonchene.fr\/de\/produkt\/tetradium-daniellii\/\" \/>\n<meta property=\"og:locale\" content=\"de_DE\" \/>\n<meta property=\"og:type\" content=\"article\" \/>\n<meta property=\"og:title\" content=\"TETRADIUM daniellii\" \/>\n<meta property=\"og:description\" content=\"Der Bienenbaum wird von Bienen sehr gesch\u00e4tzt. Die Bl\u00fcten des TETRADIUM daniellii verstr\u00f6men einen angenehmen Duft. Er ist bienenfreundlich.\" \/>\n<meta property=\"og:url\" content=\"https:\/\/www.vallonchene.fr\/de\/produkt\/tetradium-daniellii\/\" \/>\n<meta property=\"og:site_name\" content=\"Vallonch\u00eane\" \/>\n<meta property=\"article:publisher\" content=\"https:\/\/www.facebook.com\/vallonchene.fr\" \/>\n<meta property=\"article:modified_time\" content=\"2026-02-19T15:49:48+00:00\" \/>\n<meta property=\"og:image\" content=\"https:\/\/www.vallonchene.fr\/wp-content\/uploads\/2023\/10\/TETRADIUM-daniellii_04.webp\" \/>\n\t<meta property=\"og:image:width\" content=\"1200\" \/>\n\t<meta property=\"og:image:height\" content=\"1200\" \/>\n\t<meta property=\"og:image:type\" content=\"image\/webp\" \/>\n<meta name=\"twitter:card\" content=\"summary_large_image\" \/>\n<meta name=\"twitter:label1\" content=\"Verf\u00fcgbarkeit\" \/>\n\t<meta name=\"twitter:data1\" content=\"Vorr\u00e4tig\" \/>\n<script type=\"application\/ld+json\" class=\"yoast-schema-graph\">{\"@context\":\"https:\\\/\\\/schema.org\",\"@graph\":[{\"@type\":\"WebPage\",\"@id\":\"https:\\\/\\\/www.vallonchene.fr\\\/de\\\/produkt\\\/tetradium-daniellii\\\/\",\"url\":\"https:\\\/\\\/www.vallonchene.fr\\\/de\\\/produkt\\\/tetradium-daniellii\\\/\",\"name\":\"TETRADIUM daniellii - Bienenbaum\",\"isPartOf\":{\"@id\":\"https:\\\/\\\/www.vallonchene.fr\\\/de\\\/#website\"},\"primaryImageOfPage\":{\"@id\":\"https:\\\/\\\/www.vallonchene.fr\\\/de\\\/produkt\\\/tetradium-daniellii\\\/#primaryimage\"},\"image\":{\"@id\":\"https:\\\/\\\/www.vallonchene.fr\\\/de\\\/produkt\\\/tetradium-daniellii\\\/#primaryimage\"},\"thumbnailUrl\":\"https:\\\/\\\/www.vallonchene.fr\\\/wp-content\\\/uploads\\\/2023\\\/10\\\/TETRADIUM-daniellii_04.webp\",\"datePublished\":\"2021-08-31T11:40:48+00:00\",\"dateModified\":\"2026-02-19T15:49:48+00:00\",\"description\":\"Der Bienenbaum wird von Bienen sehr gesch\u00e4tzt. Die Bl\u00fcten des TETRADIUM daniellii verstr\u00f6men einen angenehmen Duft. Er ist bienenfreundlich.\",\"breadcrumb\":{\"@id\":\"https:\\\/\\\/www.vallonchene.fr\\\/de\\\/produkt\\\/tetradium-daniellii\\\/#breadcrumb\"},\"inLanguage\":\"de\",\"potentialAction\":[{\"@type\":\"ReadAction\",\"target\":[\"https:\\\/\\\/www.vallonchene.fr\\\/de\\\/produkt\\\/tetradium-daniellii\\\/\"]}]},{\"@type\":\"ImageObject\",\"inLanguage\":\"de\",\"@id\":\"https:\\\/\\\/www.vallonchene.fr\\\/de\\\/produkt\\\/tetradium-daniellii\\\/#primaryimage\",\"url\":\"https:\\\/\\\/www.vallonchene.fr\\\/wp-content\\\/uploads\\\/2023\\\/10\\\/TETRADIUM-daniellii_04.webp\",\"contentUrl\":\"https:\\\/\\\/www.vallonchene.fr\\\/wp-content\\\/uploads\\\/2023\\\/10\\\/TETRADIUM-daniellii_04.webp\",\"width\":1200,\"height\":1200,\"caption\":\"Bl\u00fcten vor der Bl\u00fcte des TETRADIUM daniellii mit seinem gr\u00fcnen Laub\"},{\"@type\":\"BreadcrumbList\",\"@id\":\"https:\\\/\\\/www.vallonchene.fr\\\/de\\\/produkt\\\/tetradium-daniellii\\\/#breadcrumb\",\"itemListElement\":[{\"@type\":\"ListItem\",\"position\":1,\"name\":\"Home\",\"item\":\"https:\\\/\\\/www.vallonchene.fr\\\/de\\\/\"},{\"@type\":\"ListItem\",\"position\":2,\"name\":\"Shop\",\"item\":\"https:\\\/\\\/www.vallonchene.fr\\\/de\\\/shop\\\/\"},{\"@type\":\"ListItem\",\"position\":3,\"name\":\"Online-Verkauf\",\"item\":\"https:\\\/\\\/www.vallonchene.fr\\\/de\\\/produkt-kategorie\\\/online-verkauf-de\\\/\"},{\"@type\":\"ListItem\",\"position\":4,\"name\":\"Baumschule\",\"item\":\"https:\\\/\\\/www.vallonchene.fr\\\/de\\\/produkt-kategorie\\\/online-verkauf-de\\\/baumschule-gaertnerei-de\\\/\"},{\"@type\":\"ListItem\",\"position\":5,\"name\":\"Str\u00e4ucher und B\u00e4ume\",\"item\":\"https:\\\/\\\/www.vallonchene.fr\\\/de\\\/produkt-kategorie\\\/online-verkauf-de\\\/baumschule-gaertnerei-de\\\/straucher-und-baume-de\\\/\"},{\"@type\":\"ListItem\",\"position\":6,\"name\":\"TETRADIUM daniellii\"}]},{\"@type\":\"WebSite\",\"@id\":\"https:\\\/\\\/www.vallonchene.fr\\\/de\\\/#website\",\"url\":\"https:\\\/\\\/www.vallonchene.fr\\\/de\\\/\",\"name\":\"Vallonch\u00eane\",\"description\":\"Die Baumschule, bei der Qualit\u00e4t ihre Wurzeln hat \u2013 Tel.: +49 (0)6838-5399840\",\"publisher\":{\"@id\":\"https:\\\/\\\/www.vallonchene.fr\\\/de\\\/#organization\"},\"potentialAction\":[{\"@type\":\"SearchAction\",\"target\":{\"@type\":\"EntryPoint\",\"urlTemplate\":\"https:\\\/\\\/www.vallonchene.fr\\\/de\\\/?s={search_term_string}\"},\"query-input\":{\"@type\":\"PropertyValueSpecification\",\"valueRequired\":true,\"valueName\":\"search_term_string\"}}],\"inLanguage\":\"de\"},{\"@type\":\"Organization\",\"@id\":\"https:\\\/\\\/www.vallonchene.fr\\\/de\\\/#organization\",\"name\":\"VALLONCHENE\",\"url\":\"https:\\\/\\\/www.vallonchene.fr\\\/de\\\/\",\"logo\":{\"@type\":\"ImageObject\",\"inLanguage\":\"de\",\"@id\":\"https:\\\/\\\/www.vallonchene.fr\\\/de\\\/#\\\/schema\\\/logo\\\/image\\\/\",\"url\":\"https:\\\/\\\/www.vallonchene.fr\\\/wp-content\\\/uploads\\\/2023\\\/03\\\/Logo-Vallonchene-site-et-R_hauteur_100.png\",\"contentUrl\":\"https:\\\/\\\/www.vallonchene.fr\\\/wp-content\\\/uploads\\\/2023\\\/03\\\/Logo-Vallonchene-site-et-R_hauteur_100.png\",\"width\":221,\"height\":100,\"caption\":\"VALLONCHENE\"},\"image\":{\"@id\":\"https:\\\/\\\/www.vallonchene.fr\\\/de\\\/#\\\/schema\\\/logo\\\/image\\\/\"},\"sameAs\":[\"https:\\\/\\\/www.facebook.com\\\/vallonchene.fr\",\"https:\\\/\\\/www.instagram.com\\\/vallonchene\\\/\",\"https:\\\/\\\/www.pinterest.fr\\\/vallonchene\\\/\"],\"taxID\":\"49454502300017\",\"hasMerchantReturnPolicy\":{\"@type\":\"MerchantReturnPolicy\",\"merchantReturnLink\":\"https:\\\/\\\/www.vallonchene.fr\\\/remboursements_retours\\\/\"}}]}<\/script>\n<meta property=\"og:availability\" content=\"instock\" \/>\n<meta property=\"product:availability\" content=\"instock\" \/>\n<meta property=\"product:retailer_item_id\" content=\"76746\" \/>\n<meta property=\"product:condition\" content=\"new\" \/>\n<!-- \/ Yoast SEO Premium plugin. -->","yoast_head_json":{"title":"TETRADIUM daniellii - Bienenbaum","description":"Der Bienenbaum wird von Bienen sehr gesch\u00e4tzt. Die Bl\u00fcten des TETRADIUM daniellii verstr\u00f6men einen angenehmen Duft. Er ist bienenfreundlich.","robots":{"index":"index","follow":"follow","max-snippet":"max-snippet:-1","max-image-preview":"max-image-preview:large","max-video-preview":"max-video-preview:-1"},"canonical":"https:\/\/www.vallonchene.fr\/de\/produkt\/tetradium-daniellii\/","og_locale":"de_DE","og_type":"article","og_title":"TETRADIUM daniellii","og_description":"Der Bienenbaum wird von Bienen sehr gesch\u00e4tzt. Die Bl\u00fcten des TETRADIUM daniellii verstr\u00f6men einen angenehmen Duft. Er ist bienenfreundlich.","og_url":"https:\/\/www.vallonchene.fr\/de\/produkt\/tetradium-daniellii\/","og_site_name":"Vallonch\u00eane","article_publisher":"https:\/\/www.facebook.com\/vallonchene.fr","article_modified_time":"2026-02-19T15:49:48+00:00","og_image":[{"width":1200,"height":1200,"url":"https:\/\/www.vallonchene.fr\/wp-content\/uploads\/2023\/10\/TETRADIUM-daniellii_04.webp","type":"image\/webp"}],"twitter_card":"summary_large_image","twitter_misc":{"Verf\u00fcgbarkeit":"Vorr\u00e4tig"},"schema":{"@context":"https:\/\/schema.org","@graph":[{"@type":"WebPage","@id":"https:\/\/www.vallonchene.fr\/de\/produkt\/tetradium-daniellii\/","url":"https:\/\/www.vallonchene.fr\/de\/produkt\/tetradium-daniellii\/","name":"TETRADIUM daniellii - Bienenbaum","isPartOf":{"@id":"https:\/\/www.vallonchene.fr\/de\/#website"},"primaryImageOfPage":{"@id":"https:\/\/www.vallonchene.fr\/de\/produkt\/tetradium-daniellii\/#primaryimage"},"image":{"@id":"https:\/\/www.vallonchene.fr\/de\/produkt\/tetradium-daniellii\/#primaryimage"},"thumbnailUrl":"https:\/\/www.vallonchene.fr\/wp-content\/uploads\/2023\/10\/TETRADIUM-daniellii_04.webp","datePublished":"2021-08-31T11:40:48+00:00","dateModified":"2026-02-19T15:49:48+00:00","description":"Der Bienenbaum wird von Bienen sehr gesch\u00e4tzt. Die Bl\u00fcten des TETRADIUM daniellii verstr\u00f6men einen angenehmen Duft. Er ist bienenfreundlich.","breadcrumb":{"@id":"https:\/\/www.vallonchene.fr\/de\/produkt\/tetradium-daniellii\/#breadcrumb"},"inLanguage":"de","potentialAction":[{"@type":"ReadAction","target":["https:\/\/www.vallonchene.fr\/de\/produkt\/tetradium-daniellii\/"]}]},{"@type":"ImageObject","inLanguage":"de","@id":"https:\/\/www.vallonchene.fr\/de\/produkt\/tetradium-daniellii\/#primaryimage","url":"https:\/\/www.vallonchene.fr\/wp-content\/uploads\/2023\/10\/TETRADIUM-daniellii_04.webp","contentUrl":"https:\/\/www.vallonchene.fr\/wp-content\/uploads\/2023\/10\/TETRADIUM-daniellii_04.webp","width":1200,"height":1200,"caption":"Bl\u00fcten vor der Bl\u00fcte des TETRADIUM daniellii mit seinem gr\u00fcnen Laub"},{"@type":"BreadcrumbList","@id":"https:\/\/www.vallonchene.fr\/de\/produkt\/tetradium-daniellii\/#breadcrumb","itemListElement":[{"@type":"ListItem","position":1,"name":"Home","item":"https:\/\/www.vallonchene.fr\/de\/"},{"@type":"ListItem","position":2,"name":"Shop","item":"https:\/\/www.vallonchene.fr\/de\/shop\/"},{"@type":"ListItem","position":3,"name":"Online-Verkauf","item":"https:\/\/www.vallonchene.fr\/de\/produkt-kategorie\/online-verkauf-de\/"},{"@type":"ListItem","position":4,"name":"Baumschule","item":"https:\/\/www.vallonchene.fr\/de\/produkt-kategorie\/online-verkauf-de\/baumschule-gaertnerei-de\/"},{"@type":"ListItem","position":5,"name":"Str\u00e4ucher und B\u00e4ume","item":"https:\/\/www.vallonchene.fr\/de\/produkt-kategorie\/online-verkauf-de\/baumschule-gaertnerei-de\/straucher-und-baume-de\/"},{"@type":"ListItem","position":6,"name":"TETRADIUM daniellii"}]},{"@type":"WebSite","@id":"https:\/\/www.vallonchene.fr\/de\/#website","url":"https:\/\/www.vallonchene.fr\/de\/","name":"Vallonch\u00eane","description":"Die Baumschule, bei der Qualit\u00e4t ihre Wurzeln hat \u2013 Tel.: +49 (0)6838-5399840","publisher":{"@id":"https:\/\/www.vallonchene.fr\/de\/#organization"},"potentialAction":[{"@type":"SearchAction","target":{"@type":"EntryPoint","urlTemplate":"https:\/\/www.vallonchene.fr\/de\/?s={search_term_string}"},"query-input":{"@type":"PropertyValueSpecification","valueRequired":true,"valueName":"search_term_string"}}],"inLanguage":"de"},{"@type":"Organization","@id":"https:\/\/www.vallonchene.fr\/de\/#organization","name":"VALLONCHENE","url":"https:\/\/www.vallonchene.fr\/de\/","logo":{"@type":"ImageObject","inLanguage":"de","@id":"https:\/\/www.vallonchene.fr\/de\/#\/schema\/logo\/image\/","url":"https:\/\/www.vallonchene.fr\/wp-content\/uploads\/2023\/03\/Logo-Vallonchene-site-et-R_hauteur_100.png","contentUrl":"https:\/\/www.vallonchene.fr\/wp-content\/uploads\/2023\/03\/Logo-Vallonchene-site-et-R_hauteur_100.png","width":221,"height":100,"caption":"VALLONCHENE"},"image":{"@id":"https:\/\/www.vallonchene.fr\/de\/#\/schema\/logo\/image\/"},"sameAs":["https:\/\/www.facebook.com\/vallonchene.fr","https:\/\/www.instagram.com\/vallonchene\/","https:\/\/www.pinterest.fr\/vallonchene\/"],"taxID":"49454502300017","hasMerchantReturnPolicy":{"@type":"MerchantReturnPolicy","merchantReturnLink":"https:\/\/www.vallonchene.fr\/remboursements_retours\/"}}]},"og_availability":"instock","product_availability":"instock","product_retailer_item_id":"76746","product_condition":"new"},"_links":{"self":[{"href":"https:\/\/www.vallonchene.fr\/de\/wp-json\/wp\/v2\/product\/17953","targetHints":{"allow":["GET"]}}],"collection":[{"href":"https:\/\/www.vallonchene.fr\/de\/wp-json\/wp\/v2\/product"}],"about":[{"href":"https:\/\/www.vallonchene.fr\/de\/wp-json\/wp\/v2\/types\/product"}],"replies":[{"embeddable":true,"href":"https:\/\/www.vallonchene.fr\/de\/wp-json\/wp\/v2\/comments?post=17953"}],"wp:featuredmedia":[{"embeddable":true,"href":"https:\/\/www.vallonchene.fr\/de\/wp-json\/wp\/v2\/media\/44561"}],"wp:attachment":[{"href":"https:\/\/www.vallonchene.fr\/de\/wp-json\/wp\/v2\/media?parent=17953"}],"wp:term":[{"taxonomy":"product_brand","embeddable":true,"href":"https:\/\/www.vallonchene.fr\/de\/wp-json\/wp\/v2\/product_brand?post=17953"},{"taxonomy":"product_cat","embeddable":true,"href":"https:\/\/www.vallonchene.fr\/de\/wp-json\/wp\/v2\/product_cat?post=17953"},{"taxonomy":"product_tag","embeddable":true,"href":"https:\/\/www.vallonchene.fr\/de\/wp-json\/wp\/v2\/product_tag?post=17953"}],"curies":[{"name":"wp","href":"https:\/\/api.w.org\/{rel}","templated":true}]}}