{"id":16096,"date":"2021-08-31T11:31:22","date_gmt":"2021-08-31T11:31:22","guid":{"rendered":"https:\/\/testing.vallonchene.fr\/produit\/pyrus-salicifolia-pendula\/"},"modified":"2026-03-18T19:59:57","modified_gmt":"2026-03-18T18:59:57","slug":"pyrus-salicifolia-pendula-haengende-weidenblaettrige-birne","status":"publish","type":"product","link":"https:\/\/www.vallonchene.fr\/de\/produkt\/pyrus-salicifolia-pendula-haengende-weidenblaettrige-birne\/","title":{"rendered":"PYRUS salicifolia &#8218;Pendula&#8216; (H\u00e4ngende weidenbl\u00e4ttrige Birne)"},"content":{"rendered":"<p><strong>PYRUS salicifolia &#8218;Pendula&#8216;<\/strong> stellt einen <strong>kleinen Trauerbaum<\/strong> mit deutlich herabh\u00e4ngenden Zweigen dar. Dadurch sorgt diese eher au\u00dfergew\u00f6hnliche Pflanze auch im Winter, wenn das Laub verschwunden ist, f\u00fcr ein <strong>grafisches Element<\/strong>.<br \/>\nDen gebr\u00e4uchlichen Namen <strong>h\u00e4ngende weidenbl\u00e4ttrige Birne<\/strong> tr\u00e4gt sie, da ihre Bl\u00e4tter sehr schmal und relativ lang sind. Weiterhin sind sie <strong>hellgrau<\/strong> und <strong>mit hellen Daunen<\/strong> bedeckt. Im Gegensatz zur Art P. salicifolia wird sie <strong>deutlich weniger hoch<\/strong>.<br \/>\n\u00dcberdies bl\u00fcht dieser kleine Baum im Fr\u00fchling reichlich. Seine Bl\u00fcten sind <strong>wei\u00df<\/strong> und dienen als <strong>Best\u00e4uber<\/strong> f\u00fcr Obstbirnenb\u00e4ume.<br \/>\nAnsonsten verf\u00fcgt P. salicifolia &#8218;Pendula&#8216; \u00fcber ein <strong>ausgezeichnetes Wurzelsystem<\/strong>.<\/p>\n<p>Um alle unsere PYRUS-Sorten (Zierpflanzen und Fr\u00fcchte) anzuzeigen, <strong><a href=\"https:\/\/www.vallonchene.fr\/de\/?s=pyrus&amp;post_type=product&amp;dgwt_wcas=1&amp;lang=de&amp;filter_stock_status=instock\">klicken Sie bitte hier<\/a><\/strong>.<\/p>\n<h2>Pflanzung und Pflege von PYRUS salicifolia &#8218;Pendula&#8216;<\/h2>\n<p>Der h\u00e4ngende weidenbl\u00e4ttrige Birnbaum mag die <strong>volle Sonne<\/strong>, freut sich aber auch \u00fcber <strong>Halbschatten<\/strong>.<br \/>\nEbenso vertr\u00e4gt er <strong>jede Art von Boden<\/strong>: leicht, normal oder schwer, <strong>unabh\u00e4ngig vom pH-Wert<\/strong>.<br \/>\nBei Bedarf im M\u00e4rz beschneiden. Angesichts der geringen Entwicklung erscheint dies jedoch unwahrscheinlich.<br \/>\nDiese Pflanze ist <strong>\u00e4u\u00dferst resistent gegen Trockenheit<\/strong>, Hitze und <strong>Temperaturen unter -20\u00b0 C<\/strong>.<\/p>\n<p>F\u00fcr eine gute Vorbereitung des Topfes oder des Pflanzlochs haben wir <a href=\"https:\/\/www.vallonchene.fr\/de\/wie-man-pflanzen-pflanzt-und-pflegt\/\" target=\"_blank\" rel=\"noreferrer noopener\"><strong>hier eine spezielle Anleitung zusammengestellt<\/strong><\/a>. Entdecken Sie hier, <a href=\"https:\/\/www.vallonchene.fr\/de\/den-garten-richtig-bewaessern-und-wasser-sparen\/\"><strong>wie man den Garten richtig bew\u00e4ssert und gleichzeitig Wasser spart<\/strong><\/a>.<\/p>\n<h2>Geschichte und Herkunft<\/h2>\n<p>Die Typusart P. salicifolia wird seit 1780 kultiviert. Sie wird h\u00e4ufig als Zierpflanze in G\u00e4rten verwendet. Einen echten Pluspunkt bringt dann die PYRUS salicifolia &#8218;Pendula&#8216; mit ihren h\u00e4ngenden Grafiken.<\/p>\n<p>Die Sorte PYRUS salicifolia &#8218;Pendula&#8216; wurde von der RHS (<strong><a href=\"https:\/\/de.wikipedia.org\/wiki\/Royal_Horticultural_Society\" target=\"_blank\" rel=\"noopener\">Royal Horticultural Society<\/a><\/strong>) mit dem renommierten <strong><a href=\"https:\/\/de.wikipedia.org\/wiki\/Award_of_Garden_Merit\" target=\"_blank\" rel=\"noopener\">Award of Garden Merit<\/a><\/strong> ausgezeichnet.<\/p>\n<p>Der nat\u00fcrliche Lebensraum der Art liegt im S\u00fcden des <strong><a href=\"https:\/\/de.wikipedia.org\/wiki\/Kaukasus\" target=\"_blank\" rel=\"noopener\">Kaukasus<\/a><\/strong>, im Nordosten der <strong><a href=\"https:\/\/de.wikipedia.org\/wiki\/T%C3%BCrkei\" target=\"_blank\" rel=\"noopener\">T\u00fcrkei<\/a><\/strong> bis zum <strong><a href=\"https:\/\/de.wikipedia.org\/wiki\/Iran\" target=\"_blank\" rel=\"noopener\">Iran<\/a><\/strong>. Sie w\u00e4chst in W\u00e4ldern oder an trockenen Orten in H\u00f6henlagen zwischen 300 und 1800 Metern.<\/p>\n<p>\u00dcberdies wird P. salicifolia als Unterlage f\u00fcr Obstbirnenb\u00e4ume verwendet, da es Trockenheit und K\u00e4lte gut vertr\u00e4gt.<\/p>\n","protected":false},"excerpt":{"rendered":"<p>Diese <strong>weidenbl\u00e4ttrige Birne<\/strong> ist eine <strong>H\u00e4ngeform<\/strong>. Das Laub der\u00a0<strong>PYRUS salicifolia &#8218;Pendula&#8216;<\/strong> ist grau, fast wei\u00df im Sommer. Diese Pflanze bl\u00fcht reichlich im Fr\u00fchling und ist absolut winterhart.<\/p>\n","protected":false},"featured_media":44597,"comment_status":"open","ping_status":"closed","template":"","meta":[],"product_brand":[],"product_cat":[252],"product_tag":[10706],"class_list":{"0":"post-16096","1":"product","2":"type-product","3":"status-publish","4":"has-post-thumbnail","6":"product_cat-straucher-und-baume-de","7":"product_tag-pendula-de","8":"pa_99-hauteurapproximativeapres1-2_3m-de","9":"pa_couleurdelecorce-grau-de","10":"pa_couleurdelecorce-weiss-de","11":"pa_couleurdesfleurs-weiss-de","12":"pa_couleurdufeuillage-weiss-de","13":"pa_exigencesenhumidite-feucht-de","14":"pa_exigencesenhumidite-normal-de","15":"pa_exigencesenhumidite-trocken-de","16":"pa_expositionspossibles-ce-halbschattigsonnezw12und17-de","17":"pa_expositionspossibles-sonnigvon12bis17uhr-de","18":"pa_hauteurlivree-100-bis-125-cm","19":"pa_hauteurlivree-125-bis-150-cm","20":"pa_hauteurlivree-15-bis-20-cm","21":"pa_hauteurlivree-150-bis-175-cm","22":"pa_hauteurlivree-20-bis-25cm","23":"pa_hauteurlivree-200-bis-250-cm","24":"pa_hauteurlivree-25-bis-30-cm","25":"pa_hauteurlivree-30-bis-35-cm","26":"pa_hauteurlivree-30-bis-40-cm","27":"pa_hauteurlivree-40-bis-50-cm","28":"pa_hauteurlivree-50-bis-60-cm","29":"pa_hauteurlivree-60-bis-80-cm","30":"pa_hauteurlivree-80-bis-100-cm","31":"pa_interetauprintemps-bluten-de","32":"pa_interetauprintemps-laub-de","33":"pa_interetenautomne-laub-de","34":"pa_interetenete-laub-de","35":"pa_naturedufeuillage-nichtimmergrun-de","36":"pa_naturesdesolpossibles-leicht-de","37":"pa_naturesdesolpossibles-normal-de","38":"pa_naturesdesolpossibles-schwer-de","39":"pa_particularites-form-de","40":"pa_periodedefloraison-fruhling-de","41":"pa_periodedetaille-marz-de","42":"pa_phdusolacceptable-kalkigmehrals75-de","43":"pa_phdusolacceptable-neutralzw65u75-de","44":"pa_phdusolacceptable-sauerwenigerals65-de","45":"pa_portgraphisme-trauer-de","46":"pa_resistanceaufroidrusticite-frostbestandigunter_20c-de","47":"pa_tailledepot-1liter_topf-de","48":"pa_tailledepot-10liter_topf-de","49":"pa_tailledepot-12liter_topf-de","50":"pa_tailledepot-15liter_topf-de","51":"pa_tailledepot-2liter_topf-de","52":"pa_tailledepot-20liter_topf-de","53":"pa_tailledepot-25liter_topf-de","54":"pa_tailledepot-3liter_topf-de","55":"pa_tailledepot-4liter_topf-de","56":"pa_tailledepot-5liter_topf-de","57":"pa_tailledepot-75liter_topf-de","58":"pa_utilisationpossible-alleinstehend-de","59":"pa_utilisationpossible-beet-de","61":"first","62":"instock","63":"taxable","64":"shipping-taxable","65":"purchasable","66":"product-type-variable","67":"has-default-attributes"},"supplier_id":null,"supplier_sku":"","barcode":null,"atum_controlled":true,"out_stock_date":null,"out_stock_threshold":null,"inheritable":true,"inbound_stock":0,"stock_on_hold":1,"sold_today":0,"sales_last_days":0,"reserved_stock":0,"customer_returns":0,"warehouse_damage":0,"lost_in_post":0,"other_logs":0,"out_stock_days":null,"lost_sales":0,"has_location":false,"update_date":"2026-04-20T07:35:06","atum_locations":[],"atum_stock_status":"instock","restock_status":false,"low_stock_amount":"","sales_update_date":"2026-03-18T18:59:11","calc_backorders":null,"yoast_head":"<!-- This site is optimized with the Yoast SEO Premium plugin v27.5 (Yoast SEO v27.5) - https:\/\/yoast.com\/product\/yoast-seo-premium-wordpress\/ -->\n<title>PYRUS salicifolia &#039;Pendula&#039; - weidenbl\u00e4ttrige Birne<\/title>\n<meta name=\"description\" content=\"Diese weidenbl\u00e4ttrige Birne ist eine H\u00e4ngeform. Das Laub der\u00a0PYRUS salicifolia &#039;Pendula&#039; ist grau, fast wei\u00df im Sommer. Sie bl\u00fcht reichlich im Fr\u00fchling.\" \/>\n<meta name=\"robots\" content=\"index, follow, max-snippet:-1, max-image-preview:large, max-video-preview:-1\" \/>\n<link rel=\"canonical\" href=\"https:\/\/www.vallonchene.fr\/de\/produkt\/pyrus-salicifolia-pendula-haengende-weidenblaettrige-birne\/\" \/>\n<meta property=\"og:locale\" content=\"de_DE\" \/>\n<meta property=\"og:type\" content=\"article\" \/>\n<meta property=\"og:title\" content=\"PYRUS salicifolia &#039;Pendula&#039; (H\u00e4ngende weidenbl\u00e4ttrige Birne)\" \/>\n<meta property=\"og:description\" content=\"Diese weidenbl\u00e4ttrige Birne ist eine H\u00e4ngeform. Das Laub der\u00a0PYRUS salicifolia &#039;Pendula&#039; ist grau, fast wei\u00df im Sommer. Sie bl\u00fcht reichlich im Fr\u00fchling.\" \/>\n<meta property=\"og:url\" content=\"https:\/\/www.vallonchene.fr\/de\/produkt\/pyrus-salicifolia-pendula-haengende-weidenblaettrige-birne\/\" \/>\n<meta property=\"og:site_name\" content=\"Vallonch\u00eane\" \/>\n<meta property=\"article:publisher\" content=\"https:\/\/www.facebook.com\/vallonchene.fr\" \/>\n<meta property=\"article:modified_time\" content=\"2026-03-18T18:59:57+00:00\" \/>\n<meta property=\"og:image\" content=\"https:\/\/www.vallonchene.fr\/wp-content\/uploads\/2023\/11\/PYRUS-salicifolia-Pendula.webp\" \/>\n\t<meta property=\"og:image:width\" content=\"1200\" \/>\n\t<meta property=\"og:image:height\" content=\"1200\" \/>\n\t<meta property=\"og:image:type\" content=\"image\/webp\" \/>\n<meta name=\"twitter:card\" content=\"summary_large_image\" \/>\n<meta name=\"twitter:label1\" content=\"Verf\u00fcgbarkeit\" \/>\n\t<meta name=\"twitter:data1\" content=\"Vorr\u00e4tig\" \/>\n<script type=\"application\/ld+json\" class=\"yoast-schema-graph\">{\"@context\":\"https:\\\/\\\/schema.org\",\"@graph\":[{\"@type\":\"WebPage\",\"@id\":\"https:\\\/\\\/www.vallonchene.fr\\\/de\\\/produkt\\\/pyrus-salicifolia-pendula-haengende-weidenblaettrige-birne\\\/\",\"url\":\"https:\\\/\\\/www.vallonchene.fr\\\/de\\\/produkt\\\/pyrus-salicifolia-pendula-haengende-weidenblaettrige-birne\\\/\",\"name\":\"PYRUS salicifolia 'Pendula' - weidenbl\u00e4ttrige Birne\",\"isPartOf\":{\"@id\":\"https:\\\/\\\/www.vallonchene.fr\\\/de\\\/#website\"},\"primaryImageOfPage\":{\"@id\":\"https:\\\/\\\/www.vallonchene.fr\\\/de\\\/produkt\\\/pyrus-salicifolia-pendula-haengende-weidenblaettrige-birne\\\/#primaryimage\"},\"image\":{\"@id\":\"https:\\\/\\\/www.vallonchene.fr\\\/de\\\/produkt\\\/pyrus-salicifolia-pendula-haengende-weidenblaettrige-birne\\\/#primaryimage\"},\"thumbnailUrl\":\"https:\\\/\\\/www.vallonchene.fr\\\/wp-content\\\/uploads\\\/2023\\\/11\\\/PYRUS-salicifolia-Pendula.webp\",\"datePublished\":\"2021-08-31T11:31:22+00:00\",\"dateModified\":\"2026-03-18T18:59:57+00:00\",\"description\":\"Diese weidenbl\u00e4ttrige Birne ist eine H\u00e4ngeform. Das Laub der\u00a0PYRUS salicifolia 'Pendula' ist grau, fast wei\u00df im Sommer. Sie bl\u00fcht reichlich im Fr\u00fchling.\",\"breadcrumb\":{\"@id\":\"https:\\\/\\\/www.vallonchene.fr\\\/de\\\/produkt\\\/pyrus-salicifolia-pendula-haengende-weidenblaettrige-birne\\\/#breadcrumb\"},\"inLanguage\":\"de\",\"potentialAction\":[{\"@type\":\"ReadAction\",\"target\":[\"https:\\\/\\\/www.vallonchene.fr\\\/de\\\/produkt\\\/pyrus-salicifolia-pendula-haengende-weidenblaettrige-birne\\\/\"]}]},{\"@type\":\"ImageObject\",\"inLanguage\":\"de\",\"@id\":\"https:\\\/\\\/www.vallonchene.fr\\\/de\\\/produkt\\\/pyrus-salicifolia-pendula-haengende-weidenblaettrige-birne\\\/#primaryimage\",\"url\":\"https:\\\/\\\/www.vallonchene.fr\\\/wp-content\\\/uploads\\\/2023\\\/11\\\/PYRUS-salicifolia-Pendula.webp\",\"contentUrl\":\"https:\\\/\\\/www.vallonchene.fr\\\/wp-content\\\/uploads\\\/2023\\\/11\\\/PYRUS-salicifolia-Pendula.webp\",\"width\":1200,\"height\":1200,\"caption\":\"Nahaufnahme der weissen Bl\u00fcte von PYRUS salicifolia 'Pendula' und dem grauen Laub\"},{\"@type\":\"BreadcrumbList\",\"@id\":\"https:\\\/\\\/www.vallonchene.fr\\\/de\\\/produkt\\\/pyrus-salicifolia-pendula-haengende-weidenblaettrige-birne\\\/#breadcrumb\",\"itemListElement\":[{\"@type\":\"ListItem\",\"position\":1,\"name\":\"Home\",\"item\":\"https:\\\/\\\/www.vallonchene.fr\\\/de\\\/\"},{\"@type\":\"ListItem\",\"position\":2,\"name\":\"Shop\",\"item\":\"https:\\\/\\\/www.vallonchene.fr\\\/de\\\/shop\\\/\"},{\"@type\":\"ListItem\",\"position\":3,\"name\":\"Online-Verkauf\",\"item\":\"https:\\\/\\\/www.vallonchene.fr\\\/de\\\/produkt-kategorie\\\/online-verkauf-de\\\/\"},{\"@type\":\"ListItem\",\"position\":4,\"name\":\"Baumschule\",\"item\":\"https:\\\/\\\/www.vallonchene.fr\\\/de\\\/produkt-kategorie\\\/online-verkauf-de\\\/baumschule-gaertnerei-de\\\/\"},{\"@type\":\"ListItem\",\"position\":5,\"name\":\"Str\u00e4ucher und B\u00e4ume\",\"item\":\"https:\\\/\\\/www.vallonchene.fr\\\/de\\\/produkt-kategorie\\\/online-verkauf-de\\\/baumschule-gaertnerei-de\\\/straucher-und-baume-de\\\/\"},{\"@type\":\"ListItem\",\"position\":6,\"name\":\"PYRUS salicifolia &#8218;Pendula&#8216; (H\u00e4ngende weidenbl\u00e4ttrige Birne)\"}]},{\"@type\":\"WebSite\",\"@id\":\"https:\\\/\\\/www.vallonchene.fr\\\/de\\\/#website\",\"url\":\"https:\\\/\\\/www.vallonchene.fr\\\/de\\\/\",\"name\":\"Vallonch\u00eane\",\"description\":\"Die Baumschule, bei der Qualit\u00e4t ihre Wurzeln hat \u2013 Tel.: +49 (0)6838-5399840\",\"publisher\":{\"@id\":\"https:\\\/\\\/www.vallonchene.fr\\\/de\\\/#organization\"},\"potentialAction\":[{\"@type\":\"SearchAction\",\"target\":{\"@type\":\"EntryPoint\",\"urlTemplate\":\"https:\\\/\\\/www.vallonchene.fr\\\/de\\\/?s={search_term_string}\"},\"query-input\":{\"@type\":\"PropertyValueSpecification\",\"valueRequired\":true,\"valueName\":\"search_term_string\"}}],\"inLanguage\":\"de\"},{\"@type\":\"Organization\",\"@id\":\"https:\\\/\\\/www.vallonchene.fr\\\/de\\\/#organization\",\"name\":\"VALLONCHENE\",\"url\":\"https:\\\/\\\/www.vallonchene.fr\\\/de\\\/\",\"logo\":{\"@type\":\"ImageObject\",\"inLanguage\":\"de\",\"@id\":\"https:\\\/\\\/www.vallonchene.fr\\\/de\\\/#\\\/schema\\\/logo\\\/image\\\/\",\"url\":\"https:\\\/\\\/www.vallonchene.fr\\\/wp-content\\\/uploads\\\/2023\\\/03\\\/Logo-Vallonchene-site-et-R_hauteur_100.png\",\"contentUrl\":\"https:\\\/\\\/www.vallonchene.fr\\\/wp-content\\\/uploads\\\/2023\\\/03\\\/Logo-Vallonchene-site-et-R_hauteur_100.png\",\"width\":221,\"height\":100,\"caption\":\"VALLONCHENE\"},\"image\":{\"@id\":\"https:\\\/\\\/www.vallonchene.fr\\\/de\\\/#\\\/schema\\\/logo\\\/image\\\/\"},\"sameAs\":[\"https:\\\/\\\/www.facebook.com\\\/vallonchene.fr\",\"https:\\\/\\\/www.instagram.com\\\/vallonchene\\\/\",\"https:\\\/\\\/www.pinterest.fr\\\/vallonchene\\\/\"],\"taxID\":\"49454502300017\",\"hasMerchantReturnPolicy\":{\"@type\":\"MerchantReturnPolicy\",\"merchantReturnLink\":\"https:\\\/\\\/www.vallonchene.fr\\\/remboursements_retours\\\/\"}}]}<\/script>\n<meta property=\"og:availability\" content=\"instock\" \/>\n<meta property=\"product:availability\" content=\"instock\" \/>\n<meta property=\"product:retailer_item_id\" content=\"66861\" \/>\n<meta property=\"product:condition\" content=\"new\" \/>\n<!-- \/ Yoast SEO Premium plugin. -->","yoast_head_json":{"title":"PYRUS salicifolia 'Pendula' - weidenbl\u00e4ttrige Birne","description":"Diese weidenbl\u00e4ttrige Birne ist eine H\u00e4ngeform. Das Laub der\u00a0PYRUS salicifolia 'Pendula' ist grau, fast wei\u00df im Sommer. Sie bl\u00fcht reichlich im Fr\u00fchling.","robots":{"index":"index","follow":"follow","max-snippet":"max-snippet:-1","max-image-preview":"max-image-preview:large","max-video-preview":"max-video-preview:-1"},"canonical":"https:\/\/www.vallonchene.fr\/de\/produkt\/pyrus-salicifolia-pendula-haengende-weidenblaettrige-birne\/","og_locale":"de_DE","og_type":"article","og_title":"PYRUS salicifolia 'Pendula' (H\u00e4ngende weidenbl\u00e4ttrige Birne)","og_description":"Diese weidenbl\u00e4ttrige Birne ist eine H\u00e4ngeform. Das Laub der\u00a0PYRUS salicifolia 'Pendula' ist grau, fast wei\u00df im Sommer. Sie bl\u00fcht reichlich im Fr\u00fchling.","og_url":"https:\/\/www.vallonchene.fr\/de\/produkt\/pyrus-salicifolia-pendula-haengende-weidenblaettrige-birne\/","og_site_name":"Vallonch\u00eane","article_publisher":"https:\/\/www.facebook.com\/vallonchene.fr","article_modified_time":"2026-03-18T18:59:57+00:00","og_image":[{"width":1200,"height":1200,"url":"https:\/\/www.vallonchene.fr\/wp-content\/uploads\/2023\/11\/PYRUS-salicifolia-Pendula.webp","type":"image\/webp"}],"twitter_card":"summary_large_image","twitter_misc":{"Verf\u00fcgbarkeit":"Vorr\u00e4tig"},"schema":{"@context":"https:\/\/schema.org","@graph":[{"@type":"WebPage","@id":"https:\/\/www.vallonchene.fr\/de\/produkt\/pyrus-salicifolia-pendula-haengende-weidenblaettrige-birne\/","url":"https:\/\/www.vallonchene.fr\/de\/produkt\/pyrus-salicifolia-pendula-haengende-weidenblaettrige-birne\/","name":"PYRUS salicifolia 'Pendula' - weidenbl\u00e4ttrige Birne","isPartOf":{"@id":"https:\/\/www.vallonchene.fr\/de\/#website"},"primaryImageOfPage":{"@id":"https:\/\/www.vallonchene.fr\/de\/produkt\/pyrus-salicifolia-pendula-haengende-weidenblaettrige-birne\/#primaryimage"},"image":{"@id":"https:\/\/www.vallonchene.fr\/de\/produkt\/pyrus-salicifolia-pendula-haengende-weidenblaettrige-birne\/#primaryimage"},"thumbnailUrl":"https:\/\/www.vallonchene.fr\/wp-content\/uploads\/2023\/11\/PYRUS-salicifolia-Pendula.webp","datePublished":"2021-08-31T11:31:22+00:00","dateModified":"2026-03-18T18:59:57+00:00","description":"Diese weidenbl\u00e4ttrige Birne ist eine H\u00e4ngeform. Das Laub der\u00a0PYRUS salicifolia 'Pendula' ist grau, fast wei\u00df im Sommer. Sie bl\u00fcht reichlich im Fr\u00fchling.","breadcrumb":{"@id":"https:\/\/www.vallonchene.fr\/de\/produkt\/pyrus-salicifolia-pendula-haengende-weidenblaettrige-birne\/#breadcrumb"},"inLanguage":"de","potentialAction":[{"@type":"ReadAction","target":["https:\/\/www.vallonchene.fr\/de\/produkt\/pyrus-salicifolia-pendula-haengende-weidenblaettrige-birne\/"]}]},{"@type":"ImageObject","inLanguage":"de","@id":"https:\/\/www.vallonchene.fr\/de\/produkt\/pyrus-salicifolia-pendula-haengende-weidenblaettrige-birne\/#primaryimage","url":"https:\/\/www.vallonchene.fr\/wp-content\/uploads\/2023\/11\/PYRUS-salicifolia-Pendula.webp","contentUrl":"https:\/\/www.vallonchene.fr\/wp-content\/uploads\/2023\/11\/PYRUS-salicifolia-Pendula.webp","width":1200,"height":1200,"caption":"Nahaufnahme der weissen Bl\u00fcte von PYRUS salicifolia 'Pendula' und dem grauen Laub"},{"@type":"BreadcrumbList","@id":"https:\/\/www.vallonchene.fr\/de\/produkt\/pyrus-salicifolia-pendula-haengende-weidenblaettrige-birne\/#breadcrumb","itemListElement":[{"@type":"ListItem","position":1,"name":"Home","item":"https:\/\/www.vallonchene.fr\/de\/"},{"@type":"ListItem","position":2,"name":"Shop","item":"https:\/\/www.vallonchene.fr\/de\/shop\/"},{"@type":"ListItem","position":3,"name":"Online-Verkauf","item":"https:\/\/www.vallonchene.fr\/de\/produkt-kategorie\/online-verkauf-de\/"},{"@type":"ListItem","position":4,"name":"Baumschule","item":"https:\/\/www.vallonchene.fr\/de\/produkt-kategorie\/online-verkauf-de\/baumschule-gaertnerei-de\/"},{"@type":"ListItem","position":5,"name":"Str\u00e4ucher und B\u00e4ume","item":"https:\/\/www.vallonchene.fr\/de\/produkt-kategorie\/online-verkauf-de\/baumschule-gaertnerei-de\/straucher-und-baume-de\/"},{"@type":"ListItem","position":6,"name":"PYRUS salicifolia &#8218;Pendula&#8216; (H\u00e4ngende weidenbl\u00e4ttrige Birne)"}]},{"@type":"WebSite","@id":"https:\/\/www.vallonchene.fr\/de\/#website","url":"https:\/\/www.vallonchene.fr\/de\/","name":"Vallonch\u00eane","description":"Die Baumschule, bei der Qualit\u00e4t ihre Wurzeln hat \u2013 Tel.: +49 (0)6838-5399840","publisher":{"@id":"https:\/\/www.vallonchene.fr\/de\/#organization"},"potentialAction":[{"@type":"SearchAction","target":{"@type":"EntryPoint","urlTemplate":"https:\/\/www.vallonchene.fr\/de\/?s={search_term_string}"},"query-input":{"@type":"PropertyValueSpecification","valueRequired":true,"valueName":"search_term_string"}}],"inLanguage":"de"},{"@type":"Organization","@id":"https:\/\/www.vallonchene.fr\/de\/#organization","name":"VALLONCHENE","url":"https:\/\/www.vallonchene.fr\/de\/","logo":{"@type":"ImageObject","inLanguage":"de","@id":"https:\/\/www.vallonchene.fr\/de\/#\/schema\/logo\/image\/","url":"https:\/\/www.vallonchene.fr\/wp-content\/uploads\/2023\/03\/Logo-Vallonchene-site-et-R_hauteur_100.png","contentUrl":"https:\/\/www.vallonchene.fr\/wp-content\/uploads\/2023\/03\/Logo-Vallonchene-site-et-R_hauteur_100.png","width":221,"height":100,"caption":"VALLONCHENE"},"image":{"@id":"https:\/\/www.vallonchene.fr\/de\/#\/schema\/logo\/image\/"},"sameAs":["https:\/\/www.facebook.com\/vallonchene.fr","https:\/\/www.instagram.com\/vallonchene\/","https:\/\/www.pinterest.fr\/vallonchene\/"],"taxID":"49454502300017","hasMerchantReturnPolicy":{"@type":"MerchantReturnPolicy","merchantReturnLink":"https:\/\/www.vallonchene.fr\/remboursements_retours\/"}}]},"og_availability":"instock","product_availability":"instock","product_retailer_item_id":"66861","product_condition":"new"},"_links":{"self":[{"href":"https:\/\/www.vallonchene.fr\/de\/wp-json\/wp\/v2\/product\/16096","targetHints":{"allow":["GET"]}}],"collection":[{"href":"https:\/\/www.vallonchene.fr\/de\/wp-json\/wp\/v2\/product"}],"about":[{"href":"https:\/\/www.vallonchene.fr\/de\/wp-json\/wp\/v2\/types\/product"}],"replies":[{"embeddable":true,"href":"https:\/\/www.vallonchene.fr\/de\/wp-json\/wp\/v2\/comments?post=16096"}],"wp:featuredmedia":[{"embeddable":true,"href":"https:\/\/www.vallonchene.fr\/de\/wp-json\/wp\/v2\/media\/44597"}],"wp:attachment":[{"href":"https:\/\/www.vallonchene.fr\/de\/wp-json\/wp\/v2\/media?parent=16096"}],"wp:term":[{"taxonomy":"product_brand","embeddable":true,"href":"https:\/\/www.vallonchene.fr\/de\/wp-json\/wp\/v2\/product_brand?post=16096"},{"taxonomy":"product_cat","embeddable":true,"href":"https:\/\/www.vallonchene.fr\/de\/wp-json\/wp\/v2\/product_cat?post=16096"},{"taxonomy":"product_tag","embeddable":true,"href":"https:\/\/www.vallonchene.fr\/de\/wp-json\/wp\/v2\/product_tag?post=16096"}],"curies":[{"name":"wp","href":"https:\/\/api.w.org\/{rel}","templated":true}]}}