{"id":15672,"date":"2021-08-31T11:12:40","date_gmt":"2021-08-31T11:12:40","guid":{"rendered":"https:\/\/testing.vallonchene.fr\/produit\/juglans-regia-purpurea\/"},"modified":"2025-08-31T14:46:43","modified_gmt":"2025-08-31T12:46:43","slug":"juglans-regia-purpurea","status":"publish","type":"product","link":"https:\/\/www.vallonchene.fr\/de\/produkt\/juglans-regia-purpurea\/","title":{"rendered":"JUGLANS regia &#8218;Purpurea&#8216;"},"content":{"rendered":"<h2>Die Pflanze<\/h2>\n<p>Der <strong>JUGLANS regia &#8218;Purpurea&#8216;<\/strong>, allgemein als <strong>Purpur-Walnuss<\/strong> bekannt, entwickelt, wie sein Name vermuten l\u00e4sst, ein <strong>wundersch\u00f6nes purpurfarbenes Laub<\/strong>. Im Fr\u00fchling ist dieses heller, w\u00e4hrend die Farbt\u00f6ne im Sommer dunkler werden (siehe Fotos). <\/p>\n<p>Es handelt sich um einen <strong>kleinen Walnussbaum mit langsamem Wachstum<\/strong> im Vergleich zur urspr\u00fcnglichen Art. Daher ist sie <strong>perfekt f\u00fcr kleinere G\u00e4rten<\/strong> geeignet. <\/p>\n<p>Zudem erscheinen die Bl\u00fcten im Mai und haben eine <strong>braunrote F\u00e4rbung<\/strong>. Es k\u00f6nnen <strong>Fr\u00fcchte<\/strong> folgen, jedoch sind sie weniger zahlreich als bei der gew\u00f6hnlichen Walnuss. <\/p>\n<p>Um alle derzeit zum Verkauf stehenden JUGLANS zu sehen, <strong><a href=\"https:\/\/www.vallonchene.fr\/de\/?s=juglans&amp;post_type=product&amp;dgwt_wcas=1&amp;lang=fr&amp;filter_stock_status=instock\">klicken Sie bitte hier<\/a><\/strong>.<\/p>\n<h2>Wie pflanzt und pflegt man JUGLANS regia &#8218;Purpurea&#8216;?<\/h2>\n<h3>Pflanzung<\/h3>\n<p>Um diesen wunderbaren kleinen Baum optimal zu genie\u00dfen, ber\u00fccksichtigen Sie die folgenden Punkte:<\/p>\n<ol>\n<li>Suchen Sie ihm einen Platz in voller Sonne. Dies kann in einem Beet oder als Einzelpflanzung sein. Je mehr direktes Sonnenlicht er tags\u00fcber erh\u00e4lt, desto besser und schneller entwickelt er seine wundersch\u00f6ne F\u00e4rbung.  <\/li>\n<li>Der Boden kann leicht, normal oder schwer sein. Jedoch ist ein gut durchl\u00e4ssiger Boden vorzuziehen.<\/li>\n<li>Er toleriert B\u00f6den mit einem sauren, neutralen oder kalkhaltigen pH-Wert.<\/li>\n<\/ol>\n<p><a href=\"https:\/\/www.vallonchene.fr\/comment-planter-et-entretenir-des-vegetaux\/comment-planter-et-entretenir-arbres-arbustes-et-coniferes\/\" target=\"_blank\" rel=\"noreferrer noopener\"><strong>F\u00fcr eine gute Vorbereitung des Pflanzlochs haben wir spezielle Anweisungen entwickelt, die hier verf\u00fcgbar sind. <\/strong><\/a><\/p>\n<h3>Pflege<\/h3>\n<p>Wie bei allen frisch gepflanzten Pflanzen sollten Sie in den ersten zwei Jahren eine regelm\u00e4\u00dfige Bew\u00e4sserung sicherstellen, insbesondere w\u00e4hrend Trockenperioden. <a href=\"https:\/\/www.vallonchene.fr\/comment-bien-arroser-le-jardin-et-economiser-leau\/\"><strong>Lesen Sie hier auch unsere Tipps zum richtigen Gie\u00dfen und Wassersparen<\/strong><\/a>.<\/p>\n<p>Der JUGLANS regia &#8218;Purpurea&#8216; erfordert kaum Pflege. Zudem ist er nicht anf\u00e4llig f\u00fcr Krankheiten. <\/p>\n<p>Falls Sie ihn schneiden m\u00fcssen, tun Sie dies im Februar vor dem neuen Austrieb und tragen Sie ein Wundverschlussmittel auf.<\/p>\n<h2>Geschichte und Herkunft<\/h2>\n<p>Die Ursprungsart <em>JUGLANS regia<\/em> stammt aus Eurasien, insbesondere aus Zentral- und S\u00fcdwestasien.<\/p>\n<p>Die gew\u00f6hnliche Walnuss wird seit Jahrtausenden kultiviert, mit historischen Spuren, die bis zu siebentausend Jahre vor Christus zur\u00fcckreichen. Griechische und r\u00f6mische H\u00e4ndler verbreiteten sie in ganz Europa, bis nach Frankreich, Spanien, Deutschland und sogar Portugal. <\/p>\n<p>Der <em>Purpurea<\/em>-Kultivar ist eine interessante Wahl aufgrund seiner dekorativen Wirkung mit seinem au\u00dfergew\u00f6hnlich purpurfarbenen Laub. Seine genaue Herkunft ist jedoch unbekannt und vermutlich handelt es sich um eine spontane Erscheinung.  <\/p>\n<p>Kurz gesagt, der JUGLANS regia &#8218;Purpurea&#8216; ist eine au\u00dfergew\u00f6hnliche Pflanze, die Sammler und Hobbyg\u00e4rtner mit ihrem bezaubernden purpurfarbenen Laub begeistern wird. Sie verleiht G\u00e4rten jeder Gr\u00f6\u00dfe einen wundersch\u00f6nen Farbakzent. <\/p>\n","protected":false},"excerpt":{"rendered":"<p>Dieser <strong>Walnussbaum<\/strong> wird wegen seines das ganze Jahr \u00fcber purpurfarbenen Laubs gesch\u00e4tzt. Der <strong>JUGLANS regia &#8218;Purpurea&#8216;<\/strong> tr\u00e4gt ebenfalls purpurfarbene Fr\u00fcchte.  Diese Konifere ist absolut winterhart.<\/p>\n","protected":false},"featured_media":53771,"comment_status":"open","ping_status":"closed","template":"","meta":[],"product_brand":[],"product_cat":[252],"product_tag":[12565,12566,12567],"class_list":{"0":"post-15672","1":"product","2":"type-product","3":"status-publish","4":"has-post-thumbnail","6":"product_cat-straucher-und-baume-de","7":"product_tag-juglans-de","8":"product_tag-juglans-regia-de","9":"product_tag-walnussbaum","10":"pa_99-hauteurapproximativeapres1-3_5m-de","11":"pa_couleurdesfruits-violett-de","12":"pa_couleurdufeuillage-violett-de","13":"pa_exigencesenhumidite-feucht-de","14":"pa_exigencesenhumidite-normal-de","15":"pa_exigencesenhumidite-trocken-de","16":"pa_expositionspossibles-sonnigvon12bis17uhr-de","17":"pa_hauteurlivree-125-bis-150-cm","18":"pa_hauteurlivree-20-bis-30-cm","19":"pa_hauteurlivree-40-bis-50-cm","20":"pa_hauteurlivree-70-bis-80-cm","21":"pa_interetauprintemps-form-de","22":"pa_interetauprintemps-jungesprossen-de","23":"pa_interetauprintemps-laub-de","24":"pa_interetenautomne-form-de","25":"pa_interetenautomne-fruchte-de","26":"pa_interetenautomne-laub-de","27":"pa_interetenete-form-de","28":"pa_interetenete-laub-de","29":"pa_interetenhiver-form-de","30":"pa_naturedufeuillage-nichtimmergrun-de","31":"pa_naturesdesolpossibles-leicht-de","32":"pa_naturesdesolpossibles-normal-de","33":"pa_naturesdesolpossibles-schwer-de","34":"pa_periodedefloraison-fruhling-de","35":"pa_periodederecolte-okt-de","36":"pa_periodedetaille-febr-de","37":"pa_phdusolacceptable-kalkigmehrals75-de","38":"pa_phdusolacceptable-neutralzw65u75-de","39":"pa_phdusolacceptable-sauerwenigerals65-de","40":"pa_portgraphisme-rund-de","41":"pa_resistanceaufroidrusticite-frostbestandigunter_20c-de","42":"pa_tailledepot-2liter_topf-de","43":"pa_tailledepot-4liter_topf-de","44":"pa_tailledepot-5liter_topf-de","45":"pa_utilisationpossible-alleinstehend-de","46":"pa_utilisationpossible-beet-de","48":"first","49":"instock","50":"taxable","51":"shipping-taxable","52":"purchasable","53":"product-type-variable","54":"has-default-attributes"},"supplier_id":null,"supplier_sku":"","barcode":null,"atum_controlled":true,"out_stock_date":null,"out_stock_threshold":null,"inheritable":true,"inbound_stock":0,"stock_on_hold":0,"sold_today":0,"sales_last_days":0,"reserved_stock":0,"customer_returns":0,"warehouse_damage":0,"lost_in_post":0,"other_logs":0,"out_stock_days":null,"lost_sales":0,"has_location":false,"update_date":"2026-04-20T07:35:06","atum_locations":[],"atum_stock_status":"instock","restock_status":false,"low_stock_amount":"","sales_update_date":"2025-08-31T12:45:51","calc_backorders":null,"yoast_head":"<!-- This site is optimized with the Yoast SEO Premium plugin v27.5 (Yoast SEO v27.5) - https:\/\/yoast.com\/product\/yoast-seo-premium-wordpress\/ -->\n<title>JUGLANS regia &#039;Purpurea&#039; - purpurfarbener Walnussbaum<\/title>\n<meta name=\"description\" content=\"Dieser Walnussbaum wird wegen seines das ganze Jahr \u00fcber purpurfarbenen Laubs gesch\u00e4tzt. Der JUGLANS regia &#039;Purpurea&#039; tr\u00e4gt ebenfalls purpurfarbene Fr\u00fcchte. Er ist absolut winterhart.\" \/>\n<meta name=\"robots\" content=\"index, follow, max-snippet:-1, max-image-preview:large, max-video-preview:-1\" \/>\n<link rel=\"canonical\" href=\"https:\/\/www.vallonchene.fr\/de\/produkt\/juglans-regia-purpurea\/\" \/>\n<meta property=\"og:locale\" content=\"de_DE\" \/>\n<meta property=\"og:type\" content=\"article\" \/>\n<meta property=\"og:title\" content=\"JUGLANS regia &#039;Purpurea&#039;\" \/>\n<meta property=\"og:description\" content=\"Dieser Walnussbaum wird wegen seines das ganze Jahr \u00fcber purpurfarbenen Laubs gesch\u00e4tzt. Der JUGLANS regia &#039;Purpurea&#039; tr\u00e4gt ebenfalls purpurfarbene Fr\u00fcchte. Er ist absolut winterhart.\" \/>\n<meta property=\"og:url\" content=\"https:\/\/www.vallonchene.fr\/de\/produkt\/juglans-regia-purpurea\/\" \/>\n<meta property=\"og:site_name\" content=\"Vallonch\u00eane\" \/>\n<meta property=\"article:publisher\" content=\"https:\/\/www.facebook.com\/vallonchene.fr\" \/>\n<meta property=\"article:modified_time\" content=\"2025-08-31T12:46:43+00:00\" \/>\n<meta property=\"og:image\" content=\"https:\/\/www.vallonchene.fr\/wp-content\/uploads\/2025\/05\/JUGLANS-regia-Purpurea.webp\" \/>\n\t<meta property=\"og:image:width\" content=\"1200\" \/>\n\t<meta property=\"og:image:height\" content=\"1200\" \/>\n\t<meta property=\"og:image:type\" content=\"image\/webp\" \/>\n<meta name=\"twitter:card\" content=\"summary_large_image\" \/>\n<meta name=\"twitter:label1\" content=\"Verf\u00fcgbarkeit\" \/>\n\t<meta name=\"twitter:data1\" content=\"Vorr\u00e4tig\" \/>\n<script type=\"application\/ld+json\" class=\"yoast-schema-graph\">{\"@context\":\"https:\\\/\\\/schema.org\",\"@graph\":[{\"@type\":\"WebPage\",\"@id\":\"https:\\\/\\\/www.vallonchene.fr\\\/de\\\/produkt\\\/juglans-regia-purpurea\\\/\",\"url\":\"https:\\\/\\\/www.vallonchene.fr\\\/de\\\/produkt\\\/juglans-regia-purpurea\\\/\",\"name\":\"JUGLANS regia 'Purpurea' - purpurfarbener Walnussbaum\",\"isPartOf\":{\"@id\":\"https:\\\/\\\/www.vallonchene.fr\\\/de\\\/#website\"},\"primaryImageOfPage\":{\"@id\":\"https:\\\/\\\/www.vallonchene.fr\\\/de\\\/produkt\\\/juglans-regia-purpurea\\\/#primaryimage\"},\"image\":{\"@id\":\"https:\\\/\\\/www.vallonchene.fr\\\/de\\\/produkt\\\/juglans-regia-purpurea\\\/#primaryimage\"},\"thumbnailUrl\":\"https:\\\/\\\/www.vallonchene.fr\\\/wp-content\\\/uploads\\\/2025\\\/05\\\/JUGLANS-regia-Purpurea.webp\",\"datePublished\":\"2021-08-31T11:12:40+00:00\",\"dateModified\":\"2025-08-31T12:46:43+00:00\",\"description\":\"Dieser Walnussbaum wird wegen seines das ganze Jahr \u00fcber purpurfarbenen Laubs gesch\u00e4tzt. Der JUGLANS regia 'Purpurea' tr\u00e4gt ebenfalls purpurfarbene Fr\u00fcchte. Er ist absolut winterhart.\",\"breadcrumb\":{\"@id\":\"https:\\\/\\\/www.vallonchene.fr\\\/de\\\/produkt\\\/juglans-regia-purpurea\\\/#breadcrumb\"},\"inLanguage\":\"de\",\"potentialAction\":[{\"@type\":\"ReadAction\",\"target\":[\"https:\\\/\\\/www.vallonchene.fr\\\/de\\\/produkt\\\/juglans-regia-purpurea\\\/\"]}]},{\"@type\":\"ImageObject\",\"inLanguage\":\"de\",\"@id\":\"https:\\\/\\\/www.vallonchene.fr\\\/de\\\/produkt\\\/juglans-regia-purpurea\\\/#primaryimage\",\"url\":\"https:\\\/\\\/www.vallonchene.fr\\\/wp-content\\\/uploads\\\/2025\\\/05\\\/JUGLANS-regia-Purpurea.webp\",\"contentUrl\":\"https:\\\/\\\/www.vallonchene.fr\\\/wp-content\\\/uploads\\\/2025\\\/05\\\/JUGLANS-regia-Purpurea.webp\",\"width\":1200,\"height\":1200,\"caption\":\"Purpurfarbenes Laub von JUGLANS regia 'Purpurea'\"},{\"@type\":\"BreadcrumbList\",\"@id\":\"https:\\\/\\\/www.vallonchene.fr\\\/de\\\/produkt\\\/juglans-regia-purpurea\\\/#breadcrumb\",\"itemListElement\":[{\"@type\":\"ListItem\",\"position\":1,\"name\":\"Home\",\"item\":\"https:\\\/\\\/www.vallonchene.fr\\\/de\\\/\"},{\"@type\":\"ListItem\",\"position\":2,\"name\":\"Shop\",\"item\":\"https:\\\/\\\/www.vallonchene.fr\\\/de\\\/shop\\\/\"},{\"@type\":\"ListItem\",\"position\":3,\"name\":\"Online-Verkauf\",\"item\":\"https:\\\/\\\/www.vallonchene.fr\\\/de\\\/produkt-kategorie\\\/online-verkauf-de\\\/\"},{\"@type\":\"ListItem\",\"position\":4,\"name\":\"Baumschule\",\"item\":\"https:\\\/\\\/www.vallonchene.fr\\\/de\\\/produkt-kategorie\\\/online-verkauf-de\\\/baumschule-gaertnerei-de\\\/\"},{\"@type\":\"ListItem\",\"position\":5,\"name\":\"Str\u00e4ucher und B\u00e4ume\",\"item\":\"https:\\\/\\\/www.vallonchene.fr\\\/de\\\/produkt-kategorie\\\/online-verkauf-de\\\/baumschule-gaertnerei-de\\\/straucher-und-baume-de\\\/\"},{\"@type\":\"ListItem\",\"position\":6,\"name\":\"JUGLANS regia &#8218;Purpurea&#8216;\"}]},{\"@type\":\"WebSite\",\"@id\":\"https:\\\/\\\/www.vallonchene.fr\\\/de\\\/#website\",\"url\":\"https:\\\/\\\/www.vallonchene.fr\\\/de\\\/\",\"name\":\"Vallonch\u00eane\",\"description\":\"Die Baumschule, bei der Qualit\u00e4t ihre Wurzeln hat \u2013 Tel.: +49 (0)6838-5399840\",\"publisher\":{\"@id\":\"https:\\\/\\\/www.vallonchene.fr\\\/de\\\/#organization\"},\"potentialAction\":[{\"@type\":\"SearchAction\",\"target\":{\"@type\":\"EntryPoint\",\"urlTemplate\":\"https:\\\/\\\/www.vallonchene.fr\\\/de\\\/?s={search_term_string}\"},\"query-input\":{\"@type\":\"PropertyValueSpecification\",\"valueRequired\":true,\"valueName\":\"search_term_string\"}}],\"inLanguage\":\"de\"},{\"@type\":\"Organization\",\"@id\":\"https:\\\/\\\/www.vallonchene.fr\\\/de\\\/#organization\",\"name\":\"VALLONCHENE\",\"url\":\"https:\\\/\\\/www.vallonchene.fr\\\/de\\\/\",\"logo\":{\"@type\":\"ImageObject\",\"inLanguage\":\"de\",\"@id\":\"https:\\\/\\\/www.vallonchene.fr\\\/de\\\/#\\\/schema\\\/logo\\\/image\\\/\",\"url\":\"https:\\\/\\\/www.vallonchene.fr\\\/wp-content\\\/uploads\\\/2023\\\/03\\\/Logo-Vallonchene-site-et-R_hauteur_100.png\",\"contentUrl\":\"https:\\\/\\\/www.vallonchene.fr\\\/wp-content\\\/uploads\\\/2023\\\/03\\\/Logo-Vallonchene-site-et-R_hauteur_100.png\",\"width\":221,\"height\":100,\"caption\":\"VALLONCHENE\"},\"image\":{\"@id\":\"https:\\\/\\\/www.vallonchene.fr\\\/de\\\/#\\\/schema\\\/logo\\\/image\\\/\"},\"sameAs\":[\"https:\\\/\\\/www.facebook.com\\\/vallonchene.fr\",\"https:\\\/\\\/www.instagram.com\\\/vallonchene\\\/\",\"https:\\\/\\\/www.pinterest.fr\\\/vallonchene\\\/\"],\"taxID\":\"49454502300017\",\"hasMerchantReturnPolicy\":{\"@type\":\"MerchantReturnPolicy\",\"merchantReturnLink\":\"https:\\\/\\\/www.vallonchene.fr\\\/remboursements_retours\\\/\"}}]}<\/script>\n<meta property=\"og:availability\" content=\"instock\" \/>\n<meta property=\"product:availability\" content=\"instock\" \/>\n<meta property=\"product:retailer_item_id\" content=\"76991\" \/>\n<meta property=\"product:condition\" content=\"new\" \/>\n<!-- \/ Yoast SEO Premium plugin. -->","yoast_head_json":{"title":"JUGLANS regia 'Purpurea' - purpurfarbener Walnussbaum","description":"Dieser Walnussbaum wird wegen seines das ganze Jahr \u00fcber purpurfarbenen Laubs gesch\u00e4tzt. Der JUGLANS regia 'Purpurea' tr\u00e4gt ebenfalls purpurfarbene Fr\u00fcchte. Er ist absolut winterhart.","robots":{"index":"index","follow":"follow","max-snippet":"max-snippet:-1","max-image-preview":"max-image-preview:large","max-video-preview":"max-video-preview:-1"},"canonical":"https:\/\/www.vallonchene.fr\/de\/produkt\/juglans-regia-purpurea\/","og_locale":"de_DE","og_type":"article","og_title":"JUGLANS regia 'Purpurea'","og_description":"Dieser Walnussbaum wird wegen seines das ganze Jahr \u00fcber purpurfarbenen Laubs gesch\u00e4tzt. Der JUGLANS regia 'Purpurea' tr\u00e4gt ebenfalls purpurfarbene Fr\u00fcchte. Er ist absolut winterhart.","og_url":"https:\/\/www.vallonchene.fr\/de\/produkt\/juglans-regia-purpurea\/","og_site_name":"Vallonch\u00eane","article_publisher":"https:\/\/www.facebook.com\/vallonchene.fr","article_modified_time":"2025-08-31T12:46:43+00:00","og_image":[{"width":1200,"height":1200,"url":"https:\/\/www.vallonchene.fr\/wp-content\/uploads\/2025\/05\/JUGLANS-regia-Purpurea.webp","type":"image\/webp"}],"twitter_card":"summary_large_image","twitter_misc":{"Verf\u00fcgbarkeit":"Vorr\u00e4tig"},"schema":{"@context":"https:\/\/schema.org","@graph":[{"@type":"WebPage","@id":"https:\/\/www.vallonchene.fr\/de\/produkt\/juglans-regia-purpurea\/","url":"https:\/\/www.vallonchene.fr\/de\/produkt\/juglans-regia-purpurea\/","name":"JUGLANS regia 'Purpurea' - purpurfarbener Walnussbaum","isPartOf":{"@id":"https:\/\/www.vallonchene.fr\/de\/#website"},"primaryImageOfPage":{"@id":"https:\/\/www.vallonchene.fr\/de\/produkt\/juglans-regia-purpurea\/#primaryimage"},"image":{"@id":"https:\/\/www.vallonchene.fr\/de\/produkt\/juglans-regia-purpurea\/#primaryimage"},"thumbnailUrl":"https:\/\/www.vallonchene.fr\/wp-content\/uploads\/2025\/05\/JUGLANS-regia-Purpurea.webp","datePublished":"2021-08-31T11:12:40+00:00","dateModified":"2025-08-31T12:46:43+00:00","description":"Dieser Walnussbaum wird wegen seines das ganze Jahr \u00fcber purpurfarbenen Laubs gesch\u00e4tzt. Der JUGLANS regia 'Purpurea' tr\u00e4gt ebenfalls purpurfarbene Fr\u00fcchte. Er ist absolut winterhart.","breadcrumb":{"@id":"https:\/\/www.vallonchene.fr\/de\/produkt\/juglans-regia-purpurea\/#breadcrumb"},"inLanguage":"de","potentialAction":[{"@type":"ReadAction","target":["https:\/\/www.vallonchene.fr\/de\/produkt\/juglans-regia-purpurea\/"]}]},{"@type":"ImageObject","inLanguage":"de","@id":"https:\/\/www.vallonchene.fr\/de\/produkt\/juglans-regia-purpurea\/#primaryimage","url":"https:\/\/www.vallonchene.fr\/wp-content\/uploads\/2025\/05\/JUGLANS-regia-Purpurea.webp","contentUrl":"https:\/\/www.vallonchene.fr\/wp-content\/uploads\/2025\/05\/JUGLANS-regia-Purpurea.webp","width":1200,"height":1200,"caption":"Purpurfarbenes Laub von JUGLANS regia 'Purpurea'"},{"@type":"BreadcrumbList","@id":"https:\/\/www.vallonchene.fr\/de\/produkt\/juglans-regia-purpurea\/#breadcrumb","itemListElement":[{"@type":"ListItem","position":1,"name":"Home","item":"https:\/\/www.vallonchene.fr\/de\/"},{"@type":"ListItem","position":2,"name":"Shop","item":"https:\/\/www.vallonchene.fr\/de\/shop\/"},{"@type":"ListItem","position":3,"name":"Online-Verkauf","item":"https:\/\/www.vallonchene.fr\/de\/produkt-kategorie\/online-verkauf-de\/"},{"@type":"ListItem","position":4,"name":"Baumschule","item":"https:\/\/www.vallonchene.fr\/de\/produkt-kategorie\/online-verkauf-de\/baumschule-gaertnerei-de\/"},{"@type":"ListItem","position":5,"name":"Str\u00e4ucher und B\u00e4ume","item":"https:\/\/www.vallonchene.fr\/de\/produkt-kategorie\/online-verkauf-de\/baumschule-gaertnerei-de\/straucher-und-baume-de\/"},{"@type":"ListItem","position":6,"name":"JUGLANS regia &#8218;Purpurea&#8216;"}]},{"@type":"WebSite","@id":"https:\/\/www.vallonchene.fr\/de\/#website","url":"https:\/\/www.vallonchene.fr\/de\/","name":"Vallonch\u00eane","description":"Die Baumschule, bei der Qualit\u00e4t ihre Wurzeln hat \u2013 Tel.: +49 (0)6838-5399840","publisher":{"@id":"https:\/\/www.vallonchene.fr\/de\/#organization"},"potentialAction":[{"@type":"SearchAction","target":{"@type":"EntryPoint","urlTemplate":"https:\/\/www.vallonchene.fr\/de\/?s={search_term_string}"},"query-input":{"@type":"PropertyValueSpecification","valueRequired":true,"valueName":"search_term_string"}}],"inLanguage":"de"},{"@type":"Organization","@id":"https:\/\/www.vallonchene.fr\/de\/#organization","name":"VALLONCHENE","url":"https:\/\/www.vallonchene.fr\/de\/","logo":{"@type":"ImageObject","inLanguage":"de","@id":"https:\/\/www.vallonchene.fr\/de\/#\/schema\/logo\/image\/","url":"https:\/\/www.vallonchene.fr\/wp-content\/uploads\/2023\/03\/Logo-Vallonchene-site-et-R_hauteur_100.png","contentUrl":"https:\/\/www.vallonchene.fr\/wp-content\/uploads\/2023\/03\/Logo-Vallonchene-site-et-R_hauteur_100.png","width":221,"height":100,"caption":"VALLONCHENE"},"image":{"@id":"https:\/\/www.vallonchene.fr\/de\/#\/schema\/logo\/image\/"},"sameAs":["https:\/\/www.facebook.com\/vallonchene.fr","https:\/\/www.instagram.com\/vallonchene\/","https:\/\/www.pinterest.fr\/vallonchene\/"],"taxID":"49454502300017","hasMerchantReturnPolicy":{"@type":"MerchantReturnPolicy","merchantReturnLink":"https:\/\/www.vallonchene.fr\/remboursements_retours\/"}}]},"og_availability":"instock","product_availability":"instock","product_retailer_item_id":"76991","product_condition":"new"},"_links":{"self":[{"href":"https:\/\/www.vallonchene.fr\/de\/wp-json\/wp\/v2\/product\/15672","targetHints":{"allow":["GET"]}}],"collection":[{"href":"https:\/\/www.vallonchene.fr\/de\/wp-json\/wp\/v2\/product"}],"about":[{"href":"https:\/\/www.vallonchene.fr\/de\/wp-json\/wp\/v2\/types\/product"}],"replies":[{"embeddable":true,"href":"https:\/\/www.vallonchene.fr\/de\/wp-json\/wp\/v2\/comments?post=15672"}],"wp:featuredmedia":[{"embeddable":true,"href":"https:\/\/www.vallonchene.fr\/de\/wp-json\/wp\/v2\/media\/53771"}],"wp:attachment":[{"href":"https:\/\/www.vallonchene.fr\/de\/wp-json\/wp\/v2\/media?parent=15672"}],"wp:term":[{"taxonomy":"product_brand","embeddable":true,"href":"https:\/\/www.vallonchene.fr\/de\/wp-json\/wp\/v2\/product_brand?post=15672"},{"taxonomy":"product_cat","embeddable":true,"href":"https:\/\/www.vallonchene.fr\/de\/wp-json\/wp\/v2\/product_cat?post=15672"},{"taxonomy":"product_tag","embeddable":true,"href":"https:\/\/www.vallonchene.fr\/de\/wp-json\/wp\/v2\/product_tag?post=15672"}],"curies":[{"name":"wp","href":"https:\/\/api.w.org\/{rel}","templated":true}]}}