{"id":1554,"date":"2021-08-31T11:29:08","date_gmt":"2021-08-31T10:29:08","guid":{"rendered":"https:\/\/testing.vallonchene.fr\/produit\/pinus-thunbergii-thunderhead\/"},"modified":"2025-09-15T09:47:18","modified_gmt":"2025-09-15T07:47:18","slug":"pinus-thunbergii-thunderhead","status":"publish","type":"product","link":"https:\/\/www.vallonchene.fr\/de\/produkt\/pinus-thunbergii-thunderhead\/","title":{"rendered":"PINUS thunbergii &#8218;Thunderhead&#8216;"},"content":{"rendered":"<p><strong>PINUS thunbergii &#8218;Thunderhead&#8216;<\/strong> w\u00e4chst langsam. Dadurch wird diese <strong>japanische Schwarzkiefer<\/strong> nach etwa zwanzig Jahren nicht gr\u00f6\u00dfer als 2 m (siehe Beispiel auf unserem Foto). Schlie\u00dflich wird sie genauso hoch wie breit. Mit zunehmendem Alter \u00e4hnelt es mit ihrer runden Form fast einem Teddyb\u00e4ren.<br \/>\nDie <strong>dunkelgr\u00fcnen Nadeln<\/strong> h\u00e4ufen sich sehr dicht um ihre Zweige.<br \/>\nDann, zu Beginn des Fr\u00fchlings, wenn die jungen Triebe zu wachsen beginnen, haben diese <strong>10 bis 15 cm gro\u00dfen Kerzen<\/strong> einen <strong>hellen Grau- oder sogar Wei\u00dfton<\/strong>. An den recht <strong>langen, dunkelgr\u00fcnen Nadeln<\/strong> kommen sie dann gut zur Geltung.<\/p>\n<p>Um alle PINUS anzuzeigen, die wir derzeit zum Verkauf anbieten, <strong><a href=\"https:\/\/www.vallonchene.fr\/de\/?s=pinus&amp;post_type=product&amp;dgwt_wcas=1&amp;lang=de&amp;filter_stock_status=instock\">klicken Sie bitte hier<\/a><\/strong>.<\/p>\n<h2>Pflanzung und Pflege von PINUS thunbergii &#8218;Thunderhead&#8216;<\/h2>\n<p>Pflanzen Sie diese japanische Schwarzkiefer an einem Standort <strong>in voller Sonne<\/strong> oder <strong>im Halbschatten<\/strong>. Sie eignet sich gut f\u00fcr <strong>leichte<\/strong>, <strong>normale<\/strong> oder <strong>schwere B\u00f6den<\/strong> mit einem <strong>sauren<\/strong>,<strong> neutralen<\/strong> oder <strong>kalkhaltigen pH-Wert<\/strong>. Der Standort kann <strong>m\u00e4\u00dfig feucht<\/strong> oder <strong>trocken<\/strong> sein.<br \/>\nAufgrund ihres geringen Volumens k\u00f6nnen Sie sie in einem <strong>Blumenbeet<\/strong> installieren. Wenn Sie es in einem <strong>Topf<\/strong> aufbewahren, wird seine Entwicklung noch geringer ausfallen.<\/p>\n<p>F\u00fcr eine gute Vorbereitung des Topfes oder des Pflanzlochs haben wir <a href=\"https:\/\/www.vallonchene.fr\/de\/wie-man-pflanzen-pflanzt-und-pflegt\/\" target=\"_blank\" rel=\"noreferrer noopener\"><strong>hier eine spezielle Anleitung zusammengestellt<\/strong><\/a>. Entdecken Sie hier, <a href=\"https:\/\/www.vallonchene.fr\/de\/den-garten-richtig-bewaessern-und-wasser-sparen\/\"><strong>wie man den Garten richtig bew\u00e4ssert und gleichzeitig Wasser spart<\/strong><\/a>.<\/p>\n<h2>Geschichte und Herkunft<\/h2>\n<p>Die Typusart <em>PINUS thunbergii<\/em> hat ihren Ursprung in den K\u00fcstengebieten <strong><a href=\"https:\/\/de.wikipedia.org\/wiki\/Japan\" target=\"_blank\" rel=\"noopener\">Japans<\/a><\/strong> und <strong><a href=\"https:\/\/de.wikipedia.org\/wiki\/S%C3%BCdkorea\" target=\"_blank\" rel=\"noopener\">S\u00fcdkoreas<\/a><\/strong>. In ihrem nat\u00fcrlichen Lebensraum gilt sie als gef\u00e4hrdet.<\/p>\n<p>PINUS thunbergii &#8218;Thunderhead&#8216; kann fast schon als Zwergart betrachtet werden, wenn man bedenkt, dass die Typusart eine H\u00f6he von 40 Metern erreichen kann.<\/p>\n<p><em>P. thunbergii<\/em> ist sehr resistent gegen Umweltverschmutzung und Salz.<\/p>\n<p>Weiterhin wird <em>P. thunbergii<\/em> in Japan auch in Niwaki (Wolkenbaum) angebaut. Es ist eines der klassischen Motive f\u00fcr <strong><a href=\"https:\/\/de.wikipedia.org\/wiki\/Bonsai\" target=\"_blank\" rel=\"noopener\">Bonsai<\/a><\/strong>.<\/p>\n<p>Dar\u00fcber hinaus wird Holz zur Herstellung von Pfosten, Eisenbahnkugeln, Z\u00e4unen und sogar Paletten verwendet. Dar\u00fcber hinaus werden Nadeln in Korea zur Herstellung von Keksen und medizinischen Getr\u00e4nken verwendet.<\/p>\n<p>Schlie\u00dflich ist <em>P. thunbergii<\/em> nach <em>CRYPTOMERIA japonica<\/em> der am zweith\u00e4ufigsten gepflanzte Nadelbaum in Japan.<\/p>\n","protected":false},"excerpt":{"rendered":"<p>Diese <b>japanische Schwarzkiefer<\/b> w\u00e4chst dicht und rund. <b>PINUS thunbergii &#8218;Thunderhead&#8216;<\/b> ist langsam wachsend und gut f\u00fcr kleine G\u00e4rten geeignet. Das Laub ist gr\u00fcn. Sie kann beschnitten werden und ist absolut winterhart.<\/p>\n","protected":false},"featured_media":44840,"comment_status":"open","ping_status":"closed","template":"","meta":[],"product_brand":[],"product_cat":[255],"product_tag":[12049],"class_list":{"0":"post-1554","1":"product","2":"type-product","3":"status-publish","4":"has-post-thumbnail","6":"product_cat-koniferen-de","7":"product_tag-pinus-de","8":"pa_99-hauteurapproximativeapres1-100a150m-de","9":"pa_couleurdufeuillage-grun-de","10":"pa_exigencesenhumidite-normal-de","11":"pa_exigencesenhumidite-trocken-de","12":"pa_expositionspossibles-ce-halbschattigsonnezw12und17-de","13":"pa_expositionspossibles-sonnigvon12bis17uhr-de","14":"pa_hauteurlivree-25-bis-30-cm","15":"pa_hauteurlivree-30-bis-40-cm","16":"pa_hauteurlivree-40-bis-50-cm","17":"pa_hauteurlivree-50-bis-60-cm","18":"pa_hauteurlivree-60-bis-80-cm","19":"pa_hauteurlivree-70-bis-80-cm","20":"pa_interetauprintemps-form-de","21":"pa_interetauprintemps-laub-de","22":"pa_interetenautomne-form-de","23":"pa_interetenautomne-laub-de","24":"pa_interetenete-form-de","25":"pa_interetenete-laub-de","26":"pa_interetenhiver-form-de","27":"pa_interetenhiver-laub-de","28":"pa_naturedufeuillage-immergrun-de","29":"pa_naturesdesolpossibles-leicht-de","30":"pa_naturesdesolpossibles-normal-de","31":"pa_naturesdesolpossibles-schwer-de","32":"pa_particularites-form-de","33":"pa_particularites-furbonsaigeeignet-de","34":"pa_periodedetaille-marz-de","35":"pa_phdusolacceptable-kalkigmehrals75-de","36":"pa_phdusolacceptable-neutralzw65u75-de","37":"pa_phdusolacceptable-sauerwenigerals65-de","38":"pa_portgraphisme-rund-de","39":"pa_resistanceaufroidrusticite-frostbestandigunter_20c-de","40":"pa_tailledepot-15liter_topf-de","41":"pa_tailledepot-20liter_topf-de","42":"pa_tailledepot-4liter_topf-de","43":"pa_tailledepot-75liter_topf-de","44":"pa_utilisationpossible-beet-de","45":"pa_utilisationpossible-kubelodertopf-de","47":"first","48":"instock","49":"taxable","50":"shipping-taxable","51":"purchasable","52":"product-type-variable"},"supplier_id":null,"supplier_sku":"","barcode":null,"atum_controlled":true,"out_stock_date":null,"out_stock_threshold":null,"inheritable":true,"inbound_stock":0,"stock_on_hold":0,"sold_today":0,"sales_last_days":0,"reserved_stock":0,"customer_returns":0,"warehouse_damage":0,"lost_in_post":0,"other_logs":0,"out_stock_days":null,"lost_sales":0,"has_location":false,"update_date":"2026-04-02T12:54:36","atum_locations":[],"atum_stock_status":"instock","restock_status":false,"low_stock_amount":"","sales_update_date":"2026-02-18T13:25:15","calc_backorders":null,"yoast_head":"<!-- This site is optimized with the Yoast SEO Premium plugin v27.5 (Yoast SEO v27.5) - https:\/\/yoast.com\/product\/yoast-seo-premium-wordpress\/ -->\n<title>PINUS thunbergii &#039;Thunderhead&#039; japanische Schwarzkiefer<\/title>\n<meta name=\"description\" content=\"Diese japanische Schwarzkiefer w\u00e4chst dicht und rund. Die\u00a0PINUS thunbergii &#039;Thunderhead&#039; ist langsam wachsend. Die Nadeln sind dunkelgr\u00fcn.\" \/>\n<meta name=\"robots\" content=\"index, follow, max-snippet:-1, max-image-preview:large, max-video-preview:-1\" \/>\n<link rel=\"canonical\" href=\"https:\/\/www.vallonchene.fr\/de\/produkt\/pinus-thunbergii-thunderhead\/\" \/>\n<meta property=\"og:locale\" content=\"de_DE\" \/>\n<meta property=\"og:type\" content=\"article\" \/>\n<meta property=\"og:title\" content=\"PINUS thunbergii &#039;Thunderhead&#039;\" \/>\n<meta property=\"og:description\" content=\"Diese japanische Schwarzkiefer w\u00e4chst dicht und rund. Die\u00a0PINUS thunbergii &#039;Thunderhead&#039; ist langsam wachsend. Die Nadeln sind dunkelgr\u00fcn.\" \/>\n<meta property=\"og:url\" content=\"https:\/\/www.vallonchene.fr\/de\/produkt\/pinus-thunbergii-thunderhead\/\" \/>\n<meta property=\"og:site_name\" content=\"Vallonch\u00eane\" \/>\n<meta property=\"article:publisher\" content=\"https:\/\/www.facebook.com\/vallonchene.fr\" \/>\n<meta property=\"article:modified_time\" content=\"2025-09-15T07:47:18+00:00\" \/>\n<meta property=\"og:image\" content=\"https:\/\/www.vallonchene.fr\/wp-content\/uploads\/2023\/11\/PINUS-thunbergi-Thunderhead.webp\" \/>\n\t<meta property=\"og:image:width\" content=\"1200\" \/>\n\t<meta property=\"og:image:height\" content=\"1200\" \/>\n\t<meta property=\"og:image:type\" content=\"image\/webp\" \/>\n<meta name=\"twitter:card\" content=\"summary_large_image\" \/>\n<meta name=\"twitter:label1\" content=\"Verf\u00fcgbarkeit\" \/>\n\t<meta name=\"twitter:data1\" content=\"Vorr\u00e4tig\" \/>\n<script type=\"application\/ld+json\" class=\"yoast-schema-graph\">{\"@context\":\"https:\\\/\\\/schema.org\",\"@graph\":[{\"@type\":\"WebPage\",\"@id\":\"https:\\\/\\\/www.vallonchene.fr\\\/de\\\/produkt\\\/pinus-thunbergii-thunderhead\\\/\",\"url\":\"https:\\\/\\\/www.vallonchene.fr\\\/de\\\/produkt\\\/pinus-thunbergii-thunderhead\\\/\",\"name\":\"PINUS thunbergii 'Thunderhead' japanische Schwarzkiefer\",\"isPartOf\":{\"@id\":\"https:\\\/\\\/www.vallonchene.fr\\\/de\\\/#website\"},\"primaryImageOfPage\":{\"@id\":\"https:\\\/\\\/www.vallonchene.fr\\\/de\\\/produkt\\\/pinus-thunbergii-thunderhead\\\/#primaryimage\"},\"image\":{\"@id\":\"https:\\\/\\\/www.vallonchene.fr\\\/de\\\/produkt\\\/pinus-thunbergii-thunderhead\\\/#primaryimage\"},\"thumbnailUrl\":\"https:\\\/\\\/www.vallonchene.fr\\\/wp-content\\\/uploads\\\/2023\\\/11\\\/PINUS-thunbergi-Thunderhead.webp\",\"datePublished\":\"2021-08-31T10:29:08+00:00\",\"dateModified\":\"2025-09-15T07:47:18+00:00\",\"description\":\"Diese japanische Schwarzkiefer w\u00e4chst dicht und rund. Die\u00a0PINUS thunbergii 'Thunderhead' ist langsam wachsend. Die Nadeln sind dunkelgr\u00fcn.\",\"breadcrumb\":{\"@id\":\"https:\\\/\\\/www.vallonchene.fr\\\/de\\\/produkt\\\/pinus-thunbergii-thunderhead\\\/#breadcrumb\"},\"inLanguage\":\"de\",\"potentialAction\":[{\"@type\":\"ReadAction\",\"target\":[\"https:\\\/\\\/www.vallonchene.fr\\\/de\\\/produkt\\\/pinus-thunbergii-thunderhead\\\/\"]}]},{\"@type\":\"ImageObject\",\"inLanguage\":\"de\",\"@id\":\"https:\\\/\\\/www.vallonchene.fr\\\/de\\\/produkt\\\/pinus-thunbergii-thunderhead\\\/#primaryimage\",\"url\":\"https:\\\/\\\/www.vallonchene.fr\\\/wp-content\\\/uploads\\\/2023\\\/11\\\/PINUS-thunbergi-Thunderhead.webp\",\"contentUrl\":\"https:\\\/\\\/www.vallonchene.fr\\\/wp-content\\\/uploads\\\/2023\\\/11\\\/PINUS-thunbergi-Thunderhead.webp\",\"width\":1200,\"height\":1200,\"caption\":\"Eine etwa zwanzig Jahre alte PINUS thunbergii 'Thunderhead' auf Vallonch\u00eane\"},{\"@type\":\"BreadcrumbList\",\"@id\":\"https:\\\/\\\/www.vallonchene.fr\\\/de\\\/produkt\\\/pinus-thunbergii-thunderhead\\\/#breadcrumb\",\"itemListElement\":[{\"@type\":\"ListItem\",\"position\":1,\"name\":\"Home\",\"item\":\"https:\\\/\\\/www.vallonchene.fr\\\/de\\\/\"},{\"@type\":\"ListItem\",\"position\":2,\"name\":\"Shop\",\"item\":\"https:\\\/\\\/www.vallonchene.fr\\\/de\\\/shop\\\/\"},{\"@type\":\"ListItem\",\"position\":3,\"name\":\"Online-Verkauf\",\"item\":\"https:\\\/\\\/www.vallonchene.fr\\\/de\\\/produkt-kategorie\\\/online-verkauf-de\\\/\"},{\"@type\":\"ListItem\",\"position\":4,\"name\":\"Baumschule\",\"item\":\"https:\\\/\\\/www.vallonchene.fr\\\/de\\\/produkt-kategorie\\\/online-verkauf-de\\\/baumschule-gaertnerei-de\\\/\"},{\"@type\":\"ListItem\",\"position\":5,\"name\":\"Koniferen\",\"item\":\"https:\\\/\\\/www.vallonchene.fr\\\/de\\\/produkt-kategorie\\\/online-verkauf-de\\\/baumschule-gaertnerei-de\\\/koniferen-de\\\/\"},{\"@type\":\"ListItem\",\"position\":6,\"name\":\"PINUS thunbergii &#8216;Thunderhead&#8217;\"}]},{\"@type\":\"WebSite\",\"@id\":\"https:\\\/\\\/www.vallonchene.fr\\\/de\\\/#website\",\"url\":\"https:\\\/\\\/www.vallonchene.fr\\\/de\\\/\",\"name\":\"Vallonch\u00eane\",\"description\":\"Die Baumschule, bei der Qualit\u00e4t ihre Wurzeln hat \u2013 Tel.: +49 (0)6838-5399840\",\"publisher\":{\"@id\":\"https:\\\/\\\/www.vallonchene.fr\\\/de\\\/#organization\"},\"potentialAction\":[{\"@type\":\"SearchAction\",\"target\":{\"@type\":\"EntryPoint\",\"urlTemplate\":\"https:\\\/\\\/www.vallonchene.fr\\\/de\\\/?s={search_term_string}\"},\"query-input\":{\"@type\":\"PropertyValueSpecification\",\"valueRequired\":true,\"valueName\":\"search_term_string\"}}],\"inLanguage\":\"de\"},{\"@type\":\"Organization\",\"@id\":\"https:\\\/\\\/www.vallonchene.fr\\\/de\\\/#organization\",\"name\":\"VALLONCHENE\",\"url\":\"https:\\\/\\\/www.vallonchene.fr\\\/de\\\/\",\"logo\":{\"@type\":\"ImageObject\",\"inLanguage\":\"de\",\"@id\":\"https:\\\/\\\/www.vallonchene.fr\\\/de\\\/#\\\/schema\\\/logo\\\/image\\\/\",\"url\":\"https:\\\/\\\/www.vallonchene.fr\\\/wp-content\\\/uploads\\\/2023\\\/03\\\/Logo-Vallonchene-site-et-R_hauteur_100.png\",\"contentUrl\":\"https:\\\/\\\/www.vallonchene.fr\\\/wp-content\\\/uploads\\\/2023\\\/03\\\/Logo-Vallonchene-site-et-R_hauteur_100.png\",\"width\":221,\"height\":100,\"caption\":\"VALLONCHENE\"},\"image\":{\"@id\":\"https:\\\/\\\/www.vallonchene.fr\\\/de\\\/#\\\/schema\\\/logo\\\/image\\\/\"},\"sameAs\":[\"https:\\\/\\\/www.facebook.com\\\/vallonchene.fr\",\"https:\\\/\\\/www.instagram.com\\\/vallonchene\\\/\",\"https:\\\/\\\/www.pinterest.fr\\\/vallonchene\\\/\"],\"taxID\":\"49454502300017\",\"hasMerchantReturnPolicy\":{\"@type\":\"MerchantReturnPolicy\",\"merchantReturnLink\":\"https:\\\/\\\/www.vallonchene.fr\\\/remboursements_retours\\\/\"}}]}<\/script>\n<meta property=\"og:availability\" content=\"instock\" \/>\n<meta property=\"product:availability\" content=\"instock\" \/>\n<meta property=\"product:retailer_item_id\" content=\"97911\" \/>\n<meta property=\"product:condition\" content=\"new\" \/>\n<!-- \/ Yoast SEO Premium plugin. -->","yoast_head_json":{"title":"PINUS thunbergii 'Thunderhead' japanische Schwarzkiefer","description":"Diese japanische Schwarzkiefer w\u00e4chst dicht und rund. Die\u00a0PINUS thunbergii 'Thunderhead' ist langsam wachsend. Die Nadeln sind dunkelgr\u00fcn.","robots":{"index":"index","follow":"follow","max-snippet":"max-snippet:-1","max-image-preview":"max-image-preview:large","max-video-preview":"max-video-preview:-1"},"canonical":"https:\/\/www.vallonchene.fr\/de\/produkt\/pinus-thunbergii-thunderhead\/","og_locale":"de_DE","og_type":"article","og_title":"PINUS thunbergii 'Thunderhead'","og_description":"Diese japanische Schwarzkiefer w\u00e4chst dicht und rund. Die\u00a0PINUS thunbergii 'Thunderhead' ist langsam wachsend. Die Nadeln sind dunkelgr\u00fcn.","og_url":"https:\/\/www.vallonchene.fr\/de\/produkt\/pinus-thunbergii-thunderhead\/","og_site_name":"Vallonch\u00eane","article_publisher":"https:\/\/www.facebook.com\/vallonchene.fr","article_modified_time":"2025-09-15T07:47:18+00:00","og_image":[{"width":1200,"height":1200,"url":"https:\/\/www.vallonchene.fr\/wp-content\/uploads\/2023\/11\/PINUS-thunbergi-Thunderhead.webp","type":"image\/webp"}],"twitter_card":"summary_large_image","twitter_misc":{"Verf\u00fcgbarkeit":"Vorr\u00e4tig"},"schema":{"@context":"https:\/\/schema.org","@graph":[{"@type":"WebPage","@id":"https:\/\/www.vallonchene.fr\/de\/produkt\/pinus-thunbergii-thunderhead\/","url":"https:\/\/www.vallonchene.fr\/de\/produkt\/pinus-thunbergii-thunderhead\/","name":"PINUS thunbergii 'Thunderhead' japanische Schwarzkiefer","isPartOf":{"@id":"https:\/\/www.vallonchene.fr\/de\/#website"},"primaryImageOfPage":{"@id":"https:\/\/www.vallonchene.fr\/de\/produkt\/pinus-thunbergii-thunderhead\/#primaryimage"},"image":{"@id":"https:\/\/www.vallonchene.fr\/de\/produkt\/pinus-thunbergii-thunderhead\/#primaryimage"},"thumbnailUrl":"https:\/\/www.vallonchene.fr\/wp-content\/uploads\/2023\/11\/PINUS-thunbergi-Thunderhead.webp","datePublished":"2021-08-31T10:29:08+00:00","dateModified":"2025-09-15T07:47:18+00:00","description":"Diese japanische Schwarzkiefer w\u00e4chst dicht und rund. Die\u00a0PINUS thunbergii 'Thunderhead' ist langsam wachsend. Die Nadeln sind dunkelgr\u00fcn.","breadcrumb":{"@id":"https:\/\/www.vallonchene.fr\/de\/produkt\/pinus-thunbergii-thunderhead\/#breadcrumb"},"inLanguage":"de","potentialAction":[{"@type":"ReadAction","target":["https:\/\/www.vallonchene.fr\/de\/produkt\/pinus-thunbergii-thunderhead\/"]}]},{"@type":"ImageObject","inLanguage":"de","@id":"https:\/\/www.vallonchene.fr\/de\/produkt\/pinus-thunbergii-thunderhead\/#primaryimage","url":"https:\/\/www.vallonchene.fr\/wp-content\/uploads\/2023\/11\/PINUS-thunbergi-Thunderhead.webp","contentUrl":"https:\/\/www.vallonchene.fr\/wp-content\/uploads\/2023\/11\/PINUS-thunbergi-Thunderhead.webp","width":1200,"height":1200,"caption":"Eine etwa zwanzig Jahre alte PINUS thunbergii 'Thunderhead' auf Vallonch\u00eane"},{"@type":"BreadcrumbList","@id":"https:\/\/www.vallonchene.fr\/de\/produkt\/pinus-thunbergii-thunderhead\/#breadcrumb","itemListElement":[{"@type":"ListItem","position":1,"name":"Home","item":"https:\/\/www.vallonchene.fr\/de\/"},{"@type":"ListItem","position":2,"name":"Shop","item":"https:\/\/www.vallonchene.fr\/de\/shop\/"},{"@type":"ListItem","position":3,"name":"Online-Verkauf","item":"https:\/\/www.vallonchene.fr\/de\/produkt-kategorie\/online-verkauf-de\/"},{"@type":"ListItem","position":4,"name":"Baumschule","item":"https:\/\/www.vallonchene.fr\/de\/produkt-kategorie\/online-verkauf-de\/baumschule-gaertnerei-de\/"},{"@type":"ListItem","position":5,"name":"Koniferen","item":"https:\/\/www.vallonchene.fr\/de\/produkt-kategorie\/online-verkauf-de\/baumschule-gaertnerei-de\/koniferen-de\/"},{"@type":"ListItem","position":6,"name":"PINUS thunbergii &#8216;Thunderhead&#8217;"}]},{"@type":"WebSite","@id":"https:\/\/www.vallonchene.fr\/de\/#website","url":"https:\/\/www.vallonchene.fr\/de\/","name":"Vallonch\u00eane","description":"Die Baumschule, bei der Qualit\u00e4t ihre Wurzeln hat \u2013 Tel.: +49 (0)6838-5399840","publisher":{"@id":"https:\/\/www.vallonchene.fr\/de\/#organization"},"potentialAction":[{"@type":"SearchAction","target":{"@type":"EntryPoint","urlTemplate":"https:\/\/www.vallonchene.fr\/de\/?s={search_term_string}"},"query-input":{"@type":"PropertyValueSpecification","valueRequired":true,"valueName":"search_term_string"}}],"inLanguage":"de"},{"@type":"Organization","@id":"https:\/\/www.vallonchene.fr\/de\/#organization","name":"VALLONCHENE","url":"https:\/\/www.vallonchene.fr\/de\/","logo":{"@type":"ImageObject","inLanguage":"de","@id":"https:\/\/www.vallonchene.fr\/de\/#\/schema\/logo\/image\/","url":"https:\/\/www.vallonchene.fr\/wp-content\/uploads\/2023\/03\/Logo-Vallonchene-site-et-R_hauteur_100.png","contentUrl":"https:\/\/www.vallonchene.fr\/wp-content\/uploads\/2023\/03\/Logo-Vallonchene-site-et-R_hauteur_100.png","width":221,"height":100,"caption":"VALLONCHENE"},"image":{"@id":"https:\/\/www.vallonchene.fr\/de\/#\/schema\/logo\/image\/"},"sameAs":["https:\/\/www.facebook.com\/vallonchene.fr","https:\/\/www.instagram.com\/vallonchene\/","https:\/\/www.pinterest.fr\/vallonchene\/"],"taxID":"49454502300017","hasMerchantReturnPolicy":{"@type":"MerchantReturnPolicy","merchantReturnLink":"https:\/\/www.vallonchene.fr\/remboursements_retours\/"}}]},"og_availability":"instock","product_availability":"instock","product_retailer_item_id":"97911","product_condition":"new"},"_links":{"self":[{"href":"https:\/\/www.vallonchene.fr\/de\/wp-json\/wp\/v2\/product\/1554","targetHints":{"allow":["GET"]}}],"collection":[{"href":"https:\/\/www.vallonchene.fr\/de\/wp-json\/wp\/v2\/product"}],"about":[{"href":"https:\/\/www.vallonchene.fr\/de\/wp-json\/wp\/v2\/types\/product"}],"replies":[{"embeddable":true,"href":"https:\/\/www.vallonchene.fr\/de\/wp-json\/wp\/v2\/comments?post=1554"}],"wp:featuredmedia":[{"embeddable":true,"href":"https:\/\/www.vallonchene.fr\/de\/wp-json\/wp\/v2\/media\/44840"}],"wp:attachment":[{"href":"https:\/\/www.vallonchene.fr\/de\/wp-json\/wp\/v2\/media?parent=1554"}],"wp:term":[{"taxonomy":"product_brand","embeddable":true,"href":"https:\/\/www.vallonchene.fr\/de\/wp-json\/wp\/v2\/product_brand?post=1554"},{"taxonomy":"product_cat","embeddable":true,"href":"https:\/\/www.vallonchene.fr\/de\/wp-json\/wp\/v2\/product_cat?post=1554"},{"taxonomy":"product_tag","embeddable":true,"href":"https:\/\/www.vallonchene.fr\/de\/wp-json\/wp\/v2\/product_tag?post=1554"}],"curies":[{"name":"wp","href":"https:\/\/api.w.org\/{rel}","templated":true}]}}