{"id":13953,"date":"2021-08-31T10:57:26","date_gmt":"2021-08-31T10:57:26","guid":{"rendered":"https:\/\/testing.vallonchene.fr\/produit\/euonymus-japonicus-benkomasaki-erecta\/"},"modified":"2024-12-28T14:56:18","modified_gmt":"2024-12-28T13:56:18","slug":"euonymus-japonicus-benkomasaki-erecta","status":"publish","type":"product","link":"https:\/\/www.vallonchene.fr\/de\/produkt\/euonymus-japonicus-benkomasaki-erecta\/","title":{"rendered":"EUONYMUS japonicus &#8218;Benkomasaki&#8216; (Erecta, Jean Hughes, Japanischer Spindelstrauch)"},"content":{"rendered":"<p>Dieser <strong>Japanischer Spindelstrauch<\/strong> hat eine besonders aufrechte Grafik. Die allgemeine Form von <strong>EUONYMUS japonicus &#8218;Benkomasaki&#8216;<\/strong> ist nicht nur s\u00e4ulenf\u00f6rmig, sondern seine Zweige ragen fast senkrecht in den Himmel. Sein immergr\u00fcnes Laub ist sch\u00f6n dunkelgr\u00fcn und seine Fr\u00fchjahrstriebe sind hellgr\u00fcn. Die Bl\u00e4tter wachsen\u00a0in einer sehr geordneten Weise um die Zweige herum.<\/p>\n","protected":false},"excerpt":{"rendered":"<p>Dieser <strong>Japanische Spindelstrauch<\/strong> w\u00e4chst nicht nur insgesamt s\u00e4ulenf\u00f6rmig, sondern seine \u00c4ste wachst fast senkrecht nach oben. <strong>EUONYMUS japonicus &#8218;Benkomasaki&#8216;<\/strong> hat ein sch\u00f6nes gr\u00fcnes Laub, das extrem regelm\u00e4\u00dfig angeordnet ist.<\/p>\n","protected":false},"featured_media":48585,"comment_status":"open","ping_status":"closed","template":"","meta":[],"product_brand":[],"product_cat":[252],"product_tag":[],"class_list":{"0":"post-13953","1":"product","2":"type-product","3":"status-publish","4":"has-post-thumbnail","6":"product_cat-straucher-und-baume-de","7":"pa_99-hauteurapproximativeapres1-50_100cm-de","8":"pa_couleurdufeuillage-grun-de","9":"pa_exigencesenhumidite-feucht-de","10":"pa_exigencesenhumidite-normal-de","11":"pa_exigencesenhumidite-trocken-de","12":"pa_expositionspossibles-ce-halbschattigsonnezw12und17-de","13":"pa_expositionspossibles-fc-schattigkeindirektessonnen-de","14":"pa_expositionspossibles-sonnigvon12bis17uhr-de","15":"pa_hauteurlivree-50-bis-60-cm","16":"pa_interetauprintemps-laub-de","17":"pa_interetenautomne-laub-de","18":"pa_interetenete-laub-de","19":"pa_interetenhiver-laub-de","20":"pa_naturedufeuillage-immergrun-de","21":"pa_naturesdesolpossibles-leicht-de","22":"pa_naturesdesolpossibles-normal-de","23":"pa_naturesdesolpossibles-schwer-de","24":"pa_particularites-form-de","25":"pa_periodedetaille-april-de","26":"pa_periodedetaille-marz-de","27":"pa_phdusolacceptable-kalkigmehrals75-de","28":"pa_phdusolacceptable-neutralzw65u75-de","29":"pa_portgraphisme-kolonnenformig-de","30":"pa_resistanceaufroidrusticite-frostbestandigunter_20c-de","31":"pa_tailledepot-10liter_topf-de","32":"pa_utilisationpossible-beet-de","33":"pa_utilisationpossible-hecke-de","34":"pa_utilisationpossible-kubelodertopf-de","36":"first","37":"outofstock","38":"taxable","39":"shipping-taxable","40":"purchasable","41":"product-type-variable","42":"has-default-attributes"},"supplier_id":null,"supplier_sku":"","barcode":null,"atum_controlled":true,"out_stock_date":null,"out_stock_threshold":null,"inheritable":true,"inbound_stock":0,"stock_on_hold":0,"sold_today":0,"sales_last_days":0,"reserved_stock":0,"customer_returns":0,"warehouse_damage":0,"lost_in_post":0,"other_logs":0,"out_stock_days":null,"lost_sales":0,"has_location":false,"update_date":"2024-12-28T13:56:08","atum_locations":[],"atum_stock_status":"instock","restock_status":false,"low_stock_amount":"","sales_update_date":"2024-12-28T13:56:08","calc_backorders":null,"yoast_head":"<!-- This site is optimized with the Yoast SEO Premium plugin v27.5 (Yoast SEO v27.5) - https:\/\/yoast.com\/product\/yoast-seo-premium-wordpress\/ -->\n<title>EUONYMUS japonicus &#039;Benkomasaki&#039; (Erecta, Jean Hughes)<\/title>\n<meta name=\"description\" content=\"Dieser Japanische Spindelstrauch w\u00e4chst nicht nur insgesamt s\u00e4ulenf\u00f6rmig, sondern seine \u00c4ste wachst fast senkrecht nach oben. EUONYMUS japonicus &#039;Benkomasaki&#039; hat ein sch\u00f6nes gr\u00fcnes Laub, das extrem regelm\u00e4\u00dfig angeordnet ist.\" \/>\n<meta name=\"robots\" content=\"index, follow, max-snippet:-1, max-image-preview:large, max-video-preview:-1\" \/>\n<link rel=\"canonical\" href=\"https:\/\/www.vallonchene.fr\/de\/produkt\/euonymus-japonicus-benkomasaki-erecta\/\" \/>\n<meta property=\"og:locale\" content=\"de_DE\" \/>\n<meta property=\"og:type\" content=\"article\" \/>\n<meta property=\"og:title\" content=\"EUONYMUS japonicus &#039;Benkomasaki&#039; (Erecta, Jean Hughes, Japanischer Spindelstrauch)\" \/>\n<meta property=\"og:description\" content=\"Dieser Japanische Spindelstrauch w\u00e4chst nicht nur insgesamt s\u00e4ulenf\u00f6rmig, sondern seine \u00c4ste wachst fast senkrecht nach oben. EUONYMUS japonicus &#039;Benkomasaki&#039; hat ein sch\u00f6nes gr\u00fcnes Laub, das extrem regelm\u00e4\u00dfig angeordnet ist.\" \/>\n<meta property=\"og:url\" content=\"https:\/\/www.vallonchene.fr\/de\/produkt\/euonymus-japonicus-benkomasaki-erecta\/\" \/>\n<meta property=\"og:site_name\" content=\"Vallonch\u00eane\" \/>\n<meta property=\"article:publisher\" content=\"https:\/\/www.facebook.com\/vallonchene.fr\" \/>\n<meta property=\"article:modified_time\" content=\"2024-12-28T13:56:18+00:00\" \/>\n<meta property=\"og:image\" content=\"https:\/\/www.vallonchene.fr\/wp-content\/uploads\/2021\/08\/1301-eab-Feuillage-mature-de-lEUONYMUS-japonicus-Benkomasaki.jpg\" \/>\n\t<meta property=\"og:image:width\" content=\"1600\" \/>\n\t<meta property=\"og:image:height\" content=\"1600\" \/>\n\t<meta property=\"og:image:type\" content=\"image\/jpeg\" \/>\n<meta name=\"twitter:card\" content=\"summary_large_image\" \/>\n<meta name=\"twitter:label1\" content=\"Verf\u00fcgbarkeit\" \/>\n\t<meta name=\"twitter:data1\" content=\"Nicht vorr\u00e4tig\" \/>\n<script type=\"application\/ld+json\" class=\"yoast-schema-graph\">{\"@context\":\"https:\\\/\\\/schema.org\",\"@graph\":[{\"@type\":\"WebPage\",\"@id\":\"https:\\\/\\\/www.vallonchene.fr\\\/de\\\/produkt\\\/euonymus-japonicus-benkomasaki-erecta\\\/\",\"url\":\"https:\\\/\\\/www.vallonchene.fr\\\/de\\\/produkt\\\/euonymus-japonicus-benkomasaki-erecta\\\/\",\"name\":\"EUONYMUS japonicus 'Benkomasaki' (Erecta, Jean Hughes)\",\"isPartOf\":{\"@id\":\"https:\\\/\\\/www.vallonchene.fr\\\/de\\\/#website\"},\"primaryImageOfPage\":{\"@id\":\"https:\\\/\\\/www.vallonchene.fr\\\/de\\\/produkt\\\/euonymus-japonicus-benkomasaki-erecta\\\/#primaryimage\"},\"image\":{\"@id\":\"https:\\\/\\\/www.vallonchene.fr\\\/de\\\/produkt\\\/euonymus-japonicus-benkomasaki-erecta\\\/#primaryimage\"},\"thumbnailUrl\":\"https:\\\/\\\/www.vallonchene.fr\\\/wp-content\\\/uploads\\\/2024\\\/08\\\/EUONYMUS-japonicus-Benkomasaki.webp\",\"datePublished\":\"2021-08-31T10:57:26+00:00\",\"dateModified\":\"2024-12-28T13:56:18+00:00\",\"description\":\"Dieser Japanische Spindelstrauch w\u00e4chst nicht nur insgesamt s\u00e4ulenf\u00f6rmig, sondern seine \u00c4ste wachst fast senkrecht nach oben. EUONYMUS japonicus 'Benkomasaki' hat ein sch\u00f6nes gr\u00fcnes Laub, das extrem regelm\u00e4\u00dfig angeordnet ist.\",\"breadcrumb\":{\"@id\":\"https:\\\/\\\/www.vallonchene.fr\\\/de\\\/produkt\\\/euonymus-japonicus-benkomasaki-erecta\\\/#breadcrumb\"},\"inLanguage\":\"de\",\"potentialAction\":[{\"@type\":\"ReadAction\",\"target\":[\"https:\\\/\\\/www.vallonchene.fr\\\/de\\\/produkt\\\/euonymus-japonicus-benkomasaki-erecta\\\/\"]}]},{\"@type\":\"ImageObject\",\"inLanguage\":\"de\",\"@id\":\"https:\\\/\\\/www.vallonchene.fr\\\/de\\\/produkt\\\/euonymus-japonicus-benkomasaki-erecta\\\/#primaryimage\",\"url\":\"https:\\\/\\\/www.vallonchene.fr\\\/wp-content\\\/uploads\\\/2024\\\/08\\\/EUONYMUS-japonicus-Benkomasaki.webp\",\"contentUrl\":\"https:\\\/\\\/www.vallonchene.fr\\\/wp-content\\\/uploads\\\/2024\\\/08\\\/EUONYMUS-japonicus-Benkomasaki.webp\",\"width\":1200,\"height\":1200,\"caption\":\"Nahaufnahme des dunkelgr\u00fcnen Laubs eines EUONYMUS japonicus 'Benkomasaki'\"},{\"@type\":\"BreadcrumbList\",\"@id\":\"https:\\\/\\\/www.vallonchene.fr\\\/de\\\/produkt\\\/euonymus-japonicus-benkomasaki-erecta\\\/#breadcrumb\",\"itemListElement\":[{\"@type\":\"ListItem\",\"position\":1,\"name\":\"Home\",\"item\":\"https:\\\/\\\/www.vallonchene.fr\\\/de\\\/\"},{\"@type\":\"ListItem\",\"position\":2,\"name\":\"Shop\",\"item\":\"https:\\\/\\\/www.vallonchene.fr\\\/de\\\/shop\\\/\"},{\"@type\":\"ListItem\",\"position\":3,\"name\":\"Online-Verkauf\",\"item\":\"https:\\\/\\\/www.vallonchene.fr\\\/de\\\/produkt-kategorie\\\/online-verkauf-de\\\/\"},{\"@type\":\"ListItem\",\"position\":4,\"name\":\"Baumschule\",\"item\":\"https:\\\/\\\/www.vallonchene.fr\\\/de\\\/produkt-kategorie\\\/online-verkauf-de\\\/baumschule-gaertnerei-de\\\/\"},{\"@type\":\"ListItem\",\"position\":5,\"name\":\"Str\u00e4ucher und B\u00e4ume\",\"item\":\"https:\\\/\\\/www.vallonchene.fr\\\/de\\\/produkt-kategorie\\\/online-verkauf-de\\\/baumschule-gaertnerei-de\\\/straucher-und-baume-de\\\/\"},{\"@type\":\"ListItem\",\"position\":6,\"name\":\"EUONYMUS japonicus &#8218;Benkomasaki&#8216; (Erecta, Jean Hughes, Japanischer Spindelstrauch)\"}]},{\"@type\":\"WebSite\",\"@id\":\"https:\\\/\\\/www.vallonchene.fr\\\/de\\\/#website\",\"url\":\"https:\\\/\\\/www.vallonchene.fr\\\/de\\\/\",\"name\":\"Vallonch\u00eane\",\"description\":\"Die Baumschule, bei der Qualit\u00e4t ihre Wurzeln hat \u2013 Tel.: +49 (0)6838-5399840\",\"publisher\":{\"@id\":\"https:\\\/\\\/www.vallonchene.fr\\\/de\\\/#organization\"},\"potentialAction\":[{\"@type\":\"SearchAction\",\"target\":{\"@type\":\"EntryPoint\",\"urlTemplate\":\"https:\\\/\\\/www.vallonchene.fr\\\/de\\\/?s={search_term_string}\"},\"query-input\":{\"@type\":\"PropertyValueSpecification\",\"valueRequired\":true,\"valueName\":\"search_term_string\"}}],\"inLanguage\":\"de\"},{\"@type\":\"Organization\",\"@id\":\"https:\\\/\\\/www.vallonchene.fr\\\/de\\\/#organization\",\"name\":\"VALLONCHENE\",\"url\":\"https:\\\/\\\/www.vallonchene.fr\\\/de\\\/\",\"logo\":{\"@type\":\"ImageObject\",\"inLanguage\":\"de\",\"@id\":\"https:\\\/\\\/www.vallonchene.fr\\\/de\\\/#\\\/schema\\\/logo\\\/image\\\/\",\"url\":\"https:\\\/\\\/www.vallonchene.fr\\\/wp-content\\\/uploads\\\/2023\\\/03\\\/Logo-Vallonchene-site-et-R_hauteur_100.png\",\"contentUrl\":\"https:\\\/\\\/www.vallonchene.fr\\\/wp-content\\\/uploads\\\/2023\\\/03\\\/Logo-Vallonchene-site-et-R_hauteur_100.png\",\"width\":221,\"height\":100,\"caption\":\"VALLONCHENE\"},\"image\":{\"@id\":\"https:\\\/\\\/www.vallonchene.fr\\\/de\\\/#\\\/schema\\\/logo\\\/image\\\/\"},\"sameAs\":[\"https:\\\/\\\/www.facebook.com\\\/vallonchene.fr\",\"https:\\\/\\\/www.instagram.com\\\/vallonchene\\\/\",\"https:\\\/\\\/www.pinterest.fr\\\/vallonchene\\\/\"],\"taxID\":\"49454502300017\",\"hasMerchantReturnPolicy\":{\"@type\":\"MerchantReturnPolicy\",\"merchantReturnLink\":\"https:\\\/\\\/www.vallonchene.fr\\\/remboursements_retours\\\/\"}}]}<\/script>\n<meta property=\"og:availability\" content=\"out of stock\" \/>\n<meta property=\"product:availability\" content=\"out of stock\" \/>\n<meta property=\"product:retailer_item_id\" content=\"16316\" \/>\n<meta property=\"product:condition\" content=\"new\" \/>\n<!-- \/ Yoast SEO Premium plugin. -->","yoast_head_json":{"title":"EUONYMUS japonicus 'Benkomasaki' (Erecta, Jean Hughes)","description":"Dieser Japanische Spindelstrauch w\u00e4chst nicht nur insgesamt s\u00e4ulenf\u00f6rmig, sondern seine \u00c4ste wachst fast senkrecht nach oben. EUONYMUS japonicus 'Benkomasaki' hat ein sch\u00f6nes gr\u00fcnes Laub, das extrem regelm\u00e4\u00dfig angeordnet ist.","robots":{"index":"index","follow":"follow","max-snippet":"max-snippet:-1","max-image-preview":"max-image-preview:large","max-video-preview":"max-video-preview:-1"},"canonical":"https:\/\/www.vallonchene.fr\/de\/produkt\/euonymus-japonicus-benkomasaki-erecta\/","og_locale":"de_DE","og_type":"article","og_title":"EUONYMUS japonicus 'Benkomasaki' (Erecta, Jean Hughes, Japanischer Spindelstrauch)","og_description":"Dieser Japanische Spindelstrauch w\u00e4chst nicht nur insgesamt s\u00e4ulenf\u00f6rmig, sondern seine \u00c4ste wachst fast senkrecht nach oben. EUONYMUS japonicus 'Benkomasaki' hat ein sch\u00f6nes gr\u00fcnes Laub, das extrem regelm\u00e4\u00dfig angeordnet ist.","og_url":"https:\/\/www.vallonchene.fr\/de\/produkt\/euonymus-japonicus-benkomasaki-erecta\/","og_site_name":"Vallonch\u00eane","article_publisher":"https:\/\/www.facebook.com\/vallonchene.fr","article_modified_time":"2024-12-28T13:56:18+00:00","og_image":[{"width":1600,"height":1600,"url":"https:\/\/www.vallonchene.fr\/wp-content\/uploads\/2021\/08\/1301-eab-Feuillage-mature-de-lEUONYMUS-japonicus-Benkomasaki.jpg","type":"image\/jpeg"}],"twitter_card":"summary_large_image","twitter_misc":{"Verf\u00fcgbarkeit":"Nicht vorr\u00e4tig"},"schema":{"@context":"https:\/\/schema.org","@graph":[{"@type":"WebPage","@id":"https:\/\/www.vallonchene.fr\/de\/produkt\/euonymus-japonicus-benkomasaki-erecta\/","url":"https:\/\/www.vallonchene.fr\/de\/produkt\/euonymus-japonicus-benkomasaki-erecta\/","name":"EUONYMUS japonicus 'Benkomasaki' (Erecta, Jean Hughes)","isPartOf":{"@id":"https:\/\/www.vallonchene.fr\/de\/#website"},"primaryImageOfPage":{"@id":"https:\/\/www.vallonchene.fr\/de\/produkt\/euonymus-japonicus-benkomasaki-erecta\/#primaryimage"},"image":{"@id":"https:\/\/www.vallonchene.fr\/de\/produkt\/euonymus-japonicus-benkomasaki-erecta\/#primaryimage"},"thumbnailUrl":"https:\/\/www.vallonchene.fr\/wp-content\/uploads\/2024\/08\/EUONYMUS-japonicus-Benkomasaki.webp","datePublished":"2021-08-31T10:57:26+00:00","dateModified":"2024-12-28T13:56:18+00:00","description":"Dieser Japanische Spindelstrauch w\u00e4chst nicht nur insgesamt s\u00e4ulenf\u00f6rmig, sondern seine \u00c4ste wachst fast senkrecht nach oben. EUONYMUS japonicus 'Benkomasaki' hat ein sch\u00f6nes gr\u00fcnes Laub, das extrem regelm\u00e4\u00dfig angeordnet ist.","breadcrumb":{"@id":"https:\/\/www.vallonchene.fr\/de\/produkt\/euonymus-japonicus-benkomasaki-erecta\/#breadcrumb"},"inLanguage":"de","potentialAction":[{"@type":"ReadAction","target":["https:\/\/www.vallonchene.fr\/de\/produkt\/euonymus-japonicus-benkomasaki-erecta\/"]}]},{"@type":"ImageObject","inLanguage":"de","@id":"https:\/\/www.vallonchene.fr\/de\/produkt\/euonymus-japonicus-benkomasaki-erecta\/#primaryimage","url":"https:\/\/www.vallonchene.fr\/wp-content\/uploads\/2024\/08\/EUONYMUS-japonicus-Benkomasaki.webp","contentUrl":"https:\/\/www.vallonchene.fr\/wp-content\/uploads\/2024\/08\/EUONYMUS-japonicus-Benkomasaki.webp","width":1200,"height":1200,"caption":"Nahaufnahme des dunkelgr\u00fcnen Laubs eines EUONYMUS japonicus 'Benkomasaki'"},{"@type":"BreadcrumbList","@id":"https:\/\/www.vallonchene.fr\/de\/produkt\/euonymus-japonicus-benkomasaki-erecta\/#breadcrumb","itemListElement":[{"@type":"ListItem","position":1,"name":"Home","item":"https:\/\/www.vallonchene.fr\/de\/"},{"@type":"ListItem","position":2,"name":"Shop","item":"https:\/\/www.vallonchene.fr\/de\/shop\/"},{"@type":"ListItem","position":3,"name":"Online-Verkauf","item":"https:\/\/www.vallonchene.fr\/de\/produkt-kategorie\/online-verkauf-de\/"},{"@type":"ListItem","position":4,"name":"Baumschule","item":"https:\/\/www.vallonchene.fr\/de\/produkt-kategorie\/online-verkauf-de\/baumschule-gaertnerei-de\/"},{"@type":"ListItem","position":5,"name":"Str\u00e4ucher und B\u00e4ume","item":"https:\/\/www.vallonchene.fr\/de\/produkt-kategorie\/online-verkauf-de\/baumschule-gaertnerei-de\/straucher-und-baume-de\/"},{"@type":"ListItem","position":6,"name":"EUONYMUS japonicus &#8218;Benkomasaki&#8216; (Erecta, Jean Hughes, Japanischer Spindelstrauch)"}]},{"@type":"WebSite","@id":"https:\/\/www.vallonchene.fr\/de\/#website","url":"https:\/\/www.vallonchene.fr\/de\/","name":"Vallonch\u00eane","description":"Die Baumschule, bei der Qualit\u00e4t ihre Wurzeln hat \u2013 Tel.: +49 (0)6838-5399840","publisher":{"@id":"https:\/\/www.vallonchene.fr\/de\/#organization"},"potentialAction":[{"@type":"SearchAction","target":{"@type":"EntryPoint","urlTemplate":"https:\/\/www.vallonchene.fr\/de\/?s={search_term_string}"},"query-input":{"@type":"PropertyValueSpecification","valueRequired":true,"valueName":"search_term_string"}}],"inLanguage":"de"},{"@type":"Organization","@id":"https:\/\/www.vallonchene.fr\/de\/#organization","name":"VALLONCHENE","url":"https:\/\/www.vallonchene.fr\/de\/","logo":{"@type":"ImageObject","inLanguage":"de","@id":"https:\/\/www.vallonchene.fr\/de\/#\/schema\/logo\/image\/","url":"https:\/\/www.vallonchene.fr\/wp-content\/uploads\/2023\/03\/Logo-Vallonchene-site-et-R_hauteur_100.png","contentUrl":"https:\/\/www.vallonchene.fr\/wp-content\/uploads\/2023\/03\/Logo-Vallonchene-site-et-R_hauteur_100.png","width":221,"height":100,"caption":"VALLONCHENE"},"image":{"@id":"https:\/\/www.vallonchene.fr\/de\/#\/schema\/logo\/image\/"},"sameAs":["https:\/\/www.facebook.com\/vallonchene.fr","https:\/\/www.instagram.com\/vallonchene\/","https:\/\/www.pinterest.fr\/vallonchene\/"],"taxID":"49454502300017","hasMerchantReturnPolicy":{"@type":"MerchantReturnPolicy","merchantReturnLink":"https:\/\/www.vallonchene.fr\/remboursements_retours\/"}}]},"og_availability":"out of stock","product_availability":"out of stock","product_retailer_item_id":"16316","product_condition":"new"},"_links":{"self":[{"href":"https:\/\/www.vallonchene.fr\/de\/wp-json\/wp\/v2\/product\/13953","targetHints":{"allow":["GET"]}}],"collection":[{"href":"https:\/\/www.vallonchene.fr\/de\/wp-json\/wp\/v2\/product"}],"about":[{"href":"https:\/\/www.vallonchene.fr\/de\/wp-json\/wp\/v2\/types\/product"}],"replies":[{"embeddable":true,"href":"https:\/\/www.vallonchene.fr\/de\/wp-json\/wp\/v2\/comments?post=13953"}],"wp:featuredmedia":[{"embeddable":true,"href":"https:\/\/www.vallonchene.fr\/de\/wp-json\/wp\/v2\/media\/48585"}],"wp:attachment":[{"href":"https:\/\/www.vallonchene.fr\/de\/wp-json\/wp\/v2\/media?parent=13953"}],"wp:term":[{"taxonomy":"product_brand","embeddable":true,"href":"https:\/\/www.vallonchene.fr\/de\/wp-json\/wp\/v2\/product_brand?post=13953"},{"taxonomy":"product_cat","embeddable":true,"href":"https:\/\/www.vallonchene.fr\/de\/wp-json\/wp\/v2\/product_cat?post=13953"},{"taxonomy":"product_tag","embeddable":true,"href":"https:\/\/www.vallonchene.fr\/de\/wp-json\/wp\/v2\/product_tag?post=13953"}],"curies":[{"name":"wp","href":"https:\/\/api.w.org\/{rel}","templated":true}]}}