{"id":1309,"date":"2021-08-31T11:24:28","date_gmt":"2021-08-31T11:24:28","guid":{"rendered":"https:\/\/testing.vallonchene.fr\/produit\/pinus-jeffreyi-joppi\/"},"modified":"2025-02-18T11:15:16","modified_gmt":"2025-02-18T10:15:16","slug":"pinus-jeffreyi-joppi","status":"publish","type":"product","link":"https:\/\/www.vallonchene.fr\/de\/produkt\/pinus-jeffreyi-joppi\/","title":{"rendered":"PINUS jeffreyi &#8218;Joppi&#8216;"},"content":{"rendered":"<h2>Die PINUS jeffreyi &#8218;Joppi&#8216;<\/h2>\n<p>Wenn Sie auf der Suche nach einer au\u00dfergew\u00f6hnlichen Pflanze sind, um Ihren Garten zu versch\u00f6nern, ist der <strong>PINUS jeffreyi &#8218;Joppi&#8216;<\/strong> eine ideale Option. Er wird auch <strong>Zwerg-Jeffrey-Kiefer<\/strong> genannt. Dieser seltene Nadelbaum besticht durch seine <strong>kompakte Silhouette<\/strong> und sein <strong>elegantes Laub<\/strong>, das jedem gr\u00fcnen Raum eine originelle Note verleiht.  <\/p>\n<p>Zun\u00e4chst einmal zeichnet sich der <strong>PINUS jeffreyi &#8218;Joppi&#8216;<\/strong> durch seine <strong>runde Form<\/strong> und sein <strong>langsames Wachstum<\/strong> aus. Er erreicht in der Regel eine H\u00f6he von <strong>1 bis 2 Metern, wenn er ausgewachsen is<\/strong>t. Seine immergr\u00fcnen, intensiv gr\u00fcnen Nadeln bieten einen auff\u00e4lligen Kontrast zu den anderen Pflanzen im Garten. Weiterhin machen seine K\u00e4ltebest\u00e4ndigkeit und seine <strong>Toleranz gegen\u00fcber Trockenheit<\/strong> ihn zu einem gro\u00dfen Vorteil f\u00fcr G\u00e4rten, die unterschiedlichen klimatischen Bedingungen ausgesetzt sind.   <\/p>\n<p>Au\u00dferdem ist diese Zwergkiefer besonders f\u00fcr ihre <strong>Pflegeleichtigkeit<\/strong> gesch\u00e4tzt. Sie ben\u00f6tigt nur wenig Pflege und passt sich problemlos an verschiedene Bodenarten an, solange diese gut drainiert sind. Indem Sie sich also f\u00fcr diese kleine Kiefer entscheiden, profitieren Sie von einer <strong>robusten und \u00e4sthetischen Pflanze<\/strong>, die Ihren Garten das ganze Jahr \u00fcber versch\u00f6nern wird.  <\/p>\n<h2>Wie pflanzt und pflegt man PINUS jeffreyi &#8218;Joppi&#8216;?<\/h2>\n<h3>Pflanzung<\/h3>\n<p>Um die Vorteile dieses kleinen Juwels voll auszusch\u00f6pfen, folgen Sie unseren Pflanz- und Pflegetipps.<\/p>\n<ol>\n<li>W\u00e4hlen Sie zun\u00e4chst einen sonnigen oder halbschattigen Standort, da diese Pflanze das Licht sch\u00e4tzt, um ein dichtes und farbenfrohes Laub zu entwickeln.<\/li>\n<li>Wir empfehlen einen leichten, sandigen oder steinigen Boden, um eine gute Drainage zu f\u00f6rdern.<\/li>\n<li>Die Erde kann sauer, neutral oder kalkhaltig sein.<\/li>\n<li><a href=\"https:\/\/www.vallonchene.fr\/comment-planter-et-entretenir-des-vegetaux\/comment-planter-et-entretenir-arbres-arbustes-et-coniferes\/\" target=\"_blank\" rel=\"noreferrer noopener\"><strong>F\u00fcr eine gute Vorbereitung des Pflanzlochs haben wir spezielle Anweisungen entwickelt, die hier verf\u00fcgbar sind. <\/strong><\/a><\/li>\n<\/ol>\n<h3>Pflege<\/h3>\n<p>F\u00fcr die Pflege ben\u00f6tigt der <strong>PINUS jeffreyi &#8218;Joppi&#8216;<\/strong> nur wenig Aufmerksamkeit.<\/p>\n<ol>\n<li>Da es sich um eine Zwergkiefer handelt, ist ein Schnitt nicht erforderlich. Wenn Sie jedoch das Bed\u00fcrfnis versp\u00fcren, k\u00f6nnen Sie im Winter einen leichten Schnitt durchf\u00fchren. Eine j\u00e4hrliche Gabe von organischem D\u00fcnger im Fr\u00fchjahr f\u00f6rdert ein gesundes Wachstum.  <\/li>\n<li><a href=\"https:\/\/www.vallonchene.fr\/comment-bien-arroser-le-jardin-et-economiser-leau\/\"><strong>Lesen Sie hier auch unsere Tipps zum richtigen Gie\u00dfen und Wassersparen<\/strong><\/a>.<\/li>\n<\/ol>\n<h2>Geschichte und Herkunft<\/h2>\n<p>Der <strong>PINUS jeffreyi<\/strong>, allgemein bekannt als <strong>Jeffrey-Kiefer<\/strong>, stammt aus den Bergregionen des westlichen Nordamerikas, insbesondere aus Kalifornien und Oregon. Im 19. Jahrhundert von dem Botaniker John Jeffrey entdeckt, wurde dieser majest\u00e4tische Nadelbaum nach Europa eingef\u00fchrt, um Parks und G\u00e4rten zu schm\u00fccken. <\/p>\n<p>Die Sorte &#8218;Joppi&#8216; ist eine g\u00e4rtnerische Auswahl, die entwickelt wurde, um eine Zwergversion der <strong>Jeffrey-Kiefer<\/strong> anzubieten. Dank ihrer reduzierten Gr\u00f6\u00dfe und langsamen Wachstums passt sich der <strong>PINUS jeffreyi &#8218;Joppi&#8216;<\/strong> perfekt in kleine G\u00e4rten, Steing\u00e4rten und sogar in die Topfkultur auf einer Terrasse oder einem Balkon ein. <\/p>\n<p>Indem Sie diesen Nadelbaum w\u00e4hlen, tragen Sie zur Erhaltung einer bemerkenswerten botanischen Art bei und bereichern gleichzeitig Ihren Garten oder Ihre Terrasse mit einem Hauch von Exotik. Der <strong>PINUS jeffreyi &#8218;Joppi&#8216;<\/strong> verk\u00f6rpert somit die perfekte Kombination aus \u00c4sthetik, Robustheit und botanischer Geschichte. <\/p>\n<p>Schlie\u00dflich ist der <strong>PINUS jeffreyi &#8218;Joppi&#8216;<\/strong> eine au\u00dfergew\u00f6hnliche Pflanze, die Sie mit ihren zahlreichen Qualit\u00e4ten begeistern wird. Z\u00f6gern Sie nicht, sie zu adoptieren, um Ihrem Garten Charme und Originalit\u00e4t zu verleihen. Mit unseren guten Pflanz- und Pflegetipps k\u00f6nnen Sie lange die Sch\u00f6nheit dieser <strong>Zwerg-Jeffrey-Kiefer<\/strong> im Laufe der Jahreszeiten genie\u00dfen.  <\/p>\n","protected":false},"excerpt":{"rendered":"<p>Diese <strong>Jeffrey-Kiefer<\/strong> w\u00e4chst langsam. Der <strong>PINUS jeffreyi &#8218;Joppi&#8216;<\/strong> hat \u00fcbergro\u00dfe Nadeln. Er w\u00e4chst in einer sehr kompakten, kugelf\u00f6rmigen Form. Seine Nadeln sind gr\u00fcn. Es ist eine au\u00dfergew\u00f6hnliche Pflanze!    <\/p>\n","protected":false},"featured_media":52502,"comment_status":"open","ping_status":"closed","template":"","meta":[],"product_brand":[],"product_cat":[255],"product_tag":[12049,12318],"class_list":{"0":"post-1309","1":"product","2":"type-product","3":"status-publish","4":"has-post-thumbnail","6":"product_cat-koniferen-de","7":"product_tag-pinus-de","8":"product_tag-pinus-jeffreyi-de","9":"pa_99-hauteurapproximativeapres1-100a150m-de","10":"pa_couleurdufeuillage-grun-de","11":"pa_exigencesenhumidite-feucht-de","12":"pa_exigencesenhumidite-normal-de","13":"pa_exigencesenhumidite-trocken-de","14":"pa_expositionspossibles-ce-halbschattigsonnezw12und17-de","15":"pa_expositionspossibles-sonnigvon12bis17uhr-de","16":"pa_hauteurlivree-25-bis-30-cm","17":"pa_hauteurlivree-30-bis-40-cm","18":"pa_hauteurlivree-40-bis-50-cm","19":"pa_hauteurlivree-50-bis-60-cm","20":"pa_interetauprintemps-form-de","21":"pa_interetauprintemps-jungesprossen-de","22":"pa_interetauprintemps-laub-de","23":"pa_interetenautomne-form-de","24":"pa_interetenautomne-laub-de","25":"pa_interetenete-form-de","26":"pa_interetenete-laub-de","27":"pa_interetenhiver-form-de","28":"pa_interetenhiver-laub-de","29":"pa_naturedufeuillage-immergrun-de","30":"pa_naturesdesolpossibles-leicht-de","31":"pa_naturesdesolpossibles-normal-de","32":"pa_naturesdesolpossibles-schwer-de","33":"pa_particularites-form-de","34":"pa_periodedetaille-marz-de","35":"pa_phdusolacceptable-kalkigmehrals75-de","36":"pa_phdusolacceptable-neutralzw65u75-de","37":"pa_phdusolacceptable-sauerwenigerals65-de","38":"pa_portgraphisme-rund-de","39":"pa_resistanceaufroidrusticite-frostbestandigunter_20c-de","40":"pa_tailledepot-5liter_topf-de","41":"pa_tailledepot-75liter_topf-de","42":"pa_utilisationpossible-beet-de","43":"pa_utilisationpossible-kubelodertopf-de","45":"first","46":"instock","47":"taxable","48":"shipping-taxable","49":"purchasable","50":"product-type-variable","51":"has-default-attributes"},"supplier_id":null,"supplier_sku":"","barcode":null,"atum_controlled":true,"out_stock_date":null,"out_stock_threshold":null,"inheritable":true,"inbound_stock":0,"stock_on_hold":0,"sold_today":0,"sales_last_days":0,"reserved_stock":0,"customer_returns":0,"warehouse_damage":0,"lost_in_post":0,"other_logs":0,"out_stock_days":null,"lost_sales":0,"has_location":false,"update_date":"2026-02-18T13:25:13","atum_locations":[],"atum_stock_status":"instock","restock_status":false,"low_stock_amount":"","sales_update_date":"2026-02-18T13:25:13","calc_backorders":null,"yoast_head":"<!-- This site is optimized with the Yoast SEO Premium plugin v27.5 (Yoast SEO v27.5) - https:\/\/yoast.com\/product\/yoast-seo-premium-wordpress\/ -->\n<title>PINUS jeffreyi &#039;Joppi&#039; - Jeffrey-Kiefer<\/title>\n<meta name=\"description\" content=\"Diese Jeffrey-Kiefer w\u00e4chst langsam. Der PINUS jeffreyi &#039;Joppi&#039; hat \u00fcbergro\u00dfe gr\u00fcne Nadeln. Er w\u00e4chst in einer sehr kompakten, kugelf\u00f6rmigen Form.\" \/>\n<meta name=\"robots\" content=\"index, follow, max-snippet:-1, max-image-preview:large, max-video-preview:-1\" \/>\n<link rel=\"canonical\" href=\"https:\/\/www.vallonchene.fr\/de\/produkt\/pinus-jeffreyi-joppi\/\" \/>\n<meta property=\"og:locale\" content=\"de_DE\" \/>\n<meta property=\"og:type\" content=\"article\" \/>\n<meta property=\"og:title\" content=\"PINUS jeffreyi &#039;Joppi&#039;\" \/>\n<meta property=\"og:description\" content=\"Diese Jeffrey-Kiefer w\u00e4chst langsam. Der PINUS jeffreyi &#039;Joppi&#039; hat \u00fcbergro\u00dfe gr\u00fcne Nadeln. Er w\u00e4chst in einer sehr kompakten, kugelf\u00f6rmigen Form.\" \/>\n<meta property=\"og:url\" content=\"https:\/\/www.vallonchene.fr\/de\/produkt\/pinus-jeffreyi-joppi\/\" \/>\n<meta property=\"og:site_name\" content=\"Vallonch\u00eane\" \/>\n<meta property=\"article:publisher\" content=\"https:\/\/www.facebook.com\/vallonchene.fr\" \/>\n<meta property=\"article:modified_time\" content=\"2025-02-18T10:15:16+00:00\" \/>\n<meta property=\"og:image\" content=\"https:\/\/www.vallonchene.fr\/wp-content\/uploads\/2025\/02\/PINUS-jeffreyi-Joppi.webp\" \/>\n\t<meta property=\"og:image:width\" content=\"1200\" \/>\n\t<meta property=\"og:image:height\" content=\"1200\" \/>\n\t<meta property=\"og:image:type\" content=\"image\/webp\" \/>\n<meta name=\"twitter:card\" content=\"summary_large_image\" \/>\n<meta name=\"twitter:label1\" content=\"Verf\u00fcgbarkeit\" \/>\n\t<meta name=\"twitter:data1\" content=\"Vorr\u00e4tig\" \/>\n<script type=\"application\/ld+json\" class=\"yoast-schema-graph\">{\"@context\":\"https:\\\/\\\/schema.org\",\"@graph\":[{\"@type\":\"WebPage\",\"@id\":\"https:\\\/\\\/www.vallonchene.fr\\\/de\\\/produkt\\\/pinus-jeffreyi-joppi\\\/\",\"url\":\"https:\\\/\\\/www.vallonchene.fr\\\/de\\\/produkt\\\/pinus-jeffreyi-joppi\\\/\",\"name\":\"PINUS jeffreyi 'Joppi' - Jeffrey-Kiefer\",\"isPartOf\":{\"@id\":\"https:\\\/\\\/www.vallonchene.fr\\\/de\\\/#website\"},\"primaryImageOfPage\":{\"@id\":\"https:\\\/\\\/www.vallonchene.fr\\\/de\\\/produkt\\\/pinus-jeffreyi-joppi\\\/#primaryimage\"},\"image\":{\"@id\":\"https:\\\/\\\/www.vallonchene.fr\\\/de\\\/produkt\\\/pinus-jeffreyi-joppi\\\/#primaryimage\"},\"thumbnailUrl\":\"https:\\\/\\\/www.vallonchene.fr\\\/wp-content\\\/uploads\\\/2025\\\/02\\\/PINUS-jeffreyi-Joppi.webp\",\"datePublished\":\"2021-08-31T11:24:28+00:00\",\"dateModified\":\"2025-02-18T10:15:16+00:00\",\"description\":\"Diese Jeffrey-Kiefer w\u00e4chst langsam. Der PINUS jeffreyi 'Joppi' hat \u00fcbergro\u00dfe gr\u00fcne Nadeln. Er w\u00e4chst in einer sehr kompakten, kugelf\u00f6rmigen Form.\",\"breadcrumb\":{\"@id\":\"https:\\\/\\\/www.vallonchene.fr\\\/de\\\/produkt\\\/pinus-jeffreyi-joppi\\\/#breadcrumb\"},\"inLanguage\":\"de\",\"potentialAction\":[{\"@type\":\"ReadAction\",\"target\":[\"https:\\\/\\\/www.vallonchene.fr\\\/de\\\/produkt\\\/pinus-jeffreyi-joppi\\\/\"]}]},{\"@type\":\"ImageObject\",\"inLanguage\":\"de\",\"@id\":\"https:\\\/\\\/www.vallonchene.fr\\\/de\\\/produkt\\\/pinus-jeffreyi-joppi\\\/#primaryimage\",\"url\":\"https:\\\/\\\/www.vallonchene.fr\\\/wp-content\\\/uploads\\\/2025\\\/02\\\/PINUS-jeffreyi-Joppi.webp\",\"contentUrl\":\"https:\\\/\\\/www.vallonchene.fr\\\/wp-content\\\/uploads\\\/2025\\\/02\\\/PINUS-jeffreyi-Joppi.webp\",\"width\":1200,\"height\":1200,\"caption\":\"Nahaufnahme der gro\u00dfen Nadeln von PINUS jeffreyi 'Joppi' im Vergleich zu einem Daumen\"},{\"@type\":\"BreadcrumbList\",\"@id\":\"https:\\\/\\\/www.vallonchene.fr\\\/de\\\/produkt\\\/pinus-jeffreyi-joppi\\\/#breadcrumb\",\"itemListElement\":[{\"@type\":\"ListItem\",\"position\":1,\"name\":\"Home\",\"item\":\"https:\\\/\\\/www.vallonchene.fr\\\/de\\\/\"},{\"@type\":\"ListItem\",\"position\":2,\"name\":\"Shop\",\"item\":\"https:\\\/\\\/www.vallonchene.fr\\\/de\\\/shop\\\/\"},{\"@type\":\"ListItem\",\"position\":3,\"name\":\"Online-Verkauf\",\"item\":\"https:\\\/\\\/www.vallonchene.fr\\\/de\\\/produkt-kategorie\\\/online-verkauf-de\\\/\"},{\"@type\":\"ListItem\",\"position\":4,\"name\":\"Baumschule\",\"item\":\"https:\\\/\\\/www.vallonchene.fr\\\/de\\\/produkt-kategorie\\\/online-verkauf-de\\\/baumschule-gaertnerei-de\\\/\"},{\"@type\":\"ListItem\",\"position\":5,\"name\":\"Koniferen\",\"item\":\"https:\\\/\\\/www.vallonchene.fr\\\/de\\\/produkt-kategorie\\\/online-verkauf-de\\\/baumschule-gaertnerei-de\\\/koniferen-de\\\/\"},{\"@type\":\"ListItem\",\"position\":6,\"name\":\"PINUS jeffreyi &lsquo;Joppi&rsquo;\"}]},{\"@type\":\"WebSite\",\"@id\":\"https:\\\/\\\/www.vallonchene.fr\\\/de\\\/#website\",\"url\":\"https:\\\/\\\/www.vallonchene.fr\\\/de\\\/\",\"name\":\"Vallonch\u00eane\",\"description\":\"Die Baumschule, bei der Qualit\u00e4t ihre Wurzeln hat \u2013 Tel.: +49 (0)6838-5399840\",\"publisher\":{\"@id\":\"https:\\\/\\\/www.vallonchene.fr\\\/de\\\/#organization\"},\"potentialAction\":[{\"@type\":\"SearchAction\",\"target\":{\"@type\":\"EntryPoint\",\"urlTemplate\":\"https:\\\/\\\/www.vallonchene.fr\\\/de\\\/?s={search_term_string}\"},\"query-input\":{\"@type\":\"PropertyValueSpecification\",\"valueRequired\":true,\"valueName\":\"search_term_string\"}}],\"inLanguage\":\"de\"},{\"@type\":\"Organization\",\"@id\":\"https:\\\/\\\/www.vallonchene.fr\\\/de\\\/#organization\",\"name\":\"VALLONCHENE\",\"url\":\"https:\\\/\\\/www.vallonchene.fr\\\/de\\\/\",\"logo\":{\"@type\":\"ImageObject\",\"inLanguage\":\"de\",\"@id\":\"https:\\\/\\\/www.vallonchene.fr\\\/de\\\/#\\\/schema\\\/logo\\\/image\\\/\",\"url\":\"https:\\\/\\\/www.vallonchene.fr\\\/wp-content\\\/uploads\\\/2023\\\/03\\\/Logo-Vallonchene-site-et-R_hauteur_100.png\",\"contentUrl\":\"https:\\\/\\\/www.vallonchene.fr\\\/wp-content\\\/uploads\\\/2023\\\/03\\\/Logo-Vallonchene-site-et-R_hauteur_100.png\",\"width\":221,\"height\":100,\"caption\":\"VALLONCHENE\"},\"image\":{\"@id\":\"https:\\\/\\\/www.vallonchene.fr\\\/de\\\/#\\\/schema\\\/logo\\\/image\\\/\"},\"sameAs\":[\"https:\\\/\\\/www.facebook.com\\\/vallonchene.fr\",\"https:\\\/\\\/www.instagram.com\\\/vallonchene\\\/\",\"https:\\\/\\\/www.pinterest.fr\\\/vallonchene\\\/\"],\"taxID\":\"49454502300017\",\"hasMerchantReturnPolicy\":{\"@type\":\"MerchantReturnPolicy\",\"merchantReturnLink\":\"https:\\\/\\\/www.vallonchene.fr\\\/remboursements_retours\\\/\"}}]}<\/script>\n<meta property=\"og:availability\" content=\"instock\" \/>\n<meta property=\"product:availability\" content=\"instock\" \/>\n<meta property=\"product:retailer_item_id\" content=\"48664\" \/>\n<meta property=\"product:condition\" content=\"new\" \/>\n<!-- \/ Yoast SEO Premium plugin. -->","yoast_head_json":{"title":"PINUS jeffreyi 'Joppi' - Jeffrey-Kiefer","description":"Diese Jeffrey-Kiefer w\u00e4chst langsam. Der PINUS jeffreyi 'Joppi' hat \u00fcbergro\u00dfe gr\u00fcne Nadeln. Er w\u00e4chst in einer sehr kompakten, kugelf\u00f6rmigen Form.","robots":{"index":"index","follow":"follow","max-snippet":"max-snippet:-1","max-image-preview":"max-image-preview:large","max-video-preview":"max-video-preview:-1"},"canonical":"https:\/\/www.vallonchene.fr\/de\/produkt\/pinus-jeffreyi-joppi\/","og_locale":"de_DE","og_type":"article","og_title":"PINUS jeffreyi 'Joppi'","og_description":"Diese Jeffrey-Kiefer w\u00e4chst langsam. Der PINUS jeffreyi 'Joppi' hat \u00fcbergro\u00dfe gr\u00fcne Nadeln. Er w\u00e4chst in einer sehr kompakten, kugelf\u00f6rmigen Form.","og_url":"https:\/\/www.vallonchene.fr\/de\/produkt\/pinus-jeffreyi-joppi\/","og_site_name":"Vallonch\u00eane","article_publisher":"https:\/\/www.facebook.com\/vallonchene.fr","article_modified_time":"2025-02-18T10:15:16+00:00","og_image":[{"width":1200,"height":1200,"url":"https:\/\/www.vallonchene.fr\/wp-content\/uploads\/2025\/02\/PINUS-jeffreyi-Joppi.webp","type":"image\/webp"}],"twitter_card":"summary_large_image","twitter_misc":{"Verf\u00fcgbarkeit":"Vorr\u00e4tig"},"schema":{"@context":"https:\/\/schema.org","@graph":[{"@type":"WebPage","@id":"https:\/\/www.vallonchene.fr\/de\/produkt\/pinus-jeffreyi-joppi\/","url":"https:\/\/www.vallonchene.fr\/de\/produkt\/pinus-jeffreyi-joppi\/","name":"PINUS jeffreyi 'Joppi' - Jeffrey-Kiefer","isPartOf":{"@id":"https:\/\/www.vallonchene.fr\/de\/#website"},"primaryImageOfPage":{"@id":"https:\/\/www.vallonchene.fr\/de\/produkt\/pinus-jeffreyi-joppi\/#primaryimage"},"image":{"@id":"https:\/\/www.vallonchene.fr\/de\/produkt\/pinus-jeffreyi-joppi\/#primaryimage"},"thumbnailUrl":"https:\/\/www.vallonchene.fr\/wp-content\/uploads\/2025\/02\/PINUS-jeffreyi-Joppi.webp","datePublished":"2021-08-31T11:24:28+00:00","dateModified":"2025-02-18T10:15:16+00:00","description":"Diese Jeffrey-Kiefer w\u00e4chst langsam. Der PINUS jeffreyi 'Joppi' hat \u00fcbergro\u00dfe gr\u00fcne Nadeln. Er w\u00e4chst in einer sehr kompakten, kugelf\u00f6rmigen Form.","breadcrumb":{"@id":"https:\/\/www.vallonchene.fr\/de\/produkt\/pinus-jeffreyi-joppi\/#breadcrumb"},"inLanguage":"de","potentialAction":[{"@type":"ReadAction","target":["https:\/\/www.vallonchene.fr\/de\/produkt\/pinus-jeffreyi-joppi\/"]}]},{"@type":"ImageObject","inLanguage":"de","@id":"https:\/\/www.vallonchene.fr\/de\/produkt\/pinus-jeffreyi-joppi\/#primaryimage","url":"https:\/\/www.vallonchene.fr\/wp-content\/uploads\/2025\/02\/PINUS-jeffreyi-Joppi.webp","contentUrl":"https:\/\/www.vallonchene.fr\/wp-content\/uploads\/2025\/02\/PINUS-jeffreyi-Joppi.webp","width":1200,"height":1200,"caption":"Nahaufnahme der gro\u00dfen Nadeln von PINUS jeffreyi 'Joppi' im Vergleich zu einem Daumen"},{"@type":"BreadcrumbList","@id":"https:\/\/www.vallonchene.fr\/de\/produkt\/pinus-jeffreyi-joppi\/#breadcrumb","itemListElement":[{"@type":"ListItem","position":1,"name":"Home","item":"https:\/\/www.vallonchene.fr\/de\/"},{"@type":"ListItem","position":2,"name":"Shop","item":"https:\/\/www.vallonchene.fr\/de\/shop\/"},{"@type":"ListItem","position":3,"name":"Online-Verkauf","item":"https:\/\/www.vallonchene.fr\/de\/produkt-kategorie\/online-verkauf-de\/"},{"@type":"ListItem","position":4,"name":"Baumschule","item":"https:\/\/www.vallonchene.fr\/de\/produkt-kategorie\/online-verkauf-de\/baumschule-gaertnerei-de\/"},{"@type":"ListItem","position":5,"name":"Koniferen","item":"https:\/\/www.vallonchene.fr\/de\/produkt-kategorie\/online-verkauf-de\/baumschule-gaertnerei-de\/koniferen-de\/"},{"@type":"ListItem","position":6,"name":"PINUS jeffreyi &lsquo;Joppi&rsquo;"}]},{"@type":"WebSite","@id":"https:\/\/www.vallonchene.fr\/de\/#website","url":"https:\/\/www.vallonchene.fr\/de\/","name":"Vallonch\u00eane","description":"Die Baumschule, bei der Qualit\u00e4t ihre Wurzeln hat \u2013 Tel.: +49 (0)6838-5399840","publisher":{"@id":"https:\/\/www.vallonchene.fr\/de\/#organization"},"potentialAction":[{"@type":"SearchAction","target":{"@type":"EntryPoint","urlTemplate":"https:\/\/www.vallonchene.fr\/de\/?s={search_term_string}"},"query-input":{"@type":"PropertyValueSpecification","valueRequired":true,"valueName":"search_term_string"}}],"inLanguage":"de"},{"@type":"Organization","@id":"https:\/\/www.vallonchene.fr\/de\/#organization","name":"VALLONCHENE","url":"https:\/\/www.vallonchene.fr\/de\/","logo":{"@type":"ImageObject","inLanguage":"de","@id":"https:\/\/www.vallonchene.fr\/de\/#\/schema\/logo\/image\/","url":"https:\/\/www.vallonchene.fr\/wp-content\/uploads\/2023\/03\/Logo-Vallonchene-site-et-R_hauteur_100.png","contentUrl":"https:\/\/www.vallonchene.fr\/wp-content\/uploads\/2023\/03\/Logo-Vallonchene-site-et-R_hauteur_100.png","width":221,"height":100,"caption":"VALLONCHENE"},"image":{"@id":"https:\/\/www.vallonchene.fr\/de\/#\/schema\/logo\/image\/"},"sameAs":["https:\/\/www.facebook.com\/vallonchene.fr","https:\/\/www.instagram.com\/vallonchene\/","https:\/\/www.pinterest.fr\/vallonchene\/"],"taxID":"49454502300017","hasMerchantReturnPolicy":{"@type":"MerchantReturnPolicy","merchantReturnLink":"https:\/\/www.vallonchene.fr\/remboursements_retours\/"}}]},"og_availability":"instock","product_availability":"instock","product_retailer_item_id":"48664","product_condition":"new"},"_links":{"self":[{"href":"https:\/\/www.vallonchene.fr\/de\/wp-json\/wp\/v2\/product\/1309","targetHints":{"allow":["GET"]}}],"collection":[{"href":"https:\/\/www.vallonchene.fr\/de\/wp-json\/wp\/v2\/product"}],"about":[{"href":"https:\/\/www.vallonchene.fr\/de\/wp-json\/wp\/v2\/types\/product"}],"replies":[{"embeddable":true,"href":"https:\/\/www.vallonchene.fr\/de\/wp-json\/wp\/v2\/comments?post=1309"}],"wp:featuredmedia":[{"embeddable":true,"href":"https:\/\/www.vallonchene.fr\/de\/wp-json\/wp\/v2\/media\/52502"}],"wp:attachment":[{"href":"https:\/\/www.vallonchene.fr\/de\/wp-json\/wp\/v2\/media?parent=1309"}],"wp:term":[{"taxonomy":"product_brand","embeddable":true,"href":"https:\/\/www.vallonchene.fr\/de\/wp-json\/wp\/v2\/product_brand?post=1309"},{"taxonomy":"product_cat","embeddable":true,"href":"https:\/\/www.vallonchene.fr\/de\/wp-json\/wp\/v2\/product_cat?post=1309"},{"taxonomy":"product_tag","embeddable":true,"href":"https:\/\/www.vallonchene.fr\/de\/wp-json\/wp\/v2\/product_tag?post=1309"}],"curies":[{"name":"wp","href":"https:\/\/api.w.org\/{rel}","templated":true}]}}